{"id":57770,"date":"2026-03-27T12:09:14","date_gmt":"2026-03-27T11:09:14","guid":{"rendered":"https:\/\/www.prologistik.com\/?page_id=57770"},"modified":"2026-03-31T09:04:02","modified_gmt":"2026-03-31T07:04:02","slug":"sitl-2026","status":"publish","type":"page","link":"https:\/\/www.prologistik.com\/fr\/sitl-2026\/","title":{"rendered":"SITL 2026"},"content":{"rendered":"        \n            <!-- pagehead -->\n        \n                    \n\t\t\t<div id=\"pagehead-block_cc790ceb3020494e95bf733b530b835f\" class=\"pagehead size-small\">\n\t\t\t\t\t\t\t<div class=\"pagehead-canvas\">\n\t\t\t\t<div class=\"pagehead-content has-bg-color bg-color-blue\">\n\t\t\t\t\t<div class=\"pagehead-content-inner\">\n\t\t\t\t\t\t<div class=\"pagehead-icon icon-color-white\" data-aos=\"fade-up\" data-aos-delay=\"0\" style=\"mask-image: url(); -webkit-mask-image: url();\"><\/div>\t\t\t\t\t\t<span class=\"pagehead-subheadline\"  data-aos=\"fade-up\" data-aos-delay=\"50\">SITL 2026<\/span>\t\t\t\t\t\t<h1 class=\"pagehead-headline\" data-aos=\"fade-up\" data-aos-delay=\"100\">proLogistik Group<\/h1>\t\t\t\t\t\t\t\t\t\t\t<\/div>\n\t\t\t\t<\/div>\n\t\t\t<\/div>\n\t\t\t\n\t\t\t\t<div class=\"pagehead-background\">\n\t\t\t\t<!-- image_id: 57771 | alt:  -->\t\t\t\t\t\t\t\t\t<img decoding=\"async\" class=\"test\" src=\"https:\/\/www.prologistik.com\/wp-content\/uploads\/shutterstock_femme_logistique.png\" alt=\"\" \/>\n\t\t\t\t\n\t\t\t\t<\/div>\n\t\t\t<\/div>\n        \n                    \n            <!-- end:pagehead -->\n        \n            \n\n<section class=\"gb-container gb-container-c5f64dbf gb-container-no-padding-top\">\n<div class=\"gb-container gb-container-28bbae73\">\n<div class=\"gb-grid-wrapper gb-grid-wrapper-e7e76937\">\n<div class=\"gb-grid-column gb-grid-column-8ba5dd5f\"><div class=\"gb-container gb-container-8ba5dd5f\">\n\n<div class=\"wp-block-pixel-headline headlines is-subheadline-bottom has-text-align-left\"><h2 class=\"headline\" style=\"color:\">T\u00e9l\u00e9chargez notre documentation \u00e0 disposition pour le SITL 2026<\/h2><\/div>\n\n<\/div><\/div>\n\n<div class=\"gb-grid-column gb-grid-column-2dc32607\"><div class=\"gb-container gb-container-2dc32607\">\n<style>.kb-image57770_e2a775-c2 .kb-image-has-overlay:after{opacity:0.3;}<\/style>\n<figure class=\"wp-block-kadence-image kb-image57770_e2a775-c2\"><img loading=\"lazy\" decoding=\"async\" width=\"552\" height=\"388\" src=\"https:\/\/www.prologistik.com\/wp-content\/uploads\/prologistik-mockup-Broschuere_Warehouse_3PL_De.png\" alt=\"prologistik \" class=\"kb-img wp-image-47096\" srcset=\"https:\/\/www.prologistik.com\/wp-content\/uploads\/prologistik-mockup-Broschuere_Warehouse_3PL_De.png 552w, https:\/\/www.prologistik.com\/wp-content\/uploads\/prologistik-mockup-Broschuere_Warehouse_3PL_De-300x211.png 300w, https:\/\/www.prologistik.com\/wp-content\/uploads\/prologistik-mockup-Broschuere_Warehouse_3PL_De-150x105.png 150w\" sizes=\"auto, (max-width: 552px) 100vw, 552px\" \/><\/figure>\n\n\n\n<div class=\"wp-block-pixel-headline headlines is-subheadline-bottom has-text-align-center\"><h4 class=\"headline is-h4\" style=\"color:\">WMS Logistar<\/h4><\/div>\n\n\n\n<div class=\"wp-block-buttons is-content-justification-center is-layout-flex wp-container-core-buttons-is-layout-16018d1d wp-block-buttons-is-layout-flex\">\n<div class=\"wp-block-button is-style-outline is-style-outline--1\"><a class=\"wp-block-button__link has-color-blue-color has-color-white-background-color has-text-color has-background has-link-color wp-element-button\" href=\"https:\/\/www.prologistik.com\/wp-content\/uploads\/Presentation-Logistar-WMS_FINAL_23032026_SITL_BD.pdf\" target=\"_blank\" rel=\"noreferrer noopener\">T\u00e9l\u00e9charger<\/a><\/div>\n<\/div>\n\n<\/div><\/div>\n\n<div class=\"gb-grid-column gb-grid-column-d9dbea6f\"><div class=\"gb-container gb-container-d9dbea6f\">\n<style>.kb-image57770_607674-0f .kb-image-has-overlay:after{opacity:0.3;}<\/style>\n<figure class=\"wp-block-kadence-image kb-image57770_607674-0f\"><img loading=\"lazy\" decoding=\"async\" width=\"552\" height=\"388\" src=\"https:\/\/www.prologistik.com\/wp-content\/uploads\/prologistik-mockup-Broschuere_TMS-Avisierung_De.png\" alt=\"prologistik \" class=\"kb-img wp-image-47093\" srcset=\"https:\/\/www.prologistik.com\/wp-content\/uploads\/prologistik-mockup-Broschuere_TMS-Avisierung_De.png 552w, https:\/\/www.prologistik.com\/wp-content\/uploads\/prologistik-mockup-Broschuere_TMS-Avisierung_De-300x211.png 300w, https:\/\/www.prologistik.com\/wp-content\/uploads\/prologistik-mockup-Broschuere_TMS-Avisierung_De-150x105.png 150w\" sizes=\"auto, (max-width: 552px) 100vw, 552px\" \/><\/figure>\n\n\n\n<div class=\"wp-block-pixel-headline headlines is-subheadline-bottom has-text-align-center\"><h4 class=\"headline is-h4\" style=\"color:\"> TMS Logistar<\/h4><\/div>\n\n\n\n<div class=\"wp-block-buttons is-content-justification-center is-layout-flex wp-container-core-buttons-is-layout-16018d1d wp-block-buttons-is-layout-flex\">\n<div class=\"wp-block-button is-style-outline is-style-outline--2\"><a class=\"wp-block-button__link has-color-blue-color has-color-white-background-color has-text-color has-background has-link-color wp-element-button\" href=\"https:\/\/www.prologistik.com\/wp-content\/uploads\/2017-10-Depliant-TMS_BD_FR-1.pdf\" target=\"_blank\" rel=\"noreferrer noopener\">T\u00e9l\u00e9charger<\/a><\/div>\n<\/div>\n\n<\/div><\/div>\n\n<div class=\"gb-grid-column gb-grid-column-5cecb965\"><div class=\"gb-container gb-container-5cecb965\">\n<style>.kb-image57770_6fddad-95 .kb-image-has-overlay:after{opacity:0.3;}<\/style>\n<figure class=\"wp-block-kadence-image kb-image57770_6fddad-95\"><img loading=\"lazy\" decoding=\"async\" width=\"552\" height=\"388\" src=\"https:\/\/www.prologistik.com\/wp-content\/uploads\/prologistik-mockup-Broschuere_Warehouse_eCommerce_De.png\" alt=\"E-Commerce Warehouse Brosch\u00fcre von proLogistik\" class=\"kb-img wp-image-47099\" srcset=\"https:\/\/www.prologistik.com\/wp-content\/uploads\/prologistik-mockup-Broschuere_Warehouse_eCommerce_De.png 552w, https:\/\/www.prologistik.com\/wp-content\/uploads\/prologistik-mockup-Broschuere_Warehouse_eCommerce_De-300x211.png 300w, https:\/\/www.prologistik.com\/wp-content\/uploads\/prologistik-mockup-Broschuere_Warehouse_eCommerce_De-150x105.png 150w\" sizes=\"auto, (max-width: 552px) 100vw, 552px\" \/><\/figure>\n\n\n\n<div class=\"wp-block-pixel-headline headlines is-subheadline-bottom has-text-align-center\"><h4 class=\"headline is-h4\" style=\"color:\">OMS<\/h4><\/div>\n\n\n\n<div class=\"wp-block-buttons is-content-justification-center is-layout-flex wp-container-core-buttons-is-layout-16018d1d wp-block-buttons-is-layout-flex\">\n<div class=\"wp-block-button is-style-outline is-style-outline--3\"><a class=\"wp-block-button__link has-color-blue-color has-color-white-background-color has-text-color has-background has-link-color wp-element-button\" href=\"https:\/\/www.prologistik.com\/wp-content\/uploads\/Presentation-Logistar-OMS_SITL2026_BD.pdf\" target=\"_blank\" rel=\"noreferrer noopener\">T\u00e9l\u00e9charger<\/a><\/div>\n<\/div>\n\n<\/div><\/div>\n\n<div class=\"gb-grid-column gb-grid-column-e1e08bf8\"><div class=\"gb-container gb-container-e1e08bf8\">\n<style>.kb-image57770_21f039-2c .kb-image-has-overlay:after{opacity:0.3;}<\/style>\n<figure class=\"wp-block-kadence-image kb-image57770_21f039-2c\"><img loading=\"lazy\" decoding=\"async\" width=\"552\" height=\"388\" src=\"https:\/\/www.prologistik.com\/wp-content\/uploads\/prologistik-mockup-Broschuere_TMS_De.png\" alt=\"prologistik\" class=\"kb-img wp-image-47090\" srcset=\"https:\/\/www.prologistik.com\/wp-content\/uploads\/prologistik-mockup-Broschuere_TMS_De.png 552w, https:\/\/www.prologistik.com\/wp-content\/uploads\/prologistik-mockup-Broschuere_TMS_De-300x211.png 300w, https:\/\/www.prologistik.com\/wp-content\/uploads\/prologistik-mockup-Broschuere_TMS_De-150x105.png 150w\" sizes=\"auto, (max-width: 552px) 100vw, 552px\" \/><\/figure>\n\n\n\n<div class=\"wp-block-pixel-headline headlines is-subheadline-bottom has-text-align-center\"><h4 class=\"headline is-h4\" style=\"color:\">Analytics &#8211; AB Value<\/h4><\/div>\n\n\n\n<div class=\"wp-block-buttons is-content-justification-center is-layout-flex wp-container-core-buttons-is-layout-16018d1d wp-block-buttons-is-layout-flex\">\n<div class=\"wp-block-button is-style-outline is-style-outline--4\"><a class=\"wp-block-button__link has-color-blue-color has-color-white-background-color has-text-color has-background has-link-color wp-element-button\" href=\"https:\/\/www.prologistik.com\/wp-content\/uploads\/Presentation-Logistar-LMS_SITL2026_BD.pdf\" target=\"_blank\" rel=\"noreferrer noopener\">T\u00e9l\u00e9charger<\/a><\/div>\n<\/div>\n\n<\/div><\/div>\n\n<div class=\"gb-grid-column gb-grid-column-d2a8e5d2\"><div class=\"gb-container gb-container-d2a8e5d2\">\n<style>.kb-image57770_8509ad-ce .kb-image-has-overlay:after{opacity:0.3;}<\/style>\n<figure class=\"wp-block-kadence-image kb-image57770_8509ad-ce\"><img loading=\"lazy\" decoding=\"async\" width=\"552\" height=\"388\" src=\"https:\/\/www.prologistik.com\/wp-content\/uploads\/prologistik-mockup-Broschuere_TMS_De.png\" alt=\"prologistik TMS\" class=\"kb-img wp-image-47089\" srcset=\"https:\/\/www.prologistik.com\/wp-content\/uploads\/prologistik-mockup-Broschuere_TMS_De.png 552w, https:\/\/www.prologistik.com\/wp-content\/uploads\/prologistik-mockup-Broschuere_TMS_De-300x211.png 300w, https:\/\/www.prologistik.com\/wp-content\/uploads\/prologistik-mockup-Broschuere_TMS_De-150x105.png 150w\" sizes=\"auto, (max-width: 552px) 100vw, 552px\" \/><\/figure>\n\n\n\n<div class=\"wp-block-pixel-headline headlines is-subheadline-bottom has-text-align-center\"><h4 class=\"headline is-h4\" style=\"color:\">TMS Tours &amp; Notifications<br><\/h4><\/div>\n\n\n\n<div class=\"wp-block-buttons is-content-justification-center is-layout-flex wp-container-core-buttons-is-layout-16018d1d wp-block-buttons-is-layout-flex\">\n<div class=\"wp-block-button is-style-outline is-style-outline--5\"><a class=\"wp-block-button__link has-color-blue-color has-color-white-background-color has-text-color has-background has-link-color wp-element-button\" href=\"https:\/\/www.prologistik.com\/wp-content\/uploads\/d_pL-Group_Transportation_Allgemein_Broschuere_en_04-2023.pdf\" target=\"_blank\" rel=\"noreferrer noopener\">dOWNLOAD<\/a><\/div>\n<\/div>\n\n<\/div><\/div>\n\n<div class=\"gb-grid-column gb-grid-column-ffa4ad28\"><div class=\"gb-container gb-container-ffa4ad28\">\n<style>.kb-image57770_7d02de-31 .kb-image-has-overlay:after{opacity:0.3;}<\/style>\n<figure class=\"wp-block-kadence-image kb-image57770_7d02de-31\"><img loading=\"lazy\" decoding=\"async\" width=\"552\" height=\"388\" src=\"https:\/\/www.prologistik.com\/wp-content\/uploads\/prologistik-mockup-Broschuere_Partner_de.png\" alt=\"prologistik Partner\" class=\"kb-img wp-image-47083\" srcset=\"https:\/\/www.prologistik.com\/wp-content\/uploads\/prologistik-mockup-Broschuere_Partner_de.png 552w, https:\/\/www.prologistik.com\/wp-content\/uploads\/prologistik-mockup-Broschuere_Partner_de-300x211.png 300w, https:\/\/www.prologistik.com\/wp-content\/uploads\/prologistik-mockup-Broschuere_Partner_de-150x105.png 150w\" sizes=\"auto, (max-width: 552px) 100vw, 552px\" \/><\/figure>\n\n\n\n<div class=\"wp-block-pixel-headline headlines is-subheadline-bottom has-text-align-center\"><h4 class=\"headline is-h4\" style=\"color:\">Management and bonus &#8211; BONSAI<\/h4><\/div>\n\n\n\n<div class=\"wp-block-buttons is-content-justification-center is-layout-flex wp-container-core-buttons-is-layout-16018d1d wp-block-buttons-is-layout-flex\">\n<div class=\"wp-block-button is-style-outline is-style-outline--6\"><a class=\"wp-block-button__link has-color-blue-color has-color-white-background-color has-text-color has-background has-link-color wp-element-button\" href=\"https:\/\/www.prologistik.com\/wp-content\/uploads\/Bonsai_En.pdf\" target=\"_blank\" rel=\"noreferrer noopener\">dOWNLOAD<\/a><\/div>\n<\/div>\n\n<\/div><\/div>\n\n<div class=\"gb-grid-column gb-grid-column-224a8791\"><div class=\"gb-container gb-container-224a8791\">\n<style>.kb-image57770_3ae11a-bd .kb-image-has-overlay:after{opacity:0.3;}<\/style>\n<figure class=\"wp-block-kadence-image kb-image57770_3ae11a-bd\"><img loading=\"lazy\" decoding=\"async\" width=\"552\" height=\"388\" src=\"https:\/\/www.prologistik.com\/wp-content\/uploads\/prologistik-mockup-Broschuere_Hardware_De-1.png\" alt=\"prologistik Hardware\" class=\"kb-img wp-image-47134\" srcset=\"https:\/\/www.prologistik.com\/wp-content\/uploads\/prologistik-mockup-Broschuere_Hardware_De-1.png 552w, https:\/\/www.prologistik.com\/wp-content\/uploads\/prologistik-mockup-Broschuere_Hardware_De-1-300x211.png 300w, https:\/\/www.prologistik.com\/wp-content\/uploads\/prologistik-mockup-Broschuere_Hardware_De-1-150x105.png 150w\" sizes=\"auto, (max-width: 552px) 100vw, 552px\" \/><\/figure>\n\n\n\n<div class=\"wp-block-pixel-headline headlines is-subheadline-bottom has-text-align-center\"><h4 class=\"headline is-h4\" style=\"color:\">Hardware<br> <\/h4><\/div>\n\n\n\n<div class=\"wp-block-buttons is-content-justification-center is-layout-flex wp-container-core-buttons-is-layout-16018d1d wp-block-buttons-is-layout-flex\">\n<div class=\"wp-block-button is-style-outline is-style-outline--7\"><a class=\"wp-block-button__link has-color-blue-color has-color-white-background-color has-text-color has-background has-link-color wp-element-button\" href=\"https:\/\/www.prologistik.com\/wp-content\/uploads\/pLG_Hardwarebroschuere_En_2025.pdf\" target=\"_blank\" rel=\"noreferrer noopener\">dOWNLOAD<\/a><\/div>\n<\/div>\n\n<\/div><\/div>\n\n<div class=\"gb-grid-column gb-grid-column-26622fea\"><div class=\"gb-container gb-container-26622fea\">\n<style>.kb-image57770_c09d16-8b .kb-image-has-overlay:after{opacity:0.3;}<\/style>\n<figure class=\"wp-block-kadence-image kb-image57770_c09d16-8b\"><img loading=\"lazy\" decoding=\"async\" width=\"552\" height=\"388\" src=\"https:\/\/www.prologistik.com\/wp-content\/uploads\/prologistik-mockup-Broschuere_Image_De-1.png\" alt=\"Imagebrosch\u00fcre der proLogistik\" class=\"kb-img wp-image-47128\" srcset=\"https:\/\/www.prologistik.com\/wp-content\/uploads\/prologistik-mockup-Broschuere_Image_De-1.png 552w, https:\/\/www.prologistik.com\/wp-content\/uploads\/prologistik-mockup-Broschuere_Image_De-1-300x211.png 300w, https:\/\/www.prologistik.com\/wp-content\/uploads\/prologistik-mockup-Broschuere_Image_De-1-150x105.png 150w\" sizes=\"auto, (max-width: 552px) 100vw, 552px\" \/><\/figure>\n\n\n\n<div class=\"wp-block-pixel-headline headlines is-subheadline-bottom has-text-align-center\"><h4 class=\"headline is-h4\" style=\"color:\">Corporate pr\u00e9sentation<br><\/h4><\/div>\n\n\n\n<div class=\"wp-block-buttons is-content-justification-center is-layout-flex wp-container-core-buttons-is-layout-16018d1d wp-block-buttons-is-layout-flex\">\n<div class=\"wp-block-button is-style-outline is-style-outline--8\"><a class=\"wp-block-button__link has-color-blue-color has-color-white-background-color has-text-color has-background has-link-color wp-element-button\" href=\"https:\/\/www.prologistik.com\/wp-content\/uploads\/Presentation-proLogistik-France_Corporate_SITL2026_BD.pdf\" target=\"_blank\" rel=\"noreferrer noopener\">dOWNLOAD<\/a><\/div>\n<\/div>\n\n<\/div><\/div>\n<\/div>\n<\/div>\n<\/section>\n\n\n<p><\/p>\n","protected":false},"excerpt":{"rendered":"","protected":false},"author":339,"featured_media":57771,"parent":0,"menu_order":1,"comment_status":"closed","ping_status":"closed","template":"","meta":{"_acf_changed":false,"footnotes":""},"class_list":["post-57770","page","type-page","status-publish","has-post-thumbnail"],"acf":[],"yoast_head":"<!-- This site is optimized with the Yoast SEO Premium plugin v26.9 (Yoast SEO v27.3) - https:\/\/yoast.com\/product\/yoast-seo-premium-wordpress\/ -->\n<title>Le groupe prologistik \u00e0 l&#039;exposition SITL<\/title>\n<meta name=\"description\" content=\"Une s\u00e9lection de brochures et de pr\u00e9sentations du groupe prologistik. Solutions pr\u00e9sent\u00e9es au salon SITL.\" \/>\n<meta name=\"robots\" content=\"index, follow, max-snippet:-1, max-image-preview:large, max-video-preview:-1\" \/>\n<link rel=\"canonical\" href=\"https:\/\/www.prologistik.com\/fr\/sitl-2026\/\" \/>\n<meta property=\"og:locale\" content=\"fr_FR\" \/>\n<meta property=\"og:type\" content=\"article\" \/>\n<meta property=\"og:title\" content=\"SITL 2026\" \/>\n<meta property=\"og:description\" content=\"Une s\u00e9lection de brochures et de pr\u00e9sentations du groupe prologistik. Solutions pr\u00e9sent\u00e9es au salon SITL.\" \/>\n<meta property=\"og:url\" content=\"https:\/\/www.prologistik.com\/fr\/sitl-2026\/\" \/>\n<meta property=\"og:site_name\" content=\"proLogistik Group\" \/>\n<meta property=\"article:modified_time\" content=\"2026-03-31T07:04:02+00:00\" \/>\n<meta property=\"og:image\" content=\"https:\/\/www.prologistik.com\/wp-content\/uploads\/shutterstock_femme_logistique-1024x540.png\" \/>\n\t<meta property=\"og:image:width\" content=\"1024\" \/>\n\t<meta property=\"og:image:height\" content=\"540\" \/>\n\t<meta property=\"og:image:type\" content=\"image\/png\" \/>\n<meta name=\"twitter:card\" content=\"summary_large_image\" \/>\n<script type=\"application\/ld+json\" class=\"yoast-schema-graph\">{\"@context\":\"https:\\\/\\\/schema.org\",\"@graph\":[{\"@type\":\"WebPage\",\"@id\":\"https:\\\/\\\/www.prologistik.com\\\/fr\\\/sitl-2026\\\/\",\"url\":\"https:\\\/\\\/www.prologistik.com\\\/fr\\\/sitl-2026\\\/\",\"name\":\"Le groupe prologistik \u00e0 l'exposition SITL\",\"isPartOf\":{\"@id\":\"https:\\\/\\\/www.prologistik.com\\\/fr\\\/#website\"},\"primaryImageOfPage\":{\"@id\":\"https:\\\/\\\/www.prologistik.com\\\/fr\\\/sitl-2026\\\/#primaryimage\"},\"image\":{\"@id\":\"https:\\\/\\\/www.prologistik.com\\\/fr\\\/sitl-2026\\\/#primaryimage\"},\"thumbnailUrl\":\"https:\\\/\\\/www.prologistik.com\\\/wp-content\\\/uploads\\\/shutterstock_femme_logistique.png\",\"datePublished\":\"2026-03-27T11:09:14+00:00\",\"dateModified\":\"2026-03-31T07:04:02+00:00\",\"description\":\"Une s\u00e9lection de brochures et de pr\u00e9sentations du groupe prologistik. Solutions pr\u00e9sent\u00e9es au salon SITL.\",\"breadcrumb\":{\"@id\":\"https:\\\/\\\/www.prologistik.com\\\/fr\\\/sitl-2026\\\/#breadcrumb\"},\"inLanguage\":\"fr-FR\",\"potentialAction\":[{\"@type\":\"ReadAction\",\"target\":[\"https:\\\/\\\/www.prologistik.com\\\/fr\\\/sitl-2026\\\/\"]}]},{\"@type\":\"ImageObject\",\"inLanguage\":\"fr-FR\",\"@id\":\"https:\\\/\\\/www.prologistik.com\\\/fr\\\/sitl-2026\\\/#primaryimage\",\"url\":\"https:\\\/\\\/www.prologistik.com\\\/wp-content\\\/uploads\\\/shutterstock_femme_logistique.png\",\"contentUrl\":\"https:\\\/\\\/www.prologistik.com\\\/wp-content\\\/uploads\\\/shutterstock_femme_logistique.png\",\"width\":1967,\"height\":1037},{\"@type\":\"BreadcrumbList\",\"@id\":\"https:\\\/\\\/www.prologistik.com\\\/fr\\\/sitl-2026\\\/#breadcrumb\",\"itemListElement\":[{\"@type\":\"ListItem\",\"position\":1,\"name\":\"Startseite\",\"item\":\"https:\\\/\\\/www.prologistik.com\\\/fr\\\/\"},{\"@type\":\"ListItem\",\"position\":2,\"name\":\"SITL 2026\"}]},{\"@type\":\"WebSite\",\"@id\":\"https:\\\/\\\/www.prologistik.com\\\/fr\\\/#website\",\"url\":\"https:\\\/\\\/www.prologistik.com\\\/fr\\\/\",\"name\":\"proLogistik Group\",\"description\":\"Software und Hardware f\u00fcr die Intralogistik\",\"publisher\":{\"@id\":\"https:\\\/\\\/www.prologistik.com\\\/fr\\\/#organization\"},\"potentialAction\":[{\"@type\":\"SearchAction\",\"target\":{\"@type\":\"EntryPoint\",\"urlTemplate\":\"https:\\\/\\\/www.prologistik.com\\\/fr\\\/?s={search_term_string}\"},\"query-input\":{\"@type\":\"PropertyValueSpecification\",\"valueRequired\":true,\"valueName\":\"search_term_string\"}}],\"inLanguage\":\"fr-FR\"},{\"@type\":\"Organization\",\"@id\":\"https:\\\/\\\/www.prologistik.com\\\/fr\\\/#organization\",\"name\":\"proLogistik Group\",\"url\":\"https:\\\/\\\/www.prologistik.com\\\/fr\\\/\",\"logo\":{\"@type\":\"ImageObject\",\"inLanguage\":\"fr-FR\",\"@id\":\"https:\\\/\\\/www.prologistik.com\\\/fr\\\/#\\\/schema\\\/logo\\\/image\\\/\",\"url\":\"https:\\\/\\\/www.prologistik.com\\\/wp-content\\\/uploads\\\/prologistik-logo-web.svg\",\"contentUrl\":\"https:\\\/\\\/www.prologistik.com\\\/wp-content\\\/uploads\\\/prologistik-logo-web.svg\",\"width\":320,\"height\":59,\"caption\":\"proLogistik Group\"},\"image\":{\"@id\":\"https:\\\/\\\/www.prologistik.com\\\/fr\\\/#\\\/schema\\\/logo\\\/image\\\/\"}}]}<\/script>\n<!-- \/ Yoast SEO Premium plugin. -->","yoast_head_json":{"title":"Le groupe prologistik \u00e0 l'exposition SITL","description":"Une s\u00e9lection de brochures et de pr\u00e9sentations du groupe prologistik. Solutions pr\u00e9sent\u00e9es au salon SITL.","robots":{"index":"index","follow":"follow","max-snippet":"max-snippet:-1","max-image-preview":"max-image-preview:large","max-video-preview":"max-video-preview:-1"},"canonical":"https:\/\/www.prologistik.com\/fr\/sitl-2026\/","og_locale":"fr_FR","og_type":"article","og_title":"SITL 2026","og_description":"Une s\u00e9lection de brochures et de pr\u00e9sentations du groupe prologistik. Solutions pr\u00e9sent\u00e9es au salon SITL.","og_url":"https:\/\/www.prologistik.com\/fr\/sitl-2026\/","og_site_name":"proLogistik Group","article_modified_time":"2026-03-31T07:04:02+00:00","og_image":[{"width":1024,"height":540,"url":"https:\/\/www.prologistik.com\/wp-content\/uploads\/shutterstock_femme_logistique-1024x540.png","type":"image\/png"}],"twitter_card":"summary_large_image","schema":{"@context":"https:\/\/schema.org","@graph":[{"@type":"WebPage","@id":"https:\/\/www.prologistik.com\/fr\/sitl-2026\/","url":"https:\/\/www.prologistik.com\/fr\/sitl-2026\/","name":"Le groupe prologistik \u00e0 l'exposition SITL","isPartOf":{"@id":"https:\/\/www.prologistik.com\/fr\/#website"},"primaryImageOfPage":{"@id":"https:\/\/www.prologistik.com\/fr\/sitl-2026\/#primaryimage"},"image":{"@id":"https:\/\/www.prologistik.com\/fr\/sitl-2026\/#primaryimage"},"thumbnailUrl":"https:\/\/www.prologistik.com\/wp-content\/uploads\/shutterstock_femme_logistique.png","datePublished":"2026-03-27T11:09:14+00:00","dateModified":"2026-03-31T07:04:02+00:00","description":"Une s\u00e9lection de brochures et de pr\u00e9sentations du groupe prologistik. Solutions pr\u00e9sent\u00e9es au salon SITL.","breadcrumb":{"@id":"https:\/\/www.prologistik.com\/fr\/sitl-2026\/#breadcrumb"},"inLanguage":"fr-FR","potentialAction":[{"@type":"ReadAction","target":["https:\/\/www.prologistik.com\/fr\/sitl-2026\/"]}]},{"@type":"ImageObject","inLanguage":"fr-FR","@id":"https:\/\/www.prologistik.com\/fr\/sitl-2026\/#primaryimage","url":"https:\/\/www.prologistik.com\/wp-content\/uploads\/shutterstock_femme_logistique.png","contentUrl":"https:\/\/www.prologistik.com\/wp-content\/uploads\/shutterstock_femme_logistique.png","width":1967,"height":1037},{"@type":"BreadcrumbList","@id":"https:\/\/www.prologistik.com\/fr\/sitl-2026\/#breadcrumb","itemListElement":[{"@type":"ListItem","position":1,"name":"Startseite","item":"https:\/\/www.prologistik.com\/fr\/"},{"@type":"ListItem","position":2,"name":"SITL 2026"}]},{"@type":"WebSite","@id":"https:\/\/www.prologistik.com\/fr\/#website","url":"https:\/\/www.prologistik.com\/fr\/","name":"proLogistik Group","description":"Software und Hardware f\u00fcr die Intralogistik","publisher":{"@id":"https:\/\/www.prologistik.com\/fr\/#organization"},"potentialAction":[{"@type":"SearchAction","target":{"@type":"EntryPoint","urlTemplate":"https:\/\/www.prologistik.com\/fr\/?s={search_term_string}"},"query-input":{"@type":"PropertyValueSpecification","valueRequired":true,"valueName":"search_term_string"}}],"inLanguage":"fr-FR"},{"@type":"Organization","@id":"https:\/\/www.prologistik.com\/fr\/#organization","name":"proLogistik Group","url":"https:\/\/www.prologistik.com\/fr\/","logo":{"@type":"ImageObject","inLanguage":"fr-FR","@id":"https:\/\/www.prologistik.com\/fr\/#\/schema\/logo\/image\/","url":"https:\/\/www.prologistik.com\/wp-content\/uploads\/prologistik-logo-web.svg","contentUrl":"https:\/\/www.prologistik.com\/wp-content\/uploads\/prologistik-logo-web.svg","width":320,"height":59,"caption":"proLogistik Group"},"image":{"@id":"https:\/\/www.prologistik.com\/fr\/#\/schema\/logo\/image\/"}}]}},"_links":{"self":[{"href":"https:\/\/www.prologistik.com\/fr\/wp-json\/wp\/v2\/pages\/57770","targetHints":{"allow":["GET"]}}],"collection":[{"href":"https:\/\/www.prologistik.com\/fr\/wp-json\/wp\/v2\/pages"}],"about":[{"href":"https:\/\/www.prologistik.com\/fr\/wp-json\/wp\/v2\/types\/page"}],"author":[{"embeddable":true,"href":"https:\/\/www.prologistik.com\/fr\/wp-json\/wp\/v2\/users\/339"}],"replies":[{"embeddable":true,"href":"https:\/\/www.prologistik.com\/fr\/wp-json\/wp\/v2\/comments?post=57770"}],"version-history":[{"count":9,"href":"https:\/\/www.prologistik.com\/fr\/wp-json\/wp\/v2\/pages\/57770\/revisions"}],"predecessor-version":[{"id":57831,"href":"https:\/\/www.prologistik.com\/fr\/wp-json\/wp\/v2\/pages\/57770\/revisions\/57831"}],"wp:featuredmedia":[{"embeddable":true,"href":"https:\/\/www.prologistik.com\/fr\/wp-json\/wp\/v2\/media\/57771"}],"wp:attachment":[{"href":"https:\/\/www.prologistik.com\/fr\/wp-json\/wp\/v2\/media?parent=57770"}],"curies":[{"name":"wp","href":"https:\/\/api.w.org\/{rel}","templated":true}]}}