{"id":54773,"date":"2025-11-14T16:45:34","date_gmt":"2025-11-14T15:45:34","guid":{"rendered":"https:\/\/www.prologistik.com\/?page_id=54773"},"modified":"2025-11-24T09:19:09","modified_gmt":"2025-11-24T08:19:09","slug":"techforretail","status":"publish","type":"page","link":"https:\/\/www.prologistik.com\/fr\/techforretail\/","title":{"rendered":"Tech for Retail 2025"},"content":{"rendered":"        \n            <!-- pagehead -->\n        \n                    \n\t\t\t<div id=\"pagehead-block_bb7b7c98d3c04bdf2510bb17f8bd18ac\" class=\"pagehead size-small\">\n\t\t\t\t\t\t\t<div class=\"pagehead-canvas\">\n\t\t\t\t<div class=\"pagehead-content has-bg-color bg-color-blue\">\n\t\t\t\t\t<div class=\"pagehead-content-inner\">\n\t\t\t\t\t\t<div class=\"pagehead-icon icon-color-white\" data-aos=\"fade-up\" data-aos-delay=\"0\" style=\"mask-image: url(); -webkit-mask-image: url();\"><\/div>\t\t\t\t\t\t<span class=\"pagehead-subheadline\"  data-aos=\"fade-up\" data-aos-delay=\"50\">Tech for Retail 2025<\/span>\t\t\t\t\t\t<h1 class=\"pagehead-headline\" data-aos=\"fade-up\" data-aos-delay=\"100\">proLogistik Group<\/h1>\t\t\t\t\t\t\t\t\t\t\t<\/div>\n\t\t\t\t<\/div>\n\t\t\t<\/div>\n\t\t\t\n\t\t\t\t<div class=\"pagehead-background\">\n\t\t\t\t<!-- image_id: 33968 | alt:  -->\t\t\t\t\t\t\t\t\t<img decoding=\"async\" class=\"test\" src=\"https:\/\/www.prologistik.com\/wp-content\/uploads\/prologistik-header-neutral.jpg\" alt=\"\" \/>\n\t\t\t\t\n\t\t\t\t<\/div>\n\t\t\t<\/div>\n        \n                    \n            <!-- end:pagehead -->\n        \n            \n\n<section class=\"gb-container gb-container-c5f64dbf gb-container-no-padding-top\">\n<div class=\"gb-container gb-container-28bbae73\">\n<div class=\"gb-grid-wrapper gb-grid-wrapper-e7e76937\">\n<div class=\"gb-grid-column gb-grid-column-8ba5dd5f\"><div class=\"gb-container gb-container-8ba5dd5f\">\n\n<div class=\"wp-block-pixel-headline headlines is-subheadline-bottom has-text-align-left\"><h2 class=\"headline\" style=\"color:\">T\u00e9l\u00e9chargez notre documentation mise \u00e0 disposition pour Tech for Retail 2025<\/h2><\/div>\n\n<\/div><\/div>\n\n<div class=\"gb-grid-column gb-grid-column-2dc32607\"><div class=\"gb-container gb-container-2dc32607\">\n<style>.kb-image54773_506c43-4f .kb-image-has-overlay:after{opacity:0.3;}<\/style>\n<figure class=\"wp-block-kadence-image kb-image54773_506c43-4f\"><img loading=\"lazy\" decoding=\"async\" width=\"552\" height=\"388\" src=\"https:\/\/www.prologistik.com\/wp-content\/uploads\/prologistik-mockup-Broschuere_Warehouse_3PL_De.png\" alt=\"prologistik \" class=\"kb-img wp-image-47096\" srcset=\"https:\/\/www.prologistik.com\/wp-content\/uploads\/prologistik-mockup-Broschuere_Warehouse_3PL_De.png 552w, https:\/\/www.prologistik.com\/wp-content\/uploads\/prologistik-mockup-Broschuere_Warehouse_3PL_De-300x211.png 300w, https:\/\/www.prologistik.com\/wp-content\/uploads\/prologistik-mockup-Broschuere_Warehouse_3PL_De-150x105.png 150w\" sizes=\"auto, (max-width: 552px) 100vw, 552px\" \/><\/figure>\n\n\n\n<div class=\"wp-block-pixel-headline headlines is-subheadline-bottom has-text-align-center\"><h4 class=\"headline is-h4\" style=\"color:\">Logistar WMS<\/h4><\/div>\n\n\n\n<div class=\"wp-block-buttons is-content-justification-center is-layout-flex wp-container-core-buttons-is-layout-16018d1d wp-block-buttons-is-layout-flex\">\n<div class=\"wp-block-button is-style-outline is-style-outline--1\"><a class=\"wp-block-button__link has-color-blue-color has-color-white-background-color has-text-color has-background has-link-color wp-element-button\" href=\"https:\/\/www.prologistik.com\/wp-content\/uploads\/2017-10-Depliant-WMS_BD_FR-1.pdf\" target=\"_blank\" rel=\"noreferrer noopener\">T\u00e9l\u00e9charger<\/a><\/div>\n<\/div>\n\n<\/div><\/div>\n\n<div class=\"gb-grid-column gb-grid-column-d9dbea6f\"><div class=\"gb-container gb-container-d9dbea6f\">\n<style>.kb-image54773_8fcc28-7a .kb-image-has-overlay:after{opacity:0.3;}<\/style>\n<figure class=\"wp-block-kadence-image kb-image54773_8fcc28-7a\"><a href=\"https:\/\/www.prologistik.com\/fr\/transportation\/systeme-de-gestion-du-transport\/\" class=\"kb-advanced-image-link\"><img loading=\"lazy\" decoding=\"async\" width=\"552\" height=\"388\" src=\"https:\/\/www.prologistik.com\/wp-content\/uploads\/prologistik-mockup-Broschuere_TMS-Avisierung_De.png\" alt=\"prologistik \" class=\"kb-img wp-image-47093\" srcset=\"https:\/\/www.prologistik.com\/wp-content\/uploads\/prologistik-mockup-Broschuere_TMS-Avisierung_De.png 552w, https:\/\/www.prologistik.com\/wp-content\/uploads\/prologistik-mockup-Broschuere_TMS-Avisierung_De-300x211.png 300w, https:\/\/www.prologistik.com\/wp-content\/uploads\/prologistik-mockup-Broschuere_TMS-Avisierung_De-150x105.png 150w\" sizes=\"auto, (max-width: 552px) 100vw, 552px\" \/><\/a><\/figure>\n\n\n\n<div class=\"wp-block-pixel-headline headlines is-subheadline-bottom has-text-align-center\"><h4 class=\"headline is-h4\" style=\"color:\"> Logistar TMS<\/h4><\/div>\n\n\n\n<div class=\"wp-block-buttons is-content-justification-center is-layout-flex wp-container-core-buttons-is-layout-16018d1d wp-block-buttons-is-layout-flex\">\n<div class=\"wp-block-button is-style-outline is-style-outline--2\"><a class=\"wp-block-button__link has-color-blue-color has-color-white-background-color has-text-color has-background has-link-color wp-element-button\" href=\"https:\/\/www.prologistik.com\/wp-content\/uploads\/2017-10-Depliant-TMS_BD_FR-1.pdf\" target=\"_blank\" rel=\"noreferrer noopener\">T\u00e9l\u00e9charger<\/a><\/div>\n<\/div>\n\n<\/div><\/div>\n\n<div class=\"gb-grid-column gb-grid-column-5cecb965\"><div class=\"gb-container gb-container-5cecb965\">\n<style>.kb-image54773_c6add7-39 .kb-image-has-overlay:after{opacity:0.3;}<\/style>\n<figure class=\"wp-block-kadence-image kb-image54773_c6add7-39\"><a href=\"https:\/\/www.prologistik.com\/fr\/warehouse\/gestion-des-commandes\/\" class=\"kb-advanced-image-link\"><img loading=\"lazy\" decoding=\"async\" width=\"552\" height=\"388\" src=\"https:\/\/www.prologistik.com\/wp-content\/uploads\/prologistik-mockup-Broschuere_Warehouse_eCommerce_De.png\" alt=\"E-Commerce Warehouse Brosch\u00fcre von proLogistik\" class=\"kb-img wp-image-47099\" srcset=\"https:\/\/www.prologistik.com\/wp-content\/uploads\/prologistik-mockup-Broschuere_Warehouse_eCommerce_De.png 552w, https:\/\/www.prologistik.com\/wp-content\/uploads\/prologistik-mockup-Broschuere_Warehouse_eCommerce_De-300x211.png 300w, https:\/\/www.prologistik.com\/wp-content\/uploads\/prologistik-mockup-Broschuere_Warehouse_eCommerce_De-150x105.png 150w\" sizes=\"auto, (max-width: 552px) 100vw, 552px\" \/><\/a><\/figure>\n\n\n\n<div class=\"wp-block-pixel-headline headlines is-subheadline-bottom has-text-align-center\"><h4 class=\"headline is-h4\" style=\"color:\">Logistar OMS<\/h4><\/div>\n\n\n\n<div class=\"wp-block-buttons is-content-justification-center is-layout-flex wp-container-core-buttons-is-layout-16018d1d wp-block-buttons-is-layout-flex\">\n<div class=\"wp-block-button is-style-outline is-style-outline--3\"><a class=\"wp-block-button__link has-color-blue-color has-color-white-background-color has-text-color has-background has-link-color wp-element-button\" href=\"https:\/\/www.prologistik.com\/wp-content\/uploads\/2017-10-Depliant-OMS_BD_FR-1.pdf\" target=\"_blank\" rel=\"noreferrer noopener\">T\u00e9l\u00e9charger<\/a><\/div>\n<\/div>\n\n<\/div><\/div>\n\n<div class=\"gb-grid-column gb-grid-column-e1e08bf8\"><div class=\"gb-container gb-container-e1e08bf8\">\n<style>.kb-image54773_d8e99d-db .kb-image-has-overlay:after{opacity:0.3;}<\/style>\n<figure class=\"wp-block-kadence-image kb-image54773_d8e99d-db\"><a href=\"https:\/\/www.prologistik.com\/fr\/logiciel-global\/labour-management-system\/\" class=\"kb-advanced-image-link\"><img loading=\"lazy\" decoding=\"async\" width=\"552\" height=\"388\" src=\"https:\/\/www.prologistik.com\/wp-content\/uploads\/prologistik-mockup-Broschuere_TMS_De.png\" alt=\"prologistik\" class=\"kb-img wp-image-47090\" srcset=\"https:\/\/www.prologistik.com\/wp-content\/uploads\/prologistik-mockup-Broschuere_TMS_De.png 552w, https:\/\/www.prologistik.com\/wp-content\/uploads\/prologistik-mockup-Broschuere_TMS_De-300x211.png 300w, https:\/\/www.prologistik.com\/wp-content\/uploads\/prologistik-mockup-Broschuere_TMS_De-150x105.png 150w\" sizes=\"auto, (max-width: 552px) 100vw, 552px\" \/><\/a><\/figure>\n\n\n\n<div class=\"wp-block-pixel-headline headlines is-subheadline-bottom has-text-align-center\"><h4 class=\"headline is-h4\" style=\"color:\">Logistar Analytics<\/h4><\/div>\n\n\n\n<div class=\"wp-block-buttons is-content-justification-center is-layout-flex wp-container-core-buttons-is-layout-16018d1d wp-block-buttons-is-layout-flex\">\n<div class=\"wp-block-button is-style-outline is-style-outline--4\"><a class=\"wp-block-button__link has-color-blue-color has-color-white-background-color has-text-color has-background has-link-color wp-element-button\" href=\"https:\/\/www.prologistik.com\/wp-content\/uploads\/2017-10-Depliant-Abvalue_BD_FR-1.pdf\" target=\"_blank\" rel=\"noreferrer noopener\">T\u00e9l\u00e9charger<\/a><\/div>\n<\/div>\n\n<\/div><\/div>\n<\/div>\n<\/div>\n<\/section>\n\n<section class=\"gb-container gb-container-78838206 gb-container-no-padding-bottom\">\n<div class=\"gb-container gb-container-50cd05df\">\n<div class=\"gb-grid-wrapper gb-grid-wrapper-c9c168fa\">\n<div class=\"gb-grid-column gb-grid-column-23b9ba83\"><div class=\"gb-container gb-container-23b9ba83\">\n\n<div class=\"wp-block-pixel-headline headlines is-subheadline-top has-text-align-left\"><h2 class=\"headline\" style=\"color:\">Parce que pour nous, le contact personnel est tr\u00e8s important<\/h2><span class=\"subheadline\" style=\"color:var(--color-blue)\">NOs equipes sont l\u00e0 pour vous<\/span><\/div>\n\n\n\n<p>Nos \u00e9quipes et plus sp\u00e9cialement notre service client sont \u00e0 votre disposition pour r\u00e9pondre \u00e0 vos questions ou vos commentaires. <br>Nous mettons tout en \u0153uvre pour vous revenir vers vous dans les meilleurs d\u00e9lais.<br>A bient\u00f4t!<\/p>\n\n<\/div><\/div>\n<\/div>\n<\/div>\n<\/section>\n\n<section class=\"gb-container gb-container-89dcb728\" id=\"contact\">\n<div class=\"gb-container gb-container-5e7ebc4b\">\n<div class=\"gb-grid-wrapper gb-grid-wrapper-a1b7dd59\">\n<div class=\"gb-grid-column gb-grid-column-b4ef9b0d\"><div class=\"gb-container gb-container-b4ef9b0d\">\n\n<meta http-equiv=\"Content-type\" content=\"text\/html; charset=UTF-8\">\n\n<script>\nfunction validateForm(event) {\n  const honeypot = document.getElementById(\"website_url\");\n\n  if (honeypot && honeypot.value.trim() !== \"\") {\n    event.preventDefault();\n    return false;\n  }\n\n  const frc = document.querySelector('input[name=\"frc-captcha-response\"]');\n  if (!frc || !frc.value || frc.value.trim() === \"\") {\n    const msg = document.getElementById(\"error-message\");\n    if (msg) msg.style.display = \"block\";\n    event.preventDefault();\n    return false;\n  }\n\n  return true;\n}\n<\/script>\n\n<form id=\"custom-form\" action=\"https:\/\/webto.salesforce.com\/servlet\/servlet.WebToLead?encoding=UTF-8&#038;orgId=00D7Q000002pukE\" method=\"post\" onsubmit=\"return validateForm(event)\">\n  <input type=\"hidden\" name=\"oid\" value=\"00D7Q000002pukE\">\n  <input type=\"hidden\" name=\"retURL\" value=\"https:\/\/www.prologistik.com\/fr\/merci-pour-votre-contact\">\n  <input type=\"hidden\" name=\"recordType\" id=\"recordType\" value=\"012Of000001B3oPIAS\">\n  <input type=\"hidden\" class=\"SourceURL\" name=\"00NOf000002QoMb\" id=\"00NOf000002QoMb\" value=\"\">\n  <input type=\"hidden\" name=\"lead_source\" id=\"lead_source\" value=\"Webseite (Kontaktformular)\">\n\n  <div class=\"honeypot-field\" style=\"display:none;\">\n    <label for=\"website_url\">Si vous \u00eates humain, laissez ce champ vide.<\/label>\n    <input type=\"text\" id=\"website_url\" name=\"website_url\">\n  <\/div>\n\n  <div class=\"cf-form-wrap\">\n    <div class=\"cf-fields-wrap\">\n      <div class=\"cf-field\">\n        <label for=\"company\">Entreprise<\/label>\n        <input id=\"company\" maxlength=\"40\" name=\"company\" size=\"20\" type=\"text\" placeholder=\"Entreprise\" required>\n      <\/div>\n      <div class=\"cf-field half\">\n        <label for=\"first_name\">Pr\u00e9nom<\/label>\n        <input id=\"first_name\" maxlength=\"40\" name=\"first_name\" size=\"20\" type=\"text\" placeholder=\"Pr\u00e9nom\" required>\n      <\/div>\n      <div class=\"cf-field half\">\n        <label for=\"last_name\">Nom<\/label>\n        <input id=\"last_name\" maxlength=\"80\" name=\"last_name\" size=\"20\" type=\"text\" placeholder=\"Nom\" required>\n      <\/div>\n      <div class=\"cf-field half\">\n        <label for=\"phone\">T\u00e9l\u00e9phone<\/label>\n        <input id=\"phone\" maxlength=\"40\" name=\"phone\" size=\"20\" type=\"text\" placeholder=\"T\u00e9l\u00e9phone\">\n      <\/div>\n      <div class=\"cf-field half\">\n        <label for=\"email\">Email<\/label>\n        <input id=\"email\" maxlength=\"80\" name=\"email\" size=\"20\" type=\"text\" placeholder=\"Email\" required>\n      <\/div>\n      <div class=\"cf-field full two-col\">\n        <span class=\"wpcf7-form-control-wrap\" data-name=\"checkbox-anliegen\">\n          <span class=\"wpcf7-form-control wpcf7-checkbox\">\n            <span class=\"wpcf7-list-item first\"><input id=\"00NOf000002OxU1\" type=\"checkbox\" name=\"00NOf000002OxU1\" data-name=\"00NOf000002OxU1\" value=\"1\"><span class=\"wpcf7-list-item-label\">Rendez-vous t\u00e9l\u00e9phonique<\/span><\/span>\n            <span class=\"wpcf7-list-item\"><input id=\"00NOf000002Oypt\" type=\"checkbox\" name=\"00NOf000002Oypt\" data-name=\"00NOf000002Oypt\" value=\"1\"><span class=\"wpcf7-list-item-label\">WMS<\/span><\/span>\n            <span class=\"wpcf7-list-item\"><input id=\"00NOf000002OxDv\" type=\"checkbox\" name=\"00NOf000002OxDv\" data-name=\"00NOf000002OxDv\" value=\"1\"><span class=\"wpcf7-list-item-label\">Rendez-vous sur site<\/span><\/span>\n            <span class=\"wpcf7-list-item\"><input id=\"00NOf000002P1nl\" type=\"checkbox\" name=\"00NOf000002P1nl\" data-name=\"00NOf000002P1nl\" value=\"1\"><span class=\"wpcf7-list-item-label\">TMS<\/span><\/span>\n            <span class=\"wpcf7-list-item\"><input id=\"00NOf000002OxVd\" type=\"checkbox\" name=\"00NOf000002OxVd\" data-name=\"00NOf000002OxVd\" value=\"1\"><span class=\"wpcf7-list-item-label\">Visio-conf\u00e9rence<\/span><\/span>\n            <span class=\"wpcf7-list-item last\"><input id=\"00NOf000002OyoH\" type=\"checkbox\" name=\"00NOf000002OyoH\" data-name=\"00NOf000002OyoH\" value=\"1\"><span class=\"wpcf7-list-item-label\">Hardware<\/span><\/span>\n          <\/span>\n        <\/span>\n      <\/div>\n      <div class=\"cf-field full textarea\">\n        <label for=\"description\">Message<\/label>\n        <textarea name=\"description\" placeholder=\"D\u00e9crivez-nous votre demande.\"><\/textarea>\n      <\/div>\n      <div class=\"cf-field full privacy-policy\">\n        <input id=\"00NOf000002QlF3\" name=\"00NOf000002QlF3\" type=\"checkbox\" value=\"1\" required>\n        <span class=\"privacy-policy-note\">J&#8217;accepte la <a href=\"https:\/\/www.prologistik.com\/fr\/mentions-legales\/protection-des-donnees\/\" target=\"_blank\" rel=\"noopener\">politique de confidentialit\u00e9<\/a>.<\/span>\n      <\/div>\n\n      <div class=\"frc-captcha\" data-sitekey=\"FCMV5CER2E6IVQMC\"><\/div>\n      <div id=\"error-message\" style=\"color:red; display:none;\">Veuillez compl\u00e9ter le captcha.<\/div>\n\n      <div class=\"cf-field send-button\">\n        <input id=\"checksend\" name=\"submit\" class=\"wpcf7-form-control submit wpcf7-submit has-spinner\" type=\"submit\" value=\"Envoyer\">\n        <span class=\"wpcf7-spinner\"><\/span>\n      <\/div>\n    <\/div>\n  <\/div>\n<\/form>\n\n<script>\nlet currentUrl = window.location.href;\nlet url = new URL(currentUrl);\nlet input = document.querySelector('.SourceURL');\nif (input) {\n  input.value = url;\n}\n<\/script>\n\n\n<\/div><\/div>\n\n<div class=\"gb-grid-column gb-grid-column-a5a2a1bf\"><div class=\"gb-container gb-container-a5a2a1bf\">\n<div class=\"gb-container gb-container-73b1ee75 contact_blue_box\">\n\n<p>proLogistik France<br>16 rue de la petite Sensive<br>44300 Nantes | France<\/p>\n\n\n\n<p class=\"has-color-white-color has-text-color has-link-color wp-elements-a825009c6dfc5e826e7dfc9f17afaf9c\"><span class=\"contact_blue_box_france\">T\u00e9l.: <a href=\"tel:+33(0) 251818585 \">+33 (0) 251 81 85 85 <\/a><\/span><\/p>\n\n\n\n<p class=\"has-color-white-color has-text-color has-link-color wp-elements-96a81da7641a0982aa9be3439ece95e6\"><a href=\"mailto:info@prologistik.com\">info@prologistik.com<\/a><\/p>\n\n<\/div>\n<\/div><\/div>\n<\/div>\n<\/div>\n<\/section>","protected":false},"excerpt":{"rendered":"","protected":false},"author":325,"featured_media":0,"parent":0,"menu_order":1,"comment_status":"closed","ping_status":"closed","template":"","meta":{"_acf_changed":false,"footnotes":""},"class_list":["post-54773","page","type-page","status-publish"],"acf":[],"yoast_head":"<!-- This site is optimized with the Yoast SEO Premium plugin v26.9 (Yoast SEO v27.5) - https:\/\/yoast.com\/product\/yoast-seo-premium-wordpress\/ -->\n<title>Le groupe prologistik \u00e0 l&#039;exposition Tech for Retail 2025<\/title>\n<meta name=\"description\" content=\"Une s\u00e9lection de brochures pr\u00e9sentant la gamme Logistar WMS, OMS, LMS et TMS du groupe proLogistik\" \/>\n<meta name=\"robots\" content=\"index, follow, max-snippet:-1, max-image-preview:large, max-video-preview:-1\" \/>\n<link rel=\"canonical\" href=\"https:\/\/www.prologistik.com\/fr\/techforretail\/\" \/>\n<meta property=\"og:locale\" content=\"fr_FR\" \/>\n<meta property=\"og:type\" content=\"article\" \/>\n<meta property=\"og:title\" content=\"Tech for Retail 2025\" \/>\n<meta property=\"og:description\" content=\"Une s\u00e9lection de brochures pr\u00e9sentant la gamme Logistar WMS, OMS, LMS et TMS du groupe proLogistik\" \/>\n<meta property=\"og:url\" content=\"https:\/\/www.prologistik.com\/fr\/techforretail\/\" \/>\n<meta property=\"og:site_name\" content=\"proLogistik Group\" \/>\n<meta property=\"article:modified_time\" content=\"2025-11-24T08:19:09+00:00\" \/>\n<meta property=\"og:image\" content=\"https:\/\/www.prologistik.com\/wp-content\/uploads\/prologistik-mockup-Broschuere_Warehouse_3PL_De.png\" \/>\n<meta name=\"twitter:card\" content=\"summary_large_image\" \/>\n<script type=\"application\/ld+json\" class=\"yoast-schema-graph\">{\"@context\":\"https:\\\/\\\/schema.org\",\"@graph\":[{\"@type\":\"WebPage\",\"@id\":\"https:\\\/\\\/www.prologistik.com\\\/fr\\\/techforretail\\\/\",\"url\":\"https:\\\/\\\/www.prologistik.com\\\/fr\\\/techforretail\\\/\",\"name\":\"Le groupe prologistik \u00e0 l'exposition Tech for Retail 2025\",\"isPartOf\":{\"@id\":\"https:\\\/\\\/www.prologistik.com\\\/fr\\\/#website\"},\"primaryImageOfPage\":{\"@id\":\"https:\\\/\\\/www.prologistik.com\\\/fr\\\/techforretail\\\/#primaryimage\"},\"image\":{\"@id\":\"https:\\\/\\\/www.prologistik.com\\\/fr\\\/techforretail\\\/#primaryimage\"},\"thumbnailUrl\":\"https:\\\/\\\/www.prologistik.com\\\/wp-content\\\/uploads\\\/prologistik-mockup-Broschuere_Warehouse_3PL_De.png\",\"datePublished\":\"2025-11-14T15:45:34+00:00\",\"dateModified\":\"2025-11-24T08:19:09+00:00\",\"description\":\"Une s\u00e9lection de brochures pr\u00e9sentant la gamme Logistar WMS, OMS, LMS et TMS du groupe proLogistik\",\"breadcrumb\":{\"@id\":\"https:\\\/\\\/www.prologistik.com\\\/fr\\\/techforretail\\\/#breadcrumb\"},\"inLanguage\":\"fr-FR\",\"potentialAction\":[{\"@type\":\"ReadAction\",\"target\":[\"https:\\\/\\\/www.prologistik.com\\\/fr\\\/techforretail\\\/\"]}]},{\"@type\":\"ImageObject\",\"inLanguage\":\"fr-FR\",\"@id\":\"https:\\\/\\\/www.prologistik.com\\\/fr\\\/techforretail\\\/#primaryimage\",\"url\":\"https:\\\/\\\/www.prologistik.com\\\/wp-content\\\/uploads\\\/prologistik-mockup-Broschuere_Warehouse_3PL_De.png\",\"contentUrl\":\"https:\\\/\\\/www.prologistik.com\\\/wp-content\\\/uploads\\\/prologistik-mockup-Broschuere_Warehouse_3PL_De.png\"},{\"@type\":\"BreadcrumbList\",\"@id\":\"https:\\\/\\\/www.prologistik.com\\\/fr\\\/techforretail\\\/#breadcrumb\",\"itemListElement\":[{\"@type\":\"ListItem\",\"position\":1,\"name\":\"Startseite\",\"item\":\"https:\\\/\\\/www.prologistik.com\\\/fr\\\/\"},{\"@type\":\"ListItem\",\"position\":2,\"name\":\"Tech for Retail 2025\"}]},{\"@type\":\"WebSite\",\"@id\":\"https:\\\/\\\/www.prologistik.com\\\/fr\\\/#website\",\"url\":\"https:\\\/\\\/www.prologistik.com\\\/fr\\\/\",\"name\":\"proLogistik Group\",\"description\":\"Software und Hardware f\u00fcr die Intralogistik\",\"publisher\":{\"@id\":\"https:\\\/\\\/www.prologistik.com\\\/fr\\\/#organization\"},\"potentialAction\":[{\"@type\":\"SearchAction\",\"target\":{\"@type\":\"EntryPoint\",\"urlTemplate\":\"https:\\\/\\\/www.prologistik.com\\\/fr\\\/?s={search_term_string}\"},\"query-input\":{\"@type\":\"PropertyValueSpecification\",\"valueRequired\":true,\"valueName\":\"search_term_string\"}}],\"inLanguage\":\"fr-FR\"},{\"@type\":\"Organization\",\"@id\":\"https:\\\/\\\/www.prologistik.com\\\/fr\\\/#organization\",\"name\":\"proLogistik Group\",\"url\":\"https:\\\/\\\/www.prologistik.com\\\/fr\\\/\",\"logo\":{\"@type\":\"ImageObject\",\"inLanguage\":\"fr-FR\",\"@id\":\"https:\\\/\\\/www.prologistik.com\\\/fr\\\/#\\\/schema\\\/logo\\\/image\\\/\",\"url\":\"https:\\\/\\\/www.prologistik.com\\\/wp-content\\\/uploads\\\/prologistik-logo-web.svg\",\"contentUrl\":\"https:\\\/\\\/www.prologistik.com\\\/wp-content\\\/uploads\\\/prologistik-logo-web.svg\",\"width\":320,\"height\":59,\"caption\":\"proLogistik Group\"},\"image\":{\"@id\":\"https:\\\/\\\/www.prologistik.com\\\/fr\\\/#\\\/schema\\\/logo\\\/image\\\/\"}}]}<\/script>\n<!-- \/ Yoast SEO Premium plugin. -->","yoast_head_json":{"title":"Le groupe prologistik \u00e0 l'exposition Tech for Retail 2025","description":"Une s\u00e9lection de brochures pr\u00e9sentant la gamme Logistar WMS, OMS, LMS et TMS du groupe proLogistik","robots":{"index":"index","follow":"follow","max-snippet":"max-snippet:-1","max-image-preview":"max-image-preview:large","max-video-preview":"max-video-preview:-1"},"canonical":"https:\/\/www.prologistik.com\/fr\/techforretail\/","og_locale":"fr_FR","og_type":"article","og_title":"Tech for Retail 2025","og_description":"Une s\u00e9lection de brochures pr\u00e9sentant la gamme Logistar WMS, OMS, LMS et TMS du groupe proLogistik","og_url":"https:\/\/www.prologistik.com\/fr\/techforretail\/","og_site_name":"proLogistik Group","article_modified_time":"2025-11-24T08:19:09+00:00","og_image":[{"url":"https:\/\/www.prologistik.com\/wp-content\/uploads\/prologistik-mockup-Broschuere_Warehouse_3PL_De.png","type":"","width":"","height":""}],"twitter_card":"summary_large_image","schema":{"@context":"https:\/\/schema.org","@graph":[{"@type":"WebPage","@id":"https:\/\/www.prologistik.com\/fr\/techforretail\/","url":"https:\/\/www.prologistik.com\/fr\/techforretail\/","name":"Le groupe prologistik \u00e0 l'exposition Tech for Retail 2025","isPartOf":{"@id":"https:\/\/www.prologistik.com\/fr\/#website"},"primaryImageOfPage":{"@id":"https:\/\/www.prologistik.com\/fr\/techforretail\/#primaryimage"},"image":{"@id":"https:\/\/www.prologistik.com\/fr\/techforretail\/#primaryimage"},"thumbnailUrl":"https:\/\/www.prologistik.com\/wp-content\/uploads\/prologistik-mockup-Broschuere_Warehouse_3PL_De.png","datePublished":"2025-11-14T15:45:34+00:00","dateModified":"2025-11-24T08:19:09+00:00","description":"Une s\u00e9lection de brochures pr\u00e9sentant la gamme Logistar WMS, OMS, LMS et TMS du groupe proLogistik","breadcrumb":{"@id":"https:\/\/www.prologistik.com\/fr\/techforretail\/#breadcrumb"},"inLanguage":"fr-FR","potentialAction":[{"@type":"ReadAction","target":["https:\/\/www.prologistik.com\/fr\/techforretail\/"]}]},{"@type":"ImageObject","inLanguage":"fr-FR","@id":"https:\/\/www.prologistik.com\/fr\/techforretail\/#primaryimage","url":"https:\/\/www.prologistik.com\/wp-content\/uploads\/prologistik-mockup-Broschuere_Warehouse_3PL_De.png","contentUrl":"https:\/\/www.prologistik.com\/wp-content\/uploads\/prologistik-mockup-Broschuere_Warehouse_3PL_De.png"},{"@type":"BreadcrumbList","@id":"https:\/\/www.prologistik.com\/fr\/techforretail\/#breadcrumb","itemListElement":[{"@type":"ListItem","position":1,"name":"Startseite","item":"https:\/\/www.prologistik.com\/fr\/"},{"@type":"ListItem","position":2,"name":"Tech for Retail 2025"}]},{"@type":"WebSite","@id":"https:\/\/www.prologistik.com\/fr\/#website","url":"https:\/\/www.prologistik.com\/fr\/","name":"proLogistik Group","description":"Software und Hardware f\u00fcr die Intralogistik","publisher":{"@id":"https:\/\/www.prologistik.com\/fr\/#organization"},"potentialAction":[{"@type":"SearchAction","target":{"@type":"EntryPoint","urlTemplate":"https:\/\/www.prologistik.com\/fr\/?s={search_term_string}"},"query-input":{"@type":"PropertyValueSpecification","valueRequired":true,"valueName":"search_term_string"}}],"inLanguage":"fr-FR"},{"@type":"Organization","@id":"https:\/\/www.prologistik.com\/fr\/#organization","name":"proLogistik Group","url":"https:\/\/www.prologistik.com\/fr\/","logo":{"@type":"ImageObject","inLanguage":"fr-FR","@id":"https:\/\/www.prologistik.com\/fr\/#\/schema\/logo\/image\/","url":"https:\/\/www.prologistik.com\/wp-content\/uploads\/prologistik-logo-web.svg","contentUrl":"https:\/\/www.prologistik.com\/wp-content\/uploads\/prologistik-logo-web.svg","width":320,"height":59,"caption":"proLogistik Group"},"image":{"@id":"https:\/\/www.prologistik.com\/fr\/#\/schema\/logo\/image\/"}}]}},"_links":{"self":[{"href":"https:\/\/www.prologistik.com\/fr\/wp-json\/wp\/v2\/pages\/54773","targetHints":{"allow":["GET"]}}],"collection":[{"href":"https:\/\/www.prologistik.com\/fr\/wp-json\/wp\/v2\/pages"}],"about":[{"href":"https:\/\/www.prologistik.com\/fr\/wp-json\/wp\/v2\/types\/page"}],"author":[{"embeddable":true,"href":"https:\/\/www.prologistik.com\/fr\/wp-json\/wp\/v2\/users\/325"}],"replies":[{"embeddable":true,"href":"https:\/\/www.prologistik.com\/fr\/wp-json\/wp\/v2\/comments?post=54773"}],"version-history":[{"count":5,"href":"https:\/\/www.prologistik.com\/fr\/wp-json\/wp\/v2\/pages\/54773\/revisions"}],"predecessor-version":[{"id":55222,"href":"https:\/\/www.prologistik.com\/fr\/wp-json\/wp\/v2\/pages\/54773\/revisions\/55222"}],"wp:attachment":[{"href":"https:\/\/www.prologistik.com\/fr\/wp-json\/wp\/v2\/media?parent=54773"}],"curies":[{"name":"wp","href":"https:\/\/api.w.org\/{rel}","templated":true}]}}