{"id":43048,"date":"2024-11-06T10:59:44","date_gmt":"2024-11-06T09:59:44","guid":{"rendered":"https:\/\/www.prologistik.com\/branches\/entsorgungswirtschaft"},"modified":"2025-02-26T15:38:34","modified_gmt":"2025-02-26T14:38:34","slug":"entsorgungswirtschaft","status":"publish","type":"page","link":"https:\/\/www.prologistik.com\/fr\/entsorgungswirtschaft\/","title":{"rendered":"Gestion et traitement des d\u00e9chets"},"content":{"rendered":"        \n            <!-- pagehead -->\n        \n                    \n\t\t\t<div id=\"pagehead-block_fd7cfb6b129e0d303888fd733440233e\" class=\"pagehead size-small\">\n\t\t\t\t\t\t\t<div class=\"pagehead-canvas\">\n\t\t\t\t<div class=\"pagehead-content has-bg-color bg-color-blue\">\n\t\t\t\t\t<div class=\"pagehead-content-inner\">\n\t\t\t\t\t\t\t\t\t\t\t\t<span class=\"pagehead-subheadline\"  data-aos=\"fade-up\" data-aos-delay=\"50\">Secteurs<\/span>\t\t\t\t\t\t<h1 class=\"pagehead-headline\" data-aos=\"fade-up\" data-aos-delay=\"100\">Gestion et traitement des d\u00e9chets<\/h1>\t\t\t\t\t\t\t\t\t\t\t<\/div>\n\t\t\t\t<\/div>\n\t\t\t<\/div>\n\t\t\t\n\t\t\t\t<div class=\"pagehead-background\">\n\t\t\t\t<!-- image_id: 40013 | alt: Branchenloesung-Entsorger -->\t\t\t\t\t\t\t\t\t<img decoding=\"async\" class=\"test\" src=\"https:\/\/www.prologistik.com\/wp-content\/uploads\/pLG_Website_Entsorger_Banner_1920x840px_2024.png\" alt=\"Branchenloesung-Entsorger\" \/>\n\t\t\t\t\n\t\t\t\t<\/div>\n\t\t\t<\/div>\n        \n                    \n            <!-- end:pagehead -->\n        \n            \n\n<section data-aos=\"fade-up\" class=\"gb-container gb-container-7f98de8b\">\n<div data-aos=\"fade-up\" class=\"gb-container gb-container-392b09c6\">\n\n<div class=\"wp-block-pixel-headline headlines is-subheadline-top has-text-align-center\"><h2 class=\"headline\" style=\"color:\">Optimisation des op\u00e9rations et gestion efficace des ressources<\/h2><span class=\"subheadline\" style=\"color:var(--color-blue)\">De la g\u00e9olocalisation en temps r\u00e9el \u00e0 la v\u00e9rification de la conformit\u00e9 aux normes de pr\u00e9vention des accidents<\/span><\/div>\n\n\n\n<p class=\"has-text-align-center\">Les entreprises sp\u00e9cialis\u00e9es dans la gestion et le traitement des d\u00e9chets doivent relever de nombreux d\u00e9fis, allant des r\u00e9glementations environnementales strictes et de la raret\u00e9 des ressources aux exigences croissantes en mati\u00e8re d&#8217;innovation et de ma\u00eetrise des co\u00fbts.<\/p>\n\n\n\n<p class=\"has-text-align-center\">Les solutions logicielles int\u00e9gr\u00e9es de pLG, fortes de plus de 35 ans d\u2019exp\u00e9rience dans le secteur, accompagnent les entreprises de gestion des d\u00e9chets dans l\u2019optimisation de leurs processus et l\u2019adaptation aux \u00e9volutions du march\u00e9. Chaque entreprise ayant des flux de travail sp\u00e9cifiques, ces applications sont enti\u00e8rement modulables et configurables pour r\u00e9pondre \u00e0 leurs besoins particuliers.<\/p>\n\n<\/div>\n<\/section>\n\n<section class=\"gb-container gb-container-769c6ce8 gb-container-half-padding-bottom\">\n<div class=\"gb-container gb-container-e4d7beb7 gb-container-align-right-third\">\n<div class=\"gb-grid-wrapper gb-grid-wrapper-5e1719ce\">\n<div data-aos=\"fade-right\" class=\"gb-grid-column gb-grid-column-64f7144c\"><div class=\"gb-container gb-container-64f7144c\">\n\n<div class=\"wp-block-pixel-headline headlines is-subheadline-top has-text-align-left\"><h2 class=\"headline\" style=\"color:\">Solution logicielle d\u00e9di\u00e9e \u00e0 la gestion et au traitement des d\u00e9chets<\/h2><span class=\"subheadline\" style=\"color:var(--color-blue)\">Tourn\u00e9es, t\u00e9l\u00e9matique, t\u00e9l\u00e9m\u00e9trie et management de la conformit\u00e9<\/span><\/div>\n\n\n\n<p>Gr\u00e2ce \u00e0 nos solutions informatiques, les entreprises de gestion des d\u00e9chets b\u00e9n\u00e9ficient d\u2019une meilleure transparence et d\u2019un contr\u00f4le optimis\u00e9 de leurs ressources, commandes, flotte de v\u00e9hicules, ainsi que de leurs conteneurs et bacs.<\/p>\n\n\n\n<p>Les solutions logicielles int\u00e9gr\u00e9es de planification des tourn\u00e9es, de t\u00e9l\u00e9matique et de t\u00e9l\u00e9m\u00e9trie offrent de nombreuses fonctionnalit\u00e9s essentielles. Elles permettent notamment la mise \u00e0 jour en temps r\u00e9el des statuts des trajets de collecte et de distribution, la g\u00e9olocalisation continue, les contr\u00f4les du respect du r\u00e8glement de pr\u00e9vention des accidents, l\u2019enregistrement des conteneurs via des tags NFC, ainsi que la v\u00e9rification de la puret\u00e9 des d\u00e9chets (tri\u00e9s ou non) avec documentation photographique. Con\u00e7ues pour simplifier votre gestion quotidienne, ces solutions s\u2019int\u00e8grent ais\u00e9ment \u00e0 vos syst\u00e8mes internes de gestion des d\u00e9chets.<\/p>\n\n<\/div><\/div>\n\n<div data-aos=\"fade-left\" class=\"gb-grid-column gb-grid-column-3650977e\"><div class=\"gb-container gb-container-3650977e\">\n\n<figure class=\"wp-block-image size-full\"><img loading=\"lazy\" decoding=\"async\" width=\"680\" height=\"479\" src=\"https:\/\/www.prologistik.com\/wp-content\/uploads\/tablet_active_m-ware-1.png\" alt=\"\" class=\"wp-image-29220\" srcset=\"https:\/\/www.prologistik.com\/wp-content\/uploads\/tablet_active_m-ware-1.png 680w, https:\/\/www.prologistik.com\/wp-content\/uploads\/tablet_active_m-ware-1-300x211.png 300w, https:\/\/www.prologistik.com\/wp-content\/uploads\/tablet_active_m-ware-1-150x106.png 150w\" sizes=\"auto, (max-width: 680px) 100vw, 680px\" \/><\/figure>\n\n<\/div><\/div>\n<\/div>\n<\/div>\n\n<section class=\"gb-container gb-container-f8fd8651\">\n<div data-aos=\"fade-right\" class=\"gb-container gb-container-bc58556f\">\n<div class=\"gb-grid-wrapper gb-grid-wrapper-7a665e96\">\n<div class=\"gb-grid-column gb-grid-column-f0375da6\"><div class=\"gb-container gb-container-f0375da6\">\n<div class=\"gb-grid-wrapper gb-grid-wrapper-d6062171\">\n<div class=\"gb-grid-column gb-grid-column-394a8a58\"><div class=\"gb-container gb-container-394a8a58\">\n\n<div class=\"wp-block-pixel-headline headlines is-subheadline-top has-text-align-left\"><h3 class=\"headline is-h3\" style=\"color:\">Divers d\u00e9fis logistiques \u00e0 surmonter :<\/h3><\/div>\n\n<\/div><\/div>\n\n<div class=\"gb-grid-column gb-grid-column-b01ead14\"><div class=\"gb-container gb-container-b01ead14\">\n\n<ul class=\"wp-block-list is-style-list-item-checkmark\">\n<li>Respect de la l\u00e9gislation : conformit\u00e9 aux r\u00e9glementations et aux normes environnementales, y compris les quotas de recyclage en vigueur<\/li>\n\n\n\n<li>Fluctuation des prix des mati\u00e8res premi\u00e8res et contraintes \u00e9conomiques sur les prix et les co\u00fbts<\/li>\n<\/ul>\n\n<\/div><\/div>\n\n<div class=\"gb-grid-column gb-grid-column-ee6bf3ed\"><div class=\"gb-container gb-container-ee6bf3ed\">\n\n<ul class=\"wp-block-list is-style-list-item-checkmark\">\n<li>Perte des conteneurs<\/li>\n\n\n\n<li>Digitalisation et mise en r\u00e9seau de processus de travail complexes afin d&#8217;optimiser l&#8217;efficacit\u00e9 et la durabilit\u00e9<\/li>\n<\/ul>\n\n<\/div><\/div>\n<\/div>\n<\/div><\/div>\n<\/div>\n<\/div>\n<\/section>\n<\/section>\n\n<section class=\"gb-container gb-container-4d6f0abd gb-container-no-padding-top\">\n<div class=\"gb-container gb-container-d7930bd9\">\n<div class=\"gb-grid-wrapper gb-grid-wrapper-7bdec32f\">\n<div data-aos-delay=\"150\" data-aos=\"fade-up\" class=\"gb-grid-column gb-grid-column-ca017995\"><div class=\"gb-container gb-container-ca017995\">\n    <div id=\"gradientbox-block_8fd0b3a0cdb4ea85fa5e10014a678ee4\" class=\"gradientbox background-blue\">\n        <div class=\"gradientbox-content-wrap\">\n                        <div class=\"wp-block-pixel-headline headlines is-subheadline-top has-text-align-left\">\n                <h3 class=\"headline\" style=\"color:var(--color-white)\">Fonctions :<\/h3>\n                            <\/div>\n                        <div class=\"gradientbox-column-wrap\">\n\n                                <div class=\"gradientbox-column\">\n                    <div class=\"gradientbox-text-wrap\">\n                                                                        <ul>\n<li>Gestion num\u00e9rique des commandes et application mobile d\u00e9di\u00e9e aux conducteurs<\/li>\n<li>Disponible en plus de 20 langues, avec une traduction en temps r\u00e9el des messages<\/li>\n<li>Contr\u00f4les UVV (r\u00e9glementation sur la pr\u00e9vention des accidents)<\/li>\n<li>Gestion des conteneurs via des balises NFC<\/li>\n<li>V\u00e9rification de la conformit\u00e9 des mat\u00e9riaux avec enregistrement photographique<\/li>\n<li>Option de connexion au syst\u00e8me de gestion des d\u00e9chets (AWS) et au portail EANV de suivi \u00e9lectronique des d\u00e9chets<\/li>\n<\/ul>\n                                            <\/div>\n                                    <\/div>\n                                <div class=\"gradientbox-column\">\n                    <div class=\"gradientbox-text-wrap\">\n                                                                        <ul>\n<li>Solutions de facturation \u00e9lectronique, y compris le format XML<\/li>\n<li>V\u00e9rification du permis de conduire<\/li>\n<li>Num\u00e9risation de documents<\/li>\n<li>Suivi du statut<\/li>\n<li>Planification flexible des tourn\u00e9es avec suivi en temps r\u00e9el<\/li>\n<li>Informations d\u00e9taill\u00e9es sur les v\u00e9hicules gr\u00e2ce \u00e0 la t\u00e9l\u00e9m\u00e9trie<\/li>\n<\/ul>\n                                            <\/div>\n                                    <\/div>\n                \n            <\/div>\n        <\/div> \n    <\/div>\n    \n<\/div><\/div>\n<\/div>\n<\/div>\n<\/section>\n\n<section class=\"gb-container gb-container-cbf863d0\">\n<div class=\"gb-container gb-container-4d673b1a\">\n<div class=\"gb-grid-wrapper gb-grid-wrapper-1ada5847\">\n<div data-aos=\"fade-right\" class=\"gb-grid-column gb-grid-column-33103763\"><div class=\"gb-container gb-container-33103763\">\n\n<div class=\"wp-block-pixel-headline headlines is-subheadline-top has-text-align-left\"><h2 class=\"headline\" style=\"color:\"><strong>Solution logicielle compl\u00e8te \u2013 un interlocuteur unique pour vous accompagner<\/strong><\/h2><span class=\"subheadline\" style=\"color:var(--color-blue)\">Points FORTs :<\/span><\/div>\n\n<\/div><\/div>\n\n<div data-aos=\"fade-up\" class=\"gb-grid-column gb-grid-column-a716017b\"><div class=\"gb-container gb-container-a716017b\">\n<div class=\"gb-grid-wrapper gb-grid-wrapper-0d08f757\">\n<div class=\"gb-grid-column gb-grid-column-84222ca9\"><div class=\"gb-container gb-container-84222ca9 wp-embed-aspect-16-9 wp-has-aspect-ratio\">\n<div id=\"imagebox-block_3d2dbb4bf2f32175e4dd59d4790e4912\" class=\"imagebox image-top background-color-white\">\n\t    \n    <div class=\"imagebox-content-wrap\">\n\n        <div class=\"imagebox-content\">\n                        <div class=\"imagebox-headline  font-size-big\">\n                Gestion digitalis\u00e9e des commandes            <\/div>\n                                    <div class=\"imagebox-copytext\">\n                <p data-start=\"0\" data-end=\"388\">Les conducteurs saisissent chaque mission \u00e0 l\u2019aide d\u2019appareils Android mobiles via un scan de code-barres ou RFID. Ils enregistrent ainsi le statut des commandes, les temps d\u2019ex\u00e9cution, les preuves photographiques, les niveaux de remplissage des conteneurs, les donn\u00e9es de pes\u00e9e et bien plus encore. Toutes ces informations sont accessibles en temps r\u00e9el sur une plateforme centralis\u00e9e.<\/p>\n<p data-start=\"390\" data-end=\"504\" data-is-last-node=\"\"><strong data-start=\"390\" data-end=\"416\">Gestion des conteneurs<\/strong> : surveillance des emplacements et des niveaux de remplissage des conteneurs et bennes<\/p>\n            <\/div>\n                    <\/div>\n            <\/div>\n\n<\/div>\n\n<\/div><\/div>\n\n<div class=\"gb-grid-column gb-grid-column-06bb8bbb\"><div class=\"gb-container gb-container-06bb8bbb wp-embed-aspect-16-9 wp-has-aspect-ratio\">\n<div id=\"imagebox-block_47b1b0b9e615679b7fc467f5beb26eab\" class=\"imagebox image-top background-color-white\">\n\t    \n    <div class=\"imagebox-content-wrap\">\n\n        <div class=\"imagebox-content\">\n                        <div class=\"imagebox-headline  font-size-big\">\n                Informations t\u00e9l\u00e9m\u00e9triques            <\/div>\n                                    <div class=\"imagebox-copytext\">\n                <p data-pm-slice=\"1 1 []\">Les informations t\u00e9l\u00e9m\u00e9triques optimisent la gestion de la flotte en fournissant des informations cl\u00e9s, notamment la localisation des v\u00e9hicules, les besoins de maintenance, la consommation de carburant et le comportement de conduite. Elles permettent \u00e9galement de suivre l&#8217;utilisation des \u00e9quipements auxiliaires, afin de documenter leur usure et d\u2019assurer leur bon fonctionnement.<\/p>\n            <\/div>\n                    <\/div>\n            <\/div>\n\n<\/div>\n\n<\/div><\/div>\n\n<div class=\"gb-grid-column gb-grid-column-e8a85b04\"><div class=\"gb-container gb-container-e8a85b04 wp-embed-aspect-16-9 wp-has-aspect-ratio\">\n<div id=\"imagebox-block_2f2c766adbe22764cbf61a4c0274c6c9\" class=\"imagebox image-top background-color-white\">\n\t    \n    <div class=\"imagebox-content-wrap\">\n\n        <div class=\"imagebox-content\">\n                        <div class=\"imagebox-headline  font-size-big\">\n                Gestion de la conformit\u00e9            <\/div>\n                                    <div class=\"imagebox-copytext\">\n                <p>Que ce soit pour des certificats de valorisation, des documents de suivi des d\u00e9chets, des attestations de destruction, des bordereaux d&#8217;accompagnement, des certificats de prise en charge ou des documents de transport, tous ces fichiers sont accessibles num\u00e9riquement \u00e0 tout moment afin de r\u00e9pondre aux obligations l\u00e9gales et administratives. Leur signature s\u00e9curis\u00e9e sur des appareils mobiles garantit leur authenticit\u00e9 et leur int\u00e9grit\u00e9.<\/p>\n            <\/div>\n                    <\/div>\n            <\/div>\n\n<\/div>\n\n<\/div><\/div>\n\n<div class=\"gb-grid-column gb-grid-column-abb7a679\"><div class=\"gb-container gb-container-abb7a679 wp-embed-aspect-16-9 wp-has-aspect-ratio\">\n<div id=\"imagebox-block_5f164692d891778f55c10901814dd297\" class=\"imagebox image-top background-color-white\">\n\t    \n    <div class=\"imagebox-content-wrap\">\n\n        <div class=\"imagebox-content\">\n                        <div class=\"imagebox-headline  font-size-big\">\n                Planification des tourn\u00e9es assist\u00e9e par l&#8217;IA            <\/div>\n                                    <div class=\"imagebox-copytext\">\n                <p>Optimise efficacement les itin\u00e9raires en identifiant les trajets les plus \u00e9conomiques tout en prenant en compte diverses contraintes personnalisables, telles que les restrictions propres aux v\u00e9hicules, les cr\u00e9neaux horaires et leur capacit\u00e9. Cette approche r\u00e9duit les trajets \u00e0 vide ainsi que les \u00e9missions de CO\u2082. La planification des tourn\u00e9es reste ajustable manuellement si n\u00e9cessaire. Une repr\u00e9sentation graphique des itin\u00e9raires permet de suivre en temps r\u00e9el les d\u00e9placements des v\u00e9hicules et d\u2019anticiper ou d\u2019adapter rapidement le planning en cas d\u2019impr\u00e9vus ou de changements.<\/p>\n            <\/div>\n                    <\/div>\n            <\/div>\n\n<\/div>\n\n<\/div><\/div>\n<\/div>\n<\/div><\/div>\n<\/div>\n<\/div>\n<\/section>\n\n<section class=\"gb-container gb-container-ae9262fb\">\n<div data-aos=\"fade-up\" class=\"gb-container gb-container-7e7bc3e9\">\n\n<div class=\"wp-block-pixel-headline headlines is-subheadline-top has-text-align-center\"><h3 class=\"headline\" style=\"color:var(--color-white)\">Planifiez une consultation gratuite et sans engagement.<\/h3><\/div>\n\n\n\n<p class=\"has-text-align-center has-color-white-color has-text-color has-link-color wp-elements-5683d077bea9bedfa4d70ff8ba28ead9\">Quels sont vos besoins en solutions informatiques pour votre entreprise ? Nos experts vous proposent les modules logiciels les plus adapt\u00e9s. Planifiez d\u00e8s maintenant un rendez-vous.<\/p>\n\n\n\n<div class=\"wp-block-buttons is-content-justification-center is-layout-flex wp-container-core-buttons-is-layout-16018d1d wp-block-buttons-is-layout-flex\">\n<div class=\"wp-block-button is-style-fill\"><a class=\"wp-block-button__link has-color-blue-background-color has-background wp-element-button\" href=\"#contact\">Prendre rendez-vous pour une consultation<\/a><\/div>\n<\/div>\n\n<\/div>\n<\/section>\n\n<section class=\"gb-container gb-container-d20ad9f6 gb-container-no-padding-bottom\">\n<div class=\"gb-container gb-container-6b42ae49\">\n<div class=\"gb-grid-wrapper gb-grid-wrapper-5d2a094d\">\n<div data-aos=\"fade-right\" class=\"gb-grid-column gb-grid-column-be6a1f10\"><div class=\"gb-container gb-container-be6a1f10 wp-embed-aspect-16-9 wp-has-aspect-ratio\">\n\n<div class=\"wp-block-pixel-headline headlines is-subheadline-top has-text-align-left\"><h2 class=\"headline\" style=\"color:\">Une gestion digitale optimis\u00e9e des commandes, accompagn\u00e9e d\u2019une application mobile<\/h2><span class=\"subheadline\" style=\"color:var(--color-dodger-blue)\">pLG TelematiCS<\/span><\/div>\n\n\n\n<p>Vos flux de travail sont digitalis\u00e9s et accessibles aux conducteurs via des appareils mobiles. Vous conservez une vision claire des emplacements, des commandes, des \u00e9quipements de chargement et des conteneurs.<\/p>\n\n\n\n<div class=\"wp-block-buttons is-content-justification-left is-layout-flex wp-container-core-buttons-is-layout-fdcfc74e wp-block-buttons-is-layout-flex\">\n<div class=\"wp-block-button is-style-fill\"><a class=\"wp-block-button__link has-color-blue-background-color has-background wp-element-button\" href=\"https:\/\/www.prologistik.com\/fr\/transportation\/telematique\">Vers pLG TelematiCS<\/a><\/div>\n<\/div>\n\n<\/div><\/div>\n\n<div data-aos=\"fade-left\" class=\"gb-grid-column gb-grid-column-35f8d472\"><div class=\"gb-container gb-container-35f8d472 wp-embed-aspect-16-9 wp-has-aspect-ratio\">\n\n<figure class=\"wp-block-image size-full is-resized\"><img loading=\"lazy\" decoding=\"async\" width=\"500\" height=\"334\" src=\"https:\/\/www.prologistik.com\/wp-content\/uploads\/shutterstock_1860098914-2.jpg\" alt=\"\" class=\"wp-image-42598\" style=\"aspect-ratio:1.6285714285714286;object-fit:cover;width:628px;height:auto\" srcset=\"https:\/\/www.prologistik.com\/wp-content\/uploads\/shutterstock_1860098914-2.jpg 500w, https:\/\/www.prologistik.com\/wp-content\/uploads\/shutterstock_1860098914-2-300x200.jpg 300w, https:\/\/www.prologistik.com\/wp-content\/uploads\/shutterstock_1860098914-2-150x100.jpg 150w\" sizes=\"auto, (max-width: 500px) 100vw, 500px\" \/><\/figure>\n\n<\/div><\/div>\n<\/div>\n<\/div>\n<\/section>\n\n<section class=\"gb-container gb-container-ad6e2622 gb-container-no-padding-bottom\">\n<div class=\"gb-container gb-container-0e8c7811\">\n<div class=\"gb-grid-wrapper gb-grid-wrapper-86a6ec1f\">\n<div data-aos=\"fade-right\" class=\"gb-grid-column gb-grid-column-9040dbd2\"><div class=\"gb-container gb-container-9040dbd2 wp-embed-aspect-16-9 wp-has-aspect-ratio\">\n\n<figure class=\"wp-block-image size-full is-resized\"><img loading=\"lazy\" decoding=\"async\" width=\"864\" height=\"576\" src=\"https:\/\/www.prologistik.com\/wp-content\/uploads\/us4x5owt.png\" alt=\"\" class=\"wp-image-42628\" style=\"width:628px;height:auto\" srcset=\"https:\/\/www.prologistik.com\/wp-content\/uploads\/us4x5owt.png 864w, https:\/\/www.prologistik.com\/wp-content\/uploads\/us4x5owt-300x200.png 300w, https:\/\/www.prologistik.com\/wp-content\/uploads\/us4x5owt-150x100.png 150w, https:\/\/www.prologistik.com\/wp-content\/uploads\/us4x5owt-768x512.png 768w\" sizes=\"auto, (max-width: 864px) 100vw, 864px\" \/><\/figure>\n\n<\/div><\/div>\n\n<div data-aos=\"fade-left\" class=\"gb-grid-column gb-grid-column-9252a12f\"><div class=\"gb-container gb-container-9252a12f wp-embed-aspect-16-9 wp-has-aspect-ratio\">\n\n<div class=\"wp-block-pixel-headline headlines is-subheadline-top has-text-align-left\"><h2 class=\"headline\" style=\"color:\">Optimiser la gestion de la flotte et des chauffeurs afin de minimiser les co\u00fbts de transport<\/h2><span class=\"subheadline\" style=\"color:var(--color-dodger-blue)\">pLG Tour PLANNING<\/span><\/div>\n\n\n\n<p>pLG Tour Planning, avec optimisation int\u00e9gr\u00e9e, vous assiste gr\u00e2ce \u00e0 l&#8217;IA dans l&#8217;organisation de toutes vos tourn\u00e9es de livraison et de collecte. Elle garantit une utilisation optimale de votre flotte tout en r\u00e9duisant les co\u00fbts de transport et les \u00e9missions de CO\u2082.<\/p>\n\n\n\n<div class=\"wp-block-buttons is-content-justification-left is-layout-flex wp-container-core-buttons-is-layout-fdcfc74e wp-block-buttons-is-layout-flex\">\n<div class=\"wp-block-button is-style-fill\"><a class=\"wp-block-button__link has-color-blue-background-color has-background wp-element-button\" href=\"https:\/\/www.prologistik.com\/fr\/transportation\/planification-des-tournees-smart-tour\">vers pLG TOUR PLANNING<\/a><\/div>\n<\/div>\n\n<\/div><\/div>\n<\/div>\n<\/div>\n<\/section>\n\n<section class=\"gb-container gb-container-f6f75288\">\n<div class=\"gb-container gb-container-dee251fe\">\n<div class=\"gb-grid-wrapper gb-grid-wrapper-d0952430\">\n<div data-aos=\"fade-right\" class=\"gb-grid-column gb-grid-column-add8f516\"><div class=\"gb-container gb-container-add8f516\">\n\n<div class=\"wp-block-pixel-headline headlines is-subheadline-top has-text-align-left\"><h2 class=\"headline\" style=\"color:\">Nous vous offrons un service global et personnalis\u00e9<\/h2><span class=\"subheadline\" style=\"color:var(--color-green)\">Comment pouvons-nous vous soutenir autrement ?<\/span><\/div>\n\n<\/div><\/div>\n\n<div data-aos=\"fade-up\" class=\"gb-grid-column gb-grid-column-80417ba6\"><div class=\"gb-container gb-container-80417ba6\">\n<div class=\"gb-grid-wrapper gb-grid-wrapper-df6b9135\">\n<div class=\"gb-grid-column gb-grid-column-0b2ce789\"><div class=\"gb-container gb-container-0b2ce789\">\n<div id=\"imagebox-block_01f046709c94fb46b16895d88028d9ac\" class=\"imagebox image-left background-color-aquamarine\">\n\t<style>#imagebox-block_01f046709c94fb46b16895d88028d9ac::before {background: var(--); } <\/style>        <div class=\"imagebox-image   with-rounding\" style=\"background: url('https:\/\/www.prologistik.com\/wp-content\/uploads\/prologistik-content-consulting.jpg'); background-repeat: no-repeat; background-size: cover; background-position: center;\"><\/div>\n    \n    <div class=\"imagebox-content-wrap\">\n\n        <div class=\"imagebox-content\">\n                        <div class=\"imagebox-headline  font-size-normal\">\n                Conseil            <\/div>\n                                    <div class=\"imagebox-copytext\">\n                <p>Avec notre conseil en logistique, nous vous soutenons dans tous les d\u00e9fis logistiques, de la bonne strat\u00e9gie \u00e0 la mise en \u0153uvre optimale.<\/p>\n            <\/div>\n                    <\/div>\n                <div class=\"is-layout-flex wp-block-buttons\">\n            <div class=\"wp-block-button is-style-outline\">\n                <a class=\"wp-block-button__link has-color-white-color wp-element-button\" href=\"https:\/\/www.prologistik.com\/fr\/conseil\/conseil\/\" target=\"_self\">\n                    En savoir plus                <\/a>\n            <\/div>\n        <\/div>\n            <\/div>\n\n<\/div>\n\n<\/div><\/div>\n\n<div data-aos=\"fade-up\" class=\"gb-grid-column gb-grid-column-a2018442\"><div class=\"gb-container gb-container-a2018442\">\n<div id=\"imagebox-block_1e7fc1a9142cc6f6d2c15bf72773eb29\" class=\"imagebox image-left background-color-dodger-blue\">\n\t<style>#imagebox-block_1e7fc1a9142cc6f6d2c15bf72773eb29::before {background: var(--); } <\/style>        <div class=\"imagebox-image   with-rounding\" style=\"background: url('https:\/\/www.prologistik.com\/wp-content\/uploads\/prologistik-content-support.jpg'); background-repeat: no-repeat; background-size: cover; background-position: center;\"><\/div>\n    \n    <div class=\"imagebox-content-wrap\">\n\n        <div class=\"imagebox-content\">\n                        <div class=\"imagebox-headline  font-size-normal\">\n                Support            <\/div>\n                                    <div class=\"imagebox-copytext\">\n                <p>Que ce soit pour vos logiciels, votre mat\u00e9riel ou votre System Center. Que ce soit pour des questions, des probl\u00e8mes ou des d\u00e9fauts, nous vous soutenons avec notre support.<\/p>\n            <\/div>\n                    <\/div>\n            <\/div>\n\n<\/div>\n\n<\/div><\/div>\n<\/div>\n<\/div><\/div>\n<\/div>\n<\/div>\n<\/section>\n\n<section class=\"gb-container gb-container-78838206 gb-container-no-padding-bottom\" id=\"contact\">\n<div class=\"gb-container gb-container-50cd05df\">\n<div class=\"gb-grid-wrapper gb-grid-wrapper-c9c168fa\">\n<div class=\"gb-grid-column gb-grid-column-23b9ba83\"><div class=\"gb-container gb-container-23b9ba83\">\n\n<div class=\"wp-block-pixel-headline headlines is-subheadline-top has-text-align-left\"><h2 class=\"headline\" style=\"color:\">Nous serions ravis de vous conseiller<\/h2><span class=\"subheadline\" style=\"color:var(--color-blue)\">nous sommes l\u00e0 pour vous<\/span><\/div>\n\n\n\n<p>Appelez-nous ou envoyez-nous un message. Nous vous r\u00e9pondrons dans les plus brefs d\u00e9lais!<\/p>\n\n<\/div><\/div>\n<\/div>\n<\/div>\n<\/section>\n\n<section class=\"gb-container gb-container-70fb4b89\">\n<div class=\"gb-container gb-container-5801648d\">\n<div class=\"gb-grid-wrapper gb-grid-wrapper-7a53e8bf\">\n<div class=\"gb-grid-column gb-grid-column-b5fa74e1\"><div class=\"gb-container gb-container-b5fa74e1\">\n\n<meta http-equiv=\"Content-type\" content=\"text\/html; charset=UTF-8\">\n\n<script>\nfunction validateForm(event) {\n  const honeypot = document.getElementById(\"website_url\");\n\n  if (honeypot && honeypot.value.trim() !== \"\") {\n    event.preventDefault();\n    return false;\n  }\n\n  const frc = document.querySelector('input[name=\"frc-captcha-response\"]');\n  if (!frc || !frc.value || frc.value.trim() === \"\") {\n    document.getElementById(\"error-message\").style.display = \"block\";\n    event.preventDefault();\n    return false;\n  }\n\n  return true;\n}\n<\/script>\n\n<form id=\"custom-form\" action=\"https:\/\/webto.salesforce.com\/servlet\/servlet.WebToLead?encoding=UTF-8&#038;orgId=00D7Q000002pukE\" method=\"post\" onsubmit=\"return validateForm(event)\">\n  <input type=\"hidden\" name=\"oid\" value=\"00D7Q000002pukE\">\n  <input type=\"hidden\" name=\"retURL\" value=\"https:\/\/www.prologistik.com\/fr\/merci-pour-votre-contact\">\n  <input type=\"hidden\" name=\"recordType\" id=\"recordType\" value=\"012Of000001B3oPIAS\">\n  <input type=\"hidden\" class=\"SourceURL\" name=\"00NOf000002QoMb\" id=\"00NOf000002QoMb\" value=\"\">\n  <input type=\"hidden\" name=\"lead_source\" value=\"Webseite (Kontaktformular)\">\n\n  <div class=\"honeypot-field\" style=\"display:none;\">\n    <label for=\"website_url\">Si vous \u00eates humain, laissez ce champ vide.<\/label>\n    <input type=\"text\" id=\"website_url\" name=\"website_url\">\n  <\/div>\n\n  <div class=\"cf-form-wrap\">\n    <div class=\"cf-fields-wrap\">\n      <div class=\"cf-field\">\n        <label for=\"company\">Entreprise<\/label>\n        <input id=\"company\" maxlength=\"40\" name=\"company\" size=\"20\" type=\"text\" placeholder=\"Entreprise\" required>\n      <\/div>\n\n      <div class=\"cf-field half\">\n        <label for=\"first_name\">Pr\u00e9nom<\/label>\n        <input id=\"first_name\" maxlength=\"40\" name=\"first_name\" size=\"20\" type=\"text\" placeholder=\"Pr\u00e9nom\" required>\n      <\/div>\n\n      <div class=\"cf-field half\">\n        <label for=\"last_name\">Nom<\/label>\n        <input id=\"last_name\" maxlength=\"80\" name=\"last_name\" size=\"20\" type=\"text\" placeholder=\"Nom\" required>\n      <\/div>\n\n      <div class=\"cf-field half\">\n        <label for=\"phone\">T\u00e9l\u00e9phone<\/label>\n        <input id=\"phone\" maxlength=\"40\" name=\"phone\" size=\"20\" type=\"text\" placeholder=\"T\u00e9l\u00e9phone\">\n      <\/div>\n\n      <div class=\"cf-field half\">\n        <label for=\"email\">Email<\/label>\n        <input id=\"email\" maxlength=\"80\" name=\"email\" size=\"20\" type=\"text\" placeholder=\"Email\" required>\n      <\/div>\n\n      <div class=\"cf-field full textarea\">\n        <label for=\"description\">Message<\/label>\n        <textarea name=\"description\" placeholder=\"D\u00e9crivez-nous votre demande.\"><\/textarea>\n      <\/div>\n\n      <div class=\"cf-field full privacy-policy\">\n        <input id=\"00NOf000002QlF3\" name=\"00NOf000002QlF3\" type=\"checkbox\" value=\"1\" required>\n        <span class=\"privacy-policy-note\">J&#8217;accepte la <a href=\"https:\/\/www.prologistik.com\/fr\/mentions-legales\/protection-des-donnees\/\" target=\"_blank\" rel=\"noopener\">politique de confidentialit\u00e9<\/a>.<\/span>\n      <\/div>\n\n      <div class=\"frc-captcha\" data-sitekey=\"FCMV5CER2E6IVQMC\"><\/div>\n      <div id=\"error-message\" style=\"color:red; display:none;\">Veuillez compl\u00e9ter le captcha.<\/div>\n\n      <div class=\"cf-field send-button\">\n        <input id=\"checksend\" name=\"submit\" class=\"wpcf7-form-control submit wpcf7-submit has-spinner\" type=\"submit\" value=\"Envoyer\">\n        <span class=\"wpcf7-spinner\"><\/span>\n      <\/div>\n    <\/div>\n  <\/div>\n<\/form>\n\n<script>\nconst input = document.querySelector('.SourceURL');\nif (input) {\n  input.value = window.location.href;\n}\n<\/script>\n\n\n<\/div><\/div>\n\n<div class=\"gb-grid-column gb-grid-column-034278d8\"><div class=\"gb-container gb-container-034278d8\">\n<div class=\"gb-container gb-container-902e59d8 contact_blue_box\">\n\n<p>proLogistik France<br>16 rue de la petite Sensive<br>44300 Nantes | France<\/p>\n\n\n\n<p class=\"has-color-white-color has-text-color has-link-color wp-elements-a825009c6dfc5e826e7dfc9f17afaf9c\"><span class=\"contact_blue_box_france\">T\u00e9l.: <a href=\"tel:+33(0) 251818585 \">+33 (0) 251 81 85 85 <\/a><\/span><\/p>\n\n\n\n<p class=\"has-color-white-color has-text-color has-link-color wp-elements-96a81da7641a0982aa9be3439ece95e6\"><a href=\"mailto:info@prologistik.com\">info@prologistik.com<\/a><\/p>\n\n<\/div>\n<\/div><\/div>\n<\/div>\n<\/div>\n<\/section>","protected":false},"excerpt":{"rendered":"<p>Les entreprises sp\u00e9cialis\u00e9es dans la gestion et le traitement des d\u00e9chets doivent relever de nombreux d\u00e9fis, allant des r\u00e9glementations environnementales strictes et de la raret\u00e9 des ressources aux exigences croissantes en mati\u00e8re d&#8217;innovation et de ma\u00eetrise des co\u00fbts. Les solutions logicielles int\u00e9gr\u00e9es de pLG, fortes de plus de 35 ans d\u2019exp\u00e9rience dans le secteur, accompagnent les entreprises de gestion des d\u00e9chets dans l\u2019optimisation de leurs processus et l\u2019adaptation aux \u00e9volutions du march\u00e9. Chaque entreprise ayant des flux de travail sp\u00e9cifiques, ces applications sont enti\u00e8rement modulables et configurables pour r\u00e9pondre \u00e0 leurs besoins particuliers. Quels sont vos besoins en solutions informatiques pour votre entreprise ? Nos experts vous proposent les modules logiciels les plus adapt\u00e9s. Planifiez d\u00e8s maintenant un rendez-vous.<\/p>\n","protected":false},"author":270,"featured_media":0,"parent":0,"menu_order":6,"comment_status":"closed","ping_status":"closed","template":"","meta":{"_acf_changed":false,"footnotes":""},"class_list":["post-43048","page","type-page","status-publish"],"acf":[],"yoast_head":"<!-- This site is optimized with the Yoast SEO Premium plugin v26.9 (Yoast SEO v27.5) - https:\/\/yoast.com\/product\/yoast-seo-premium-wordpress\/ -->\n<title>\ud83d\udd04 Optimisation des processus en gestion des d\u00e9chets<\/title>\n<meta name=\"description\" content=\"\ud83d\udcb0 Co\u00fbts r\u00e9duits, ressources optimis\u00e9es \u2714\ufe0f Transparence &amp; communication en temps r\u00e9el \u2714\ufe0f \u27a4 En savoir plus ! \u2705\" \/>\n<meta name=\"robots\" content=\"index, follow, max-snippet:-1, max-image-preview:large, max-video-preview:-1\" \/>\n<link rel=\"canonical\" href=\"https:\/\/www.prologistik.com\/fr\/entsorgungswirtschaft\/\" \/>\n<meta property=\"og:locale\" content=\"fr_FR\" \/>\n<meta property=\"og:type\" content=\"article\" \/>\n<meta property=\"og:title\" content=\"Gestion et traitement des d\u00e9chets\" \/>\n<meta property=\"og:description\" content=\"\ud83d\udcb0 Co\u00fbts r\u00e9duits, ressources optimis\u00e9es \u2714\ufe0f Transparence &amp; communication en temps r\u00e9el \u2714\ufe0f \u27a4 En savoir plus ! \u2705\" \/>\n<meta property=\"og:url\" content=\"https:\/\/www.prologistik.com\/fr\/entsorgungswirtschaft\/\" \/>\n<meta property=\"og:site_name\" content=\"proLogistik Group\" \/>\n<meta property=\"article:modified_time\" content=\"2025-02-26T14:38:34+00:00\" \/>\n<meta property=\"og:image\" content=\"https:\/\/www.prologistik.com\/wp-content\/uploads\/tablet_active_m-ware-1.png\" \/>\n<meta name=\"twitter:card\" content=\"summary_large_image\" \/>\n<meta name=\"twitter:label1\" content=\"Dur\u00e9e de lecture estim\u00e9e\" \/>\n\t<meta name=\"twitter:data1\" content=\"3 minutes\" \/>\n<script type=\"application\/ld+json\" class=\"yoast-schema-graph\">{\"@context\":\"https:\\\/\\\/schema.org\",\"@graph\":[{\"@type\":\"WebPage\",\"@id\":\"https:\\\/\\\/www.prologistik.com\\\/fr\\\/entsorgungswirtschaft\\\/\",\"url\":\"https:\\\/\\\/www.prologistik.com\\\/fr\\\/entsorgungswirtschaft\\\/\",\"name\":\"\ud83d\udd04 Optimisation des processus en gestion des d\u00e9chets\",\"isPartOf\":{\"@id\":\"https:\\\/\\\/www.prologistik.com\\\/fr\\\/#website\"},\"primaryImageOfPage\":{\"@id\":\"https:\\\/\\\/www.prologistik.com\\\/fr\\\/entsorgungswirtschaft\\\/#primaryimage\"},\"image\":{\"@id\":\"https:\\\/\\\/www.prologistik.com\\\/fr\\\/entsorgungswirtschaft\\\/#primaryimage\"},\"thumbnailUrl\":\"https:\\\/\\\/www.prologistik.com\\\/wp-content\\\/uploads\\\/tablet_active_m-ware-1.png\",\"datePublished\":\"2024-11-06T09:59:44+00:00\",\"dateModified\":\"2025-02-26T14:38:34+00:00\",\"description\":\"\ud83d\udcb0 Co\u00fbts r\u00e9duits, ressources optimis\u00e9es \u2714\ufe0f Transparence & communication en temps r\u00e9el \u2714\ufe0f \u27a4 En savoir plus ! \u2705\",\"breadcrumb\":{\"@id\":\"https:\\\/\\\/www.prologistik.com\\\/fr\\\/entsorgungswirtschaft\\\/#breadcrumb\"},\"inLanguage\":\"fr-FR\",\"potentialAction\":[{\"@type\":\"ReadAction\",\"target\":[\"https:\\\/\\\/www.prologistik.com\\\/fr\\\/entsorgungswirtschaft\\\/\"]}]},{\"@type\":\"ImageObject\",\"inLanguage\":\"fr-FR\",\"@id\":\"https:\\\/\\\/www.prologistik.com\\\/fr\\\/entsorgungswirtschaft\\\/#primaryimage\",\"url\":\"https:\\\/\\\/www.prologistik.com\\\/wp-content\\\/uploads\\\/tablet_active_m-ware-1.png\",\"contentUrl\":\"https:\\\/\\\/www.prologistik.com\\\/wp-content\\\/uploads\\\/tablet_active_m-ware-1.png\"},{\"@type\":\"BreadcrumbList\",\"@id\":\"https:\\\/\\\/www.prologistik.com\\\/fr\\\/entsorgungswirtschaft\\\/#breadcrumb\",\"itemListElement\":[{\"@type\":\"ListItem\",\"position\":1,\"name\":\"Startseite\",\"item\":\"https:\\\/\\\/www.prologistik.com\\\/fr\\\/\"},{\"@type\":\"ListItem\",\"position\":2,\"name\":\"Gestion et traitement des d\u00e9chets\"}]},{\"@type\":\"WebSite\",\"@id\":\"https:\\\/\\\/www.prologistik.com\\\/fr\\\/#website\",\"url\":\"https:\\\/\\\/www.prologistik.com\\\/fr\\\/\",\"name\":\"proLogistik Group\",\"description\":\"Software und Hardware f\u00fcr die Intralogistik\",\"publisher\":{\"@id\":\"https:\\\/\\\/www.prologistik.com\\\/fr\\\/#organization\"},\"potentialAction\":[{\"@type\":\"SearchAction\",\"target\":{\"@type\":\"EntryPoint\",\"urlTemplate\":\"https:\\\/\\\/www.prologistik.com\\\/fr\\\/?s={search_term_string}\"},\"query-input\":{\"@type\":\"PropertyValueSpecification\",\"valueRequired\":true,\"valueName\":\"search_term_string\"}}],\"inLanguage\":\"fr-FR\"},{\"@type\":\"Organization\",\"@id\":\"https:\\\/\\\/www.prologistik.com\\\/fr\\\/#organization\",\"name\":\"proLogistik Group\",\"url\":\"https:\\\/\\\/www.prologistik.com\\\/fr\\\/\",\"logo\":{\"@type\":\"ImageObject\",\"inLanguage\":\"fr-FR\",\"@id\":\"https:\\\/\\\/www.prologistik.com\\\/fr\\\/#\\\/schema\\\/logo\\\/image\\\/\",\"url\":\"https:\\\/\\\/www.prologistik.com\\\/wp-content\\\/uploads\\\/prologistik-logo-web.svg\",\"contentUrl\":\"https:\\\/\\\/www.prologistik.com\\\/wp-content\\\/uploads\\\/prologistik-logo-web.svg\",\"width\":320,\"height\":59,\"caption\":\"proLogistik Group\"},\"image\":{\"@id\":\"https:\\\/\\\/www.prologistik.com\\\/fr\\\/#\\\/schema\\\/logo\\\/image\\\/\"}}]}<\/script>\n<!-- \/ Yoast SEO Premium plugin. -->","yoast_head_json":{"title":"\ud83d\udd04 Optimisation des processus en gestion des d\u00e9chets","description":"\ud83d\udcb0 Co\u00fbts r\u00e9duits, ressources optimis\u00e9es \u2714\ufe0f Transparence & communication en temps r\u00e9el \u2714\ufe0f \u27a4 En savoir plus ! \u2705","robots":{"index":"index","follow":"follow","max-snippet":"max-snippet:-1","max-image-preview":"max-image-preview:large","max-video-preview":"max-video-preview:-1"},"canonical":"https:\/\/www.prologistik.com\/fr\/entsorgungswirtschaft\/","og_locale":"fr_FR","og_type":"article","og_title":"Gestion et traitement des d\u00e9chets","og_description":"\ud83d\udcb0 Co\u00fbts r\u00e9duits, ressources optimis\u00e9es \u2714\ufe0f Transparence & communication en temps r\u00e9el \u2714\ufe0f \u27a4 En savoir plus ! \u2705","og_url":"https:\/\/www.prologistik.com\/fr\/entsorgungswirtschaft\/","og_site_name":"proLogistik Group","article_modified_time":"2025-02-26T14:38:34+00:00","og_image":[{"url":"https:\/\/www.prologistik.com\/wp-content\/uploads\/tablet_active_m-ware-1.png","type":"","width":"","height":""}],"twitter_card":"summary_large_image","twitter_misc":{"Dur\u00e9e de lecture estim\u00e9e":"3 minutes"},"schema":{"@context":"https:\/\/schema.org","@graph":[{"@type":"WebPage","@id":"https:\/\/www.prologistik.com\/fr\/entsorgungswirtschaft\/","url":"https:\/\/www.prologistik.com\/fr\/entsorgungswirtschaft\/","name":"\ud83d\udd04 Optimisation des processus en gestion des d\u00e9chets","isPartOf":{"@id":"https:\/\/www.prologistik.com\/fr\/#website"},"primaryImageOfPage":{"@id":"https:\/\/www.prologistik.com\/fr\/entsorgungswirtschaft\/#primaryimage"},"image":{"@id":"https:\/\/www.prologistik.com\/fr\/entsorgungswirtschaft\/#primaryimage"},"thumbnailUrl":"https:\/\/www.prologistik.com\/wp-content\/uploads\/tablet_active_m-ware-1.png","datePublished":"2024-11-06T09:59:44+00:00","dateModified":"2025-02-26T14:38:34+00:00","description":"\ud83d\udcb0 Co\u00fbts r\u00e9duits, ressources optimis\u00e9es \u2714\ufe0f Transparence & communication en temps r\u00e9el \u2714\ufe0f \u27a4 En savoir plus ! \u2705","breadcrumb":{"@id":"https:\/\/www.prologistik.com\/fr\/entsorgungswirtschaft\/#breadcrumb"},"inLanguage":"fr-FR","potentialAction":[{"@type":"ReadAction","target":["https:\/\/www.prologistik.com\/fr\/entsorgungswirtschaft\/"]}]},{"@type":"ImageObject","inLanguage":"fr-FR","@id":"https:\/\/www.prologistik.com\/fr\/entsorgungswirtschaft\/#primaryimage","url":"https:\/\/www.prologistik.com\/wp-content\/uploads\/tablet_active_m-ware-1.png","contentUrl":"https:\/\/www.prologistik.com\/wp-content\/uploads\/tablet_active_m-ware-1.png"},{"@type":"BreadcrumbList","@id":"https:\/\/www.prologistik.com\/fr\/entsorgungswirtschaft\/#breadcrumb","itemListElement":[{"@type":"ListItem","position":1,"name":"Startseite","item":"https:\/\/www.prologistik.com\/fr\/"},{"@type":"ListItem","position":2,"name":"Gestion et traitement des d\u00e9chets"}]},{"@type":"WebSite","@id":"https:\/\/www.prologistik.com\/fr\/#website","url":"https:\/\/www.prologistik.com\/fr\/","name":"proLogistik Group","description":"Software und Hardware f\u00fcr die Intralogistik","publisher":{"@id":"https:\/\/www.prologistik.com\/fr\/#organization"},"potentialAction":[{"@type":"SearchAction","target":{"@type":"EntryPoint","urlTemplate":"https:\/\/www.prologistik.com\/fr\/?s={search_term_string}"},"query-input":{"@type":"PropertyValueSpecification","valueRequired":true,"valueName":"search_term_string"}}],"inLanguage":"fr-FR"},{"@type":"Organization","@id":"https:\/\/www.prologistik.com\/fr\/#organization","name":"proLogistik Group","url":"https:\/\/www.prologistik.com\/fr\/","logo":{"@type":"ImageObject","inLanguage":"fr-FR","@id":"https:\/\/www.prologistik.com\/fr\/#\/schema\/logo\/image\/","url":"https:\/\/www.prologistik.com\/wp-content\/uploads\/prologistik-logo-web.svg","contentUrl":"https:\/\/www.prologistik.com\/wp-content\/uploads\/prologistik-logo-web.svg","width":320,"height":59,"caption":"proLogistik Group"},"image":{"@id":"https:\/\/www.prologistik.com\/fr\/#\/schema\/logo\/image\/"}}]}},"_links":{"self":[{"href":"https:\/\/www.prologistik.com\/fr\/wp-json\/wp\/v2\/pages\/43048","targetHints":{"allow":["GET"]}}],"collection":[{"href":"https:\/\/www.prologistik.com\/fr\/wp-json\/wp\/v2\/pages"}],"about":[{"href":"https:\/\/www.prologistik.com\/fr\/wp-json\/wp\/v2\/types\/page"}],"author":[{"embeddable":true,"href":"https:\/\/www.prologistik.com\/fr\/wp-json\/wp\/v2\/users\/270"}],"replies":[{"embeddable":true,"href":"https:\/\/www.prologistik.com\/fr\/wp-json\/wp\/v2\/comments?post=43048"}],"version-history":[{"count":12,"href":"https:\/\/www.prologistik.com\/fr\/wp-json\/wp\/v2\/pages\/43048\/revisions"}],"predecessor-version":[{"id":46035,"href":"https:\/\/www.prologistik.com\/fr\/wp-json\/wp\/v2\/pages\/43048\/revisions\/46035"}],"wp:attachment":[{"href":"https:\/\/www.prologistik.com\/fr\/wp-json\/wp\/v2\/media?parent=43048"}],"curies":[{"name":"wp","href":"https:\/\/api.w.org\/{rel}","templated":true}]}}