{"id":34567,"date":"2023-11-08T17:32:24","date_gmt":"2023-11-08T16:32:24","guid":{"rendered":"https:\/\/www.prologistik.com\/carriere\/offres-demploi"},"modified":"2025-09-24T10:10:21","modified_gmt":"2025-09-24T08:10:21","slug":"offres-demploi","status":"publish","type":"page","link":"https:\/\/www.prologistik.com\/fr\/carriere\/offres-demploi\/","title":{"rendered":"Offres d&#8217;emploi"},"content":{"rendered":"        \n            <!-- pagehead -->\n        \n                    \n\t\t\t<div id=\"pagehead-block_df1ceb1b38e3f773f7c1614f4f5964fd\" class=\"pagehead size-small\">\n\t\t\t\t\t\t\t<div class=\"pagehead-canvas\">\n\t\t\t\t<div class=\"pagehead-content has-bg-color bg-color-blue\">\n\t\t\t\t\t<div class=\"pagehead-content-inner\">\n\t\t\t\t\t\t<div class=\"pagehead-icon icon-color-white\" data-aos=\"fade-up\" data-aos-delay=\"0\" style=\"mask-image: url(https:\/\/www.prologistik.com\/wp-content\/uploads\/icon-benefits-group.svg); -webkit-mask-image: url(https:\/\/www.prologistik.com\/wp-content\/uploads\/icon-benefits-group.svg);\"><\/div>\t\t\t\t\t\t<span class=\"pagehead-subheadline\"  data-aos=\"fade-up\" data-aos-delay=\"50\">Rejoignez l&#8217;\u00e9quipe<\/span>\t\t\t\t\t\t<h1 class=\"pagehead-headline\" data-aos=\"fade-up\" data-aos-delay=\"100\">Ton avenir chez proLogistik<\/h1>\t\t\t\t\t\t\t\t\t\t\t<\/div>\n\t\t\t\t<\/div>\n\t\t\t<\/div>\n\t\t\t\n\t\t\t\t<div class=\"pagehead-background\">\n\t\t\t\t<!-- image_id: 33267 | alt:  -->\t\t\t\t\t\t\t\t\t<img decoding=\"async\" class=\"test\" src=\"https:\/\/www.prologistik.com\/wp-content\/uploads\/pagehead-karriere.jpg\" alt=\"\" \/>\n\t\t\t\t\n\t\t\t\t<\/div>\n\t\t\t<\/div>\n        \n                    \n            <!-- end:pagehead -->\n        \n            \n\n<section class=\"gb-container gb-container-f1138eaa\">\n<div class=\"gb-container gb-container-74c62a05\">\n<div class=\"gb-grid-wrapper gb-grid-wrapper-e282f875\">\n<div class=\"gb-grid-column gb-grid-column-3471b552\"><div class=\"gb-container gb-container-3471b552\">\n\n<div class=\"wp-block-pixel-headline headlines is-subheadline-top has-text-align-center\"><h2 class=\"headline\" style=\"color:\">Ton \u00e9quipe de recrutement<\/h2><span class=\"subheadline\" style=\"color:var(--color-blue)\">Pour toute question<\/span><\/div>\n\n<\/div><\/div>\n\n<div class=\"gb-grid-column gb-grid-column-5d0ad3cd\"><div class=\"gb-container gb-container-5d0ad3cd has-fill\"><div class=\"gb-inside-container\">\n<div class=\"gb-grid-wrapper gb-grid-wrapper-874a4f34\">\n<div class=\"gb-grid-column gb-grid-column-b489fd4c\"><div class=\"gb-container gb-container-b489fd4c\">\n        \n            <!-- postcard -->\n        \n                    \n            <div id=\"postcard-block_2f98ed7cc325dc8cf8ee524ce40cdb74\" class=\"card card-contacts card-round postcard\">\n\n\t\t\t\t<div class=\"card card-contacts card-round\">\n\t\t\t\t\t<div class=\"card-media\">\n\t\t\t\t\t\t<img decoding=\"async\" src=\"https:\/\/www.prologistik.com\/wp-content\/uploads\/IMG_0972-Saskia-2.png\" \/>\n\t\t\t\t\t<\/div>\n\t\t\t\t\t<div class=\"card-content\">\n\t\t\t\t\t\t<div class=\"card-inner\">\n\t\t\t\t\t\t\t<span class=\"card-headline headline is-h4\">  Saskia Wessing<\/span>\n\t\t\t\t\t\t\t<span class=\"card-subheadline\">Team Manager Recruiting &#038; Employer Branding<\/span>\n\t\t\t\t\t\t<\/div>\n\t\t\t\t\t\t<div class=\"card-action\">\n\t\t\t\t\t\t\t<span class=\"contact-info contact-phone\"><a href=\"tel:4923151940\">+49 231 5194-0<\/a><\/span>\t\t\t\t\t\t\t\t\t\t\t\t\t\t<span class=\"contact-info contact-email\"><a href=\"mailto:bewerbung@prologistik.com\">bewerbung@prologistik.com<\/a><\/span>\t\t\t\t\t\t<\/div>\n\t\t\t\t\t<\/div>\n\t\t\t\t<\/div>\n        \n            <\/div>\n        \n                    \n            <!-- end:postcard -->\n        \n            \n<\/div><\/div>\n\n<div class=\"gb-grid-column gb-grid-column-8ed02fb8\"><div class=\"gb-container gb-container-8ed02fb8\">\n        \n            <!-- postcard -->\n        \n                    \n            <div id=\"postcard-block_4208e4776002b927ea6197fde2797239\" class=\"card card-contacts card-round postcard\">\n\n\t\t\t\t<div class=\"card card-contacts card-round\">\n\t\t\t\t\t<div class=\"card-media\">\n\t\t\t\t\t\t<img decoding=\"async\" src=\"\" \/>\n\t\t\t\t\t<\/div>\n\t\t\t\t\t<div class=\"card-content\">\n\t\t\t\t\t\t<div class=\"card-inner\">\n\t\t\t\t\t\t\t<span class=\"card-headline headline is-h4\">   <\/span>\n\t\t\t\t\t\t\t<span class=\"card-subheadline\"><\/span>\n\t\t\t\t\t\t<\/div>\n\t\t\t\t\t\t<div class=\"card-action\">\n\t\t\t\t\t\t\t\t\t\t\t\t\t\t\t\t\t\t\t\t\t\t\t\t\t\t\t<\/div>\n\t\t\t\t\t<\/div>\n\t\t\t\t<\/div>\n        \n            <\/div>\n        \n                    \n            <!-- end:postcard -->\n        \n            \n<\/div><\/div>\n\n<div class=\"gb-grid-column gb-grid-column-a6e8f25a\"><div class=\"gb-container gb-container-a6e8f25a\">\n        \n            <!-- postcard -->\n        \n                    \n            <div id=\"postcard-block_1a681b66258eec2c1548f6f732c26dba\" class=\"card card-contacts card-round postcard\">\n\n\t\t\t\t<div class=\"card card-contacts card-round\">\n\t\t\t\t\t<div class=\"card-media\">\n\t\t\t\t\t\t<img decoding=\"async\" src=\"https:\/\/www.prologistik.com\/wp-content\/uploads\/pLG_Website-Group_Kontakt_Anna-Lena-Krug.png\" \/>\n\t\t\t\t\t<\/div>\n\t\t\t\t\t<div class=\"card-content\">\n\t\t\t\t\t\t<div class=\"card-inner\">\n\t\t\t\t\t\t\t<span class=\"card-headline headline is-h4\">  Anna-Lena Krug<\/span>\n\t\t\t\t\t\t\t<span class=\"card-subheadline\">Recruteur tech<\/span>\n\t\t\t\t\t\t<\/div>\n\t\t\t\t\t\t<div class=\"card-action\">\n\t\t\t\t\t\t\t<span class=\"contact-info contact-phone\"><a href=\"tel:4923151940\">+49 231 5194-0<\/a><\/span>\t\t\t\t\t\t\t\t\t\t\t\t\t\t<span class=\"contact-info contact-email\"><a href=\"mailto:bewerbung@prologistik.com\">bewerbung@prologistik.com<\/a><\/span>\t\t\t\t\t\t<\/div>\n\t\t\t\t\t<\/div>\n\t\t\t\t<\/div>\n        \n            <\/div>\n        \n                    \n            <!-- end:postcard -->\n        \n            \n<\/div><\/div>\n\n<div class=\"gb-grid-column gb-grid-column-7639bc47\"><div class=\"gb-container gb-container-7639bc47\">\n        \n            <!-- postcard -->\n        \n                    \n            <div id=\"postcard-block_db5e64081d2c4576016c7a08235216a3\" class=\"card card-contacts card-round postcard\">\n\n\t\t\t\t<div class=\"card card-contacts card-round\">\n\t\t\t\t\t<div class=\"card-media\">\n\t\t\t\t\t\t<img decoding=\"async\" src=\"https:\/\/www.prologistik.com\/wp-content\/uploads\/prologistik_mitarbeiterin.png\" \/>\n\t\t\t\t\t<\/div>\n\t\t\t\t\t<div class=\"card-content\">\n\t\t\t\t\t\t<div class=\"card-inner\">\n\t\t\t\t\t\t\t<span class=\"card-headline headline is-h4\">  Marie-Therese Spinneken<\/span>\n\t\t\t\t\t\t\t<span class=\"card-subheadline\">Recrutement en interne<\/span>\n\t\t\t\t\t\t<\/div>\n\t\t\t\t\t\t<div class=\"card-action\">\n\t\t\t\t\t\t\t<span class=\"contact-info contact-phone\"><a href=\"tel:4923151940\">+49 231 5194-0<\/a><\/span>\t\t\t\t\t\t\t\t\t\t\t\t\t\t<span class=\"contact-info contact-email\"><a href=\"mailto:bewerbung@prologistik.com\">bewerbung@prologistik.com<\/a><\/span>\t\t\t\t\t\t<\/div>\n\t\t\t\t\t<\/div>\n\t\t\t\t<\/div>\n        \n            <\/div>\n        \n                    \n            <!-- end:postcard -->\n        \n            \n<\/div><\/div>\n<\/div>\n<\/div><\/div><\/div>\n<\/div>\n<\/div>\n<\/section>\n\n<section class=\"gb-container gb-container-a6d4e717\">\n<div class=\"gb-container gb-container-0a24cbad\">\n\n<div class=\"wp-block-pixel-headline headlines is-subheadline-top has-text-align-left is-gap-lg\"><h2 class=\"headline\" style=\"color:\">Nos offres d&#8217;emploi<\/h2><span class=\"subheadline\" style=\"color:\">Postuler maintenant<\/span><\/div>\n\n\n<div class=\"job-filter-wrap\"><div class=\"job-filter\"><select name=\"subcompany\" id=\"subcompany\"  placeholder=\"Compagnie\" multiple=\"multiple\" class=\"SlectBox\"><option value=\"prologistik-gmbh\">proLogistik GmbH<\/option><option value=\"pl-transportation-gmbh-dortmund\">pL Transportation GmbH (Dortmund)<\/option><option value=\"pl-transportation-gmbh-ais\">pL Transportation GmbH (AIS)<\/option><option value=\"prologistik-schweiz-ag\">proLogistik Schweiz AG<\/option><option value=\"ibb-adaptive-solution-gmbh\">IBB Adaptive Solution GmbH<\/option><\/select><select name=\"office\" id=\"office\"  placeholder=\"Site principal\" multiple=\"multiple\" class=\"SlectBox\"><option value=\"dortmund\">Dortmund<\/option><option value=\"ulm\">Ulm<\/option><option value=\"zurich\">Z\u00fcrich<\/option><option value=\"wien\">Wien<\/option><option value=\"100-remote\">100% remote<\/option><\/select><select name=\"department\" id=\"department\" placeholder=\"D\u00e9partement\" multiple=\"multiple\" class=\"SlectBox\"><option value=\"software-development-wms-de\">Software Development WMS DE<\/option><option value=\"it-operations\">IT Operations<\/option><option value=\"finance-wms-de\">Finance WMS DE<\/option><option value=\"projects-consulting-wms-de\">Projects & Consulting WMS DE<\/option><option value=\"sales\">Sales<\/option><option value=\"professional-service-tms-de\">Professional Service TMS DE<\/option><option value=\"sales-tms-customer-success\">Sales TMS & Customer Success<\/option><option value=\"group-controlling-controlling-wms-de\">(Group) Controlling\/ Controlling WMS DE<\/option><option value=\"software-development-at\">Software Development AT<\/option><\/select><select name=\"recruitingCategory\" id=\"recruitingCategory\" placeholder=\"Cat\u00e9gorie\" multiple=\"multiple\" class=\"SlectBox\"><option value=\"apprenticeship\">Apprenticeship<\/option><option value=\"professionals\">Professionals<\/option><\/select><\/div><span class=\"clear-filter\" href=\"#\"><span class=\"clear-icon\"><\/span><span class=\"clear-filter-text\">R\u00e9initialiser<\/span><\/span><\/div><div class=\"job-offers\"><a class=\"job-item \" data-atts=\"prologistik-gmbh dortmund software-development-wms-de apprenticeship\" href=\"https:\/\/prologistik-group.jobs.personio.de\/job\/1365428?display=fr\" target=\"_blank\" alt=\"Job Details\"><div class=\"job-headline\"><h2>Auszubildender zum Fachinformatiker Anwendungsentwicklung (m\/w\/d)<\/h2><\/div><div class=\"job-content\"><span class=\"job-line company\">proLogistik GmbH<\/span><span class=\"job-line location\">Dortmund<\/span><span class=\"job-line department\">Software Development WMS DE<\/span><span class=\"job-line category\">Apprenticeship<\/span><\/div><div class=\"job-action\"><div class=\"wp-block-buttons is-layout-flex\"><div class=\"wp-block-button is-style-outline\"><div class=\"wp-block-button__link has-color-green-color has-text-color wp-element-button\">  Vers l'offre<\/div><\/div><\/div><\/div><\/a><a class=\"job-item \" data-atts=\"prologistik-gmbh dortmund it-operations apprenticeship\" href=\"https:\/\/prologistik-group.jobs.personio.de\/job\/2519715?display=fr\" target=\"_blank\" alt=\"Job Details\"><div class=\"job-headline\"><h2>Auszubildender zum Fachinformatiker Systemintegration (m\/w\/d)<\/h2><\/div><div class=\"job-content\"><span class=\"job-line company\">proLogistik GmbH<\/span><span class=\"job-line location\">Dortmund<\/span><span class=\"job-line department\">IT Operations<\/span><span class=\"job-line category\">Apprenticeship<\/span><\/div><div class=\"job-action\"><div class=\"wp-block-buttons is-layout-flex\"><div class=\"wp-block-button is-style-outline\"><div class=\"wp-block-button__link has-color-green-color has-text-color wp-element-button\">  Vers l'offre<\/div><\/div><\/div><\/div><\/a><a class=\"job-item \" data-atts=\"prologistik-gmbh dortmund it-operations professionals\" href=\"https:\/\/prologistik-group.jobs.personio.de\/job\/2615340?display=fr\" target=\"_blank\" alt=\"Job Details\"><div class=\"job-headline\"><h2>Cloud Engineer (m\/w\/d)<\/h2><\/div><div class=\"job-content\"><span class=\"job-line company\">proLogistik GmbH<\/span><span class=\"job-line location\">Dortmund<\/span><span class=\"job-line department\">IT Operations<\/span><span class=\"job-line category\">Professionals<\/span><\/div><div class=\"job-action\"><div class=\"wp-block-buttons is-layout-flex\"><div class=\"wp-block-button is-style-outline\"><div class=\"wp-block-button__link has-color-green-color has-text-color wp-element-button\">  Vers l'offre<\/div><\/div><\/div><\/div><\/a><a class=\"job-item \" data-atts=\"prologistik-gmbh dortmund finance-wms-de\" href=\"https:\/\/prologistik-group.jobs.personio.de\/job\/2521004?display=fr\" target=\"_blank\" alt=\"Job Details\"><div class=\"job-headline\"><h2>Initiativbewerbung Finance \/ Controlling \/ Accounting (m\/w\/d)<\/h2><\/div><div class=\"job-content\"><span class=\"job-line company\">proLogistik GmbH<\/span><span class=\"job-line location\">Dortmund<\/span><span class=\"job-line department\">Finance WMS DE<\/span><\/div><div class=\"job-action\"><div class=\"wp-block-buttons is-layout-flex\"><div class=\"wp-block-button is-style-outline\"><div class=\"wp-block-button__link has-color-green-color has-text-color wp-element-button\">  Vers l'offre<\/div><\/div><\/div><\/div><\/a><a class=\"job-item \" data-atts=\"prologistik-gmbh dortmund it-operations\" href=\"https:\/\/prologistik-group.jobs.personio.de\/job\/2518244?display=fr\" target=\"_blank\" alt=\"Job Details\"><div class=\"job-headline\"><h2>Initiativbewerbung IT \/ Infrastructure \/ Operations & Support (m\/w\/d)<\/h2><\/div><div class=\"job-content\"><span class=\"job-line company\">proLogistik GmbH<\/span><span class=\"job-line location\">Dortmund<\/span><span class=\"job-line department\">IT Operations<\/span><\/div><div class=\"job-action\"><div class=\"wp-block-buttons is-layout-flex\"><div class=\"wp-block-button is-style-outline\"><div class=\"wp-block-button__link has-color-green-color has-text-color wp-element-button\">  Vers l'offre<\/div><\/div><\/div><\/div><\/a><a class=\"job-item \" data-atts=\"prologistik-gmbh dortmund projects-consulting-wms-de\" href=\"https:\/\/prologistik-group.jobs.personio.de\/job\/2518113?display=fr\" target=\"_blank\" alt=\"Job Details\"><div class=\"job-headline\"><h2>Initiativbewerbung Project & Consulting (m\/w\/d)<\/h2><\/div><div class=\"job-content\"><span class=\"job-line company\">proLogistik GmbH<\/span><span class=\"job-line location\">Dortmund<\/span><span class=\"job-line department\">Projects & Consulting WMS DE<\/span><\/div><div class=\"job-action\"><div class=\"wp-block-buttons is-layout-flex\"><div class=\"wp-block-button is-style-outline\"><div class=\"wp-block-button__link has-color-green-color has-text-color wp-element-button\">  Vers l'offre<\/div><\/div><\/div><\/div><\/a><a class=\"job-item \" data-atts=\"prologistik-gmbh dortmund sales\" href=\"https:\/\/prologistik-group.jobs.personio.de\/job\/2518131?display=fr\" target=\"_blank\" alt=\"Job Details\"><div class=\"job-headline\"><h2>Initiativbewerbung Sales (m\/w\/d)<\/h2><\/div><div class=\"job-content\"><span class=\"job-line company\">proLogistik GmbH<\/span><span class=\"job-line location\">Dortmund<\/span><span class=\"job-line department\">Sales<\/span><\/div><div class=\"job-action\"><div class=\"wp-block-buttons is-layout-flex\"><div class=\"wp-block-button is-style-outline\"><div class=\"wp-block-button__link has-color-green-color has-text-color wp-element-button\">  Vers l'offre<\/div><\/div><\/div><\/div><\/a><a class=\"job-item \" data-atts=\"prologistik-gmbh dortmund software-development-wms-de\" href=\"https:\/\/prologistik-group.jobs.personio.de\/job\/2516954?display=fr\" target=\"_blank\" alt=\"Job Details\"><div class=\"job-headline\"><h2>Initiativbewerbung Softwareentwicklung (m\/w\/d)<\/h2><\/div><div class=\"job-content\"><span class=\"job-line company\">proLogistik GmbH<\/span><span class=\"job-line location\">Dortmund<\/span><span class=\"job-line department\">Software Development WMS DE<\/span><\/div><div class=\"job-action\"><div class=\"wp-block-buttons is-layout-flex\"><div class=\"wp-block-button is-style-outline\"><div class=\"wp-block-button__link has-color-green-color has-text-color wp-element-button\">  Vers l'offre<\/div><\/div><\/div><\/div><\/a><a class=\"job-item \" data-atts=\"prologistik-gmbh dortmund finance-wms-de professionals\" href=\"https:\/\/prologistik-group.jobs.personio.de\/job\/2458307?display=fr\" target=\"_blank\" alt=\"Job Details\"><div class=\"job-headline\"><h2>Kaufm\u00e4nnischer Mitarbeiter Finance (m\/w\/d)<\/h2><\/div><div class=\"job-content\"><span class=\"job-line company\">proLogistik GmbH<\/span><span class=\"job-line location\">Dortmund<\/span><span class=\"job-line department\">Finance WMS DE<\/span><span class=\"job-line category\">Professionals<\/span><\/div><div class=\"job-action\"><div class=\"wp-block-buttons is-layout-flex\"><div class=\"wp-block-button is-style-outline\"><div class=\"wp-block-button__link has-color-green-color has-text-color wp-element-button\">  Vers l'offre<\/div><\/div><\/div><\/div><\/a><a class=\"job-item \" data-atts=\"pl-transportation-gmbh-dortmund dortmund professional-service-tms-de professionals\" href=\"https:\/\/prologistik-group.jobs.personio.de\/job\/2183791?display=fr\" target=\"_blank\" alt=\"Job Details\"><div class=\"job-headline\"><h2>Logistics Consultant Transportation Management System (m\/w\/d)<\/h2><\/div><div class=\"job-content\"><span class=\"job-line company\">pL Transportation GmbH (Dortmund)<\/span><span class=\"job-line location\">Dortmund<\/span><span class=\"job-line department\">Professional Service TMS DE<\/span><span class=\"job-line category\">Professionals<\/span><\/div><div class=\"job-action\"><div class=\"wp-block-buttons is-layout-flex\"><div class=\"wp-block-button is-style-outline\"><div class=\"wp-block-button__link has-color-green-color has-text-color wp-element-button\">  Vers l'offre<\/div><\/div><\/div><\/div><\/a><a class=\"job-item \" data-atts=\"pl-transportation-gmbh-ais ulm sales-tms-customer-success professionals\" href=\"https:\/\/prologistik-group.jobs.personio.de\/job\/2076740?display=fr\" target=\"_blank\" alt=\"Job Details\"><div class=\"job-headline\"><h2>Mitarbeiter Vertriebsinnendienst \u2013 Inside Sales (m\/w\/d)<\/h2><\/div><div class=\"job-content\"><span class=\"job-line company\">pL Transportation GmbH (AIS)<\/span><span class=\"job-line location\">Ulm<\/span><span class=\"job-line department\">Sales TMS & Customer Success<\/span><span class=\"job-line category\">Professionals<\/span><\/div><div class=\"job-action\"><div class=\"wp-block-buttons is-layout-flex\"><div class=\"wp-block-button is-style-outline\"><div class=\"wp-block-button__link has-color-green-color has-text-color wp-element-button\">  Vers l'offre<\/div><\/div><\/div><\/div><\/a><a class=\"job-item \" data-atts=\"pl-transportation-gmbh-dortmund dortmund professional-service-tms-de professionals\" href=\"https:\/\/prologistik-group.jobs.personio.de\/job\/2553299?display=fr\" target=\"_blank\" alt=\"Job Details\"><div class=\"job-headline\"><h2>Project Manager Transport Management System (m\/w\/d)<\/h2><\/div><div class=\"job-content\"><span class=\"job-line company\">pL Transportation GmbH (Dortmund)<\/span><span class=\"job-line location\">Dortmund<\/span><span class=\"job-line department\">Professional Service TMS DE<\/span><span class=\"job-line category\">Professionals<\/span><\/div><div class=\"job-action\"><div class=\"wp-block-buttons is-layout-flex\"><div class=\"wp-block-button is-style-outline\"><div class=\"wp-block-button__link has-color-green-color has-text-color wp-element-button\">  Vers l'offre<\/div><\/div><\/div><\/div><\/a><a class=\"job-item \" data-atts=\"prologistik-schweiz-ag zurich sales professionals\" href=\"https:\/\/prologistik-group.jobs.personio.de\/job\/1445496?display=fr\" target=\"_blank\" alt=\"Job Details\"><div class=\"job-headline\"><h2>Sales Manager (m\/w\/d)<\/h2><\/div><div class=\"job-content\"><span class=\"job-line company\">proLogistik Schweiz AG<\/span><span class=\"job-line location\">Z\u00fcrich<\/span><span class=\"job-line department\">Sales<\/span><span class=\"job-line category\">Professionals<\/span><\/div><div class=\"job-action\"><div class=\"wp-block-buttons is-layout-flex\"><div class=\"wp-block-button is-style-outline\"><div class=\"wp-block-button__link has-color-green-color has-text-color wp-element-button\">  Vers l'offre<\/div><\/div><\/div><\/div><\/a><a class=\"job-item \" data-atts=\"prologistik-gmbh dortmund group-controlling-controlling-wms-de professionals\" href=\"https:\/\/prologistik-group.jobs.personio.de\/job\/2554381?display=fr\" target=\"_blank\" alt=\"Job Details\"><div class=\"job-headline\"><h2>Senior Controller (m\/w\/d)<\/h2><\/div><div class=\"job-content\"><span class=\"job-line company\">proLogistik GmbH<\/span><span class=\"job-line location\">Dortmund<\/span><span class=\"job-line department\">(Group) Controlling\/ Controlling WMS DE<\/span><span class=\"job-line category\">Professionals<\/span><\/div><div class=\"job-action\"><div class=\"wp-block-buttons is-layout-flex\"><div class=\"wp-block-button is-style-outline\"><div class=\"wp-block-button__link has-color-green-color has-text-color wp-element-button\">  Vers l'offre<\/div><\/div><\/div><\/div><\/a><a class=\"job-item \" data-atts=\"ibb-adaptive-solution-gmbh wien software-development-at professionals\" href=\"https:\/\/prologistik-group.jobs.personio.de\/job\/1417558?display=fr\" target=\"_blank\" alt=\"Job Details\"><div class=\"job-headline\"><h2>Senior Full Stack Entwickler Business Software (m\/w\/d)<\/h2><\/div><div class=\"job-content\"><span class=\"job-line company\">IBB Adaptive Solution GmbH<\/span><span class=\"job-line location\">Wien<\/span><span class=\"job-line department\">Software Development AT<\/span><span class=\"job-line category\">Professionals<\/span><\/div><div class=\"job-action\"><div class=\"wp-block-buttons is-layout-flex\"><div class=\"wp-block-button is-style-outline\"><div class=\"wp-block-button__link has-color-green-color has-text-color wp-element-button\">  Vers l'offre<\/div><\/div><\/div><\/div><\/a><a class=\"job-item \" data-atts=\"prologistik-gmbh 100-remote it-operations professionals\" href=\"https:\/\/prologistik-group.jobs.personio.de\/job\/1986185?display=fr\" target=\"_blank\" alt=\"Job Details\"><div class=\"job-headline\"><h2>Solution Architect Cloud in der Intralogistik (m\/w\/d)<\/h2><\/div><div class=\"job-content\"><span class=\"job-line company\">proLogistik GmbH<\/span><span class=\"job-line location\">100% remote<\/span><span class=\"job-line department\">IT Operations<\/span><span class=\"job-line category\">Professionals<\/span><\/div><div class=\"job-action\"><div class=\"wp-block-buttons is-layout-flex\"><div class=\"wp-block-button is-style-outline\"><div class=\"wp-block-button__link has-color-green-color has-text-color wp-element-button\">  Vers l'offre<\/div><\/div><\/div><\/div><\/a><\/div>\n\n<\/div>\n<\/section>\n\n<section class=\"gb-container gb-container-16359f65\">\n<div class=\"gb-container gb-container-5a05c8f5\">\n\n<div class=\"wp-block-pixel-headline headlines is-subheadline-top has-text-align-left\"><h2 class=\"headline\" style=\"color:\">Nos avantages<\/h2><span class=\"subheadline\" style=\"color:var(--color-blue)\">Autres avantages au sein de proLogistik Group<\/span><\/div>\n\n\n<div class=\"gb-grid-wrapper gb-grid-wrapper-2d5ceaf9\">\n<div class=\"gb-grid-column gb-grid-column-c4809730\"><div class=\"gb-container gb-container-c4809730\">\n        \n            <!-- numberbox -->\n        \n                    \n            <div id=\"numberbox-block_1887de4cfe2cd42e523751f5c365aa1e\" class=\"numberbox is-style-colored \" data-aos=\"numcount\" data-aos-id=\"gocount\">\n        \n                \n                \n                    <div class=\"numberbox-media\">\n\t\t\t\t\t\t<div class=\"numberbox-icon\" style=\"mask-image: url(https:\/\/www.prologistik.com\/wp-content\/uploads\/icon-benefits-kultur.svg); -webkit-mask-image: url(https:\/\/www.prologistik.com\/wp-content\/uploads\/icon-benefits-kultur.svg);\"><\/div>\n                    <\/div>\n\n                \n                <div class=\"numberbox-content\">        \n\n\t\t\t\t\t<div class=\"numberbox-inner\">\n\n\t\t\t\t\t\t\t\t\t\t\t<span class=\"numberbox-headline headline is-h4\"><span class=\"numberbox-prefix\"><\/span>\u00c9v\u00e9nements d&#039;\u00e9quipe et d&#039;entreprise<span class=\"numberbox-prefix\"><\/span><\/span>\n\t\t\t\t\t\n\n\t\t\t\t\t\t<span class=\"numberbox-subheadline\"><\/span>\n\t\t\t\t\t\t\t\t\t\t\t\t\n\t\t\t\t\t\t\n\t\t\t\t\t\t\n\t\t\t\t\t<\/div>\n\n\n                <\/div>\n\n                        \n            <\/div>\n        \n                    \n            <!-- end:numberbox -->\n        \n            \n<\/div><\/div>\n\n<div class=\"gb-grid-column gb-grid-column-02928ba2\"><div class=\"gb-container gb-container-02928ba2\">\n        \n            <!-- numberbox -->\n        \n                    \n            <div id=\"numberbox-block_00708e57f75b7c348e0eedfc39ea2f75\" class=\"numberbox is-style-colored \" data-aos=\"numcount\" data-aos-id=\"gocount\">\n        \n                \n                \n                    <div class=\"numberbox-media\">\n\t\t\t\t\t\t<div class=\"numberbox-icon\" style=\"mask-image: url(https:\/\/www.prologistik.com\/wp-content\/uploads\/icon-benefits-klima-1.svg); -webkit-mask-image: url(https:\/\/www.prologistik.com\/wp-content\/uploads\/icon-benefits-klima-1.svg);\"><\/div>\n                    <\/div>\n\n                \n                <div class=\"numberbox-content\">        \n\n\t\t\t\t\t<div class=\"numberbox-inner\">\n\n\t\t\t\t\t\t\t\t\t\t\t<span class=\"numberbox-headline headline is-h4\"><span class=\"numberbox-prefix\"><\/span>Culture du tutoiement d\u00e9contract\u00e9e dans un environnement de travail moderne<span class=\"numberbox-prefix\"><\/span><\/span>\n\t\t\t\t\t\n\n\t\t\t\t\t\t<span class=\"numberbox-subheadline\"><\/span>\n\t\t\t\t\t\t\t\t\t\t\t\t\n\t\t\t\t\t\t\n\t\t\t\t\t\t\n\t\t\t\t\t<\/div>\n\n\n                <\/div>\n\n                        \n            <\/div>\n        \n                    \n            <!-- end:numberbox -->\n        \n            \n<\/div><\/div>\n\n<div class=\"gb-grid-column gb-grid-column-cd06d55b\"><div class=\"gb-container gb-container-cd06d55b\">\n        \n            <!-- numberbox -->\n        \n                    \n            <div id=\"numberbox-block_86738b0b2107f6f66be12fc0fb023773\" class=\"numberbox is-style-colored \" data-aos=\"numcount\" data-aos-id=\"gocount\">\n        \n                \n                \n                    <div class=\"numberbox-media\">\n\t\t\t\t\t\t<div class=\"numberbox-icon\" style=\"mask-image: url(https:\/\/www.prologistik.com\/wp-content\/uploads\/icon-benefits-leistungen.svg); -webkit-mask-image: url(https:\/\/www.prologistik.com\/wp-content\/uploads\/icon-benefits-leistungen.svg);\"><\/div>\n                    <\/div>\n\n                \n                <div class=\"numberbox-content\">        \n\n\t\t\t\t\t<div class=\"numberbox-inner\">\n\n\t\t\t\t\t\t\t\t\t\t\t<span class=\"numberbox-headline headline is-h4\"><span class=\"numberbox-prefix\"><\/span>Prestations de formation du patrimoine<span class=\"numberbox-prefix\"><\/span><\/span>\n\t\t\t\t\t\n\n\t\t\t\t\t\t<span class=\"numberbox-subheadline\"><\/span>\n\t\t\t\t\t\t\t\t\t\t\t\t\n\t\t\t\t\t\t\n\t\t\t\t\t\t\n\t\t\t\t\t<\/div>\n\n\n                <\/div>\n\n                        \n            <\/div>\n        \n                    \n            <!-- end:numberbox -->\n        \n            \n<\/div><\/div>\n\n<div class=\"gb-grid-column gb-grid-column-e132908a\"><div class=\"gb-container gb-container-e132908a\">\n        \n            <!-- numberbox -->\n        \n                    \n            <div id=\"numberbox-block_15606a73deccff1770debc8468578bb1\" class=\"numberbox is-style-colored \" data-aos=\"numcount\" data-aos-id=\"gocount\">\n        \n                \n                \n                    <div class=\"numberbox-media\">\n\t\t\t\t\t\t<div class=\"numberbox-icon\" style=\"mask-image: url(https:\/\/www.prologistik.com\/wp-content\/uploads\/icon-benefits-altersvorsorge.svg); -webkit-mask-image: url(https:\/\/www.prologistik.com\/wp-content\/uploads\/icon-benefits-altersvorsorge.svg);\"><\/div>\n                    <\/div>\n\n                \n                <div class=\"numberbox-content\">        \n\n\t\t\t\t\t<div class=\"numberbox-inner\">\n\n\t\t\t\t\t\t\t\t\t\t\t<span class=\"numberbox-headline headline is-h4\"><span class=\"numberbox-prefix\"><\/span>Pr\u00e9voyance vieillesse d&#039;entreprise<span class=\"numberbox-prefix\"><\/span><\/span>\n\t\t\t\t\t\n\n\t\t\t\t\t\t<span class=\"numberbox-subheadline\"><\/span>\n\t\t\t\t\t\t\t\t\t\t\t\t\n\t\t\t\t\t\t\n\t\t\t\t\t\t\n\t\t\t\t\t<\/div>\n\n\n                <\/div>\n\n                        \n            <\/div>\n        \n                    \n            <!-- end:numberbox -->\n        \n            \n<\/div><\/div>\n\n<div class=\"gb-grid-column gb-grid-column-1dab207b\"><div class=\"gb-container gb-container-1dab207b\">\n        \n            <!-- numberbox -->\n        \n                    \n            <div id=\"numberbox-block_f01c29db92a6efaa3dc9268cc5e77b0c\" class=\"numberbox is-style-colored bg-transparent\" data-aos=\"numcount\" data-aos-id=\"gocount\">\n        \n                \n                \n                    <div class=\"numberbox-media\">\n\t\t\t\t\t\t<div class=\"numberbox-icon\" style=\"mask-image: url(https:\/\/www.prologistik.com\/wp-content\/uploads\/icon-benefits-gesundheit.svg); -webkit-mask-image: url(https:\/\/www.prologistik.com\/wp-content\/uploads\/icon-benefits-gesundheit.svg);\"><\/div>\n                    <\/div>\n\n                \n                <div class=\"numberbox-content\">        \n\n\t\t\t\t\t<div class=\"numberbox-inner\">\n\n\t\t\t\t\t\t\t\t\t\t\t<span class=\"numberbox-headline headline is-h4\"><span class=\"numberbox-prefix\"><\/span>Mutuelle<span class=\"numberbox-prefix\"><\/span><\/span>\n\t\t\t\t\t\n\n\t\t\t\t\t\t<span class=\"numberbox-subheadline\"><\/span>\n\t\t\t\t\t\t\t\t\t\t\t\t\n\t\t\t\t\t\t\n\t\t\t\t\t\t\n\t\t\t\t\t<\/div>\n\n\n                <\/div>\n\n                        \n            <\/div>\n        \n                    \n            <!-- end:numberbox -->\n        \n            \n<\/div><\/div>\n\n<div class=\"gb-grid-column gb-grid-column-7bc99e97\"><div class=\"gb-container gb-container-7bc99e97\">\n        \n            <!-- numberbox -->\n        \n                    \n            <div id=\"numberbox-block_e7ddc7f28e623398f68575ca3a97e665\" class=\"numberbox is-style-colored \" data-aos=\"numcount\" data-aos-id=\"gocount\">\n        \n                \n                \n                    <div class=\"numberbox-media\">\n\t\t\t\t\t\t<div class=\"numberbox-icon\" style=\"mask-image: url(https:\/\/www.prologistik.com\/wp-content\/uploads\/icon-benefits-flexibel.svg); -webkit-mask-image: url(https:\/\/www.prologistik.com\/wp-content\/uploads\/icon-benefits-flexibel.svg);\"><\/div>\n                    <\/div>\n\n                \n                <div class=\"numberbox-content\">        \n\n\t\t\t\t\t<div class=\"numberbox-inner\">\n\n\t\t\t\t\t\t\t\t\t\t\t<span class=\"numberbox-headline headline is-h4\"><span class=\"numberbox-prefix\"><\/span>Mod\u00e8les de travail flexibles<span class=\"numberbox-prefix\"><\/span><\/span>\n\t\t\t\t\t\n\n\t\t\t\t\t\t<span class=\"numberbox-subheadline\"><\/span>\n\t\t\t\t\t\t\t\t\t\t\t\t\n\t\t\t\t\t\t\n\t\t\t\t\t\t\n\t\t\t\t\t<\/div>\n\n\n                <\/div>\n\n                        \n            <\/div>\n        \n                    \n            <!-- end:numberbox -->\n        \n            \n<\/div><\/div>\n\n<div class=\"gb-grid-column gb-grid-column-8380bb49\"><div class=\"gb-container gb-container-8380bb49\">\n        \n            <!-- numberbox -->\n        \n                    \n            <div id=\"numberbox-block_83a5c69171e2502abaf1512374749f64\" class=\"numberbox is-style-colored \" data-aos=\"numcount\" data-aos-id=\"gocount\">\n        \n                \n                \n                    <div class=\"numberbox-media\">\n\t\t\t\t\t\t<div class=\"numberbox-icon\" style=\"mask-image: url(https:\/\/www.prologistik.com\/wp-content\/uploads\/icon-benefits-weiterbildung.svg); -webkit-mask-image: url(https:\/\/www.prologistik.com\/wp-content\/uploads\/icon-benefits-weiterbildung.svg);\"><\/div>\n                    <\/div>\n\n                \n                <div class=\"numberbox-content\">        \n\n\t\t\t\t\t<div class=\"numberbox-inner\">\n\n\t\t\t\t\t\t\t\t\t\t\t<span class=\"numberbox-headline headline is-h4\"><span class=\"numberbox-prefix\"><\/span>Avantages sociaux de l&#039;entreprise<span class=\"numberbox-prefix\"><\/span><\/span>\n\t\t\t\t\t\n\n\t\t\t\t\t\t<span class=\"numberbox-subheadline\"><\/span>\n\t\t\t\t\t\t\t\t\t\t\t\t\n\t\t\t\t\t\t\n\t\t\t\t\t\t\n\t\t\t\t\t<\/div>\n\n\n                <\/div>\n\n                        \n            <\/div>\n        \n                    \n            <!-- end:numberbox -->\n        \n            \n<\/div><\/div>\n\n<div class=\"gb-grid-column gb-grid-column-f7125757\"><div class=\"gb-container gb-container-f7125757\">\n        \n            <!-- numberbox -->\n        \n                    \n            <div id=\"numberbox-block_ad7a7c58194f8f954e3a2bf7f87befec\" class=\"numberbox is-style-colored bg-transparent\" data-aos=\"numcount\" data-aos-id=\"gocount\">\n        \n                \n                \n                    <div class=\"numberbox-media\">\n\t\t\t\t\t\t<div class=\"numberbox-icon\" style=\"mask-image: url(https:\/\/www.prologistik.com\/wp-content\/uploads\/icon-benefits-events.svg); -webkit-mask-image: url(https:\/\/www.prologistik.com\/wp-content\/uploads\/icon-benefits-events.svg);\"><\/div>\n                    <\/div>\n\n                \n                <div class=\"numberbox-content\">        \n\n\t\t\t\t\t<div class=\"numberbox-inner\">\n\n\t\t\t\t\t\t\t\t\t\t\t<span class=\"numberbox-headline headline is-h4\"><span class=\"numberbox-prefix\"><\/span>Avantages en nature exon\u00e9r\u00e9s d&#039;imp\u00f4t<span class=\"numberbox-prefix\"><\/span><\/span>\n\t\t\t\t\t\n\n\t\t\t\t\t\t<span class=\"numberbox-subheadline\"><\/span>\n\t\t\t\t\t\t\t\t\t\t\t\t\n\t\t\t\t\t\t\n\t\t\t\t\t\t\n\t\t\t\t\t<\/div>\n\n\n                <\/div>\n\n                        \n            <\/div>\n        \n                    \n            <!-- end:numberbox -->\n        \n            \n<\/div><\/div>\n\n<div class=\"gb-grid-column gb-grid-column-f86af7b8\"><div class=\"gb-container gb-container-f86af7b8\">\n        \n            <!-- numberbox -->\n        \n                    \n            <div id=\"numberbox-block_b6ed5a9330ecaba2341a093886b1742d\" class=\"numberbox is-style-colored \" data-aos=\"numcount\" data-aos-id=\"gocount\">\n        \n                \n                \n                    <div class=\"numberbox-media\">\n\t\t\t\t\t\t<div class=\"numberbox-icon\" style=\"mask-image: url(https:\/\/www.prologistik.com\/wp-content\/uploads\/icon-benefits-konzept.svg); -webkit-mask-image: url(https:\/\/www.prologistik.com\/wp-content\/uploads\/icon-benefits-konzept.svg);\"><\/div>\n                    <\/div>\n\n                \n                <div class=\"numberbox-content\">        \n\n\t\t\t\t\t<div class=\"numberbox-inner\">\n\n\t\t\t\t\t\t\t\t\t\t\t<span class=\"numberbox-headline headline is-h4\"><span class=\"numberbox-prefix\"><\/span>Formation continue (interne &amp; externe)<span class=\"numberbox-prefix\"><\/span><\/span>\n\t\t\t\t\t\n\n\t\t\t\t\t\t<span class=\"numberbox-subheadline\"><\/span>\n\t\t\t\t\t\t\t\t\t\t\t\t\n\t\t\t\t\t\t\n\t\t\t\t\t\t\n\t\t\t\t\t<\/div>\n\n\n                <\/div>\n\n                        \n            <\/div>\n        \n                    \n            <!-- end:numberbox -->\n        \n            \n<\/div><\/div>\n\n<div class=\"gb-grid-column gb-grid-column-4d7068c5\"><div class=\"gb-container gb-container-4d7068c5\">\n        \n            <!-- numberbox -->\n        \n                    \n            <div id=\"numberbox-block_1cf4419edc7ff5fd099e30b8d4468b0f\" class=\"numberbox is-style-colored \" data-aos=\"numcount\" data-aos-id=\"gocount\">\n        \n                \n                \n                    <div class=\"numberbox-media\">\n\t\t\t\t\t\t<div class=\"numberbox-icon\" style=\"mask-image: url(https:\/\/www.prologistik.com\/wp-content\/uploads\/icon-benefits-verpflegung.svg); -webkit-mask-image: url(https:\/\/www.prologistik.com\/wp-content\/uploads\/icon-benefits-verpflegung.svg);\"><\/div>\n                    <\/div>\n\n                \n                <div class=\"numberbox-content\">        \n\n\t\t\t\t\t<div class=\"numberbox-inner\">\n\n\t\t\t\t\t\t\t\t\t\t\t<span class=\"numberbox-headline headline is-h4\"><span class=\"numberbox-prefix\"><\/span>Fruits &amp; boissons gratuits<span class=\"numberbox-prefix\"><\/span><\/span>\n\t\t\t\t\t\n\n\t\t\t\t\t\t<span class=\"numberbox-subheadline\"><\/span>\n\t\t\t\t\t\t\t\t\t\t\t\t\n\t\t\t\t\t\t\n\t\t\t\t\t\t\n\t\t\t\t\t<\/div>\n\n\n                <\/div>\n\n                        \n            <\/div>\n        \n                    \n            <!-- end:numberbox -->\n        \n            \n<\/div><\/div>\n\n<div class=\"gb-grid-column gb-grid-column-03d38613\"><div class=\"gb-container gb-container-03d38613\">\n        \n            <!-- numberbox -->\n        \n                    \n            <div id=\"numberbox-block_edc585693df0951f074a057681d274c2\" class=\"numberbox is-style-colored \" data-aos=\"numcount\" data-aos-id=\"gocount\">\n        \n                \n                \n                    <div class=\"numberbox-media\">\n\t\t\t\t\t\t<div class=\"numberbox-icon\" style=\"mask-image: url(https:\/\/www.prologistik.com\/wp-content\/uploads\/icon-benefits-handy.svg); -webkit-mask-image: url(https:\/\/www.prologistik.com\/wp-content\/uploads\/icon-benefits-handy.svg);\"><\/div>\n                    <\/div>\n\n                \n                <div class=\"numberbox-content\">        \n\n\t\t\t\t\t<div class=\"numberbox-inner\">\n\n\t\t\t\t\t\t\t\t\t\t\t<span class=\"numberbox-headline headline is-h4\"><span class=\"numberbox-prefix\"><\/span>T\u00e9l\u00e9phone portable d&#039;entreprise (en option)<span class=\"numberbox-prefix\"><\/span><\/span>\n\t\t\t\t\t\n\n\t\t\t\t\t\t<span class=\"numberbox-subheadline\"><\/span>\n\t\t\t\t\t\t\t\t\t\t\t\t\n\t\t\t\t\t\t\n\t\t\t\t\t\t\n\t\t\t\t\t<\/div>\n\n\n                <\/div>\n\n                        \n            <\/div>\n        \n                    \n            <!-- end:numberbox -->\n        \n            \n<\/div><\/div>\n\n<div class=\"gb-grid-column gb-grid-column-13e3eb34\"><div class=\"gb-container gb-container-13e3eb34\">\n        \n            <!-- numberbox -->\n        \n                    \n            <div id=\"numberbox-block_31a5e3d16ab5a2e45005e6c2d4ede4c8\" class=\"numberbox is-style-colored bg-transparent\" data-aos=\"numcount\" data-aos-id=\"gocount\">\n        \n                \n                \n                    <div class=\"numberbox-media\">\n\t\t\t\t\t\t<div class=\"numberbox-icon\" style=\"mask-image: url(https:\/\/www.prologistik.com\/wp-content\/uploads\/icon-benefits-homeoffice.svg); -webkit-mask-image: url(https:\/\/www.prologistik.com\/wp-content\/uploads\/icon-benefits-homeoffice.svg);\"><\/div>\n                    <\/div>\n\n                \n                <div class=\"numberbox-content\">        \n\n\t\t\t\t\t<div class=\"numberbox-inner\">\n\n\t\t\t\t\t\t\t\t\t\t\t<span class=\"numberbox-headline headline is-h4\"><span class=\"numberbox-prefix\"><\/span>T\u00e9l\u00e9travail<span class=\"numberbox-prefix\"><\/span><\/span>\n\t\t\t\t\t\n\n\t\t\t\t\t\t<span class=\"numberbox-subheadline\"><\/span>\n\t\t\t\t\t\t\t\t\t\t\t\t\n\t\t\t\t\t\t\n\t\t\t\t\t\t\n\t\t\t\t\t<\/div>\n\n\n                <\/div>\n\n                        \n            <\/div>\n        \n                    \n            <!-- end:numberbox -->\n        \n            \n<\/div><\/div>\n<\/div>\n<\/div>\n<\/section>","protected":false},"excerpt":{"rendered":"","protected":false},"author":1,"featured_media":0,"parent":30371,"menu_order":2,"comment_status":"closed","ping_status":"closed","template":"","meta":{"_acf_changed":false,"footnotes":""},"class_list":["post-34567","page","type-page","status-publish"],"acf":[],"yoast_head":"<!-- This site is optimized with the Yoast SEO Premium plugin v26.9 (Yoast SEO v27.5) - https:\/\/yoast.com\/product\/yoast-seo-premium-wordpress\/ -->\n<title>\ud83d\udcbc Carri\u00e8res chez proLogistik \u2013 Nos Offres d\u2019Emploi<\/title>\n<meta name=\"description\" content=\"D\u00e9couvrez les opportunit\u00e9s de carri\u00e8re chez proLogistik \u2705 Rejoignez une \u00e9quipe innovante &amp; contribuez \u00e0 fa\u00e7onner l\u2019avenir de la logistique.\" \/>\n<meta name=\"robots\" content=\"index, follow, max-snippet:-1, max-image-preview:large, max-video-preview:-1\" \/>\n<link rel=\"canonical\" href=\"https:\/\/www.prologistik.com\/fr\/carriere\/offres-demploi\/\" \/>\n<meta property=\"og:locale\" content=\"fr_FR\" \/>\n<meta property=\"og:type\" content=\"article\" \/>\n<meta property=\"og:title\" content=\"Offres d&#039;emploi\" \/>\n<meta property=\"og:description\" content=\"D\u00e9couvrez les opportunit\u00e9s de carri\u00e8re chez proLogistik \u2705 Rejoignez une \u00e9quipe innovante &amp; contribuez \u00e0 fa\u00e7onner l\u2019avenir de la logistique.\" \/>\n<meta property=\"og:url\" content=\"https:\/\/www.prologistik.com\/fr\/carriere\/offres-demploi\/\" \/>\n<meta property=\"og:site_name\" content=\"proLogistik Group\" \/>\n<meta property=\"article:modified_time\" content=\"2025-09-24T08:10:21+00:00\" \/>\n<meta name=\"twitter:card\" content=\"summary_large_image\" \/>\n<script type=\"application\/ld+json\" class=\"yoast-schema-graph\">{\"@context\":\"https:\\\/\\\/schema.org\",\"@graph\":[{\"@type\":\"WebPage\",\"@id\":\"https:\\\/\\\/www.prologistik.com\\\/fr\\\/carriere\\\/offres-demploi\\\/\",\"url\":\"https:\\\/\\\/www.prologistik.com\\\/fr\\\/carriere\\\/offres-demploi\\\/\",\"name\":\"\ud83d\udcbc Carri\u00e8res chez proLogistik \u2013 Nos Offres d\u2019Emploi\",\"isPartOf\":{\"@id\":\"https:\\\/\\\/www.prologistik.com\\\/fr\\\/#website\"},\"datePublished\":\"2023-11-08T16:32:24+00:00\",\"dateModified\":\"2025-09-24T08:10:21+00:00\",\"description\":\"D\u00e9couvrez les opportunit\u00e9s de carri\u00e8re chez proLogistik \u2705 Rejoignez une \u00e9quipe innovante & contribuez \u00e0 fa\u00e7onner l\u2019avenir de la logistique.\",\"breadcrumb\":{\"@id\":\"https:\\\/\\\/www.prologistik.com\\\/fr\\\/carriere\\\/offres-demploi\\\/#breadcrumb\"},\"inLanguage\":\"fr-FR\",\"potentialAction\":[{\"@type\":\"ReadAction\",\"target\":[\"https:\\\/\\\/www.prologistik.com\\\/fr\\\/carriere\\\/offres-demploi\\\/\"]}]},{\"@type\":\"BreadcrumbList\",\"@id\":\"https:\\\/\\\/www.prologistik.com\\\/fr\\\/carriere\\\/offres-demploi\\\/#breadcrumb\",\"itemListElement\":[{\"@type\":\"ListItem\",\"position\":1,\"name\":\"Startseite\",\"item\":\"https:\\\/\\\/www.prologistik.com\\\/fr\\\/\"},{\"@type\":\"ListItem\",\"position\":2,\"name\":\"Carri\u00e8re\",\"item\":\"https:\\\/\\\/www.prologistik.com\\\/fr\\\/carriere\\\/\"},{\"@type\":\"ListItem\",\"position\":3,\"name\":\"Offres d&#8217;emploi\"}]},{\"@type\":\"WebSite\",\"@id\":\"https:\\\/\\\/www.prologistik.com\\\/fr\\\/#website\",\"url\":\"https:\\\/\\\/www.prologistik.com\\\/fr\\\/\",\"name\":\"proLogistik Group\",\"description\":\"Software und Hardware f\u00fcr die Intralogistik\",\"publisher\":{\"@id\":\"https:\\\/\\\/www.prologistik.com\\\/fr\\\/#organization\"},\"potentialAction\":[{\"@type\":\"SearchAction\",\"target\":{\"@type\":\"EntryPoint\",\"urlTemplate\":\"https:\\\/\\\/www.prologistik.com\\\/fr\\\/?s={search_term_string}\"},\"query-input\":{\"@type\":\"PropertyValueSpecification\",\"valueRequired\":true,\"valueName\":\"search_term_string\"}}],\"inLanguage\":\"fr-FR\"},{\"@type\":\"Organization\",\"@id\":\"https:\\\/\\\/www.prologistik.com\\\/fr\\\/#organization\",\"name\":\"proLogistik Group\",\"url\":\"https:\\\/\\\/www.prologistik.com\\\/fr\\\/\",\"logo\":{\"@type\":\"ImageObject\",\"inLanguage\":\"fr-FR\",\"@id\":\"https:\\\/\\\/www.prologistik.com\\\/fr\\\/#\\\/schema\\\/logo\\\/image\\\/\",\"url\":\"https:\\\/\\\/www.prologistik.com\\\/wp-content\\\/uploads\\\/prologistik-logo-web.svg\",\"contentUrl\":\"https:\\\/\\\/www.prologistik.com\\\/wp-content\\\/uploads\\\/prologistik-logo-web.svg\",\"width\":320,\"height\":59,\"caption\":\"proLogistik Group\"},\"image\":{\"@id\":\"https:\\\/\\\/www.prologistik.com\\\/fr\\\/#\\\/schema\\\/logo\\\/image\\\/\"}}]}<\/script>\n<!-- \/ Yoast SEO Premium plugin. -->","yoast_head_json":{"title":"\ud83d\udcbc Carri\u00e8res chez proLogistik \u2013 Nos Offres d\u2019Emploi","description":"D\u00e9couvrez les opportunit\u00e9s de carri\u00e8re chez proLogistik \u2705 Rejoignez une \u00e9quipe innovante & contribuez \u00e0 fa\u00e7onner l\u2019avenir de la logistique.","robots":{"index":"index","follow":"follow","max-snippet":"max-snippet:-1","max-image-preview":"max-image-preview:large","max-video-preview":"max-video-preview:-1"},"canonical":"https:\/\/www.prologistik.com\/fr\/carriere\/offres-demploi\/","og_locale":"fr_FR","og_type":"article","og_title":"Offres d'emploi","og_description":"D\u00e9couvrez les opportunit\u00e9s de carri\u00e8re chez proLogistik \u2705 Rejoignez une \u00e9quipe innovante & contribuez \u00e0 fa\u00e7onner l\u2019avenir de la logistique.","og_url":"https:\/\/www.prologistik.com\/fr\/carriere\/offres-demploi\/","og_site_name":"proLogistik Group","article_modified_time":"2025-09-24T08:10:21+00:00","twitter_card":"summary_large_image","schema":{"@context":"https:\/\/schema.org","@graph":[{"@type":"WebPage","@id":"https:\/\/www.prologistik.com\/fr\/carriere\/offres-demploi\/","url":"https:\/\/www.prologistik.com\/fr\/carriere\/offres-demploi\/","name":"\ud83d\udcbc Carri\u00e8res chez proLogistik \u2013 Nos Offres d\u2019Emploi","isPartOf":{"@id":"https:\/\/www.prologistik.com\/fr\/#website"},"datePublished":"2023-11-08T16:32:24+00:00","dateModified":"2025-09-24T08:10:21+00:00","description":"D\u00e9couvrez les opportunit\u00e9s de carri\u00e8re chez proLogistik \u2705 Rejoignez une \u00e9quipe innovante & contribuez \u00e0 fa\u00e7onner l\u2019avenir de la logistique.","breadcrumb":{"@id":"https:\/\/www.prologistik.com\/fr\/carriere\/offres-demploi\/#breadcrumb"},"inLanguage":"fr-FR","potentialAction":[{"@type":"ReadAction","target":["https:\/\/www.prologistik.com\/fr\/carriere\/offres-demploi\/"]}]},{"@type":"BreadcrumbList","@id":"https:\/\/www.prologistik.com\/fr\/carriere\/offres-demploi\/#breadcrumb","itemListElement":[{"@type":"ListItem","position":1,"name":"Startseite","item":"https:\/\/www.prologistik.com\/fr\/"},{"@type":"ListItem","position":2,"name":"Carri\u00e8re","item":"https:\/\/www.prologistik.com\/fr\/carriere\/"},{"@type":"ListItem","position":3,"name":"Offres d&#8217;emploi"}]},{"@type":"WebSite","@id":"https:\/\/www.prologistik.com\/fr\/#website","url":"https:\/\/www.prologistik.com\/fr\/","name":"proLogistik Group","description":"Software und Hardware f\u00fcr die Intralogistik","publisher":{"@id":"https:\/\/www.prologistik.com\/fr\/#organization"},"potentialAction":[{"@type":"SearchAction","target":{"@type":"EntryPoint","urlTemplate":"https:\/\/www.prologistik.com\/fr\/?s={search_term_string}"},"query-input":{"@type":"PropertyValueSpecification","valueRequired":true,"valueName":"search_term_string"}}],"inLanguage":"fr-FR"},{"@type":"Organization","@id":"https:\/\/www.prologistik.com\/fr\/#organization","name":"proLogistik Group","url":"https:\/\/www.prologistik.com\/fr\/","logo":{"@type":"ImageObject","inLanguage":"fr-FR","@id":"https:\/\/www.prologistik.com\/fr\/#\/schema\/logo\/image\/","url":"https:\/\/www.prologistik.com\/wp-content\/uploads\/prologistik-logo-web.svg","contentUrl":"https:\/\/www.prologistik.com\/wp-content\/uploads\/prologistik-logo-web.svg","width":320,"height":59,"caption":"proLogistik Group"},"image":{"@id":"https:\/\/www.prologistik.com\/fr\/#\/schema\/logo\/image\/"}}]}},"_links":{"self":[{"href":"https:\/\/www.prologistik.com\/fr\/wp-json\/wp\/v2\/pages\/34567","targetHints":{"allow":["GET"]}}],"collection":[{"href":"https:\/\/www.prologistik.com\/fr\/wp-json\/wp\/v2\/pages"}],"about":[{"href":"https:\/\/www.prologistik.com\/fr\/wp-json\/wp\/v2\/types\/page"}],"author":[{"embeddable":true,"href":"https:\/\/www.prologistik.com\/fr\/wp-json\/wp\/v2\/users\/1"}],"replies":[{"embeddable":true,"href":"https:\/\/www.prologistik.com\/fr\/wp-json\/wp\/v2\/comments?post=34567"}],"version-history":[{"count":3,"href":"https:\/\/www.prologistik.com\/fr\/wp-json\/wp\/v2\/pages\/34567\/revisions"}],"predecessor-version":[{"id":52591,"href":"https:\/\/www.prologistik.com\/fr\/wp-json\/wp\/v2\/pages\/34567\/revisions\/52591"}],"up":[{"embeddable":true,"href":"https:\/\/www.prologistik.com\/fr\/wp-json\/wp\/v2\/pages\/30371"}],"wp:attachment":[{"href":"https:\/\/www.prologistik.com\/fr\/wp-json\/wp\/v2\/media?parent=34567"}],"curies":[{"name":"wp","href":"https:\/\/api.w.org\/{rel}","templated":true}]}}