{"id":30480,"date":"2023-03-13T09:51:17","date_gmt":"2023-03-13T08:51:17","guid":{"rendered":"https:\/\/prologistik.pixel-tal.de\/solutions\/couverture-wlan-dans-lentrepot"},"modified":"2025-10-09T10:44:03","modified_gmt":"2025-10-09T08:44:03","slug":"couverture-wlan-dans-lentrepot","status":"publish","type":"page","link":"https:\/\/www.prologistik.com\/fr\/solutions\/couverture-wlan-dans-lentrepot\/","title":{"rendered":"Couverture WLAN dans l&#8217;entrep\u00f4t"},"content":{"rendered":"        \n            <!-- pagehead -->\n        \n                    \n\t\t\t<div id=\"pagehead-block_02e956fc301bc3ba1ab89dfb8ed80145\" class=\"pagehead size-small\">\n\t\t\t\t\t\t\t<div class=\"pagehead-canvas\">\n\t\t\t\t<div class=\"pagehead-content has-bg-color bg-color-green\">\n\t\t\t\t\t<div class=\"pagehead-content-inner\">\n\t\t\t\t\t\t<div class=\"pagehead-icon icon-color-white\" data-aos=\"fade-up\" data-aos-delay=\"0\" style=\"mask-image: url(https:\/\/www.prologistik.com\/wp-content\/uploads\/icon-server.svg); -webkit-mask-image: url(https:\/\/www.prologistik.com\/wp-content\/uploads\/icon-server.svg);\"><\/div>\t\t\t\t\t\t<span class=\"pagehead-subheadline\"  data-aos=\"fade-up\" data-aos-delay=\"50\">Solutions PLG<\/span>\t\t\t\t\t\t<h1 class=\"pagehead-headline\" data-aos=\"fade-up\" data-aos-delay=\"100\">WLAN pour les entrep\u00f4ts\/ WLAN industriel<\/h1>\t\t\t\t\t\t\t\t\t\t\t<\/div>\n\t\t\t\t<\/div>\n\t\t\t<\/div>\n\t\t\t\n\t\t\t\t<div class=\"pagehead-background\">\n\t\t\t\t<!-- image_id: 32820 | alt:  -->\t\t\t\t\t\t\t\t\t<img decoding=\"async\" class=\"test\" src=\"https:\/\/www.prologistik.com\/wp-content\/uploads\/prologistik-header-wlan-versorgung.jpg\" alt=\"\" \/>\n\t\t\t\t\n\t\t\t\t<\/div>\n\t\t\t<\/div>\n        \n                    \n            <!-- end:pagehead -->\n        \n            <section class=\"gb-container gb-container-7b075861\">\n<div class=\"gb-container gb-container-b85470c7\">\n<div class=\"gb-grid-wrapper gb-grid-wrapper-c5769199\">\n<div class=\"gb-grid-column gb-grid-column-d50ee589\"><div class=\"gb-container gb-container-d50ee589\">\n\n<div class=\"wp-block-pixel-headline headlines is-subheadline-top has-text-align-left\"><h2 class=\"headline\" style=\"color:\">Pourquoi le WLAN est indispensable dans l&#8217;entrep\u00f4t<\/h2><span class=\"subheadline\" style=\"color:var(--color-blue)\">DISPONIBILIT\u00c9 \u00c0 TOUT MOMENT<\/span><\/div>\n\n<\/div><\/div>\n\n<div class=\"gb-grid-column gb-grid-column-59f22604\"><div class=\"gb-container gb-container-59f22604\">\n<div class=\"gb-grid-wrapper gb-grid-wrapper-2f6a5a5d\">\n<div class=\"gb-grid-column gb-grid-column-e60357f0\"><div class=\"gb-container gb-container-e60357f0\">\n\n<p>La condition de base pour une logistique moderne et efficace est que des technologies appropri\u00e9es soient disponibles &#8211; en particulier dans le domaine de l&#8217;intralogistique. Une mise en r\u00e9seau sans faille dans l&#8217;entrep\u00f4t, qui garantirait un fonctionnement sans faille, suppose toutefois certaines conditions. Et c&#8217;est l\u00e0 qu&#8217;intervient le WLAN, ou plut\u00f4t l&#8217;utilisation de la technique de r\u00e9seau.<\/p>\n\n<\/div><\/div>\n\n<div class=\"gb-grid-column gb-grid-column-a807c359\"><div class=\"gb-container gb-container-a807c359\">\n\n<p>Ils sont les conditions pr\u00e9alables, mais malheureusement aussi les points faibles de tous les processus logistiques &#8211; apr\u00e8s tout, les chariots \u00e9l\u00e9vateurs doivent \u00eatre mis en r\u00e9seau, les scanners mobiles doivent \u00eatre disponibles \u00e0 tout moment et les machines doivent \u00eatre command\u00e9es, car elles d\u00e9pendent d&#8217;informations en temps r\u00e9el sur les stocks.<\/p>\n\n<\/div><\/div>\n<\/div>\n<\/div><\/div>\n<\/div>\n<\/div>\n<\/section><section class=\"gb-container gb-container-8f81728d gb-container-half-padding-bottom\">\n<div class=\"gb-container gb-container-a5f12f15\">\n<div class=\"gb-grid-wrapper gb-grid-wrapper-1e5a61ca\">\n<div class=\"gb-grid-column gb-grid-column-a1ec83f9\"><div class=\"gb-container gb-container-a1ec83f9\">\n\n<div class=\"wp-block-pixel-headline headlines is-subheadline-top has-text-align-left\"><h2 class=\"headline\" style=\"color:\">Exigences particuli\u00e8res pour les technologies WLAN dans l&#8217;entrep\u00f4t<\/h2><span class=\"subheadline\" style=\"color:var(--color-blue)\">M\u00caME DANS DES CONDITIONS D\u00c9FAVORABLES<\/span><\/div>\n\n\n\n<p>La technologie WLAN dans un entrep\u00f4t ne peut pas \u00eatre compar\u00e9e \u00e0 un acc\u00e8s WLAN dans des b\u00e2timents ou des espaces ferm\u00e9s. Dans les entrep\u00f4ts, des facteurs tels que le froid, la chaleur et l&#8217;humidit\u00e9 peuvent nuire au bon fonctionnement. De plus, il est courant que les employ\u00e9s passent fr\u00e9quemment de l&#8217;int\u00e9rieur \u00e0 l&#8217;ext\u00e9rieur lorsqu&#8217;ils travaillent dans un entrep\u00f4t &#8211; ce qui ne favorise pas forc\u00e9ment une connexion r\u00e9seau stable. C&#8217;est pourquoi seules des solutions WLAN con\u00e7ues pour le secteur industriel devraient \u00eatre utilis\u00e9es pour un entrep\u00f4t. Les points d&#8217;acc\u00e8s industriels sont r\u00e9partis en plusieurs endroits et permettent une connexion r\u00e9seau m\u00eame dans des conditions difficiles.<\/p>\n\n<\/div><\/div>\n<\/div>\n<\/div>\n<\/section><section class=\"gb-container gb-container-087e1009 gb-container-no-padding-top\">\n<div class=\"gb-container gb-container-a40f3d66\">\n<div class=\"gb-grid-wrapper gb-grid-wrapper-0afb0307\">\n<div data-aos=\"fade-up\" class=\"gb-grid-column gb-grid-column-c5cc6e58\"><div class=\"gb-container gb-container-c5cc6e58\">\n    <div id=\"gradientbox-block_693cc17700a97b44a977fa09c9e51539\" class=\"gradientbox \">\n        <div class=\"gradientbox-content-wrap\">\n                        <div class=\"wp-block-pixel-headline headlines is-subheadline-top has-text-align-left\">\n                <h3 class=\"headline\" style=\"color:var(--color-white)\">Conseils pour un WLAN fiable dans l&#8217;entrep\u00f4t :<\/h3>\n                            <\/div>\n                        <div class=\"gradientbox-column-wrap\">\n\n                                <div class=\"gradientbox-column\">\n                    <div class=\"gradientbox-text-wrap\">\n                                                                        <ul>\n<li>Transmission stable des donn\u00e9es pour une pr\u00e9paration fiable des commandes<\/li>\n<li>\u00c9clairage radio professionnel, documentation comprise<\/li>\n<li>Un mat\u00e9riel adapt\u00e9 \u00e0 l&#8217;industrie<\/li>\n<li>Un seul interlocuteur pour tout<\/li>\n<\/ul>\n                                            <\/div>\n                                    <\/div>\n                                <div class=\"gradientbox-column\">\n                    <div class=\"gradientbox-text-wrap\">\n                                                                        <ul>\n<li>Prise en compte de l&#8217;infrastructure existante<\/li>\n<li>Configuration commune &#8211; apr\u00e8s tout, c&#8217;est votre r\u00e9seau WLAN<\/li>\n<li>Gestion et surveillance centralis\u00e9es des points d&#8217;acc\u00e8s pour un contr\u00f4le complet<\/li>\n<li>Longue exp\u00e9rience dans le domaine sp\u00e9cifique<\/li>\n<\/ul>\n                                            <\/div>\n                                    <\/div>\n                \n            <\/div>\n        <\/div> \n    <\/div>\n    \n<\/div><\/div>\n<\/div>\n<\/div>\n\n<div class=\"gb-container gb-container-4e2b9d02\"><\/div>\n<\/section><section class=\"gb-container gb-container-446fb8ca\">\n<div class=\"gb-container gb-container-21fc71b5 gb-container-align-left-half\">\n<div class=\"gb-grid-wrapper gb-grid-wrapper-54a3cc28\">\n<div data-aos=\"fade-right\" class=\"gb-grid-column gb-grid-column-88b717cb\"><div class=\"gb-container gb-container-88b717cb\">\n\n<figure class=\"wp-block-image size-full is-style-bottom-rounding\"><img loading=\"lazy\" decoding=\"async\" width=\"1000\" height=\"538\" src=\"https:\/\/www.prologistik.com\/wp-content\/uploads\/prologistik-content-dame-am-pc-quer.jpg\" alt=\"\" class=\"wp-image-9168\" srcset=\"https:\/\/www.prologistik.com\/wp-content\/uploads\/prologistik-content-dame-am-pc-quer.jpg 1000w, https:\/\/www.prologistik.com\/wp-content\/uploads\/prologistik-content-dame-am-pc-quer-300x161.jpg 300w, https:\/\/www.prologistik.com\/wp-content\/uploads\/prologistik-content-dame-am-pc-quer-150x81.jpg 150w, https:\/\/www.prologistik.com\/wp-content\/uploads\/prologistik-content-dame-am-pc-quer-768x413.jpg 768w\" sizes=\"auto, (max-width: 1000px) 100vw, 1000px\" \/><\/figure>\n\n<\/div><\/div>\n\n<div class=\"gb-grid-column gb-grid-column-0f5013d2\"><div class=\"gb-container gb-container-0f5013d2\">\n\n<div class=\"wp-block-pixel-headline headlines is-subheadline-top has-text-align-left\"><h2 class=\"headline\" style=\"color:\">\u00c9clairage WLAN de proLogistik<\/h2><span class=\"subheadline\" style=\"color:var(--color-blue)\">Sans interf\u00e9rences et rapidement :<\/span><\/div>\n\n\n\n<p>Si vous avez besoin d&#8217;une r\u00e9ception WLAN optimale dans votre entreprise, nous sommes exactement l&#8217;interlocuteur qu&#8217;il vous faut. Ensemble, nous d\u00e9terminons vos besoins, analysons vos exigences particuli\u00e8res et mettons en lumi\u00e8re la couverture WLAN optimale pour votre site.<\/p>\n\n<\/div><\/div>\n<\/div>\n<\/div>\n<\/section><section class=\"gb-container gb-container-360776ea\">\n<div class=\"gb-container gb-container-85e0504f\">\n<div class=\"gb-grid-wrapper gb-grid-wrapper-8807a6a7\">\n<div class=\"gb-grid-column gb-grid-column-c81bcb1f\"><div class=\"gb-container gb-container-c81bcb1f\">\n\n<div class=\"wp-block-pixel-headline headlines is-subheadline-bottom has-text-align-left\"><h2 class=\"headline\" style=\"color:\">La d\u00e9termination de vos besoins<\/h2><\/div>\n\n\n\n<p>Quelles sont les zones de votre site qui sont pertinentes et qui doivent \u00eatre approvisionn\u00e9es de mani\u00e8re optimale ? Quel est le comportement d&#8217;utilisation de votre entreprise et pour quelles op\u00e9rations la transmission radio est-elle n\u00e9cessaire ? L&#8217;interaction des facteurs importants pour un WLAN, tels que l&#8217;intensit\u00e9 du champ de signal, le rapport signal\/bruit et les interf\u00e9rences, d\u00e9termine si les travaux intralogistiques command\u00e9s par radio peuvent \u00eatre effectu\u00e9s. Pour garantir une couverture optimale et sans faille sur l&#8217;ensemble du site de votre entreprise, la premi\u00e8re \u00e9tape consiste \u00e0 r\u00e9aliser une analyse de site. Nous sommes \u00e9galement \u00e0 votre disposition pour vous conseiller dans le choix de la norme WLAN appropri\u00e9e.<\/p>\n\n\n\n<p><\/p>\n\n<\/div><\/div>\n<\/div>\n\n<div class=\"gb-grid-wrapper gb-grid-wrapper-28251b93\">\n<div class=\"gb-grid-column gb-grid-column-79be047b\"><div class=\"gb-container gb-container-79be047b\">\n<div class=\"gb-grid-wrapper gb-grid-wrapper-eed5d828\">\n<div class=\"gb-grid-column gb-grid-column-e0ee1ed4\"><div class=\"gb-container gb-container-e0ee1ed4\">\n\n<div class=\"wp-block-pixel-headline headlines is-subheadline-bottom has-text-align-left\"><h2 class=\"headline\" style=\"color:\"><br>Nos partenaires de r\u00e9seau Wifi<\/h2><span class=\"subheadline\" style=\"color:\">LANCOM-Systems, Extreme Networks, CISCO<\/span><\/div>\n\n\n\n<div class=\"wp-block-columns is-layout-flex wp-container-core-columns-is-layout-9d6595d7 wp-block-columns-is-layout-flex\">\n<div class=\"wp-block-column is-layout-flow wp-block-column-is-layout-flow\"><div class=\"wp-block-image\">\n<figure class=\"alignright size-medium is-resized\"><img loading=\"lazy\" decoding=\"async\" width=\"300\" height=\"158\" src=\"https:\/\/www.prologistik.com\/wp-content\/uploads\/Download-1-300x158.png\" alt=\"\" class=\"wp-image-23022\" style=\"width:150px;height:79px\" srcset=\"https:\/\/www.prologistik.com\/wp-content\/uploads\/Download-1-300x158.png 300w, https:\/\/www.prologistik.com\/wp-content\/uploads\/Download-1-150x79.png 150w, https:\/\/www.prologistik.com\/wp-content\/uploads\/Download-1.png 309w\" sizes=\"auto, (max-width: 300px) 100vw, 300px\" \/><\/figure>\n<\/div><\/div>\n\n\n\n<div class=\"wp-block-column is-layout-flow wp-block-column-is-layout-flow\">\n<figure class=\"wp-block-image size-full is-resized\"><img loading=\"lazy\" decoding=\"async\" width=\"214\" height=\"59\" src=\"https:\/\/www.prologistik.com\/wp-content\/uploads\/Screenshot-2023-07-17-145933.png\" alt=\"\" class=\"wp-image-23026\" style=\"width:214px;height:59px\" srcset=\"https:\/\/www.prologistik.com\/wp-content\/uploads\/Screenshot-2023-07-17-145933.png 214w, https:\/\/www.prologistik.com\/wp-content\/uploads\/Screenshot-2023-07-17-145933-150x41.png 150w\" sizes=\"auto, (max-width: 214px) 100vw, 214px\" \/><\/figure>\n\n\n<div class=\"wp-block-image\">\n<figure class=\"alignleft size-full is-resized\"><img loading=\"lazy\" decoding=\"async\" width=\"405\" height=\"124\" src=\"https:\/\/www.prologistik.com\/wp-content\/uploads\/Download.png\" alt=\"\" class=\"wp-image-23024\" style=\"width:203px;height:62px\" srcset=\"https:\/\/www.prologistik.com\/wp-content\/uploads\/Download.png 405w, https:\/\/www.prologistik.com\/wp-content\/uploads\/Download-300x92.png 300w, https:\/\/www.prologistik.com\/wp-content\/uploads\/Download-150x46.png 150w\" sizes=\"auto, (max-width: 405px) 100vw, 405px\" \/><\/figure>\n<\/div><\/div>\n<\/div>\n\n<\/div><\/div>\n<\/div>\n\n\n<p><\/p>\n\n<\/div><\/div>\n<\/div>\n<\/div>\n<\/section><section class=\"gb-container gb-container-4efff03b gb-container-no-padding-top\">\n<div class=\"gb-container gb-container-c150b9d1\">\n<div class=\"gb-grid-wrapper gb-grid-wrapper-4739f1f9\">\n<div class=\"gb-grid-column gb-grid-column-21e5b819\"><div class=\"gb-container gb-container-21e5b819\">\n\n<div class=\"wp-block-pixel-headline headlines is-subheadline-bottom has-text-align-left\"><h3 class=\"headline\" style=\"color:\">Vos avantages<\/h3><\/div>\n\n<\/div><\/div>\n\n<div class=\"gb-grid-column gb-grid-column-c4bb18a0\"><div class=\"gb-container gb-container-c4bb18a0\">\n<div class=\"gb-grid-wrapper gb-grid-wrapper-65f84a9b\">\n<div data-aos=\"fade-up\" class=\"gb-grid-column gb-grid-column-49363245\"><div class=\"gb-container gb-container-49363245\">\n    <div id=\"iconbox-block_b6c380ee1f207d7eeaf232fa7b3b6c26\" class=\"iconbox layout-row style-normal \">\n        <div class=\"iconbox-content-wrap\">\n            <div class=\"iconbox-headline-wrap color-blue\">\n                <div class=\"iconbox-icon-wrap\">\n                                        <div class=\"iconbox-icon\">\n                        <img decoding=\"async\" src=\"https:\/\/www.prologistik.com\/wp-content\/uploads\/icon-checkmark-round.svg\">\n                    <\/div>\n                                    <\/div>\n                <div class=\"iconbox-headline\">\n                    Analyse de la situation actuelle                <\/div>\n            <\/div>\n                        <div class=\"iconbox-copytext\">\n                <p>Con\u00e7u pour vous<\/p>\n                            <\/div>\n                    <\/div> \n    <\/div>\n    \n<\/div><\/div>\n\n<div data-aos-delay=\"150\" data-aos=\"fade-up\" class=\"gb-grid-column gb-grid-column-40e11563\"><div class=\"gb-container gb-container-40e11563\">\n    <div id=\"iconbox-block_fea9019a96fc9df4c722c36fb2b64246\" class=\"iconbox layout-row style-normal \">\n        <div class=\"iconbox-content-wrap\">\n            <div class=\"iconbox-headline-wrap color-blue\">\n                <div class=\"iconbox-icon-wrap\">\n                                        <div class=\"iconbox-icon\">\n                        <img decoding=\"async\" src=\"https:\/\/www.prologistik.com\/wp-content\/uploads\/icon-checkmark-round.svg\">\n                    <\/div>\n                                    <\/div>\n                <div class=\"iconbox-headline\">\n                    S\u00e9curit\u00e9 de la planification                <\/div>\n            <\/div>\n                        <div class=\"iconbox-copytext\">\n                <p>Meilleure planification des besoins<\/p>\n                            <\/div>\n                    <\/div> \n    <\/div>\n    \n<\/div><\/div>\n\n<div data-aos-delay=\"300\" data-aos=\"fade-up\" class=\"gb-grid-column gb-grid-column-90d9fc7c\"><div class=\"gb-container gb-container-90d9fc7c\">\n    <div id=\"iconbox-block_28a02a32f295a8231a0775508d61060f\" class=\"iconbox layout-row style-normal \">\n        <div class=\"iconbox-content-wrap\">\n            <div class=\"iconbox-headline-wrap color-blue\">\n                <div class=\"iconbox-icon-wrap\">\n                                        <div class=\"iconbox-icon\">\n                        <img decoding=\"async\" src=\"https:\/\/www.prologistik.com\/wp-content\/uploads\/icon-checkmark-round.svg\">\n                    <\/div>\n                                    <\/div>\n                <div class=\"iconbox-headline\">\n                    Aper\u00e7u rapide                <\/div>\n            <\/div>\n                        <div class=\"iconbox-copytext\">\n                <p>Identification des points probl\u00e9matiques<\/p>\n                            <\/div>\n                    <\/div> \n    <\/div>\n    \n<\/div><\/div>\n\n<div data-aos=\"fade-up\" class=\"gb-grid-column gb-grid-column-b28c930d\"><div class=\"gb-container gb-container-b28c930d\">\n    <div id=\"iconbox-block_2231b7cda18fb29d687317371e922616\" class=\"iconbox layout-row style-normal \">\n        <div class=\"iconbox-content-wrap\">\n            <div class=\"iconbox-headline-wrap color-blue\">\n                <div class=\"iconbox-icon-wrap\">\n                                        <div class=\"iconbox-icon\">\n                        <img decoding=\"async\" src=\"https:\/\/www.prologistik.com\/wp-content\/uploads\/icon-checkmark-round.svg\">\n                    <\/div>\n                                    <\/div>\n                <div class=\"iconbox-headline\">\n                    \u00c9clairage professionnel                <\/div>\n            <\/div>\n                        <div class=\"iconbox-copytext\">\n                <p>Des techniciens avec une longue exp\u00e9rience<\/p>\n                            <\/div>\n                    <\/div> \n    <\/div>\n    \n<\/div><\/div>\n\n<div data-aos-delay=\"150\" data-aos=\"fade-up\" class=\"gb-grid-column gb-grid-column-d5b732c7\"><div class=\"gb-container gb-container-d5b732c7\">\n    <div id=\"iconbox-block_b9bfaf254e052459801b355bd6c75ab8\" class=\"iconbox layout-row style-normal \">\n        <div class=\"iconbox-content-wrap\">\n            <div class=\"iconbox-headline-wrap color-blue\">\n                <div class=\"iconbox-icon-wrap\">\n                                        <div class=\"iconbox-icon\">\n                        <img decoding=\"async\" src=\"https:\/\/www.prologistik.com\/wp-content\/uploads\/icon-checkmark-round.svg\">\n                    <\/div>\n                                    <\/div>\n                <div class=\"iconbox-headline\">\n                    Une connexion optimale                <\/div>\n            <\/div>\n                        <div class=\"iconbox-copytext\">\n                <p>Choisir les bons points d&#8217;acc\u00e8s<\/p>\n                            <\/div>\n                    <\/div> \n    <\/div>\n    \n<\/div><\/div>\n\n<div data-aos-delay=\"300\" data-aos=\"fade-up\" class=\"gb-grid-column gb-grid-column-cb88de73\"><div class=\"gb-container gb-container-cb88de73\">\n    <div id=\"iconbox-block_de69a42838a8e9afd2d8904c0304f597\" class=\"iconbox layout-row style-normal \">\n        <div class=\"iconbox-content-wrap\">\n            <div class=\"iconbox-headline-wrap color-blue\">\n                <div class=\"iconbox-icon-wrap\">\n                                        <div class=\"iconbox-icon\">\n                        <img decoding=\"async\" src=\"https:\/\/www.prologistik.com\/wp-content\/uploads\/icon-checkmark-round.svg\">\n                    <\/div>\n                                    <\/div>\n                <div class=\"iconbox-headline\">\n                    Une s\u00e9lection de produits sur mesure                <\/div>\n            <\/div>\n                        <div class=\"iconbox-copytext\">\n                <p>WLAN selon les besoins du client<\/p>\n                            <\/div>\n                    <\/div> \n    <\/div>\n    \n<\/div><\/div>\n<\/div>\n<\/div><\/div>\n<\/div>\n<\/div>\n<\/section><section class=\"gb-container gb-container-aeb6decd\">\n<div class=\"gb-container gb-container-91afbcf8 gb-container-align-left-fourth\">\n<div class=\"gb-grid-wrapper gb-grid-wrapper-aad950c1\">\n<div data-aos=\"fade-right\" class=\"gb-grid-column gb-grid-column-a5e914cc\"><div class=\"gb-container gb-container-a5e914cc\">\n\n<figure class=\"wp-block-image size-full is-style-cube-bottom-right-back\"><img loading=\"lazy\" decoding=\"async\" width=\"700\" height=\"700\" src=\"https:\/\/www.prologistik.com\/wp-content\/uploads\/prologistik-content-mann-im-lager.jpg\" alt=\"\" class=\"wp-image-9172\" srcset=\"https:\/\/www.prologistik.com\/wp-content\/uploads\/prologistik-content-mann-im-lager.jpg 700w, https:\/\/www.prologistik.com\/wp-content\/uploads\/prologistik-content-mann-im-lager-300x300.jpg 300w, https:\/\/www.prologistik.com\/wp-content\/uploads\/prologistik-content-mann-im-lager-150x150.jpg 150w, https:\/\/www.prologistik.com\/wp-content\/uploads\/prologistik-content-mann-im-lager-480x480.jpg 480w\" sizes=\"auto, (max-width: 700px) 100vw, 700px\" \/><\/figure>\n\n<\/div><\/div>\n\n<div class=\"gb-grid-column gb-grid-column-a87f3ee4\"><div class=\"gb-container gb-container-a87f3ee4\">\n\n<div class=\"wp-block-pixel-headline headlines is-subheadline-bottom has-text-align-left\"><h2 class=\"headline\" style=\"color:\">Avant le d\u00e9but de l&#8217;installation : l&#8217;analyse Site Survey<\/h2><\/div>\n\n\n\n<p>Afin d&#8217;obtenir une couverture optimale du signal, nous d\u00e9terminons \u00e0 l&#8217;avance quels appareils et combien d&#8217;entre eux doivent \u00eatre install\u00e9s \u00e0 l&#8217;int\u00e9rieur et \u00e0 l&#8217;ext\u00e9rieur de votre b\u00e2timent. Pour garantir cette couverture sans faille sur l&#8217;ensemble du site de votre entreprise, la premi\u00e8re \u00e9tape consiste \u00e0 r\u00e9aliser une analyse de site. L&#8217;objectif est de d\u00e9terminer le positionnement optimal de la station \u00e9mettrice et de la station r\u00e9ceptrice (point d&#8217;acc\u00e8s) &#8211; en tenant compte d&#8217;un co\u00fbt mat\u00e9riel aussi faible que possible. La mesure &#8211; l&#8217;analyse de l&#8217;enqu\u00eate sur le site &#8211; est effectu\u00e9e \u00e0 l&#8217;aide d&#8217;un logiciel sp\u00e9cial. Le r\u00e9sultat de cette analyse est une documentation d\u00e9taill\u00e9e qui contient toutes les informations pertinentes pour l&#8217;installation et l&#8217;analyse du WLAN.<\/p>\n\n\n\n<p>Mais nous allons encore plus loin : m\u00eame apr\u00e8s l&#8217;entretien de conseil, au cours duquel nous d\u00e9terminons la norme WLAN appropri\u00e9e et le type de points d&#8217;acc\u00e8s, et apr\u00e8s la r\u00e9alisation de l&#8217;analyse Site Survey, qui indique le nombre de points d&#8217;acc\u00e8s et leur emplacement, nous continuons bien entendu \u00e0 vous assister. N&#8217;h\u00e9sitez pas \u00e0 nous contacter et \u00e0 miser sur une connexion optimale. Nous nous ferons un plaisir de vous conseiller !<\/p>\n\n<\/div><\/div>\n<\/div>\n<\/div>\n<\/section>        \n            <!-- contact-form -->\n        \n            \n\t\t<section data-aos=\"fade-right\" id=\"contact\" class=\"gb-container contact-form-wrap\">\n\t\t\t<div class=\"gb-inside-container\">\n\t\t\t\t<div id=\"\" class=\"contact-form layout-contacts  multiple-contacts gb-grid-wrapper\" >\n\t\t\t\t\n\t\t\t\t\t\t\t\t\t\t<div class=\"wp-block-pixel-headline headlines is-subheadline-top has-text-align-left\">\n\t\t\t\t\t\t<h2 class=\"headline\">Votre interlocuteur personnel<\/h2>\n\t\t\t\t\t\t<span class=\"subheadline\" style=\"color:var(--color-blue)\">Des questions, des souhaits ou des suggestions ?<\/span>\n\t\t\t\t\t\t<p class=\"cf-copytext\">Appelez-moi ou envoyez-moi un message. Je me r\u00e9jouis de vous rencontrer.<\/p>\t\t\t\t\t<\/div>\n\t\t\t\t\t\n\t\t\t\t\t\t\t\t\t\t\t<div class=\"contact-form-side gb-grid-column\">\n\t\t\t\t\t\t\t\t\t\t\t\t\t\t\t\t\t\t\t\t\t\t\t\t\t\t\t\t\t                <div class=\"card card-contacts-form\">\n                    <div class=\"card-media\">\n                        <img decoding=\"async\" title=\"prologistik-ansprechpartner-grunzel\" alt=\"\" src=\"https:\/\/www.prologistik.com\/wp-content\/uploads\/prologistik-ansprechpartner-grunzel-e1692009919191.jpg\" \/>\n                    <\/div>\n                    <div class=\"card-content\">\n                    <span class=\"card-line card-name\"> Rainer Grunzel<\/span>                        <span class=\"card-line card-job\">Senior Sales Manager Hardware<\/span>                                                                        <span class=\"card-line card-fax\"> Germany, PLZ: 4, 5, 6, 7 + 8 <\/span>                                            <\/div>\n                <\/div>\n\n                            <div class=\"card card-contacts-form\">\n                    <div class=\"card-media\">\n                        <img decoding=\"async\" title=\"golombek_xing_1024x1024\" alt=\"\" src=\"https:\/\/www.prologistik.com\/wp-content\/uploads\/golombek_xing_1024x1024.jpg\" \/>\n                    <\/div>\n                    <div class=\"card-content\">\n                    <span class=\"card-line card-name\"> Andreas Golombek<\/span>                        <span class=\"card-line card-job\">Responsable des ventes de mat\u00e9riel informatique \/ Salesmanager<\/span>                                                                        <span class=\"card-line card-fax\">Germany, PLZ:  0, 1, 2, 3 + 9<\/span>                                            <\/div>\n                <\/div>\n\n            \t\t\t\t\t\t\t\t\t\t\t\t\t<\/div>\t\n\t\t\t\t\t\n\n\t\t\t\t\t<div class=\"contact-form-main gb-grid-column\">\n\t\t\t\t\t\t[contact-form-7 id=&#8221;5248&#8243;]\t\t\t\t\t<\/div> \n\t\t\t\t<\/div>\n\t\t\t<\/div>\n\t\t<\/section>\n\t        \n            <!-- end:contact-form -->\n        \n                    \n            <!-- contact-form -->\n        \n            \n\t\t<section data-aos=\"fade-right\" id=\"contact\" class=\"gb-container contact-form-wrap\">\n\t\t\t<div class=\"gb-inside-container\">\n\t\t\t\t<div id=\"\" class=\"contact-form layout-contacts  multiple-contacts gb-grid-wrapper\" >\n\t\t\t\t\n\t\t\t\t\t\t\t\t\t\t<div class=\"wp-block-pixel-headline headlines is-subheadline-top has-text-align-left\">\n\t\t\t\t\t\t<h2 class=\"headline\">Votre interlocuteur personnel<\/h2>\n\t\t\t\t\t\t<span class=\"subheadline\" style=\"color:var(--color-blue)\">Des questions, des souhaits ou des suggestions ?<\/span>\n\t\t\t\t\t\t<p class=\"cf-copytext\">Appelez-moi ou envoyez-moi un message. Je me r\u00e9jouis de vous rencontrer.<\/p>\t\t\t\t\t<\/div>\n\t\t\t\t\t\n\t\t\t\t\t\t\t\t\t\t\t<div class=\"contact-form-side gb-grid-column\">\n\t\t\t\t\t\t\t\t\t\t\t\t\t\t\t\t\t\t\t\t\t\t\t\t\t\t\t\t\t                <div class=\"card card-contacts-form\">\n                    <div class=\"card-media\">\n                        <img decoding=\"async\" title=\"LaBo_portrait\" alt=\"\" src=\"https:\/\/www.prologistik.com\/wp-content\/uploads\/LaBo_portrait.png\" \/>\n                    <\/div>\n                    <div class=\"card-content\">\n                    <span class=\"card-line card-name\"> Lars Bosse<\/span>                        <span class=\"card-line card-job\">Responsable grands comptes senior<\/span>                                                                        <span class=\"card-line card-fax\">Germany<\/span>                                            <\/div>\n                <\/div>\n\n                            <div class=\"card card-contacts-form\">\n                    <div class=\"card-media\">\n                        <img decoding=\"async\" title=\"SiTr_Portrait (1)\" alt=\"\" src=\"https:\/\/www.prologistik.com\/wp-content\/uploads\/SiTr_Portrait-1-1.png\" \/>\n                    <\/div>\n                    <div class=\"card-content\">\n                    <span class=\"card-line card-name\"> Silvan Trindler<\/span>                        <span class=\"card-line card-job\">Responsable grands comptes mat\u00e9riel<\/span>                                                                        <span class=\"card-line card-fax\">Switzerland<\/span>                                            <\/div>\n                <\/div>\n\n            \t\t\t\t\t\t\t\t\t\t\t\t\t<\/div>\t\n\t\t\t\t\t\n\n\t\t\t\t\t<div class=\"contact-form-main gb-grid-column\">\n\t\t\t\t\t\t[contact-form-7 id=&#8221;5248&#8243;]\t\t\t\t\t<\/div> \n\t\t\t\t<\/div>\n\t\t\t<\/div>\n\t\t<\/section>\n\t        \n            <!-- end:contact-form -->\n        \n                    \n            <!-- contact-form -->\n        \n            \n\t\t<section data-aos=\"fade-right\" id=\"contact\" class=\"gb-container contact-form-wrap\">\n\t\t\t<div class=\"gb-inside-container\">\n\t\t\t\t<div id=\"\" class=\"contact-form layout-contacts  multiple-contacts gb-grid-wrapper\" >\n\t\t\t\t\n\t\t\t\t\t\t\t\t\t\t<div class=\"wp-block-pixel-headline headlines is-subheadline-top has-text-align-left\">\n\t\t\t\t\t\t<h2 class=\"headline\">Votre interlocuteur personnel<\/h2>\n\t\t\t\t\t\t<span class=\"subheadline\" style=\"color:var(--color-blue)\">Des questions, des souhaits ou des suggestions ?<\/span>\n\t\t\t\t\t\t<p class=\"cf-copytext\">Appelez-moi ou envoyez-moi un message. Je me r\u00e9jouis de vous rencontrer.<\/p>\t\t\t\t\t<\/div>\n\t\t\t\t\t\n\t\t\t\t\t\t\t\t\t\t\t<div class=\"contact-form-side gb-grid-column\">\n\t\t\t\t\t\t\t\t\t\t\t\t\t\t\t\t\t\t\t\t\t\t\t\t\t\t\t\t\t                <div class=\"card card-contacts-form\">\n                    <div class=\"card-media\">\n                        <img decoding=\"async\" title=\"IMG_0002\" alt=\"\" src=\"https:\/\/www.prologistik.com\/wp-content\/uploads\/IMG_0002-1024x1011.jpg\" \/>\n                    <\/div>\n                    <div class=\"card-content\">\n                    <span class=\"card-line card-name\"> Martin M\u00fcller<\/span>                        <span class=\"card-line card-job\">Responsable grands comptes mat\u00e9riel<\/span>                                                                        <span class=\"card-line card-fax\">Switzerland<\/span>                                            <\/div>\n                <\/div>\n\n                            <div class=\"card card-contacts-form\">\n                    <div class=\"card-media\">\n                        <img decoding=\"async\" title=\"BeispielBildSchnitt\" alt=\"\" src=\"https:\/\/www.prologistik.com\/wp-content\/uploads\/BeispielBildSchnitt-1.png\" \/>\n                    <\/div>\n                    <div class=\"card-content\">\n                    <span class=\"card-line card-name\"> Hector Sanchez<\/span>                        <span class=\"card-line card-job\">Responsable grands comptes solutions mobiles<\/span>                                                                        <span class=\"card-line card-fax\">Mexico<\/span>                                            <\/div>\n                <\/div>\n\n            \t\t\t\t\t\t\t\t\t\t\t\t\t<\/div>\t\n\t\t\t\t\t\n\n\t\t\t\t\t<div class=\"contact-form-main gb-grid-column\">\n\t\t\t\t\t\t[contact-form-7 id=&#8221;5248&#8243;]\t\t\t\t\t<\/div> \n\t\t\t\t<\/div>\n\t\t\t<\/div>\n\t\t<\/section>\n\t        \n            <!-- end:contact-form -->\n        \n                    \n            <!-- contact-form -->\n        \n            \n\t\t<section data-aos=\"fade-right\" id=\"contact\" class=\"gb-container contact-form-wrap\">\n\t\t\t<div class=\"gb-inside-container\">\n\t\t\t\t<div id=\"\" class=\"contact-form layout-contacts  multiple-contacts gb-grid-wrapper\" >\n\t\t\t\t\n\t\t\t\t\t\t\t\t\t\t<div class=\"wp-block-pixel-headline headlines is-subheadline-top has-text-align-left\">\n\t\t\t\t\t\t<h2 class=\"headline\">Votre interlocuteur personnel<\/h2>\n\t\t\t\t\t\t<span class=\"subheadline\" style=\"color:var(--color-blue)\">Des questions, des souhaits ou des suggestions ?<\/span>\n\t\t\t\t\t\t<p class=\"cf-copytext\">Appelez-moi ou envoyez-moi un message. Je me r\u00e9jouis de vous rencontrer.<\/p>\t\t\t\t\t<\/div>\n\t\t\t\t\t\n\t\t\t\t\t\t\t\t\t\t\t<div class=\"contact-form-side gb-grid-column\">\n\t\t\t\t\t\t\t\t\t\t\t\t\t\t\t\t\t\t\t\t\t\t\t\t\t\t\t\t\t                <div class=\"card card-contacts-form\">\n                    <div class=\"card-media\">\n                        <img decoding=\"async\" title=\"BeispielBildSchnitt\" alt=\"\" src=\"https:\/\/www.prologistik.com\/wp-content\/uploads\/BeispielBildSchnitt-1.png\" \/>\n                    <\/div>\n                    <div class=\"card-content\">\n                    <span class=\"card-line card-name\"> Helmut Niederer<\/span>                        <span class=\"card-line card-job\">Directeur g\u00e9n\u00e9ral<\/span>                                                                        <span class=\"card-line card-fax\">United States<\/span>                                            <\/div>\n                <\/div>\n\n                            <div class=\"card card-contacts-form\">\n                    <div class=\"card-media\">\n                        <img decoding=\"async\" title=\"BeispielBildSchnitt\" alt=\"\" src=\"https:\/\/www.prologistik.com\/wp-content\/uploads\/BeispielBildSchnitt-1.png\" \/>\n                    <\/div>\n                    <div class=\"card-content\">\n                    <span class=\"card-line card-name\"> Andy Thompson<\/span>                        <span class=\"card-line card-job\">Directeur g\u00e9n\u00e9ral<\/span>                                                                        <span class=\"card-line card-fax\">Canada<\/span>                                            <\/div>\n                <\/div>\n\n            \t\t\t\t\t\t\t\t\t\t\t\t\t<\/div>\t\n\t\t\t\t\t\n\n\t\t\t\t\t<div class=\"contact-form-main gb-grid-column\">\n\t\t\t\t\t\t[contact-form-7 id=&#8221;5248&#8243;]\t\t\t\t\t<\/div> \n\t\t\t\t<\/div>\n\t\t\t<\/div>\n\t\t<\/section>\n\t        \n            <!-- end:contact-form -->\n        \n            ","protected":false},"excerpt":{"rendered":"","protected":false},"author":1,"featured_media":54680,"parent":30455,"menu_order":5,"comment_status":"closed","ping_status":"closed","template":"","meta":{"_acf_changed":false,"footnotes":""},"class_list":["post-30480","page","type-page","status-publish","has-post-thumbnail"],"acf":[],"yoast_head":"<!-- This site is optimized with the Yoast SEO Premium plugin v26.9 (Yoast SEO v27.5) - https:\/\/yoast.com\/product\/yoast-seo-premium-wordpress\/ -->\n<title>\ud83d\udcf6 Couverture WLAN industrielle | R\u00e9seau sans faille en entrep\u00f4t<\/title>\n<meta name=\"description\" content=\"Exigences particuli\u00e8res pour les technologies WLAN dans l&#039;entrep\u00f4t : Transmission stable des donn\u00e9es \u2714\ufe0f \u00c9clairage radio professionnel \u2714\ufe0f Mat\u00e9riel adapt\u00e9 \u00e0 l&#039;industrie \u2714\ufe0f\" \/>\n<meta name=\"robots\" content=\"index, follow, max-snippet:-1, max-image-preview:large, max-video-preview:-1\" \/>\n<link rel=\"canonical\" href=\"https:\/\/www.prologistik.com\/fr\/solutions\/couverture-wlan-dans-lentrepot\/\" \/>\n<meta property=\"og:locale\" content=\"fr_FR\" \/>\n<meta property=\"og:type\" content=\"article\" \/>\n<meta property=\"og:title\" content=\"Couverture WLAN dans l&#039;entrep\u00f4t\" \/>\n<meta property=\"og:description\" content=\"Exigences particuli\u00e8res pour les technologies WLAN dans l&#039;entrep\u00f4t : Transmission stable des donn\u00e9es \u2714\ufe0f \u00c9clairage radio professionnel \u2714\ufe0f Mat\u00e9riel adapt\u00e9 \u00e0 l&#039;industrie \u2714\ufe0f\" \/>\n<meta property=\"og:url\" content=\"https:\/\/www.prologistik.com\/fr\/solutions\/couverture-wlan-dans-lentrepot\/\" \/>\n<meta property=\"og:site_name\" content=\"proLogistik Group\" \/>\n<meta property=\"article:modified_time\" content=\"2025-10-09T08:44:03+00:00\" \/>\n<meta property=\"og:image\" content=\"https:\/\/www.prologistik.com\/wp-content\/uploads\/prologistik-header-wlan-versorgung.jpg\" \/>\n\t<meta property=\"og:image:width\" content=\"1920\" \/>\n\t<meta property=\"og:image:height\" content=\"717\" \/>\n\t<meta property=\"og:image:type\" content=\"image\/jpeg\" \/>\n<meta name=\"twitter:card\" content=\"summary_large_image\" \/>\n<meta name=\"twitter:label1\" content=\"Dur\u00e9e de lecture estim\u00e9e\" \/>\n\t<meta name=\"twitter:data1\" content=\"3 minutes\" \/>\n<script type=\"application\/ld+json\" class=\"yoast-schema-graph\">{\"@context\":\"https:\\\/\\\/schema.org\",\"@graph\":[{\"@type\":\"WebPage\",\"@id\":\"https:\\\/\\\/www.prologistik.com\\\/fr\\\/solutions\\\/couverture-wlan-dans-lentrepot\\\/\",\"url\":\"https:\\\/\\\/www.prologistik.com\\\/fr\\\/solutions\\\/couverture-wlan-dans-lentrepot\\\/\",\"name\":\"\ud83d\udcf6 Couverture WLAN industrielle | R\u00e9seau sans faille en entrep\u00f4t\",\"isPartOf\":{\"@id\":\"https:\\\/\\\/www.prologistik.com\\\/fr\\\/#website\"},\"primaryImageOfPage\":{\"@id\":\"https:\\\/\\\/www.prologistik.com\\\/fr\\\/solutions\\\/couverture-wlan-dans-lentrepot\\\/#primaryimage\"},\"image\":{\"@id\":\"https:\\\/\\\/www.prologistik.com\\\/fr\\\/solutions\\\/couverture-wlan-dans-lentrepot\\\/#primaryimage\"},\"thumbnailUrl\":\"https:\\\/\\\/www.prologistik.com\\\/wp-content\\\/uploads\\\/Gemini_Generated_Image_pzstdzpzstdzpzst.png\",\"datePublished\":\"2023-03-13T08:51:17+00:00\",\"dateModified\":\"2025-10-09T08:44:03+00:00\",\"description\":\"Exigences particuli\u00e8res pour les technologies WLAN dans l'entrep\u00f4t : Transmission stable des donn\u00e9es \u2714\ufe0f \u00c9clairage radio professionnel \u2714\ufe0f Mat\u00e9riel adapt\u00e9 \u00e0 l'industrie \u2714\ufe0f\",\"breadcrumb\":{\"@id\":\"https:\\\/\\\/www.prologistik.com\\\/fr\\\/solutions\\\/couverture-wlan-dans-lentrepot\\\/#breadcrumb\"},\"inLanguage\":\"fr-FR\",\"potentialAction\":[{\"@type\":\"ReadAction\",\"target\":[\"https:\\\/\\\/www.prologistik.com\\\/fr\\\/solutions\\\/couverture-wlan-dans-lentrepot\\\/\"]}]},{\"@type\":\"ImageObject\",\"inLanguage\":\"fr-FR\",\"@id\":\"https:\\\/\\\/www.prologistik.com\\\/fr\\\/solutions\\\/couverture-wlan-dans-lentrepot\\\/#primaryimage\",\"url\":\"https:\\\/\\\/www.prologistik.com\\\/wp-content\\\/uploads\\\/Gemini_Generated_Image_pzstdzpzstdzpzst.png\",\"contentUrl\":\"https:\\\/\\\/www.prologistik.com\\\/wp-content\\\/uploads\\\/Gemini_Generated_Image_pzstdzpzstdzpzst.png\",\"width\":1024,\"height\":576,\"caption\":\"Wlan-Ausleuchtung im Lager\"},{\"@type\":\"BreadcrumbList\",\"@id\":\"https:\\\/\\\/www.prologistik.com\\\/fr\\\/solutions\\\/couverture-wlan-dans-lentrepot\\\/#breadcrumb\",\"itemListElement\":[{\"@type\":\"ListItem\",\"position\":1,\"name\":\"Startseite\",\"item\":\"https:\\\/\\\/www.prologistik.com\\\/fr\\\/\"},{\"@type\":\"ListItem\",\"position\":2,\"name\":\"Solutions\",\"item\":\"https:\\\/\\\/www.prologistik.com\\\/fr\\\/solutions\\\/\"},{\"@type\":\"ListItem\",\"position\":3,\"name\":\"Couverture WLAN dans l&#8217;entrep\u00f4t\"}]},{\"@type\":\"WebSite\",\"@id\":\"https:\\\/\\\/www.prologistik.com\\\/fr\\\/#website\",\"url\":\"https:\\\/\\\/www.prologistik.com\\\/fr\\\/\",\"name\":\"proLogistik Group\",\"description\":\"Software und Hardware f\u00fcr die Intralogistik\",\"publisher\":{\"@id\":\"https:\\\/\\\/www.prologistik.com\\\/fr\\\/#organization\"},\"potentialAction\":[{\"@type\":\"SearchAction\",\"target\":{\"@type\":\"EntryPoint\",\"urlTemplate\":\"https:\\\/\\\/www.prologistik.com\\\/fr\\\/?s={search_term_string}\"},\"query-input\":{\"@type\":\"PropertyValueSpecification\",\"valueRequired\":true,\"valueName\":\"search_term_string\"}}],\"inLanguage\":\"fr-FR\"},{\"@type\":\"Organization\",\"@id\":\"https:\\\/\\\/www.prologistik.com\\\/fr\\\/#organization\",\"name\":\"proLogistik Group\",\"url\":\"https:\\\/\\\/www.prologistik.com\\\/fr\\\/\",\"logo\":{\"@type\":\"ImageObject\",\"inLanguage\":\"fr-FR\",\"@id\":\"https:\\\/\\\/www.prologistik.com\\\/fr\\\/#\\\/schema\\\/logo\\\/image\\\/\",\"url\":\"https:\\\/\\\/www.prologistik.com\\\/wp-content\\\/uploads\\\/prologistik-logo-web.svg\",\"contentUrl\":\"https:\\\/\\\/www.prologistik.com\\\/wp-content\\\/uploads\\\/prologistik-logo-web.svg\",\"width\":320,\"height\":59,\"caption\":\"proLogistik Group\"},\"image\":{\"@id\":\"https:\\\/\\\/www.prologistik.com\\\/fr\\\/#\\\/schema\\\/logo\\\/image\\\/\"}}]}<\/script>\n<!-- \/ Yoast SEO Premium plugin. -->","yoast_head_json":{"title":"\ud83d\udcf6 Couverture WLAN industrielle | R\u00e9seau sans faille en entrep\u00f4t","description":"Exigences particuli\u00e8res pour les technologies WLAN dans l'entrep\u00f4t : Transmission stable des donn\u00e9es \u2714\ufe0f \u00c9clairage radio professionnel \u2714\ufe0f Mat\u00e9riel adapt\u00e9 \u00e0 l'industrie \u2714\ufe0f","robots":{"index":"index","follow":"follow","max-snippet":"max-snippet:-1","max-image-preview":"max-image-preview:large","max-video-preview":"max-video-preview:-1"},"canonical":"https:\/\/www.prologistik.com\/fr\/solutions\/couverture-wlan-dans-lentrepot\/","og_locale":"fr_FR","og_type":"article","og_title":"Couverture WLAN dans l'entrep\u00f4t","og_description":"Exigences particuli\u00e8res pour les technologies WLAN dans l'entrep\u00f4t : Transmission stable des donn\u00e9es \u2714\ufe0f \u00c9clairage radio professionnel \u2714\ufe0f Mat\u00e9riel adapt\u00e9 \u00e0 l'industrie \u2714\ufe0f","og_url":"https:\/\/www.prologistik.com\/fr\/solutions\/couverture-wlan-dans-lentrepot\/","og_site_name":"proLogistik Group","article_modified_time":"2025-10-09T08:44:03+00:00","og_image":[{"width":1920,"height":717,"url":"https:\/\/www.prologistik.com\/wp-content\/uploads\/prologistik-header-wlan-versorgung.jpg","type":"image\/jpeg"}],"twitter_card":"summary_large_image","twitter_misc":{"Dur\u00e9e de lecture estim\u00e9e":"3 minutes"},"schema":{"@context":"https:\/\/schema.org","@graph":[{"@type":"WebPage","@id":"https:\/\/www.prologistik.com\/fr\/solutions\/couverture-wlan-dans-lentrepot\/","url":"https:\/\/www.prologistik.com\/fr\/solutions\/couverture-wlan-dans-lentrepot\/","name":"\ud83d\udcf6 Couverture WLAN industrielle | R\u00e9seau sans faille en entrep\u00f4t","isPartOf":{"@id":"https:\/\/www.prologistik.com\/fr\/#website"},"primaryImageOfPage":{"@id":"https:\/\/www.prologistik.com\/fr\/solutions\/couverture-wlan-dans-lentrepot\/#primaryimage"},"image":{"@id":"https:\/\/www.prologistik.com\/fr\/solutions\/couverture-wlan-dans-lentrepot\/#primaryimage"},"thumbnailUrl":"https:\/\/www.prologistik.com\/wp-content\/uploads\/Gemini_Generated_Image_pzstdzpzstdzpzst.png","datePublished":"2023-03-13T08:51:17+00:00","dateModified":"2025-10-09T08:44:03+00:00","description":"Exigences particuli\u00e8res pour les technologies WLAN dans l'entrep\u00f4t : Transmission stable des donn\u00e9es \u2714\ufe0f \u00c9clairage radio professionnel \u2714\ufe0f Mat\u00e9riel adapt\u00e9 \u00e0 l'industrie \u2714\ufe0f","breadcrumb":{"@id":"https:\/\/www.prologistik.com\/fr\/solutions\/couverture-wlan-dans-lentrepot\/#breadcrumb"},"inLanguage":"fr-FR","potentialAction":[{"@type":"ReadAction","target":["https:\/\/www.prologistik.com\/fr\/solutions\/couverture-wlan-dans-lentrepot\/"]}]},{"@type":"ImageObject","inLanguage":"fr-FR","@id":"https:\/\/www.prologistik.com\/fr\/solutions\/couverture-wlan-dans-lentrepot\/#primaryimage","url":"https:\/\/www.prologistik.com\/wp-content\/uploads\/Gemini_Generated_Image_pzstdzpzstdzpzst.png","contentUrl":"https:\/\/www.prologistik.com\/wp-content\/uploads\/Gemini_Generated_Image_pzstdzpzstdzpzst.png","width":1024,"height":576,"caption":"Wlan-Ausleuchtung im Lager"},{"@type":"BreadcrumbList","@id":"https:\/\/www.prologistik.com\/fr\/solutions\/couverture-wlan-dans-lentrepot\/#breadcrumb","itemListElement":[{"@type":"ListItem","position":1,"name":"Startseite","item":"https:\/\/www.prologistik.com\/fr\/"},{"@type":"ListItem","position":2,"name":"Solutions","item":"https:\/\/www.prologistik.com\/fr\/solutions\/"},{"@type":"ListItem","position":3,"name":"Couverture WLAN dans l&#8217;entrep\u00f4t"}]},{"@type":"WebSite","@id":"https:\/\/www.prologistik.com\/fr\/#website","url":"https:\/\/www.prologistik.com\/fr\/","name":"proLogistik Group","description":"Software und Hardware f\u00fcr die Intralogistik","publisher":{"@id":"https:\/\/www.prologistik.com\/fr\/#organization"},"potentialAction":[{"@type":"SearchAction","target":{"@type":"EntryPoint","urlTemplate":"https:\/\/www.prologistik.com\/fr\/?s={search_term_string}"},"query-input":{"@type":"PropertyValueSpecification","valueRequired":true,"valueName":"search_term_string"}}],"inLanguage":"fr-FR"},{"@type":"Organization","@id":"https:\/\/www.prologistik.com\/fr\/#organization","name":"proLogistik Group","url":"https:\/\/www.prologistik.com\/fr\/","logo":{"@type":"ImageObject","inLanguage":"fr-FR","@id":"https:\/\/www.prologistik.com\/fr\/#\/schema\/logo\/image\/","url":"https:\/\/www.prologistik.com\/wp-content\/uploads\/prologistik-logo-web.svg","contentUrl":"https:\/\/www.prologistik.com\/wp-content\/uploads\/prologistik-logo-web.svg","width":320,"height":59,"caption":"proLogistik Group"},"image":{"@id":"https:\/\/www.prologistik.com\/fr\/#\/schema\/logo\/image\/"}}]}},"_links":{"self":[{"href":"https:\/\/www.prologistik.com\/fr\/wp-json\/wp\/v2\/pages\/30480","targetHints":{"allow":["GET"]}}],"collection":[{"href":"https:\/\/www.prologistik.com\/fr\/wp-json\/wp\/v2\/pages"}],"about":[{"href":"https:\/\/www.prologistik.com\/fr\/wp-json\/wp\/v2\/types\/page"}],"author":[{"embeddable":true,"href":"https:\/\/www.prologistik.com\/fr\/wp-json\/wp\/v2\/users\/1"}],"replies":[{"embeddable":true,"href":"https:\/\/www.prologistik.com\/fr\/wp-json\/wp\/v2\/comments?post=30480"}],"version-history":[{"count":2,"href":"https:\/\/www.prologistik.com\/fr\/wp-json\/wp\/v2\/pages\/30480\/revisions"}],"predecessor-version":[{"id":53623,"href":"https:\/\/www.prologistik.com\/fr\/wp-json\/wp\/v2\/pages\/30480\/revisions\/53623"}],"up":[{"embeddable":true,"href":"https:\/\/www.prologistik.com\/fr\/wp-json\/wp\/v2\/pages\/30455"}],"wp:featuredmedia":[{"embeddable":true,"href":"https:\/\/www.prologistik.com\/fr\/wp-json\/wp\/v2\/media\/54680"}],"wp:attachment":[{"href":"https:\/\/www.prologistik.com\/fr\/wp-json\/wp\/v2\/media?parent=30480"}],"curies":[{"name":"wp","href":"https:\/\/api.w.org\/{rel}","templated":true}]}}