{"id":30472,"date":"2023-02-28T16:53:48","date_gmt":"2023-02-28T15:53:48","guid":{"rendered":"https:\/\/prologistik.pixel-tal.de\/materiel-informatique\/poste-de-travail-mobile\/chariot-de-reception-des-marchandises"},"modified":"2025-12-01T15:23:58","modified_gmt":"2025-12-01T14:23:58","slug":"chariot-de-reception-des-marchandises","status":"publish","type":"page","link":"https:\/\/www.prologistik.com\/fr\/materiel-informatique\/poste-de-travail-mobile\/chariot-de-reception-des-marchandises\/","title":{"rendered":"Chariot de r\u00e9ception des marchandises"},"content":{"rendered":"        \n            <!-- pagehead -->\n        \n                    \n\t\t\t<div id=\"pagehead-block_111e94544ed97129b6f552f16d74167e\" class=\"pagehead size-small\">\n\t\t\t\t\t\t\t<div class=\"pagehead-canvas\">\n\t\t\t\t<div class=\"pagehead-content has-bg-color bg-color-green\">\n\t\t\t\t\t<div class=\"pagehead-content-inner\">\n\t\t\t\t\t\t<div class=\"pagehead-icon icon-color-white\" data-aos=\"fade-up\" data-aos-delay=\"0\" style=\"mask-image: url(https:\/\/www.prologistik.com\/wp-content\/uploads\/prologistik_icons_Weitere_Funktionen-1.svg); -webkit-mask-image: url(https:\/\/www.prologistik.com\/wp-content\/uploads\/prologistik_icons_Weitere_Funktionen-1.svg);\"><\/div>\t\t\t\t\t\t<span class=\"pagehead-subheadline\"  data-aos=\"fade-up\" data-aos-delay=\"50\">Poste de travail mobile au d\u00e9p\u00f4t PLG<\/span>\t\t\t\t\t\t<h1 class=\"pagehead-headline\" data-aos=\"fade-up\" data-aos-delay=\"100\">Chariot de r\u00e9ception des marchandises<\/h1>\t\t\t\t\t\t\t\t\t\t\t<\/div>\n\t\t\t\t<\/div>\n\t\t\t<\/div>\n\t\t\t\n\t\t\t\t<div class=\"pagehead-background\">\n\t\t\t\t<!-- image_id: 44984 | alt: Banner Wareneingangswagen -->\t\t\t\t\t\t\t\t\t<img decoding=\"async\" class=\"test\" src=\"https:\/\/www.prologistik.com\/wp-content\/uploads\/pLG_Website_Hardware_Wareneingangswagen_Banner_1920x840px_2024-1.jpg\" alt=\"Banner Wareneingangswagen\" \/>\n\t\t\t\t\n\t\t\t\t<\/div>\n\t\t\t<\/div>\n        \n                    \n            <!-- end:pagehead -->\n        \n            \n\n<section class=\"gb-container gb-container-97381a90\">\n<div class=\"gb-container gb-container-76c9f99c\">\n<div class=\"gb-grid-wrapper gb-grid-wrapper-3c5d1c2a gb-grid-wrapper-space-between\">\n<div class=\"gb-grid-column gb-grid-column-bbfdb055\"><div class=\"gb-container gb-container-bbfdb055\">\n\n<div class=\"wp-block-pixel-headline headlines is-subheadline-top has-text-align-left\"><h2 class=\"headline\" style=\"color:\">Le poste de travail mobile et flexible<\/h2><span class=\"subheadline\" style=\"color:var(--color-blue)\">Le chariot de r\u00e9ception des marchandises<\/span><\/div>\n\n\n\n<p>Les bons appareils au bon moment et au bon endroit avec la station de travail roulante, vous pouvez organiser le travail de mani\u00e8re encore plus flexible et efficace. La station peut \u00eatre configur\u00e9e de mani\u00e8re flexible, tout en \u00e9tant suffisamment stable pour pouvoir \u00eatre \u00e9quip\u00e9e d&#8217;appareils plus lourds et n\u00e9cessaires pour les processus de travail quotidiens.<br><br>Pour les pr\u00e9parateurs de commandes, il est possible d&#8217;\u00e9quiper le poste de travail mobile d&#8217;une imprimante d&#8217;\u00e9tiquettes. En outre, la grande surface de travail offre suffisamment de place pour un ordinateur portable ou un ordinateur ainsi que d&#8217;autres articles ou appareils.<br><br>Le poste de travail mobile poss\u00e8de \u00e9galement sa propre batterie, ce qui permet de disposer \u00e0 tout moment de courant pour les chargeurs, les terminaux, les ordinateurs et autres appareils consommateurs d&#8217;\u00e9nergie.<\/p>\n\n<\/div><\/div>\n\n<div class=\"gb-grid-column gb-grid-column-29ae10d2\"><div class=\"gb-container gb-container-29ae10d2\">\n\n<figure class=\"wp-block-image size-full is-style-cube-bottom-left-back\"><img loading=\"lazy\" decoding=\"async\" width=\"700\" height=\"468\" src=\"https:\/\/www.prologistik.com\/wp-content\/uploads\/prologistik-content-mobile-arbeitsstation.jpg\" alt=\"\" class=\"wp-image-11980\" srcset=\"https:\/\/www.prologistik.com\/wp-content\/uploads\/prologistik-content-mobile-arbeitsstation.jpg 700w, https:\/\/www.prologistik.com\/wp-content\/uploads\/prologistik-content-mobile-arbeitsstation-300x201.jpg 300w, https:\/\/www.prologistik.com\/wp-content\/uploads\/prologistik-content-mobile-arbeitsstation-150x100.jpg 150w\" sizes=\"auto, (max-width: 700px) 100vw, 700px\" \/><\/figure>\n\n<\/div><\/div>\n<\/div>\n<\/div>\n<\/section>\n\n<section class=\"gb-container gb-container-e3c025b6 gb-container-no-padding-top\">\n<div class=\"gb-container gb-container-cdfc75df\">\n<div class=\"gb-grid-wrapper gb-grid-wrapper-86319236\">\n<div class=\"gb-grid-column gb-grid-column-33eeff29\"><div class=\"gb-container gb-container-33eeff29 globe-absolute\"><div class=\"gb-inside-container\">\n\n<div class=\"wp-block-pixel-headline headlines is-subheadline-top has-text-align-left\"><h2 class=\"headline\" style=\"color:\">Tous les avantages de la station de travail mobile en un coup d&#8217;\u0153il :<\/h2><\/div>\n\n<\/div><\/div><\/div>\n\n<div class=\"gb-grid-column gb-grid-column-41c9f346\"><div class=\"gb-container gb-container-41c9f346 globe-absolute\"><div class=\"gb-inside-container\">\n<div class=\"gb-grid-wrapper gb-grid-wrapper-98ec0e88\">\n<div class=\"gb-grid-column gb-grid-column-4417a68f\"><div class=\"gb-container gb-container-4417a68f\">\n\n<ul class=\"wp-block-list is-style-list-item-checkmark\">\n<li><strong>Syst\u00e8me modulaire flexible<\/strong><br>En fonction des exigeances du client, les \u00e9l\u00e9ments pour le poste de travail peuvent \u00eatre assembl\u00e9s individuellement et command\u00e9s ult\u00e9rieurement.<\/li>\n\n\n\n<li><strong>R\u00e9duction des d\u00e9placements<\/strong><br>Le poste de travail mobile permet de r\u00e9duire les temps de d\u00e9placement des collaborateurs\/trices.<\/li>\n<\/ul>\n\n<\/div><\/div>\n\n<div class=\"gb-grid-column gb-grid-column-9d87fec5\"><div class=\"gb-container gb-container-9d87fec5\">\n\n<ul class=\"wp-block-list is-style-list-item-checkmark\">\n<li><strong>Pas besoin de r\u00e9seau \u00e9lectrique<\/strong><br>Gr\u00e2ce \u00e0 la batterie int\u00e9gr\u00e9e sans entretien d&#8217;une puissance allant jusqu&#8217;\u00e0 1200 mW, la station n&#8217;a pas besoin d&#8217;\u00eatre raccord\u00e9e au r\u00e9seau.<\/li>\n\n\n\n<li><strong>\u00c9conomie de postes de travail fixes<\/strong><br>Et plus de flexibilit\u00e9 sur le lieu de travail.<\/li>\n<\/ul>\n\n<\/div><\/div>\n<\/div>\n<\/div><\/div><\/div>\n<\/div>\n<\/div>\n<\/section>\n\n<section class=\"gb-container gb-container-78838206 gb-container-no-padding-bottom\" id=\"contact\">\n<div class=\"gb-container gb-container-50cd05df\">\n<div class=\"gb-grid-wrapper gb-grid-wrapper-c9c168fa\">\n<div class=\"gb-grid-column gb-grid-column-23b9ba83\"><div class=\"gb-container gb-container-23b9ba83\">\n\n<div class=\"wp-block-pixel-headline headlines is-subheadline-top has-text-align-left\"><h2 class=\"headline\" style=\"color:\">Nous serions ravis de vous conseiller<\/h2><span class=\"subheadline\" style=\"color:var(--color-blue)\">nous sommes l\u00e0 pour vous<\/span><\/div>\n\n\n\n<p>Appelez-nous ou envoyez-nous un message. Nous vous r\u00e9pondrons dans les plus brefs d\u00e9lais!<\/p>\n\n<\/div><\/div>\n<\/div>\n<\/div>\n<\/section>\n\n<section class=\"gb-container gb-container-70fb4b89\">\n<div class=\"gb-container gb-container-5801648d\">\n<div class=\"gb-grid-wrapper gb-grid-wrapper-7a53e8bf\">\n<div class=\"gb-grid-column gb-grid-column-b5fa74e1\"><div class=\"gb-container gb-container-b5fa74e1\">\n\n<meta http-equiv=\"Content-type\" content=\"text\/html; charset=UTF-8\">\n\n<script>\nfunction validateForm(event) {\n  const honeypot = document.getElementById(\"website_url\");\n\n  if (honeypot && honeypot.value.trim() !== \"\") {\n    event.preventDefault();\n    return false;\n  }\n\n  const frc = document.querySelector('input[name=\"frc-captcha-response\"]');\n  if (!frc || !frc.value || frc.value.trim() === \"\") {\n    document.getElementById(\"error-message\").style.display = \"block\";\n    event.preventDefault();\n    return false;\n  }\n\n  return true;\n}\n<\/script>\n\n<form id=\"custom-form\" action=\"https:\/\/webto.salesforce.com\/servlet\/servlet.WebToLead?encoding=UTF-8&#038;orgId=00D7Q000002pukE\" method=\"post\" onsubmit=\"return validateForm(event)\">\n  <input type=\"hidden\" name=\"oid\" value=\"00D7Q000002pukE\">\n  <input type=\"hidden\" name=\"retURL\" value=\"https:\/\/www.prologistik.com\/fr\/merci-pour-votre-contact\">\n  <input type=\"hidden\" name=\"recordType\" id=\"recordType\" value=\"012Of000001B3oPIAS\">\n  <input type=\"hidden\" class=\"SourceURL\" name=\"00NOf000002QoMb\" id=\"00NOf000002QoMb\" value=\"\">\n  <input type=\"hidden\" name=\"lead_source\" value=\"Webseite (Kontaktformular)\">\n\n  <div class=\"honeypot-field\" style=\"display:none;\">\n    <label for=\"website_url\">Si vous \u00eates humain, laissez ce champ vide.<\/label>\n    <input type=\"text\" id=\"website_url\" name=\"website_url\">\n  <\/div>\n\n  <div class=\"cf-form-wrap\">\n    <div class=\"cf-fields-wrap\">\n      <div class=\"cf-field\">\n        <label for=\"company\">Entreprise<\/label>\n        <input id=\"company\" maxlength=\"40\" name=\"company\" size=\"20\" type=\"text\" placeholder=\"Entreprise\" required>\n      <\/div>\n\n      <div class=\"cf-field half\">\n        <label for=\"first_name\">Pr\u00e9nom<\/label>\n        <input id=\"first_name\" maxlength=\"40\" name=\"first_name\" size=\"20\" type=\"text\" placeholder=\"Pr\u00e9nom\" required>\n      <\/div>\n\n      <div class=\"cf-field half\">\n        <label for=\"last_name\">Nom<\/label>\n        <input id=\"last_name\" maxlength=\"80\" name=\"last_name\" size=\"20\" type=\"text\" placeholder=\"Nom\" required>\n      <\/div>\n\n      <div class=\"cf-field half\">\n        <label for=\"phone\">T\u00e9l\u00e9phone<\/label>\n        <input id=\"phone\" maxlength=\"40\" name=\"phone\" size=\"20\" type=\"text\" placeholder=\"T\u00e9l\u00e9phone\">\n      <\/div>\n\n      <div class=\"cf-field half\">\n        <label for=\"email\">Email<\/label>\n        <input id=\"email\" maxlength=\"80\" name=\"email\" size=\"20\" type=\"text\" placeholder=\"Email\" required>\n      <\/div>\n\n      <div class=\"cf-field full textarea\">\n        <label for=\"description\">Message<\/label>\n        <textarea name=\"description\" placeholder=\"D\u00e9crivez-nous votre demande.\"><\/textarea>\n      <\/div>\n\n      <div class=\"cf-field full privacy-policy\">\n        <input id=\"00NOf000002QlF3\" name=\"00NOf000002QlF3\" type=\"checkbox\" value=\"1\" required>\n        <span class=\"privacy-policy-note\">J&#8217;accepte la <a href=\"https:\/\/www.prologistik.com\/fr\/mentions-legales\/protection-des-donnees\/\" target=\"_blank\" rel=\"noopener\">politique de confidentialit\u00e9<\/a>.<\/span>\n      <\/div>\n\n      <div class=\"frc-captcha\" data-sitekey=\"FCMV5CER2E6IVQMC\"><\/div>\n      <div id=\"error-message\" style=\"color:red; display:none;\">Veuillez compl\u00e9ter le captcha.<\/div>\n\n      <div class=\"cf-field send-button\">\n        <input id=\"checksend\" name=\"submit\" class=\"wpcf7-form-control submit wpcf7-submit has-spinner\" type=\"submit\" value=\"Envoyer\">\n        <span class=\"wpcf7-spinner\"><\/span>\n      <\/div>\n    <\/div>\n  <\/div>\n<\/form>\n\n<script>\nconst input = document.querySelector('.SourceURL');\nif (input) {\n  input.value = window.location.href;\n}\n<\/script>\n\n\n<\/div><\/div>\n\n<div class=\"gb-grid-column gb-grid-column-034278d8\"><div class=\"gb-container gb-container-034278d8\">\n<div class=\"gb-container gb-container-902e59d8 contact_blue_box\">\n\n<p>proLogistik France<br>16 rue de la petite Sensive<br>44300 Nantes | France<\/p>\n\n\n\n<p class=\"has-color-white-color has-text-color has-link-color wp-elements-a825009c6dfc5e826e7dfc9f17afaf9c\"><span class=\"contact_blue_box_france\">T\u00e9l.: <a href=\"tel:+33(0) 251818585 \">+33 (0) 251 81 85 85 <\/a><\/span><\/p>\n\n\n\n<p class=\"has-color-white-color has-text-color has-link-color wp-elements-96a81da7641a0982aa9be3439ece95e6\"><a href=\"mailto:info@prologistik.com\">info@prologistik.com<\/a><\/p>\n\n<\/div>\n<\/div><\/div>\n<\/div>\n<\/div>\n<\/section>","protected":false},"excerpt":{"rendered":"","protected":false},"author":1,"featured_media":0,"parent":30453,"menu_order":0,"comment_status":"closed","ping_status":"closed","template":"","meta":{"_acf_changed":false,"footnotes":""},"class_list":["post-30472","page","type-page","status-publish"],"acf":[],"yoast_head":"<!-- This site is optimized with the Yoast SEO Premium plugin v26.9 (Yoast SEO v27.5) - https:\/\/yoast.com\/product\/yoast-seo-premium-wordpress\/ -->\n<title>Chariot de r\u00e9ception des marchandises - proLogistik Group<\/title>\n<meta name=\"description\" content=\"Le poste de travail mobile et flexible \u2714\ufe0f Syst\u00e8me modulaire flexible \u2714\ufe0f Pas besoin de r\u00e9seau \u00e9lectrique \u2714\ufe0f R\u00e9duction des temps de fonctionnement \u2714\ufe0f \u00c9conomie de postes de travail fixes \u2714\ufe0f\" \/>\n<meta name=\"robots\" content=\"index, follow, max-snippet:-1, max-image-preview:large, max-video-preview:-1\" \/>\n<link rel=\"canonical\" href=\"https:\/\/www.prologistik.com\/fr\/materiel-informatique\/poste-de-travail-mobile\/chariot-de-reception-des-marchandises\/\" \/>\n<meta property=\"og:locale\" content=\"fr_FR\" \/>\n<meta property=\"og:type\" content=\"article\" \/>\n<meta property=\"og:title\" content=\"Chariot de r\u00e9ception des marchandises\" \/>\n<meta property=\"og:description\" content=\"Le poste de travail mobile et flexible \u2714\ufe0f Syst\u00e8me modulaire flexible \u2714\ufe0f Pas besoin de r\u00e9seau \u00e9lectrique \u2714\ufe0f R\u00e9duction des temps de fonctionnement \u2714\ufe0f \u00c9conomie de postes de travail fixes \u2714\ufe0f\" \/>\n<meta property=\"og:url\" content=\"https:\/\/www.prologistik.com\/fr\/materiel-informatique\/poste-de-travail-mobile\/chariot-de-reception-des-marchandises\/\" \/>\n<meta property=\"og:site_name\" content=\"proLogistik Group\" \/>\n<meta property=\"article:modified_time\" content=\"2025-12-01T14:23:58+00:00\" \/>\n<meta property=\"og:image\" content=\"https:\/\/www.prologistik.com\/wp-content\/uploads\/prologistik-content-mobile-arbeitsstation.jpg\" \/>\n<meta name=\"twitter:card\" content=\"summary_large_image\" \/>\n<meta name=\"twitter:label1\" content=\"Dur\u00e9e de lecture estim\u00e9e\" \/>\n\t<meta name=\"twitter:data1\" content=\"1 minute\" \/>\n<script type=\"application\/ld+json\" class=\"yoast-schema-graph\">{\"@context\":\"https:\\\/\\\/schema.org\",\"@graph\":[{\"@type\":\"WebPage\",\"@id\":\"https:\\\/\\\/www.prologistik.com\\\/fr\\\/materiel-informatique\\\/poste-de-travail-mobile\\\/chariot-de-reception-des-marchandises\\\/\",\"url\":\"https:\\\/\\\/www.prologistik.com\\\/fr\\\/materiel-informatique\\\/poste-de-travail-mobile\\\/chariot-de-reception-des-marchandises\\\/\",\"name\":\"Chariot de r\u00e9ception des marchandises - proLogistik Group\",\"isPartOf\":{\"@id\":\"https:\\\/\\\/www.prologistik.com\\\/fr\\\/#website\"},\"primaryImageOfPage\":{\"@id\":\"https:\\\/\\\/www.prologistik.com\\\/fr\\\/materiel-informatique\\\/poste-de-travail-mobile\\\/chariot-de-reception-des-marchandises\\\/#primaryimage\"},\"image\":{\"@id\":\"https:\\\/\\\/www.prologistik.com\\\/fr\\\/materiel-informatique\\\/poste-de-travail-mobile\\\/chariot-de-reception-des-marchandises\\\/#primaryimage\"},\"thumbnailUrl\":\"https:\\\/\\\/www.prologistik.com\\\/wp-content\\\/uploads\\\/prologistik-content-mobile-arbeitsstation.jpg\",\"datePublished\":\"2023-02-28T15:53:48+00:00\",\"dateModified\":\"2025-12-01T14:23:58+00:00\",\"description\":\"Le poste de travail mobile et flexible \u2714\ufe0f Syst\u00e8me modulaire flexible \u2714\ufe0f Pas besoin de r\u00e9seau \u00e9lectrique \u2714\ufe0f R\u00e9duction des temps de fonctionnement \u2714\ufe0f \u00c9conomie de postes de travail fixes \u2714\ufe0f\",\"breadcrumb\":{\"@id\":\"https:\\\/\\\/www.prologistik.com\\\/fr\\\/materiel-informatique\\\/poste-de-travail-mobile\\\/chariot-de-reception-des-marchandises\\\/#breadcrumb\"},\"inLanguage\":\"fr-FR\",\"potentialAction\":[{\"@type\":\"ReadAction\",\"target\":[\"https:\\\/\\\/www.prologistik.com\\\/fr\\\/materiel-informatique\\\/poste-de-travail-mobile\\\/chariot-de-reception-des-marchandises\\\/\"]}]},{\"@type\":\"ImageObject\",\"inLanguage\":\"fr-FR\",\"@id\":\"https:\\\/\\\/www.prologistik.com\\\/fr\\\/materiel-informatique\\\/poste-de-travail-mobile\\\/chariot-de-reception-des-marchandises\\\/#primaryimage\",\"url\":\"https:\\\/\\\/www.prologistik.com\\\/wp-content\\\/uploads\\\/prologistik-content-mobile-arbeitsstation.jpg\",\"contentUrl\":\"https:\\\/\\\/www.prologistik.com\\\/wp-content\\\/uploads\\\/prologistik-content-mobile-arbeitsstation.jpg\"},{\"@type\":\"BreadcrumbList\",\"@id\":\"https:\\\/\\\/www.prologistik.com\\\/fr\\\/materiel-informatique\\\/poste-de-travail-mobile\\\/chariot-de-reception-des-marchandises\\\/#breadcrumb\",\"itemListElement\":[{\"@type\":\"ListItem\",\"position\":1,\"name\":\"Startseite\",\"item\":\"https:\\\/\\\/www.prologistik.com\\\/fr\\\/\"},{\"@type\":\"ListItem\",\"position\":2,\"name\":\"Hardware\",\"item\":\"https:\\\/\\\/www.prologistik.com\\\/fr\\\/materiel-informatique\\\/\"},{\"@type\":\"ListItem\",\"position\":3,\"name\":\"Poste de travail mobile\",\"item\":\"https:\\\/\\\/www.prologistik.com\\\/fr\\\/materiel-informatique\\\/poste-de-travail-mobile\\\/\"},{\"@type\":\"ListItem\",\"position\":4,\"name\":\"Chariot de r\u00e9ception des marchandises\"}]},{\"@type\":\"WebSite\",\"@id\":\"https:\\\/\\\/www.prologistik.com\\\/fr\\\/#website\",\"url\":\"https:\\\/\\\/www.prologistik.com\\\/fr\\\/\",\"name\":\"proLogistik Group\",\"description\":\"Software und Hardware f\u00fcr die Intralogistik\",\"publisher\":{\"@id\":\"https:\\\/\\\/www.prologistik.com\\\/fr\\\/#organization\"},\"potentialAction\":[{\"@type\":\"SearchAction\",\"target\":{\"@type\":\"EntryPoint\",\"urlTemplate\":\"https:\\\/\\\/www.prologistik.com\\\/fr\\\/?s={search_term_string}\"},\"query-input\":{\"@type\":\"PropertyValueSpecification\",\"valueRequired\":true,\"valueName\":\"search_term_string\"}}],\"inLanguage\":\"fr-FR\"},{\"@type\":\"Organization\",\"@id\":\"https:\\\/\\\/www.prologistik.com\\\/fr\\\/#organization\",\"name\":\"proLogistik Group\",\"url\":\"https:\\\/\\\/www.prologistik.com\\\/fr\\\/\",\"logo\":{\"@type\":\"ImageObject\",\"inLanguage\":\"fr-FR\",\"@id\":\"https:\\\/\\\/www.prologistik.com\\\/fr\\\/#\\\/schema\\\/logo\\\/image\\\/\",\"url\":\"https:\\\/\\\/www.prologistik.com\\\/wp-content\\\/uploads\\\/prologistik-logo-web.svg\",\"contentUrl\":\"https:\\\/\\\/www.prologistik.com\\\/wp-content\\\/uploads\\\/prologistik-logo-web.svg\",\"width\":320,\"height\":59,\"caption\":\"proLogistik Group\"},\"image\":{\"@id\":\"https:\\\/\\\/www.prologistik.com\\\/fr\\\/#\\\/schema\\\/logo\\\/image\\\/\"}}]}<\/script>\n<!-- \/ Yoast SEO Premium plugin. -->","yoast_head_json":{"title":"Chariot de r\u00e9ception des marchandises - proLogistik Group","description":"Le poste de travail mobile et flexible \u2714\ufe0f Syst\u00e8me modulaire flexible \u2714\ufe0f Pas besoin de r\u00e9seau \u00e9lectrique \u2714\ufe0f R\u00e9duction des temps de fonctionnement \u2714\ufe0f \u00c9conomie de postes de travail fixes \u2714\ufe0f","robots":{"index":"index","follow":"follow","max-snippet":"max-snippet:-1","max-image-preview":"max-image-preview:large","max-video-preview":"max-video-preview:-1"},"canonical":"https:\/\/www.prologistik.com\/fr\/materiel-informatique\/poste-de-travail-mobile\/chariot-de-reception-des-marchandises\/","og_locale":"fr_FR","og_type":"article","og_title":"Chariot de r\u00e9ception des marchandises","og_description":"Le poste de travail mobile et flexible \u2714\ufe0f Syst\u00e8me modulaire flexible \u2714\ufe0f Pas besoin de r\u00e9seau \u00e9lectrique \u2714\ufe0f R\u00e9duction des temps de fonctionnement \u2714\ufe0f \u00c9conomie de postes de travail fixes \u2714\ufe0f","og_url":"https:\/\/www.prologistik.com\/fr\/materiel-informatique\/poste-de-travail-mobile\/chariot-de-reception-des-marchandises\/","og_site_name":"proLogistik Group","article_modified_time":"2025-12-01T14:23:58+00:00","og_image":[{"url":"https:\/\/www.prologistik.com\/wp-content\/uploads\/prologistik-content-mobile-arbeitsstation.jpg","type":"","width":"","height":""}],"twitter_card":"summary_large_image","twitter_misc":{"Dur\u00e9e de lecture estim\u00e9e":"1 minute"},"schema":{"@context":"https:\/\/schema.org","@graph":[{"@type":"WebPage","@id":"https:\/\/www.prologistik.com\/fr\/materiel-informatique\/poste-de-travail-mobile\/chariot-de-reception-des-marchandises\/","url":"https:\/\/www.prologistik.com\/fr\/materiel-informatique\/poste-de-travail-mobile\/chariot-de-reception-des-marchandises\/","name":"Chariot de r\u00e9ception des marchandises - proLogistik Group","isPartOf":{"@id":"https:\/\/www.prologistik.com\/fr\/#website"},"primaryImageOfPage":{"@id":"https:\/\/www.prologistik.com\/fr\/materiel-informatique\/poste-de-travail-mobile\/chariot-de-reception-des-marchandises\/#primaryimage"},"image":{"@id":"https:\/\/www.prologistik.com\/fr\/materiel-informatique\/poste-de-travail-mobile\/chariot-de-reception-des-marchandises\/#primaryimage"},"thumbnailUrl":"https:\/\/www.prologistik.com\/wp-content\/uploads\/prologistik-content-mobile-arbeitsstation.jpg","datePublished":"2023-02-28T15:53:48+00:00","dateModified":"2025-12-01T14:23:58+00:00","description":"Le poste de travail mobile et flexible \u2714\ufe0f Syst\u00e8me modulaire flexible \u2714\ufe0f Pas besoin de r\u00e9seau \u00e9lectrique \u2714\ufe0f R\u00e9duction des temps de fonctionnement \u2714\ufe0f \u00c9conomie de postes de travail fixes \u2714\ufe0f","breadcrumb":{"@id":"https:\/\/www.prologistik.com\/fr\/materiel-informatique\/poste-de-travail-mobile\/chariot-de-reception-des-marchandises\/#breadcrumb"},"inLanguage":"fr-FR","potentialAction":[{"@type":"ReadAction","target":["https:\/\/www.prologistik.com\/fr\/materiel-informatique\/poste-de-travail-mobile\/chariot-de-reception-des-marchandises\/"]}]},{"@type":"ImageObject","inLanguage":"fr-FR","@id":"https:\/\/www.prologistik.com\/fr\/materiel-informatique\/poste-de-travail-mobile\/chariot-de-reception-des-marchandises\/#primaryimage","url":"https:\/\/www.prologistik.com\/wp-content\/uploads\/prologistik-content-mobile-arbeitsstation.jpg","contentUrl":"https:\/\/www.prologistik.com\/wp-content\/uploads\/prologistik-content-mobile-arbeitsstation.jpg"},{"@type":"BreadcrumbList","@id":"https:\/\/www.prologistik.com\/fr\/materiel-informatique\/poste-de-travail-mobile\/chariot-de-reception-des-marchandises\/#breadcrumb","itemListElement":[{"@type":"ListItem","position":1,"name":"Startseite","item":"https:\/\/www.prologistik.com\/fr\/"},{"@type":"ListItem","position":2,"name":"Hardware","item":"https:\/\/www.prologistik.com\/fr\/materiel-informatique\/"},{"@type":"ListItem","position":3,"name":"Poste de travail mobile","item":"https:\/\/www.prologistik.com\/fr\/materiel-informatique\/poste-de-travail-mobile\/"},{"@type":"ListItem","position":4,"name":"Chariot de r\u00e9ception des marchandises"}]},{"@type":"WebSite","@id":"https:\/\/www.prologistik.com\/fr\/#website","url":"https:\/\/www.prologistik.com\/fr\/","name":"proLogistik Group","description":"Software und Hardware f\u00fcr die Intralogistik","publisher":{"@id":"https:\/\/www.prologistik.com\/fr\/#organization"},"potentialAction":[{"@type":"SearchAction","target":{"@type":"EntryPoint","urlTemplate":"https:\/\/www.prologistik.com\/fr\/?s={search_term_string}"},"query-input":{"@type":"PropertyValueSpecification","valueRequired":true,"valueName":"search_term_string"}}],"inLanguage":"fr-FR"},{"@type":"Organization","@id":"https:\/\/www.prologistik.com\/fr\/#organization","name":"proLogistik Group","url":"https:\/\/www.prologistik.com\/fr\/","logo":{"@type":"ImageObject","inLanguage":"fr-FR","@id":"https:\/\/www.prologistik.com\/fr\/#\/schema\/logo\/image\/","url":"https:\/\/www.prologistik.com\/wp-content\/uploads\/prologistik-logo-web.svg","contentUrl":"https:\/\/www.prologistik.com\/wp-content\/uploads\/prologistik-logo-web.svg","width":320,"height":59,"caption":"proLogistik Group"},"image":{"@id":"https:\/\/www.prologistik.com\/fr\/#\/schema\/logo\/image\/"}}]}},"_links":{"self":[{"href":"https:\/\/www.prologistik.com\/fr\/wp-json\/wp\/v2\/pages\/30472","targetHints":{"allow":["GET"]}}],"collection":[{"href":"https:\/\/www.prologistik.com\/fr\/wp-json\/wp\/v2\/pages"}],"about":[{"href":"https:\/\/www.prologistik.com\/fr\/wp-json\/wp\/v2\/types\/page"}],"author":[{"embeddable":true,"href":"https:\/\/www.prologistik.com\/fr\/wp-json\/wp\/v2\/users\/1"}],"replies":[{"embeddable":true,"href":"https:\/\/www.prologistik.com\/fr\/wp-json\/wp\/v2\/comments?post=30472"}],"version-history":[{"count":5,"href":"https:\/\/www.prologistik.com\/fr\/wp-json\/wp\/v2\/pages\/30472\/revisions"}],"predecessor-version":[{"id":55549,"href":"https:\/\/www.prologistik.com\/fr\/wp-json\/wp\/v2\/pages\/30472\/revisions\/55549"}],"up":[{"embeddable":true,"href":"https:\/\/www.prologistik.com\/fr\/wp-json\/wp\/v2\/pages\/30453"}],"wp:attachment":[{"href":"https:\/\/www.prologistik.com\/fr\/wp-json\/wp\/v2\/media?parent=30472"}],"curies":[{"name":"wp","href":"https:\/\/api.w.org\/{rel}","templated":true}]}}