{"id":30462,"date":"2023-02-28T16:53:48","date_gmt":"2023-02-28T15:53:48","guid":{"rendered":"https:\/\/prologistik.pixel-tal.de\/materiel-informatique\/poste-de-travail-mobile\/mallette-de-transport-et-de-chargement"},"modified":"2025-12-01T15:26:20","modified_gmt":"2025-12-01T14:26:20","slug":"mallette-de-transport-et-de-chargement","status":"publish","type":"page","link":"https:\/\/www.prologistik.com\/fr\/materiel-informatique\/poste-de-travail-mobile\/mallette-de-transport-et-de-chargement\/","title":{"rendered":"Mallette de transport et de chargement"},"content":{"rendered":"        \n            <!-- pagehead -->\n        \n                    \n\t\t\t<div id=\"pagehead-block_006e02da767c5486cdfdb1f9196ecbf5\" class=\"pagehead size-small\">\n\t\t\t\t\t\t\t<div class=\"pagehead-canvas\">\n\t\t\t\t<div class=\"pagehead-content has-bg-color bg-color-green\">\n\t\t\t\t\t<div class=\"pagehead-content-inner\">\n\t\t\t\t\t\t<div class=\"pagehead-icon icon-color-white\" data-aos=\"fade-up\" data-aos-delay=\"0\" style=\"mask-image: url(https:\/\/www.prologistik.com\/wp-content\/uploads\/prologistik_icons_Weitere_Funktionen-1.svg); -webkit-mask-image: url(https:\/\/www.prologistik.com\/wp-content\/uploads\/prologistik_icons_Weitere_Funktionen-1.svg);\"><\/div>\t\t\t\t\t\t<span class=\"pagehead-subheadline\"  data-aos=\"fade-up\" data-aos-delay=\"50\">Postes de travail PLG<\/span>\t\t\t\t\t\t<h1 class=\"pagehead-headline\" data-aos=\"fade-up\" data-aos-delay=\"100\">Mallette de transport et de chargement<\/h1>\t\t\t\t\t\t\t\t\t\t\t<\/div>\n\t\t\t\t<\/div>\n\t\t\t<\/div>\n\t\t\t\n\t\t\t\t<div class=\"pagehead-background\">\n\t\t\t\t<!-- image_id: 34010 | alt:  -->\t\t\t\t\t\t\t\t\t<img decoding=\"async\" class=\"test\" src=\"https:\/\/www.prologistik.com\/wp-content\/uploads\/header_inventur-koffer.jpg\" alt=\"\" \/>\n\t\t\t\t\n\t\t\t\t<\/div>\n\t\t\t<\/div>\n        \n                    \n            <!-- end:pagehead -->\n        \n            \n\n<section class=\"gb-container gb-container-17bd892e gb-container-no-padding-top\">\n<div class=\"gb-container gb-container-f26935ff\">\n<div class=\"gb-grid-wrapper gb-grid-wrapper-90f9996a gb-grid-wrapper-space-between\">\n<div class=\"gb-grid-column gb-grid-column-f01f968e\"><div class=\"gb-container gb-container-f01f968e globe-absolute\">\n<div class=\"gb-grid-wrapper gb-grid-wrapper-d9ecd326\">\n<div class=\"gb-grid-column gb-grid-column-df73a3da\"><div class=\"gb-container gb-container-df73a3da\">\n\n<div class=\"wp-block-pixel-headline headlines is-subheadline-top has-text-align-left\"><h2 class=\"headline\" style=\"color:\">Mallette de transport et de chargement mobile jusqu&#8217;\u00e0 10 ASM<\/h2><span class=\"subheadline\" style=\"color:var(--color-blue)\">D\u00c9DI\u00c9E \u00c0 l&#8217;inventaire mobile<\/span><\/div>\n\n\n\n<p>Un inventaire efficace repose sur deux conditions : une pr\u00e9paration minutieuse et des outils performants pour une saisie fiable des donn\u00e9es. Le moyen le plus efficace consiste \u00e0 saisir les diff\u00e9rents articles en utilisant des appareils de saisie de donn\u00e9es mobiles avec lecteur de code-barres int\u00e9gr\u00e9.<br><br>Pour que les appareils soient stock\u00e9s et transport\u00e9s en toute s\u00e9curit\u00e9, il est recommand\u00e9 d&#8217;utiliser une mallette de transport et de chargement sp\u00e9ciale, qui non seulement est en mesure de conserver l&#8217;\u00e9quipement d&#8217;inventaire \u00e0 l&#8217;abri, mais aussi de l&#8217;alimenter en \u00e9lectricit\u00e9 \u00e0 tout moment.<\/p>\n\n<\/div><\/div>\n\n<div class=\"gb-grid-column gb-grid-column-5acbca88\"><div class=\"gb-container gb-container-5acbca88\">\n<div class=\"gb-grid-wrapper gb-grid-wrapper-ecdfe6d8\">\n<div class=\"gb-grid-column gb-grid-column-f6ddee4d\"><div class=\"gb-container gb-container-f6ddee4d\">\n\n<div class=\"wp-block-pixel-headline headlines is-subheadline-top has-text-align-left\"><h4 class=\"headline\" style=\"color:\"><strong>Les avantages de la mallette de transport et de chargement :<\/strong><\/h4><\/div>\n\n<\/div><\/div>\n\n<div class=\"gb-grid-column gb-grid-column-08d56282\"><div class=\"gb-container gb-container-08d56282 globe-absolute\">\n\n<ul class=\"wp-block-list is-style-list-item-checkmark\">\n<li>Mallette en aluminium robuste avec poign\u00e9es renforc\u00e9es<\/li>\n\n\n\n<li>R\u00e9sistance aux chutes et \u00e0 la salet\u00e9 pour un transport et un stockage \u00e0 long terme en toute s\u00e9curit\u00e9 et sans dommages<\/li>\n\n\n\n<li>Compact et personnalisable<\/li>\n\n\n\n<li>Roulettes, poign\u00e9e t\u00e9lescopique, etc.<\/li>\n\n\n\n<li>Couleurs &amp; Logo<\/li>\n<\/ul>\n\n<\/div><\/div>\n\n<div class=\"gb-grid-column gb-grid-column-d56d043b\"><div class=\"gb-container gb-container-d56d043b globe-absolute\"><div class=\"gb-inside-container\">\n\n<ul class=\"wp-block-list is-style-list-item-checkmark\">\n<li>Multi-chargeur pour 5 ou 10 appareils<\/li>\n\n\n\n<li>Prise de courant externe de 220 V (\u00e0 recharger sous cl\u00e9)<\/li>\n\n\n\n<li>Indicateur LED de l&#8217;\u00e9tat de charge<\/li>\n\n\n\n<li>Verrouillable<\/li>\n<\/ul>\n\n<\/div><\/div><\/div>\n<\/div>\n<\/div><\/div>\n<\/div>\n<\/div><\/div>\n\n<div class=\"gb-grid-column gb-grid-column-2fa854d5\"><div class=\"gb-container gb-container-2fa854d5 globe-absolute\"><div class=\"gb-inside-container\">\n\n<figure class=\"wp-block-image size-full is-style-cube-bottom-left-back\"><img loading=\"lazy\" decoding=\"async\" width=\"700\" height=\"644\" src=\"https:\/\/www.prologistik.com\/wp-content\/uploads\/prologistik-content-arbeitskoffer.jpg\" alt=\"\" class=\"wp-image-12057\" srcset=\"https:\/\/www.prologistik.com\/wp-content\/uploads\/prologistik-content-arbeitskoffer.jpg 700w, https:\/\/www.prologistik.com\/wp-content\/uploads\/prologistik-content-arbeitskoffer-300x276.jpg 300w, https:\/\/www.prologistik.com\/wp-content\/uploads\/prologistik-content-arbeitskoffer-150x138.jpg 150w\" sizes=\"auto, (max-width: 700px) 100vw, 700px\" \/><\/figure>\n\n<\/div><\/div><\/div>\n<\/div>\n<\/div>\n<\/section>\n\n<section class=\"gb-container gb-container-78838206 gb-container-no-padding-bottom\" id=\"contact\">\n<div class=\"gb-container gb-container-50cd05df\">\n<div class=\"gb-grid-wrapper gb-grid-wrapper-c9c168fa\">\n<div class=\"gb-grid-column gb-grid-column-23b9ba83\"><div class=\"gb-container gb-container-23b9ba83\">\n\n<div class=\"wp-block-pixel-headline headlines is-subheadline-top has-text-align-left\"><h2 class=\"headline\" style=\"color:\">Nous serions ravis de vous conseiller<\/h2><span class=\"subheadline\" style=\"color:var(--color-blue)\">nous sommes l\u00e0 pour vous<\/span><\/div>\n\n\n\n<p>Appelez-nous ou envoyez-nous un message. Nous vous r\u00e9pondrons dans les plus brefs d\u00e9lais!<\/p>\n\n<\/div><\/div>\n<\/div>\n<\/div>\n<\/section>\n\n<section class=\"gb-container gb-container-70fb4b89\">\n<div class=\"gb-container gb-container-5801648d\">\n<div class=\"gb-grid-wrapper gb-grid-wrapper-7a53e8bf\">\n<div class=\"gb-grid-column gb-grid-column-b5fa74e1\"><div class=\"gb-container gb-container-b5fa74e1\">\n\n<meta http-equiv=\"Content-type\" content=\"text\/html; charset=UTF-8\">\n\n<script>\nfunction validateForm(event) {\n  const honeypot = document.getElementById(\"website_url\");\n\n  if (honeypot && honeypot.value.trim() !== \"\") {\n    event.preventDefault();\n    return false;\n  }\n\n  const frc = document.querySelector('input[name=\"frc-captcha-response\"]');\n  if (!frc || !frc.value || frc.value.trim() === \"\") {\n    document.getElementById(\"error-message\").style.display = \"block\";\n    event.preventDefault();\n    return false;\n  }\n\n  return true;\n}\n<\/script>\n\n<form id=\"custom-form\" action=\"https:\/\/webto.salesforce.com\/servlet\/servlet.WebToLead?encoding=UTF-8&#038;orgId=00D7Q000002pukE\" method=\"post\" onsubmit=\"return validateForm(event)\">\n  <input type=\"hidden\" name=\"oid\" value=\"00D7Q000002pukE\">\n  <input type=\"hidden\" name=\"retURL\" value=\"https:\/\/www.prologistik.com\/fr\/merci-pour-votre-contact\">\n  <input type=\"hidden\" name=\"recordType\" id=\"recordType\" value=\"012Of000001B3oPIAS\">\n  <input type=\"hidden\" class=\"SourceURL\" name=\"00NOf000002QoMb\" id=\"00NOf000002QoMb\" value=\"\">\n  <input type=\"hidden\" name=\"lead_source\" value=\"Webseite (Kontaktformular)\">\n\n  <div class=\"honeypot-field\" style=\"display:none;\">\n    <label for=\"website_url\">Si vous \u00eates humain, laissez ce champ vide.<\/label>\n    <input type=\"text\" id=\"website_url\" name=\"website_url\">\n  <\/div>\n\n  <div class=\"cf-form-wrap\">\n    <div class=\"cf-fields-wrap\">\n      <div class=\"cf-field\">\n        <label for=\"company\">Entreprise<\/label>\n        <input id=\"company\" maxlength=\"40\" name=\"company\" size=\"20\" type=\"text\" placeholder=\"Entreprise\" required>\n      <\/div>\n\n      <div class=\"cf-field half\">\n        <label for=\"first_name\">Pr\u00e9nom<\/label>\n        <input id=\"first_name\" maxlength=\"40\" name=\"first_name\" size=\"20\" type=\"text\" placeholder=\"Pr\u00e9nom\" required>\n      <\/div>\n\n      <div class=\"cf-field half\">\n        <label for=\"last_name\">Nom<\/label>\n        <input id=\"last_name\" maxlength=\"80\" name=\"last_name\" size=\"20\" type=\"text\" placeholder=\"Nom\" required>\n      <\/div>\n\n      <div class=\"cf-field half\">\n        <label for=\"phone\">T\u00e9l\u00e9phone<\/label>\n        <input id=\"phone\" maxlength=\"40\" name=\"phone\" size=\"20\" type=\"text\" placeholder=\"T\u00e9l\u00e9phone\">\n      <\/div>\n\n      <div class=\"cf-field half\">\n        <label for=\"email\">Email<\/label>\n        <input id=\"email\" maxlength=\"80\" name=\"email\" size=\"20\" type=\"text\" placeholder=\"Email\" required>\n      <\/div>\n\n      <div class=\"cf-field full textarea\">\n        <label for=\"description\">Message<\/label>\n        <textarea name=\"description\" placeholder=\"D\u00e9crivez-nous votre demande.\"><\/textarea>\n      <\/div>\n\n      <div class=\"cf-field full privacy-policy\">\n        <input id=\"00NOf000002QlF3\" name=\"00NOf000002QlF3\" type=\"checkbox\" value=\"1\" required>\n        <span class=\"privacy-policy-note\">J&#8217;accepte la <a href=\"https:\/\/www.prologistik.com\/fr\/mentions-legales\/protection-des-donnees\/\" target=\"_blank\" rel=\"noopener\">politique de confidentialit\u00e9<\/a>.<\/span>\n      <\/div>\n\n      <div class=\"frc-captcha\" data-sitekey=\"FCMV5CER2E6IVQMC\"><\/div>\n      <div id=\"error-message\" style=\"color:red; display:none;\">Veuillez compl\u00e9ter le captcha.<\/div>\n\n      <div class=\"cf-field send-button\">\n        <input id=\"checksend\" name=\"submit\" class=\"wpcf7-form-control submit wpcf7-submit has-spinner\" type=\"submit\" value=\"Envoyer\">\n        <span class=\"wpcf7-spinner\"><\/span>\n      <\/div>\n    <\/div>\n  <\/div>\n<\/form>\n\n<script>\nconst input = document.querySelector('.SourceURL');\nif (input) {\n  input.value = window.location.href;\n}\n<\/script>\n\n\n<\/div><\/div>\n\n<div class=\"gb-grid-column gb-grid-column-034278d8\"><div class=\"gb-container gb-container-034278d8\">\n<div class=\"gb-container gb-container-902e59d8 contact_blue_box\">\n\n<p>proLogistik France<br>16 rue de la petite Sensive<br>44300 Nantes | France<\/p>\n\n\n\n<p class=\"has-color-white-color has-text-color has-link-color wp-elements-a825009c6dfc5e826e7dfc9f17afaf9c\"><span class=\"contact_blue_box_france\">T\u00e9l.: <a href=\"tel:+33(0) 251818585 \">+33 (0) 251 81 85 85 <\/a><\/span><\/p>\n\n\n\n<p class=\"has-color-white-color has-text-color has-link-color wp-elements-96a81da7641a0982aa9be3439ece95e6\"><a href=\"mailto:info@prologistik.com\">info@prologistik.com<\/a><\/p>\n\n<\/div>\n<\/div><\/div>\n<\/div>\n<\/div>\n<\/section>","protected":false},"excerpt":{"rendered":"","protected":false},"author":1,"featured_media":0,"parent":30453,"menu_order":2,"comment_status":"closed","ping_status":"closed","template":"","meta":{"_acf_changed":false,"footnotes":""},"class_list":["post-30462","page","type-page","status-publish"],"acf":[],"yoast_head":"<!-- This site is optimized with the Yoast SEO Premium plugin v26.9 (Yoast SEO v27.5) - https:\/\/yoast.com\/product\/yoast-seo-premium-wordpress\/ -->\n<title>Mallette d&#039;inventaire : un outil pour une saisie fiable des donn\u00e9es<\/title>\n<meta name=\"description\" content=\"Pour l&#039;inventaire mobile \u2714\ufe0f Mallette robuste en aluminium avec poign\u00e9es renforc\u00e9es \u2714\ufe0f Compacte et personnalisable \u2714\ufe0f R\u00e9sistante aux chutes et \u00e0 la salet\u00e9 \u2714\ufe0f\" \/>\n<meta name=\"robots\" content=\"index, follow, max-snippet:-1, max-image-preview:large, max-video-preview:-1\" \/>\n<link rel=\"canonical\" href=\"https:\/\/www.prologistik.com\/fr\/materiel-informatique\/poste-de-travail-mobile\/mallette-de-transport-et-de-chargement\/\" \/>\n<meta property=\"og:locale\" content=\"fr_FR\" \/>\n<meta property=\"og:type\" content=\"article\" \/>\n<meta property=\"og:title\" content=\"Mallette de transport et de chargement\" \/>\n<meta property=\"og:description\" content=\"Pour l&#039;inventaire mobile \u2714\ufe0f Mallette robuste en aluminium avec poign\u00e9es renforc\u00e9es \u2714\ufe0f Compacte et personnalisable \u2714\ufe0f R\u00e9sistante aux chutes et \u00e0 la salet\u00e9 \u2714\ufe0f\" \/>\n<meta property=\"og:url\" content=\"https:\/\/www.prologistik.com\/fr\/materiel-informatique\/poste-de-travail-mobile\/mallette-de-transport-et-de-chargement\/\" \/>\n<meta property=\"og:site_name\" content=\"proLogistik Group\" \/>\n<meta property=\"article:modified_time\" content=\"2025-12-01T14:26:20+00:00\" \/>\n<meta property=\"og:image\" content=\"https:\/\/www.prologistik.com\/wp-content\/uploads\/prologistik-content-arbeitskoffer.jpg\" \/>\n<meta name=\"twitter:card\" content=\"summary_large_image\" \/>\n<meta name=\"twitter:label1\" content=\"Dur\u00e9e de lecture estim\u00e9e\" \/>\n\t<meta name=\"twitter:data1\" content=\"1 minute\" \/>\n<script type=\"application\/ld+json\" class=\"yoast-schema-graph\">{\"@context\":\"https:\\\/\\\/schema.org\",\"@graph\":[{\"@type\":\"WebPage\",\"@id\":\"https:\\\/\\\/www.prologistik.com\\\/fr\\\/materiel-informatique\\\/poste-de-travail-mobile\\\/mallette-de-transport-et-de-chargement\\\/\",\"url\":\"https:\\\/\\\/www.prologistik.com\\\/fr\\\/materiel-informatique\\\/poste-de-travail-mobile\\\/mallette-de-transport-et-de-chargement\\\/\",\"name\":\"Mallette d'inventaire : un outil pour une saisie fiable des donn\u00e9es\",\"isPartOf\":{\"@id\":\"https:\\\/\\\/www.prologistik.com\\\/fr\\\/#website\"},\"primaryImageOfPage\":{\"@id\":\"https:\\\/\\\/www.prologistik.com\\\/fr\\\/materiel-informatique\\\/poste-de-travail-mobile\\\/mallette-de-transport-et-de-chargement\\\/#primaryimage\"},\"image\":{\"@id\":\"https:\\\/\\\/www.prologistik.com\\\/fr\\\/materiel-informatique\\\/poste-de-travail-mobile\\\/mallette-de-transport-et-de-chargement\\\/#primaryimage\"},\"thumbnailUrl\":\"https:\\\/\\\/www.prologistik.com\\\/wp-content\\\/uploads\\\/prologistik-content-arbeitskoffer.jpg\",\"datePublished\":\"2023-02-28T15:53:48+00:00\",\"dateModified\":\"2025-12-01T14:26:20+00:00\",\"description\":\"Pour l'inventaire mobile \u2714\ufe0f Mallette robuste en aluminium avec poign\u00e9es renforc\u00e9es \u2714\ufe0f Compacte et personnalisable \u2714\ufe0f R\u00e9sistante aux chutes et \u00e0 la salet\u00e9 \u2714\ufe0f\",\"breadcrumb\":{\"@id\":\"https:\\\/\\\/www.prologistik.com\\\/fr\\\/materiel-informatique\\\/poste-de-travail-mobile\\\/mallette-de-transport-et-de-chargement\\\/#breadcrumb\"},\"inLanguage\":\"fr-FR\",\"potentialAction\":[{\"@type\":\"ReadAction\",\"target\":[\"https:\\\/\\\/www.prologistik.com\\\/fr\\\/materiel-informatique\\\/poste-de-travail-mobile\\\/mallette-de-transport-et-de-chargement\\\/\"]}]},{\"@type\":\"ImageObject\",\"inLanguage\":\"fr-FR\",\"@id\":\"https:\\\/\\\/www.prologistik.com\\\/fr\\\/materiel-informatique\\\/poste-de-travail-mobile\\\/mallette-de-transport-et-de-chargement\\\/#primaryimage\",\"url\":\"https:\\\/\\\/www.prologistik.com\\\/wp-content\\\/uploads\\\/prologistik-content-arbeitskoffer.jpg\",\"contentUrl\":\"https:\\\/\\\/www.prologistik.com\\\/wp-content\\\/uploads\\\/prologistik-content-arbeitskoffer.jpg\"},{\"@type\":\"BreadcrumbList\",\"@id\":\"https:\\\/\\\/www.prologistik.com\\\/fr\\\/materiel-informatique\\\/poste-de-travail-mobile\\\/mallette-de-transport-et-de-chargement\\\/#breadcrumb\",\"itemListElement\":[{\"@type\":\"ListItem\",\"position\":1,\"name\":\"Startseite\",\"item\":\"https:\\\/\\\/www.prologistik.com\\\/fr\\\/\"},{\"@type\":\"ListItem\",\"position\":2,\"name\":\"Hardware\",\"item\":\"https:\\\/\\\/www.prologistik.com\\\/fr\\\/materiel-informatique\\\/\"},{\"@type\":\"ListItem\",\"position\":3,\"name\":\"Poste de travail mobile\",\"item\":\"https:\\\/\\\/www.prologistik.com\\\/fr\\\/materiel-informatique\\\/poste-de-travail-mobile\\\/\"},{\"@type\":\"ListItem\",\"position\":4,\"name\":\"Mallette de transport et de chargement\"}]},{\"@type\":\"WebSite\",\"@id\":\"https:\\\/\\\/www.prologistik.com\\\/fr\\\/#website\",\"url\":\"https:\\\/\\\/www.prologistik.com\\\/fr\\\/\",\"name\":\"proLogistik Group\",\"description\":\"Software und Hardware f\u00fcr die Intralogistik\",\"publisher\":{\"@id\":\"https:\\\/\\\/www.prologistik.com\\\/fr\\\/#organization\"},\"potentialAction\":[{\"@type\":\"SearchAction\",\"target\":{\"@type\":\"EntryPoint\",\"urlTemplate\":\"https:\\\/\\\/www.prologistik.com\\\/fr\\\/?s={search_term_string}\"},\"query-input\":{\"@type\":\"PropertyValueSpecification\",\"valueRequired\":true,\"valueName\":\"search_term_string\"}}],\"inLanguage\":\"fr-FR\"},{\"@type\":\"Organization\",\"@id\":\"https:\\\/\\\/www.prologistik.com\\\/fr\\\/#organization\",\"name\":\"proLogistik Group\",\"url\":\"https:\\\/\\\/www.prologistik.com\\\/fr\\\/\",\"logo\":{\"@type\":\"ImageObject\",\"inLanguage\":\"fr-FR\",\"@id\":\"https:\\\/\\\/www.prologistik.com\\\/fr\\\/#\\\/schema\\\/logo\\\/image\\\/\",\"url\":\"https:\\\/\\\/www.prologistik.com\\\/wp-content\\\/uploads\\\/prologistik-logo-web.svg\",\"contentUrl\":\"https:\\\/\\\/www.prologistik.com\\\/wp-content\\\/uploads\\\/prologistik-logo-web.svg\",\"width\":320,\"height\":59,\"caption\":\"proLogistik Group\"},\"image\":{\"@id\":\"https:\\\/\\\/www.prologistik.com\\\/fr\\\/#\\\/schema\\\/logo\\\/image\\\/\"}}]}<\/script>\n<!-- \/ Yoast SEO Premium plugin. -->","yoast_head_json":{"title":"Mallette d'inventaire : un outil pour une saisie fiable des donn\u00e9es","description":"Pour l'inventaire mobile \u2714\ufe0f Mallette robuste en aluminium avec poign\u00e9es renforc\u00e9es \u2714\ufe0f Compacte et personnalisable \u2714\ufe0f R\u00e9sistante aux chutes et \u00e0 la salet\u00e9 \u2714\ufe0f","robots":{"index":"index","follow":"follow","max-snippet":"max-snippet:-1","max-image-preview":"max-image-preview:large","max-video-preview":"max-video-preview:-1"},"canonical":"https:\/\/www.prologistik.com\/fr\/materiel-informatique\/poste-de-travail-mobile\/mallette-de-transport-et-de-chargement\/","og_locale":"fr_FR","og_type":"article","og_title":"Mallette de transport et de chargement","og_description":"Pour l'inventaire mobile \u2714\ufe0f Mallette robuste en aluminium avec poign\u00e9es renforc\u00e9es \u2714\ufe0f Compacte et personnalisable \u2714\ufe0f R\u00e9sistante aux chutes et \u00e0 la salet\u00e9 \u2714\ufe0f","og_url":"https:\/\/www.prologistik.com\/fr\/materiel-informatique\/poste-de-travail-mobile\/mallette-de-transport-et-de-chargement\/","og_site_name":"proLogistik Group","article_modified_time":"2025-12-01T14:26:20+00:00","og_image":[{"url":"https:\/\/www.prologistik.com\/wp-content\/uploads\/prologistik-content-arbeitskoffer.jpg","type":"","width":"","height":""}],"twitter_card":"summary_large_image","twitter_misc":{"Dur\u00e9e de lecture estim\u00e9e":"1 minute"},"schema":{"@context":"https:\/\/schema.org","@graph":[{"@type":"WebPage","@id":"https:\/\/www.prologistik.com\/fr\/materiel-informatique\/poste-de-travail-mobile\/mallette-de-transport-et-de-chargement\/","url":"https:\/\/www.prologistik.com\/fr\/materiel-informatique\/poste-de-travail-mobile\/mallette-de-transport-et-de-chargement\/","name":"Mallette d'inventaire : un outil pour une saisie fiable des donn\u00e9es","isPartOf":{"@id":"https:\/\/www.prologistik.com\/fr\/#website"},"primaryImageOfPage":{"@id":"https:\/\/www.prologistik.com\/fr\/materiel-informatique\/poste-de-travail-mobile\/mallette-de-transport-et-de-chargement\/#primaryimage"},"image":{"@id":"https:\/\/www.prologistik.com\/fr\/materiel-informatique\/poste-de-travail-mobile\/mallette-de-transport-et-de-chargement\/#primaryimage"},"thumbnailUrl":"https:\/\/www.prologistik.com\/wp-content\/uploads\/prologistik-content-arbeitskoffer.jpg","datePublished":"2023-02-28T15:53:48+00:00","dateModified":"2025-12-01T14:26:20+00:00","description":"Pour l'inventaire mobile \u2714\ufe0f Mallette robuste en aluminium avec poign\u00e9es renforc\u00e9es \u2714\ufe0f Compacte et personnalisable \u2714\ufe0f R\u00e9sistante aux chutes et \u00e0 la salet\u00e9 \u2714\ufe0f","breadcrumb":{"@id":"https:\/\/www.prologistik.com\/fr\/materiel-informatique\/poste-de-travail-mobile\/mallette-de-transport-et-de-chargement\/#breadcrumb"},"inLanguage":"fr-FR","potentialAction":[{"@type":"ReadAction","target":["https:\/\/www.prologistik.com\/fr\/materiel-informatique\/poste-de-travail-mobile\/mallette-de-transport-et-de-chargement\/"]}]},{"@type":"ImageObject","inLanguage":"fr-FR","@id":"https:\/\/www.prologistik.com\/fr\/materiel-informatique\/poste-de-travail-mobile\/mallette-de-transport-et-de-chargement\/#primaryimage","url":"https:\/\/www.prologistik.com\/wp-content\/uploads\/prologistik-content-arbeitskoffer.jpg","contentUrl":"https:\/\/www.prologistik.com\/wp-content\/uploads\/prologistik-content-arbeitskoffer.jpg"},{"@type":"BreadcrumbList","@id":"https:\/\/www.prologistik.com\/fr\/materiel-informatique\/poste-de-travail-mobile\/mallette-de-transport-et-de-chargement\/#breadcrumb","itemListElement":[{"@type":"ListItem","position":1,"name":"Startseite","item":"https:\/\/www.prologistik.com\/fr\/"},{"@type":"ListItem","position":2,"name":"Hardware","item":"https:\/\/www.prologistik.com\/fr\/materiel-informatique\/"},{"@type":"ListItem","position":3,"name":"Poste de travail mobile","item":"https:\/\/www.prologistik.com\/fr\/materiel-informatique\/poste-de-travail-mobile\/"},{"@type":"ListItem","position":4,"name":"Mallette de transport et de chargement"}]},{"@type":"WebSite","@id":"https:\/\/www.prologistik.com\/fr\/#website","url":"https:\/\/www.prologistik.com\/fr\/","name":"proLogistik Group","description":"Software und Hardware f\u00fcr die Intralogistik","publisher":{"@id":"https:\/\/www.prologistik.com\/fr\/#organization"},"potentialAction":[{"@type":"SearchAction","target":{"@type":"EntryPoint","urlTemplate":"https:\/\/www.prologistik.com\/fr\/?s={search_term_string}"},"query-input":{"@type":"PropertyValueSpecification","valueRequired":true,"valueName":"search_term_string"}}],"inLanguage":"fr-FR"},{"@type":"Organization","@id":"https:\/\/www.prologistik.com\/fr\/#organization","name":"proLogistik Group","url":"https:\/\/www.prologistik.com\/fr\/","logo":{"@type":"ImageObject","inLanguage":"fr-FR","@id":"https:\/\/www.prologistik.com\/fr\/#\/schema\/logo\/image\/","url":"https:\/\/www.prologistik.com\/wp-content\/uploads\/prologistik-logo-web.svg","contentUrl":"https:\/\/www.prologistik.com\/wp-content\/uploads\/prologistik-logo-web.svg","width":320,"height":59,"caption":"proLogistik Group"},"image":{"@id":"https:\/\/www.prologistik.com\/fr\/#\/schema\/logo\/image\/"}}]}},"_links":{"self":[{"href":"https:\/\/www.prologistik.com\/fr\/wp-json\/wp\/v2\/pages\/30462","targetHints":{"allow":["GET"]}}],"collection":[{"href":"https:\/\/www.prologistik.com\/fr\/wp-json\/wp\/v2\/pages"}],"about":[{"href":"https:\/\/www.prologistik.com\/fr\/wp-json\/wp\/v2\/types\/page"}],"author":[{"embeddable":true,"href":"https:\/\/www.prologistik.com\/fr\/wp-json\/wp\/v2\/users\/1"}],"replies":[{"embeddable":true,"href":"https:\/\/www.prologistik.com\/fr\/wp-json\/wp\/v2\/comments?post=30462"}],"version-history":[{"count":3,"href":"https:\/\/www.prologistik.com\/fr\/wp-json\/wp\/v2\/pages\/30462\/revisions"}],"predecessor-version":[{"id":55550,"href":"https:\/\/www.prologistik.com\/fr\/wp-json\/wp\/v2\/pages\/30462\/revisions\/55550"}],"up":[{"embeddable":true,"href":"https:\/\/www.prologistik.com\/fr\/wp-json\/wp\/v2\/pages\/30453"}],"wp:attachment":[{"href":"https:\/\/www.prologistik.com\/fr\/wp-json\/wp\/v2\/media?parent=30462"}],"curies":[{"name":"wp","href":"https:\/\/api.w.org\/{rel}","templated":true}]}}