{"id":30302,"date":"2023-03-28T15:19:35","date_gmt":"2023-03-28T13:19:35","guid":{"rendered":"https:\/\/prologistik.pixel-tal.de\/materiel-informatique-2"},"modified":"2025-10-09T10:40:12","modified_gmt":"2025-10-09T08:40:12","slug":"materiel-informatique-soutien","status":"publish","type":"page","link":"https:\/\/www.prologistik.com\/fr\/materiel-informatique-soutien\/","title":{"rendered":"Mat\u00e9riel informatique"},"content":{"rendered":"        \n            <!-- pagehead -->\n        \n                    \n\t\t\t<div id=\"pagehead-block_60e387885e5295456c09bddfb48c8541\" class=\"pagehead size-small\">\n\t\t\t\t\t\t\t<div class=\"pagehead-canvas\">\n\t\t\t\t<div class=\"pagehead-content has-bg-color bg-color-green\">\n\t\t\t\t\t<div class=\"pagehead-content-inner\">\n\t\t\t\t\t\t<div class=\"pagehead-icon icon-color-white\" data-aos=\"fade-up\" data-aos-delay=\"0\" style=\"mask-image: url(https:\/\/www.prologistik.com\/wp-content\/uploads\/hardware-chip-outline.svg); -webkit-mask-image: url(https:\/\/www.prologistik.com\/wp-content\/uploads\/hardware-chip-outline.svg);\"><\/div>\t\t\t\t\t\t<span class=\"pagehead-subheadline\"  data-aos=\"fade-up\" data-aos-delay=\"50\">SUPPORT PLG<\/span>\t\t\t\t\t\t<h1 class=\"pagehead-headline\" data-aos=\"fade-up\" data-aos-delay=\"100\">Support pour le mat\u00e9riel de proLogistik<\/h1>\t\t\t\t\t\t\t\t\t\t\t<\/div>\n\t\t\t\t<\/div>\n\t\t\t<\/div>\n\t\t\t\n\t\t\t\t<div class=\"pagehead-background\">\n\t\t\t\t<!-- image_id: 44437 | alt: Banner Support Hardware -->\t\t\t\t\t\t\t\t\t<img decoding=\"async\" class=\"test\" src=\"https:\/\/www.prologistik.com\/wp-content\/uploads\/pLG_Website_Support_Hardware_1920x840px_2024.jpg\" alt=\"Banner Support Hardware\" \/>\n\t\t\t\t\n\t\t\t\t<\/div>\n\t\t\t<\/div>\n        \n                    \n            <!-- end:pagehead -->\n        \n            \n\n<section class=\"gb-container gb-container-4ad6f3ec\">\n<div class=\"gb-container gb-container-99f6c955\">\n<div class=\"gb-grid-wrapper gb-grid-wrapper-d52020e3 gb-grid-wrapper-space-between\">\n<div data-aos=\"fade-right\" class=\"gb-grid-column gb-grid-column-b4c19fd5\"><div class=\"gb-container gb-container-b4c19fd5\">\n\n<div class=\"wp-block-pixel-headline headlines is-subheadline-top has-text-align-left\"><h2 class=\"headline\" style=\"color:\">Le support mat\u00e9riel<\/h2><\/div>\n\n\n\n<p>Pour r\u00e9tablir un fonctionnement sans faille de votre entrep\u00f4t en cas de mat\u00e9riel d\u00e9fectueux, les collaborateurs de notre propre centre de r\u00e9paration \u00e0 Dortmund sont \u00e0 votre disposition. Notre \u00e9quipe avec son savoir-faire de plus de 30 ans dans le d\u00e9veloppement et la r\u00e9paration de mat\u00e9riel informatique s&#8217;occupe d&#8217;avarie.<\/p>\n\n\n\n<p><strong>Syst\u00e8me de gestion des r\u00e9parations<\/strong><br>Afin de pouvoir traiter votre r\u00e9paration rapidement et efficacement, nous vous prions de bien vouloir saisir vos donn\u00e9es le plus pr\u00e9cis\u00e9ment possible sur la page ci-dessous. Ensuite, nous serons \u00e0 vos c\u00f4t\u00e9s dans les plus brefs d\u00e9lais.<\/p>\n\n\n\n<div class=\"wp-block-buttons is-layout-flex wp-block-buttons-is-layout-flex\">\n<div class=\"wp-block-button is-style-outline is-style-outline--1\"><a class=\"wp-block-button__link has-color-blue-color has-text-color wp-element-button\" href=\"https:\/\/www.prologistik.com\/fr\/ordre-de-reparation\/\">Passer une commande de r\u00e9paration<\/a><\/div>\n<\/div>\n\n<\/div><\/div>\n\n<div data-aos=\"fade-left\" class=\"gb-grid-column gb-grid-column-6a8bc670\"><div class=\"gb-container gb-container-6a8bc670\">\n\n<figure class=\"wp-block-image size-full is-style-cube-bottom-left-back\"><img loading=\"lazy\" decoding=\"async\" width=\"880\" height=\"530\" src=\"https:\/\/www.prologistik.com\/wp-content\/uploads\/prologistik-content-support-1.jpg\" alt=\"\" class=\"wp-image-11080\" srcset=\"https:\/\/www.prologistik.com\/wp-content\/uploads\/prologistik-content-support-1.jpg 880w, https:\/\/www.prologistik.com\/wp-content\/uploads\/prologistik-content-support-1-300x181.jpg 300w, https:\/\/www.prologistik.com\/wp-content\/uploads\/prologistik-content-support-1-150x90.jpg 150w, https:\/\/www.prologistik.com\/wp-content\/uploads\/prologistik-content-support-1-768x463.jpg 768w\" sizes=\"auto, (max-width: 880px) 100vw, 880px\" \/><\/figure>\n\n<\/div><\/div>\n<\/div>\n<\/div>\n<\/section>\n\n<section class=\"gb-container gb-container-f4f07a15 gb-container-no-padding-top\">\n<div class=\"gb-container gb-container-4e614370\">\n<div class=\"gb-grid-wrapper gb-grid-wrapper-369d8c32\">\n<div data-aos=\"fade-up\" class=\"gb-grid-column gb-grid-column-ccb45165\"><div class=\"gb-container gb-container-ccb45165\">\n    <div id=\"gradientbox-block_9d3f39794ba5f8172eda72ad699de3b7\" class=\"gradientbox background-blue\">\n        <div class=\"gradientbox-content-wrap\">\n                        <div class=\"wp-block-pixel-headline headlines is-subheadline-top has-text-align-left\">\n                <h3 class=\"headline\" style=\"color:var(--color-white)\">Plus de 30 ans de savoir-faire : service de r\u00e9paration pour votre mat\u00e9riel informatique<\/h3>\n                            <\/div>\n                        <div class=\"gradientbox-column-wrap\">\n\n                                <div class=\"gradientbox-column\">\n                    <div class=\"gradientbox-text-wrap\">\n                                                                        <ul>\n<li>Service d&#8217;assistance t\u00e9l\u00e9phonique : lun-ven (08.30-16.30) au num\u00e9ro +49 231 5194-7000<\/li>\n<li>Un service de r\u00e9paration complet<\/li>\n<\/ul>\n                                            <\/div>\n                                    <\/div>\n                                <div class=\"gradientbox-column\">\n                    <div class=\"gradientbox-text-wrap\">\n                                                                        <ul>\n<li>Disponibilit\u00e9 \u00e0 long terme d&#8217;appareils et de pi\u00e8ces de rechange<\/li>\n<li>Pi\u00e8ces de rechange d&#8217;origine pour les produits pLG<\/li>\n<li>R\u00e9paration en interne \/ Service retour<\/li>\n<\/ul>\n                                            <\/div>\n                                    <\/div>\n                \n            <\/div>\n        <\/div> \n    <\/div>\n    \n<\/div><\/div>\n<\/div>\n<\/div>\n<\/section>\n\n<section class=\"gb-container gb-container-02a77566 gb-container-no-padding-top\">\n<div class=\"gb-container gb-container-4ab0f65e\">\n<div class=\"gb-grid-wrapper gb-grid-wrapper-99a0b7d3\">\n<div data-aos=\"fade-right\" class=\"gb-grid-column gb-grid-column-2abb9284\"><div class=\"gb-container gb-container-2abb9284\">\n\n<div class=\"wp-block-pixel-headline headlines is-subheadline-top has-text-align-left\"><h2 class=\"headline\" style=\"color:\">Service-from-the-Start<\/h2><\/div>\n\n\n\n<p>Vous avez la possibilit\u00e9 de souscrire \u00e0 notre offre de services \u00ab&nbsp;Service-from-the-Start&nbsp;\u00bb et de prolonger ainsi la garantie de vos appareils nouvellement acquis \u00e0 3 ou 5 ans \u00e0 compter de la date d&#8217;achat.<\/p>\n\n\n\n<p>Gr\u00e2ce \u00e0 notre d\u00e9lai de r\u00e9paration court de 5 jours ouvrables (hors exp\u00e9dition), vos appareils sont \u00e0 nouveau disponibles encore plus rapidement.<\/p>\n\n<\/div><\/div>\n\n<div data-aos=\"fade-left\" class=\"gb-grid-column gb-grid-column-611f71f5\"><div class=\"gb-container gb-container-611f71f5\">\n\n<p><strong>Nous vous proposons les services suppl\u00e9mentaires suivants en option :<\/strong><\/p>\n\n\n\n<ul class=\"wp-block-list is-style-list-item-checkmark\">\n<li>Maintenance pr\u00e9ventive (protection des investissements)<\/li>\n\n\n\n<li>Mises \u00e0 jour du firmware et des composants<\/li>\n\n\n\n<li>Services logistiques sur site<\/li>\n\n\n\n<li>Service de gestion du mat\u00e9riel<\/li>\n<\/ul>\n\n<\/div><\/div>\n<\/div>\n<\/div>\n<\/section>\n\n<section data-aos=\"\" class=\"gb-container gb-container-1b62e51c\">\n<div class=\"gb-container gb-container-40d5ca2c\">\n<div class=\"gb-grid-wrapper gb-grid-wrapper-954a6fba\">\n<div data-aos=\"fade-up\" class=\"gb-grid-column gb-grid-column-74548179\"><div class=\"gb-container gb-container-74548179\">\n\n<p class=\"has-text-align-center\" style=\"font-size:1.75rem;font-style:normal;font-weight:300\">Au pr\u00e9alable, nous essayons tout logiciel de gestion d&#8217;entrep\u00f4t dans notre propre entrep\u00f4t afin de soumettre toutes les fonctionnalit\u00e9s \u00e0 un essai permanent. De cette mani\u00e8re, aussi bien la technique que le support seront optimis\u00e9s de mani\u00e8re durable.<\/p>\n\n<\/div><\/div>\n<\/div>\n<\/div>\n<\/section>\n\n        \n            <!-- contact-form -->\n        \n                    \n            <!-- end:contact-form -->\n        \n            ","protected":false},"excerpt":{"rendered":"","protected":false},"author":1,"featured_media":0,"parent":0,"menu_order":33,"comment_status":"closed","ping_status":"closed","template":"","meta":{"_acf_changed":false,"footnotes":""},"class_list":["post-30302","page","type-page","status-publish"],"acf":[],"yoast_head":"<!-- This site is optimized with the Yoast SEO Premium plugin v26.9 (Yoast SEO v27.5) - https:\/\/yoast.com\/product\/yoast-seo-premium-wordpress\/ -->\n<title>\ud83d\udee0\ufe0f Support mat\u00e9riel proLogistik | r\u00e9paration &amp; maintenance<\/title>\n<meta name=\"description\" content=\"Plus de 30 ans de comp\u00e9tence : service de r\u00e9paration pour votre mat\u00e9riel \u2714\ufe0f Bring-In-Service \u2714\ufe0f Disponibilit\u00e9 \u00e0 long terme \u2714\ufe0f D\u00e9lai de r\u00e9paration de 15 jours ouvrables \u2714\ufe0f\" \/>\n<meta name=\"robots\" content=\"index, follow, max-snippet:-1, max-image-preview:large, max-video-preview:-1\" \/>\n<link rel=\"canonical\" href=\"https:\/\/www.prologistik.com\/fr\/materiel-informatique-soutien\/\" \/>\n<meta property=\"og:locale\" content=\"fr_FR\" \/>\n<meta property=\"og:type\" content=\"article\" \/>\n<meta property=\"og:title\" content=\"Mat\u00e9riel informatique\" \/>\n<meta property=\"og:description\" content=\"Plus de 30 ans de comp\u00e9tence : service de r\u00e9paration pour votre mat\u00e9riel \u2714\ufe0f Bring-In-Service \u2714\ufe0f Disponibilit\u00e9 \u00e0 long terme \u2714\ufe0f D\u00e9lai de r\u00e9paration de 15 jours ouvrables \u2714\ufe0f\" \/>\n<meta property=\"og:url\" content=\"https:\/\/www.prologistik.com\/fr\/materiel-informatique-soutien\/\" \/>\n<meta property=\"og:site_name\" content=\"proLogistik Group\" \/>\n<meta property=\"article:modified_time\" content=\"2025-10-09T08:40:12+00:00\" \/>\n<meta property=\"og:image\" content=\"https:\/\/www.prologistik.com\/wp-content\/uploads\/prologistik-content-support-1.jpg\" \/>\n<meta name=\"twitter:card\" content=\"summary_large_image\" \/>\n<meta name=\"twitter:label1\" content=\"Dur\u00e9e de lecture estim\u00e9e\" \/>\n\t<meta name=\"twitter:data1\" content=\"1 minute\" \/>\n<script type=\"application\/ld+json\" class=\"yoast-schema-graph\">{\"@context\":\"https:\\\/\\\/schema.org\",\"@graph\":[{\"@type\":\"WebPage\",\"@id\":\"https:\\\/\\\/www.prologistik.com\\\/fr\\\/materiel-informatique-soutien\\\/\",\"url\":\"https:\\\/\\\/www.prologistik.com\\\/fr\\\/materiel-informatique-soutien\\\/\",\"name\":\"\ud83d\udee0\ufe0f Support mat\u00e9riel proLogistik | r\u00e9paration & maintenance\",\"isPartOf\":{\"@id\":\"https:\\\/\\\/www.prologistik.com\\\/fr\\\/#website\"},\"primaryImageOfPage\":{\"@id\":\"https:\\\/\\\/www.prologistik.com\\\/fr\\\/materiel-informatique-soutien\\\/#primaryimage\"},\"image\":{\"@id\":\"https:\\\/\\\/www.prologistik.com\\\/fr\\\/materiel-informatique-soutien\\\/#primaryimage\"},\"thumbnailUrl\":\"https:\\\/\\\/www.prologistik.com\\\/wp-content\\\/uploads\\\/prologistik-content-support-1.jpg\",\"datePublished\":\"2023-03-28T13:19:35+00:00\",\"dateModified\":\"2025-10-09T08:40:12+00:00\",\"description\":\"Plus de 30 ans de comp\u00e9tence : service de r\u00e9paration pour votre mat\u00e9riel \u2714\ufe0f Bring-In-Service \u2714\ufe0f Disponibilit\u00e9 \u00e0 long terme \u2714\ufe0f D\u00e9lai de r\u00e9paration de 15 jours ouvrables \u2714\ufe0f\",\"breadcrumb\":{\"@id\":\"https:\\\/\\\/www.prologistik.com\\\/fr\\\/materiel-informatique-soutien\\\/#breadcrumb\"},\"inLanguage\":\"fr-FR\",\"potentialAction\":[{\"@type\":\"ReadAction\",\"target\":[\"https:\\\/\\\/www.prologistik.com\\\/fr\\\/materiel-informatique-soutien\\\/\"]}]},{\"@type\":\"ImageObject\",\"inLanguage\":\"fr-FR\",\"@id\":\"https:\\\/\\\/www.prologistik.com\\\/fr\\\/materiel-informatique-soutien\\\/#primaryimage\",\"url\":\"https:\\\/\\\/www.prologistik.com\\\/wp-content\\\/uploads\\\/prologistik-content-support-1.jpg\",\"contentUrl\":\"https:\\\/\\\/www.prologistik.com\\\/wp-content\\\/uploads\\\/prologistik-content-support-1.jpg\"},{\"@type\":\"BreadcrumbList\",\"@id\":\"https:\\\/\\\/www.prologistik.com\\\/fr\\\/materiel-informatique-soutien\\\/#breadcrumb\",\"itemListElement\":[{\"@type\":\"ListItem\",\"position\":1,\"name\":\"Startseite\",\"item\":\"https:\\\/\\\/www.prologistik.com\\\/fr\\\/\"},{\"@type\":\"ListItem\",\"position\":2,\"name\":\"Mat\u00e9riel informatique\"}]},{\"@type\":\"WebSite\",\"@id\":\"https:\\\/\\\/www.prologistik.com\\\/fr\\\/#website\",\"url\":\"https:\\\/\\\/www.prologistik.com\\\/fr\\\/\",\"name\":\"proLogistik Group\",\"description\":\"Software und Hardware f\u00fcr die Intralogistik\",\"publisher\":{\"@id\":\"https:\\\/\\\/www.prologistik.com\\\/fr\\\/#organization\"},\"potentialAction\":[{\"@type\":\"SearchAction\",\"target\":{\"@type\":\"EntryPoint\",\"urlTemplate\":\"https:\\\/\\\/www.prologistik.com\\\/fr\\\/?s={search_term_string}\"},\"query-input\":{\"@type\":\"PropertyValueSpecification\",\"valueRequired\":true,\"valueName\":\"search_term_string\"}}],\"inLanguage\":\"fr-FR\"},{\"@type\":\"Organization\",\"@id\":\"https:\\\/\\\/www.prologistik.com\\\/fr\\\/#organization\",\"name\":\"proLogistik Group\",\"url\":\"https:\\\/\\\/www.prologistik.com\\\/fr\\\/\",\"logo\":{\"@type\":\"ImageObject\",\"inLanguage\":\"fr-FR\",\"@id\":\"https:\\\/\\\/www.prologistik.com\\\/fr\\\/#\\\/schema\\\/logo\\\/image\\\/\",\"url\":\"https:\\\/\\\/www.prologistik.com\\\/wp-content\\\/uploads\\\/prologistik-logo-web.svg\",\"contentUrl\":\"https:\\\/\\\/www.prologistik.com\\\/wp-content\\\/uploads\\\/prologistik-logo-web.svg\",\"width\":320,\"height\":59,\"caption\":\"proLogistik Group\"},\"image\":{\"@id\":\"https:\\\/\\\/www.prologistik.com\\\/fr\\\/#\\\/schema\\\/logo\\\/image\\\/\"}}]}<\/script>\n<!-- \/ Yoast SEO Premium plugin. -->","yoast_head_json":{"title":"\ud83d\udee0\ufe0f Support mat\u00e9riel proLogistik | r\u00e9paration & maintenance","description":"Plus de 30 ans de comp\u00e9tence : service de r\u00e9paration pour votre mat\u00e9riel \u2714\ufe0f Bring-In-Service \u2714\ufe0f Disponibilit\u00e9 \u00e0 long terme \u2714\ufe0f D\u00e9lai de r\u00e9paration de 15 jours ouvrables \u2714\ufe0f","robots":{"index":"index","follow":"follow","max-snippet":"max-snippet:-1","max-image-preview":"max-image-preview:large","max-video-preview":"max-video-preview:-1"},"canonical":"https:\/\/www.prologistik.com\/fr\/materiel-informatique-soutien\/","og_locale":"fr_FR","og_type":"article","og_title":"Mat\u00e9riel informatique","og_description":"Plus de 30 ans de comp\u00e9tence : service de r\u00e9paration pour votre mat\u00e9riel \u2714\ufe0f Bring-In-Service \u2714\ufe0f Disponibilit\u00e9 \u00e0 long terme \u2714\ufe0f D\u00e9lai de r\u00e9paration de 15 jours ouvrables \u2714\ufe0f","og_url":"https:\/\/www.prologistik.com\/fr\/materiel-informatique-soutien\/","og_site_name":"proLogistik Group","article_modified_time":"2025-10-09T08:40:12+00:00","og_image":[{"url":"https:\/\/www.prologistik.com\/wp-content\/uploads\/prologistik-content-support-1.jpg","type":"","width":"","height":""}],"twitter_card":"summary_large_image","twitter_misc":{"Dur\u00e9e de lecture estim\u00e9e":"1 minute"},"schema":{"@context":"https:\/\/schema.org","@graph":[{"@type":"WebPage","@id":"https:\/\/www.prologistik.com\/fr\/materiel-informatique-soutien\/","url":"https:\/\/www.prologistik.com\/fr\/materiel-informatique-soutien\/","name":"\ud83d\udee0\ufe0f Support mat\u00e9riel proLogistik | r\u00e9paration & maintenance","isPartOf":{"@id":"https:\/\/www.prologistik.com\/fr\/#website"},"primaryImageOfPage":{"@id":"https:\/\/www.prologistik.com\/fr\/materiel-informatique-soutien\/#primaryimage"},"image":{"@id":"https:\/\/www.prologistik.com\/fr\/materiel-informatique-soutien\/#primaryimage"},"thumbnailUrl":"https:\/\/www.prologistik.com\/wp-content\/uploads\/prologistik-content-support-1.jpg","datePublished":"2023-03-28T13:19:35+00:00","dateModified":"2025-10-09T08:40:12+00:00","description":"Plus de 30 ans de comp\u00e9tence : service de r\u00e9paration pour votre mat\u00e9riel \u2714\ufe0f Bring-In-Service \u2714\ufe0f Disponibilit\u00e9 \u00e0 long terme \u2714\ufe0f D\u00e9lai de r\u00e9paration de 15 jours ouvrables \u2714\ufe0f","breadcrumb":{"@id":"https:\/\/www.prologistik.com\/fr\/materiel-informatique-soutien\/#breadcrumb"},"inLanguage":"fr-FR","potentialAction":[{"@type":"ReadAction","target":["https:\/\/www.prologistik.com\/fr\/materiel-informatique-soutien\/"]}]},{"@type":"ImageObject","inLanguage":"fr-FR","@id":"https:\/\/www.prologistik.com\/fr\/materiel-informatique-soutien\/#primaryimage","url":"https:\/\/www.prologistik.com\/wp-content\/uploads\/prologistik-content-support-1.jpg","contentUrl":"https:\/\/www.prologistik.com\/wp-content\/uploads\/prologistik-content-support-1.jpg"},{"@type":"BreadcrumbList","@id":"https:\/\/www.prologistik.com\/fr\/materiel-informatique-soutien\/#breadcrumb","itemListElement":[{"@type":"ListItem","position":1,"name":"Startseite","item":"https:\/\/www.prologistik.com\/fr\/"},{"@type":"ListItem","position":2,"name":"Mat\u00e9riel informatique"}]},{"@type":"WebSite","@id":"https:\/\/www.prologistik.com\/fr\/#website","url":"https:\/\/www.prologistik.com\/fr\/","name":"proLogistik Group","description":"Software und Hardware f\u00fcr die Intralogistik","publisher":{"@id":"https:\/\/www.prologistik.com\/fr\/#organization"},"potentialAction":[{"@type":"SearchAction","target":{"@type":"EntryPoint","urlTemplate":"https:\/\/www.prologistik.com\/fr\/?s={search_term_string}"},"query-input":{"@type":"PropertyValueSpecification","valueRequired":true,"valueName":"search_term_string"}}],"inLanguage":"fr-FR"},{"@type":"Organization","@id":"https:\/\/www.prologistik.com\/fr\/#organization","name":"proLogistik Group","url":"https:\/\/www.prologistik.com\/fr\/","logo":{"@type":"ImageObject","inLanguage":"fr-FR","@id":"https:\/\/www.prologistik.com\/fr\/#\/schema\/logo\/image\/","url":"https:\/\/www.prologistik.com\/wp-content\/uploads\/prologistik-logo-web.svg","contentUrl":"https:\/\/www.prologistik.com\/wp-content\/uploads\/prologistik-logo-web.svg","width":320,"height":59,"caption":"proLogistik Group"},"image":{"@id":"https:\/\/www.prologistik.com\/fr\/#\/schema\/logo\/image\/"}}]}},"_links":{"self":[{"href":"https:\/\/www.prologistik.com\/fr\/wp-json\/wp\/v2\/pages\/30302","targetHints":{"allow":["GET"]}}],"collection":[{"href":"https:\/\/www.prologistik.com\/fr\/wp-json\/wp\/v2\/pages"}],"about":[{"href":"https:\/\/www.prologistik.com\/fr\/wp-json\/wp\/v2\/types\/page"}],"author":[{"embeddable":true,"href":"https:\/\/www.prologistik.com\/fr\/wp-json\/wp\/v2\/users\/1"}],"replies":[{"embeddable":true,"href":"https:\/\/www.prologistik.com\/fr\/wp-json\/wp\/v2\/comments?post=30302"}],"version-history":[{"count":7,"href":"https:\/\/www.prologistik.com\/fr\/wp-json\/wp\/v2\/pages\/30302\/revisions"}],"predecessor-version":[{"id":53621,"href":"https:\/\/www.prologistik.com\/fr\/wp-json\/wp\/v2\/pages\/30302\/revisions\/53621"}],"wp:attachment":[{"href":"https:\/\/www.prologistik.com\/fr\/wp-json\/wp\/v2\/media?parent=30302"}],"curies":[{"name":"wp","href":"https:\/\/api.w.org\/{rel}","templated":true}]}}