{"id":29935,"date":"2024-02-27T16:57:48","date_gmt":"2024-02-27T15:57:48","guid":{"rendered":"https:\/\/prologistik.pixel-tal.de\/branches\/commerce-de-meubles"},"modified":"2025-02-26T15:18:40","modified_gmt":"2025-02-26T14:18:40","slug":"commerce-de-meubles","status":"publish","type":"page","link":"https:\/\/www.prologistik.com\/fr\/commerce-de-meubles\/","title":{"rendered":"Commerce de meubles"},"content":{"rendered":"        \n            <!-- pagehead -->\n        \n                    \n\t\t\t<div id=\"pagehead-block_aa2b16680dabdf00b2a1ddfae9e81963\" class=\"pagehead size-small\">\n\t\t\t\t\t\t\t<div class=\"pagehead-canvas\">\n\t\t\t\t<div class=\"pagehead-content has-bg-color bg-color-blue\">\n\t\t\t\t\t<div class=\"pagehead-content-inner\">\n\t\t\t\t\t\t\t\t\t\t\t\t<span class=\"pagehead-subheadline\"  data-aos=\"fade-up\" data-aos-delay=\"50\">Solutions sectorielles pLG<\/span>\t\t\t\t\t\t<h1 class=\"pagehead-headline\" data-aos=\"fade-up\" data-aos-delay=\"100\">Commerce de meubles<\/h1>\t\t\t\t\t\t\t\t\t\t\t<\/div>\n\t\t\t\t<\/div>\n\t\t\t<\/div>\n\t\t\t\n\t\t\t\t<div class=\"pagehead-background\">\n\t\t\t\t<!-- image_id: 30039 | alt:  -->\t\t\t\t\t\t\t\t\t<img decoding=\"async\" class=\"test\" src=\"https:\/\/www.prologistik.com\/wp-content\/uploads\/pLG_Website_Moebel_Banner_1920x840px_2024-e1709889042566.png\" alt=\"\" \/>\n\t\t\t\t\n\t\t\t\t<\/div>\n\t\t\t<\/div>\n        \n                    \n            <!-- end:pagehead -->\n        \n            \n\n<section data-aos=\"fade-up\" class=\"gb-container gb-container-c475e2aa\">\n<div data-aos=\"fade-up\" class=\"gb-container gb-container-418f06a3\">\n\n<div class=\"wp-block-pixel-headline headlines is-subheadline-top has-text-align-center\"><h2 class=\"headline\" style=\"color:\">Notre solution logicielle pour le commerce de meubles  <\/h2><span class=\"subheadline\" style=\"color:var(--color-blue)\">Entre producteur, distributeur &amp; consommateur final  <\/span><\/div>\n\n\n\n<p>Les processus de la logistique de meubles neufs exigent une interaction parfaite entre la distribution, la planification de la production, le transport et le montage. De bons prestataires de services se caract\u00e9risent par une livraison dans les d\u00e9lais et une qualit\u00e9 de service \u00e9lev\u00e9e. Avec notre syst\u00e8me de gestion du transport pour le segment de la logistique des meubles neufs, nous num\u00e9risons les processus logistiques, de la production au lieu de montage en passant par le stockage. Nos fonctions telles que la num\u00e9risation du chargement, la gestion des caisses mobiles et la planification intelligente des tourn\u00e9es y contribuent.<\/p>\n\n<\/div>\n<\/section>\n\n<section class=\"gb-container gb-container-769c6ce8 gb-container-half-padding-bottom\">\n<div class=\"gb-container gb-container-e4d7beb7 gb-container-align-right-third\">\n<div class=\"gb-grid-wrapper gb-grid-wrapper-5e1719ce\">\n<div data-aos=\"fade-right\" class=\"gb-grid-column gb-grid-column-64f7144c\"><div class=\"gb-container gb-container-64f7144c\">\n\n<div class=\"wp-block-pixel-headline headlines is-subheadline-top has-text-align-left\"><h2 class=\"headline\" style=\"color:\">pLG TMS : l&#8217;avenir du transport de meubles<\/h2><span class=\"subheadline\" style=\"color:var(--color-blue)\">EFFICACE &amp; FIABLE<\/span><\/div>\n\n\n\n<p>pLG TMS place la satisfaction du client au centre de ses pr\u00e9occupations en s&#8217;attaquant de mani\u00e8re cibl\u00e9e aux d\u00e9fis du secteur de l&#8217;ameublement. Gr\u00e2ce \u00e0 des fonctions intelligentes telles que la planification automatis\u00e9e et la notification num\u00e9rique, nous permettons une livraison efficace et ponctuelle. Notre application pour les chauffeurs assure une livraison sans faille et documente chaque \u00e9tape afin de cr\u00e9er de la transparence et de la confiance. Avec notre syst\u00e8me tarifaire, nous proposons en outre des possibilit\u00e9s de facturation sur mesure qui r\u00e9pondent aux exigences sp\u00e9cifiques de nos clients dans leur secteur d&#8217;activit\u00e9.<\/p>\n\n<\/div><\/div>\n\n<div data-aos=\"fade-left\" class=\"gb-grid-column gb-grid-column-3650977e\"><div class=\"gb-container gb-container-3650977e\">\n\n<figure class=\"wp-block-image size-full\"><img loading=\"lazy\" decoding=\"async\" width=\"680\" height=\"479\" src=\"https:\/\/www.prologistik.com\/wp-content\/uploads\/tablet_active_m-ware-1.png\" alt=\"\" class=\"wp-image-29220\" srcset=\"https:\/\/www.prologistik.com\/wp-content\/uploads\/tablet_active_m-ware-1.png 680w, https:\/\/www.prologistik.com\/wp-content\/uploads\/tablet_active_m-ware-1-300x211.png 300w, https:\/\/www.prologistik.com\/wp-content\/uploads\/tablet_active_m-ware-1-150x106.png 150w\" sizes=\"auto, (max-width: 680px) 100vw, 680px\" \/><\/figure>\n\n<\/div><\/div>\n<\/div>\n<\/div>\n<\/section>\n\n<section class=\"gb-container gb-container-4d6f0abd gb-container-no-padding-top\">\n<div class=\"gb-container gb-container-d7930bd9\">\n<div class=\"gb-grid-wrapper gb-grid-wrapper-7bdec32f\">\n<div data-aos-delay=\"150\" data-aos=\"fade-up\" class=\"gb-grid-column gb-grid-column-ca017995\"><div class=\"gb-container gb-container-ca017995\">\n    <div id=\"gradientbox-block_89a309a3fec97cd86ea9d9f2b1ed0d52\" class=\"gradientbox background-blue\">\n        <div class=\"gradientbox-content-wrap\">\n                        <div class=\"wp-block-pixel-headline headlines is-subheadline-top has-text-align-left\">\n                <h3 class=\"headline\" style=\"color:var(--color-white)\">Les points forts du produit :<\/h3>\n                            <\/div>\n                        <div class=\"gradientbox-column-wrap\">\n\n                                <div class=\"gradientbox-column\">\n                    <div class=\"gradientbox-text-wrap\">\n                                                                        <ul>\n<li>Syst\u00e8me de saisie des commandes sp\u00e9cifique au secteur<\/li>\n<li>De nombreuses interfaces avec tous les acteurs de la cha\u00eene de processus<\/li>\n<li>Planification des tourn\u00e9es assist\u00e9e par IA<\/li>\n<li>Application chauffeur avec lettre de voiture num\u00e9rique<\/li>\n<\/ul>\n                                            <\/div>\n                                    <\/div>\n                                <div class=\"gradientbox-column\">\n                    <div class=\"gradientbox-text-wrap\">\n                                                                        <ul>\n<li>Mod\u00e8le tarifaire flexible pour la facturation des transports de meubles<\/li>\n<li>Planification graphique de l&#8217;itin\u00e9raire sur la base de points de passage<\/li>\n<li>Application avec instructions de montage et gestion des r\u00e9clamations<\/li>\n<\/ul>\n                                            <\/div>\n                                    <\/div>\n                \n            <\/div>\n        <\/div> \n    <\/div>\n    \n<\/div><\/div>\n<\/div>\n<\/div>\n<\/section>\n\n<section class=\"gb-container gb-container-d20ad9f6 gb-container-no-padding-bottom\">\n<div class=\"gb-container gb-container-6b42ae49\">\n<div class=\"gb-grid-wrapper gb-grid-wrapper-5d2a094d\">\n<div data-aos=\"fade-right\" class=\"gb-grid-column gb-grid-column-be6a1f10\"><div class=\"gb-container gb-container-be6a1f10\">\n\n<div class=\"wp-block-pixel-headline headlines is-subheadline-top has-text-align-left\"><h2 class=\"headline\" style=\"color:\">Mat\u00e9riel informatique de proLogistik Group<\/h2><span class=\"subheadline\" style=\"color:var(--color-dodger-blue)\">Qualit\u00e9 made in Germany<\/span><\/div>\n\n\n\n<p>Optimisez l&#8217;environnement de travail de vos collaborateurs gr\u00e2ce au mat\u00e9riel de premi\u00e8re qualit\u00e9 de pL Group. Nos PC industriels et nos scanners de dos de main ne rendent pas seulement le travail moins probl\u00e9matique, ils r\u00e9sistent \u00e9galement aux conditions les plus difficiles. Avec une fabrication et un service &#8220;made in Germany&#8221;, nous garantissons une qualit\u00e9 au plus haut niveau. Profitez en outre de notre \u00e9quipe de service de premier ordre qui est toujours \u00e0 vos c\u00f4t\u00e9s, m\u00eame apr\u00e8s le d\u00e9ploiement.  <\/p>\n\n\n\n<div class=\"wp-block-buttons is-content-justification-left is-layout-flex wp-container-core-buttons-is-layout-fdcfc74e wp-block-buttons-is-layout-flex\">\n<div class=\"wp-block-button is-style-fill\"><a class=\"wp-block-button__link has-color-blue-background-color has-background wp-element-button\" href=\"https:\/\/www.prologistik.com\/fr\/materiel-informatique\">Vers les produits hardware  <\/a><\/div>\n<\/div>\n\n<\/div><\/div>\n\n<div data-aos=\"fade-left\" class=\"gb-grid-column gb-grid-column-35f8d472\"><div class=\"gb-container gb-container-35f8d472\">\n\n<figure class=\"wp-block-image size-full\"><img loading=\"lazy\" decoding=\"async\" width=\"650\" height=\"400\" src=\"https:\/\/www.prologistik.com\/wp-content\/uploads\/Hardware_650x400.png\" alt=\"\" class=\"wp-image-33100\" srcset=\"https:\/\/www.prologistik.com\/wp-content\/uploads\/Hardware_650x400.png 650w, https:\/\/www.prologistik.com\/wp-content\/uploads\/Hardware_650x400-300x185.png 300w, https:\/\/www.prologistik.com\/wp-content\/uploads\/Hardware_650x400-150x92.png 150w\" sizes=\"auto, (max-width: 650px) 100vw, 650px\" \/><\/figure>\n\n<\/div><\/div>\n<\/div>\n<\/div>\n<\/section>\n\n<section class=\"gb-container gb-container-549970f9\">\n<div class=\"gb-container gb-container-9895ff47\">\n<div class=\"gb-grid-wrapper gb-grid-wrapper-e63eead3\">\n<div data-aos=\"fade-right\" class=\"gb-grid-column gb-grid-column-0dab5e91\"><div class=\"gb-container gb-container-0dab5e91\">\n\n<figure class=\"wp-block-image size-full\"><img loading=\"lazy\" decoding=\"async\" width=\"650\" height=\"400\" src=\"https:\/\/www.prologistik.com\/wp-content\/uploads\/wms_650x400.png\" alt=\"\" class=\"wp-image-33159\" srcset=\"https:\/\/www.prologistik.com\/wp-content\/uploads\/wms_650x400.png 650w, https:\/\/www.prologistik.com\/wp-content\/uploads\/wms_650x400-300x185.png 300w, https:\/\/www.prologistik.com\/wp-content\/uploads\/wms_650x400-150x92.png 150w\" sizes=\"auto, (max-width: 650px) 100vw, 650px\" \/><\/figure>\n\n<\/div><\/div>\n\n<div data-aos=\"fade-left\" class=\"gb-grid-column gb-grid-column-5165f57f\"><div class=\"gb-container gb-container-5165f57f\">\n\n<div class=\"wp-block-pixel-headline headlines is-subheadline-top has-text-align-left\"><h2 class=\"headline\" style=\"color:\">pLG WMS &#8211; La solution compl\u00e8te<\/h2><span class=\"subheadline\" style=\"color:var(--color-dodger-blue)\">Int\u00e9grable sans probl\u00e8me &amp; s\u00fbr  <\/span><\/div>\n\n\n\n<p>Avec notre logiciel, l&#8217;accent est mis sur l&#8217;efficacit\u00e9, la pr\u00e9cision et la s\u00e9curit\u00e9, afin que vos processus de stockage soient g\u00e9r\u00e9s de mani\u00e8re optimale. Profitez d&#8217;un contr\u00f4le total sur vos mouvements de stock, d&#8217;une coordination pr\u00e9cise de toutes les op\u00e9rations et de la possibilit\u00e9 de traiter les commandes en temps r\u00e9el. Notre solution s&#8217;int\u00e8gre parfaitement dans votre infrastructure informatique existante et s&#8217;adapte de mani\u00e8re flexible \u00e0 vos exigences individuelles.  <\/p>\n\n\n\n<div class=\"wp-block-buttons is-content-justification-left is-layout-flex wp-container-core-buttons-is-layout-fdcfc74e wp-block-buttons-is-layout-flex\">\n<div class=\"wp-block-button is-style-fill\"><a class=\"wp-block-button__link has-color-blue-background-color has-background wp-element-button\" href=\"https:\/\/www.prologistik.com\/fr\/warehouse-old\/systeme-de-gestion-dentrepot\">En savoir plus<\/a><\/div>\n<\/div>\n\n<\/div><\/div>\n<\/div>\n<\/div>\n<\/section>\n\n<section class=\"gb-container gb-container-454e67cc\">\n<div class=\"gb-container gb-container-88a034b7\">\n\n<div class=\"wp-block-pixel-headline headlines is-subheadline-top has-text-align-left\" data-aos=\"fade-right\"><h2 class=\"headline\" style=\"color:\">Sp\u00e9cialement con\u00e7u pour &#8230;<\/h2><span class=\"subheadline\" style=\"color:var(--color-blue)\">Des modules parfaitement SUR MESURE<\/span><\/div>\n\n\n<div class=\"gb-grid-wrapper gb-grid-wrapper-cab37653\">\n<div data-aos=\"fade-up\" class=\"gb-grid-column gb-grid-column-8ac4e5f6\"><div class=\"gb-container gb-container-8ac4e5f6\">\n<div id=\"imagebox-block_39ac2940884426d2bf131b96c4ce1085\" class=\"imagebox image-top background-color-white\">\n\t<style>#imagebox-block_39ac2940884426d2bf131b96c4ce1085::before {background: var(--); } <\/style>    \n    <div class=\"imagebox-content-wrap\">\n\n        <div class=\"imagebox-content\">\n                        <div class=\"imagebox-headline  font-size-big\">\n                Offre &amp; commandes            <\/div>\n                                    <div class=\"imagebox-copytext\">\n                <p>Gr\u00e2ce \u00e0 de nombreuses interfaces, les commandes et leurs modifications peuvent \u00eatre import\u00e9es et trait\u00e9es de mani\u00e8re automatis\u00e9e au niveau du colis. Les temps de montage au niveau du colis ou du produit sont d\u00e9j\u00e0 trait\u00e9s pour la planification ult\u00e9rieure du montage.<\/p>\n            <\/div>\n                    <\/div>\n            <\/div>\n\n<\/div>\n\n<\/div><\/div>\n\n<div data-aos=\"fade-up\" class=\"gb-grid-column gb-grid-column-e9c28092\"><div class=\"gb-container gb-container-e9c28092\">\n<div id=\"imagebox-block_b411f7bf42ab99b7379fa4af111de3c5\" class=\"imagebox image-top background-color-white\">\n\t    \n    <div class=\"imagebox-content-wrap\">\n\n        <div class=\"imagebox-content\">\n                        <div class=\"imagebox-headline  font-size-big\">\n                Gestion            <\/div>\n                                    <div class=\"imagebox-copytext\">\n                <p>La planification intelligente du transport et du montage permet de garantir une livraison dans les d\u00e9lais. Gr\u00e2ce \u00e0 la confirmation automatis\u00e9e de la planification au fabricant, on parvient \u00e0 une utilisation efficace de la production et une r\u00e9duction des surfaces de stockage et de mise \u00e0 disposition pour tous les participants. Les gestionnaires sont alors inform\u00e9s du volume, du poids et du type de commande de transport gr\u00e2ce \u00e0 la planification graphique de la situation g\u00e9ographique des commandes avec des formes et des couleurs. Ainsi, le temps pass\u00e9 et la capacit\u00e9 de l&#8217;espace de chargement sont visibles pour chaque point de chargement et de d\u00e9chargement.<\/p>\n            <\/div>\n                    <\/div>\n            <\/div>\n\n<\/div>\n\n<\/div><\/div>\n\n<div data-aos=\"fade-up\" class=\"gb-grid-column gb-grid-column-c15b2895\"><div class=\"gb-container gb-container-c15b2895\">\n<div id=\"imagebox-block_810e8372649bd50f458be41e9e8741c4\" class=\"imagebox image-top background-color-white\">\n\t    \n    <div class=\"imagebox-content-wrap\">\n\n        <div class=\"imagebox-content\">\n                        <div class=\"imagebox-headline  font-size-big\">\n                Planification du montage et des interventions            <\/div>\n                                    <div class=\"imagebox-copytext\">\n                <p>Les temps de montage n\u00e9cessaires sont calcul\u00e9s sur la base des informations relatives aux colis. L&#8217;aper\u00e7u calendaire de la planification permet d&#8217;avoir une vue d&#8217;ensemble des ressources utilis\u00e9es en termes de v\u00e9hicules, de personnes et de machines, facilitant ainsi la planification des interventions. Les flux de travail sp\u00e9ciaux de l&#8217;application pour chauffeurs permettent de documenter l&#8217;int\u00e9gralit\u00e9 de la livraison ainsi que d&#8217;\u00e9ventuels dommages. Les consignes de montage et les instructions sont mises \u00e0 disposition sous forme num\u00e9rique via l&#8217;application du conducteur. Le temps de travail est calcul\u00e9 \u00e0 l&#8217;aide du temps de montage et des sp\u00e9cifications du contrat saisis.<\/p>\n            <\/div>\n                    <\/div>\n            <\/div>\n\n<\/div>\n\n<\/div><\/div>\n\n<div data-aos=\"fade-up\" class=\"gb-grid-column gb-grid-column-50c0bb8b\"><div class=\"gb-container gb-container-50c0bb8b\">\n<div id=\"imagebox-block_3b3d1fe851b55f53bd8f568962281afa\" class=\"imagebox image-top background-color-white\">\n\t    \n    <div class=\"imagebox-content-wrap\">\n\n        <div class=\"imagebox-content\">\n                        <div class=\"imagebox-headline  font-size-big\">\n                Collecte et notification            <\/div>\n                                    <div class=\"imagebox-copytext\">\n                <p>Gr\u00e2ce au scannage du chargement, toutes les op\u00e9rations de chargement sont enregistr\u00e9es num\u00e9riquement et les diff\u00e9rences ainsi les dommages sont remarqu\u00e9s \u00e0 temps. Ainsi, des retards dans les processus ult\u00e9rieurs peuvent \u00eatre \u00e9vit\u00e9s \u00e0 temps.<\/p>\n<p>Pour la notification des livraisons, de diff\u00e9rentes solutions sont disponibles en fonction des groupes de destinataires. Cela va d&#8217;une simple notification par courrier \u00e9lectronique \u00e0 une solution de notification \u00e0 commande vocale sous forme de module compl\u00e9mentaire.<\/p>\n            <\/div>\n                    <\/div>\n            <\/div>\n\n<\/div>\n\n<\/div><\/div>\n\n<div data-aos=\"fade-up\" class=\"gb-grid-column gb-grid-column-5029a2dc\"><div class=\"gb-container gb-container-5029a2dc\">\n<div id=\"imagebox-block_00bcc56a05bb81a150af3f3abd0e6861\" class=\"imagebox image-top background-color-white\">\n\t    \n    <div class=\"imagebox-content-wrap\">\n\n        <div class=\"imagebox-content\">\n                        <div class=\"imagebox-headline  font-size-big\">\n                Livraison            <\/div>\n                                    <div class=\"imagebox-copytext\">\n                <p>Gr\u00e2ce \u00e0 l&#8217;application pour les conducteurs, tous les processus importants pour la livraison sont trait\u00e9s num\u00e9riquement. La documentation de l&#8217;int\u00e9gralit\u00e9 de la livraison et l&#8217;enregistrement d&#8217;\u00e9ventuels dommages ont \u00e9galement lieu \u00e0 cette occasion. Suite \u00e0 la livraison, la preuve de livraison num\u00e9rique avec signature du destinataire est envoy\u00e9e en temps r\u00e9el au client et sera stock\u00e9e de mani\u00e8re prot\u00e9g\u00e9e contre les r\u00e9visions et la Blockchain.<\/p>\n            <\/div>\n                    <\/div>\n            <\/div>\n\n<\/div>\n\n<\/div><\/div>\n\n<div data-aos=\"fade-up\" class=\"gb-grid-column gb-grid-column-2d10b553\"><div class=\"gb-container gb-container-2d10b553\">\n<div id=\"imagebox-block_a0a00f73bc43da060d79d86cdfbb565a\" class=\"imagebox image-top background-color-white\">\n\t    \n    <div class=\"imagebox-content-wrap\">\n\n        <div class=\"imagebox-content\">\n                        <div class=\"imagebox-headline  font-size-big\">\n                D\u00e9compte            <\/div>\n                                    <div class=\"imagebox-copytext\">\n                <p>Le syst\u00e8me tarifaire couvre les tarifs typiques du secteur du meuble neuf, par exemple en fonction du nombre de places assises (canap\u00e9) ou des jours de tourn\u00e9e, ainsi que les tarifs courants dans le secteur de l&#8217;exp\u00e9dition.<\/p>\n            <\/div>\n                    <\/div>\n            <\/div>\n\n<\/div>\n\n<\/div><\/div>\n<\/div>\n<\/div>\n<\/section>\n\n<section class=\"gb-container gb-container-ae9262fb\">\n<div data-aos=\"fade-up\" class=\"gb-container gb-container-7e7bc3e9\">\n\n<div class=\"wp-block-pixel-headline headlines is-subheadline-top has-text-align-center\"><h3 class=\"headline\" style=\"color:var(--color-white)\">Profitez vous aussi des produits pLG  <\/h3><\/div>\n\n\n\n<p class=\"has-text-align-center has-color-white-color has-text-color has-link-color wp-elements-1cdf1b552d17af844778fd6ba5afb57e\">Nos experts sont \u00e0 votre disposition pour vous conseiller lors d&#8217;un premier rendez-vous sans engagement. Prenez rendez-vous et d\u00e9couvrez nos innovations dans le secteur. Nos consultants en logistique vous rappellent rapidement.<\/p>\n\n\n\n<div class=\"wp-block-buttons is-content-justification-center is-layout-flex wp-container-core-buttons-is-layout-16018d1d wp-block-buttons-is-layout-flex\">\n<div class=\"wp-block-button is-style-fill\"><a class=\"wp-block-button__link has-color-blue-background-color has-background wp-element-button\" href=\"#contact\">Prendre rendez-vous pour une consultation<\/a><\/div>\n<\/div>\n\n<\/div>\n<\/section>\n\n<section class=\"gb-container gb-container-21886657\">\n<div class=\"gb-container gb-container-231c992a\">\n<div class=\"gb-grid-wrapper gb-grid-wrapper-ee078474\">\n<div data-aos=\"fade-right\" class=\"gb-grid-column gb-grid-column-5bb585fa\"><div class=\"gb-container gb-container-5bb585fa\">\n\n<div class=\"wp-block-pixel-headline headlines is-subheadline-top has-text-align-left\"><h2 class=\"headline\" style=\"color:\">Test\u00e9 et approuv\u00e9<\/h2><span class=\"subheadline\" style=\"color:var(--color-green)\">Notre syst\u00e8me de gestion d&#8217;entrep\u00f4t<\/span><\/div>\n\n\n\n<p>En tant que contr\u00f4le de qualit\u00e9 permanent, nous faisons tester chaque ann\u00e9e notre <a href=\"https:\/\/www.prologistik.com\/warehouse\/warehouse-management-system\">syst\u00e8me de gestion d&#8217;entrep\u00f4t<\/a> pLG de mani\u00e8re approfondie par l&#8217;Institut Fraunhofer pour le flux de mat\u00e9riaux et la logistique (IML), qui le valide ensuite. Cela nous permet de nous certifier chaque ann\u00e9e en tant que fournisseur sur le portail Online Warehouse Logistics de l&#8217;IML.<\/p>\n\n<\/div><\/div>\n\n<div data-aos=\"fade-left\" class=\"gb-grid-column gb-grid-column-3da0af17\"><div class=\"gb-container gb-container-3da0af17\">\n\n<figure class=\"wp-block-image size-medium\"><img loading=\"lazy\" decoding=\"async\" width=\"234\" height=\"300\" src=\"https:\/\/www.prologistik.com\/wp-content\/uploads\/Signet_WMS_DE1176x1509-234x300.png\" alt=\"\" class=\"wp-image-26402\" srcset=\"https:\/\/www.prologistik.com\/wp-content\/uploads\/Signet_WMS_DE1176x1509-234x300.png 234w, https:\/\/www.prologistik.com\/wp-content\/uploads\/Signet_WMS_DE1176x1509-798x1024.png 798w, https:\/\/www.prologistik.com\/wp-content\/uploads\/Signet_WMS_DE1176x1509-117x150.png 117w, https:\/\/www.prologistik.com\/wp-content\/uploads\/Signet_WMS_DE1176x1509-768x985.png 768w, https:\/\/www.prologistik.com\/wp-content\/uploads\/Signet_WMS_DE1176x1509.png 1176w\" sizes=\"auto, (max-width: 234px) 100vw, 234px\" \/><\/figure>\n\n<\/div><\/div>\n<\/div>\n<\/div>\n<\/section>\n\n<section class=\"gb-container gb-container-f6f75288\">\n<div class=\"gb-container gb-container-dee251fe\">\n<div class=\"gb-grid-wrapper gb-grid-wrapper-d0952430\">\n<div data-aos=\"fade-right\" class=\"gb-grid-column gb-grid-column-add8f516\"><div class=\"gb-container gb-container-add8f516\">\n\n<div class=\"wp-block-pixel-headline headlines is-subheadline-top has-text-align-left\"><h2 class=\"headline\" style=\"color:\">Nous vous offrons un service global et personnalis\u00e9<\/h2><span class=\"subheadline\" style=\"color:var(--color-green)\">Comment pouvons-nous vous soutenir autrement ?<\/span><\/div>\n\n<\/div><\/div>\n\n<div data-aos=\"fade-up\" class=\"gb-grid-column gb-grid-column-80417ba6\"><div class=\"gb-container gb-container-80417ba6\">\n<div class=\"gb-grid-wrapper gb-grid-wrapper-df6b9135\">\n<div class=\"gb-grid-column gb-grid-column-0b2ce789\"><div class=\"gb-container gb-container-0b2ce789\">\n<div id=\"imagebox-block_6f1a0f3404e91bd86e168c9f660ca769\" class=\"imagebox image-left background-color-aquamarine\">\n\t<style>#imagebox-block_6f1a0f3404e91bd86e168c9f660ca769::before {background: var(--); } <\/style>        <div class=\"imagebox-image   with-rounding\" style=\"background: url('https:\/\/www.prologistik.com\/wp-content\/uploads\/prologistik-content-consulting.jpg'); background-repeat: no-repeat; background-size: cover; background-position: center;\"><\/div>\n    \n    <div class=\"imagebox-content-wrap\">\n\n        <div class=\"imagebox-content\">\n                        <div class=\"imagebox-headline  font-size-normal\">\n                Conseil            <\/div>\n                                    <div class=\"imagebox-copytext\">\n                <p>Avec notre conseil en logistique, nous vous soutenons dans tous les d\u00e9fis logistiques, de la bonne strat\u00e9gie \u00e0 la mise en \u0153uvre optimale.<\/p>\n            <\/div>\n                    <\/div>\n                <div class=\"is-layout-flex wp-block-buttons\">\n            <div class=\"wp-block-button is-style-outline\">\n                <a class=\"wp-block-button__link has-color-white-color wp-element-button\" href=\"https:\/\/www.prologistik.com\/fr\/conseil\/conseil\/\" target=\"_self\">\n                    En savoir plus                <\/a>\n            <\/div>\n        <\/div>\n            <\/div>\n\n<\/div>\n\n<\/div><\/div>\n\n<div data-aos=\"fade-up\" class=\"gb-grid-column gb-grid-column-a2018442\"><div class=\"gb-container gb-container-a2018442\">\n<div id=\"imagebox-block_31482ce147a9c5d40564c89c79ebf942\" class=\"imagebox image-left background-color-dodger-blue\">\n\t<style>#imagebox-block_31482ce147a9c5d40564c89c79ebf942::before {background: var(--); } <\/style>        <div class=\"imagebox-image   with-rounding\" style=\"background: url('https:\/\/www.prologistik.com\/wp-content\/uploads\/prologistik-content-support.jpg'); background-repeat: no-repeat; background-size: cover; background-position: center;\"><\/div>\n    \n    <div class=\"imagebox-content-wrap\">\n\n        <div class=\"imagebox-content\">\n                        <div class=\"imagebox-headline  font-size-normal\">\n                Support            <\/div>\n                                    <div class=\"imagebox-copytext\">\n                <p>Que ce soit pour vos logiciels, votre mat\u00e9riel ou votre System Center. Que ce soit pour des questions, des probl\u00e8mes ou des d\u00e9fauts, nous vous soutenons avec notre support.<\/p>\n            <\/div>\n                    <\/div>\n            <\/div>\n\n<\/div>\n\n<\/div><\/div>\n<\/div>\n<\/div><\/div>\n<\/div>\n<\/div>\n<\/section>\n\n        \n            <!-- contact-form -->\n        \n                    \n            <!-- end:contact-form -->\n        \n            ","protected":false},"excerpt":{"rendered":"<p>Les processus de la logistique de meubles neufs exigent une interaction parfaite entre la distribution, la planification de la production, le transport et le montage. De bons prestataires de services se caract\u00e9risent par une livraison dans les d\u00e9lais et une qualit\u00e9 de service \u00e9lev\u00e9e. Avec notre syst\u00e8me de gestion du transport pour le segment de la logistique des meubles neufs, nous num\u00e9risons les processus logistiques, de la production au lieu de montage en passant par le stockage. Nos fonctions telles que la num\u00e9risation du chargement, la gestion des caisses mobiles et la planification intelligente des tourn\u00e9es y contribuent. Nos experts sont \u00e0 votre disposition pour vous conseiller lors d&#8217;un premier rendez-vous sans engagement. Prenez rendez-vous et d\u00e9couvrez nos innovations dans le secteur. Nos consultants en logistique vous rappellent rapidement.<\/p>\n","protected":false},"author":258,"featured_media":0,"parent":30056,"menu_order":60,"comment_status":"closed","ping_status":"closed","template":"","meta":{"_acf_changed":false,"footnotes":""},"class_list":["post-29935","page","type-page","status-publish"],"acf":[],"yoast_head":"<!-- This site is optimized with the Yoast SEO Premium plugin v26.9 (Yoast SEO v27.5) - https:\/\/yoast.com\/product\/yoast-seo-premium-wordpress\/ -->\n<title>\ud83d\ude9b TMS &amp; WMS pour le transport de meubles | proLogistik Group<\/title>\n<meta name=\"description\" content=\"Solutions de transport efficaces pour les meubles ! \u2714\ufe0f Logiciel adapt\u00e9 \u00e0 la logistique du mobilier neuf &amp; aux besoins sp\u00e9cifiques. \u27a4 En savoir plus ! \u2705\" \/>\n<meta name=\"robots\" content=\"index, follow, max-snippet:-1, max-image-preview:large, max-video-preview:-1\" \/>\n<link rel=\"canonical\" href=\"https:\/\/www.prologistik.com\/fr\/commerce-de-meubles\/\" \/>\n<meta property=\"og:locale\" content=\"fr_FR\" \/>\n<meta property=\"og:type\" content=\"article\" \/>\n<meta property=\"og:title\" content=\"Commerce de meubles\" \/>\n<meta property=\"og:description\" content=\"Solutions de transport efficaces pour les meubles ! \u2714\ufe0f Logiciel adapt\u00e9 \u00e0 la logistique du mobilier neuf &amp; aux besoins sp\u00e9cifiques. \u27a4 En savoir plus ! \u2705\" \/>\n<meta property=\"og:url\" content=\"https:\/\/www.prologistik.com\/fr\/commerce-de-meubles\/\" \/>\n<meta property=\"og:site_name\" content=\"proLogistik Group\" \/>\n<meta property=\"article:modified_time\" content=\"2025-02-26T14:18:40+00:00\" \/>\n<meta property=\"og:image\" content=\"https:\/\/www.prologistik.com\/wp-content\/uploads\/tablet_active_m-ware-1.png\" \/>\n<meta name=\"twitter:card\" content=\"summary_large_image\" \/>\n<meta name=\"twitter:label1\" content=\"Dur\u00e9e de lecture estim\u00e9e\" \/>\n\t<meta name=\"twitter:data1\" content=\"1 minute\" \/>\n<script type=\"application\/ld+json\" class=\"yoast-schema-graph\">{\"@context\":\"https:\\\/\\\/schema.org\",\"@graph\":[{\"@type\":\"WebPage\",\"@id\":\"https:\\\/\\\/www.prologistik.com\\\/fr\\\/commerce-de-meubles\\\/\",\"url\":\"https:\\\/\\\/www.prologistik.com\\\/fr\\\/commerce-de-meubles\\\/\",\"name\":\"\ud83d\ude9b TMS & WMS pour le transport de meubles | proLogistik Group\",\"isPartOf\":{\"@id\":\"https:\\\/\\\/www.prologistik.com\\\/fr\\\/#website\"},\"primaryImageOfPage\":{\"@id\":\"https:\\\/\\\/www.prologistik.com\\\/fr\\\/commerce-de-meubles\\\/#primaryimage\"},\"image\":{\"@id\":\"https:\\\/\\\/www.prologistik.com\\\/fr\\\/commerce-de-meubles\\\/#primaryimage\"},\"thumbnailUrl\":\"https:\\\/\\\/www.prologistik.com\\\/wp-content\\\/uploads\\\/tablet_active_m-ware-1.png\",\"datePublished\":\"2024-02-27T15:57:48+00:00\",\"dateModified\":\"2025-02-26T14:18:40+00:00\",\"description\":\"Solutions de transport efficaces pour les meubles ! \u2714\ufe0f Logiciel adapt\u00e9 \u00e0 la logistique du mobilier neuf & aux besoins sp\u00e9cifiques. \u27a4 En savoir plus ! \u2705\",\"breadcrumb\":{\"@id\":\"https:\\\/\\\/www.prologistik.com\\\/fr\\\/commerce-de-meubles\\\/#breadcrumb\"},\"inLanguage\":\"fr-FR\",\"potentialAction\":[{\"@type\":\"ReadAction\",\"target\":[\"https:\\\/\\\/www.prologistik.com\\\/fr\\\/commerce-de-meubles\\\/\"]}]},{\"@type\":\"ImageObject\",\"inLanguage\":\"fr-FR\",\"@id\":\"https:\\\/\\\/www.prologistik.com\\\/fr\\\/commerce-de-meubles\\\/#primaryimage\",\"url\":\"https:\\\/\\\/www.prologistik.com\\\/wp-content\\\/uploads\\\/tablet_active_m-ware-1.png\",\"contentUrl\":\"https:\\\/\\\/www.prologistik.com\\\/wp-content\\\/uploads\\\/tablet_active_m-ware-1.png\"},{\"@type\":\"BreadcrumbList\",\"@id\":\"https:\\\/\\\/www.prologistik.com\\\/fr\\\/commerce-de-meubles\\\/#breadcrumb\",\"itemListElement\":[{\"@type\":\"ListItem\",\"position\":1,\"name\":\"Startseite\",\"item\":\"https:\\\/\\\/www.prologistik.com\\\/fr\\\/\"},{\"@type\":\"ListItem\",\"position\":2,\"name\":\"Commerce de meubles\"}]},{\"@type\":\"WebSite\",\"@id\":\"https:\\\/\\\/www.prologistik.com\\\/fr\\\/#website\",\"url\":\"https:\\\/\\\/www.prologistik.com\\\/fr\\\/\",\"name\":\"proLogistik Group\",\"description\":\"Software und Hardware f\u00fcr die Intralogistik\",\"publisher\":{\"@id\":\"https:\\\/\\\/www.prologistik.com\\\/fr\\\/#organization\"},\"potentialAction\":[{\"@type\":\"SearchAction\",\"target\":{\"@type\":\"EntryPoint\",\"urlTemplate\":\"https:\\\/\\\/www.prologistik.com\\\/fr\\\/?s={search_term_string}\"},\"query-input\":{\"@type\":\"PropertyValueSpecification\",\"valueRequired\":true,\"valueName\":\"search_term_string\"}}],\"inLanguage\":\"fr-FR\"},{\"@type\":\"Organization\",\"@id\":\"https:\\\/\\\/www.prologistik.com\\\/fr\\\/#organization\",\"name\":\"proLogistik Group\",\"url\":\"https:\\\/\\\/www.prologistik.com\\\/fr\\\/\",\"logo\":{\"@type\":\"ImageObject\",\"inLanguage\":\"fr-FR\",\"@id\":\"https:\\\/\\\/www.prologistik.com\\\/fr\\\/#\\\/schema\\\/logo\\\/image\\\/\",\"url\":\"https:\\\/\\\/www.prologistik.com\\\/wp-content\\\/uploads\\\/prologistik-logo-web.svg\",\"contentUrl\":\"https:\\\/\\\/www.prologistik.com\\\/wp-content\\\/uploads\\\/prologistik-logo-web.svg\",\"width\":320,\"height\":59,\"caption\":\"proLogistik Group\"},\"image\":{\"@id\":\"https:\\\/\\\/www.prologistik.com\\\/fr\\\/#\\\/schema\\\/logo\\\/image\\\/\"}}]}<\/script>\n<!-- \/ Yoast SEO Premium plugin. -->","yoast_head_json":{"title":"\ud83d\ude9b TMS & WMS pour le transport de meubles | proLogistik Group","description":"Solutions de transport efficaces pour les meubles ! \u2714\ufe0f Logiciel adapt\u00e9 \u00e0 la logistique du mobilier neuf & aux besoins sp\u00e9cifiques. \u27a4 En savoir plus ! \u2705","robots":{"index":"index","follow":"follow","max-snippet":"max-snippet:-1","max-image-preview":"max-image-preview:large","max-video-preview":"max-video-preview:-1"},"canonical":"https:\/\/www.prologistik.com\/fr\/commerce-de-meubles\/","og_locale":"fr_FR","og_type":"article","og_title":"Commerce de meubles","og_description":"Solutions de transport efficaces pour les meubles ! \u2714\ufe0f Logiciel adapt\u00e9 \u00e0 la logistique du mobilier neuf & aux besoins sp\u00e9cifiques. \u27a4 En savoir plus ! \u2705","og_url":"https:\/\/www.prologistik.com\/fr\/commerce-de-meubles\/","og_site_name":"proLogistik Group","article_modified_time":"2025-02-26T14:18:40+00:00","og_image":[{"url":"https:\/\/www.prologistik.com\/wp-content\/uploads\/tablet_active_m-ware-1.png","type":"","width":"","height":""}],"twitter_card":"summary_large_image","twitter_misc":{"Dur\u00e9e de lecture estim\u00e9e":"1 minute"},"schema":{"@context":"https:\/\/schema.org","@graph":[{"@type":"WebPage","@id":"https:\/\/www.prologistik.com\/fr\/commerce-de-meubles\/","url":"https:\/\/www.prologistik.com\/fr\/commerce-de-meubles\/","name":"\ud83d\ude9b TMS & WMS pour le transport de meubles | proLogistik Group","isPartOf":{"@id":"https:\/\/www.prologistik.com\/fr\/#website"},"primaryImageOfPage":{"@id":"https:\/\/www.prologistik.com\/fr\/commerce-de-meubles\/#primaryimage"},"image":{"@id":"https:\/\/www.prologistik.com\/fr\/commerce-de-meubles\/#primaryimage"},"thumbnailUrl":"https:\/\/www.prologistik.com\/wp-content\/uploads\/tablet_active_m-ware-1.png","datePublished":"2024-02-27T15:57:48+00:00","dateModified":"2025-02-26T14:18:40+00:00","description":"Solutions de transport efficaces pour les meubles ! \u2714\ufe0f Logiciel adapt\u00e9 \u00e0 la logistique du mobilier neuf & aux besoins sp\u00e9cifiques. \u27a4 En savoir plus ! \u2705","breadcrumb":{"@id":"https:\/\/www.prologistik.com\/fr\/commerce-de-meubles\/#breadcrumb"},"inLanguage":"fr-FR","potentialAction":[{"@type":"ReadAction","target":["https:\/\/www.prologistik.com\/fr\/commerce-de-meubles\/"]}]},{"@type":"ImageObject","inLanguage":"fr-FR","@id":"https:\/\/www.prologistik.com\/fr\/commerce-de-meubles\/#primaryimage","url":"https:\/\/www.prologistik.com\/wp-content\/uploads\/tablet_active_m-ware-1.png","contentUrl":"https:\/\/www.prologistik.com\/wp-content\/uploads\/tablet_active_m-ware-1.png"},{"@type":"BreadcrumbList","@id":"https:\/\/www.prologistik.com\/fr\/commerce-de-meubles\/#breadcrumb","itemListElement":[{"@type":"ListItem","position":1,"name":"Startseite","item":"https:\/\/www.prologistik.com\/fr\/"},{"@type":"ListItem","position":2,"name":"Commerce de meubles"}]},{"@type":"WebSite","@id":"https:\/\/www.prologistik.com\/fr\/#website","url":"https:\/\/www.prologistik.com\/fr\/","name":"proLogistik Group","description":"Software und Hardware f\u00fcr die Intralogistik","publisher":{"@id":"https:\/\/www.prologistik.com\/fr\/#organization"},"potentialAction":[{"@type":"SearchAction","target":{"@type":"EntryPoint","urlTemplate":"https:\/\/www.prologistik.com\/fr\/?s={search_term_string}"},"query-input":{"@type":"PropertyValueSpecification","valueRequired":true,"valueName":"search_term_string"}}],"inLanguage":"fr-FR"},{"@type":"Organization","@id":"https:\/\/www.prologistik.com\/fr\/#organization","name":"proLogistik Group","url":"https:\/\/www.prologistik.com\/fr\/","logo":{"@type":"ImageObject","inLanguage":"fr-FR","@id":"https:\/\/www.prologistik.com\/fr\/#\/schema\/logo\/image\/","url":"https:\/\/www.prologistik.com\/wp-content\/uploads\/prologistik-logo-web.svg","contentUrl":"https:\/\/www.prologistik.com\/wp-content\/uploads\/prologistik-logo-web.svg","width":320,"height":59,"caption":"proLogistik Group"},"image":{"@id":"https:\/\/www.prologistik.com\/fr\/#\/schema\/logo\/image\/"}}]}},"_links":{"self":[{"href":"https:\/\/www.prologistik.com\/fr\/wp-json\/wp\/v2\/pages\/29935","targetHints":{"allow":["GET"]}}],"collection":[{"href":"https:\/\/www.prologistik.com\/fr\/wp-json\/wp\/v2\/pages"}],"about":[{"href":"https:\/\/www.prologistik.com\/fr\/wp-json\/wp\/v2\/types\/page"}],"author":[{"embeddable":true,"href":"https:\/\/www.prologistik.com\/fr\/wp-json\/wp\/v2\/users\/258"}],"replies":[{"embeddable":true,"href":"https:\/\/www.prologistik.com\/fr\/wp-json\/wp\/v2\/comments?post=29935"}],"version-history":[{"count":5,"href":"https:\/\/www.prologistik.com\/fr\/wp-json\/wp\/v2\/pages\/29935\/revisions"}],"predecessor-version":[{"id":42103,"href":"https:\/\/www.prologistik.com\/fr\/wp-json\/wp\/v2\/pages\/29935\/revisions\/42103"}],"up":[{"embeddable":true,"href":"https:\/\/www.prologistik.com\/fr\/wp-json\/wp\/v2\/pages\/30056"}],"wp:attachment":[{"href":"https:\/\/www.prologistik.com\/fr\/wp-json\/wp\/v2\/media?parent=29935"}],"curies":[{"name":"wp","href":"https:\/\/api.w.org\/{rel}","templated":true}]}}