{"id":29893,"date":"2024-02-28T17:06:02","date_gmt":"2024-02-28T16:06:02","guid":{"rendered":"https:\/\/prologistik.pixel-tal.de\/transportation-old\/systeme-de-gestion-du-transport"},"modified":"2025-09-19T11:30:06","modified_gmt":"2025-09-19T09:30:06","slug":"systeme-de-gestion-du-transport","status":"publish","type":"page","link":"https:\/\/www.prologistik.com\/fr\/transportation\/systeme-de-gestion-du-transport\/","title":{"rendered":"Syst\u00e8me de gestion du transport"},"content":{"rendered":"        \n            <!-- pagehead -->\n        \n                    \n\t\t\t<div id=\"pagehead-block_06d132cd060f6f8ada767b5696ca964e\" class=\"pagehead size-small\">\n\t\t\t\t\t\t\t<div class=\"pagehead-canvas\">\n\t\t\t\t<div class=\"pagehead-content has-bg-color bg-color-blue\">\n\t\t\t\t\t<div class=\"pagehead-content-inner\">\n\t\t\t\t\t\t\t\t\t\t\t\t<span class=\"pagehead-subheadline\"  data-aos=\"fade-up\" data-aos-delay=\"50\">Le syst\u00e8me de gestion du transport du groupe prologistik<\/span>\t\t\t\t\t\t<h1 class=\"pagehead-headline\" data-aos=\"fade-up\" data-aos-delay=\"100\">pLG TMS<\/h1>\t\t\t\t\t\t\t\t\t\t\t<\/div>\n\t\t\t\t<\/div>\n\t\t\t<\/div>\n\t\t\t\n\t\t\t\t<div class=\"pagehead-background\">\n\t\t\t\t<!-- image_id: 29944 | alt:  -->\t\t\t\t\t\t\t\t\t<img decoding=\"async\" class=\"test\" src=\"https:\/\/www.prologistik.com\/wp-content\/uploads\/pLG_Website_TMS_Banner_1920x840px_2024.png\" alt=\"\" \/>\n\t\t\t\t\n\t\t\t\t<\/div>\n\t\t\t<\/div>\n        \n                    \n            <!-- end:pagehead -->\n        \n            \n\n<div class=\"gb-container gb-container-0e29d4de\">\n<section class=\"gb-container gb-container-1c05d91a\">\n<div class=\"gb-container gb-container-e1797b69\">\n<div class=\"gb-grid-wrapper gb-grid-wrapper-06faa49b\">\n<div data-aos=\"fade-right\" class=\"gb-grid-column gb-grid-column-709d4ad2\"><div class=\"gb-container gb-container-709d4ad2\">\n\n<div class=\"wp-block-pixel-headline headlines is-subheadline-top has-text-align-left\"><h2 class=\"headline\" style=\"color:\">Transport Managent System pour l&#8217;ensemble des acteurs du march\u00e9&nbsp;<\/h2><span class=\"subheadline\" style=\"color:var(--color-blue)\">Notre logiciel de logistique orient\u00e9 vers le flux de travail et les processus<\/span><\/div>\n\n\n<div class=\"tooltip-image tooltip-image-transport\"><div class=\"tooltip-image-points\"><div class=\"tooltip-image-point\" style=\"--point-x:17%;--point-y:7%\"><div class=\"tooltip-image-button\"><span>+<\/span><\/div><div class=\"tooltip-image-tip tooltip-image-tip-0\"><span><strong>Logistique des conteneurs<\/strong>Le pLG TMS g\u00e8re la logistique des conteneurs avec pr\u00e9inscription \u00e9lectronique, r\u00e9servation de cr\u00e9neaux & suivi en temps r\u00e9el.<\/span><\/div><\/div><div class=\"tooltip-image-point\" style=\"--point-x:32%;--point-y:9%\"><div class=\"tooltip-image-button\"><span>+<\/span><\/div><div class=\"tooltip-image-tip tooltip-image-tip-1\"><span><strong>Port et d\u00e9claration en douane<\/strong>Les formalit\u00e9s portuaires et douani\u00e8res sont trait\u00e9es de mani\u00e8re automatis\u00e9e dans le pLG TMS. Les d\u00e9clarations pr\u00e9alables num\u00e9riques et les interfaces avec les autorit\u00e9s garantissent des processus sans faille.<\/span><\/div><\/div><div class=\"tooltip-image-point\" style=\"--point-x:28%;--point-y:41.5%\"><div class=\"tooltip-image-button\"><span>+<\/span><\/div><div class=\"tooltip-image-tip tooltip-image-tip-2\"><span><strong>Planification des modes de transport<\/strong>Le pLG TMS planifie les transports intermodaux par train, bateau fluvial, conteneur et camion. Les obligations relatives aux marchandises dangereuses et la disponibilit\u00e9 des moyens de chargement sont automatiquement int\u00e9gr\u00e9es dans la planification.<\/span><\/div><\/div><div class=\"tooltip-image-point\" style=\"--point-x:16.5%;--point-y:72.5%\"><div class=\"tooltip-image-button\"><span>+<\/span><\/div><div class=\"tooltip-image-tip tooltip-image-tip-3\"><span><strong>Production<\/strong>Le TMS pLG met en r\u00e9seau le transport et la production. Les livraisons just-in-time sont g\u00e9r\u00e9es de mani\u00e8re fiable gr\u00e2ce \u00e0 des donn\u00e9es en temps r\u00e9el.<\/span><\/div><\/div><div class=\"tooltip-image-point\" style=\"--point-x:49.5%;--point-y:33.5%\"><div class=\"tooltip-image-button\"><span>+<\/span><\/div><div class=\"tooltip-image-tip tooltip-image-tip-4\"><span><strong>R\u00e9ception des marchandises<\/strong>Le TMS de pLG transforme la livraison classique en un processus d'anticipation num\u00e9rique qui soulage la r\u00e9ception des marchandises, \u00e9limine les temps d'attente et g\u00e8re intelligemment les ressources de l'entrep\u00f4t - pour une liaison fluide entre la route et les rayons.<\/span><\/div><\/div><div class=\"tooltip-image-point\" style=\"--point-x:46%;--point-y:27.5%\"><div class=\"tooltip-image-button\"><span>+<\/span><\/div><div class=\"tooltip-image-tip tooltip-image-tip-5\"><span><strong>Dock & Yard Management<\/strong>R\u00e9duit activement le temps d'immobilisation du camion dans la cour. Les cr\u00e9neaux horaires, l'attribution des portes et les mouvements se font num\u00e9riquement et en temps r\u00e9el.<\/span><\/div><\/div><div class=\"tooltip-image-point\" style=\"--point-x:59%;--point-y:34%\"><div class=\"tooltip-image-button\"><span>+<\/span><\/div><div class=\"tooltip-image-tip tooltip-image-tip-6\"><span><strong>La sortie des marchandises<\/strong>Le TMS pLG assure la derni\u00e8re \u00e9tape vers une livraison parfaite. Il garantit un traitement sans erreur des exp\u00e9ditions, une transparence du transport et une qualit\u00e9 de livraison maximale.<\/span><\/div><\/div><div class=\"tooltip-image-point\" style=\"--point-x:56.5%;--point-y:12%\"><div class=\"tooltip-image-button\"><span>+<\/span><\/div><div class=\"tooltip-image-tip tooltip-image-tip-7\"><span><strong>Avis<\/strong>L'avis num\u00e9rique dans le TMS pLG apporte une transparence totale dans le flux de transport. Toutes les livraisons sont visibles tr\u00e8s t\u00f4t, contr\u00f4lables et directement reli\u00e9es aux processus suivants.<\/span><\/div><\/div><div class=\"tooltip-image-point\" style=\"--point-x:79%;--point-y:35%\"><div class=\"tooltip-image-button\"><span>+<\/span><\/div><div class=\"tooltip-image-tip tooltip-image-tip-8\"><span><strong>T\u00e9l\u00e9matique<\/strong>La t\u00e9l\u00e9matique est directement int\u00e9gr\u00e9e dans le TMS pLG. Les donn\u00e9es de position, les messages d'\u00e9tat et la communication avec le conducteur sont centralis\u00e9s dans le syst\u00e8me.<\/span><\/div><\/div><div class=\"tooltip-image-point\" style=\"--point-x:64.5%;--point-y:38.5%\"><div class=\"tooltip-image-button\"><span>+<\/span><\/div><div class=\"tooltip-image-tip tooltip-image-tip-9\"><span><strong>Planification des tourn\u00e9es<\/strong>La planification des tourn\u00e9es pLG utilise des algorithmes bas\u00e9s sur l'intelligence artificielle pour optimiser les itin\u00e9raires et l'utilisation des v\u00e9hicules - en tenant compte des cr\u00e9neaux horaires, du volume de chargement et des conditions de circulation.<\/span><\/div><\/div><div class=\"tooltip-image-point\" style=\"--point-x:73%;--point-y:30%\"><div class=\"tooltip-image-button\"><span>+<\/span><\/div><div class=\"tooltip-image-tip tooltip-image-tip-10\"><span><strong>Optimisation des trajets<\/strong>L'optimisation des trajets dans le TMS pLG r\u00e9duit les trajets \u00e0 vide, diminue les \u00e9missions et augmente le taux d'utilisation - efficace \u00e0 la fois pour l'environnement et le budget.<\/span><\/div><\/div><div class=\"tooltip-image-point\" style=\"--point-x:68%;--point-y:22%\"><div class=\"tooltip-image-button\"><span>+<\/span><\/div><div class=\"tooltip-image-tip tooltip-image-tip-11\"><span><strong>App pour les chauffeurs<\/strong>Notre application pLG Driver connecte les chauffeurs, le planning et les clients en temps r\u00e9el. L'\u00e9tat des commandes, la navigation et les signatures num\u00e9riques sont disponibles \u00e0 tout moment.<\/span><\/div><\/div><div class=\"tooltip-image-point\" style=\"--point-x:80%;--point-y:20%\"><div class=\"tooltip-image-button\"><span>+<\/span><\/div><div class=\"tooltip-image-tip tooltip-image-tip-12\"><span><strong>B2C Consommateur final<\/strong>Des d\u00e9lais de livraison plus courts et des heures d'arriv\u00e9e plus fiables garantissent une exp\u00e9rience de livraison sans faille. Moins de retards et de malentendus entra\u00eenent moins de retours et de r\u00e9clamations.<\/span><\/div><\/div><div class=\"tooltip-image-point\" style=\"--point-x:70%;--point-y:65%\"><div class=\"tooltip-image-button\"><span>+<\/span><\/div><div class=\"tooltip-image-tip tooltip-image-tip-13\"><span><strong>Livre de transport num\u00e9rique<\/strong>Avec la lettre de transport num\u00e9rique dans le pLG TMS, le processus de transport est document\u00e9 sans papier, de mani\u00e8re l\u00e9gale et enti\u00e8rement num\u00e9rique.<\/span><\/div><\/div><div class=\"tooltip-image-point\" style=\"--point-x:80%;--point-y:58%\"><div class=\"tooltip-image-button\"><span>+<\/span><\/div><div class=\"tooltip-image-tip tooltip-image-tip-14\"><span><strong>Portail client<\/strong>Le portail client pLG permet aux partenaires commerciaux et aux clients d'acc\u00e9der au statut des livraisons, aux documents et aux cr\u00e9neaux horaires - 24 heures sur 24 et 7 jours sur 7, num\u00e9riquement et en direct.<\/span><\/div><\/div><div class=\"tooltip-image-point\" style=\"--point-x:70%;--point-y:81%\"><div class=\"tooltip-image-button\"><span>+<\/span><\/div><div class=\"tooltip-image-tip tooltip-image-tip-15\"><span><strong>Livraison de magasins B2B<\/strong>Le PLG TMS g\u00e8re des sc\u00e9narios de livraison complexes pour les r\u00e9seaux de magasins. Les tourn\u00e9es r\u00e9guli\u00e8res, les reprises et les transferts num\u00e9riques au point de livraison garantissent la transparence.<\/span><\/div><\/div><\/div><div class=\"tooltip-image-media\"><img loading=\"lazy\" decoding=\"async\" width=\"1400\" height=\"788\" src=\"https:\/\/www.prologistik.com\/wp-content\/uploads\/infografik_transport.jpg\" class=\"attachment-tooltip_image size-tooltip_image\" alt=\"\" srcset=\"https:\/\/www.prologistik.com\/wp-content\/uploads\/infografik_transport.jpg 1400w, https:\/\/www.prologistik.com\/wp-content\/uploads\/infografik_transport-300x169.jpg 300w, https:\/\/www.prologistik.com\/wp-content\/uploads\/infografik_transport-1024x576.jpg 1024w, https:\/\/www.prologistik.com\/wp-content\/uploads\/infografik_transport-150x84.jpg 150w, https:\/\/www.prologistik.com\/wp-content\/uploads\/infografik_transport-768x432.jpg 768w\" sizes=\"auto, (max-width: 1400px) 100vw, 1400px\" \/><\/div><\/div>\n\n<\/div><\/div>\n<\/div>\n<\/div>\n<\/section>\n\n<section class=\"gb-container gb-container-9b132df5 gb-container-no-padding-top\">\n<div class=\"gb-container gb-container-0eb52ca2\">\n<div class=\"gb-grid-wrapper gb-grid-wrapper-5eb580c4\">\n<div data-aos=\"fade-right\" class=\"gb-grid-column gb-grid-column-f270c540\"><div class=\"gb-container gb-container-f270c540\">\n\n<div class=\"wp-block-pixel-headline headlines is-subheadline-top has-text-align-left\"><h2 class=\"headline\" style=\"color:\">Le Transport Management System du groupe proLogistik  <\/h2><span class=\"subheadline\" style=\"color:var(--color-blue)\">LA Solution produit pour un transport sans FAILLE<\/span><\/div>\n\n\n\n<p>Le pLG TMS g\u00e8re l&#8217;ensemble des processus de transport du premier au dernier kilom\u00e8tre. Notre logiciel prend en charge toutes les fonctions de transport n\u00e9cessaires, de la gestion des commandes \u00e0 la planification et \u00e0 l&#8217;ordonnancement du transport, en passant par le d\u00e9roulement du transport, la facturation et la cr\u00e9ation des avis de cr\u00e9dit.<\/p>\n\n\n\n<p>Notre solution g\u00e8re les prestataires de services externes et s&#8217;int\u00e8gre parfaitement \u00e0 votre infrastructure informatique existante. En combination avec l&#8217;outil pLG BI, pLG TMS vous permet de prendre des d\u00e9cisions intelligentes bas\u00e9es sur les donn\u00e9es.<\/p>\n\n\n\n<p>R\u00e9duisez vos co\u00fbts avec le syst\u00e8me de gestion du transport du Groupe proLogistik gr\u00e2ce \u00e0 l&#8217;utilisation de l&#8217;IA, r\u00e9duisez les \u00e9missions de CO\u2082 et cr\u00e9ez de la transparence pour l&#8217;ensemble du processus.<\/p>\n\n\n\n<div class=\"wp-block-buttons is-content-justification-left is-layout-flex wp-container-core-buttons-is-layout-fdcfc74e wp-block-buttons-is-layout-flex\">\n<div class=\"wp-block-button is-style-fill\"><a class=\"wp-block-button__link has-color-white-color has-color-green-background-color has-text-color has-background has-link-color wp-element-button\" href=\"#contact\">Parler \u00e0 un expert<\/a><\/div>\n<\/div>\n\n<\/div><\/div>\n\n<div data-aos=\"fade-left\" class=\"gb-grid-column gb-grid-column-241531c8\"><div class=\"gb-container gb-container-241531c8\">\n    <div id=\"gradientbox-block_192a8a532940669f605d007786c8c24d\" class=\"gradientbox background-blue\">\n        <div class=\"gradientbox-content-wrap\">\n                        <div class=\"wp-block-pixel-headline headlines is-subheadline-top has-text-align-left\">\n                <h3 class=\"headline\" style=\"color:var(--color-white)\">Points forts du produit :<\/h3>\n                            <\/div>\n                        <div class=\"gradientbox-column-wrap\">\n\n                                <div class=\"gradientbox-column\">\n                    <div class=\"gradientbox-text-wrap\">\n                                                                        <ul>\n<li>Augmentation du rendement<\/li>\n<li>\u00c9conomies des co\u00fbts<\/li>\n<li>Visibilit\u00e9 de la cha\u00eene logistique<\/li>\n<li>Soutien du support<\/li>\n<li><span data-contrast=\"none\">Connaissement num\u00e9ris\u00e9 sur la base de Blockchain<br \/>\n<\/span><\/li>\n<li><span data-contrast=\"none\">\u00c9volutif et int\u00e9grable<br \/>\n<\/span><\/li>\n<li><span data-contrast=\"none\">Analyse des donn\u00e9es et comptes rendus<br \/>\n<\/span><\/li>\n<\/ul>\n                                            <\/div>\n                                    <\/div>\n                \n            <\/div>\n        <\/div> \n    <\/div>\n    \n<\/div><\/div>\n<\/div>\n<\/div>\n<\/section>\n\n<section class=\"gb-container gb-container-afc59f0d\" id=\"WMS-Vorteile\">\n<div class=\"gb-container gb-container-2df70e64\">\n<div class=\"gb-grid-wrapper gb-grid-wrapper-c4d1eaea\">\n<div data-aos=\"fade-right\" class=\"gb-grid-column gb-grid-column-2afb8dfe\"><div class=\"gb-container gb-container-2afb8dfe\">\n\n<div class=\"wp-block-pixel-headline headlines is-subheadline-top has-text-align-left\"><h2 class=\"headline\" style=\"color:\">Aper\u00e7u des fonctions<\/h2><\/div>\n\n\n\n<p class=\"has-color-dark-grey-color has-text-color has-link-color wp-elements-db46f485ba15a4086e25a5f91ee03730\">Avec pLG TMS, vous \u00eates en mesure d&#8217;organiser rapidement et facilement l&#8217;ensemble de vos activit\u00e9s logistiques. Vu qu&#8217;il s&#8217;agit d&#8217;un logiciel orient\u00e9 vers le flux de travail et les processus, pLG TMS poss\u00e8de une grande flexibilit\u00e9 et int\u00e8gre diff\u00e9rents processus, domaines sp\u00e9cialis\u00e9s, devises et langues. Peu importe que l&#8217;entreprise soit organis\u00e9e de mani\u00e8re centralis\u00e9e ou d\u00e9centralis\u00e9e.<\/p>\n\n<\/div><\/div>\n\n<div data-aos=\"fade-up\" class=\"gb-grid-column gb-grid-column-ab4bac41\"><div class=\"gb-container gb-container-ab4bac41\">\n    <div id=\"gradientbox-block_98a8c1c2f0600837dd0eb86f37868b6a\" class=\"gradientbox background-blue\">\n        <div class=\"gradientbox-content-wrap\">\n                        <div class=\"gradientbox-column-wrap\">\n\n                                <div class=\"gradientbox-column\">\n                    <div class=\"gradientbox-text-wrap\">\n                                                                        <ul>\n<li>Possibilit\u00e9 d&#8217;int\u00e9grer des langues \u00e9trang\u00e8res<\/li>\n<li>Plurilinguisme<\/li>\n<li>Capable de coop\u00e9rer et d&#8217;effacer des coop\u00e9rations<\/li>\n<li>Gestion des tourn\u00e9es de r\u00e9gulation et des tourn\u00e9es de cadrage<\/li>\n<li>Gestion des ressources en v\u00e9hicules, personnel et \u00e9quipement<\/li>\n<li>Planification des tourn\u00e9es bas\u00e9e l&#8217;IA<\/li>\n<li>Suivi des exp\u00e9ditions<\/li>\n<li>Scan des enveloppes et gestion des colis<\/li>\n<\/ul>\n                                            <\/div>\n                                    <\/div>\n                                <div class=\"gradientbox-column\">\n                    <div class=\"gradientbox-text-wrap\">\n                                                                        <ul>\n<li>\u00c9change des donn\u00e9es EDI<\/li>\n<li>Optimisation du d\u00e9roulement et des processus gr\u00e2ce \u00e0 un moteur de gestion automatique<\/li>\n<li>Calcul et cr\u00e9ation d&#8217;offres<\/li>\n<li>Portail web de l&#8217;\u00e9change d&#8217;informations avec les clients et les prestataires logistiques<\/li>\n<li>Gestion du changement du statut<\/li>\n<li>Respect des Standards VDA Automotive<\/li>\n<\/ul>\n                                            <\/div>\n                                    <\/div>\n                \n            <\/div>\n        <\/div> \n    <\/div>\n    \n<\/div><\/div>\n<\/div>\n<\/div>\n<\/section>\n\n<section class=\"gb-container gb-container-60579b86\">\n<div class=\"gb-container gb-container-6a1d2cc7\">\n\n<div class=\"wp-block-pixel-headline headlines is-subheadline-top has-text-align-left\" data-aos=\"fade-right\"><h2 class=\"headline\" style=\"color:\">pLG Innovations  <\/h2><span class=\"subheadline\" style=\"color:var(--color-blue)\">Technologies innovantes<\/span><\/div>\n\n\n<div class=\"gb-grid-wrapper gb-grid-wrapper-fc3b44d7\">\n<div data-aos=\"fade-up\" class=\"gb-grid-column gb-grid-column-940cdffc\"><div class=\"gb-container gb-container-940cdffc\">\n<div id=\"imagebox-block_ed1b10bdef3f4fbc7fedd6e9b9ed915b\" class=\"imagebox image-top background-color-white\">\n\t        <div class=\"imagebox-image image-format-rectangular  with-rounding\" style=\"background: url('https:\/\/www.prologistik.com\/wp-content\/uploads\/prologistik-content-tms.jpg'); background-repeat: no-repeat; background-size: cover; background-position: center;\"><\/div>\n    \n    <div class=\"imagebox-content-wrap\">\n\n        <div class=\"imagebox-content\">\n                        <div class=\"imagebox-headline  font-size-normal\">\n                Solutions informatiques bas\u00e9es sur la blockchain            <\/div>\n                                    <div class=\"imagebox-copytext\">\n                <p>Notre solution eCMR bas\u00e9e sur la blockchain s&#8217;est impos\u00e9e sur le march\u00e9 et est largement utilis\u00e9e. Dans ce cadre, les donn\u00e9es n\u00e9cessaires \u00e0 la blockchain sont enregistr\u00e9es de mani\u00e8re centralis\u00e9e et neutre dans la blockchain publique Ethereum Classic.<\/p>\n            <\/div>\n                    <\/div>\n            <\/div>\n\n<\/div>\n\n<\/div><\/div>\n\n<div data-aos=\"fade-up\" class=\"gb-grid-column gb-grid-column-adeba7d7\"><div class=\"gb-container gb-container-adeba7d7\">\n<div id=\"imagebox-block_c677a61e1b3643f70f03b770a2543252\" class=\"imagebox image-top background-color-white\">\n\t        <div class=\"imagebox-image image-format-rectangular  with-rounding\" style=\"background: url('https:\/\/www.prologistik.com\/wp-content\/uploads\/prologistik-header-software-support-2.jpg'); background-repeat: no-repeat; background-size: cover; background-position: center;\"><\/div>\n    \n    <div class=\"imagebox-content-wrap\">\n\n        <div class=\"imagebox-content\">\n                        <div class=\"imagebox-headline  font-size-normal\">\n                BI \u00e0 haut niveau            <\/div>\n                                    <div class=\"imagebox-copytext\">\n                <p>Notre solution g\u00e8re les prestataires de services externes et s&#8217;int\u00e8gre parfaitement dans votre infrastructure informatique. Associ\u00e9 \u00e0 l&#8217;outil de pLG Business Intelligence int\u00e9gr\u00e9 de pLG, il vous permet de prendre des d\u00e9cisions intelligentes bas\u00e9es sur les donn\u00e9es.<\/p>\n            <\/div>\n                    <\/div>\n            <\/div>\n\n<\/div>\n\n<\/div><\/div>\n\n<div data-aos=\"fade-up\" class=\"gb-grid-column gb-grid-column-077062e1\"><div class=\"gb-container gb-container-077062e1\">\n<div id=\"imagebox-block_ffc4579eadfde5a46c4519900c838fbc\" class=\"imagebox image-top background-color-white\">\n\t        <div class=\"imagebox-image image-format-rectangular  with-rounding\" style=\"background: url('https:\/\/www.prologistik.com\/wp-content\/uploads\/pLG_Website_Verlinkungsbild_Tourenplanung_650x400px_2024.png'); background-repeat: no-repeat; background-size: cover; background-position: center;\"><\/div>\n    \n    <div class=\"imagebox-content-wrap\">\n\n        <div class=\"imagebox-content\">\n                        <div class=\"imagebox-headline  font-size-normal\">\n                IA dans la planification des tourn\u00e9es            <\/div>\n                                    <div class=\"imagebox-copytext\">\n                <p>pLG Route Planning avec optimisation int\u00e9gr\u00e9e des tourn\u00e9es vous aide, gr\u00e2ce \u00e0 l&#8217;intelligence artificielle, \u00e0 planifier toutes les tourn\u00e9es de livraison et de collection &#8211; pour une utilisation optimale de votre parc de v\u00e9hicules aux co\u00fbts de transport r\u00e9duits et une r\u00e9duction importante des \u00e9missions de CO2.<\/p>\n            <\/div>\n                    <\/div>\n            <\/div>\n\n<\/div>\n\n<\/div><\/div>\n<\/div>\n<\/div>\n<\/section>\n\n<section class=\"gb-container gb-container-2bdde88a\">\n<div class=\"gb-container gb-container-5edf8f88\">\n<div class=\"gb-container gb-container-c0d4299c\">\n\n<div class=\"wp-block-pixel-headline headlines is-subheadline-top has-text-align-center\" data-aos=\"fade-up\"><h2 class=\"headline\" style=\"color:var(--color-dark-grey)\">Une solution adapt\u00e9e \u00e0 toute exigence<strong> <\/strong>&nbsp;<\/h2><span class=\"subheadline\" style=\"color:var(--color-blue)\">Nous sommes des experts du transport<\/span><\/div>\n\n\n\n<p class=\"has-text-align-center\" data-aos=\"fade-up\">Des chargements partiels \u00e0 la logistique d&#8217;entrep\u00f4ts et d&#8217;industrie pour les denr\u00e9es alimentaires et les mati\u00e8res dangereuses &#8211; pLG TMS vous permet de ma\u00eetriser toutes vos op\u00e9rations de transport.<\/p>\n\n\n\n<div style=\"height:50px\" aria-hidden=\"true\" class=\"wp-block-spacer\"><\/div>\n\n<\/div>\n\n<div data-aos=\"\" class=\"gb-grid-wrapper gb-grid-wrapper-98b90c47\">\n<div data-aos=\"fade-up\" class=\"gb-grid-column gb-grid-column-5d158735\"><div class=\"gb-container gb-container-5d158735\">\n<style>.wp-block-kadence-image.kb-image29893_dbf7da-b6:not(.kb-specificity-added):not(.kb-extra-specificity-added){margin-bottom:0px;}.kb-image29893_dbf7da-b6.kb-image-is-ratio-size, .kb-image29893_dbf7da-b6 .kb-image-is-ratio-size{max-width:100px;width:100%;}.wp-block-kadence-column > .kt-inside-inner-col > .kb-image29893_dbf7da-b6.kb-image-is-ratio-size, .wp-block-kadence-column > .kt-inside-inner-col > .kb-image29893_dbf7da-b6 .kb-image-is-ratio-size{align-self:unset;}.kb-image29893_dbf7da-b6 figure{max-width:100px;}.kb-image29893_dbf7da-b6 .image-is-svg, .kb-image29893_dbf7da-b6 .image-is-svg img{width:100%;}.kb-image29893_dbf7da-b6 .kb-image-has-overlay:after{opacity:0.3;}<\/style>\n<div class=\"wp-block-kadence-image kb-image29893_dbf7da-b6\"><figure class=\"aligncenter size-full\"><img loading=\"lazy\" decoding=\"async\" width=\"100\" height=\"100\" src=\"https:\/\/www.prologistik.com\/wp-content\/uploads\/pLG_Branchen_Stueckgut.png\" alt=\"\" class=\"kb-img wp-image-28186\"\/><\/figure><\/div>\n\n\n\n<div style=\"height:10px\" aria-hidden=\"true\" class=\"wp-block-spacer\"><\/div>\n\n\n\n<div class=\"wp-block-pixel-headline headlines is-subheadline-bottom has-text-align-center is-gap-off\"><h4 class=\"headline\" style=\"color:var(--color-navy-blue)\">PI\u00c8CES DETACH\u00c9ES<\/h4><\/div>\n\n\n\n<div class=\"wp-block-buttons is-content-justification-center is-layout-flex wp-container-core-buttons-is-layout-16018d1d wp-block-buttons-is-layout-flex\">\n<div class=\"wp-block-button is-style-outline is-style-outline--1\"><a class=\"wp-block-button__link has-color-navy-blue-color has-text-color has-text-align-center wp-element-button\" href=\"https:\/\/www.prologistik.com\/fr\/branches\/marchandises-de-detail\/\">Vers le secteur<\/a><\/div>\n<\/div>\n\n<\/div><\/div>\n\n<div data-aos=\"fade-up\" class=\"gb-grid-column gb-grid-column-f9289832\"><div class=\"gb-container gb-container-f9289832\">\n<style>.wp-block-kadence-image.kb-image29893_d3ea42-4d:not(.kb-specificity-added):not(.kb-extra-specificity-added){margin-bottom:0px;}.kb-image29893_d3ea42-4d.kb-image-is-ratio-size, .kb-image29893_d3ea42-4d .kb-image-is-ratio-size{max-width:100px;width:100%;}.wp-block-kadence-column > .kt-inside-inner-col > .kb-image29893_d3ea42-4d.kb-image-is-ratio-size, .wp-block-kadence-column > .kt-inside-inner-col > .kb-image29893_d3ea42-4d .kb-image-is-ratio-size{align-self:unset;}.kb-image29893_d3ea42-4d figure{max-width:100px;}.kb-image29893_d3ea42-4d .image-is-svg, .kb-image29893_d3ea42-4d .image-is-svg img{width:100%;}.kb-image29893_d3ea42-4d .kb-image-has-overlay:after{opacity:0.3;}<\/style>\n<div class=\"wp-block-kadence-image kb-image29893_d3ea42-4d\"><figure class=\"aligncenter size-full\"><img loading=\"lazy\" decoding=\"async\" width=\"100\" height=\"100\" src=\"https:\/\/www.prologistik.com\/wp-content\/uploads\/pLG_Branchen_FTL-LTL.png\" alt=\"\" class=\"kb-img wp-image-28172\"\/><\/figure><\/div>\n\n\n\n<div style=\"height:10px\" aria-hidden=\"true\" class=\"wp-block-spacer\"><\/div>\n\n\n\n<div class=\"wp-block-pixel-headline headlines is-subheadline-bottom has-text-align-center\"><h4 class=\"headline\" style=\"color:var(--color-navy-blue)\">FTL\/LTL<\/h4><\/div>\n\n\n\n<div class=\"wp-block-buttons is-content-justification-center is-layout-flex wp-container-core-buttons-is-layout-16018d1d wp-block-buttons-is-layout-flex\">\n<div class=\"wp-block-button is-style-outline is-style-outline--2\"><a class=\"wp-block-button__link has-color-navy-blue-color has-text-color wp-element-button\" href=\"https:\/\/www.prologistik.com\/fr\/branches\/ftl-ltl\/\">Vers le secteur  <\/a><\/div>\n<\/div>\n\n<\/div><\/div>\n\n<div data-aos=\"fade-up\" class=\"gb-grid-column gb-grid-column-d4db5d5f\"><div class=\"gb-container gb-container-d4db5d5f\">\n<style>.wp-block-kadence-image.kb-image29893_044f81-dc:not(.kb-specificity-added):not(.kb-extra-specificity-added){margin-bottom:0px;}.kb-image29893_044f81-dc.kb-image-is-ratio-size, .kb-image29893_044f81-dc .kb-image-is-ratio-size{max-width:100px;width:100%;}.wp-block-kadence-column > .kt-inside-inner-col > .kb-image29893_044f81-dc.kb-image-is-ratio-size, .wp-block-kadence-column > .kt-inside-inner-col > .kb-image29893_044f81-dc .kb-image-is-ratio-size{align-self:unset;}.kb-image29893_044f81-dc figure{max-width:100px;}.kb-image29893_044f81-dc .image-is-svg, .kb-image29893_044f81-dc .image-is-svg img{width:100%;}.kb-image29893_044f81-dc .kb-image-has-overlay:after{opacity:0.3;}<\/style>\n<div class=\"wp-block-kadence-image kb-image29893_044f81-dc\"><figure class=\"aligncenter size-full\"><img loading=\"lazy\" decoding=\"async\" width=\"100\" height=\"100\" src=\"https:\/\/www.prologistik.com\/wp-content\/uploads\/pLG_Branchen_Container.png\" alt=\"\" class=\"kb-img wp-image-28190\"\/><\/figure><\/div>\n\n\n\n<div style=\"height:10px\" aria-hidden=\"true\" class=\"wp-block-spacer\"><\/div>\n\n\n\n<div class=\"wp-block-pixel-headline headlines is-subheadline-bottom has-text-align-center\"><h4 class=\"headline\" style=\"color:var(--color-navy-blue)\">RECIPIENTS<\/h4><\/div>\n\n\n\n<div class=\"wp-block-buttons is-content-justification-center is-layout-flex wp-container-core-buttons-is-layout-16018d1d wp-block-buttons-is-layout-flex\">\n<div class=\"wp-block-button is-style-outline is-style-outline--3\"><a class=\"wp-block-button__link has-color-navy-blue-color has-text-color wp-element-button\" href=\"https:\/\/www.prologistik.com\/fr\/branches\/conteneur\/\">Vers le secteur<\/a><\/div>\n<\/div>\n\n<\/div><\/div>\n\n<div data-aos=\"fade-up\" class=\"gb-grid-column gb-grid-column-11efc4e6\"><div class=\"gb-container gb-container-11efc4e6\">\n<style>.wp-block-kadence-image.kb-image29893_9fb52b-b4:not(.kb-specificity-added):not(.kb-extra-specificity-added){margin-bottom:0px;}.kb-image29893_9fb52b-b4.kb-image-is-ratio-size, .kb-image29893_9fb52b-b4 .kb-image-is-ratio-size{max-width:100px;width:100%;}.wp-block-kadence-column > .kt-inside-inner-col > .kb-image29893_9fb52b-b4.kb-image-is-ratio-size, .wp-block-kadence-column > .kt-inside-inner-col > .kb-image29893_9fb52b-b4 .kb-image-is-ratio-size{align-self:unset;}.kb-image29893_9fb52b-b4 figure{max-width:100px;}.kb-image29893_9fb52b-b4 .image-is-svg, .kb-image29893_9fb52b-b4 .image-is-svg img{width:100%;}.kb-image29893_9fb52b-b4 .kb-image-has-overlay:after{opacity:0.3;}<\/style>\n<div class=\"wp-block-kadence-image kb-image29893_9fb52b-b4\"><figure class=\"aligncenter size-full\"><img loading=\"lazy\" decoding=\"async\" width=\"100\" height=\"100\" src=\"https:\/\/www.prologistik.com\/wp-content\/uploads\/pLG_Branchen_Schwerlast.png\" alt=\"\" class=\"kb-img wp-image-28182\"\/><\/figure><\/div>\n\n\n\n<div style=\"height:10px\" aria-hidden=\"true\" class=\"wp-block-spacer\"><\/div>\n\n\n\n<div class=\"wp-block-pixel-headline headlines is-subheadline-bottom has-text-align-center\"><h4 class=\"headline\" style=\"color:var(--color-navy-blue)\">CHARGE LOURDE<\/h4><\/div>\n\n\n\n<div class=\"wp-block-buttons is-content-justification-center is-layout-flex wp-container-core-buttons-is-layout-16018d1d wp-block-buttons-is-layout-flex\">\n<div class=\"wp-block-button is-style-outline is-style-outline--4\"><a class=\"wp-block-button__link has-color-navy-blue-color has-text-color wp-element-button\">Vers le secteur<\/a><\/div>\n<\/div>\n\n<\/div><\/div>\n\n<div data-aos=\"fade-up\" class=\"gb-grid-column gb-grid-column-66ad910f\"><div class=\"gb-container gb-container-66ad910f\">\n<style>.wp-block-kadence-image.kb-image29893_c55a36-2b:not(.kb-specificity-added):not(.kb-extra-specificity-added){margin-bottom:0px;}.kb-image29893_c55a36-2b.kb-image-is-ratio-size, .kb-image29893_c55a36-2b .kb-image-is-ratio-size{max-width:100px;width:100%;}.wp-block-kadence-column > .kt-inside-inner-col > .kb-image29893_c55a36-2b.kb-image-is-ratio-size, .wp-block-kadence-column > .kt-inside-inner-col > .kb-image29893_c55a36-2b .kb-image-is-ratio-size{align-self:unset;}.kb-image29893_c55a36-2b figure{max-width:100px;}.kb-image29893_c55a36-2b .image-is-svg, .kb-image29893_c55a36-2b .image-is-svg img{width:100%;}.kb-image29893_c55a36-2b .kb-image-has-overlay:after{opacity:0.3;}<\/style>\n<div class=\"wp-block-kadence-image kb-image29893_c55a36-2b\"><figure class=\"aligncenter size-full\"><img loading=\"lazy\" decoding=\"async\" width=\"100\" height=\"100\" src=\"https:\/\/www.prologistik.com\/wp-content\/uploads\/pLG_Branchen_Intermodal.png\" alt=\"\" class=\"kb-img wp-image-28176\"\/><\/figure><\/div>\n\n\n\n<div style=\"height:10px\" aria-hidden=\"true\" class=\"wp-block-spacer\"><\/div>\n\n\n\n<div class=\"wp-block-pixel-headline headlines is-subheadline-bottom has-text-align-center\"><h4 class=\"headline\" style=\"color:var(--color-navy-blue)\">INTERMODAL<\/h4><\/div>\n\n\n\n<div class=\"wp-block-buttons is-content-justification-center is-layout-flex wp-container-core-buttons-is-layout-16018d1d wp-block-buttons-is-layout-flex\">\n<div class=\"wp-block-button is-style-outline is-style-outline--5\"><a class=\"wp-block-button__link has-color-navy-blue-color has-text-color wp-element-button\" href=\"https:\/\/www.prologistik.com\/fr\/branches\/intermodal\/\">Vers le secteur<\/a><\/div>\n<\/div>\n\n<\/div><\/div>\n\n<div data-aos=\"fade-up\" class=\"gb-grid-column gb-grid-column-a3559e0a\"><div class=\"gb-container gb-container-a3559e0a\">\n<style>.wp-block-kadence-image.kb-image29893_77ca3f-a0:not(.kb-specificity-added):not(.kb-extra-specificity-added){margin-bottom:0px;}.kb-image29893_77ca3f-a0.kb-image-is-ratio-size, .kb-image29893_77ca3f-a0 .kb-image-is-ratio-size{max-width:100px;width:100%;}.wp-block-kadence-column > .kt-inside-inner-col > .kb-image29893_77ca3f-a0.kb-image-is-ratio-size, .wp-block-kadence-column > .kt-inside-inner-col > .kb-image29893_77ca3f-a0 .kb-image-is-ratio-size{align-self:unset;}.kb-image29893_77ca3f-a0 figure{max-width:100px;}.kb-image29893_77ca3f-a0 .image-is-svg, .kb-image29893_77ca3f-a0 .image-is-svg img{width:100%;}.kb-image29893_77ca3f-a0 .kb-image-has-overlay:after{opacity:0.3;}<\/style>\n<div class=\"wp-block-kadence-image kb-image29893_77ca3f-a0\"><figure class=\"aligncenter size-full\"><img loading=\"lazy\" decoding=\"async\" width=\"100\" height=\"100\" src=\"https:\/\/www.prologistik.com\/wp-content\/uploads\/pLG_Branchen_Entsorger.png\" alt=\"\" class=\"kb-img wp-image-28170\"\/><\/figure><\/div>\n\n\n\n<div style=\"height:10px\" aria-hidden=\"true\" class=\"wp-block-spacer\"><\/div>\n\n\n\n<div class=\"wp-block-pixel-headline headlines is-subheadline-bottom has-text-align-center\"><h4 class=\"headline\" style=\"color:var(--color-navy-blue)\">ENTREPRISES DE COLLECTE<\/h4><\/div>\n\n\n\n<div class=\"wp-block-buttons is-content-justification-center is-layout-flex wp-container-core-buttons-is-layout-16018d1d wp-block-buttons-is-layout-flex\">\n<div class=\"wp-block-button is-style-outline is-style-outline--6\"><a class=\"wp-block-button__link has-color-navy-blue-color has-text-color wp-element-button\">Vers le secteur<\/a><\/div>\n<\/div>\n\n<\/div><\/div>\n\n<div data-aos=\"fade-up\" class=\"gb-grid-column gb-grid-column-110df254\"><div class=\"gb-container gb-container-110df254\">\n<style>.wp-block-kadence-image.kb-image29893_043f45-52:not(.kb-specificity-added):not(.kb-extra-specificity-added){margin-bottom:0px;}.kb-image29893_043f45-52.kb-image-is-ratio-size, .kb-image29893_043f45-52 .kb-image-is-ratio-size{max-width:100px;width:100%;}.wp-block-kadence-column > .kt-inside-inner-col > .kb-image29893_043f45-52.kb-image-is-ratio-size, .wp-block-kadence-column > .kt-inside-inner-col > .kb-image29893_043f45-52 .kb-image-is-ratio-size{align-self:unset;}.kb-image29893_043f45-52 figure{max-width:100px;}.kb-image29893_043f45-52 .image-is-svg, .kb-image29893_043f45-52 .image-is-svg img{width:100%;}.kb-image29893_043f45-52 .kb-image-has-overlay:after{opacity:0.3;}<\/style>\n<div class=\"wp-block-kadence-image kb-image29893_043f45-52\"><figure class=\"aligncenter size-full\"><img loading=\"lazy\" decoding=\"async\" width=\"100\" height=\"100\" src=\"https:\/\/www.prologistik.com\/wp-content\/uploads\/pLG_Branchen_Speditionen.png\" alt=\"\" class=\"kb-img wp-image-28184\"\/><\/figure><\/div>\n\n\n\n<div style=\"height:10px\" aria-hidden=\"true\" class=\"wp-block-spacer\"><\/div>\n\n\n\n<div class=\"wp-block-pixel-headline headlines is-subheadline-bottom has-text-align-center\"><h4 class=\"headline\" style=\"color:var(--color-navy-blue)\">TRANSPORTEURS<\/h4><\/div>\n\n\n\n<div class=\"wp-block-buttons is-content-justification-center is-layout-flex wp-container-core-buttons-is-layout-16018d1d wp-block-buttons-is-layout-flex\">\n<div class=\"wp-block-button is-style-outline is-style-outline--7\"><a class=\"wp-block-button__link has-color-navy-blue-color has-text-color wp-element-button\">Vers le secteur  <\/a><\/div>\n<\/div>\n\n<\/div><\/div>\n\n<div data-aos=\"fade-up\" class=\"gb-grid-column gb-grid-column-3445c2b6\"><div class=\"gb-container gb-container-3445c2b6\">\n<style>.wp-block-kadence-image.kb-image29893_0a73b6-b8:not(.kb-specificity-added):not(.kb-extra-specificity-added){margin-bottom:0px;}.kb-image29893_0a73b6-b8.kb-image-is-ratio-size, .kb-image29893_0a73b6-b8 .kb-image-is-ratio-size{max-width:100px;width:100%;}.wp-block-kadence-column > .kt-inside-inner-col > .kb-image29893_0a73b6-b8.kb-image-is-ratio-size, .wp-block-kadence-column > .kt-inside-inner-col > .kb-image29893_0a73b6-b8 .kb-image-is-ratio-size{align-self:unset;}.kb-image29893_0a73b6-b8 figure{max-width:100px;}.kb-image29893_0a73b6-b8 .image-is-svg, .kb-image29893_0a73b6-b8 .image-is-svg img{width:100%;}.kb-image29893_0a73b6-b8 .kb-image-has-overlay:after{opacity:0.3;}<\/style>\n<div class=\"wp-block-kadence-image kb-image29893_0a73b6-b8\"><figure class=\"aligncenter size-full\"><img loading=\"lazy\" decoding=\"async\" width=\"100\" height=\"100\" src=\"https:\/\/www.prologistik.com\/wp-content\/uploads\/pLG_Branchen_Moebel-Handel.png\" alt=\"\" class=\"kb-img wp-image-28178\"\/><\/figure><\/div>\n\n\n\n<div style=\"height:10px\" aria-hidden=\"true\" class=\"wp-block-spacer\"><\/div>\n\n\n\n<div class=\"wp-block-pixel-headline headlines is-subheadline-bottom has-text-align-center\"><h4 class=\"headline\" style=\"color:var(--color-navy-blue)\">COMMERCE DE MOBILIER<\/h4><\/div>\n\n\n\n<div class=\"wp-block-buttons is-content-justification-center is-layout-flex wp-container-core-buttons-is-layout-16018d1d wp-block-buttons-is-layout-flex\">\n<div class=\"wp-block-button is-style-outline is-style-outline--8\"><a class=\"wp-block-button__link has-color-navy-blue-color has-text-color wp-element-button\" href=\"https:\/\/www.prologistik.com\/fr\/branches\/commerce-de-meubles\/\">Vers le secteur<\/a><\/div>\n<\/div>\n\n<\/div><\/div>\n\n<div data-aos=\"fade-up\" class=\"gb-grid-column gb-grid-column-3be7f991\"><div class=\"gb-container gb-container-3be7f991\">\n<style>.wp-block-kadence-image.kb-image29893_2e80f8-de:not(.kb-specificity-added):not(.kb-extra-specificity-added){margin-bottom:0px;}.kb-image29893_2e80f8-de.kb-image-is-ratio-size, .kb-image29893_2e80f8-de .kb-image-is-ratio-size{max-width:100px;width:100%;}.wp-block-kadence-column > .kt-inside-inner-col > .kb-image29893_2e80f8-de.kb-image-is-ratio-size, .wp-block-kadence-column > .kt-inside-inner-col > .kb-image29893_2e80f8-de .kb-image-is-ratio-size{align-self:unset;}.kb-image29893_2e80f8-de figure{max-width:100px;}.kb-image29893_2e80f8-de .image-is-svg, .kb-image29893_2e80f8-de .image-is-svg img{width:100%;}.kb-image29893_2e80f8-de .kb-image-has-overlay:after{opacity:0.3;}<\/style>\n<div class=\"wp-block-kadence-image kb-image29893_2e80f8-de\"><figure class=\"aligncenter size-full\"><img loading=\"lazy\" decoding=\"async\" width=\"100\" height=\"100\" src=\"https:\/\/www.prologistik.com\/wp-content\/uploads\/Gruppe-396.png\" alt=\"\" class=\"kb-img wp-image-19291\"\/><\/figure><\/div>\n\n\n\n<div style=\"height:10px\" aria-hidden=\"true\" class=\"wp-block-spacer\"><\/div>\n\n\n\n<div class=\"wp-block-pixel-headline headlines is-subheadline-bottom has-text-align-center\"><h4 class=\"headline\" style=\"color:var(--color-navy-blue)\">VENTE EN GROS<\/h4><\/div>\n\n\n\n<div class=\"wp-block-buttons is-content-justification-center is-layout-flex wp-container-core-buttons-is-layout-16018d1d wp-block-buttons-is-layout-flex\">\n<div class=\"wp-block-button is-style-outline is-style-outline--9\"><a class=\"wp-block-button__link has-color-navy-blue-color has-text-color wp-element-button\" href=\"https:\/\/www.prologistik.com\/fr\/branches\/vente-en-gros\/\">Vers le secteur<\/a><\/div>\n<\/div>\n\n<\/div><\/div>\n\n<div data-aos=\"fade-up\" class=\"gb-grid-column gb-grid-column-6e83e1f4\"><div class=\"gb-container gb-container-6e83e1f4\">\n<style>.wp-block-kadence-image.kb-image29893_c5d02a-b0:not(.kb-specificity-added):not(.kb-extra-specificity-added){margin-bottom:0px;}.kb-image29893_c5d02a-b0.kb-image-is-ratio-size, .kb-image29893_c5d02a-b0 .kb-image-is-ratio-size{max-width:100px;width:100%;}.wp-block-kadence-column > .kt-inside-inner-col > .kb-image29893_c5d02a-b0.kb-image-is-ratio-size, .wp-block-kadence-column > .kt-inside-inner-col > .kb-image29893_c5d02a-b0 .kb-image-is-ratio-size{align-self:unset;}.kb-image29893_c5d02a-b0 figure{max-width:100px;}.kb-image29893_c5d02a-b0 .image-is-svg, .kb-image29893_c5d02a-b0 .image-is-svg img{width:100%;}.kb-image29893_c5d02a-b0 .kb-image-has-overlay:after{opacity:0.3;}<\/style>\n<div class=\"wp-block-kadence-image kb-image29893_c5d02a-b0\"><figure class=\"aligncenter size-full\"><img loading=\"lazy\" decoding=\"async\" width=\"100\" height=\"100\" src=\"https:\/\/www.prologistik.com\/wp-content\/uploads\/plg_branche_industry.png\" alt=\"\" class=\"kb-img wp-image-26671\"\/><\/figure><\/div>\n\n\n\n<div style=\"height:10px\" aria-hidden=\"true\" class=\"wp-block-spacer\"><\/div>\n\n\n\n<div class=\"wp-block-pixel-headline headlines is-subheadline-bottom has-text-align-center\"><h4 class=\"headline\" style=\"color:var(--color-navy-blue)\">INDUSTRIE<\/h4><\/div>\n\n\n\n<div class=\"wp-block-buttons is-content-justification-center is-layout-flex wp-container-core-buttons-is-layout-16018d1d wp-block-buttons-is-layout-flex\">\n<div class=\"wp-block-button is-style-outline is-style-outline--10\"><a class=\"wp-block-button__link has-color-navy-blue-color has-text-color wp-element-button\" href=\"https:\/\/www.prologistik.com\/fr\/branches\/industrie\/\">Vers le secteur<\/a><\/div>\n<\/div>\n\n<\/div><\/div>\n\n<div data-aos=\"fade-up\" class=\"gb-grid-column gb-grid-column-37f41475\"><div class=\"gb-container gb-container-37f41475\">\n<style>.wp-block-kadence-image.kb-image29893_777bd5-d0:not(.kb-specificity-added):not(.kb-extra-specificity-added){margin-bottom:0px;}.kb-image29893_777bd5-d0.kb-image-is-ratio-size, .kb-image29893_777bd5-d0 .kb-image-is-ratio-size{max-width:100px;width:100%;}.wp-block-kadence-column > .kt-inside-inner-col > .kb-image29893_777bd5-d0.kb-image-is-ratio-size, .wp-block-kadence-column > .kt-inside-inner-col > .kb-image29893_777bd5-d0 .kb-image-is-ratio-size{align-self:unset;}.kb-image29893_777bd5-d0 figure{max-width:100px;}.kb-image29893_777bd5-d0 .image-is-svg, .kb-image29893_777bd5-d0 .image-is-svg img{width:100%;}.kb-image29893_777bd5-d0 .kb-image-has-overlay:after{opacity:0.3;}<\/style>\n<div class=\"wp-block-kadence-image kb-image29893_777bd5-d0\"><figure class=\"aligncenter size-full\"><img loading=\"lazy\" decoding=\"async\" width=\"100\" height=\"100\" src=\"https:\/\/www.prologistik.com\/wp-content\/uploads\/plg_branche_ecommerce.png\" alt=\"\" class=\"kb-img wp-image-26669\"\/><\/figure><\/div>\n\n\n\n<div style=\"height:10px\" aria-hidden=\"true\" class=\"wp-block-spacer\"><\/div>\n\n\n\n<div class=\"wp-block-pixel-headline headlines is-subheadline-bottom has-text-align-center\"><h4 class=\"headline\" style=\"color:var(--color-navy-blue)\">COMMERCE \u00c9LECTRONIQUE<\/h4><\/div>\n\n\n\n<div class=\"wp-block-buttons is-content-justification-center is-layout-flex wp-container-core-buttons-is-layout-16018d1d wp-block-buttons-is-layout-flex\">\n<div class=\"wp-block-button is-style-outline is-style-outline--11\"><a class=\"wp-block-button__link has-color-navy-blue-color has-text-color wp-element-button\" href=\"https:\/\/www.prologistik.com\/fr\/branches\/commerce-electronique\/\">Vers le secteur<\/a><\/div>\n<\/div>\n\n<\/div><\/div>\n\n<div data-aos=\"fade-up\" class=\"gb-grid-column gb-grid-column-7d3a2d2b\"><div class=\"gb-container gb-container-7d3a2d2b\">\n<style>.wp-block-kadence-image.kb-image29893_0a9411-1a:not(.kb-specificity-added):not(.kb-extra-specificity-added){margin-bottom:0px;}.kb-image29893_0a9411-1a.kb-image-is-ratio-size, .kb-image29893_0a9411-1a .kb-image-is-ratio-size{max-width:100px;width:100%;}.wp-block-kadence-column > .kt-inside-inner-col > .kb-image29893_0a9411-1a.kb-image-is-ratio-size, .wp-block-kadence-column > .kt-inside-inner-col > .kb-image29893_0a9411-1a .kb-image-is-ratio-size{align-self:unset;}.kb-image29893_0a9411-1a figure{max-width:100px;}.kb-image29893_0a9411-1a .image-is-svg, .kb-image29893_0a9411-1a .image-is-svg img{width:100%;}.kb-image29893_0a9411-1a .kb-image-has-overlay:after{opacity:0.3;}<\/style>\n<div class=\"wp-block-kadence-image kb-image29893_0a9411-1a\"><figure class=\"aligncenter size-full\"><img loading=\"lazy\" decoding=\"async\" width=\"100\" height=\"100\" src=\"https:\/\/www.prologistik.com\/wp-content\/uploads\/plg_branche_retail.png\" alt=\"\" class=\"kb-img wp-image-26673\"\/><\/figure><\/div>\n\n\n\n<div style=\"height:10px\" aria-hidden=\"true\" class=\"wp-block-spacer\"><\/div>\n\n\n\n<div class=\"wp-block-pixel-headline headlines is-subheadline-bottom has-text-align-center\"><h4 class=\"headline\" style=\"color:var(--color-navy-blue)\">VENTE AU DE\u00c9TAIL<\/h4><\/div>\n\n\n\n<div class=\"wp-block-buttons is-content-justification-center is-layout-flex wp-container-core-buttons-is-layout-16018d1d wp-block-buttons-is-layout-flex\">\n<div class=\"wp-block-button is-style-outline is-style-outline--12\"><a class=\"wp-block-button__link has-color-navy-blue-color has-text-color wp-element-button\" href=\"https:\/\/www.prologistik.com\/fr\/branches\/vente-au-detail\/\">Vers le secteur<\/a><\/div>\n<\/div>\n\n<\/div><\/div>\n<\/div>\n<\/div>\n<\/section>\n\n<section class=\"gb-container gb-container-95e5cf62\">\n<div class=\"gb-container gb-container-d8017db3\">\n\n<div class=\"wp-block-pixel-headline headlines is-subheadline-top has-text-align-left\" data-aos=\"fade-right\"><h2 class=\"headline\" style=\"color:\">Un transport sans faille gr\u00e2ce \u00e0 nos solutions  <\/h2><span class=\"subheadline\" style=\"color:var(--color-blue)\">Relever les d\u00e9fis<\/span><\/div>\n\n\n<div class=\"gb-grid-wrapper gb-grid-wrapper-48026121\">\n<div data-aos=\"fade-up\" class=\"gb-grid-column gb-grid-column-1fcce497\"><div class=\"gb-container gb-container-1fcce497\">\n<div id=\"imagebox-block_408cf753fad3f8eedcddbfc99afdf919\" class=\"imagebox image-top background-color-white\">\n\t<style>#imagebox-block_408cf753fad3f8eedcddbfc99afdf919::before {background: var(--); } <\/style>    \n    <div class=\"imagebox-content-wrap\">\n\n        <div class=\"imagebox-content\">\n                        <div class=\"imagebox-headline  font-size-normal\">\n                Cadre politique              <\/div>\n                                    <div class=\"imagebox-copytext\">\n                <p>Le respect des dispositions l\u00e9gales est imp\u00e9ratif pour toute entreprise. Notre syst\u00e8me moderne et automatis\u00e9 de gestion du transport vous aide \u00e0 suivre et \u00e0 respecter efficacement toutes les exigences r\u00e9glementaires requises.<\/p>\n            <\/div>\n                    <\/div>\n            <\/div>\n\n<\/div>\n\n<\/div><\/div>\n\n<div data-aos=\"fade-up\" class=\"gb-grid-column gb-grid-column-fe65fa72\"><div class=\"gb-container gb-container-fe65fa72\">\n<div id=\"imagebox-block_1ad1eb2c44a23639388c6faae08b4e4f\" class=\"imagebox image-top background-color-white\">\n\t    \n    <div class=\"imagebox-content-wrap\">\n\n        <div class=\"imagebox-content\">\n                        <div class=\"imagebox-headline  font-size-normal\">\n                Des cha\u00eenes d&#8217;approvisionnement sous pression            <\/div>\n                                    <div class=\"imagebox-copytext\">\n                <p>La suppression des \u00e9tapes manuelles permet non seulement de gagner du temps mais aussi d&#8217;\u00e9viter les erreurs et des donn\u00e9es superflues. Une automatisation pouss\u00e9e de la gestion du transport est n\u00e9cessaire pour garantir des processus optimaux et \u00e9volutifs. L&#8217;automatisation et la num\u00e9risation des processus vous permettent d&#8217;atteindre une efficacit\u00e9 et une rentabilit\u00e9 accrues.<\/p>\n            <\/div>\n                    <\/div>\n            <\/div>\n\n<\/div>\n\n<\/div><\/div>\n\n<div data-aos=\"fade-up\" class=\"gb-grid-column gb-grid-column-5c5c1a35\"><div class=\"gb-container gb-container-5c5c1a35\">\n<div id=\"imagebox-block_5e3eb2a4dd8a1bd0be2842d3d40d3604\" class=\"imagebox image-top background-color-white\">\n\t    \n    <div class=\"imagebox-content-wrap\">\n\n        <div class=\"imagebox-content\">\n                        <div class=\"imagebox-headline  font-size-normal\">\n                Manque d&#8217;automatisation            <\/div>\n                                    <div class=\"imagebox-copytext\">\n                <p>Dans les structures complexes de la sous-traitance industrielle, le bon fonctionnement des cha\u00eenes d&#8217;approvisionnement est essentiel. Des exigences \u00e9lev\u00e9es en mati\u00e8re de prix, de qualit\u00e9 et de durabilit\u00e9 doivent \u00eatre satisfaites. Les options de livraison tel qu&#8217;une livraison le lendemain ou le jour m\u00eame sont standard. Un degr\u00e9 d&#8217;automatisation \u00e9lev\u00e9 est n\u00e9cessaire pour respecter des d\u00e9lais de livraison serr\u00e9s et le niveau de service promis.<\/p>\n            <\/div>\n                    <\/div>\n            <\/div>\n\n<\/div>\n\n<\/div><\/div>\n<\/div>\n<\/div>\n<\/section>\n\n<section class=\"gb-container gb-container-70f4f621\">\n<div class=\"gb-container gb-container-ac93bb74\">\n\n<div class=\"wp-block-pixel-headline headlines is-subheadline-top has-text-align-left\" data-aos=\"fade-right\"><h2 class=\"headline\" style=\"color:var(--color-white)\">Excellence de la cha\u00eene d&#8217;approvisionnement<\/h2><\/div>\n\n\n\n<p class=\"has-color-white-color has-text-color\" data-aos=\"fade-right\">Nos solutions logistiques comprennent un logiciel standard de haut niveau avec un noyau solide, extensible et \u00e9volutif en fonction des besoins du client. Nous vous offrons la flexibilit\u00e9 dont vous avez besoin pour une croissance rapide et une orientation strat\u00e9gique de vos processus &#8211; sans compromis.<\/p>\n\n<\/div>\n<\/section>\n<\/div>\n\n<div class=\"gb-container gb-container-90dc6c8f\">\n<section class=\"gb-container gb-container-a83e6692\">\n<div class=\"gb-container gb-container-b17ba68e\">\n<div class=\"gb-grid-wrapper gb-grid-wrapper-acfe585d\">\n<div data-aos=\"fade-right\" class=\"gb-grid-column gb-grid-column-47111bc2\"><div class=\"gb-container gb-container-47111bc2\">\n\n<div class=\"wp-block-pixel-headline headlines is-subheadline-top has-text-align-left\"><h2 class=\"headline\" style=\"color:\">pLG TMS &#8211; de l&#8217;organisation du transport \u00e0 la livraison finale<\/h2><span class=\"subheadline\" style=\"color:var(--color-blue)\">Une suite compl\u00e8te de modules <\/span><\/div>\n\n\n<div class=\"tooltip-image tooltip-image-transport\"><div class=\"tooltip-image-points\"><div class=\"tooltip-image-point\" style=\"--point-x:17%;--point-y:7%\"><div class=\"tooltip-image-button\"><span>+<\/span><\/div><div class=\"tooltip-image-tip tooltip-image-tip-0\"><span><strong>Logistique des conteneurs<\/strong>Le pLG TMS g\u00e8re la logistique des conteneurs avec pr\u00e9inscription \u00e9lectronique, r\u00e9servation de cr\u00e9neaux & suivi en temps r\u00e9el.<\/span><\/div><\/div><div class=\"tooltip-image-point\" style=\"--point-x:32%;--point-y:9%\"><div class=\"tooltip-image-button\"><span>+<\/span><\/div><div class=\"tooltip-image-tip tooltip-image-tip-1\"><span><strong>Port et d\u00e9claration en douane<\/strong>Les formalit\u00e9s portuaires et douani\u00e8res sont trait\u00e9es de mani\u00e8re automatis\u00e9e dans le pLG TMS. Les d\u00e9clarations pr\u00e9alables num\u00e9riques et les interfaces avec les autorit\u00e9s garantissent des processus sans faille.<\/span><\/div><\/div><div class=\"tooltip-image-point\" style=\"--point-x:28%;--point-y:41.5%\"><div class=\"tooltip-image-button\"><span>+<\/span><\/div><div class=\"tooltip-image-tip tooltip-image-tip-2\"><span><strong>Planification des modes de transport<\/strong>Le pLG TMS planifie les transports intermodaux par train, bateau fluvial, conteneur et camion. Les obligations relatives aux marchandises dangereuses et la disponibilit\u00e9 des moyens de chargement sont automatiquement int\u00e9gr\u00e9es dans la planification.<\/span><\/div><\/div><div class=\"tooltip-image-point\" style=\"--point-x:16.5%;--point-y:72.5%\"><div class=\"tooltip-image-button\"><span>+<\/span><\/div><div class=\"tooltip-image-tip tooltip-image-tip-3\"><span><strong>Production<\/strong>Le TMS pLG met en r\u00e9seau le transport et la production. Les livraisons just-in-time sont g\u00e9r\u00e9es de mani\u00e8re fiable gr\u00e2ce \u00e0 des donn\u00e9es en temps r\u00e9el.<\/span><\/div><\/div><div class=\"tooltip-image-point\" style=\"--point-x:49.5%;--point-y:33.5%\"><div class=\"tooltip-image-button\"><span>+<\/span><\/div><div class=\"tooltip-image-tip tooltip-image-tip-4\"><span><strong>R\u00e9ception des marchandises<\/strong>Le TMS de pLG transforme la livraison classique en un processus d'anticipation num\u00e9rique qui soulage la r\u00e9ception des marchandises, \u00e9limine les temps d'attente et g\u00e8re intelligemment les ressources de l'entrep\u00f4t - pour une liaison fluide entre la route et les rayons.<\/span><\/div><\/div><div class=\"tooltip-image-point\" style=\"--point-x:46%;--point-y:27.5%\"><div class=\"tooltip-image-button\"><span>+<\/span><\/div><div class=\"tooltip-image-tip tooltip-image-tip-5\"><span><strong>Dock & Yard Management<\/strong>R\u00e9duit activement le temps d'immobilisation du camion dans la cour. Les cr\u00e9neaux horaires, l'attribution des portes et les mouvements se font num\u00e9riquement et en temps r\u00e9el.<\/span><\/div><\/div><div class=\"tooltip-image-point\" style=\"--point-x:59%;--point-y:34%\"><div class=\"tooltip-image-button\"><span>+<\/span><\/div><div class=\"tooltip-image-tip tooltip-image-tip-6\"><span><strong>La sortie des marchandises<\/strong>Le TMS pLG assure la derni\u00e8re \u00e9tape vers une livraison parfaite. Il garantit un traitement sans erreur des exp\u00e9ditions, une transparence du transport et une qualit\u00e9 de livraison maximale.<\/span><\/div><\/div><div class=\"tooltip-image-point\" style=\"--point-x:56.5%;--point-y:12%\"><div class=\"tooltip-image-button\"><span>+<\/span><\/div><div class=\"tooltip-image-tip tooltip-image-tip-7\"><span><strong>Avis<\/strong>L'avis num\u00e9rique dans le TMS pLG apporte une transparence totale dans le flux de transport. Toutes les livraisons sont visibles tr\u00e8s t\u00f4t, contr\u00f4lables et directement reli\u00e9es aux processus suivants.<\/span><\/div><\/div><div class=\"tooltip-image-point\" style=\"--point-x:79%;--point-y:35%\"><div class=\"tooltip-image-button\"><span>+<\/span><\/div><div class=\"tooltip-image-tip tooltip-image-tip-8\"><span><strong>T\u00e9l\u00e9matique<\/strong>La t\u00e9l\u00e9matique est directement int\u00e9gr\u00e9e dans le TMS pLG. Les donn\u00e9es de position, les messages d'\u00e9tat et la communication avec le conducteur sont centralis\u00e9s dans le syst\u00e8me.<\/span><\/div><\/div><div class=\"tooltip-image-point\" style=\"--point-x:64.5%;--point-y:38.5%\"><div class=\"tooltip-image-button\"><span>+<\/span><\/div><div class=\"tooltip-image-tip tooltip-image-tip-9\"><span><strong>Planification des tourn\u00e9es<\/strong>La planification des tourn\u00e9es pLG utilise des algorithmes bas\u00e9s sur l'intelligence artificielle pour optimiser les itin\u00e9raires et l'utilisation des v\u00e9hicules - en tenant compte des cr\u00e9neaux horaires, du volume de chargement et des conditions de circulation.<\/span><\/div><\/div><div class=\"tooltip-image-point\" style=\"--point-x:73%;--point-y:30%\"><div class=\"tooltip-image-button\"><span>+<\/span><\/div><div class=\"tooltip-image-tip tooltip-image-tip-10\"><span><strong>Optimisation des trajets<\/strong>L'optimisation des trajets dans le TMS pLG r\u00e9duit les trajets \u00e0 vide, diminue les \u00e9missions et augmente le taux d'utilisation - efficace \u00e0 la fois pour l'environnement et le budget.<\/span><\/div><\/div><div class=\"tooltip-image-point\" style=\"--point-x:68%;--point-y:22%\"><div class=\"tooltip-image-button\"><span>+<\/span><\/div><div class=\"tooltip-image-tip tooltip-image-tip-11\"><span><strong>App pour les chauffeurs<\/strong>Notre application pLG Driver connecte les chauffeurs, le planning et les clients en temps r\u00e9el. L'\u00e9tat des commandes, la navigation et les signatures num\u00e9riques sont disponibles \u00e0 tout moment.<\/span><\/div><\/div><div class=\"tooltip-image-point\" style=\"--point-x:80%;--point-y:20%\"><div class=\"tooltip-image-button\"><span>+<\/span><\/div><div class=\"tooltip-image-tip tooltip-image-tip-12\"><span><strong>B2C Consommateur final<\/strong>Des d\u00e9lais de livraison plus courts et des heures d'arriv\u00e9e plus fiables garantissent une exp\u00e9rience de livraison sans faille. Moins de retards et de malentendus entra\u00eenent moins de retours et de r\u00e9clamations.<\/span><\/div><\/div><div class=\"tooltip-image-point\" style=\"--point-x:70%;--point-y:65%\"><div class=\"tooltip-image-button\"><span>+<\/span><\/div><div class=\"tooltip-image-tip tooltip-image-tip-13\"><span><strong>Livre de transport num\u00e9rique<\/strong>Avec la lettre de transport num\u00e9rique dans le pLG TMS, le processus de transport est document\u00e9 sans papier, de mani\u00e8re l\u00e9gale et enti\u00e8rement num\u00e9rique.<\/span><\/div><\/div><div class=\"tooltip-image-point\" style=\"--point-x:80%;--point-y:58%\"><div class=\"tooltip-image-button\"><span>+<\/span><\/div><div class=\"tooltip-image-tip tooltip-image-tip-14\"><span><strong>Portail client<\/strong>Le portail client pLG permet aux partenaires commerciaux et aux clients d'acc\u00e9der au statut des livraisons, aux documents et aux cr\u00e9neaux horaires - 24 heures sur 24 et 7 jours sur 7, num\u00e9riquement et en direct.<\/span><\/div><\/div><div class=\"tooltip-image-point\" style=\"--point-x:70%;--point-y:81%\"><div class=\"tooltip-image-button\"><span>+<\/span><\/div><div class=\"tooltip-image-tip tooltip-image-tip-15\"><span><strong>Livraison de magasins B2B<\/strong>Le PLG TMS g\u00e8re des sc\u00e9narios de livraison complexes pour les r\u00e9seaux de magasins. Les tourn\u00e9es r\u00e9guli\u00e8res, les reprises et les transferts num\u00e9riques au point de livraison garantissent la transparence.<\/span><\/div><\/div><\/div><div class=\"tooltip-image-media\"><img loading=\"lazy\" decoding=\"async\" width=\"1400\" height=\"788\" src=\"https:\/\/www.prologistik.com\/wp-content\/uploads\/infografik_transport.jpg\" class=\"attachment-tooltip_image size-tooltip_image\" alt=\"\" srcset=\"https:\/\/www.prologistik.com\/wp-content\/uploads\/infografik_transport.jpg 1400w, https:\/\/www.prologistik.com\/wp-content\/uploads\/infografik_transport-300x169.jpg 300w, https:\/\/www.prologistik.com\/wp-content\/uploads\/infografik_transport-1024x576.jpg 1024w, https:\/\/www.prologistik.com\/wp-content\/uploads\/infografik_transport-150x84.jpg 150w, https:\/\/www.prologistik.com\/wp-content\/uploads\/infografik_transport-768x432.jpg 768w\" sizes=\"auto, (max-width: 1400px) 100vw, 1400px\" \/><\/div><\/div>\n\n<\/div><\/div>\n<\/div>\n<\/div>\n<\/section>\n\n<section class=\"gb-container gb-container-afabf739 gb-container-no-padding-top\">\n<div class=\"gb-container gb-container-20d2a1c6\">\n<div class=\"gb-grid-wrapper gb-grid-wrapper-5587cb6e\">\n<div data-aos=\"fade-right\" class=\"gb-grid-column gb-grid-column-e2000b09\"><div class=\"gb-container gb-container-e2000b09\">\n\n<div class=\"wp-block-pixel-headline headlines is-subheadline-top has-text-align-left\"><h2 class=\"headline\" style=\"color:\">Une approche modulaire et flexible  <\/h2><span class=\"subheadline\" style=\"color:var(--color-blue)\">une Solution unifi\u00e9e pour un transport optimis\u00e9<\/span><\/div>\n\n\n\n<p>Le pLG TMS g\u00e8re l&#8217;ensemble des processus de transport du premier au dernier kilom\u00e8tre. Notre logiciel prend en charge toutes les fonctions transport n\u00e9cessaires, de la gestion des commandes de transport \u00e0 la planification des moyens en passant par l&#8217;optimisation des tourn\u00e9es, de la livraison jusqu&#8217;\u00e0 la facturation.<\/p>\n\n\n\n<p>Notre solution g\u00e8re les relations avec les prestataires de services externes et s&#8217;int\u00e8gre parfaitement \u00e0 votre infrastructure informatique existante. En combinaison avec l&#8217;outil pLG BI, pLG TMS vous permet de g\u00e9n\u00e9rer des tableaux de bord, de les partager et de ma\u00eetriser les donn\u00e9es.<\/p>\n\n\n\n<p>Nous int\u00e9grons dans nos solutions TMS, des outils de l&#8217;IA comme par exemple pour l&#8217;optimisation des flux, r\u00e9duire les \u00e9missions de CO2 ou pour le d\u00e9chiffrage automatique des documents scann\u00e9s. Nos agents virtuels facilitent \u00e9galement l&#8217;organisation de la livraison: proposition de rendez-vous de livraison, confirmation, changement etc&#8230; jusqu&#8217;\u00e0 la livraison finale.<\/p>\n\n\n\n<div class=\"wp-block-buttons is-content-justification-left is-layout-flex wp-container-core-buttons-is-layout-fdcfc74e wp-block-buttons-is-layout-flex\">\n<div class=\"wp-block-button is-style-fill\"><a class=\"wp-block-button__link has-color-white-color has-color-green-background-color has-text-color has-background has-link-color wp-element-button\" href=\"#contact\">Parler \u00e0 un expert<\/a><\/div>\n<\/div>\n\n<\/div><\/div>\n\n<div data-aos=\"fade-left\" class=\"gb-grid-column gb-grid-column-3e46906f\"><div class=\"gb-container gb-container-3e46906f\">\n    <div id=\"gradientbox-block_0ab559517d9b457921411f61159b6f20\" class=\"gradientbox background-blue\">\n        <div class=\"gradientbox-content-wrap\">\n                        <div class=\"wp-block-pixel-headline headlines is-subheadline-top has-text-align-left\">\n                <h3 class=\"headline\" style=\"color:var(--color-white)\">Points forts du produit :<\/h3>\n                            <\/div>\n                        <div class=\"gradientbox-column-wrap\">\n\n                                <div class=\"gradientbox-column\">\n                    <div class=\"gradientbox-text-wrap\">\n                                                                        <ul>\n<li>Gestion multi modale du transport<\/li>\n<li>Transport en propre ou en sous-traitance<\/li>\n<li>Gestion des co\u00fbts et de la facturation<span data-contrast=\"none\"><br \/>\n<\/span><\/li>\n<li>Transport en lot complet ou partiel<\/li>\n<li><span data-contrast=\"none\">Echange de donn\u00e9es et portails partag\u00e9s<br \/>\n<\/span><\/li>\n<li><span data-contrast=\"none\">Analyse des donn\u00e9es et rapports<br \/>\n<\/span><\/li>\n<li>Gestion et \u00e9dition des documents automatis\u00e9e<\/li>\n<\/ul>\n                                            <\/div>\n                                    <\/div>\n                \n            <\/div>\n        <\/div> \n    <\/div>\n    \n<\/div><\/div>\n<\/div>\n<\/div>\n<\/section>\n\n<section class=\"gb-container gb-container-abce4bc4\" id=\"WMS-Vorteile\">\n<div class=\"gb-container gb-container-63c52662\">\n<div class=\"gb-grid-wrapper gb-grid-wrapper-0d204372\">\n<div data-aos=\"fade-right\" class=\"gb-grid-column gb-grid-column-8f18e6dd\"><div class=\"gb-container gb-container-8f18e6dd\">\n\n<div class=\"wp-block-pixel-headline headlines is-subheadline-top has-text-align-left\"><h2 class=\"headline\" style=\"color:\">Aper\u00e7u des fonctions<\/h2><\/div>\n\n\n\n<p class=\"has-color-dark-grey-color has-text-color has-link-color wp-elements-28ff25b7e55e3e20d298baab8f6944c8\">Avec pLG TMS, vous \u00eates en mesure d&#8217;organiser rapidement et facilement l&#8217;ensemble de vos activit\u00e9s de transport. Notre solution prend en compte la complexit\u00e9 des m\u00e9tiers du transport, et s&#8217;adapte facilement aux diff\u00e9rents flux de travail. Que vous soyez logisticien, fabricant, transporteur ou sous-traitant, notre <a class=\"wpil_keyword_link\" href=\"https:\/\/www.prologistik.com\/fr\/transportation\/systeme-de-gestion-du-transport\/\"   title=\"Transport Management System\" data-wpil-keyword-link=\"linked\"  data-wpil-monitor-id=\"84\">Transport Management System<\/a> est adapt\u00e9 \u00e0 un environnement r\u00e9gional, national ou international. L&#8217;int\u00e9gration de devises \u00e9trang\u00e8res est prise en compte dans le calcul des co\u00fbts, des tarifs et de la facturation.<\/p>\n\n<\/div><\/div>\n\n<div data-aos=\"fade-up\" class=\"gb-grid-column gb-grid-column-2a44646d\"><div class=\"gb-container gb-container-2a44646d\">\n    <div id=\"gradientbox-block_f47d3aee9351d35e6ea9a1066a08ec26\" class=\"gradientbox background-blue\">\n        <div class=\"gradientbox-content-wrap\">\n                        <div class=\"gradientbox-column-wrap\">\n\n                                <div class=\"gradientbox-column\">\n                    <div class=\"gradientbox-text-wrap\">\n                                                                        <ul>\n<li>Gestion des co\u00fbts, des tarifs et des sous-traitants<\/li>\n<li>Solutions TMS SAAS, avec terminaux mobiles pour les conducteurs ou livreurs (t\u00e9l\u00e9matique)<\/li>\n<li>Gestion de commandes clients, organisation des missions et des tourn\u00e9es<\/li>\n<li>Mutualisation des moyens de transport et organisation des tourn\u00e9es par segment<\/li>\n<li>Gestion des ressources: containers, v\u00e9hicules, remorques, tracteurs, du personnel et des \u00e9quipements<\/li>\n<li>Optimisation des tourn\u00e9es et des livraisons bas\u00e9e sur\u00a0 l&#8217;IA<\/li>\n<li>Gestion des documents: preuves de livraison, incidents, factures, ordre de transport, certificats etc&#8230;<\/li>\n<\/ul>\n                                            <\/div>\n                                    <\/div>\n                                <div class=\"gradientbox-column\">\n                    <div class=\"gradientbox-text-wrap\">\n                                                                        <ul>\n<li>Conseil, int\u00e9gration et plan de migration<\/li>\n<li>\u00c9change des donn\u00e9es par fichier EDI ou webservices<\/li>\n<li>H\u00e9bergement sur nos propres data centers en Europe (cloud priv\u00e9)<\/li>\n<li>Services clients multi-langues<\/li>\n<li>Mises \u00e0 jours r\u00e9guli\u00e8res des informations de transports (route, cartographie&#8230;)<\/li>\n<\/ul>\n                                            <\/div>\n                                    <\/div>\n                \n            <\/div>\n        <\/div> \n    <\/div>\n    \n<\/div><\/div>\n<\/div>\n<\/div>\n<\/section>\n\n<section class=\"gb-container gb-container-f516d091\">\n<div class=\"gb-container gb-container-a005dcd3\">\n\n<div class=\"wp-block-pixel-headline headlines is-subheadline-top has-text-align-left\" data-aos=\"fade-right\"><h2 class=\"headline\" style=\"color:\">pLG Innovations  <\/h2><span class=\"subheadline\" style=\"color:var(--color-blue)\">Technologies innovantes<\/span><\/div>\n\n\n<div class=\"gb-grid-wrapper gb-grid-wrapper-c064ec5b\">\n<div data-aos=\"fade-up\" class=\"gb-grid-column gb-grid-column-1307171c\"><div class=\"gb-container gb-container-1307171c\">\n<div id=\"imagebox-block_ed1b10bdef3f4fbc7fedd6e9b9ed915b\" class=\"imagebox image-top background-color-white\">\n\t        <div class=\"imagebox-image image-format-rectangular  with-rounding\" style=\"background: url('https:\/\/www.prologistik.com\/wp-content\/uploads\/prologistik-content-tms.jpg'); background-repeat: no-repeat; background-size: cover; background-position: center;\"><\/div>\n    \n    <div class=\"imagebox-content-wrap\">\n\n        <div class=\"imagebox-content\">\n                        <div class=\"imagebox-headline  font-size-normal\">\n                Solutions informatiques bas\u00e9es sur la blockchain            <\/div>\n                                    <div class=\"imagebox-copytext\">\n                <p>Notre solution eCMR bas\u00e9e sur la blockchain s&#8217;est impos\u00e9e sur le march\u00e9 et est largement utilis\u00e9e. Dans ce cadre, les donn\u00e9es n\u00e9cessaires \u00e0 la blockchain sont enregistr\u00e9es de mani\u00e8re centralis\u00e9e et neutre dans la blockchain publique Ethereum Classic.<\/p>\n            <\/div>\n                    <\/div>\n            <\/div>\n\n<\/div>\n\n<\/div><\/div>\n\n<div data-aos=\"fade-up\" class=\"gb-grid-column gb-grid-column-f7ffaff9\"><div class=\"gb-container gb-container-f7ffaff9\">\n<div id=\"imagebox-block_c677a61e1b3643f70f03b770a2543252\" class=\"imagebox image-top background-color-white\">\n\t        <div class=\"imagebox-image image-format-rectangular  with-rounding\" style=\"background: url('https:\/\/www.prologistik.com\/wp-content\/uploads\/prologistik-header-software-support-2.jpg'); background-repeat: no-repeat; background-size: cover; background-position: center;\"><\/div>\n    \n    <div class=\"imagebox-content-wrap\">\n\n        <div class=\"imagebox-content\">\n                        <div class=\"imagebox-headline  font-size-normal\">\n                BI \u00e0 haut niveau            <\/div>\n                                    <div class=\"imagebox-copytext\">\n                <p>Notre solution g\u00e8re les prestataires de services externes et s&#8217;int\u00e8gre parfaitement dans votre infrastructure informatique. Associ\u00e9 \u00e0 l&#8217;outil de pLG Business Intelligence int\u00e9gr\u00e9 de pLG, il vous permet de prendre des d\u00e9cisions intelligentes bas\u00e9es sur les donn\u00e9es.<\/p>\n            <\/div>\n                    <\/div>\n            <\/div>\n\n<\/div>\n\n<\/div><\/div>\n\n<div data-aos=\"fade-up\" class=\"gb-grid-column gb-grid-column-12709aca\"><div class=\"gb-container gb-container-12709aca\">\n<div id=\"imagebox-block_bd38fa58700093ee7e394caf4b20d4d0\" class=\"imagebox image-top background-color-white\">\n\t        <div class=\"imagebox-image image-format-rectangular  with-rounding\" style=\"background: url('https:\/\/www.prologistik.com\/wp-content\/uploads\/pLG_Website_Verlinkungsbild_Tourenplanung_650x400px_2024.png'); background-repeat: no-repeat; background-size: cover; background-position: center;\"><\/div>\n    \n    <div class=\"imagebox-content-wrap\">\n\n        <div class=\"imagebox-content\">\n                        <div class=\"imagebox-headline  font-size-normal\">\n                IA dans la planification des tourn\u00e9es            <\/div>\n                                    <div class=\"imagebox-copytext\">\n                <p>pLG Route Planning avec optimisation int\u00e9gr\u00e9e des tourn\u00e9es vous aide, gr\u00e2ce \u00e0 l&#8217;intelligence artificielle, \u00e0 planifier toutes les tourn\u00e9es de livraison et de ramasse &#8211; pour une utilisation optimale de votre parc de v\u00e9hicules aux co\u00fbts de transport r\u00e9duits et une r\u00e9duction importante des \u00e9missions de CO2.<\/p>\n            <\/div>\n                    <\/div>\n            <\/div>\n\n<\/div>\n\n<\/div><\/div>\n<\/div>\n<\/div>\n<\/section>\n\n<section class=\"gb-container gb-container-8d448b1b\">\n<div class=\"gb-container gb-container-93769bab\">\n<div class=\"gb-container gb-container-1156d7cc\">\n\n<div class=\"wp-block-pixel-headline headlines is-subheadline-top has-text-align-center\" data-aos=\"fade-up\"><h2 class=\"headline\" style=\"color:var(--color-dark-grey)\">Une solution pour tous les m\u00e9tiers\u00a0<\/h2><span class=\"subheadline\" style=\"color:var(--color-blue)\">au service d&#8217;un transport fiable<\/span><\/div>\n\n\n\n<p class=\"has-text-align-center\" data-aos=\"fade-up\">Du transport en lot complet ou partiel, en propre ou en sous-traitance, pour les denr\u00e9es alimentaires, les produits sous temp\u00e9rature dirig\u00e9e, les alcools ou les mati\u00e8res dangereuses &#8211; pLG TMS vous permet de ma\u00eetriser toutes vos op\u00e9rations de transport.<\/p>\n\n\n\n<div style=\"height:50px\" aria-hidden=\"true\" class=\"wp-block-spacer\"><\/div>\n\n<\/div>\n\n<div data-aos=\"\" class=\"gb-grid-wrapper gb-grid-wrapper-a411a066\">\n<div data-aos=\"fade-up\" class=\"gb-grid-column gb-grid-column-2c0dd707\"><div class=\"gb-container gb-container-2c0dd707\">\n<style>.wp-block-kadence-image.kb-image29893_37eeab-b9:not(.kb-specificity-added):not(.kb-extra-specificity-added){margin-bottom:0px;}.kb-image29893_37eeab-b9.kb-image-is-ratio-size, .kb-image29893_37eeab-b9 .kb-image-is-ratio-size{max-width:100px;width:100%;}.wp-block-kadence-column > .kt-inside-inner-col > .kb-image29893_37eeab-b9.kb-image-is-ratio-size, .wp-block-kadence-column > .kt-inside-inner-col > .kb-image29893_37eeab-b9 .kb-image-is-ratio-size{align-self:unset;}.kb-image29893_37eeab-b9 figure{max-width:100px;}.kb-image29893_37eeab-b9 .image-is-svg, .kb-image29893_37eeab-b9 .image-is-svg img{width:100%;}.kb-image29893_37eeab-b9 .kb-image-has-overlay:after{opacity:0.3;}<\/style>\n<div class=\"wp-block-kadence-image kb-image29893_37eeab-b9\"><figure class=\"aligncenter size-full\"><img loading=\"lazy\" decoding=\"async\" width=\"100\" height=\"100\" src=\"https:\/\/www.prologistik.com\/wp-content\/uploads\/pLG_Branchen_Stueckgut.png\" alt=\"\" class=\"kb-img wp-image-28186\"\/><\/figure><\/div>\n\n\n\n<div style=\"height:10px\" aria-hidden=\"true\" class=\"wp-block-spacer\"><\/div>\n\n\n\n<div class=\"wp-block-pixel-headline headlines is-subheadline-bottom has-text-align-center is-gap-off\"><h4 class=\"headline\" style=\"color:var(--color-navy-blue)\">PI\u00c8CES DETACH\u00c9ES<\/h4><\/div>\n\n\n\n<div class=\"wp-block-buttons is-content-justification-center is-layout-flex wp-container-core-buttons-is-layout-16018d1d wp-block-buttons-is-layout-flex\">\n<div class=\"wp-block-button is-style-outline is-style-outline--13\"><a class=\"wp-block-button__link has-color-navy-blue-color has-text-color has-text-align-center wp-element-button\" href=\"https:\/\/www.prologistik.com\/fr\/branches\/marchandises-de-detail\/\">Vers le secteur<\/a><\/div>\n<\/div>\n\n<\/div><\/div>\n\n<div data-aos=\"fade-up\" class=\"gb-grid-column gb-grid-column-bc0c54bd\"><div class=\"gb-container gb-container-bc0c54bd\">\n<style>.wp-block-kadence-image.kb-image29893_e1bda7-af:not(.kb-specificity-added):not(.kb-extra-specificity-added){margin-bottom:0px;}.kb-image29893_e1bda7-af.kb-image-is-ratio-size, .kb-image29893_e1bda7-af .kb-image-is-ratio-size{max-width:100px;width:100%;}.wp-block-kadence-column > .kt-inside-inner-col > .kb-image29893_e1bda7-af.kb-image-is-ratio-size, .wp-block-kadence-column > .kt-inside-inner-col > .kb-image29893_e1bda7-af .kb-image-is-ratio-size{align-self:unset;}.kb-image29893_e1bda7-af figure{max-width:100px;}.kb-image29893_e1bda7-af .image-is-svg, .kb-image29893_e1bda7-af .image-is-svg img{width:100%;}.kb-image29893_e1bda7-af .kb-image-has-overlay:after{opacity:0.3;}<\/style>\n<div class=\"wp-block-kadence-image kb-image29893_e1bda7-af\"><figure class=\"aligncenter size-full\"><img loading=\"lazy\" decoding=\"async\" width=\"100\" height=\"100\" src=\"https:\/\/www.prologistik.com\/wp-content\/uploads\/pLG_Branchen_FTL-LTL.png\" alt=\"\" class=\"kb-img wp-image-28172\"\/><\/figure><\/div>\n\n\n\n<div style=\"height:10px\" aria-hidden=\"true\" class=\"wp-block-spacer\"><\/div>\n\n\n\n<div class=\"wp-block-pixel-headline headlines is-subheadline-bottom has-text-align-center\"><h4 class=\"headline\" style=\"color:var(--color-navy-blue)\">FTL\/LTL<\/h4><\/div>\n\n\n\n<div class=\"wp-block-buttons is-content-justification-center is-layout-flex wp-container-core-buttons-is-layout-16018d1d wp-block-buttons-is-layout-flex\">\n<div class=\"wp-block-button is-style-outline is-style-outline--14\"><a class=\"wp-block-button__link has-color-navy-blue-color has-text-color wp-element-button\" href=\"https:\/\/www.prologistik.com\/fr\/branches\/ftl-ltl\/\">Vers le secteur  <\/a><\/div>\n<\/div>\n\n<\/div><\/div>\n\n<div data-aos=\"fade-up\" class=\"gb-grid-column gb-grid-column-55c87845\"><div class=\"gb-container gb-container-55c87845\">\n<style>.wp-block-kadence-image.kb-image29893_1f19fb-f0:not(.kb-specificity-added):not(.kb-extra-specificity-added){margin-bottom:0px;}.kb-image29893_1f19fb-f0.kb-image-is-ratio-size, .kb-image29893_1f19fb-f0 .kb-image-is-ratio-size{max-width:100px;width:100%;}.wp-block-kadence-column > .kt-inside-inner-col > .kb-image29893_1f19fb-f0.kb-image-is-ratio-size, .wp-block-kadence-column > .kt-inside-inner-col > .kb-image29893_1f19fb-f0 .kb-image-is-ratio-size{align-self:unset;}.kb-image29893_1f19fb-f0 figure{max-width:100px;}.kb-image29893_1f19fb-f0 .image-is-svg, .kb-image29893_1f19fb-f0 .image-is-svg img{width:100%;}.kb-image29893_1f19fb-f0 .kb-image-has-overlay:after{opacity:0.3;}<\/style>\n<div class=\"wp-block-kadence-image kb-image29893_1f19fb-f0\"><figure class=\"aligncenter size-full\"><img loading=\"lazy\" decoding=\"async\" width=\"100\" height=\"100\" src=\"https:\/\/www.prologistik.com\/wp-content\/uploads\/pLG_Branchen_Container.png\" alt=\"\" class=\"kb-img wp-image-28190\"\/><\/figure><\/div>\n\n\n\n<div style=\"height:10px\" aria-hidden=\"true\" class=\"wp-block-spacer\"><\/div>\n\n\n\n<div class=\"wp-block-pixel-headline headlines is-subheadline-bottom has-text-align-center\"><h4 class=\"headline\" style=\"color:var(--color-navy-blue)\">RECIPIENTS<\/h4><\/div>\n\n\n\n<div class=\"wp-block-buttons is-content-justification-center is-layout-flex wp-container-core-buttons-is-layout-16018d1d wp-block-buttons-is-layout-flex\">\n<div class=\"wp-block-button is-style-outline is-style-outline--15\"><a class=\"wp-block-button__link has-color-navy-blue-color has-text-color wp-element-button\" href=\"https:\/\/www.prologistik.com\/fr\/branches\/conteneur\/\">Vers le secteur<\/a><\/div>\n<\/div>\n\n<\/div><\/div>\n\n<div data-aos=\"fade-up\" class=\"gb-grid-column gb-grid-column-92c3dce5\"><div class=\"gb-container gb-container-92c3dce5\">\n<style>.wp-block-kadence-image.kb-image29893_5d510d-65:not(.kb-specificity-added):not(.kb-extra-specificity-added){margin-bottom:0px;}.kb-image29893_5d510d-65.kb-image-is-ratio-size, .kb-image29893_5d510d-65 .kb-image-is-ratio-size{max-width:100px;width:100%;}.wp-block-kadence-column > .kt-inside-inner-col > .kb-image29893_5d510d-65.kb-image-is-ratio-size, .wp-block-kadence-column > .kt-inside-inner-col > .kb-image29893_5d510d-65 .kb-image-is-ratio-size{align-self:unset;}.kb-image29893_5d510d-65 figure{max-width:100px;}.kb-image29893_5d510d-65 .image-is-svg, .kb-image29893_5d510d-65 .image-is-svg img{width:100%;}.kb-image29893_5d510d-65 .kb-image-has-overlay:after{opacity:0.3;}<\/style>\n<div class=\"wp-block-kadence-image kb-image29893_5d510d-65\"><figure class=\"aligncenter size-full\"><img loading=\"lazy\" decoding=\"async\" width=\"100\" height=\"100\" src=\"https:\/\/www.prologistik.com\/wp-content\/uploads\/pLG_Branchen_Schwerlast.png\" alt=\"\" class=\"kb-img wp-image-28182\"\/><\/figure><\/div>\n\n\n\n<div style=\"height:10px\" aria-hidden=\"true\" class=\"wp-block-spacer\"><\/div>\n\n\n\n<div class=\"wp-block-pixel-headline headlines is-subheadline-bottom has-text-align-center\"><h4 class=\"headline\" style=\"color:var(--color-navy-blue)\">CHARGE LOURDE<\/h4><\/div>\n\n\n\n<div class=\"wp-block-buttons is-content-justification-center is-layout-flex wp-container-core-buttons-is-layout-16018d1d wp-block-buttons-is-layout-flex\">\n<div class=\"wp-block-button is-style-outline is-style-outline--16\"><a class=\"wp-block-button__link has-color-navy-blue-color has-text-color wp-element-button\">Vers le secteur<\/a><\/div>\n<\/div>\n\n<\/div><\/div>\n\n<div data-aos=\"fade-up\" class=\"gb-grid-column gb-grid-column-a3419c7c\"><div class=\"gb-container gb-container-a3419c7c\">\n<style>.wp-block-kadence-image.kb-image29893_918cf6-91:not(.kb-specificity-added):not(.kb-extra-specificity-added){margin-bottom:0px;}.kb-image29893_918cf6-91.kb-image-is-ratio-size, .kb-image29893_918cf6-91 .kb-image-is-ratio-size{max-width:100px;width:100%;}.wp-block-kadence-column > .kt-inside-inner-col > .kb-image29893_918cf6-91.kb-image-is-ratio-size, .wp-block-kadence-column > .kt-inside-inner-col > .kb-image29893_918cf6-91 .kb-image-is-ratio-size{align-self:unset;}.kb-image29893_918cf6-91 figure{max-width:100px;}.kb-image29893_918cf6-91 .image-is-svg, .kb-image29893_918cf6-91 .image-is-svg img{width:100%;}.kb-image29893_918cf6-91 .kb-image-has-overlay:after{opacity:0.3;}<\/style>\n<div class=\"wp-block-kadence-image kb-image29893_918cf6-91\"><figure class=\"aligncenter size-full\"><img loading=\"lazy\" decoding=\"async\" width=\"100\" height=\"100\" src=\"https:\/\/www.prologistik.com\/wp-content\/uploads\/pLG_Branchen_Intermodal.png\" alt=\"\" class=\"kb-img wp-image-28176\"\/><\/figure><\/div>\n\n\n\n<div style=\"height:10px\" aria-hidden=\"true\" class=\"wp-block-spacer\"><\/div>\n\n\n\n<div class=\"wp-block-pixel-headline headlines is-subheadline-bottom has-text-align-center\"><h4 class=\"headline\" style=\"color:var(--color-navy-blue)\">INTERMODAL<\/h4><\/div>\n\n\n\n<div class=\"wp-block-buttons is-content-justification-center is-layout-flex wp-container-core-buttons-is-layout-16018d1d wp-block-buttons-is-layout-flex\">\n<div class=\"wp-block-button is-style-outline is-style-outline--17\"><a class=\"wp-block-button__link has-color-navy-blue-color has-text-color wp-element-button\" href=\"https:\/\/www.prologistik.com\/fr\/branches\/intermodal\/\">Vers le secteur<\/a><\/div>\n<\/div>\n\n<\/div><\/div>\n\n<div data-aos=\"fade-up\" class=\"gb-grid-column gb-grid-column-78b21cd8\"><div class=\"gb-container gb-container-78b21cd8\">\n<style>.wp-block-kadence-image.kb-image29893_35537c-f2:not(.kb-specificity-added):not(.kb-extra-specificity-added){margin-bottom:0px;}.kb-image29893_35537c-f2.kb-image-is-ratio-size, .kb-image29893_35537c-f2 .kb-image-is-ratio-size{max-width:100px;width:100%;}.wp-block-kadence-column > .kt-inside-inner-col > .kb-image29893_35537c-f2.kb-image-is-ratio-size, .wp-block-kadence-column > .kt-inside-inner-col > .kb-image29893_35537c-f2 .kb-image-is-ratio-size{align-self:unset;}.kb-image29893_35537c-f2 figure{max-width:100px;}.kb-image29893_35537c-f2 .image-is-svg, .kb-image29893_35537c-f2 .image-is-svg img{width:100%;}.kb-image29893_35537c-f2 .kb-image-has-overlay:after{opacity:0.3;}<\/style>\n<div class=\"wp-block-kadence-image kb-image29893_35537c-f2\"><figure class=\"aligncenter size-full\"><img loading=\"lazy\" decoding=\"async\" width=\"100\" height=\"100\" src=\"https:\/\/www.prologistik.com\/wp-content\/uploads\/pLG_Branchen_Entsorger.png\" alt=\"\" class=\"kb-img wp-image-28170\"\/><\/figure><\/div>\n\n\n\n<div style=\"height:10px\" aria-hidden=\"true\" class=\"wp-block-spacer\"><\/div>\n\n\n\n<div class=\"wp-block-pixel-headline headlines is-subheadline-bottom has-text-align-center\"><h4 class=\"headline\" style=\"color:var(--color-navy-blue)\">ENTREPRISES DE COLLECTE<\/h4><\/div>\n\n\n\n<div class=\"wp-block-buttons is-content-justification-center is-layout-flex wp-container-core-buttons-is-layout-16018d1d wp-block-buttons-is-layout-flex\">\n<div class=\"wp-block-button is-style-outline is-style-outline--18\"><a class=\"wp-block-button__link has-color-navy-blue-color has-text-color wp-element-button\">Vers le secteur<\/a><\/div>\n<\/div>\n\n<\/div><\/div>\n\n<div data-aos=\"fade-up\" class=\"gb-grid-column gb-grid-column-8d8cb6bb\"><div class=\"gb-container gb-container-8d8cb6bb\">\n<style>.wp-block-kadence-image.kb-image29893_222cb2-58:not(.kb-specificity-added):not(.kb-extra-specificity-added){margin-bottom:0px;}.kb-image29893_222cb2-58.kb-image-is-ratio-size, .kb-image29893_222cb2-58 .kb-image-is-ratio-size{max-width:100px;width:100%;}.wp-block-kadence-column > .kt-inside-inner-col > .kb-image29893_222cb2-58.kb-image-is-ratio-size, .wp-block-kadence-column > .kt-inside-inner-col > .kb-image29893_222cb2-58 .kb-image-is-ratio-size{align-self:unset;}.kb-image29893_222cb2-58 figure{max-width:100px;}.kb-image29893_222cb2-58 .image-is-svg, .kb-image29893_222cb2-58 .image-is-svg img{width:100%;}.kb-image29893_222cb2-58 .kb-image-has-overlay:after{opacity:0.3;}<\/style>\n<div class=\"wp-block-kadence-image kb-image29893_222cb2-58\"><figure class=\"aligncenter size-full\"><img loading=\"lazy\" decoding=\"async\" width=\"100\" height=\"100\" src=\"https:\/\/www.prologistik.com\/wp-content\/uploads\/pLG_Branchen_Speditionen.png\" alt=\"\" class=\"kb-img wp-image-28184\"\/><\/figure><\/div>\n\n\n\n<div style=\"height:10px\" aria-hidden=\"true\" class=\"wp-block-spacer\"><\/div>\n\n\n\n<div class=\"wp-block-pixel-headline headlines is-subheadline-bottom has-text-align-center\"><h4 class=\"headline\" style=\"color:var(--color-navy-blue)\">TRANSPORTEURS<\/h4><\/div>\n\n\n\n<div class=\"wp-block-buttons is-content-justification-center is-layout-flex wp-container-core-buttons-is-layout-16018d1d wp-block-buttons-is-layout-flex\">\n<div class=\"wp-block-button is-style-outline is-style-outline--19\"><a class=\"wp-block-button__link has-color-navy-blue-color has-text-color wp-element-button\">Vers le secteur  <\/a><\/div>\n<\/div>\n\n<\/div><\/div>\n\n<div data-aos=\"fade-up\" class=\"gb-grid-column gb-grid-column-a2cd6176\"><div class=\"gb-container gb-container-a2cd6176\">\n<style>.wp-block-kadence-image.kb-image29893_681c04-ec:not(.kb-specificity-added):not(.kb-extra-specificity-added){margin-bottom:0px;}.kb-image29893_681c04-ec.kb-image-is-ratio-size, .kb-image29893_681c04-ec .kb-image-is-ratio-size{max-width:100px;width:100%;}.wp-block-kadence-column > .kt-inside-inner-col > .kb-image29893_681c04-ec.kb-image-is-ratio-size, .wp-block-kadence-column > .kt-inside-inner-col > .kb-image29893_681c04-ec .kb-image-is-ratio-size{align-self:unset;}.kb-image29893_681c04-ec figure{max-width:100px;}.kb-image29893_681c04-ec .image-is-svg, .kb-image29893_681c04-ec .image-is-svg img{width:100%;}.kb-image29893_681c04-ec .kb-image-has-overlay:after{opacity:0.3;}<\/style>\n<div class=\"wp-block-kadence-image kb-image29893_681c04-ec\"><figure class=\"aligncenter size-full\"><img loading=\"lazy\" decoding=\"async\" width=\"100\" height=\"100\" src=\"https:\/\/www.prologistik.com\/wp-content\/uploads\/pLG_Branchen_Moebel-Handel.png\" alt=\"\" class=\"kb-img wp-image-28178\"\/><\/figure><\/div>\n\n\n\n<div style=\"height:10px\" aria-hidden=\"true\" class=\"wp-block-spacer\"><\/div>\n\n\n\n<div class=\"wp-block-pixel-headline headlines is-subheadline-bottom has-text-align-center\"><h4 class=\"headline\" style=\"color:var(--color-navy-blue)\">COMMERCE DE MOBILIER<\/h4><\/div>\n\n\n\n<div class=\"wp-block-buttons is-content-justification-center is-layout-flex wp-container-core-buttons-is-layout-16018d1d wp-block-buttons-is-layout-flex\">\n<div class=\"wp-block-button is-style-outline is-style-outline--20\"><a class=\"wp-block-button__link has-color-navy-blue-color has-text-color wp-element-button\" href=\"https:\/\/www.prologistik.com\/fr\/branches\/commerce-de-meubles\/\">Vers le secteur<\/a><\/div>\n<\/div>\n\n<\/div><\/div>\n\n<div data-aos=\"fade-up\" class=\"gb-grid-column gb-grid-column-65169660\"><div class=\"gb-container gb-container-65169660\">\n<style>.wp-block-kadence-image.kb-image29893_ec7918-f3:not(.kb-specificity-added):not(.kb-extra-specificity-added){margin-bottom:0px;}.kb-image29893_ec7918-f3.kb-image-is-ratio-size, .kb-image29893_ec7918-f3 .kb-image-is-ratio-size{max-width:100px;width:100%;}.wp-block-kadence-column > .kt-inside-inner-col > .kb-image29893_ec7918-f3.kb-image-is-ratio-size, .wp-block-kadence-column > .kt-inside-inner-col > .kb-image29893_ec7918-f3 .kb-image-is-ratio-size{align-self:unset;}.kb-image29893_ec7918-f3 figure{max-width:100px;}.kb-image29893_ec7918-f3 .image-is-svg, .kb-image29893_ec7918-f3 .image-is-svg img{width:100%;}.kb-image29893_ec7918-f3 .kb-image-has-overlay:after{opacity:0.3;}<\/style>\n<div class=\"wp-block-kadence-image kb-image29893_ec7918-f3\"><figure class=\"aligncenter size-full\"><img loading=\"lazy\" decoding=\"async\" width=\"100\" height=\"100\" src=\"https:\/\/www.prologistik.com\/wp-content\/uploads\/Gruppe-396.png\" alt=\"\" class=\"kb-img wp-image-19291\"\/><\/figure><\/div>\n\n\n\n<div style=\"height:10px\" aria-hidden=\"true\" class=\"wp-block-spacer\"><\/div>\n\n\n\n<div class=\"wp-block-pixel-headline headlines is-subheadline-bottom has-text-align-center\"><h4 class=\"headline\" style=\"color:var(--color-navy-blue)\">GROSSISTE<\/h4><\/div>\n\n\n\n<div class=\"wp-block-buttons is-content-justification-center is-layout-flex wp-container-core-buttons-is-layout-16018d1d wp-block-buttons-is-layout-flex\">\n<div class=\"wp-block-button is-style-outline is-style-outline--21\"><a class=\"wp-block-button__link has-color-navy-blue-color has-text-color wp-element-button\" href=\"https:\/\/www.prologistik.com\/fr\/branches\/vente-en-gros\/\">Vers le secteur<\/a><\/div>\n<\/div>\n\n<\/div><\/div>\n\n<div data-aos=\"fade-up\" class=\"gb-grid-column gb-grid-column-c3f61645\"><div class=\"gb-container gb-container-c3f61645\">\n<style>.wp-block-kadence-image.kb-image29893_8d6de8-e2:not(.kb-specificity-added):not(.kb-extra-specificity-added){margin-bottom:0px;}.kb-image29893_8d6de8-e2.kb-image-is-ratio-size, .kb-image29893_8d6de8-e2 .kb-image-is-ratio-size{max-width:100px;width:100%;}.wp-block-kadence-column > .kt-inside-inner-col > .kb-image29893_8d6de8-e2.kb-image-is-ratio-size, .wp-block-kadence-column > .kt-inside-inner-col > .kb-image29893_8d6de8-e2 .kb-image-is-ratio-size{align-self:unset;}.kb-image29893_8d6de8-e2 figure{max-width:100px;}.kb-image29893_8d6de8-e2 .image-is-svg, .kb-image29893_8d6de8-e2 .image-is-svg img{width:100%;}.kb-image29893_8d6de8-e2 .kb-image-has-overlay:after{opacity:0.3;}<\/style>\n<div class=\"wp-block-kadence-image kb-image29893_8d6de8-e2\"><figure class=\"aligncenter size-full\"><img loading=\"lazy\" decoding=\"async\" width=\"100\" height=\"100\" src=\"https:\/\/www.prologistik.com\/wp-content\/uploads\/plg_branche_industry.png\" alt=\"\" class=\"kb-img wp-image-26671\"\/><\/figure><\/div>\n\n\n\n<div style=\"height:10px\" aria-hidden=\"true\" class=\"wp-block-spacer\"><\/div>\n\n\n\n<div class=\"wp-block-pixel-headline headlines is-subheadline-bottom has-text-align-center\"><h4 class=\"headline\" style=\"color:var(--color-navy-blue)\">INDUSTRIEL<\/h4><\/div>\n\n\n\n<div class=\"wp-block-buttons is-content-justification-center is-layout-flex wp-container-core-buttons-is-layout-16018d1d wp-block-buttons-is-layout-flex\">\n<div class=\"wp-block-button is-style-outline is-style-outline--22\"><a class=\"wp-block-button__link has-color-navy-blue-color has-text-color wp-element-button\" href=\"https:\/\/www.prologistik.com\/fr\/branches\/industrie\/\">Vers le secteur<\/a><\/div>\n<\/div>\n\n<\/div><\/div>\n\n<div data-aos=\"fade-up\" class=\"gb-grid-column gb-grid-column-4e4919cb\"><div class=\"gb-container gb-container-4e4919cb\">\n<style>.wp-block-kadence-image.kb-image29893_bfb948-9f:not(.kb-specificity-added):not(.kb-extra-specificity-added){margin-bottom:0px;}.kb-image29893_bfb948-9f.kb-image-is-ratio-size, .kb-image29893_bfb948-9f .kb-image-is-ratio-size{max-width:100px;width:100%;}.wp-block-kadence-column > .kt-inside-inner-col > .kb-image29893_bfb948-9f.kb-image-is-ratio-size, .wp-block-kadence-column > .kt-inside-inner-col > .kb-image29893_bfb948-9f .kb-image-is-ratio-size{align-self:unset;}.kb-image29893_bfb948-9f figure{max-width:100px;}.kb-image29893_bfb948-9f .image-is-svg, .kb-image29893_bfb948-9f .image-is-svg img{width:100%;}.kb-image29893_bfb948-9f .kb-image-has-overlay:after{opacity:0.3;}<\/style>\n<div class=\"wp-block-kadence-image kb-image29893_bfb948-9f\"><figure class=\"aligncenter size-full\"><img loading=\"lazy\" decoding=\"async\" width=\"100\" height=\"100\" src=\"https:\/\/www.prologistik.com\/wp-content\/uploads\/plg_branche_ecommerce.png\" alt=\"\" class=\"kb-img wp-image-26669\"\/><\/figure><\/div>\n\n\n\n<div style=\"height:10px\" aria-hidden=\"true\" class=\"wp-block-spacer\"><\/div>\n\n\n\n<div class=\"wp-block-pixel-headline headlines is-subheadline-bottom has-text-align-center\"><h4 class=\"headline\" style=\"color:var(--color-navy-blue)\">COMMERCE \u00c9LECTRONIQUE<\/h4><\/div>\n\n\n\n<div class=\"wp-block-buttons is-content-justification-center is-layout-flex wp-container-core-buttons-is-layout-16018d1d wp-block-buttons-is-layout-flex\">\n<div class=\"wp-block-button is-style-outline is-style-outline--23\"><a class=\"wp-block-button__link has-color-navy-blue-color has-text-color wp-element-button\" href=\"https:\/\/www.prologistik.com\/fr\/branches\/commerce-electronique\/\">Vers le secteur<\/a><\/div>\n<\/div>\n\n<\/div><\/div>\n\n<div data-aos=\"fade-up\" class=\"gb-grid-column gb-grid-column-fda996b9\"><div class=\"gb-container gb-container-fda996b9\">\n<style>.wp-block-kadence-image.kb-image29893_2047d0-f0:not(.kb-specificity-added):not(.kb-extra-specificity-added){margin-bottom:0px;}.kb-image29893_2047d0-f0.kb-image-is-ratio-size, .kb-image29893_2047d0-f0 .kb-image-is-ratio-size{max-width:100px;width:100%;}.wp-block-kadence-column > .kt-inside-inner-col > .kb-image29893_2047d0-f0.kb-image-is-ratio-size, .wp-block-kadence-column > .kt-inside-inner-col > .kb-image29893_2047d0-f0 .kb-image-is-ratio-size{align-self:unset;}.kb-image29893_2047d0-f0 figure{max-width:100px;}.kb-image29893_2047d0-f0 .image-is-svg, .kb-image29893_2047d0-f0 .image-is-svg img{width:100%;}.kb-image29893_2047d0-f0 .kb-image-has-overlay:after{opacity:0.3;}<\/style>\n<div class=\"wp-block-kadence-image kb-image29893_2047d0-f0\"><figure class=\"aligncenter size-full\"><img loading=\"lazy\" decoding=\"async\" width=\"100\" height=\"100\" src=\"https:\/\/www.prologistik.com\/wp-content\/uploads\/plg_branche_retail.png\" alt=\"\" class=\"kb-img wp-image-26673\"\/><\/figure><\/div>\n\n\n\n<div style=\"height:10px\" aria-hidden=\"true\" class=\"wp-block-spacer\"><\/div>\n\n\n\n<div class=\"wp-block-pixel-headline headlines is-subheadline-bottom has-text-align-center\"><h4 class=\"headline\" style=\"color:var(--color-navy-blue)\">GRANDE DISTRIBUTION<\/h4><\/div>\n\n\n\n<div class=\"wp-block-buttons is-content-justification-center is-layout-flex wp-container-core-buttons-is-layout-16018d1d wp-block-buttons-is-layout-flex\">\n<div class=\"wp-block-button is-style-outline is-style-outline--24\"><a class=\"wp-block-button__link has-color-navy-blue-color has-text-color wp-element-button\" href=\"https:\/\/www.prologistik.com\/fr\/branches\/vente-au-detail\/\">Vers le secteur<\/a><\/div>\n<\/div>\n\n<\/div><\/div>\n<\/div>\n<\/div>\n<\/section>\n\n<section class=\"gb-container gb-container-d115acce\">\n<div class=\"gb-container gb-container-d8980db2\">\n\n<div class=\"wp-block-pixel-headline headlines is-subheadline-top has-text-align-left\" data-aos=\"fade-right\"><h2 class=\"headline\" style=\"color:\">Un transport sans faille gr\u00e2ce \u00e0 nos solutions  <\/h2><span class=\"subheadline\" style=\"color:var(--color-blue)\">Relever les d\u00e9fis<\/span><\/div>\n\n\n<div class=\"gb-grid-wrapper gb-grid-wrapper-d5e7db31\">\n<div data-aos=\"fade-up\" class=\"gb-grid-column gb-grid-column-068852e4\"><div class=\"gb-container gb-container-068852e4\">\n<div id=\"imagebox-block_d9fa09fb32c04b7e2e6c72c7a18f2edc\" class=\"imagebox image-top background-color-white\">\n\t    \n    <div class=\"imagebox-content-wrap\">\n\n        <div class=\"imagebox-content\">\n                        <div class=\"imagebox-headline  font-size-normal\">\n                Cadre r\u00e9glementaire            <\/div>\n                                    <div class=\"imagebox-copytext\">\n                <p>Le respect des dispositions l\u00e9gales est imp\u00e9ratif pour toute entreprise. Notre syst\u00e8me\u00a0 de gestion du transport vous aide \u00e0 suivre et \u00e0 respecter efficacement toutes les exigences r\u00e9glementaires: donn\u00e9es sociales, gestion des itin\u00e9raires, des documents de transport, gestion des ressources&#8230; Le tout interfac\u00e9 avec nos syst\u00e8mes <a href=\"https:\/\/www.prologistik.com\/fr\/transportation\/telematique\/\">d&#8217;informatique embarqu\u00e9e<\/a>.<\/p>\n            <\/div>\n                    <\/div>\n            <\/div>\n\n<\/div>\n\n<\/div><\/div>\n\n<div data-aos=\"fade-up\" class=\"gb-grid-column gb-grid-column-a8970dab\"><div class=\"gb-container gb-container-a8970dab\">\n<div id=\"imagebox-block_dc9ac02d0f1e266686fb2af9ba07a69a\" class=\"imagebox image-top background-color-white\">\n\t    \n    <div class=\"imagebox-content-wrap\">\n\n        <div class=\"imagebox-content\">\n                        <div class=\"imagebox-headline  font-size-normal\">\n                Des processus automatis\u00e9s            <\/div>\n                                    <div class=\"imagebox-copytext\">\n                <p>B\u00e9n\u00e9ficiez de notre exp\u00e9rience et des processus standards qui sont mis \u00e0 votre disposition. Nos syst\u00e8mes vous permettent de r\u00e9pondre exactement \u00e0 vos r\u00e8gles m\u00e9tier (mission, tourn\u00e9e, ordre de transport, gestion des \u00e9v\u00e9nements, import et mise \u00e0 jour de donn\u00e9es avec des syst\u00e8mes externes&#8230;<br \/>\nImportez des documents papier (preuves de livraison, litiges&#8230;) gr\u00e2ce \u00e0 notre outil d&#8217;IA et gagnez du temps.<\/p>\n            <\/div>\n                    <\/div>\n            <\/div>\n\n<\/div>\n\n<\/div><\/div>\n\n<div data-aos=\"fade-up\" class=\"gb-grid-column gb-grid-column-e0ed1dfe\"><div class=\"gb-container gb-container-e0ed1dfe\">\n<div id=\"imagebox-block_296b98ae538c9ca60440e0138f78ef86\" class=\"imagebox image-top background-color-white\">\n\t    \n    <div class=\"imagebox-content-wrap\">\n\n        <div class=\"imagebox-content\">\n                        <div class=\"imagebox-headline  font-size-normal\">\n                Une gestion des co\u00fbts pr\u00e9cise            <\/div>\n                                    <div class=\"imagebox-copytext\">\n                <p>Gr\u00e2ce \u00e0 nos outils de gestion du transport, vous pouvez contr\u00f4ler la profitabilit\u00e9 de vos op\u00e9rations de mani\u00e8re pr\u00e9cise. A tout moment: visualisez vos tarifs, vos co\u00fbts et vos marges. G\u00e9rez la facturation de vos clients et contr\u00f4lez celle de vos sous-traitants.<\/p>\n            <\/div>\n                    <\/div>\n            <\/div>\n\n<\/div>\n\n<\/div><\/div>\n<\/div>\n<\/div>\n<\/section>\n\n<section class=\"gb-container gb-container-edfd3d58\">\n<div class=\"gb-container gb-container-0655e08d\">\n\n<div class=\"wp-block-pixel-headline headlines is-subheadline-top has-text-align-left\" data-aos=\"fade-right\"><h2 class=\"headline\" style=\"color:var(--color-white)\">Excellence de la cha\u00eene d&#8217;approvisionnement<\/h2><\/div>\n\n\n\n<p class=\"has-color-white-color has-text-color\" data-aos=\"fade-right\">Nos solutions logistiques comprennent un logiciel standard de haut niveau avec un noyau solide, extensible et \u00e9volutif en fonction des besoins du client. Nous vous offrons la flexibilit\u00e9 dont vous avez besoin pour une croissance rapide et une orientation strat\u00e9gique de vos processus &#8211; sans compromis.<\/p>\n\n<\/div>\n<\/section>\n<\/div>\n\n<section class=\"gb-container gb-container-78838206 gb-container-no-padding-bottom\" id=\"contact\">\n<div class=\"gb-container gb-container-50cd05df\">\n<div class=\"gb-grid-wrapper gb-grid-wrapper-c9c168fa\">\n<div class=\"gb-grid-column gb-grid-column-23b9ba83\"><div class=\"gb-container gb-container-23b9ba83\">\n\n<div class=\"wp-block-pixel-headline headlines is-subheadline-top has-text-align-left\"><h2 class=\"headline\" style=\"color:\">Nous serions ravis de vous conseiller<\/h2><span class=\"subheadline\" style=\"color:var(--color-blue)\">nous sommes l\u00e0 pour vous<\/span><\/div>\n\n\n\n<p>Appelez-nous ou envoyez-nous un message. Nous vous r\u00e9pondrons dans les plus brefs d\u00e9lais!<\/p>\n\n<\/div><\/div>\n<\/div>\n<\/div>\n<\/section>\n\n<section class=\"gb-container gb-container-70fb4b89\">\n<div class=\"gb-container gb-container-5801648d\">\n<div class=\"gb-grid-wrapper gb-grid-wrapper-7a53e8bf\">\n<div class=\"gb-grid-column gb-grid-column-b5fa74e1\"><div class=\"gb-container gb-container-b5fa74e1\">\n\n<meta http-equiv=\"Content-type\" content=\"text\/html; charset=UTF-8\">\n\n<script>\nfunction validateForm(event) {\n  const honeypot = document.getElementById(\"website_url\");\n\n  if (honeypot && honeypot.value.trim() !== \"\") {\n    event.preventDefault();\n    return false;\n  }\n\n  const frc = document.querySelector('input[name=\"frc-captcha-response\"]');\n  if (!frc || !frc.value || frc.value.trim() === \"\") {\n    document.getElementById(\"error-message\").style.display = \"block\";\n    event.preventDefault();\n    return false;\n  }\n\n  return true;\n}\n<\/script>\n\n<form id=\"custom-form\" action=\"https:\/\/webto.salesforce.com\/servlet\/servlet.WebToLead?encoding=UTF-8&#038;orgId=00D7Q000002pukE\" method=\"post\" onsubmit=\"return validateForm(event)\">\n  <input type=\"hidden\" name=\"oid\" value=\"00D7Q000002pukE\">\n  <input type=\"hidden\" name=\"retURL\" value=\"https:\/\/www.prologistik.com\/fr\/merci-pour-votre-contact\">\n  <input type=\"hidden\" name=\"recordType\" id=\"recordType\" value=\"012Of000001B3oPIAS\">\n  <input type=\"hidden\" class=\"SourceURL\" name=\"00NOf000002QoMb\" id=\"00NOf000002QoMb\" value=\"\">\n  <input type=\"hidden\" name=\"lead_source\" value=\"Webseite (Kontaktformular)\">\n\n  <div class=\"honeypot-field\" style=\"display:none;\">\n    <label for=\"website_url\">Si vous \u00eates humain, laissez ce champ vide.<\/label>\n    <input type=\"text\" id=\"website_url\" name=\"website_url\">\n  <\/div>\n\n  <div class=\"cf-form-wrap\">\n    <div class=\"cf-fields-wrap\">\n      <div class=\"cf-field\">\n        <label for=\"company\">Entreprise<\/label>\n        <input id=\"company\" maxlength=\"40\" name=\"company\" size=\"20\" type=\"text\" placeholder=\"Entreprise\" required>\n      <\/div>\n\n      <div class=\"cf-field half\">\n        <label for=\"first_name\">Pr\u00e9nom<\/label>\n        <input id=\"first_name\" maxlength=\"40\" name=\"first_name\" size=\"20\" type=\"text\" placeholder=\"Pr\u00e9nom\" required>\n      <\/div>\n\n      <div class=\"cf-field half\">\n        <label for=\"last_name\">Nom<\/label>\n        <input id=\"last_name\" maxlength=\"80\" name=\"last_name\" size=\"20\" type=\"text\" placeholder=\"Nom\" required>\n      <\/div>\n\n      <div class=\"cf-field half\">\n        <label for=\"phone\">T\u00e9l\u00e9phone<\/label>\n        <input id=\"phone\" maxlength=\"40\" name=\"phone\" size=\"20\" type=\"text\" placeholder=\"T\u00e9l\u00e9phone\">\n      <\/div>\n\n      <div class=\"cf-field half\">\n        <label for=\"email\">Email<\/label>\n        <input id=\"email\" maxlength=\"80\" name=\"email\" size=\"20\" type=\"text\" placeholder=\"Email\" required>\n      <\/div>\n\n      <div class=\"cf-field full textarea\">\n        <label for=\"description\">Message<\/label>\n        <textarea name=\"description\" placeholder=\"D\u00e9crivez-nous votre demande.\"><\/textarea>\n      <\/div>\n\n      <div class=\"cf-field full privacy-policy\">\n        <input id=\"00NOf000002QlF3\" name=\"00NOf000002QlF3\" type=\"checkbox\" value=\"1\" required>\n        <span class=\"privacy-policy-note\">J&#8217;accepte la <a href=\"https:\/\/www.prologistik.com\/fr\/mentions-legales\/protection-des-donnees\/\" target=\"_blank\" rel=\"noopener\">politique de confidentialit\u00e9<\/a>.<\/span>\n      <\/div>\n\n      <div class=\"frc-captcha\" data-sitekey=\"FCMV5CER2E6IVQMC\"><\/div>\n      <div id=\"error-message\" style=\"color:red; display:none;\">Veuillez compl\u00e9ter le captcha.<\/div>\n\n      <div class=\"cf-field send-button\">\n        <input id=\"checksend\" name=\"submit\" class=\"wpcf7-form-control submit wpcf7-submit has-spinner\" type=\"submit\" value=\"Envoyer\">\n        <span class=\"wpcf7-spinner\"><\/span>\n      <\/div>\n    <\/div>\n  <\/div>\n<\/form>\n\n<script>\nconst input = document.querySelector('.SourceURL');\nif (input) {\n  input.value = window.location.href;\n}\n<\/script>\n\n\n<\/div><\/div>\n\n<div class=\"gb-grid-column gb-grid-column-034278d8\"><div class=\"gb-container gb-container-034278d8\">\n<div class=\"gb-container gb-container-902e59d8 contact_blue_box\">\n\n<p>proLogistik France<br>16 rue de la petite Sensive<br>44300 Nantes | France<\/p>\n\n\n\n<p class=\"has-color-white-color has-text-color has-link-color wp-elements-a825009c6dfc5e826e7dfc9f17afaf9c\"><span class=\"contact_blue_box_france\">T\u00e9l.: <a href=\"tel:+33(0) 251818585 \">+33 (0) 251 81 85 85 <\/a><\/span><\/p>\n\n\n\n<p class=\"has-color-white-color has-text-color has-link-color wp-elements-96a81da7641a0982aa9be3439ece95e6\"><a href=\"mailto:info@prologistik.com\">info@prologistik.com<\/a><\/p>\n\n<\/div>\n<\/div><\/div>\n<\/div>\n<\/div>\n<\/section>","protected":false},"excerpt":{"rendered":"<p>Des chargements partiels \u00e0 la logistique d&#8217;entrep\u00f4ts et d&#8217;industrie pour les denr\u00e9es alimentaires et les mati\u00e8res dangereuses &#8211; pLG TMS vous permet de ma\u00eetriser toutes vos op\u00e9rations de transport. Nos solutions logistiques comprennent un logiciel standard de haut niveau avec un noyau solide, extensible et \u00e9volutif en fonction des besoins du client. Nous vous offrons la flexibilit\u00e9 dont vous avez besoin pour une croissance rapide et une orientation strat\u00e9gique de vos processus &#8211; sans compromis. Du transport en lot complet ou partiel, en propre ou en sous-traitance, pour les denr\u00e9es alimentaires, les produits sous temp\u00e9rature dirig\u00e9e, les alcools ou les mati\u00e8res dangereuses &#8211; pLG TMS vous permet de ma\u00eetriser toutes vos op\u00e9rations de transport. Nos solutions logistiques comprennent un logiciel standard de haut niveau avec un noyau solide, extensible et \u00e9volutif en fonction des besoins du client. Nous vous offrons la flexibilit\u00e9 dont vous avez besoin pour une croissance rapide et une orientation strat\u00e9gique de vos processus &#8211; sans compromis.<\/p>\n","protected":false},"author":258,"featured_media":0,"parent":29616,"menu_order":0,"comment_status":"closed","ping_status":"closed","template":"","meta":{"_acf_changed":false,"footnotes":""},"class_list":["post-29893","page","type-page","status-publish"],"acf":[],"yoast_head":"<!-- This site is optimized with the Yoast SEO Premium plugin v26.9 (Yoast SEO v27.5) - https:\/\/yoast.com\/product\/yoast-seo-premium-wordpress\/ -->\n<title>\ud83d\ude9b Syst\u00e8me de gestion de transport | Logistique efficace<\/title>\n<meta name=\"description\" content=\"Optimisez vos processus de transport avec le TMS de proLogistik ! \ud83d\udd04 G\u00e9rez tout le transport \u2013 de la premi\u00e8re \u00e0 la derni\u00e8re \u00e9tape. \u2705\" \/>\n<meta name=\"robots\" content=\"index, follow, max-snippet:-1, max-image-preview:large, max-video-preview:-1\" \/>\n<link rel=\"canonical\" href=\"https:\/\/www.prologistik.com\/fr\/transportation\/systeme-de-gestion-du-transport\/\" \/>\n<meta property=\"og:locale\" content=\"fr_FR\" \/>\n<meta property=\"og:type\" content=\"article\" \/>\n<meta property=\"og:title\" content=\"Syst\u00e8me de gestion du transport\" \/>\n<meta property=\"og:description\" content=\"Optimisez vos processus de transport avec le TMS de proLogistik ! \ud83d\udd04 G\u00e9rez tout le transport \u2013 de la premi\u00e8re \u00e0 la derni\u00e8re \u00e9tape. \u2705\" \/>\n<meta property=\"og:url\" content=\"https:\/\/www.prologistik.com\/fr\/transportation\/systeme-de-gestion-du-transport\/\" \/>\n<meta property=\"og:site_name\" content=\"proLogistik Group\" \/>\n<meta property=\"article:modified_time\" content=\"2025-09-19T09:30:06+00:00\" \/>\n<meta property=\"og:image\" content=\"https:\/\/www.prologistik.com\/wp-content\/uploads\/proLogistik_Transportation-scaled-1-1024x712.jpg\" \/>\n<meta name=\"twitter:card\" content=\"summary_large_image\" \/>\n<meta name=\"twitter:label1\" content=\"Dur\u00e9e de lecture estim\u00e9e\" \/>\n\t<meta name=\"twitter:data1\" content=\"4 minutes\" \/>\n<script type=\"application\/ld+json\" class=\"yoast-schema-graph\">{\"@context\":\"https:\\\/\\\/schema.org\",\"@graph\":[{\"@type\":\"WebPage\",\"@id\":\"https:\\\/\\\/www.prologistik.com\\\/fr\\\/transportation\\\/systeme-de-gestion-du-transport\\\/\",\"url\":\"https:\\\/\\\/www.prologistik.com\\\/fr\\\/transportation\\\/systeme-de-gestion-du-transport\\\/\",\"name\":\"\ud83d\ude9b Syst\u00e8me de gestion de transport | Logistique efficace\",\"isPartOf\":{\"@id\":\"https:\\\/\\\/www.prologistik.com\\\/fr\\\/#website\"},\"primaryImageOfPage\":{\"@id\":\"https:\\\/\\\/www.prologistik.com\\\/fr\\\/transportation\\\/systeme-de-gestion-du-transport\\\/#primaryimage\"},\"image\":{\"@id\":\"https:\\\/\\\/www.prologistik.com\\\/fr\\\/transportation\\\/systeme-de-gestion-du-transport\\\/#primaryimage\"},\"thumbnailUrl\":\"https:\\\/\\\/www.prologistik.com\\\/wp-content\\\/uploads\\\/pLG_Branchen_Stueckgut.png\",\"datePublished\":\"2024-02-28T16:06:02+00:00\",\"dateModified\":\"2025-09-19T09:30:06+00:00\",\"description\":\"Optimisez vos processus de transport avec le TMS de proLogistik ! \ud83d\udd04 G\u00e9rez tout le transport \u2013 de la premi\u00e8re \u00e0 la derni\u00e8re \u00e9tape. \u2705\",\"breadcrumb\":{\"@id\":\"https:\\\/\\\/www.prologistik.com\\\/fr\\\/transportation\\\/systeme-de-gestion-du-transport\\\/#breadcrumb\"},\"inLanguage\":\"fr-FR\",\"potentialAction\":[{\"@type\":\"ReadAction\",\"target\":[\"https:\\\/\\\/www.prologistik.com\\\/fr\\\/transportation\\\/systeme-de-gestion-du-transport\\\/\"]}]},{\"@type\":\"ImageObject\",\"inLanguage\":\"fr-FR\",\"@id\":\"https:\\\/\\\/www.prologistik.com\\\/fr\\\/transportation\\\/systeme-de-gestion-du-transport\\\/#primaryimage\",\"url\":\"https:\\\/\\\/www.prologistik.com\\\/wp-content\\\/uploads\\\/pLG_Branchen_Stueckgut.png\",\"contentUrl\":\"https:\\\/\\\/www.prologistik.com\\\/wp-content\\\/uploads\\\/pLG_Branchen_Stueckgut.png\"},{\"@type\":\"BreadcrumbList\",\"@id\":\"https:\\\/\\\/www.prologistik.com\\\/fr\\\/transportation\\\/systeme-de-gestion-du-transport\\\/#breadcrumb\",\"itemListElement\":[{\"@type\":\"ListItem\",\"position\":1,\"name\":\"Startseite\",\"item\":\"https:\\\/\\\/www.prologistik.com\\\/fr\\\/\"},{\"@type\":\"ListItem\",\"position\":2,\"name\":\"Transportation\",\"item\":\"https:\\\/\\\/www.prologistik.com\\\/fr\\\/transportation\\\/\"},{\"@type\":\"ListItem\",\"position\":3,\"name\":\"Syst\u00e8me de gestion du transport\"}]},{\"@type\":\"WebSite\",\"@id\":\"https:\\\/\\\/www.prologistik.com\\\/fr\\\/#website\",\"url\":\"https:\\\/\\\/www.prologistik.com\\\/fr\\\/\",\"name\":\"proLogistik Group\",\"description\":\"Software und Hardware f\u00fcr die Intralogistik\",\"publisher\":{\"@id\":\"https:\\\/\\\/www.prologistik.com\\\/fr\\\/#organization\"},\"potentialAction\":[{\"@type\":\"SearchAction\",\"target\":{\"@type\":\"EntryPoint\",\"urlTemplate\":\"https:\\\/\\\/www.prologistik.com\\\/fr\\\/?s={search_term_string}\"},\"query-input\":{\"@type\":\"PropertyValueSpecification\",\"valueRequired\":true,\"valueName\":\"search_term_string\"}}],\"inLanguage\":\"fr-FR\"},{\"@type\":\"Organization\",\"@id\":\"https:\\\/\\\/www.prologistik.com\\\/fr\\\/#organization\",\"name\":\"proLogistik Group\",\"url\":\"https:\\\/\\\/www.prologistik.com\\\/fr\\\/\",\"logo\":{\"@type\":\"ImageObject\",\"inLanguage\":\"fr-FR\",\"@id\":\"https:\\\/\\\/www.prologistik.com\\\/fr\\\/#\\\/schema\\\/logo\\\/image\\\/\",\"url\":\"https:\\\/\\\/www.prologistik.com\\\/wp-content\\\/uploads\\\/prologistik-logo-web.svg\",\"contentUrl\":\"https:\\\/\\\/www.prologistik.com\\\/wp-content\\\/uploads\\\/prologistik-logo-web.svg\",\"width\":320,\"height\":59,\"caption\":\"proLogistik Group\"},\"image\":{\"@id\":\"https:\\\/\\\/www.prologistik.com\\\/fr\\\/#\\\/schema\\\/logo\\\/image\\\/\"}}]}<\/script>\n<!-- \/ Yoast SEO Premium plugin. -->","yoast_head_json":{"title":"\ud83d\ude9b Syst\u00e8me de gestion de transport | Logistique efficace","description":"Optimisez vos processus de transport avec le TMS de proLogistik ! \ud83d\udd04 G\u00e9rez tout le transport \u2013 de la premi\u00e8re \u00e0 la derni\u00e8re \u00e9tape. \u2705","robots":{"index":"index","follow":"follow","max-snippet":"max-snippet:-1","max-image-preview":"max-image-preview:large","max-video-preview":"max-video-preview:-1"},"canonical":"https:\/\/www.prologistik.com\/fr\/transportation\/systeme-de-gestion-du-transport\/","og_locale":"fr_FR","og_type":"article","og_title":"Syst\u00e8me de gestion du transport","og_description":"Optimisez vos processus de transport avec le TMS de proLogistik ! \ud83d\udd04 G\u00e9rez tout le transport \u2013 de la premi\u00e8re \u00e0 la derni\u00e8re \u00e9tape. \u2705","og_url":"https:\/\/www.prologistik.com\/fr\/transportation\/systeme-de-gestion-du-transport\/","og_site_name":"proLogistik Group","article_modified_time":"2025-09-19T09:30:06+00:00","og_image":[{"url":"https:\/\/www.prologistik.com\/wp-content\/uploads\/proLogistik_Transportation-scaled-1-1024x712.jpg","type":"","width":"","height":""}],"twitter_card":"summary_large_image","twitter_misc":{"Dur\u00e9e de lecture estim\u00e9e":"4 minutes"},"schema":{"@context":"https:\/\/schema.org","@graph":[{"@type":"WebPage","@id":"https:\/\/www.prologistik.com\/fr\/transportation\/systeme-de-gestion-du-transport\/","url":"https:\/\/www.prologistik.com\/fr\/transportation\/systeme-de-gestion-du-transport\/","name":"\ud83d\ude9b Syst\u00e8me de gestion de transport | Logistique efficace","isPartOf":{"@id":"https:\/\/www.prologistik.com\/fr\/#website"},"primaryImageOfPage":{"@id":"https:\/\/www.prologistik.com\/fr\/transportation\/systeme-de-gestion-du-transport\/#primaryimage"},"image":{"@id":"https:\/\/www.prologistik.com\/fr\/transportation\/systeme-de-gestion-du-transport\/#primaryimage"},"thumbnailUrl":"https:\/\/www.prologistik.com\/wp-content\/uploads\/pLG_Branchen_Stueckgut.png","datePublished":"2024-02-28T16:06:02+00:00","dateModified":"2025-09-19T09:30:06+00:00","description":"Optimisez vos processus de transport avec le TMS de proLogistik ! \ud83d\udd04 G\u00e9rez tout le transport \u2013 de la premi\u00e8re \u00e0 la derni\u00e8re \u00e9tape. \u2705","breadcrumb":{"@id":"https:\/\/www.prologistik.com\/fr\/transportation\/systeme-de-gestion-du-transport\/#breadcrumb"},"inLanguage":"fr-FR","potentialAction":[{"@type":"ReadAction","target":["https:\/\/www.prologistik.com\/fr\/transportation\/systeme-de-gestion-du-transport\/"]}]},{"@type":"ImageObject","inLanguage":"fr-FR","@id":"https:\/\/www.prologistik.com\/fr\/transportation\/systeme-de-gestion-du-transport\/#primaryimage","url":"https:\/\/www.prologistik.com\/wp-content\/uploads\/pLG_Branchen_Stueckgut.png","contentUrl":"https:\/\/www.prologistik.com\/wp-content\/uploads\/pLG_Branchen_Stueckgut.png"},{"@type":"BreadcrumbList","@id":"https:\/\/www.prologistik.com\/fr\/transportation\/systeme-de-gestion-du-transport\/#breadcrumb","itemListElement":[{"@type":"ListItem","position":1,"name":"Startseite","item":"https:\/\/www.prologistik.com\/fr\/"},{"@type":"ListItem","position":2,"name":"Transportation","item":"https:\/\/www.prologistik.com\/fr\/transportation\/"},{"@type":"ListItem","position":3,"name":"Syst\u00e8me de gestion du transport"}]},{"@type":"WebSite","@id":"https:\/\/www.prologistik.com\/fr\/#website","url":"https:\/\/www.prologistik.com\/fr\/","name":"proLogistik Group","description":"Software und Hardware f\u00fcr die Intralogistik","publisher":{"@id":"https:\/\/www.prologistik.com\/fr\/#organization"},"potentialAction":[{"@type":"SearchAction","target":{"@type":"EntryPoint","urlTemplate":"https:\/\/www.prologistik.com\/fr\/?s={search_term_string}"},"query-input":{"@type":"PropertyValueSpecification","valueRequired":true,"valueName":"search_term_string"}}],"inLanguage":"fr-FR"},{"@type":"Organization","@id":"https:\/\/www.prologistik.com\/fr\/#organization","name":"proLogistik Group","url":"https:\/\/www.prologistik.com\/fr\/","logo":{"@type":"ImageObject","inLanguage":"fr-FR","@id":"https:\/\/www.prologistik.com\/fr\/#\/schema\/logo\/image\/","url":"https:\/\/www.prologistik.com\/wp-content\/uploads\/prologistik-logo-web.svg","contentUrl":"https:\/\/www.prologistik.com\/wp-content\/uploads\/prologistik-logo-web.svg","width":320,"height":59,"caption":"proLogistik Group"},"image":{"@id":"https:\/\/www.prologistik.com\/fr\/#\/schema\/logo\/image\/"}}]}},"_links":{"self":[{"href":"https:\/\/www.prologistik.com\/fr\/wp-json\/wp\/v2\/pages\/29893","targetHints":{"allow":["GET"]}}],"collection":[{"href":"https:\/\/www.prologistik.com\/fr\/wp-json\/wp\/v2\/pages"}],"about":[{"href":"https:\/\/www.prologistik.com\/fr\/wp-json\/wp\/v2\/types\/page"}],"author":[{"embeddable":true,"href":"https:\/\/www.prologistik.com\/fr\/wp-json\/wp\/v2\/users\/258"}],"replies":[{"embeddable":true,"href":"https:\/\/www.prologistik.com\/fr\/wp-json\/wp\/v2\/comments?post=29893"}],"version-history":[{"count":33,"href":"https:\/\/www.prologistik.com\/fr\/wp-json\/wp\/v2\/pages\/29893\/revisions"}],"predecessor-version":[{"id":55470,"href":"https:\/\/www.prologistik.com\/fr\/wp-json\/wp\/v2\/pages\/29893\/revisions\/55470"}],"up":[{"embeddable":true,"href":"https:\/\/www.prologistik.com\/fr\/wp-json\/wp\/v2\/pages\/29616"}],"wp:attachment":[{"href":"https:\/\/www.prologistik.com\/fr\/wp-json\/wp\/v2\/media?parent=29893"}],"curies":[{"name":"wp","href":"https:\/\/api.w.org\/{rel}","templated":true}]}}