{"id":29844,"date":"2024-02-28T16:59:52","date_gmt":"2024-02-28T15:59:52","guid":{"rendered":"https:\/\/prologistik.pixel-tal.de\/branches\/intermodal"},"modified":"2025-02-26T15:08:02","modified_gmt":"2025-02-26T14:08:02","slug":"intermodal","status":"publish","type":"page","link":"https:\/\/www.prologistik.com\/fr\/intermodal\/","title":{"rendered":"Intermodal"},"content":{"rendered":"        \n            <!-- pagehead -->\n        \n                    \n\t\t\t<div id=\"pagehead-block_917c213133c1a858d24191c67d13b8d4\" class=\"pagehead size-small\">\n\t\t\t\t\t\t\t<div class=\"pagehead-canvas\">\n\t\t\t\t<div class=\"pagehead-content has-bg-color bg-color-blue\">\n\t\t\t\t\t<div class=\"pagehead-content-inner\">\n\t\t\t\t\t\t\t\t\t\t\t\t<span class=\"pagehead-subheadline\"  data-aos=\"fade-up\" data-aos-delay=\"50\">Solutions sectorielles pLG<\/span>\t\t\t\t\t\t<h1 class=\"pagehead-headline\" data-aos=\"fade-up\" data-aos-delay=\"100\">Les transports intermodaux  <\/h1>\t\t\t\t\t\t\t\t\t\t\t<\/div>\n\t\t\t\t<\/div>\n\t\t\t<\/div>\n\t\t\t\n\t\t\t\t<div class=\"pagehead-background\">\n\t\t\t\t<!-- image_id: 30038 | alt:  -->\t\t\t\t\t\t\t\t\t<img decoding=\"async\" class=\"test\" src=\"https:\/\/www.prologistik.com\/wp-content\/uploads\/pLG_Website_Intermodal_Banner_1920x840px_2024.png\" alt=\"\" \/>\n\t\t\t\t\n\t\t\t\t<\/div>\n\t\t\t<\/div>\n        \n                    \n            <!-- end:pagehead -->\n        \n            \n\n<section data-aos=\"fade-up\" class=\"gb-container gb-container-c475e2aa\">\n<div data-aos=\"fade-up\" class=\"gb-container gb-container-418f06a3\">\n\n<div class=\"wp-block-pixel-headline headlines is-subheadline-top has-text-align-center\"><h2 class=\"headline\" style=\"color:\"><strong>La solution num\u00e9rique pour le traitement des transports intermodaux<\/strong><\/h2><span class=\"subheadline\" style=\"color:var(--color-blue)\">Intelligent, transparent &amp; efficace  <\/span><\/div>\n\n\n\n<p>Concernant les transports intermodaux, il s&#8217;agit de processus tr\u00e8s complexes avec de diff\u00e9rents points de transfert, des changements de mode de transport et de nombreuses interfaces. Pour faire face \u00e0 ce d\u00e9fis, le groupe proLogistik vous propose une solution num\u00e9rique couvrant tous les modes de transport et tous les processus. Un logiciel performant qui fournit les informations pertinentes \u00e0 toute personne concern\u00e9es, augmentant ainsi la transparence et simplifiant et automatisant les processus &#8211; et r\u00e9duisant ainsi sensiblement votre temps et vos co\u00fbts.<\/p>\n\n<\/div>\n<\/section>\n\n<section class=\"gb-container gb-container-769c6ce8 gb-container-half-padding-bottom\">\n<div class=\"gb-container gb-container-e4d7beb7 gb-container-align-right-third\">\n<div class=\"gb-grid-wrapper gb-grid-wrapper-5e1719ce\">\n<div data-aos=\"fade-right\" class=\"gb-grid-column gb-grid-column-64f7144c\"><div class=\"gb-container gb-container-64f7144c\">\n\n<div class=\"wp-block-pixel-headline headlines is-subheadline-top has-text-align-left\"><h2 class=\"headline\" style=\"color:\">Produits pLG pour le transport intermodal<\/h2><span class=\"subheadline\" style=\"color:var(--color-blue)\">MA\u00ceTRISE Des challenges r\u00e9ussie<\/span><\/div>\n\n\n\n<p>Nos solutions automatisent et optimisent les processus, r\u00e9duisent le besoin d&#8217;interventions manuelles et augmentent ainsi l&#8217;efficacit\u00e9 tout au long de la cha\u00eene de transport.  <\/p>\n\n\n\n<p>Nos produits vous permettent d&#8217;obtenir \u00e0 tout moment et partout des informations en temps r\u00e9el sur le statut de tous les transports. Cela vous permet de mieux planifier, de r\u00e9agir rapidement aux changements et d&#8217;offrir une meilleure qualit\u00e9 de service aux clients. Nos solutions utilisent des algorithmes d&#8217;intelligence artificielle avanc\u00e9s pour calculer automatiquement les itin\u00e9raires optimaux, g\u00e9rer les capacit\u00e9s et anticiper les goulets d&#8217;\u00e9tranglement. Cela d\u00e9charge la planification des t\u00e2ches chronophages et permet une prise de d\u00e9cision plus rapide et plus pr\u00e9cise. En num\u00e9risant les processus de transport, nous r\u00e9duisons non seulement la consommation de papier et le travail manuel, mais nous permettons \u00e9galement une utilisation plus efficace des ressources telles que les v\u00e9hicules et les capacit\u00e9s de stockage. Cela permet \u00e0 votre entreprise de r\u00e9aliser des \u00e9conomies substantielles.<\/p>\n\n\n\n<p>G\u00e9n\u00e9ralement, les produits du groupe proLogistik offrent une solution compl\u00e8te permettant d&#8217;augmenter l&#8217;efficacit\u00e9, d&#8217;am\u00e9liorer la transparence, de d\u00e9charger la planification et de r\u00e9duire significativement les co\u00fbts dans le domaine du transport intermodal.<\/p>\n\n<\/div><\/div>\n\n<div data-aos=\"fade-left\" class=\"gb-grid-column gb-grid-column-3650977e\"><div class=\"gb-container gb-container-3650977e\">\n\n<figure class=\"wp-block-image size-full\"><img loading=\"lazy\" decoding=\"async\" width=\"680\" height=\"479\" src=\"https:\/\/www.prologistik.com\/wp-content\/uploads\/tablet_active_m-ware-1.png\" alt=\"\" class=\"wp-image-29220\" srcset=\"https:\/\/www.prologistik.com\/wp-content\/uploads\/tablet_active_m-ware-1.png 680w, https:\/\/www.prologistik.com\/wp-content\/uploads\/tablet_active_m-ware-1-300x211.png 300w, https:\/\/www.prologistik.com\/wp-content\/uploads\/tablet_active_m-ware-1-150x106.png 150w\" sizes=\"auto, (max-width: 680px) 100vw, 680px\" \/><\/figure>\n\n<\/div><\/div>\n<\/div>\n<\/div>\n<\/section>\n\n<section class=\"gb-container gb-container-4d6f0abd gb-container-no-padding-top\">\n<div class=\"gb-container gb-container-d7930bd9\">\n<div class=\"gb-grid-wrapper gb-grid-wrapper-7bdec32f\">\n<div data-aos-delay=\"150\" data-aos=\"fade-up\" class=\"gb-grid-column gb-grid-column-ca017995\"><div class=\"gb-container gb-container-ca017995\">\n    <div id=\"gradientbox-block_b24bc58ef20089d5f15078dbb3316176\" class=\"gradientbox background-blue\">\n        <div class=\"gradientbox-content-wrap\">\n                        <div class=\"wp-block-pixel-headline headlines is-subheadline-top has-text-align-left\">\n                <h3 class=\"headline\" style=\"color:var(--color-white)\">Les points forts &amp; lesavantages r\u00e9sum\u00e9s pour vous :<\/h3>\n                            <\/div>\n                        <div class=\"gradientbox-column-wrap\">\n\n                                <div class=\"gradientbox-column\">\n                    <div class=\"gradientbox-text-wrap\">\n                                                                        <ul>\n<li>Renseignements tarifaires bas\u00e9s sur le web et couvrant tout mode de transport<\/li>\n<li>Syst\u00e8me de saisie des commandes sp\u00e9cifique au secteur<\/li>\n<li>De nombreuses interfaces avec tous les acteurs de la cha\u00eene de processus<\/li>\n<li>Planification int\u00e9gr\u00e9e des capacit\u00e9s et des tourn\u00e9es assist\u00e9e par IA<\/li>\n<\/ul>\n                                            <\/div>\n                                    <\/div>\n                                <div class=\"gradientbox-column\">\n                    <div class=\"gradientbox-text-wrap\">\n                                                                        <ul>\n<li>Application chauffeur avec lettre de voiture num\u00e9rique<\/li>\n<li>Pr\u00e9inscription et r\u00e9servation automatis\u00e9es des cr\u00e9neaux horaires<\/li>\n<li>Planification graphique des trains int\u00e9gr\u00e9e<\/li>\n<li>R\u00e9servation de transport int\u00e9gr\u00e9e avec horaires de train, de barge et de ferry<\/li>\n<\/ul>\n                                            <\/div>\n                                    <\/div>\n                \n            <\/div>\n        <\/div> \n    <\/div>\n    \n<\/div><\/div>\n<\/div>\n<\/div>\n<\/section>\n\n<section class=\"gb-container gb-container-549970f9\">\n<div class=\"gb-container gb-container-9895ff47\">\n<div class=\"gb-grid-wrapper gb-grid-wrapper-e63eead3\">\n<div data-aos=\"fade-right\" class=\"gb-grid-column gb-grid-column-0dab5e91\"><div class=\"gb-container gb-container-0dab5e91\">\n\n<figure class=\"wp-block-image size-full\"><img loading=\"lazy\" decoding=\"async\" width=\"650\" height=\"400\" src=\"https:\/\/www.prologistik.com\/wp-content\/uploads\/pLG_Website_Verlinkungsbild_TMS_650x400px_2024.png\" alt=\"\" class=\"wp-image-33041\" srcset=\"https:\/\/www.prologistik.com\/wp-content\/uploads\/pLG_Website_Verlinkungsbild_TMS_650x400px_2024.png 650w, https:\/\/www.prologistik.com\/wp-content\/uploads\/pLG_Website_Verlinkungsbild_TMS_650x400px_2024-300x185.png 300w, https:\/\/www.prologistik.com\/wp-content\/uploads\/pLG_Website_Verlinkungsbild_TMS_650x400px_2024-150x92.png 150w\" sizes=\"auto, (max-width: 650px) 100vw, 650px\" \/><\/figure>\n\n<\/div><\/div>\n\n<div data-aos=\"fade-left\" class=\"gb-grid-column gb-grid-column-5165f57f\"><div class=\"gb-container gb-container-5165f57f\">\n\n<div class=\"wp-block-pixel-headline headlines is-subheadline-top has-text-align-left\"><h2 class=\"headline\" style=\"color:\">Le syst\u00e8me de gestion du transport de pL Group  <\/h2><span class=\"subheadline\" style=\"color:var(--color-dodger-blue)\">Efficace, \u00e9conomique &amp; \u00e9cologique<\/span><\/div>\n\n\n\n<p>D\u00e9couvrez le PLG TMS &#8211; la solution ultime pour tous les d\u00e9fis du secteur du transport. Qu&#8217;il s&#8217;agisse de poids lourds, de marchandises dangereuses ou de denr\u00e9es alimentaires, notre syst\u00e8me optimise les tourn\u00e9es et les trajets, diminue les co\u00fbts et r\u00e9duit les \u00e9missions de CO2. Gardez une vue d&#8217;ensemble et augmentez en m\u00eame temps la satisfaction de vos clients. Avec pLG TMS, vous \u00eates parfaitement \u00e9quip\u00e9 pour toute t\u00e2che de transport.<\/p>\n\n\n\n<div class=\"wp-block-buttons is-content-justification-left is-layout-flex wp-container-core-buttons-is-layout-fdcfc74e wp-block-buttons-is-layout-flex\">\n<div class=\"wp-block-button is-style-fill\"><a class=\"wp-block-button__link has-color-blue-background-color has-background wp-element-button\" href=\"https:\/\/www.prologistik.com\/fr\/transportation-old\/systeme-de-gestion-du-transport\">Vers le produit<\/a><\/div>\n<\/div>\n\n<\/div><\/div>\n<\/div>\n<\/div>\n<\/section>\n\n<section class=\"gb-container gb-container-d20ad9f6 gb-container-no-padding-top-bottom\">\n<div class=\"gb-container gb-container-6b42ae49\">\n<div class=\"gb-grid-wrapper gb-grid-wrapper-5d2a094d\">\n<div data-aos=\"fade-right\" class=\"gb-grid-column gb-grid-column-be6a1f10\"><div class=\"gb-container gb-container-be6a1f10\">\n\n<div class=\"wp-block-pixel-headline headlines is-subheadline-top has-text-align-left\"><h2 class=\"headline\" style=\"color:\">Mat\u00e9riel informatique de proLogistik Group<\/h2><span class=\"subheadline\" style=\"color:var(--color-dodger-blue)\">Qualit\u00e9 made in Germany<\/span><\/div>\n\n\n\n<p>Optimisez l&#8217;environnement de travail de vos collaborateurs gr\u00e2ce au mat\u00e9riel de premi\u00e8re qualit\u00e9 de pL Group. D\u00e9couvrez notre large portefeuille de mat\u00e9riel informatique, sp\u00e9cialement con\u00e7u pour r\u00e9pondre aux besoins du secteur des marchandises de d\u00e9tail. Des scanners robustes pour une utilisation aux entrep\u00f4ts et dans les v\u00e9hicules en passant par d&#8217;autres solutions innovantes, vous trouverez ici tous les moyens pour une logistique efficace.<\/p>\n\n\n\n<div class=\"wp-block-buttons is-content-justification-left is-layout-flex wp-container-core-buttons-is-layout-fdcfc74e wp-block-buttons-is-layout-flex\">\n<div class=\"wp-block-button is-style-fill\"><a class=\"wp-block-button__link has-color-blue-background-color has-background wp-element-button\" href=\"https:\/\/www.prologistik.com\/fr\/materiel-informatique\">Vers les produits li\u00e9s au MAT\u00c9RIEL<\/a><\/div>\n<\/div>\n\n<\/div><\/div>\n\n<div data-aos=\"fade-left\" class=\"gb-grid-column gb-grid-column-35f8d472\"><div class=\"gb-container gb-container-35f8d472\">\n\n<figure class=\"wp-block-image size-full\"><img loading=\"lazy\" decoding=\"async\" width=\"650\" height=\"400\" src=\"https:\/\/www.prologistik.com\/wp-content\/uploads\/Hardware_650x400.png\" alt=\"\" class=\"wp-image-33100\" srcset=\"https:\/\/www.prologistik.com\/wp-content\/uploads\/Hardware_650x400.png 650w, https:\/\/www.prologistik.com\/wp-content\/uploads\/Hardware_650x400-300x185.png 300w, https:\/\/www.prologistik.com\/wp-content\/uploads\/Hardware_650x400-150x92.png 150w\" sizes=\"auto, (max-width: 650px) 100vw, 650px\" \/><\/figure>\n\n<\/div><\/div>\n<\/div>\n<\/div>\n<\/section>\n\n<section class=\"gb-container gb-container-549970f9\">\n<div class=\"gb-container gb-container-9895ff47\">\n<div class=\"gb-grid-wrapper gb-grid-wrapper-e63eead3\">\n<div data-aos=\"fade-right\" class=\"gb-grid-column gb-grid-column-0dab5e91\"><div class=\"gb-container gb-container-0dab5e91\">\n\n<figure class=\"wp-block-image size-full\"><img loading=\"lazy\" decoding=\"async\" width=\"650\" height=\"400\" src=\"https:\/\/www.prologistik.com\/wp-content\/uploads\/wms_650x400.png\" alt=\"\" class=\"wp-image-33159\" srcset=\"https:\/\/www.prologistik.com\/wp-content\/uploads\/wms_650x400.png 650w, https:\/\/www.prologistik.com\/wp-content\/uploads\/wms_650x400-300x185.png 300w, https:\/\/www.prologistik.com\/wp-content\/uploads\/wms_650x400-150x92.png 150w\" sizes=\"auto, (max-width: 650px) 100vw, 650px\" \/><\/figure>\n\n<\/div><\/div>\n\n<div data-aos=\"fade-left\" class=\"gb-grid-column gb-grid-column-5165f57f\"><div class=\"gb-container gb-container-5165f57f\">\n\n<div class=\"wp-block-pixel-headline headlines is-subheadline-top has-text-align-left\"><h2 class=\"headline\" style=\"color:\">pLG WMS &#8211; La solution compl\u00e8te<\/h2><span class=\"subheadline\" style=\"color:var(--color-dodger-blue)\">Int\u00e9grable sans probl\u00e8me &amp; s\u00fbr  <\/span><\/div>\n\n\n\n<p>Avec notre logiciel, l&#8217;accent est mis sur l&#8217;efficacit\u00e9, la pr\u00e9cision et la s\u00e9curit\u00e9, afin que vos processus de stockage soient g\u00e9r\u00e9s de mani\u00e8re optimale. Profitez d&#8217;un contr\u00f4le total sur vos mouvements de stock, d&#8217;une coordination pr\u00e9cise de toutes les op\u00e9rations et de la possibilit\u00e9 de traiter les commandes en temps r\u00e9el. Notre solution s&#8217;int\u00e8gre parfaitement dans votre infrastructure informatique existante et s&#8217;adapte de mani\u00e8re flexible \u00e0 vos exigences individuelles.  <\/p>\n\n\n\n<div class=\"wp-block-buttons is-content-justification-left is-layout-flex wp-container-core-buttons-is-layout-fdcfc74e wp-block-buttons-is-layout-flex\">\n<div class=\"wp-block-button is-style-fill\"><a class=\"wp-block-button__link has-color-blue-background-color has-background wp-element-button\" href=\"https:\/\/www.prologistik.com\/fr\/warehouse-old\/systeme-de-gestion-dentrepot\">En savoir plus<\/a><\/div>\n<\/div>\n\n<\/div><\/div>\n<\/div>\n<\/div>\n<\/section>\n\n<section class=\"gb-container gb-container-454e67cc\">\n<div class=\"gb-container gb-container-88a034b7\">\n\n<div class=\"wp-block-pixel-headline headlines is-subheadline-top has-text-align-left\" data-aos=\"fade-right\"><h2 class=\"headline\" style=\"color:\">Efficacit\u00e9 constante tout au long du processus<\/h2><span class=\"subheadline\" style=\"color:var(--color-blue)\">Parfaitement adapt\u00e9<\/span><\/div>\n\n\n<div class=\"gb-grid-wrapper gb-grid-wrapper-cab37653\">\n<div data-aos=\"fade-up\" class=\"gb-grid-column gb-grid-column-8ac4e5f6\"><div class=\"gb-container gb-container-8ac4e5f6\">\n<div id=\"imagebox-block_9a7da9bf71b6ad823b74ad3a0c1cf067\" class=\"imagebox image-top background-color-white\">\n\t    \n    <div class=\"imagebox-content-wrap\">\n\n        <div class=\"imagebox-content\">\n                        <div class=\"imagebox-headline  font-size-big\">\n                Offre &amp; commandes            <\/div>\n                                    <div class=\"imagebox-copytext\">\n                <p>Automatiquement, vos clients recevront les offres du jour gr\u00e2ce \u00e0 notre syst\u00e8me d&#8217;information tarifaire bas\u00e9 sur le web qui couvre tout mode de transport. Ainsi, la double gestion des tarifs aussi bien que la r\u00e9daction manuelle des offres seront supprim\u00e9es. De nombreuses interfaces permettent d&#8217;importer et de traiter automatiquement les commandes et leurs modifications.<\/p>\n            <\/div>\n                    <\/div>\n            <\/div>\n\n<\/div>\n\n<\/div><\/div>\n\n<div data-aos=\"fade-up\" class=\"gb-grid-column gb-grid-column-e9c28092\"><div class=\"gb-container gb-container-e9c28092\">\n<div id=\"imagebox-block_80d8ba87f6072f477776afb9e4466ac8\" class=\"imagebox image-top background-color-white\">\n\t    \n    <div class=\"imagebox-content-wrap\">\n\n        <div class=\"imagebox-content\">\n                        <div class=\"imagebox-headline  font-size-big\">\n                Gestion            <\/div>\n                                    <div class=\"imagebox-copytext\">\n                <p>L&#8217;utilisation de l&#8217;intelligence artificielle dans la planification des capacit\u00e9s et la gestion vous permet d&#8217;optimiser votre charge de travail ainsi que la planification des tourn\u00e9es et de r\u00e9duire ainsi les kilom\u00e8tres \u00e0 vide, la consommation de carburant et les \u00e9missions de CO2. La r\u00e9servation de transport int\u00e9gr\u00e9e avec les horaires de train, de barge et de ferry \u00e9vite des recherches fastidieuses.<\/p>\n            <\/div>\n                    <\/div>\n            <\/div>\n\n<\/div>\n\n<\/div><\/div>\n\n<div data-aos=\"fade-up\" class=\"gb-grid-column gb-grid-column-c15b2895\"><div class=\"gb-container gb-container-c15b2895\">\n<div id=\"imagebox-block_e5285d62db9339d2eca052d1e0d183af\" class=\"imagebox image-top background-color-white\">\n\t    \n    <div class=\"imagebox-content-wrap\">\n\n        <div class=\"imagebox-content\">\n                        <div class=\"imagebox-headline  font-size-big\">\n                Pr\u00e9inscription &amp; r\u00e9servation de cr\u00e9neaux horaires            <\/div>\n                                    <div class=\"imagebox-copytext\">\n                <p>Notre syst\u00e8me \u00e9lectronique de pr\u00e9inscription et de r\u00e9servation automatis\u00e9e des cr\u00e9neaux horaires vous permet de r\u00e9server les cr\u00e9neaux disponibles de mani\u00e8re autonome. Vous voyez ainsi le statut actuel de tous les conteneurs en temps r\u00e9el sur le plan de gestion interactif.<\/p>\n            <\/div>\n                    <\/div>\n            <\/div>\n\n<\/div>\n\n<\/div><\/div>\n\n<div data-aos=\"fade-up\" class=\"gb-grid-column gb-grid-column-50c0bb8b\"><div class=\"gb-container gb-container-50c0bb8b\">\n<div id=\"imagebox-block_8b7c86a7a2217e6ecd1c0975bd80af73\" class=\"imagebox image-top background-color-white\">\n\t    \n    <div class=\"imagebox-content-wrap\">\n\n        <div class=\"imagebox-content\">\n                        <div class=\"imagebox-headline  font-size-big\">\n                Chauffeur &amp; administration            <\/div>\n                                    <div class=\"imagebox-copytext\">\n                <p>Avec l&#8217;application pratique pour les chauffeurs, nous facilitons le travail quotidien des chauffeurs. Tous les processus logistiques, de la collecte \u00e0 la livraison des commandes en passant par le transbordement y sont repr\u00e9sent\u00e9s. Gr\u00e2ce \u00e0 cette application avec de nombreuses fonctions dans le domaine de l&#8217;administration, votre back office est \u00e9galement d\u00e9charg\u00e9.<\/p>\n            <\/div>\n                    <\/div>\n            <\/div>\n\n<\/div>\n\n<\/div><\/div>\n\n<div data-aos=\"fade-up\" class=\"gb-grid-column gb-grid-column-5029a2dc\"><div class=\"gb-container gb-container-5029a2dc\">\n<div id=\"imagebox-block_6953a4caa9f074605130d0857c10df66\" class=\"imagebox image-top background-color-white\">\n\t    \n    <div class=\"imagebox-content-wrap\">\n\n        <div class=\"imagebox-content\">\n                        <div class=\"imagebox-headline  font-size-big\">\n                Camionnage            <\/div>\n                                    <div class=\"imagebox-copytext\">\n                <p>Outre les messages d&#8217;\u00e9tat en temps r\u00e9el dans la centrale bas\u00e9s sur des heures ETA de l&#8217;application du chauffeur vous recevez des messages Track &amp; Trace automatis\u00e9s. Cela permet des transports sans papier, un traitement plus rapide des factures et une transparence maximale gr\u00e2ce \u00e0 la preuve de livraison num\u00e9rique.<\/p>\n            <\/div>\n                    <\/div>\n            <\/div>\n\n<\/div>\n\n<\/div><\/div>\n\n<div data-aos=\"fade-up\" class=\"gb-grid-column gb-grid-column-2d10b553\"><div class=\"gb-container gb-container-2d10b553\">\n<div id=\"imagebox-block_89511a3480b77b0aa9e8ebe81f16a1b6\" class=\"imagebox image-top background-color-white\">\n\t    \n    <div class=\"imagebox-content-wrap\">\n\n        <div class=\"imagebox-content\">\n                        <div class=\"imagebox-headline  font-size-big\">\n                Co\u00fbts            <\/div>\n                                    <div class=\"imagebox-copytext\">\n                <p>Gr\u00e2ce \u00e0 l&#8217;\u00e9valuation de toute \u00e9tape du transport en temps r\u00e9el, vous avez toujours une vue d&#8217;ensemble des co\u00fbts et des ventes. Les temps de traitement sont consid\u00e9rablement r\u00e9duits gr\u00e2ce \u00e0 des processus automatis\u00e9s et des interfaces avec les prestataires de services impliqu\u00e9s.<\/p>\n            <\/div>\n                    <\/div>\n            <\/div>\n\n<\/div>\n\n<\/div><\/div>\n\n<div data-aos=\"fade-up\" class=\"gb-grid-column gb-grid-column-e25b1ee5\"><div class=\"gb-container gb-container-e25b1ee5\">\n<div id=\"imagebox-block_f91d1d651fbadbd3cdeb213b5e11a6df\" class=\"imagebox image-top background-color-white\">\n\t    \n    <div class=\"imagebox-content-wrap\">\n\n        <div class=\"imagebox-content\">\n                        <div class=\"imagebox-headline  font-size-big\">\n                D\u00e9p\u00f4t            <\/div>\n                                    <div class=\"imagebox-copytext\">\n                <p>Notre logiciel de d\u00e9p\u00f4t prend en charge la gestion des processus d&#8217;ordres intermodaux : de la gestion des portes \u00e0 la gestion des stocks, des r\u00e9parations de conteneurs et de la facturation automatis\u00e9e aux interfaces et connexions pour les solutions mobiles pour les checkers ou chariots \u00e9l\u00e9vateurs.<\/p>\n            <\/div>\n                    <\/div>\n            <\/div>\n\n<\/div>\n\n<\/div><\/div>\n<\/div>\n<\/div>\n<\/section>\n\n<section class=\"gb-container gb-container-ae9262fb\">\n<div data-aos=\"fade-up\" class=\"gb-container gb-container-7e7bc3e9\">\n\n<div class=\"wp-block-pixel-headline headlines is-subheadline-top has-text-align-center\"><h3 class=\"headline\" style=\"color:var(--color-white)\">Profitez vous aussi des produits pLG  <\/h3><\/div>\n\n\n\n<p class=\"has-text-align-center has-color-white-color has-text-color has-link-color wp-elements-1cdf1b552d17af844778fd6ba5afb57e\">Nos experts sont \u00e0 votre disposition pour vous conseiller lors d&#8217;un premier rendez-vous sans engagement. Prenez rendez-vous et d\u00e9couvrez nos innovations dans le secteur. Nos consultants en logistique vous rappellent rapidement.<\/p>\n\n\n\n<div class=\"wp-block-buttons is-content-justification-center is-layout-flex wp-container-core-buttons-is-layout-16018d1d wp-block-buttons-is-layout-flex\">\n<div class=\"wp-block-button is-style-fill\"><a class=\"wp-block-button__link has-color-blue-background-color has-background wp-element-button\" href=\"#contact\">Prendre rendez-vous pour une consultation<\/a><\/div>\n<\/div>\n\n<\/div>\n<\/section>\n\n<section class=\"gb-container gb-container-21886657\">\n<div class=\"gb-container gb-container-231c992a\">\n<div class=\"gb-grid-wrapper gb-grid-wrapper-ee078474\">\n<div data-aos=\"fade-right\" class=\"gb-grid-column gb-grid-column-5bb585fa\"><div class=\"gb-container gb-container-5bb585fa\">\n\n<div class=\"wp-block-pixel-headline headlines is-subheadline-top has-text-align-left\"><h2 class=\"headline\" style=\"color:\">Test\u00e9 et approuv\u00e9<\/h2><span class=\"subheadline\" style=\"color:var(--color-green)\">Notre syst\u00e8me de gestion d&#8217;entrep\u00f4t<\/span><\/div>\n\n\n\n<p>En tant que contr\u00f4le de qualit\u00e9 permanent, nous faisons tester chaque ann\u00e9e notre <a href=\"https:\/\/www.prologistik.com\/warehouse\/warehouse-management-system\">syst\u00e8me de gestion d&#8217;entrep\u00f4t<\/a> pLG de mani\u00e8re approfondie par l&#8217;Institut Fraunhofer pour le flux de mat\u00e9riaux et la logistique (IML), qui le valide ensuite. Cela nous permet de nous certifier chaque ann\u00e9e en tant que fournisseur sur le portail Online Warehouse Logistics de l&#8217;IML.<\/p>\n\n<\/div><\/div>\n\n<div data-aos=\"fade-left\" class=\"gb-grid-column gb-grid-column-3da0af17\"><div class=\"gb-container gb-container-3da0af17\">\n\n<figure class=\"wp-block-image size-medium\"><img loading=\"lazy\" decoding=\"async\" width=\"234\" height=\"300\" src=\"https:\/\/www.prologistik.com\/wp-content\/uploads\/Signet_WMS_DE1176x1509-234x300.png\" alt=\"\" class=\"wp-image-26402\" srcset=\"https:\/\/www.prologistik.com\/wp-content\/uploads\/Signet_WMS_DE1176x1509-234x300.png 234w, https:\/\/www.prologistik.com\/wp-content\/uploads\/Signet_WMS_DE1176x1509-798x1024.png 798w, https:\/\/www.prologistik.com\/wp-content\/uploads\/Signet_WMS_DE1176x1509-117x150.png 117w, https:\/\/www.prologistik.com\/wp-content\/uploads\/Signet_WMS_DE1176x1509-768x985.png 768w, https:\/\/www.prologistik.com\/wp-content\/uploads\/Signet_WMS_DE1176x1509.png 1176w\" sizes=\"auto, (max-width: 234px) 100vw, 234px\" \/><\/figure>\n\n<\/div><\/div>\n<\/div>\n<\/div>\n<\/section>\n\n<section class=\"gb-container gb-container-f6f75288\">\n<div class=\"gb-container gb-container-dee251fe\">\n<div class=\"gb-grid-wrapper gb-grid-wrapper-d0952430\">\n<div data-aos=\"fade-right\" class=\"gb-grid-column gb-grid-column-add8f516\"><div class=\"gb-container gb-container-add8f516\">\n\n<div class=\"wp-block-pixel-headline headlines is-subheadline-top has-text-align-left\"><h2 class=\"headline\" style=\"color:\">Nous vous offrons un service global et personnalis\u00e9<\/h2><span class=\"subheadline\" style=\"color:var(--color-green)\">Comment pouvons-nous vous soutenir autrement ?<\/span><\/div>\n\n<\/div><\/div>\n\n<div data-aos=\"fade-up\" class=\"gb-grid-column gb-grid-column-80417ba6\"><div class=\"gb-container gb-container-80417ba6\">\n<div class=\"gb-grid-wrapper gb-grid-wrapper-df6b9135\">\n<div class=\"gb-grid-column gb-grid-column-0b2ce789\"><div class=\"gb-container gb-container-0b2ce789\">\n<div id=\"imagebox-block_de926b489548054c1576fc26879897d3\" class=\"imagebox image-left background-color-aquamarine\">\n\t<style>#imagebox-block_de926b489548054c1576fc26879897d3::before {background: var(--); } <\/style>        <div class=\"imagebox-image   with-rounding\" style=\"background: url('https:\/\/www.prologistik.com\/wp-content\/uploads\/prologistik-content-consulting.jpg'); background-repeat: no-repeat; background-size: cover; background-position: center;\"><\/div>\n    \n    <div class=\"imagebox-content-wrap\">\n\n        <div class=\"imagebox-content\">\n                        <div class=\"imagebox-headline  font-size-normal\">\n                Conseil            <\/div>\n                                    <div class=\"imagebox-copytext\">\n                <p>Avec notre conseil en logistique, nous vous soutenons dans tous les d\u00e9fis logistiques, de la bonne strat\u00e9gie \u00e0 la mise en \u0153uvre optimale.<\/p>\n            <\/div>\n                    <\/div>\n                <div class=\"is-layout-flex wp-block-buttons\">\n            <div class=\"wp-block-button is-style-outline\">\n                <a class=\"wp-block-button__link has-color-white-color wp-element-button\" href=\"https:\/\/www.prologistik.com\/fr\/conseil\/conseil\/\" target=\"_self\">\n                    En savoir plus                <\/a>\n            <\/div>\n        <\/div>\n            <\/div>\n\n<\/div>\n\n<\/div><\/div>\n\n<div data-aos=\"fade-up\" class=\"gb-grid-column gb-grid-column-a2018442\"><div class=\"gb-container gb-container-a2018442\">\n<div id=\"imagebox-block_bf4cf611d26445889b158cdfcb064341\" class=\"imagebox image-left background-color-dodger-blue\">\n\t<style>#imagebox-block_bf4cf611d26445889b158cdfcb064341::before {background: var(--); } <\/style>        <div class=\"imagebox-image   with-rounding\" style=\"background: url('https:\/\/www.prologistik.com\/wp-content\/uploads\/prologistik-content-support.jpg'); background-repeat: no-repeat; background-size: cover; background-position: center;\"><\/div>\n    \n    <div class=\"imagebox-content-wrap\">\n\n        <div class=\"imagebox-content\">\n                        <div class=\"imagebox-headline  font-size-normal\">\n                Support            <\/div>\n                                    <div class=\"imagebox-copytext\">\n                <p>Que ce soit pour vos logiciels, votre mat\u00e9riel ou votre System Center. Que ce soit pour des questions, des probl\u00e8mes ou des d\u00e9fauts, nous vous soutenons avec notre support.<\/p>\n            <\/div>\n                    <\/div>\n            <\/div>\n\n<\/div>\n\n<\/div><\/div>\n<\/div>\n<\/div><\/div>\n<\/div>\n<\/div>\n<\/section>\n\n        \n            <!-- contact-form -->\n        \n                    \n            <!-- end:contact-form -->\n        \n            ","protected":false},"excerpt":{"rendered":"<p>Concernant les transports intermodaux, il s&#8217;agit de processus tr\u00e8s complexes avec de diff\u00e9rents points de transfert, des changements de mode de transport et de nombreuses interfaces. Pour faire face \u00e0 ce d\u00e9fis, le groupe proLogistik vous propose une solution num\u00e9rique couvrant tous les modes de transport et tous les processus. Un logiciel performant qui fournit les informations pertinentes \u00e0 toute personne concern\u00e9es, augmentant ainsi la transparence et simplifiant et automatisant les processus &#8211; et r\u00e9duisant ainsi sensiblement votre temps et vos co\u00fbts. Nos experts sont \u00e0 votre disposition pour vous conseiller lors d&#8217;un premier rendez-vous sans engagement. Prenez rendez-vous et d\u00e9couvrez nos innovations dans le secteur. Nos consultants en logistique vous rappellent rapidement.<\/p>\n","protected":false},"author":258,"featured_media":0,"parent":30056,"menu_order":63,"comment_status":"closed","ping_status":"closed","template":"","meta":{"_acf_changed":false,"footnotes":""},"class_list":["post-29844","page","type-page","status-publish"],"acf":[],"yoast_head":"<!-- This site is optimized with the Yoast SEO Premium plugin v26.9 (Yoast SEO v27.5) - https:\/\/yoast.com\/product\/yoast-seo-premium-wordpress\/ -->\n<title>Solutions pour le transport intermodal \ud83d\ude86| proLogistik Group<\/title>\n<meta name=\"description\" content=\"Logiciels &amp; mat\u00e9riels sur mesure pour le transport intermodal ! \u2714\ufe0f Efficace, flexible &amp; connect\u00e9. \u27a4 Obtenez des conseils maintenant ! \u2705\" \/>\n<meta name=\"robots\" content=\"index, follow, max-snippet:-1, max-image-preview:large, max-video-preview:-1\" \/>\n<link rel=\"canonical\" href=\"https:\/\/www.prologistik.com\/fr\/intermodal\/\" \/>\n<meta property=\"og:locale\" content=\"fr_FR\" \/>\n<meta property=\"og:type\" content=\"article\" \/>\n<meta property=\"og:title\" content=\"Intermodal\" \/>\n<meta property=\"og:description\" content=\"Logiciels &amp; mat\u00e9riels sur mesure pour le transport intermodal ! \u2714\ufe0f Efficace, flexible &amp; connect\u00e9. \u27a4 Obtenez des conseils maintenant ! \u2705\" \/>\n<meta property=\"og:url\" content=\"https:\/\/www.prologistik.com\/fr\/intermodal\/\" \/>\n<meta property=\"og:site_name\" content=\"proLogistik Group\" \/>\n<meta property=\"article:modified_time\" content=\"2025-02-26T14:08:02+00:00\" \/>\n<meta property=\"og:image\" content=\"https:\/\/www.prologistik.com\/wp-content\/uploads\/tablet_active_m-ware-1.png\" \/>\n<meta name=\"twitter:card\" content=\"summary_large_image\" \/>\n<meta name=\"twitter:label1\" content=\"Dur\u00e9e de lecture estim\u00e9e\" \/>\n\t<meta name=\"twitter:data1\" content=\"2 minutes\" \/>\n<script type=\"application\/ld+json\" class=\"yoast-schema-graph\">{\"@context\":\"https:\\\/\\\/schema.org\",\"@graph\":[{\"@type\":\"WebPage\",\"@id\":\"https:\\\/\\\/www.prologistik.com\\\/fr\\\/intermodal\\\/\",\"url\":\"https:\\\/\\\/www.prologistik.com\\\/fr\\\/intermodal\\\/\",\"name\":\"Solutions pour le transport intermodal \ud83d\ude86| proLogistik Group\",\"isPartOf\":{\"@id\":\"https:\\\/\\\/www.prologistik.com\\\/fr\\\/#website\"},\"primaryImageOfPage\":{\"@id\":\"https:\\\/\\\/www.prologistik.com\\\/fr\\\/intermodal\\\/#primaryimage\"},\"image\":{\"@id\":\"https:\\\/\\\/www.prologistik.com\\\/fr\\\/intermodal\\\/#primaryimage\"},\"thumbnailUrl\":\"https:\\\/\\\/www.prologistik.com\\\/wp-content\\\/uploads\\\/tablet_active_m-ware-1.png\",\"datePublished\":\"2024-02-28T15:59:52+00:00\",\"dateModified\":\"2025-02-26T14:08:02+00:00\",\"description\":\"Logiciels & mat\u00e9riels sur mesure pour le transport intermodal ! \u2714\ufe0f Efficace, flexible & connect\u00e9. \u27a4 Obtenez des conseils maintenant ! \u2705\",\"breadcrumb\":{\"@id\":\"https:\\\/\\\/www.prologistik.com\\\/fr\\\/intermodal\\\/#breadcrumb\"},\"inLanguage\":\"fr-FR\",\"potentialAction\":[{\"@type\":\"ReadAction\",\"target\":[\"https:\\\/\\\/www.prologistik.com\\\/fr\\\/intermodal\\\/\"]}]},{\"@type\":\"ImageObject\",\"inLanguage\":\"fr-FR\",\"@id\":\"https:\\\/\\\/www.prologistik.com\\\/fr\\\/intermodal\\\/#primaryimage\",\"url\":\"https:\\\/\\\/www.prologistik.com\\\/wp-content\\\/uploads\\\/tablet_active_m-ware-1.png\",\"contentUrl\":\"https:\\\/\\\/www.prologistik.com\\\/wp-content\\\/uploads\\\/tablet_active_m-ware-1.png\"},{\"@type\":\"BreadcrumbList\",\"@id\":\"https:\\\/\\\/www.prologistik.com\\\/fr\\\/intermodal\\\/#breadcrumb\",\"itemListElement\":[{\"@type\":\"ListItem\",\"position\":1,\"name\":\"Startseite\",\"item\":\"https:\\\/\\\/www.prologistik.com\\\/fr\\\/\"},{\"@type\":\"ListItem\",\"position\":2,\"name\":\"Intermodal\"}]},{\"@type\":\"WebSite\",\"@id\":\"https:\\\/\\\/www.prologistik.com\\\/fr\\\/#website\",\"url\":\"https:\\\/\\\/www.prologistik.com\\\/fr\\\/\",\"name\":\"proLogistik Group\",\"description\":\"Software und Hardware f\u00fcr die Intralogistik\",\"publisher\":{\"@id\":\"https:\\\/\\\/www.prologistik.com\\\/fr\\\/#organization\"},\"potentialAction\":[{\"@type\":\"SearchAction\",\"target\":{\"@type\":\"EntryPoint\",\"urlTemplate\":\"https:\\\/\\\/www.prologistik.com\\\/fr\\\/?s={search_term_string}\"},\"query-input\":{\"@type\":\"PropertyValueSpecification\",\"valueRequired\":true,\"valueName\":\"search_term_string\"}}],\"inLanguage\":\"fr-FR\"},{\"@type\":\"Organization\",\"@id\":\"https:\\\/\\\/www.prologistik.com\\\/fr\\\/#organization\",\"name\":\"proLogistik Group\",\"url\":\"https:\\\/\\\/www.prologistik.com\\\/fr\\\/\",\"logo\":{\"@type\":\"ImageObject\",\"inLanguage\":\"fr-FR\",\"@id\":\"https:\\\/\\\/www.prologistik.com\\\/fr\\\/#\\\/schema\\\/logo\\\/image\\\/\",\"url\":\"https:\\\/\\\/www.prologistik.com\\\/wp-content\\\/uploads\\\/prologistik-logo-web.svg\",\"contentUrl\":\"https:\\\/\\\/www.prologistik.com\\\/wp-content\\\/uploads\\\/prologistik-logo-web.svg\",\"width\":320,\"height\":59,\"caption\":\"proLogistik Group\"},\"image\":{\"@id\":\"https:\\\/\\\/www.prologistik.com\\\/fr\\\/#\\\/schema\\\/logo\\\/image\\\/\"}}]}<\/script>\n<!-- \/ Yoast SEO Premium plugin. -->","yoast_head_json":{"title":"Solutions pour le transport intermodal \ud83d\ude86| proLogistik Group","description":"Logiciels & mat\u00e9riels sur mesure pour le transport intermodal ! \u2714\ufe0f Efficace, flexible & connect\u00e9. \u27a4 Obtenez des conseils maintenant ! \u2705","robots":{"index":"index","follow":"follow","max-snippet":"max-snippet:-1","max-image-preview":"max-image-preview:large","max-video-preview":"max-video-preview:-1"},"canonical":"https:\/\/www.prologistik.com\/fr\/intermodal\/","og_locale":"fr_FR","og_type":"article","og_title":"Intermodal","og_description":"Logiciels & mat\u00e9riels sur mesure pour le transport intermodal ! \u2714\ufe0f Efficace, flexible & connect\u00e9. \u27a4 Obtenez des conseils maintenant ! \u2705","og_url":"https:\/\/www.prologistik.com\/fr\/intermodal\/","og_site_name":"proLogistik Group","article_modified_time":"2025-02-26T14:08:02+00:00","og_image":[{"url":"https:\/\/www.prologistik.com\/wp-content\/uploads\/tablet_active_m-ware-1.png","type":"","width":"","height":""}],"twitter_card":"summary_large_image","twitter_misc":{"Dur\u00e9e de lecture estim\u00e9e":"2 minutes"},"schema":{"@context":"https:\/\/schema.org","@graph":[{"@type":"WebPage","@id":"https:\/\/www.prologistik.com\/fr\/intermodal\/","url":"https:\/\/www.prologistik.com\/fr\/intermodal\/","name":"Solutions pour le transport intermodal \ud83d\ude86| proLogistik Group","isPartOf":{"@id":"https:\/\/www.prologistik.com\/fr\/#website"},"primaryImageOfPage":{"@id":"https:\/\/www.prologistik.com\/fr\/intermodal\/#primaryimage"},"image":{"@id":"https:\/\/www.prologistik.com\/fr\/intermodal\/#primaryimage"},"thumbnailUrl":"https:\/\/www.prologistik.com\/wp-content\/uploads\/tablet_active_m-ware-1.png","datePublished":"2024-02-28T15:59:52+00:00","dateModified":"2025-02-26T14:08:02+00:00","description":"Logiciels & mat\u00e9riels sur mesure pour le transport intermodal ! \u2714\ufe0f Efficace, flexible & connect\u00e9. \u27a4 Obtenez des conseils maintenant ! \u2705","breadcrumb":{"@id":"https:\/\/www.prologistik.com\/fr\/intermodal\/#breadcrumb"},"inLanguage":"fr-FR","potentialAction":[{"@type":"ReadAction","target":["https:\/\/www.prologistik.com\/fr\/intermodal\/"]}]},{"@type":"ImageObject","inLanguage":"fr-FR","@id":"https:\/\/www.prologistik.com\/fr\/intermodal\/#primaryimage","url":"https:\/\/www.prologistik.com\/wp-content\/uploads\/tablet_active_m-ware-1.png","contentUrl":"https:\/\/www.prologistik.com\/wp-content\/uploads\/tablet_active_m-ware-1.png"},{"@type":"BreadcrumbList","@id":"https:\/\/www.prologistik.com\/fr\/intermodal\/#breadcrumb","itemListElement":[{"@type":"ListItem","position":1,"name":"Startseite","item":"https:\/\/www.prologistik.com\/fr\/"},{"@type":"ListItem","position":2,"name":"Intermodal"}]},{"@type":"WebSite","@id":"https:\/\/www.prologistik.com\/fr\/#website","url":"https:\/\/www.prologistik.com\/fr\/","name":"proLogistik Group","description":"Software und Hardware f\u00fcr die Intralogistik","publisher":{"@id":"https:\/\/www.prologistik.com\/fr\/#organization"},"potentialAction":[{"@type":"SearchAction","target":{"@type":"EntryPoint","urlTemplate":"https:\/\/www.prologistik.com\/fr\/?s={search_term_string}"},"query-input":{"@type":"PropertyValueSpecification","valueRequired":true,"valueName":"search_term_string"}}],"inLanguage":"fr-FR"},{"@type":"Organization","@id":"https:\/\/www.prologistik.com\/fr\/#organization","name":"proLogistik Group","url":"https:\/\/www.prologistik.com\/fr\/","logo":{"@type":"ImageObject","inLanguage":"fr-FR","@id":"https:\/\/www.prologistik.com\/fr\/#\/schema\/logo\/image\/","url":"https:\/\/www.prologistik.com\/wp-content\/uploads\/prologistik-logo-web.svg","contentUrl":"https:\/\/www.prologistik.com\/wp-content\/uploads\/prologistik-logo-web.svg","width":320,"height":59,"caption":"proLogistik Group"},"image":{"@id":"https:\/\/www.prologistik.com\/fr\/#\/schema\/logo\/image\/"}}]}},"_links":{"self":[{"href":"https:\/\/www.prologistik.com\/fr\/wp-json\/wp\/v2\/pages\/29844","targetHints":{"allow":["GET"]}}],"collection":[{"href":"https:\/\/www.prologistik.com\/fr\/wp-json\/wp\/v2\/pages"}],"about":[{"href":"https:\/\/www.prologistik.com\/fr\/wp-json\/wp\/v2\/types\/page"}],"author":[{"embeddable":true,"href":"https:\/\/www.prologistik.com\/fr\/wp-json\/wp\/v2\/users\/258"}],"replies":[{"embeddable":true,"href":"https:\/\/www.prologistik.com\/fr\/wp-json\/wp\/v2\/comments?post=29844"}],"version-history":[{"count":6,"href":"https:\/\/www.prologistik.com\/fr\/wp-json\/wp\/v2\/pages\/29844\/revisions"}],"predecessor-version":[{"id":42084,"href":"https:\/\/www.prologistik.com\/fr\/wp-json\/wp\/v2\/pages\/29844\/revisions\/42084"}],"up":[{"embeddable":true,"href":"https:\/\/www.prologistik.com\/fr\/wp-json\/wp\/v2\/pages\/30056"}],"wp:attachment":[{"href":"https:\/\/www.prologistik.com\/fr\/wp-json\/wp\/v2\/media?parent=29844"}],"curies":[{"name":"wp","href":"https:\/\/api.w.org\/{rel}","templated":true}]}}