{"id":29840,"date":"2024-02-29T10:31:28","date_gmt":"2024-02-29T09:31:28","guid":{"rendered":"https:\/\/prologistik.pixel-tal.de\/branches\/conteneur"},"modified":"2025-02-26T15:34:04","modified_gmt":"2025-02-26T14:34:04","slug":"conteneur","status":"publish","type":"page","link":"https:\/\/www.prologistik.com\/fr\/conteneur\/","title":{"rendered":"Conteneur"},"content":{"rendered":"        \n            <!-- pagehead -->\n        \n                    \n\t\t\t<div id=\"pagehead-block_8a86b19487fc491ef250640eb2f843cf\" class=\"pagehead size-small\">\n\t\t\t\t\t\t\t<div class=\"pagehead-canvas\">\n\t\t\t\t<div class=\"pagehead-content has-bg-color bg-color-blue\">\n\t\t\t\t\t<div class=\"pagehead-content-inner\">\n\t\t\t\t\t\t\t\t\t\t\t\t<span class=\"pagehead-subheadline\"  data-aos=\"fade-up\" data-aos-delay=\"50\">Solutions sectorielles pLG<\/span>\t\t\t\t\t\t<h1 class=\"pagehead-headline\" data-aos=\"fade-up\" data-aos-delay=\"100\">Logistique des conteneurs<\/h1>\t\t\t\t\t\t\t\t\t\t\t<\/div>\n\t\t\t\t<\/div>\n\t\t\t<\/div>\n\t\t\t\n\t\t\t\t<div class=\"pagehead-background\">\n\t\t\t\t<!-- image_id: 29950 | alt:  -->\t\t\t\t\t\t\t\t\t<img decoding=\"async\" class=\"test\" src=\"https:\/\/www.prologistik.com\/wp-content\/uploads\/pLG_Website_Container-_Banner_1920x840px_2024.png\" alt=\"\" \/>\n\t\t\t\t\n\t\t\t\t<\/div>\n\t\t\t<\/div>\n        \n                    \n            <!-- end:pagehead -->\n        \n            \n\n<section data-aos=\"fade-up\" class=\"gb-container gb-container-c475e2aa\">\n<div data-aos=\"fade-up\" class=\"gb-container gb-container-418f06a3\">\n\n<div class=\"wp-block-pixel-headline headlines is-subheadline-top has-text-align-center\"><h2 class=\"headline\" style=\"color:\">Les transports dans la logistique des conteneurs  <\/h2><span class=\"subheadline\" style=\"color:var(--color-blue)\">D\u00e9fis logistiques<\/span><\/div>\n\n\n\n<p>Les transports dans la logistique des conteneurs constituent le lien entre le port maritime, l&#8217;arri\u00e8re-pays et les clients. N\u00e9anmoins, nous sommes confront\u00e9s \u00e0 des d\u00e9fis tels que la gestion des goulets d&#8217;\u00e9tranglement et la n\u00e9cessit\u00e9 de trouver des solutions respectueuses de l&#8217;environnement afin d&#8217;am\u00e9liorer l&#8217;efficacit\u00e9 et de r\u00e9duire l&#8217;impact environnemental. La coordination pr\u00e9cise de toute activit\u00e9s est essentielle dans la logistique des conteneurs, tandis que la flexibilit\u00e9 d&#8217;agir fait \u00e9galement partie des activit\u00e9s quotidiennes.<\/p>\n\n<\/div>\n<\/section>\n\n<section class=\"gb-container gb-container-769c6ce8 gb-container-half-padding-bottom\">\n<div class=\"gb-container gb-container-e4d7beb7 gb-container-align-right-third\">\n<div class=\"gb-grid-wrapper gb-grid-wrapper-5e1719ce\">\n<div data-aos=\"fade-right\" class=\"gb-grid-column gb-grid-column-64f7144c\"><div class=\"gb-container gb-container-64f7144c\">\n\n<div class=\"wp-block-pixel-headline headlines is-subheadline-top has-text-align-left\"><h2 class=\"headline\" style=\"color:\">pLG TMS : le <strong>logiciel pour la logistique des conteneurs<\/strong><\/h2><span class=\"subheadline\" style=\"color:var(--color-blue)\">Notre solution logicielle  <\/span><\/div>\n\n\n\n<p>Le groupe proLogistik propose une gestion du transport avec un syst\u00e8me de saisie des commandes sp\u00e9cifique \u00e0 la branche, qui permet de traiter aussi bien des conteneurs individuels que de grands lots.<\/p>\n\n\n\n<p>Des fonctions sp\u00e9cifiques aux conteneurs telle que l&#8217;annonce pr\u00e9alable \u00e9lectronique et la r\u00e9servation automatique de cr\u00e9neaux d&#8217;horaires ainsi que la lettre de voiture num\u00e9rique s\u00e9curis\u00e9e par blockchain, compl\u00e8tent notre offre concernant la logistique des conteneurs. Gr\u00e2ce \u00e0 de nombreuses interfaces de commande avec tous les acteurs de la cha\u00eene de processus, vous gagnez du temps et \u00e9vitez en outre les erreurs de saisie.<\/p>\n\n<\/div><\/div>\n\n<div data-aos=\"fade-left\" class=\"gb-grid-column gb-grid-column-3650977e\"><div class=\"gb-container gb-container-3650977e\">\n\n<figure class=\"wp-block-image size-full\"><img loading=\"lazy\" decoding=\"async\" width=\"680\" height=\"479\" src=\"https:\/\/www.prologistik.com\/wp-content\/uploads\/tablet_active_m-ware-1.png\" alt=\"\" class=\"wp-image-29220\" srcset=\"https:\/\/www.prologistik.com\/wp-content\/uploads\/tablet_active_m-ware-1.png 680w, https:\/\/www.prologistik.com\/wp-content\/uploads\/tablet_active_m-ware-1-300x211.png 300w, https:\/\/www.prologistik.com\/wp-content\/uploads\/tablet_active_m-ware-1-150x106.png 150w\" sizes=\"auto, (max-width: 680px) 100vw, 680px\" \/><\/figure>\n\n<\/div><\/div>\n<\/div>\n<\/div>\n<\/section>\n\n<section class=\"gb-container gb-container-4d6f0abd gb-container-no-padding-top\">\n<div class=\"gb-container gb-container-d7930bd9\">\n<div class=\"gb-grid-wrapper gb-grid-wrapper-7bdec32f\">\n<div data-aos-delay=\"150\" data-aos=\"fade-up\" class=\"gb-grid-column gb-grid-column-ca017995\"><div class=\"gb-container gb-container-ca017995\">\n    <div id=\"gradientbox-block_4976ac4591b10a9830f82f7e44f50ac6\" class=\"gradientbox background-blue\">\n        <div class=\"gradientbox-content-wrap\">\n                        <div class=\"wp-block-pixel-headline headlines is-subheadline-top has-text-align-left\">\n                <h3 class=\"headline\" style=\"color:var(--color-white)\">Les points forts &amp; les avantages r\u00e9sum\u00e9s pour vous :<\/h3>\n                            <\/div>\n                        <div class=\"gradientbox-column-wrap\">\n\n                                <div class=\"gradientbox-column\">\n                    <div class=\"gradientbox-text-wrap\">\n                                                                        <ul>\n<li data-leveltext=\"\uf0b7\" data-font=\"Symbol\" data-listid=\"1\" data-list-defn-props=\"{\" aria-setsize=\"-1\" data-aria-posinset=\"1\" data-aria-level=\"1\"><span data-contrast=\"auto\">Efficacit\u00e9 accrue gr\u00e2ce \u00e0 la r\u00e9duction des t\u00e2ches manuelles<\/span><\/li>\n<li data-leveltext=\"\uf0b7\" data-font=\"Symbol\" data-listid=\"1\" data-list-defn-props=\"{\" aria-setsize=\"-1\" data-aria-posinset=\"2\" data-aria-level=\"1\"><span data-contrast=\"auto\">Transparence en temps r\u00e9el de tout moyen de transport<\/span><\/li>\n<\/ul>\n                                            <\/div>\n                                    <\/div>\n                                <div class=\"gradientbox-column\">\n                    <div class=\"gradientbox-text-wrap\">\n                                                                        <ul>\n<li data-leveltext=\"\uf0b7\" data-font=\"Symbol\" data-listid=\"1\" data-list-defn-props=\"{\"335552541\":1,\"335559684\":-2,\"335559685\":720,\"335559991\":360,\"469769226\":\"Symbol\",\"469769242\":[8226],\"469777803\":\"left\",\"469777804\":\"\uf0b7\",\"469777815\":\"hybridMultilevel\"}\" aria-setsize=\"-1\" data-aria-posinset=\"3\" data-aria-level=\"1\"><span data-contrast=\"auto\">All\u00e8gement de la planification gr\u00e2ce \u00e0 l&#8217;utilisation de l&#8217;intelligence artificielle (IA)  <\/span><span data-ccp-props=\"{\"201341983\":0,\"335559739\":160,\"335559740\":259}\"> <\/span><\/li>\n<li data-leveltext=\"\uf0b7\" data-font=\"Symbol\" data-listid=\"1\" data-list-defn-props=\"{\"335552541\":1,\"335559684\":-2,\"335559685\":720,\"335559991\":360,\"469769226\":\"Symbol\",\"469769242\":[8226],\"469777803\":\"left\",\"469777804\":\"\uf0b7\",\"469777815\":\"hybridMultilevel\"}\" aria-setsize=\"-1\" data-aria-posinset=\"4\" data-aria-level=\"1\"><span data-contrast=\"auto\">R\u00e9duction des co\u00fbts gr\u00e2ce \u00e0 un degr\u00e9 de num\u00e9risation plus \u00e9lev\u00e9<\/span><span data-ccp-props=\"{\"201341983\":0,\"335559739\":160,\"335559740\":259}\"> <\/span><\/li>\n<\/ul>\n                                            <\/div>\n                                    <\/div>\n                \n            <\/div>\n        <\/div> \n    <\/div>\n    \n<\/div><\/div>\n<\/div>\n<\/div>\n<\/section>\n\n<section class=\"gb-container gb-container-d20ad9f6 gb-container-no-padding-bottom\">\n<div class=\"gb-container gb-container-6b42ae49\">\n<div class=\"gb-grid-wrapper gb-grid-wrapper-5d2a094d\">\n<div data-aos=\"fade-right\" class=\"gb-grid-column gb-grid-column-be6a1f10\"><div class=\"gb-container gb-container-be6a1f10\">\n\n<div class=\"wp-block-pixel-headline headlines is-subheadline-top has-text-align-left\"><h2 class=\"headline\" style=\"color:\">Mat\u00e9riel informatique de proLogistik Group<\/h2><span class=\"subheadline\" style=\"color:var(--color-dodger-blue)\">Qualit\u00e9 made in Germany<\/span><\/div>\n\n\n\n<p>Optimisez l&#8217;environnement de travail de vos collaborateurs gr\u00e2ce au mat\u00e9riel de premi\u00e8re qualit\u00e9 de pL Group. D\u00e9couvrez notre large portefeuille de mat\u00e9riel informatique, sp\u00e9cialement con\u00e7u pour r\u00e9pondre aux besoins du secteur des marchandises diverses. Des scanners robustes pour une utilisation dans les halls et les v\u00e9hicules aux autres solutions innovantes, vous trouverez ici tout ce dont vous avez besoin pour une logistique efficace.<\/p>\n\n\n\n<div class=\"wp-block-buttons is-content-justification-left is-layout-flex wp-container-core-buttons-is-layout-fdcfc74e wp-block-buttons-is-layout-flex\">\n<div class=\"wp-block-button is-style-fill\"><a class=\"wp-block-button__link has-color-blue-background-color has-background wp-element-button\" href=\"https:\/\/www.prologistik.com\/fr\/materiel-informatique\">Vers les produits hardware  <\/a><\/div>\n<\/div>\n\n<\/div><\/div>\n\n<div data-aos=\"fade-left\" class=\"gb-grid-column gb-grid-column-35f8d472\"><div class=\"gb-container gb-container-35f8d472\">\n\n<figure class=\"wp-block-image size-full\"><img loading=\"lazy\" decoding=\"async\" width=\"650\" height=\"400\" src=\"https:\/\/www.prologistik.com\/wp-content\/uploads\/Hardware_650x400.png\" alt=\"\" class=\"wp-image-33100\" srcset=\"https:\/\/www.prologistik.com\/wp-content\/uploads\/Hardware_650x400.png 650w, https:\/\/www.prologistik.com\/wp-content\/uploads\/Hardware_650x400-300x185.png 300w, https:\/\/www.prologistik.com\/wp-content\/uploads\/Hardware_650x400-150x92.png 150w\" sizes=\"auto, (max-width: 650px) 100vw, 650px\" \/><\/figure>\n\n<\/div><\/div>\n<\/div>\n<\/div>\n<\/section>\n\n<section class=\"gb-container gb-container-549970f9\">\n<div class=\"gb-container gb-container-9895ff47\">\n<div class=\"gb-grid-wrapper gb-grid-wrapper-e63eead3\">\n<div data-aos=\"fade-right\" class=\"gb-grid-column gb-grid-column-0dab5e91\"><div class=\"gb-container gb-container-0dab5e91\">\n\n<figure class=\"wp-block-image size-full\"><img loading=\"lazy\" decoding=\"async\" width=\"650\" height=\"400\" src=\"https:\/\/www.prologistik.com\/wp-content\/uploads\/wms_650x400.png\" alt=\"\" class=\"wp-image-33159\" srcset=\"https:\/\/www.prologistik.com\/wp-content\/uploads\/wms_650x400.png 650w, https:\/\/www.prologistik.com\/wp-content\/uploads\/wms_650x400-300x185.png 300w, https:\/\/www.prologistik.com\/wp-content\/uploads\/wms_650x400-150x92.png 150w\" sizes=\"auto, (max-width: 650px) 100vw, 650px\" \/><\/figure>\n\n<\/div><\/div>\n\n<div data-aos=\"fade-left\" class=\"gb-grid-column gb-grid-column-5165f57f\"><div class=\"gb-container gb-container-5165f57f\">\n\n<div class=\"wp-block-pixel-headline headlines is-subheadline-top has-text-align-left\"><h2 class=\"headline\" style=\"color:\">pLG WMS &#8211; La solution compl\u00e8te<\/h2><span class=\"subheadline\" style=\"color:var(--color-dodger-blue)\">Int\u00e9grable sans probl\u00e8me &amp; s\u00fbr  <\/span><\/div>\n\n\n\n<p>Avec notre logiciel, l&#8217;accent est mis sur l&#8217;efficacit\u00e9, la pr\u00e9cision et la s\u00e9curit\u00e9, afin que vos processus de stockage soient g\u00e9r\u00e9s de mani\u00e8re optimale. Profitez d&#8217;un contr\u00f4le total sur vos mouvements de stock, d&#8217;une coordination pr\u00e9cise de toutes les op\u00e9rations et de la possibilit\u00e9 de traiter les commandes en temps r\u00e9el. Notre solution s&#8217;int\u00e8gre parfaitement dans votre infrastructure informatique existante et s&#8217;adapte de mani\u00e8re flexible \u00e0 vos exigences individuelles.  <\/p>\n\n\n\n<div class=\"wp-block-buttons is-content-justification-left is-layout-flex wp-container-core-buttons-is-layout-fdcfc74e wp-block-buttons-is-layout-flex\">\n<div class=\"wp-block-button is-style-fill\"><a class=\"wp-block-button__link has-color-blue-background-color has-background wp-element-button\" href=\"https:\/\/www.prologistik.com\/fr\/warehouse-old\/systeme-de-gestion-dentrepot\">En savoir plus<\/a><\/div>\n<\/div>\n\n<\/div><\/div>\n<\/div>\n<\/div>\n<\/section>\n\n<section class=\"gb-container gb-container-454e67cc\">\n<div class=\"gb-container gb-container-88a034b7\">\n\n<div class=\"wp-block-pixel-headline headlines is-subheadline-top has-text-align-left\" data-aos=\"fade-right\"><h2 class=\"headline\" style=\"color:\">Efficacit\u00e9 constante tout au long du processus<\/h2><span class=\"subheadline\" style=\"color:var(--color-blue)\">Parfaitement adapt\u00e9<\/span><\/div>\n\n\n<div class=\"gb-grid-wrapper gb-grid-wrapper-cab37653\">\n<div data-aos=\"fade-up\" class=\"gb-grid-column gb-grid-column-8ac4e5f6\"><div class=\"gb-container gb-container-8ac4e5f6\">\n<div id=\"imagebox-block_0c9452cf6b0341fdbe4ab8799ac3e692\" class=\"imagebox image-top background-color-white\">\n\t    \n    <div class=\"imagebox-content-wrap\">\n\n        <div class=\"imagebox-content\">\n                        <div class=\"imagebox-headline  font-size-big\">\n                Offre &amp; commandes            <\/div>\n                                    <div class=\"imagebox-copytext\">\n                <p>De nombreuses interfaces permettent d&#8217;importer et de traiter automatiquement les commandes et leurs modifications. Le syst\u00e8me de saisie des commandes d\u00e9velopp\u00e9 pour le transport de conteneurs permet d&#8217;\u00e9conomiser du temps et de l&#8217;\u00e9nergie.<\/p>\n            <\/div>\n                    <\/div>\n            <\/div>\n\n<\/div>\n\n<\/div><\/div>\n\n<div data-aos=\"fade-up\" class=\"gb-grid-column gb-grid-column-e9c28092\"><div class=\"gb-container gb-container-e9c28092\">\n<div id=\"imagebox-block_c3973379451775ead6c8fb6343905e5d\" class=\"imagebox image-top background-color-white\">\n\t    \n    <div class=\"imagebox-content-wrap\">\n\n        <div class=\"imagebox-content\">\n                        <div class=\"imagebox-headline  font-size-big\">\n                Gestion            <\/div>\n                                    <div class=\"imagebox-copytext\">\n                <p>L&#8217;utilisation de l&#8217;intelligence artificielle dans la planification des capacit\u00e9s et la gestion vous permet d&#8217;optimiser votre charge de travail ainsi que la planification des tourn\u00e9es et de r\u00e9duire ainsi les kilom\u00e8tres \u00e0 vide, la consommation de carburant et les \u00e9missions de CO2.<\/p>\n            <\/div>\n                    <\/div>\n            <\/div>\n\n<\/div>\n\n<\/div><\/div>\n\n<div data-aos=\"fade-up\" class=\"gb-grid-column gb-grid-column-50c0bb8b\"><div class=\"gb-container gb-container-50c0bb8b\">\n<div id=\"imagebox-block_1f74d451519ada99fb540c9a38381e87\" class=\"imagebox image-top background-color-white\">\n\t    \n    <div class=\"imagebox-content-wrap\">\n\n        <div class=\"imagebox-content\">\n                        <div class=\"imagebox-headline  font-size-big\">\n                Annonce pr\u00e9alable &amp; r\u00e9servation de cr\u00e9neaux d&#8217;horaires            <\/div>\n                                    <div class=\"imagebox-copytext\">\n                <p>Notre syst\u00e8me \u00e9lectronique d&#8217;annonce pr\u00e9alable et de r\u00e9servation automatis\u00e9e des cr\u00e9neaux horaires permet de r\u00e9server les cr\u00e9neaux disponibles de mani\u00e8re autonome. Il affiche le statut actuel de tous les conteneurs en temps r\u00e9el sur le plan de gestion interactif.<\/p>\n            <\/div>\n                    <\/div>\n            <\/div>\n\n<\/div>\n\n<\/div><\/div>\n\n<div data-aos=\"fade-up\" class=\"gb-grid-column gb-grid-column-5029a2dc\"><div class=\"gb-container gb-container-5029a2dc\">\n<div id=\"imagebox-block_afca95a417291fa07e74069480173b94\" class=\"imagebox image-top background-color-white\">\n\t    \n    <div class=\"imagebox-content-wrap\">\n\n        <div class=\"imagebox-content\">\n                        <div class=\"imagebox-headline  font-size-big\">\n                Chauffeur &amp; administration            <\/div>\n                                    <div class=\"imagebox-copytext\">\n                <p>Pour faciliter le travail quotidien des chauffeurs, nous proposons une application pour les chauffeurs dans laquelle sont repr\u00e9sent\u00e9s tous les processus logistiques, de la collecte \u00e0 la livraison des commandes en passant par le transbordement. Gr\u00e2ce \u00e0 de nombreuses fonctions dans le domaine de l&#8217;administration, l&#8217;application all\u00e8ge en outre la charge du back office.<\/p>\n            <\/div>\n                    <\/div>\n            <\/div>\n\n<\/div>\n\n<\/div><\/div>\n\n<div data-aos=\"fade-up\" class=\"gb-grid-column gb-grid-column-2d10b553\"><div class=\"gb-container gb-container-2d10b553\">\n<div id=\"imagebox-block_9cdfec2f060a663895f15fc62524df25\" class=\"imagebox image-top background-color-white\">\n\t    \n    <div class=\"imagebox-content-wrap\">\n\n        <div class=\"imagebox-content\">\n                        <div class=\"imagebox-headline  font-size-big\">\n                Camionnage            <\/div>\n                                    <div class=\"imagebox-copytext\">\n                <p>Les horaires ETA de l&#8217;application du chauffeur assurent des messages de statut en temps r\u00e9el au si\u00e8ge ainsi que des messages Track &amp; Trace automatis\u00e9s. La preuve de livraison num\u00e9rique permet des transports sans papier, une transparence maximale et un traitement plus rapide des factures.<\/p>\n            <\/div>\n                    <\/div>\n            <\/div>\n\n<\/div>\n\n<\/div><\/div>\n\n<div data-aos=\"fade-up\" class=\"gb-grid-column gb-grid-column-2c30f33c\"><div class=\"gb-container gb-container-2c30f33c\">\n<div id=\"imagebox-block_799ae6339be59d51866add4172198b50\" class=\"imagebox image-top background-color-white\">\n\t    \n    <div class=\"imagebox-content-wrap\">\n\n        <div class=\"imagebox-content\">\n                        <div class=\"imagebox-headline  font-size-big\">\n                D\u00e9compte            <\/div>\n                                    <div class=\"imagebox-copytext\">\n                <p>Gr\u00e2ce \u00e0 l&#8217;\u00e9valuation en temps r\u00e9el de toute \u00e9tape du transport, vous avez toujours une vue d&#8217;ensemble des co\u00fbts et des ventes. Les processus automatis\u00e9s et les interfaces avec les prestataires de services impliqu\u00e9s permettent de r\u00e9duire les temps de traitement de mani\u00e8re consid\u00e9rable.<\/p>\n            <\/div>\n                    <\/div>\n            <\/div>\n\n<\/div>\n\n<\/div><\/div>\n<\/div>\n<\/div>\n<\/section>\n\n<section class=\"gb-container gb-container-ae9262fb\">\n<div data-aos=\"fade-up\" class=\"gb-container gb-container-7e7bc3e9\">\n\n<div class=\"wp-block-pixel-headline headlines is-subheadline-top has-text-align-center\"><h3 class=\"headline\" style=\"color:var(--color-white)\">Profitez vous aussi des produits pLG  <\/h3><\/div>\n\n\n\n<p class=\"has-text-align-center has-color-white-color has-text-color has-link-color wp-elements-1cdf1b552d17af844778fd6ba5afb57e\">Nos experts sont \u00e0 votre disposition pour vous conseiller lors d&#8217;un premier rendez-vous sans engagement. Prenez rendez-vous et d\u00e9couvrez nos innovations dans le secteur. Nos consultants en logistique vous rappellent rapidement.<\/p>\n\n\n\n<div class=\"wp-block-buttons is-content-justification-center is-layout-flex wp-container-core-buttons-is-layout-16018d1d wp-block-buttons-is-layout-flex\">\n<div class=\"wp-block-button is-style-fill\"><a class=\"wp-block-button__link has-color-blue-background-color has-background wp-element-button\" href=\"#contact\">Prendre rendez-vous pour une consultation<\/a><\/div>\n<\/div>\n\n<\/div>\n<\/section>\n\n<section class=\"gb-container gb-container-21886657\">\n<div class=\"gb-container gb-container-231c992a\">\n<div class=\"gb-grid-wrapper gb-grid-wrapper-ee078474\">\n<div data-aos=\"fade-right\" class=\"gb-grid-column gb-grid-column-5bb585fa\"><div class=\"gb-container gb-container-5bb585fa\">\n\n<div class=\"wp-block-pixel-headline headlines is-subheadline-top has-text-align-left\"><h2 class=\"headline\" style=\"color:\">Test\u00e9 et approuv\u00e9<\/h2><span class=\"subheadline\" style=\"color:var(--color-green)\">Notre syst\u00e8me de gestion d&#8217;entrep\u00f4t<\/span><\/div>\n\n\n\n<p>En tant que contr\u00f4le de qualit\u00e9 permanent, nous faisons tester chaque ann\u00e9e notre <a href=\"https:\/\/www.prologistik.com\/warehouse\/warehouse-management-system\">syst\u00e8me de gestion d&#8217;entrep\u00f4t<\/a> pLG de mani\u00e8re approfondie par l&#8217;Institut Fraunhofer pour le flux de mat\u00e9riaux et la logistique (IML), qui le valide ensuite. Cela nous permet de nous certifier chaque ann\u00e9e en tant que fournisseur sur le portail Online Warehouse Logistics de l&#8217;IML.<\/p>\n\n<\/div><\/div>\n\n<div data-aos=\"fade-left\" class=\"gb-grid-column gb-grid-column-3da0af17\"><div class=\"gb-container gb-container-3da0af17\">\n\n<figure class=\"wp-block-image size-medium\"><img loading=\"lazy\" decoding=\"async\" width=\"234\" height=\"300\" src=\"https:\/\/www.prologistik.com\/wp-content\/uploads\/Signet_WMS_DE1176x1509-234x300.png\" alt=\"\" class=\"wp-image-26402\" srcset=\"https:\/\/www.prologistik.com\/wp-content\/uploads\/Signet_WMS_DE1176x1509-234x300.png 234w, https:\/\/www.prologistik.com\/wp-content\/uploads\/Signet_WMS_DE1176x1509-798x1024.png 798w, https:\/\/www.prologistik.com\/wp-content\/uploads\/Signet_WMS_DE1176x1509-117x150.png 117w, https:\/\/www.prologistik.com\/wp-content\/uploads\/Signet_WMS_DE1176x1509-768x985.png 768w, https:\/\/www.prologistik.com\/wp-content\/uploads\/Signet_WMS_DE1176x1509.png 1176w\" sizes=\"auto, (max-width: 234px) 100vw, 234px\" \/><\/figure>\n\n<\/div><\/div>\n<\/div>\n<\/div>\n<\/section>\n\n<section class=\"gb-container gb-container-f6f75288\">\n<div class=\"gb-container gb-container-dee251fe\">\n<div class=\"gb-grid-wrapper gb-grid-wrapper-d0952430\">\n<div data-aos=\"fade-right\" class=\"gb-grid-column gb-grid-column-add8f516\"><div class=\"gb-container gb-container-add8f516\">\n\n<div class=\"wp-block-pixel-headline headlines is-subheadline-top has-text-align-left\"><h2 class=\"headline\" style=\"color:\">Nous vous offrons un service global et personnalis\u00e9<\/h2><span class=\"subheadline\" style=\"color:var(--color-green)\">Comment pouvons-nous vous soutenir autrement ?<\/span><\/div>\n\n<\/div><\/div>\n\n<div data-aos=\"fade-up\" class=\"gb-grid-column gb-grid-column-80417ba6\"><div class=\"gb-container gb-container-80417ba6\">\n<div class=\"gb-grid-wrapper gb-grid-wrapper-df6b9135\">\n<div class=\"gb-grid-column gb-grid-column-0b2ce789\"><div class=\"gb-container gb-container-0b2ce789\">\n<div id=\"imagebox-block_68e3318694c2fb3ad5569dca91540d69\" class=\"imagebox image-left background-color-aquamarine\">\n\t<style>#imagebox-block_68e3318694c2fb3ad5569dca91540d69::before {background: var(--); } <\/style>        <div class=\"imagebox-image   with-rounding\" style=\"background: url('https:\/\/www.prologistik.com\/wp-content\/uploads\/prologistik-content-consulting.jpg'); background-repeat: no-repeat; background-size: cover; background-position: center;\"><\/div>\n    \n    <div class=\"imagebox-content-wrap\">\n\n        <div class=\"imagebox-content\">\n                        <div class=\"imagebox-headline  font-size-normal\">\n                Conseil            <\/div>\n                                    <div class=\"imagebox-copytext\">\n                <p>Avec notre conseil en logistique, nous vous soutenons dans tous les d\u00e9fis logistiques, de la bonne strat\u00e9gie \u00e0 la mise en \u0153uvre optimale.<\/p>\n            <\/div>\n                    <\/div>\n                <div class=\"is-layout-flex wp-block-buttons\">\n            <div class=\"wp-block-button is-style-outline\">\n                <a class=\"wp-block-button__link has-color-white-color wp-element-button\" href=\"https:\/\/www.prologistik.com\/fr\/conseil\/conseil\/\" target=\"_self\">\n                    En savoir plus                <\/a>\n            <\/div>\n        <\/div>\n            <\/div>\n\n<\/div>\n\n<\/div><\/div>\n\n<div data-aos=\"fade-up\" class=\"gb-grid-column gb-grid-column-a2018442\"><div class=\"gb-container gb-container-a2018442\">\n<div id=\"imagebox-block_19ea0bc702a2eb67eb6a6053afa60454\" class=\"imagebox image-left background-color-dodger-blue\">\n\t<style>#imagebox-block_19ea0bc702a2eb67eb6a6053afa60454::before {background: var(--); } <\/style>        <div class=\"imagebox-image   with-rounding\" style=\"background: url('https:\/\/www.prologistik.com\/wp-content\/uploads\/prologistik-content-support.jpg'); background-repeat: no-repeat; background-size: cover; background-position: center;\"><\/div>\n    \n    <div class=\"imagebox-content-wrap\">\n\n        <div class=\"imagebox-content\">\n                        <div class=\"imagebox-headline  font-size-normal\">\n                Support            <\/div>\n                                    <div class=\"imagebox-copytext\">\n                <p>Que ce soit pour vos logiciels, votre mat\u00e9riel ou votre System Center. Que ce soit pour des questions, des probl\u00e8mes ou des d\u00e9fauts, nous vous soutenons avec notre support.<\/p>\n            <\/div>\n                    <\/div>\n            <\/div>\n\n<\/div>\n\n<\/div><\/div>\n<\/div>\n<\/div><\/div>\n<\/div>\n<\/div>\n<\/section>\n\n        \n            <!-- contact-form -->\n        \n            \n\t\t<section data-aos=\"fade-right\" id=\"contact\" class=\"gb-container contact-form-wrap\">\n\t\t\t<div class=\"gb-inside-container\">\n\t\t\t\t<div id=\"\" class=\"contact-form layout-off  gb-grid-wrapper\" >\n\t\t\t\t\n\t\t\t\t\t\t\t\t\t\t<div class=\"wp-block-pixel-headline headlines is-subheadline-top has-text-align-left\">\n\t\t\t\t\t\t<h2 class=\"headline\">Des questions, des souhaits ou convenir d&#8217;une visite de r\u00e9f\u00e9rence ?<\/h2>\n\t\t\t\t\t\t<span class=\"subheadline\" style=\"color:var(--color-blue)\">Nous sommes l\u00e0 pour vous.<\/span>\n\t\t\t\t\t\t<p class=\"cf-copytext\">Appelez-nous ou envoyez-nous un message. Nous nous r\u00e9jouissons de vous accueillir.<\/p>\t\t\t\t\t<\/div>\n\t\t\t\t\t\n\t\t\t\t\t\n\n\t\t\t\t\t<div class=\"contact-form-main gb-grid-column\">\n\t\t\t\t\t\t[contact-form-7 id=&#8221;5248&#8243;]\t\t\t\t\t<\/div> \n\t\t\t\t<\/div>\n\t\t\t<\/div>\n\t\t<\/section>\n\t        \n            <!-- end:contact-form -->\n        \n            ","protected":false},"excerpt":{"rendered":"<p>Les transports dans la logistique des conteneurs constituent le lien entre le port maritime, l&#8217;arri\u00e8re-pays et les clients. N\u00e9anmoins, nous sommes confront\u00e9s \u00e0 des d\u00e9fis tels que la gestion des goulets d&#8217;\u00e9tranglement et la n\u00e9cessit\u00e9 de trouver des solutions respectueuses de l&#8217;environnement afin d&#8217;am\u00e9liorer l&#8217;efficacit\u00e9 et de r\u00e9duire l&#8217;impact environnemental. La coordination pr\u00e9cise de toute activit\u00e9s est essentielle dans la logistique des conteneurs, tandis que la flexibilit\u00e9 d&#8217;agir fait \u00e9galement partie des activit\u00e9s quotidiennes. Nos experts sont \u00e0 votre disposition pour vous conseiller lors d&#8217;un premier rendez-vous sans engagement. Prenez rendez-vous et d\u00e9couvrez nos innovations dans le secteur. Nos consultants en logistique vous rappellent rapidement.<\/p>\n","protected":false},"author":258,"featured_media":0,"parent":30056,"menu_order":62,"comment_status":"closed","ping_status":"closed","template":"","meta":{"_acf_changed":false,"footnotes":""},"class_list":["post-29840","page","type-page","status-publish"],"acf":[],"yoast_head":"<!-- This site is optimized with the Yoast SEO Premium plugin v26.9 (Yoast SEO v27.5) - https:\/\/yoast.com\/product\/yoast-seo-premium-wordpress\/ -->\n<title>\ud83d\udea2 Transport en logistique conteneuris\u00e9e | proLogistik Group<\/title>\n<meta name=\"description\" content=\"Solutions de transport sur mesure pour la logistique des conteneurs ! \u2714\ufe0f Relevez vos d\u00e9fis logistiques. \u27a4 En savoir plus ! \u2705\" \/>\n<meta name=\"robots\" content=\"index, nofollow, max-snippet:-1, max-image-preview:large, max-video-preview:-1\" \/>\n<link rel=\"canonical\" href=\"https:\/\/www.prologistik.com\/fr\/conteneur\/\" \/>\n<meta property=\"og:locale\" content=\"fr_FR\" \/>\n<meta property=\"og:type\" content=\"article\" \/>\n<meta property=\"og:title\" content=\"Conteneur\" \/>\n<meta property=\"og:description\" content=\"Solutions de transport sur mesure pour la logistique des conteneurs ! \u2714\ufe0f Relevez vos d\u00e9fis logistiques. \u27a4 En savoir plus ! \u2705\" \/>\n<meta property=\"og:url\" content=\"https:\/\/www.prologistik.com\/fr\/conteneur\/\" \/>\n<meta property=\"og:site_name\" content=\"proLogistik Group\" \/>\n<meta property=\"article:modified_time\" content=\"2025-02-26T14:34:04+00:00\" \/>\n<meta property=\"og:image\" content=\"https:\/\/www.prologistik.com\/wp-content\/uploads\/tablet_active_m-ware-1.png\" \/>\n<meta name=\"twitter:card\" content=\"summary_large_image\" \/>\n<meta name=\"twitter:label1\" content=\"Dur\u00e9e de lecture estim\u00e9e\" \/>\n\t<meta name=\"twitter:data1\" content=\"2 minutes\" \/>\n<script type=\"application\/ld+json\" class=\"yoast-schema-graph\">{\"@context\":\"https:\\\/\\\/schema.org\",\"@graph\":[{\"@type\":\"WebPage\",\"@id\":\"https:\\\/\\\/www.prologistik.com\\\/fr\\\/conteneur\\\/\",\"url\":\"https:\\\/\\\/www.prologistik.com\\\/fr\\\/conteneur\\\/\",\"name\":\"\ud83d\udea2 Transport en logistique conteneuris\u00e9e | proLogistik Group\",\"isPartOf\":{\"@id\":\"https:\\\/\\\/www.prologistik.com\\\/fr\\\/#website\"},\"primaryImageOfPage\":{\"@id\":\"https:\\\/\\\/www.prologistik.com\\\/fr\\\/conteneur\\\/#primaryimage\"},\"image\":{\"@id\":\"https:\\\/\\\/www.prologistik.com\\\/fr\\\/conteneur\\\/#primaryimage\"},\"thumbnailUrl\":\"https:\\\/\\\/www.prologistik.com\\\/wp-content\\\/uploads\\\/tablet_active_m-ware-1.png\",\"datePublished\":\"2024-02-29T09:31:28+00:00\",\"dateModified\":\"2025-02-26T14:34:04+00:00\",\"description\":\"Solutions de transport sur mesure pour la logistique des conteneurs ! \u2714\ufe0f Relevez vos d\u00e9fis logistiques. \u27a4 En savoir plus ! \u2705\",\"breadcrumb\":{\"@id\":\"https:\\\/\\\/www.prologistik.com\\\/fr\\\/conteneur\\\/#breadcrumb\"},\"inLanguage\":\"fr-FR\",\"potentialAction\":[{\"@type\":\"ReadAction\",\"target\":[\"https:\\\/\\\/www.prologistik.com\\\/fr\\\/conteneur\\\/\"]}]},{\"@type\":\"ImageObject\",\"inLanguage\":\"fr-FR\",\"@id\":\"https:\\\/\\\/www.prologistik.com\\\/fr\\\/conteneur\\\/#primaryimage\",\"url\":\"https:\\\/\\\/www.prologistik.com\\\/wp-content\\\/uploads\\\/tablet_active_m-ware-1.png\",\"contentUrl\":\"https:\\\/\\\/www.prologistik.com\\\/wp-content\\\/uploads\\\/tablet_active_m-ware-1.png\"},{\"@type\":\"BreadcrumbList\",\"@id\":\"https:\\\/\\\/www.prologistik.com\\\/fr\\\/conteneur\\\/#breadcrumb\",\"itemListElement\":[{\"@type\":\"ListItem\",\"position\":1,\"name\":\"Startseite\",\"item\":\"https:\\\/\\\/www.prologistik.com\\\/fr\\\/\"},{\"@type\":\"ListItem\",\"position\":2,\"name\":\"Conteneur\"}]},{\"@type\":\"WebSite\",\"@id\":\"https:\\\/\\\/www.prologistik.com\\\/fr\\\/#website\",\"url\":\"https:\\\/\\\/www.prologistik.com\\\/fr\\\/\",\"name\":\"proLogistik Group\",\"description\":\"Software und Hardware f\u00fcr die Intralogistik\",\"publisher\":{\"@id\":\"https:\\\/\\\/www.prologistik.com\\\/fr\\\/#organization\"},\"potentialAction\":[{\"@type\":\"SearchAction\",\"target\":{\"@type\":\"EntryPoint\",\"urlTemplate\":\"https:\\\/\\\/www.prologistik.com\\\/fr\\\/?s={search_term_string}\"},\"query-input\":{\"@type\":\"PropertyValueSpecification\",\"valueRequired\":true,\"valueName\":\"search_term_string\"}}],\"inLanguage\":\"fr-FR\"},{\"@type\":\"Organization\",\"@id\":\"https:\\\/\\\/www.prologistik.com\\\/fr\\\/#organization\",\"name\":\"proLogistik Group\",\"url\":\"https:\\\/\\\/www.prologistik.com\\\/fr\\\/\",\"logo\":{\"@type\":\"ImageObject\",\"inLanguage\":\"fr-FR\",\"@id\":\"https:\\\/\\\/www.prologistik.com\\\/fr\\\/#\\\/schema\\\/logo\\\/image\\\/\",\"url\":\"https:\\\/\\\/www.prologistik.com\\\/wp-content\\\/uploads\\\/prologistik-logo-web.svg\",\"contentUrl\":\"https:\\\/\\\/www.prologistik.com\\\/wp-content\\\/uploads\\\/prologistik-logo-web.svg\",\"width\":320,\"height\":59,\"caption\":\"proLogistik Group\"},\"image\":{\"@id\":\"https:\\\/\\\/www.prologistik.com\\\/fr\\\/#\\\/schema\\\/logo\\\/image\\\/\"}}]}<\/script>\n<!-- \/ Yoast SEO Premium plugin. -->","yoast_head_json":{"title":"\ud83d\udea2 Transport en logistique conteneuris\u00e9e | proLogistik Group","description":"Solutions de transport sur mesure pour la logistique des conteneurs ! \u2714\ufe0f Relevez vos d\u00e9fis logistiques. \u27a4 En savoir plus ! \u2705","robots":{"index":"index","follow":"nofollow","max-snippet":"max-snippet:-1","max-image-preview":"max-image-preview:large","max-video-preview":"max-video-preview:-1"},"canonical":"https:\/\/www.prologistik.com\/fr\/conteneur\/","og_locale":"fr_FR","og_type":"article","og_title":"Conteneur","og_description":"Solutions de transport sur mesure pour la logistique des conteneurs ! \u2714\ufe0f Relevez vos d\u00e9fis logistiques. \u27a4 En savoir plus ! \u2705","og_url":"https:\/\/www.prologistik.com\/fr\/conteneur\/","og_site_name":"proLogistik Group","article_modified_time":"2025-02-26T14:34:04+00:00","og_image":[{"url":"https:\/\/www.prologistik.com\/wp-content\/uploads\/tablet_active_m-ware-1.png","type":"","width":"","height":""}],"twitter_card":"summary_large_image","twitter_misc":{"Dur\u00e9e de lecture estim\u00e9e":"2 minutes"},"schema":{"@context":"https:\/\/schema.org","@graph":[{"@type":"WebPage","@id":"https:\/\/www.prologistik.com\/fr\/conteneur\/","url":"https:\/\/www.prologistik.com\/fr\/conteneur\/","name":"\ud83d\udea2 Transport en logistique conteneuris\u00e9e | proLogistik Group","isPartOf":{"@id":"https:\/\/www.prologistik.com\/fr\/#website"},"primaryImageOfPage":{"@id":"https:\/\/www.prologistik.com\/fr\/conteneur\/#primaryimage"},"image":{"@id":"https:\/\/www.prologistik.com\/fr\/conteneur\/#primaryimage"},"thumbnailUrl":"https:\/\/www.prologistik.com\/wp-content\/uploads\/tablet_active_m-ware-1.png","datePublished":"2024-02-29T09:31:28+00:00","dateModified":"2025-02-26T14:34:04+00:00","description":"Solutions de transport sur mesure pour la logistique des conteneurs ! \u2714\ufe0f Relevez vos d\u00e9fis logistiques. \u27a4 En savoir plus ! \u2705","breadcrumb":{"@id":"https:\/\/www.prologistik.com\/fr\/conteneur\/#breadcrumb"},"inLanguage":"fr-FR","potentialAction":[{"@type":"ReadAction","target":["https:\/\/www.prologistik.com\/fr\/conteneur\/"]}]},{"@type":"ImageObject","inLanguage":"fr-FR","@id":"https:\/\/www.prologistik.com\/fr\/conteneur\/#primaryimage","url":"https:\/\/www.prologistik.com\/wp-content\/uploads\/tablet_active_m-ware-1.png","contentUrl":"https:\/\/www.prologistik.com\/wp-content\/uploads\/tablet_active_m-ware-1.png"},{"@type":"BreadcrumbList","@id":"https:\/\/www.prologistik.com\/fr\/conteneur\/#breadcrumb","itemListElement":[{"@type":"ListItem","position":1,"name":"Startseite","item":"https:\/\/www.prologistik.com\/fr\/"},{"@type":"ListItem","position":2,"name":"Conteneur"}]},{"@type":"WebSite","@id":"https:\/\/www.prologistik.com\/fr\/#website","url":"https:\/\/www.prologistik.com\/fr\/","name":"proLogistik Group","description":"Software und Hardware f\u00fcr die Intralogistik","publisher":{"@id":"https:\/\/www.prologistik.com\/fr\/#organization"},"potentialAction":[{"@type":"SearchAction","target":{"@type":"EntryPoint","urlTemplate":"https:\/\/www.prologistik.com\/fr\/?s={search_term_string}"},"query-input":{"@type":"PropertyValueSpecification","valueRequired":true,"valueName":"search_term_string"}}],"inLanguage":"fr-FR"},{"@type":"Organization","@id":"https:\/\/www.prologistik.com\/fr\/#organization","name":"proLogistik Group","url":"https:\/\/www.prologistik.com\/fr\/","logo":{"@type":"ImageObject","inLanguage":"fr-FR","@id":"https:\/\/www.prologistik.com\/fr\/#\/schema\/logo\/image\/","url":"https:\/\/www.prologistik.com\/wp-content\/uploads\/prologistik-logo-web.svg","contentUrl":"https:\/\/www.prologistik.com\/wp-content\/uploads\/prologistik-logo-web.svg","width":320,"height":59,"caption":"proLogistik Group"},"image":{"@id":"https:\/\/www.prologistik.com\/fr\/#\/schema\/logo\/image\/"}}]}},"_links":{"self":[{"href":"https:\/\/www.prologistik.com\/fr\/wp-json\/wp\/v2\/pages\/29840","targetHints":{"allow":["GET"]}}],"collection":[{"href":"https:\/\/www.prologistik.com\/fr\/wp-json\/wp\/v2\/pages"}],"about":[{"href":"https:\/\/www.prologistik.com\/fr\/wp-json\/wp\/v2\/types\/page"}],"author":[{"embeddable":true,"href":"https:\/\/www.prologistik.com\/fr\/wp-json\/wp\/v2\/users\/258"}],"replies":[{"embeddable":true,"href":"https:\/\/www.prologistik.com\/fr\/wp-json\/wp\/v2\/comments?post=29840"}],"version-history":[{"count":6,"href":"https:\/\/www.prologistik.com\/fr\/wp-json\/wp\/v2\/pages\/29840\/revisions"}],"predecessor-version":[{"id":42107,"href":"https:\/\/www.prologistik.com\/fr\/wp-json\/wp\/v2\/pages\/29840\/revisions\/42107"}],"up":[{"embeddable":true,"href":"https:\/\/www.prologistik.com\/fr\/wp-json\/wp\/v2\/pages\/30056"}],"wp:attachment":[{"href":"https:\/\/www.prologistik.com\/fr\/wp-json\/wp\/v2\/media?parent=29840"}],"curies":[{"name":"wp","href":"https:\/\/api.w.org\/{rel}","templated":true}]}}