{"id":29690,"date":"2022-05-12T11:02:07","date_gmt":"2022-05-12T09:02:07","guid":{"rendered":"https:\/\/prologistik.pixel-tal.de\/a-propos-de-nous\/durabilite-et-engagement"},"modified":"2025-06-27T11:39:41","modified_gmt":"2025-06-27T09:39:41","slug":"durabilite-et-engagement","status":"publish","type":"page","link":"https:\/\/www.prologistik.com\/fr\/a-propos-de-nous\/durabilite-et-engagement\/","title":{"rendered":"Durabilit\u00e9 et engagement"},"content":{"rendered":"        \n            <!-- pagehead -->\n        \n                    \n\t\t\t<div id=\"pagehead-block_d239cb091969c1a5fee7f972ab489efc\" class=\"pagehead size-small\">\n\t\t\t\t\t\t\t<div class=\"pagehead-canvas\">\n\t\t\t\t<div class=\"pagehead-content has-bg-color bg-color-blue\">\n\t\t\t\t\t<div class=\"pagehead-content-inner\">\n\t\t\t\t\t\t<div class=\"pagehead-icon icon-color-white\" data-aos=\"fade-up\" data-aos-delay=\"0\" style=\"mask-image: url(https:\/\/www.prologistik.com\/wp-content\/uploads\/icon-worldwide.svg); -webkit-mask-image: url(https:\/\/www.prologistik.com\/wp-content\/uploads\/icon-worldwide.svg);\"><\/div>\t\t\t\t\t\t<span class=\"pagehead-subheadline\"  data-aos=\"fade-up\" data-aos-delay=\"50\">Une \u00e9vidence pour nous<\/span>\t\t\t\t\t\t<h1 class=\"pagehead-headline\" data-aos=\"fade-up\" data-aos-delay=\"100\">Durabilit\u00e9 et engagement social<\/h1>\t\t\t\t\t\t\t\t\t\t\t<\/div>\n\t\t\t\t<\/div>\n\t\t\t<\/div>\n\t\t\t\n\t\t\t\t<div class=\"pagehead-background\">\n\t\t\t\t<!-- image_id: 33303 | alt:  -->\t\t\t\t\t\t\t\t\t<img decoding=\"async\" class=\"test\" src=\"https:\/\/www.prologistik.com\/wp-content\/uploads\/pagehead-nachhaltigkeit.jpg\" alt=\"\" \/>\n\t\t\t\t\n\t\t\t\t<\/div>\n\t\t\t<\/div>\n        \n                    \n            <!-- end:pagehead -->\n        \n            \n\n<section class=\"gb-container gb-container-3e0f86b8 gb-container-no-padding-bottom\">\n<div class=\"gb-container gb-container-6a981c1a\">\n<div class=\"gb-grid-wrapper gb-grid-wrapper-55f41e6b\">\n<div class=\"gb-grid-column gb-grid-column-73c6fb13\"><div class=\"gb-container gb-container-73c6fb13\">\n\n<div class=\"wp-block-pixel-headline headlines is-subheadline-top has-text-align-left\"><h2 class=\"headline\" style=\"color:\">Nous prenons nos responsabilit\u00e9s<\/h2><span class=\"subheadline\" style=\"color:var(--color-blue)\">Durabilit\u00e9 et engagement social &#8211;<\/span><\/div>\n\n\n\n<p>La durabilit\u00e9 a de nombreuses facettes &#8211; et elles ne concernent pas seulement l&#8217;environnement! En effet, si l&#8217;on y regarde de plus pr\u00e8s, la d\u00e9finition de la durabilit\u00e9 comprend aussi bien l&#8217;utilisation respectueuse des ressources que la justice sociale. Et c&#8217;est pourquoi le groupe proLogistik s&#8217;engage pleinement dans ces deux domaines.<\/p>\n\n<\/div><\/div>\n<\/div>\n<\/div>\n<\/section>\n\n<section class=\"gb-container gb-container-8509456a\">\n<div data-aos=\"fade-left\" class=\"gb-container gb-container-75c69d12\">\n<div class=\"gb-grid-wrapper gb-grid-wrapper-1c74ba29\">\n<div class=\"gb-grid-column gb-grid-column-04f5af0d\"><div class=\"gb-container gb-container-04f5af0d\">\n    <div id=\"gradientbox-block_9e27fe736047da6da53577acffe33485\" class=\"gradientbox transparentbackground-blue\">\n        <div class=\"gradientbox-content-wrap\">\n                        <div class=\"wp-block-pixel-headline headlines is-subheadline-top has-text-align-left\">\n                <h3 class=\"headline\" style=\"color:var(--color-white)\">La durabilit\u00e9 est notre priorit\u00e9  <\/h3>\n                                <span class=\"subheadline\" style=\"color:var(--color-white)\">Le groupe proLogistik<\/span>\n                            <\/div>\n                        <div class=\"gradientbox-column-wrap\">\n\n                                <div class=\"gradientbox-column\">\n                    <div class=\"gradientbox-text-wrap\">\n                                                                        <p>\u00c0 notre avis : En tant qu&#8217;entreprise, nous avons une responsabilit\u00e9 : vis-\u00e0-vis des clients, vis-\u00e0-vis des collaborateurs et collaboratrices et vis-\u00e0-vis de l&#8217;environnement. C&#8217;est pourquoi, pour nous, une r\u00e9ussite de long terme n&#8217;est possible que si elle va de pair avec des aspects \u00e9cologiques et sociaux.<\/p>\n<p>Par cons\u00e9quent, au sein du groupe proLogistik, nous avons d\u00e9fini des th\u00e8mes de durabilit\u00e9 sur lesquels nous sommes ax\u00e9s &#8211; et que nous optimisons en continu.<\/p>\n                                            <\/div>\n                                    <\/div>\n                \n            <\/div>\n        <\/div> \n    <\/div>\n    \n<\/div><\/div>\n<\/div>\n<\/div>\n<\/section>\n\n<section class=\"gb-container gb-container-9135d027\">\n<div class=\"gb-container gb-container-a9a181e0\">\n<div class=\"gb-grid-wrapper gb-grid-wrapper-73a11ac6\">\n<div class=\"gb-grid-column gb-grid-column-2cabcc66\"><div class=\"gb-container gb-container-2cabcc66\">\n\n<div class=\"wp-block-pixel-headline headlines is-subheadline-top has-text-align-center\"><h2 class=\"headline\" style=\"color:\">Les sujets de durabilit\u00e9 du groupe proLogistik<\/h2><span class=\"subheadline\" style=\"color:\">NOUS NOUS ENGAGEONS dans de nombreux domaines<\/span><\/div>\n\n<\/div><\/div>\n\n<div data-aos=\"fade-right\" class=\"gb-grid-column gb-grid-column-16b8de68\"><div class=\"gb-container gb-container-16b8de68\"><div class=\"gb-inside-container\">\n    <div id=\"iconbox-block_e0ee897d7ed6a724fb972e3f397fd5bc\" class=\"iconbox layout-column style-fancy icon-has-color\">\n        <div class=\"iconbox-content-wrap\">\n            <div class=\"iconbox-headline-wrap color-dark-cyan\">\n                <div class=\"iconbox-icon-wrap\">\n                                        <div class=\"iconbox-icon\" style=\"mask-image:url('https:\/\/www.prologistik.com\/wp-content\/uploads\/icon-worldwide.svg');-webkit-mask-image: url('https:\/\/www.prologistik.com\/wp-content\/uploads\/icon-worldwide.svg);\">\n                    <\/div>\n                                    <\/div>\n                <div class=\"iconbox-headline\">\n                    Protection de l&#8217;environnement et du climat                <\/div>\n            <\/div>\n                        <div class=\"iconbox-copytext\">\n                <ul>\n<li>\u00c9missions de gaz \u00e0 effet de serre<\/li>\n<li>Consommation d&#8217;\u00e9nergie, \u00e9nergies renouvelables<\/li>\n<li>D\u00e9chets et recyclage<\/li>\n<li>Mat\u00e9riaux utilis\u00e9s<\/li>\n<li>Eaux us\u00e9es<\/li>\n<\/ul>\n                            <\/div>\n                    <\/div> \n    <\/div>\n    \n<\/div><\/div><\/div>\n\n<div data-aos=\"fade-up\" class=\"gb-grid-column gb-grid-column-75e15ea8\"><div class=\"gb-container gb-container-75e15ea8\"><div class=\"gb-inside-container\">\n    <div id=\"iconbox-block_d09d8c7e5de145b9d7573332ad37fb96\" class=\"iconbox layout-column style-fancy icon-has-color\">\n        <div class=\"iconbox-content-wrap\">\n            <div class=\"iconbox-headline-wrap color-aquamarine\">\n                <div class=\"iconbox-icon-wrap\">\n                                        <div class=\"iconbox-icon\" style=\"mask-image:url('https:\/\/www.prologistik.com\/wp-content\/uploads\/icon-business.svg');-webkit-mask-image: url('https:\/\/www.prologistik.com\/wp-content\/uploads\/icon-business.svg);\">\n                    <\/div>\n                                    <\/div>\n                <div class=\"iconbox-headline\">\n                    \u00c9thique des affaires                <\/div>\n            <\/div>\n                        <div class=\"iconbox-copytext\">\n                <ul>\n<li>Droits de l&#8217;homme<\/li>\n<li>Conformit\u00e9, lutte contre la corruption<\/li>\n<li>Protection des donn\u00e9es et s\u00e9curit\u00e9 informatique<\/li>\n<li>Satisfaction du client et responsabilit\u00e9 vis-\u00e0-vis des produits<\/li>\n<\/ul>\n                            <\/div>\n                    <\/div> \n    <\/div>\n    \n<\/div><\/div><\/div>\n\n<div data-aos=\"fade-left\" class=\"gb-grid-column gb-grid-column-ccfc6331\"><div class=\"gb-container gb-container-ccfc6331\"><div class=\"gb-inside-container\">\n    <div id=\"iconbox-block_3d8b9b6192b857050c5ae563cef68176\" class=\"iconbox layout-column style-fancy icon-has-color\">\n        <div class=\"iconbox-content-wrap\">\n            <div class=\"iconbox-headline-wrap color-sea-green\">\n                <div class=\"iconbox-icon-wrap\">\n                                        <div class=\"iconbox-icon\" style=\"mask-image:url('https:\/\/www.prologistik.com\/wp-content\/uploads\/icon-social.svg');-webkit-mask-image: url('https:\/\/www.prologistik.com\/wp-content\/uploads\/icon-social.svg);\">\n                    <\/div>\n                                    <\/div>\n                <div class=\"iconbox-headline\">\n                    Responsabilit\u00e9 sociale                  <\/div>\n            <\/div>\n                        <div class=\"iconbox-copytext\">\n                <ul>\n<li>Satisfaction des employ\u00e9s<\/li>\n<li>S\u00e9curit\u00e9 au travail et protection de la sant\u00e9<\/li>\n<li>Diversit\u00e9 et \u00e9galit\u00e9 des chances<\/li>\n<li>Promotion et d\u00e9veloppement des employ\u00e9s<\/li>\n<li>Responsabilit\u00e9 sociale<\/li>\n<\/ul>\n                            <\/div>\n                    <\/div> \n    <\/div>\n    \n<\/div><\/div><\/div>\n<\/div>\n<\/div>\n<\/section>\n\n<section class=\"gb-container gb-container-2ebe0aac\">\n<div class=\"gb-container gb-container-0cbdad25\">\n<div class=\"gb-grid-wrapper gb-grid-wrapper-e33dac82\">\n<div class=\"gb-grid-column gb-grid-column-7618463f\"><div class=\"gb-container gb-container-7618463f\">\n\n<div class=\"wp-block-pixel-headline headlines is-subheadline-top has-text-align-left\"><h2 class=\"headline\" style=\"color:\">Les actions de d\u00e9veloppement durable de proLogistik<\/h2><span class=\"subheadline\" style=\"color:var(--color-green)\">Un engagement total<\/span><\/div>\n\n\n\n<p>Nous accordons une grande importance au sujet de la durabilit\u00e9. Cela signifie que nous nous engageons d&#8217;ores et d\u00e9j\u00e0 dans de nombreux domaines  afin de r\u00e9pondre aux exigences impos\u00e9es par nous-m\u00eame.<\/p>\n\n<\/div><\/div>\n<\/div>\n<\/div>\n<\/section>\n\n<section class=\"gb-container gb-container-a523ea25\">\n<div class=\"gb-container gb-container-5ab055a8\">\n<div class=\"gb-grid-wrapper gb-grid-wrapper-a7b28063 gb-grid-wrapper-space-between\">\n<div data-aos=\"fade-right\" class=\"gb-grid-column gb-grid-column-cbbc43ad\"><div class=\"gb-container gb-container-cbbc43ad\">\n\n<figure class=\"wp-block-image size-full is-style-fancy is-style-fancy-bottom is-style-cube-bottom-right-back\"><img loading=\"lazy\" decoding=\"async\" width=\"800\" height=\"670\" src=\"https:\/\/www.prologistik.com\/wp-content\/uploads\/nachhaltigkeit-e-mobilitaet.jpg\" alt=\"\" class=\"wp-image-1068\" srcset=\"https:\/\/www.prologistik.com\/wp-content\/uploads\/nachhaltigkeit-e-mobilitaet.jpg 800w, https:\/\/www.prologistik.com\/wp-content\/uploads\/nachhaltigkeit-e-mobilitaet-300x251.jpg 300w, https:\/\/www.prologistik.com\/wp-content\/uploads\/nachhaltigkeit-e-mobilitaet-150x126.jpg 150w, https:\/\/www.prologistik.com\/wp-content\/uploads\/nachhaltigkeit-e-mobilitaet-768x643.jpg 768w\" sizes=\"auto, (max-width: 800px) 100vw, 800px\" \/><\/figure>\n\n<\/div><\/div>\n\n<div class=\"gb-grid-column gb-grid-column-ec4393ed\"><div class=\"gb-container gb-container-ec4393ed\">\n\n<div class=\"wp-block-pixel-headline headlines is-subheadline-top has-text-align-left\"><h2 class=\"headline\" style=\"color:\">Parc de voitures \u00e9lectriques et hybrides<\/h2><\/div>\n\n\n\n<p>Pour les d\u00e9placements, nos collaborateurs utilisent des moyens plus \u00e9cologiques. L&#8217;ensemble de notre parc automobile est compos\u00e9 exclusivement de voitures \u00e9lectriques et de v\u00e9hicules hybrides &#8211; ce qui nous a permis de r\u00e9duire fortement les \u00e9missions de CO\u2082 de notre flotte.<\/p>\n\n<\/div><\/div>\n<\/div>\n<\/div>\n<\/section>\n\n<section class=\"gb-container gb-container-0b1986ec\">\n<div class=\"gb-container gb-container-c311ba58\">\n<div class=\"gb-grid-wrapper gb-grid-wrapper-3e1d1a68 gb-grid-wrapper-space-between\">\n<div class=\"gb-grid-column gb-grid-column-fa926bea\"><div class=\"gb-container gb-container-fa926bea\">\n\n<div class=\"wp-block-pixel-headline headlines is-subheadline-top has-text-align-left\"><h2 class=\"headline\" style=\"color:\">55 stations de recharge<\/h2><\/div>\n\n\n\n<p>Nous sommes heureux d&#8217;accueillir tous les automobilistes qui roulent en voiture \u00e9lectrique ou hybride, qu&#8217;ils travaillent chez nous ou qu&#8217;ils nous rendent visite en tant que client. C&#8217;est pourquoi nous avons install\u00e9 un total de 55 stations de recharge sur nos sites de Dortmund et Pinneberg, o\u00f9 il est possible de recharger gratuitement sa batterie.<\/p>\n\n<\/div><\/div>\n\n<div data-aos=\"fade-left\" class=\"gb-grid-column gb-grid-column-91bfc2d4\"><div class=\"gb-container gb-container-91bfc2d4\">\n\n<figure class=\"wp-block-image size-full is-style-fancy-top is-style-cube-top-right-back\"><img loading=\"lazy\" decoding=\"async\" width=\"800\" height=\"670\" src=\"https:\/\/www.prologistik.com\/wp-content\/uploads\/nachhaltigkeit-ladestationen.jpg\" alt=\"\" class=\"wp-image-1082\" srcset=\"https:\/\/www.prologistik.com\/wp-content\/uploads\/nachhaltigkeit-ladestationen.jpg 800w, https:\/\/www.prologistik.com\/wp-content\/uploads\/nachhaltigkeit-ladestationen-300x251.jpg 300w, https:\/\/www.prologistik.com\/wp-content\/uploads\/nachhaltigkeit-ladestationen-150x126.jpg 150w, https:\/\/www.prologistik.com\/wp-content\/uploads\/nachhaltigkeit-ladestationen-768x643.jpg 768w\" sizes=\"auto, (max-width: 800px) 100vw, 800px\" \/><\/figure>\n\n<\/div><\/div>\n<\/div>\n<\/div>\n<\/section>\n\n<section class=\"gb-container gb-container-e5f76c79\">\n<div class=\"gb-container gb-container-4817738c\">\n<div class=\"gb-grid-wrapper gb-grid-wrapper-09fd402a\">\n<div class=\"gb-grid-column gb-grid-column-cdb2ffce\"><div class=\"gb-container gb-container-cdb2ffce\">\n\n<div class=\"wp-block-pixel-headline headlines is-subheadline-top has-text-align-left\"><h2 class=\"headline\" style=\"color:var(--color-white)\">Leasing de v\u00e9los \u00e9lectriques<\/h2><\/div>\n\n\n\n<p class=\"has-color-white-color has-text-color\">Avec notre leasing de v\u00e9los \u00e9lectriques, nous soutenons tous nos collaborateurs qui aiment se rendre au travail sur deux roues. Car c&#8217;est bon pour l&#8217;environnement et pour la sant\u00e9 : on se maintient en forme sur le chemin du travail et apr\u00e8s le travail, les jambes fatigu\u00e9es sont r\u00e9activ\u00e9es. Et les v\u00e9los peuvent bien s\u00fbr \u00eatre utilis\u00e9s dans les loisirs.<\/p>\n\n<\/div><\/div>\n<\/div>\n<\/div>\n<\/section>\n\n<section class=\"gb-container gb-container-f591c360\">\n<div class=\"gb-container gb-container-f07ec999\">\n<div class=\"gb-grid-wrapper gb-grid-wrapper-0fadd6ae gb-grid-wrapper-space-between\">\n<div data-aos=\"fade-right\" class=\"gb-grid-column gb-grid-column-4d19334b\"><div class=\"gb-container gb-container-4d19334b\">\n\n<figure class=\"wp-block-image size-full is-style-fancy-bottom is-style-cube-bottom-right-back\"><img loading=\"lazy\" decoding=\"async\" width=\"800\" height=\"670\" src=\"https:\/\/www.prologistik.com\/wp-content\/uploads\/nachhaltigkeit-trinkwasser.jpg\" alt=\"\" class=\"wp-image-1085\" srcset=\"https:\/\/www.prologistik.com\/wp-content\/uploads\/nachhaltigkeit-trinkwasser.jpg 800w, https:\/\/www.prologistik.com\/wp-content\/uploads\/nachhaltigkeit-trinkwasser-300x251.jpg 300w, https:\/\/www.prologistik.com\/wp-content\/uploads\/nachhaltigkeit-trinkwasser-150x126.jpg 150w, https:\/\/www.prologistik.com\/wp-content\/uploads\/nachhaltigkeit-trinkwasser-768x643.jpg 768w\" sizes=\"auto, (max-width: 800px) 100vw, 800px\" \/><\/figure>\n\n<\/div><\/div>\n\n<div class=\"gb-grid-column gb-grid-column-126b80cd\"><div class=\"gb-container gb-container-126b80cd\">\n\n<div class=\"wp-block-pixel-headline headlines is-subheadline-top has-text-align-left\"><h2 class=\"headline\" style=\"color:\">Syst\u00e8me de filtration BestWater pour l&#8217;eau potable<\/h2><\/div>\n\n\n\n<p>Le nom l&#8217;indique : avec les installations de filtrage BestWater, nous offrons \u00e0 nos collaborateurs la meilleure eau potable et la plus pure. Gr\u00e2ce \u00e0 un syst\u00e8me sophistiqu\u00e9 d&#8217;osmose inverse, de l&#8217;eau pure coule directement du robinet et nous contribuons ainsi activement \u00e0 la protection de l&#8217;environnement. Gr\u00e2ce \u00e0 la faible duret\u00e9 de l&#8217;eau produite par BestWater, nous utilisons moins de produits de nettoyage, pouvons nous passer d&#8217;adoucisseurs d&#8217;eau, produisons moins de d\u00e9chets de bouteilles en PET et r\u00e9duisons le transport d&#8217;eau min\u00e9rale.<\/p>\n\n<\/div><\/div>\n<\/div>\n<\/div>\n<\/section>\n\n<section class=\"gb-container gb-container-7a0a54d9\">\n<div class=\"gb-container gb-container-7116a9c8\">\n<div class=\"gb-grid-wrapper gb-grid-wrapper-3b376e91 gb-grid-wrapper-space-between\">\n<div class=\"gb-grid-column gb-grid-column-841ffa64\"><div class=\"gb-container gb-container-841ffa64\">\n\n<div class=\"wp-block-pixel-headline headlines is-subheadline-top has-text-align-left\"><h2 class=\"headline\" style=\"color:\">Fairphone<\/h2><\/div>\n\n\n\n<p>La protection de l&#8217;environnement est entre nos mains &#8211; et dans ce cas au sens propre du terme. En effet, nous n&#8217;utilisons que des t\u00e9l\u00e9phones portables durables, \u00e9quip\u00e9s de batteries particuli\u00e8rement endurantes. Et en cas de lacunes, ils sont r\u00e9par\u00e9s au lieu d&#8217;acheter des appareils neufs.<\/p>\n\n<\/div><\/div>\n\n<div data-aos=\"fade-left\" class=\"gb-grid-column gb-grid-column-52655e5d\"><div class=\"gb-container gb-container-52655e5d\">\n\n<figure class=\"wp-block-image size-full is-style-fancy-top is-style-cube-top-right-back\"><img loading=\"lazy\" decoding=\"async\" width=\"800\" height=\"670\" src=\"https:\/\/www.prologistik.com\/wp-content\/uploads\/nachhaltigkeit-fairphone.jpg\" alt=\"\" class=\"wp-image-1087\" srcset=\"https:\/\/www.prologistik.com\/wp-content\/uploads\/nachhaltigkeit-fairphone.jpg 800w, https:\/\/www.prologistik.com\/wp-content\/uploads\/nachhaltigkeit-fairphone-300x251.jpg 300w, https:\/\/www.prologistik.com\/wp-content\/uploads\/nachhaltigkeit-fairphone-150x126.jpg 150w, https:\/\/www.prologistik.com\/wp-content\/uploads\/nachhaltigkeit-fairphone-768x643.jpg 768w\" sizes=\"auto, (max-width: 800px) 100vw, 800px\" \/><\/figure>\n\n<\/div><\/div>\n<\/div>\n<\/div>\n<\/section>\n\n<section class=\"gb-container gb-container-0f85d53b\">\n<div class=\"gb-container gb-container-27629d5e\">\n<div class=\"gb-grid-wrapper gb-grid-wrapper-5a3bbf49\">\n<div class=\"gb-grid-column gb-grid-column-89b42f16\"><div class=\"gb-container gb-container-89b42f16\">\n    <div id=\"gradientbox-block_99970675a5fca3ba4d9750bd7db96b02\" class=\"gradientbox transparentbackground-blue\">\n        <div class=\"gradientbox-content-wrap\">\n                        <div class=\"wp-block-pixel-headline headlines is-subheadline-top has-text-align-left\">\n                <h3 class=\"headline\" style=\"color:var(--color-white)\">Un toit vert<\/h3>\n                            <\/div>\n                        <div class=\"gradientbox-column-wrap\">\n\n                                <div class=\"gradientbox-column\">\n                    <div class=\"gradientbox-text-wrap\">\n                                                                        <p>Le toit v\u00e9g\u00e9talis\u00e9 au-dessus de l&#8217;entr\u00e9e de notre entrep\u00f4t offre un habitat important aux plantes et \u00e0 de nombreux organismes vivants tels que les abeilles et les abeilles sauvages, les col\u00e9opt\u00e8res, les papillons et les fourmis.<\/p>\n<p>D&#8217;ailleurs, un effet positif sur le climat int\u00e9rieur des pi\u00e8ces situ\u00e9es en dessous est cr\u00e9\u00e9. En \u00e9t\u00e9, l&#8217;\u00e9vaporation des plantes contribue au rafra\u00eechissement. Et en hiver, le toit vert sert d&#8217;isolant thermique et permet d&#8217;\u00e9conomiser des frais d&#8217;\u00e9nergie tout en pr\u00e9servant l&#8217;environnement.<\/p>\n                                            <\/div>\n                                    <\/div>\n                \n            <\/div>\n        <\/div> \n    <\/div>\n    \n<\/div><\/div>\n<\/div>\n<\/div>\n<\/section>\n\n<section class=\"gb-container gb-container-2a2d2b1f\">\n<div class=\"gb-container gb-container-d834233e\">\n<div class=\"gb-grid-wrapper gb-grid-wrapper-a72d10a8\">\n<div class=\"gb-grid-column gb-grid-column-b627b77e\"><div class=\"gb-container gb-container-b627b77e\">\n\n<div class=\"wp-block-pixel-headline headlines is-subheadline-top has-text-align-left\"><h2 class=\"headline\" style=\"color:var(--color-white)\">L&#8217;installation photovolta\u00efque<\/h2><\/div>\n\n\n\n<p class=\"has-color-white-color has-text-color\">Avec notre installation photovolta\u00efque, nous apportons une contribution importante \u00e0 la protection du climat, non seulement en pr\u00e9servant les ressources existantes mais aussi en r\u00e9duisant nos \u00e9missions de CO\u2082.<\/p>\n\n<\/div><\/div>\n<\/div>\n<\/div>\n<\/section>\n\n<section class=\"gb-container gb-container-7b37ead0 gb-container-no-padding-bottom\">\n<div class=\"gb-container gb-container-c2538516\">\n<div class=\"gb-grid-wrapper gb-grid-wrapper-d5648861\">\n<div class=\"gb-grid-column gb-grid-column-83d5eabe\"><div class=\"gb-container gb-container-83d5eabe\">\n\n<div class=\"wp-block-pixel-headline headlines is-subheadline-top has-text-align-left\"><h2 class=\"headline\" style=\"color:\">Engagement social<\/h2><span class=\"subheadline\" style=\"color:var(--color-blue)\">POUR L&#8217;AVENIR DE NOUS TOUS<\/span><\/div>\n\n\n\n<p>En tant qu&#8217;entreprise prosp\u00e8re, depuis des ann\u00e9es il va de soi que nous ne soutenons pas que nos collaborateurs. Nous assumons \u00e9galement notre responsabilit\u00e9 sociale en nous engageant r\u00e9guli\u00e8rement (et surtout avec plaisir) dans des projets sociaux. <\/p>\n\n<\/div><\/div>\n<\/div>\n<\/div>\n<\/section>\n\n<section class=\"gb-container gb-container-f7a7c6b5\">\n<div class=\"gb-container gb-container-03ee697a\">\n<div class=\"gb-grid-wrapper gb-grid-wrapper-357e61f4 gb-grid-wrapper-space-between\">\n<div class=\"gb-grid-column gb-grid-column-e4ec813b\"><div class=\"gb-container gb-container-e4ec813b\">\n\n<div class=\"wp-block-pixel-headline headlines is-subheadline-top has-text-align-left\"><h2 class=\"headline\" style=\"color:\">Guilde de reconstruction d&#8217;Heilbronn<\/h2><\/div>\n\n\n\n<p>Le travail de la Aufbaugilde (guilde de reconstruction) se pr\u00e9sente de mani\u00e8re tr\u00e8s vari\u00e9. Outre de nombreux projets dans le domaine de l&#8217;aide aux sans-abri, la Aufbaugilde propose un magasin d&#8217;articles d&#8217;occasion, une aide pour les liquidations de m\u00e9nages, une offre vari\u00e9e de \u00ab\u00a0tout pour la maison\u00a0\u00bb, des formations professionnelles dans diff\u00e9rents m\u00e9tiers et, \u00e0 l&#8217;\u00e9cole Susanne Finkbeiner, la possibilit\u00e9 d&#8217;obtenir un dipl\u00f4me de fin d&#8217;\u00e9tudes qui permet aux personnes de trouver une voie d&#8217;acc\u00e8s ou de retour dans le monde du travail.<\/p>\n\n\n\n<p>Le travail d&#8217;utilit\u00e9 publique et la certitude que le don arrive \u00e0 l&#8217;endroit pr\u00e9vu font de la Aufbaugilde Heilbronn un projet fantastique que nous sommes heureux de soutenir par un don annuel.<\/p>\n\n<\/div><\/div>\n\n<div data-aos=\"fade-left\" class=\"gb-grid-column gb-grid-column-8df35059\"><div class=\"gb-container gb-container-8df35059\">\n\n<figure class=\"wp-block-image size-full is-style-fancy-top is-style-cube-bottom-right-back\"><img loading=\"lazy\" decoding=\"async\" width=\"800\" height=\"670\" src=\"https:\/\/www.prologistik.com\/wp-content\/uploads\/nachhaltigkeit-engagement.jpg\" alt=\"\" class=\"wp-image-1089\" srcset=\"https:\/\/www.prologistik.com\/wp-content\/uploads\/nachhaltigkeit-engagement.jpg 800w, https:\/\/www.prologistik.com\/wp-content\/uploads\/nachhaltigkeit-engagement-300x251.jpg 300w, https:\/\/www.prologistik.com\/wp-content\/uploads\/nachhaltigkeit-engagement-150x126.jpg 150w, https:\/\/www.prologistik.com\/wp-content\/uploads\/nachhaltigkeit-engagement-768x643.jpg 768w\" sizes=\"auto, (max-width: 800px) 100vw, 800px\" \/><\/figure>\n\n<\/div><\/div>\n<\/div>\n<\/div>\n<\/section>","protected":false},"excerpt":{"rendered":"","protected":false},"author":1,"featured_media":0,"parent":29588,"menu_order":2,"comment_status":"closed","ping_status":"closed","template":"","meta":{"_acf_changed":false,"footnotes":""},"class_list":["post-29690","page","type-page","status-publish"],"acf":[],"yoast_head":"<!-- This site is optimized with the Yoast SEO Premium plugin v26.9 (Yoast SEO v27.5) - https:\/\/yoast.com\/product\/yoast-seo-premium-wordpress\/ -->\n<title>Durabilit\u00e9 et engagement - proLogistik Group<\/title>\n<meta name=\"description\" content=\"Parc de voitures \u00e9lectriques et hybrides \u2714\ufe0f 55 stations de recharge \u2714\ufe0f Location de v\u00e9los \u00e9lectriques \u2714\ufe0f Installation de filtrage pour l&#039;eau potable \u2714\ufe0f Fairphone \u2714\ufe0f Toit vert \u2714\ufe0f Photovolta\u00efque \u2714\ufe0f\" \/>\n<meta name=\"robots\" content=\"index, follow, max-snippet:-1, max-image-preview:large, max-video-preview:-1\" \/>\n<link rel=\"canonical\" href=\"https:\/\/www.prologistik.com\/fr\/a-propos-de-nous\/durabilite-et-engagement\/\" \/>\n<meta property=\"og:locale\" content=\"fr_FR\" \/>\n<meta property=\"og:type\" content=\"article\" \/>\n<meta property=\"og:title\" content=\"Durabilit\u00e9 et engagement\" \/>\n<meta property=\"og:description\" content=\"Parc de voitures \u00e9lectriques et hybrides \u2714\ufe0f 55 stations de recharge \u2714\ufe0f Location de v\u00e9los \u00e9lectriques \u2714\ufe0f Installation de filtrage pour l&#039;eau potable \u2714\ufe0f Fairphone \u2714\ufe0f Toit vert \u2714\ufe0f Photovolta\u00efque \u2714\ufe0f\" \/>\n<meta property=\"og:url\" content=\"https:\/\/www.prologistik.com\/fr\/a-propos-de-nous\/durabilite-et-engagement\/\" \/>\n<meta property=\"og:site_name\" content=\"proLogistik Group\" \/>\n<meta property=\"article:modified_time\" content=\"2025-06-27T09:39:41+00:00\" \/>\n<meta property=\"og:image\" content=\"https:\/\/www.prologistik.com\/wp-content\/uploads\/nachhaltigkeit-e-mobilitaet.jpg\" \/>\n<meta name=\"twitter:card\" content=\"summary_large_image\" \/>\n<meta name=\"twitter:label1\" content=\"Dur\u00e9e de lecture estim\u00e9e\" \/>\n\t<meta name=\"twitter:data1\" content=\"3 minutes\" \/>\n<script type=\"application\/ld+json\" class=\"yoast-schema-graph\">{\"@context\":\"https:\\\/\\\/schema.org\",\"@graph\":[{\"@type\":\"WebPage\",\"@id\":\"https:\\\/\\\/www.prologistik.com\\\/fr\\\/a-propos-de-nous\\\/durabilite-et-engagement\\\/\",\"url\":\"https:\\\/\\\/www.prologistik.com\\\/fr\\\/a-propos-de-nous\\\/durabilite-et-engagement\\\/\",\"name\":\"Durabilit\u00e9 et engagement - proLogistik Group\",\"isPartOf\":{\"@id\":\"https:\\\/\\\/www.prologistik.com\\\/fr\\\/#website\"},\"primaryImageOfPage\":{\"@id\":\"https:\\\/\\\/www.prologistik.com\\\/fr\\\/a-propos-de-nous\\\/durabilite-et-engagement\\\/#primaryimage\"},\"image\":{\"@id\":\"https:\\\/\\\/www.prologistik.com\\\/fr\\\/a-propos-de-nous\\\/durabilite-et-engagement\\\/#primaryimage\"},\"thumbnailUrl\":\"https:\\\/\\\/www.prologistik.com\\\/wp-content\\\/uploads\\\/nachhaltigkeit-e-mobilitaet.jpg\",\"datePublished\":\"2022-05-12T09:02:07+00:00\",\"dateModified\":\"2025-06-27T09:39:41+00:00\",\"description\":\"Parc de voitures \u00e9lectriques et hybrides \u2714\ufe0f 55 stations de recharge \u2714\ufe0f Location de v\u00e9los \u00e9lectriques \u2714\ufe0f Installation de filtrage pour l'eau potable \u2714\ufe0f Fairphone \u2714\ufe0f Toit vert \u2714\ufe0f Photovolta\u00efque \u2714\ufe0f\",\"breadcrumb\":{\"@id\":\"https:\\\/\\\/www.prologistik.com\\\/fr\\\/a-propos-de-nous\\\/durabilite-et-engagement\\\/#breadcrumb\"},\"inLanguage\":\"fr-FR\",\"potentialAction\":[{\"@type\":\"ReadAction\",\"target\":[\"https:\\\/\\\/www.prologistik.com\\\/fr\\\/a-propos-de-nous\\\/durabilite-et-engagement\\\/\"]}]},{\"@type\":\"ImageObject\",\"inLanguage\":\"fr-FR\",\"@id\":\"https:\\\/\\\/www.prologistik.com\\\/fr\\\/a-propos-de-nous\\\/durabilite-et-engagement\\\/#primaryimage\",\"url\":\"https:\\\/\\\/www.prologistik.com\\\/wp-content\\\/uploads\\\/nachhaltigkeit-e-mobilitaet.jpg\",\"contentUrl\":\"https:\\\/\\\/www.prologistik.com\\\/wp-content\\\/uploads\\\/nachhaltigkeit-e-mobilitaet.jpg\"},{\"@type\":\"BreadcrumbList\",\"@id\":\"https:\\\/\\\/www.prologistik.com\\\/fr\\\/a-propos-de-nous\\\/durabilite-et-engagement\\\/#breadcrumb\",\"itemListElement\":[{\"@type\":\"ListItem\",\"position\":1,\"name\":\"Startseite\",\"item\":\"https:\\\/\\\/www.prologistik.com\\\/fr\\\/\"},{\"@type\":\"ListItem\",\"position\":2,\"name\":\"\u00c0 propos de nous\",\"item\":\"https:\\\/\\\/www.prologistik.com\\\/fr\\\/a-propos-de-nous\\\/\"},{\"@type\":\"ListItem\",\"position\":3,\"name\":\"Durabilit\u00e9 et engagement\"}]},{\"@type\":\"WebSite\",\"@id\":\"https:\\\/\\\/www.prologistik.com\\\/fr\\\/#website\",\"url\":\"https:\\\/\\\/www.prologistik.com\\\/fr\\\/\",\"name\":\"proLogistik Group\",\"description\":\"Software und Hardware f\u00fcr die Intralogistik\",\"publisher\":{\"@id\":\"https:\\\/\\\/www.prologistik.com\\\/fr\\\/#organization\"},\"potentialAction\":[{\"@type\":\"SearchAction\",\"target\":{\"@type\":\"EntryPoint\",\"urlTemplate\":\"https:\\\/\\\/www.prologistik.com\\\/fr\\\/?s={search_term_string}\"},\"query-input\":{\"@type\":\"PropertyValueSpecification\",\"valueRequired\":true,\"valueName\":\"search_term_string\"}}],\"inLanguage\":\"fr-FR\"},{\"@type\":\"Organization\",\"@id\":\"https:\\\/\\\/www.prologistik.com\\\/fr\\\/#organization\",\"name\":\"proLogistik Group\",\"url\":\"https:\\\/\\\/www.prologistik.com\\\/fr\\\/\",\"logo\":{\"@type\":\"ImageObject\",\"inLanguage\":\"fr-FR\",\"@id\":\"https:\\\/\\\/www.prologistik.com\\\/fr\\\/#\\\/schema\\\/logo\\\/image\\\/\",\"url\":\"https:\\\/\\\/www.prologistik.com\\\/wp-content\\\/uploads\\\/prologistik-logo-web.svg\",\"contentUrl\":\"https:\\\/\\\/www.prologistik.com\\\/wp-content\\\/uploads\\\/prologistik-logo-web.svg\",\"width\":320,\"height\":59,\"caption\":\"proLogistik Group\"},\"image\":{\"@id\":\"https:\\\/\\\/www.prologistik.com\\\/fr\\\/#\\\/schema\\\/logo\\\/image\\\/\"}}]}<\/script>\n<!-- \/ Yoast SEO Premium plugin. -->","yoast_head_json":{"title":"Durabilit\u00e9 et engagement - proLogistik Group","description":"Parc de voitures \u00e9lectriques et hybrides \u2714\ufe0f 55 stations de recharge \u2714\ufe0f Location de v\u00e9los \u00e9lectriques \u2714\ufe0f Installation de filtrage pour l'eau potable \u2714\ufe0f Fairphone \u2714\ufe0f Toit vert \u2714\ufe0f Photovolta\u00efque \u2714\ufe0f","robots":{"index":"index","follow":"follow","max-snippet":"max-snippet:-1","max-image-preview":"max-image-preview:large","max-video-preview":"max-video-preview:-1"},"canonical":"https:\/\/www.prologistik.com\/fr\/a-propos-de-nous\/durabilite-et-engagement\/","og_locale":"fr_FR","og_type":"article","og_title":"Durabilit\u00e9 et engagement","og_description":"Parc de voitures \u00e9lectriques et hybrides \u2714\ufe0f 55 stations de recharge \u2714\ufe0f Location de v\u00e9los \u00e9lectriques \u2714\ufe0f Installation de filtrage pour l'eau potable \u2714\ufe0f Fairphone \u2714\ufe0f Toit vert \u2714\ufe0f Photovolta\u00efque \u2714\ufe0f","og_url":"https:\/\/www.prologistik.com\/fr\/a-propos-de-nous\/durabilite-et-engagement\/","og_site_name":"proLogistik Group","article_modified_time":"2025-06-27T09:39:41+00:00","og_image":[{"url":"https:\/\/www.prologistik.com\/wp-content\/uploads\/nachhaltigkeit-e-mobilitaet.jpg","type":"","width":"","height":""}],"twitter_card":"summary_large_image","twitter_misc":{"Dur\u00e9e de lecture estim\u00e9e":"3 minutes"},"schema":{"@context":"https:\/\/schema.org","@graph":[{"@type":"WebPage","@id":"https:\/\/www.prologistik.com\/fr\/a-propos-de-nous\/durabilite-et-engagement\/","url":"https:\/\/www.prologistik.com\/fr\/a-propos-de-nous\/durabilite-et-engagement\/","name":"Durabilit\u00e9 et engagement - proLogistik Group","isPartOf":{"@id":"https:\/\/www.prologistik.com\/fr\/#website"},"primaryImageOfPage":{"@id":"https:\/\/www.prologistik.com\/fr\/a-propos-de-nous\/durabilite-et-engagement\/#primaryimage"},"image":{"@id":"https:\/\/www.prologistik.com\/fr\/a-propos-de-nous\/durabilite-et-engagement\/#primaryimage"},"thumbnailUrl":"https:\/\/www.prologistik.com\/wp-content\/uploads\/nachhaltigkeit-e-mobilitaet.jpg","datePublished":"2022-05-12T09:02:07+00:00","dateModified":"2025-06-27T09:39:41+00:00","description":"Parc de voitures \u00e9lectriques et hybrides \u2714\ufe0f 55 stations de recharge \u2714\ufe0f Location de v\u00e9los \u00e9lectriques \u2714\ufe0f Installation de filtrage pour l'eau potable \u2714\ufe0f Fairphone \u2714\ufe0f Toit vert \u2714\ufe0f Photovolta\u00efque \u2714\ufe0f","breadcrumb":{"@id":"https:\/\/www.prologistik.com\/fr\/a-propos-de-nous\/durabilite-et-engagement\/#breadcrumb"},"inLanguage":"fr-FR","potentialAction":[{"@type":"ReadAction","target":["https:\/\/www.prologistik.com\/fr\/a-propos-de-nous\/durabilite-et-engagement\/"]}]},{"@type":"ImageObject","inLanguage":"fr-FR","@id":"https:\/\/www.prologistik.com\/fr\/a-propos-de-nous\/durabilite-et-engagement\/#primaryimage","url":"https:\/\/www.prologistik.com\/wp-content\/uploads\/nachhaltigkeit-e-mobilitaet.jpg","contentUrl":"https:\/\/www.prologistik.com\/wp-content\/uploads\/nachhaltigkeit-e-mobilitaet.jpg"},{"@type":"BreadcrumbList","@id":"https:\/\/www.prologistik.com\/fr\/a-propos-de-nous\/durabilite-et-engagement\/#breadcrumb","itemListElement":[{"@type":"ListItem","position":1,"name":"Startseite","item":"https:\/\/www.prologistik.com\/fr\/"},{"@type":"ListItem","position":2,"name":"\u00c0 propos de nous","item":"https:\/\/www.prologistik.com\/fr\/a-propos-de-nous\/"},{"@type":"ListItem","position":3,"name":"Durabilit\u00e9 et engagement"}]},{"@type":"WebSite","@id":"https:\/\/www.prologistik.com\/fr\/#website","url":"https:\/\/www.prologistik.com\/fr\/","name":"proLogistik Group","description":"Software und Hardware f\u00fcr die Intralogistik","publisher":{"@id":"https:\/\/www.prologistik.com\/fr\/#organization"},"potentialAction":[{"@type":"SearchAction","target":{"@type":"EntryPoint","urlTemplate":"https:\/\/www.prologistik.com\/fr\/?s={search_term_string}"},"query-input":{"@type":"PropertyValueSpecification","valueRequired":true,"valueName":"search_term_string"}}],"inLanguage":"fr-FR"},{"@type":"Organization","@id":"https:\/\/www.prologistik.com\/fr\/#organization","name":"proLogistik Group","url":"https:\/\/www.prologistik.com\/fr\/","logo":{"@type":"ImageObject","inLanguage":"fr-FR","@id":"https:\/\/www.prologistik.com\/fr\/#\/schema\/logo\/image\/","url":"https:\/\/www.prologistik.com\/wp-content\/uploads\/prologistik-logo-web.svg","contentUrl":"https:\/\/www.prologistik.com\/wp-content\/uploads\/prologistik-logo-web.svg","width":320,"height":59,"caption":"proLogistik Group"},"image":{"@id":"https:\/\/www.prologistik.com\/fr\/#\/schema\/logo\/image\/"}}]}},"_links":{"self":[{"href":"https:\/\/www.prologistik.com\/fr\/wp-json\/wp\/v2\/pages\/29690","targetHints":{"allow":["GET"]}}],"collection":[{"href":"https:\/\/www.prologistik.com\/fr\/wp-json\/wp\/v2\/pages"}],"about":[{"href":"https:\/\/www.prologistik.com\/fr\/wp-json\/wp\/v2\/types\/page"}],"author":[{"embeddable":true,"href":"https:\/\/www.prologistik.com\/fr\/wp-json\/wp\/v2\/users\/1"}],"replies":[{"embeddable":true,"href":"https:\/\/www.prologistik.com\/fr\/wp-json\/wp\/v2\/comments?post=29690"}],"version-history":[{"count":11,"href":"https:\/\/www.prologistik.com\/fr\/wp-json\/wp\/v2\/pages\/29690\/revisions"}],"predecessor-version":[{"id":49887,"href":"https:\/\/www.prologistik.com\/fr\/wp-json\/wp\/v2\/pages\/29690\/revisions\/49887"}],"up":[{"embeddable":true,"href":"https:\/\/www.prologistik.com\/fr\/wp-json\/wp\/v2\/pages\/29588"}],"wp:attachment":[{"href":"https:\/\/www.prologistik.com\/fr\/wp-json\/wp\/v2\/media?parent=29690"}],"curies":[{"name":"wp","href":"https:\/\/api.w.org\/{rel}","templated":true}]}}