{"id":29675,"date":"2022-05-18T12:31:07","date_gmt":"2022-05-18T10:31:07","guid":{"rendered":"https:\/\/prologistik.pixel-tal.de\/protection-des-donnees"},"modified":"2026-02-10T12:26:50","modified_gmt":"2026-02-10T11:26:50","slug":"protection-des-donnees","status":"publish","type":"page","link":"https:\/\/www.prologistik.com\/fr\/mentions-legales\/protection-des-donnees\/","title":{"rendered":"Protection des donn\u00e9es"},"content":{"rendered":"        \n            <!-- pagehead -->\n        \n                    \n\t\t\t<div id=\"pagehead-block_976d5715d102ba508715540e5c338a41\" class=\"pagehead size-small\">\n\t\t\t\t\t\t\t<div class=\"pagehead-canvas\">\n\t\t\t\t<div class=\"pagehead-content has-bg-color bg-color-blue\">\n\t\t\t\t\t<div class=\"pagehead-content-inner\">\n\t\t\t\t\t\t\t\t\t\t\t\t<span class=\"pagehead-subheadline\"  data-aos=\"fade-up\" data-aos-delay=\"50\">Groupe proLogistik<\/span>\t\t\t\t\t\t<h1 class=\"pagehead-headline\" data-aos=\"fade-up\" data-aos-delay=\"100\">Protection des donn\u00e9es<\/h1>\t\t\t\t\t\t\t\t\t\t\t<\/div>\n\t\t\t\t<\/div>\n\t\t\t<\/div>\n\t\t\t\n\t\t\t\t<div class=\"pagehead-background\">\n\t\t\t\t<!-- image_id: 29654 | alt:  -->\t\t\t\t\t\t\t\t\t<img decoding=\"async\" class=\"test\" src=\"https:\/\/www.prologistik.com\/wp-content\/uploads\/pagehead-unternehmen.jpg\" alt=\"\" \/>\n\t\t\t\t\n\t\t\t\t<\/div>\n\t\t\t<\/div>\n        \n                    \n            <!-- end:pagehead -->\n        \n            \n\n<section class=\"gb-container gb-container-5d6f11db\">\n<div class=\"gb-container gb-container-9e87eb5d\">\n<div class=\"gb-grid-wrapper gb-grid-wrapper-8bc3eae9\">\n<div class=\"gb-grid-column gb-grid-column-24d14b87\"><div class=\"gb-container gb-container-24d14b87\">\n\n<div class=\"wp-block-pixel-headline headlines is-subheadline-top has-text-align-left\"><h2 class=\"headline\" style=\"color:\">Protection des donn\u00e9es<\/h2><span class=\"subheadline\" style=\"color:var(--color-blue)\">La protection de vos donn\u00e9es est importante pour nous<\/span><\/div>\n\n\n\n<p><strong>Table des mati\u00e8res<\/strong><\/p>\n\n\n\n<ol class=\"wp-block-list\">\n<li>G\u00e9n\u00e9ralit\u00e9s sur la protection des donn\u00e9es<\/li>\n\n\n\n<li>D\u00e9claration de confidentialit\u00e9 du site web<\/li>\n\n\n\n<li>Informations pour les candidats<\/li>\n\n\n\n<li>Informations pour les clients et les fournisseurs<\/li>\n<\/ol>\n\n<\/div><\/div>\n\n<div class=\"gb-grid-column gb-grid-column-1636af9e\"><div class=\"gb-container gb-container-1636af9e\">\n\n<div class=\"wp-block-pixel-headline headlines is-subheadline-bottom has-text-align-left\"><h2 class=\"headline\" style=\"color:\">I. G\u00e9n\u00e9ralit\u00e9s sur la protection des donn\u00e9es<\/h2><\/div>\n\n\n\n<div class=\"wp-block-pixel-headline headlines is-subheadline-top has-text-align-left\"><h4 class=\"headline\" style=\"color:\"><strong>1.1 Remarque sur le service responsable :<\/strong><\/h4><\/div>\n\n\n\n<p><strong>proLogistik Holding GmbH<\/strong><br>Fallgatter 1<br>44369 Dortmund<\/p>\n\n\n\n<p>Nous attachons une importance particuli\u00e8re \u00e0 la protection de vos donn\u00e9es personnelles. Vos donn\u00e9es personnelles sont trait\u00e9es conform\u00e9ment aux dispositions relatives \u00e0 la protection des donn\u00e9es, notamment au r\u00e8glement g\u00e9n\u00e9ral europ\u00e9en sur la protection des donn\u00e9es (RGPD) et \u00e0 la loi f\u00e9d\u00e9rale sur la protection des donn\u00e9es (BDSG n. F.).<\/p>\n\n\n\n<p>Les informations suivantes donnent un aper\u00e7u de la nature, de l&#8217;\u00e9tendue et de la finalit\u00e9 de la collecte, du traitement et de la transmission des donn\u00e9es \u00e0 caract\u00e8re personnel ainsi que des mesures de s\u00e9curit\u00e9 mises en \u0153uvre pour prot\u00e9ger ces donn\u00e9es.<\/p>\n\n\n\n<p>Les donn\u00e9es \u00e0 caract\u00e8re personnel sont des informations individuelles sur la situation personnelle ou mat\u00e9rielle d&#8217;une personne physique identifi\u00e9e ou identifiable, comme votre nom, votre adresse, votre num\u00e9ro de t\u00e9l\u00e9phone, votre date de naissance ainsi que votre adresse \u00e9lectronique et votre adresse IP.<\/p>\n\n\n\n<div class=\"wp-block-pixel-headline headlines is-subheadline-top has-text-align-left\"><h4 class=\"headline\" style=\"color:\"><strong><strong>1.2 Bases juridiques pour le traitement des donn\u00e9es \u00e0 caract\u00e8re personnel<\/strong><\/strong><\/h4><\/div>\n\n\n\n<ul class=\"wp-block-list\">\n<li>Dans la mesure o\u00f9 nous demandons le consentement de la personne concern\u00e9e pour les op\u00e9rations de traitement des donn\u00e9es \u00e0 caract\u00e8re personnel, l&#8217;article 6, paragraphe 1, de la loi sur la protection des donn\u00e9es s&#8217;applique. 1 lit. a du RGPD de l&#8217;UE comme base juridique. Vous pouvez \u00e0 tout moment vous opposer \u00e0 ce traitement, conform\u00e9ment \u00e0 l&#8217;article 7, paragraphe 1, de la directive. 3 UE RGPD pour l&#8217;avenir.<\/li>\n\n\n\n<li>Lors du traitement de donn\u00e9es \u00e0 caract\u00e8re personnel n\u00e9cessaires \u00e0 l&#8217;ex\u00e9cution d&#8217;un contrat ou \u00e0 la mise en \u0153uvre de mesures pr\u00e9contractuelles, l&#8217;article 6, paragraphe 1, de la loi sur la protection des donn\u00e9es s&#8217;applique. 1 lit. b du RGPD de l&#8217;UE comme base juridique.<\/li>\n\n\n\n<li>Dans la mesure o\u00f9 le traitement de donn\u00e9es \u00e0 caract\u00e8re personnel est n\u00e9cessaire au respect d&#8217;une obligation l\u00e9gale \u00e0 laquelle notre entreprise est soumise, l&#8217;article 6, paragraphe 1, de la loi sur la protection des donn\u00e9es s&#8217;applique. 1 lit. c UE RGPD comme base juridique.<\/li>\n\n\n\n<li>Si le traitement est n\u00e9cessaire \u00e0 la sauvegarde d&#8217;un int\u00e9r\u00eat l\u00e9gitime de notre entreprise ou d&#8217;un tiers et si les int\u00e9r\u00eats, les droits fondamentaux et les libert\u00e9s fondamentales de la personne concern\u00e9e ne pr\u00e9valent pas, l&#8217;article 6, paragraphe 1, de la directive sur la protection des donn\u00e9es s&#8217;applique. 1 lit. f du RGPD de l&#8217;UE comme base juridique du traitement. Dans ce cas, vous disposez d&#8217;un droit d&#8217;opposition conform\u00e9ment \u00e0 l&#8217;article 21 du RGPD de l&#8217;UE.<\/li>\n<\/ul>\n\n\n\n<div class=\"wp-block-pixel-headline headlines is-subheadline-top has-text-align-left\"><h4 class=\"headline\" style=\"color:\"><strong><strong><strong>1.3 Effacement des donn\u00e9es et dur\u00e9e de conservation<\/strong><\/strong><\/strong><\/h4><\/div>\n\n\n\n<p>Les donn\u00e9es \u00e0 caract\u00e8re personnel sont supprim\u00e9es d\u00e8s que la finalit\u00e9 de leur conservation n&#8217;est plus d&#8217;actualit\u00e9. Un enregistrement peut en outre avoir lieu si cela est pr\u00e9vu par des obligations de conservation prescrites par la loi auxquelles notre entreprise est soumise (par ex. d\u00e9lais de conservation en mati\u00e8re de comptabilit\u00e9 ou de droit fiscal selon le code des imp\u00f4ts et le code de commerce allant jusqu&#8217;\u00e0 10 ans).<\/p>\n\n\n\n<div class=\"wp-block-pixel-headline headlines is-subheadline-top has-text-align-left\"><h4 class=\"headline\" style=\"color:\"><strong><strong><strong><strong>1.4 Vos droits<\/strong><\/strong><\/strong><\/strong><\/h4><\/div>\n\n\n\n<p>Sur demande \u00e9crite, nous vous informons, conform\u00e9ment \u00e0 l&#8217;article 15 du RGPD et \u00e0 l&#8217;obligation l\u00e9gale qui nous incombe en vertu de l&#8217;article 12 du RGPD, si des donn\u00e9es \u00e0 caract\u00e8re personnel vous concernant sont trait\u00e9es ou enregistr\u00e9es par nos soins et, le cas \u00e9ch\u00e9ant, lesquelles. En outre, vous avez le droit de rectifier des donn\u00e9es inexactes conform\u00e9ment \u00e0 l&#8217;article 16 du RGPD, de transf\u00e9rer des donn\u00e9es conform\u00e9ment \u00e0 l&#8217;article 20 du RGPD, de bloquer et d&#8217;effacer vos donn\u00e9es personnelles conform\u00e9ment \u00e0 l&#8217;article 17 du RGPD &#8211; dans la mesure o\u00f9 aucune obligation l\u00e9gale de conservation ne s&#8217;y oppose &#8211; ainsi que le droit de limiter le traitement conform\u00e9ment \u00e0 l&#8217;article 18 du RGPD. En outre, vous avez le droit de vous adresser \u00e0 l&#8217;autorit\u00e9 de surveillance comp\u00e9tente conform\u00e9ment \u00e0 l&#8217;article 77 du RGPD de l&#8217;UE.<\/p>\n\n\n\n<p><strong>VOUS DISPOSEZ EN OUTRE D&#8217;UN DROIT D&#8217;OPPOSITION CONFORM\u00c9MENT \u00c0 L&#8217;ART. 21 DU RGPD, DANS LA MESURE O\u00d9 LE TRAITEMENT SE RAPPORTE AUX INT\u00c9R\u00caTS L\u00c9GITIMES VIS\u00c9S \u00c0 L&#8217;ART. 6 ABS. 1 LIT. L&#8217;ORDONNANCE SUR LA PROTECTION DES DONN\u00c9ES.<\/strong><\/p>\n\n\n\n<p>Si vous nous avez donn\u00e9 votre accord pour le traitement de vos donn\u00e9es, vous avez bien entendu la possibilit\u00e9 de le faire \u00e0 tout moment, conform\u00e9ment \u00e0 l&#8217;article 7, paragraphe 1, de la loi sur la protection des donn\u00e9es. 3 du RGPD de l&#8217;UE, vous avez la possibilit\u00e9 de r\u00e9voquer cette autorisation \u00e0 notre \u00e9gard pour l&#8217;avenir.<\/p>\n\n\n\n<p>Si vous avez des questions concernant le traitement de vos donn\u00e9es personnelles, vous pouvez vous adresser \u00e0 notre responsable de la protection des donn\u00e9es, qui est \u00e9galement \u00e0 votre disposition pour toute demande d&#8217;information, suggestion ou plainte.  <\/p>\n\n\n\n<p><strong>D\u00e9l\u00e9gu\u00e9 \u00e0 la protection des donn\u00e9es de<\/strong> <strong>proLogistik Holding GmbH<\/strong><br>Fallgatter 1<br>44369 Dortmund<br>E-mail : <a href=\"mailto:dsb@prologistik.com\">dsb@prologistik.com<\/a><\/p>\n\n\n\n<div class=\"wp-block-pixel-headline headlines is-subheadline-top has-text-align-left\"><h4 class=\"headline\" style=\"color:\"><strong><strong><strong><strong><strong>1.5 Mineurs<\/strong><\/strong><\/strong><\/strong><\/strong><\/h4><\/div>\n\n\n\n<p>Dans le cadre de notre offre en ligne, nous nous adressons en principe \u00e0 des personnes majeures. Les informations personnelles des personnes qui n&#8217;ont pas encore atteint l&#8217;\u00e2ge de 16 ans ne peuvent \u00eatre mises \u00e0 notre disposition que si le consentement expr\u00e8s du responsable l\u00e9gal a \u00e9t\u00e9 donn\u00e9 (article 8 du RGPD de l&#8217;UE). Un traitement sans l&#8217;accord du responsable l\u00e9gal n&#8217;est pas autoris\u00e9. Nous nous r\u00e9servons donc le droit de supprimer toutes les donn\u00e9es relatives \u00e0 des personnes mineures, sauf si nous avons re\u00e7u l&#8217;accord d&#8217;un parent ou d&#8217;un tuteur.<\/p>\n\n\n\n<div class=\"wp-block-pixel-headline headlines is-subheadline-top has-text-align-left\"><h4 class=\"headline\" style=\"color:\"><strong><strong><strong><strong><strong><strong>1.6 Modification de notre d\u00e9claration de confidentialit\u00e9<\/strong><\/strong><\/strong><\/strong><\/strong><\/strong><\/h4><\/div>\n\n\n\n<p>Afin de garantir que notre d\u00e9claration de protection des donn\u00e9es soit toujours conforme aux dispositions l\u00e9gales actuelles, nous nous r\u00e9servons le droit de la modifier \u00e0 tout moment. Cela s&#8217;applique \u00e9galement au cas o\u00f9 la d\u00e9claration de protection des donn\u00e9es doit \u00eatre adapt\u00e9e en raison de nouvelles prestations ou de prestations r\u00e9vis\u00e9es, par exemple de nouvelles prestations de service.<\/p>\n\n\n\n<p>Situation : 2023<\/p>\n\n\n\n<div class=\"wp-block-pixel-headline headlines is-subheadline-top has-text-align-left\"><h2 class=\"headline\" style=\"color:\"><strong><strong><strong><strong><strong><strong>II D\u00e9claration de confidentialit\u00e9 du site web<\/strong><\/strong><\/strong><\/strong><\/strong><\/strong><\/h2><\/div>\n\n\n\n<div class=\"wp-block-pixel-headline headlines is-subheadline-top has-text-align-left\"><h4 class=\"headline\" style=\"color:\"><strong><strong><strong><strong><strong><strong><strong>2.1 Mise \u00e0 disposition du site web<\/strong><\/strong><\/strong><\/strong><\/strong><\/strong><\/strong><\/h4><\/div>\n\n\n\n<p><strong>Utilisation de prestataires de services d&#8217;h\u00e9bergement<\/strong><\/p>\n\n\n\n<p>Notre site web est h\u00e9berg\u00e9 sur les serveurs d&#8217;un prestataire de services d&#8217;h\u00e9bergement situ\u00e9s dans l&#8217;UE sur la base d&#8217;un traitement de commande conform\u00e9ment \u00e0 l&#8217;article 28 du RGPD de l&#8217;UE. Dans le cadre de ses prestations, le prestataire de services d&#8217;h\u00e9bergement peut avoir acc\u00e8s aux donn\u00e9es personnelles de nos utilisateurs, notamment aux donn\u00e9es techniques g\u00e9n\u00e9r\u00e9es dans le cadre de la communication technique entre vous et notre site web (par exemple, les fichiers journaux du serveur). Il ne doit pas les utiliser \u00e0 des fins personnelles. Le recours \u00e0 un prestataire de services d&#8217;h\u00e9bergement se fait sur la base de nos int\u00e9r\u00eats l\u00e9gitimes conform\u00e9ment \u00e0 l&#8217;article 6, paragraphe 1, de la loi sur la protection des donn\u00e9es. 1 lit. f du RGPD de l&#8217;UE \u00e0 la mise \u00e0 disposition de services d&#8217;infrastructure et de plateforme, de capacit\u00e9 de calcul, d&#8217;envoi d&#8217;e-mails ainsi que de prestations de s\u00e9curit\u00e9.<\/p>\n\n\n\n<p><strong>Fichiers journaux du serveur<\/strong><\/p>\n\n\n\n<p>Lorsque vous visitez notre site web ou utilisez ses services, l&#8217;appareil avec lequel vous consultez la page transmet automatiquement des donn\u00e9es log (donn\u00e9es de connexion) \u00e0 notre serveur. Les informations correspondantes consistent en<\/p>\n\n\n\n<ul class=\"wp-block-list\">\n<li>le type et la version du navigateur que vous utilisez,<\/li>\n\n\n\n<li>Type et version du syst\u00e8me d&#8217;exploitation que vous utilisez,<\/li>\n\n\n\n<li>URL de r\u00e9f\u00e9rence de la page \u00e0 partir de laquelle vous avez acc\u00e9d\u00e9 \u00e0 notre site web,<\/li>\n\n\n\n<li>la date et l&#8217;heure de la consultation de notre site web,<\/li>\n\n\n\n<li>Nom des sous-pages que vous avez consult\u00e9es,<\/li>\n\n\n\n<li>Adresse IP de votre syst\u00e8me informatique,<\/li>\n\n\n\n<li>la quantit\u00e9 de donn\u00e9es transmises \u00e0 chaque fois.<\/li>\n<\/ul>\n\n\n\n<p>Les donn\u00e9es collect\u00e9es sont utilis\u00e9es exclusivement pour des \u00e9valuations statistiques dans le but d&#8217;assurer le fonctionnement, la s\u00e9curit\u00e9 et l&#8217;optimisation de l&#8217;offre. Pour des raisons de s\u00e9curit\u00e9, nous nous r\u00e9servons toutefois le droit de v\u00e9rifier ult\u00e9rieurement les donn\u00e9es du protocole si, sur la base d&#8217;indices concrets, il existe un soup\u00e7on l\u00e9gitime d&#8217;utilisation ill\u00e9gale. Les donn\u00e9es ne sont pas conserv\u00e9es <a>plus longtemps que n\u00e9cessaire<\/a> \u00e0 cet effet. Cette collecte est effectu\u00e9e sur la base de nos int\u00e9r\u00eats l\u00e9gitimes, conform\u00e9ment \u00e0 l&#8217;article 6, paragraphe 1, de la loi sur la protection des donn\u00e9es. 1 lit. f du RGPD de l&#8217;UE.<\/p>\n\n\n\n<p><strong>Cookies<\/strong><\/p>\n\n\n\n<p>Nous utilisons ce que l&#8217;on appelle des cookies dans certains domaines du site web afin de reconna\u00eetre les pr\u00e9f\u00e9rences des visiteurs et de pouvoir organiser le site web de mani\u00e8re optimale et attrayante en cons\u00e9quence. Cela permet de faciliter la navigation et d&#8217;assurer un haut niveau de convivialit\u00e9 du site. Le traitement par les cookies pour la mise \u00e0 disposition technique du site web constitue un int\u00e9r\u00eat l\u00e9gitime conform\u00e9ment \u00e0 l&#8217;article 6, paragraphe 1, de la loi sur la protection des donn\u00e9es. 1 lit. f RGPD UE \/ \u00a7 25 al. 2 TDDDG. En outre, la base juridique est l&#8217;art. 6, al. 1 lit. a RGPD UE ou \u00a7 25 al. 1 TDDDG, dans la mesure o\u00f9 nous avons besoin de votre consentement pour l&#8217;utilisation de cookies (entre autres \u00e0 des fins de marketing ou d&#8217;analyse).<\/p>\n\n\n\n<p>Les cookies sont de petits fichiers texte que votre navigateur cr\u00e9e automatiquement et qui sont enregistr\u00e9s sur votre terminal lorsque vous visitez notre site web. Les cookies n&#8217;endommagent pas votre ordinateur et ne contiennent pas de virus. La plupart des cookies que nous utilisons sont supprim\u00e9s \u00e0 la fin de la session de navigation (ce que l&#8217;on appelle des cookies de session). D&#8217;autres cookies restent sur votre ordinateur et nous permettent de reconna\u00eetre votre ordinateur lors de votre prochaine visite (cookies permanents ou de session). Gr\u00e2ce \u00e0 ces fichiers, il est par exemple possible d&#8217;afficher sur le site des informations sp\u00e9cialement adapt\u00e9es \u00e0 vos int\u00e9r\u00eats.<\/p>\n\n\n\n<p>Vous pouvez configurer votre navigateur de mani\u00e8re \u00e0 ce qu&#8217;il vous informe du placement de cookies. L&#8217;utilisation des cookies est ainsi transparente pour vous. Si vous excluez totalement l&#8217;utilisation de cookies, il se peut que vous ne puissiez pas utiliser certaines fonctions de ce site. Les liens ci-dessous vous permettront de savoir comment g\u00e9rer (notamment d\u00e9sactiver) les cookies dans les principaux navigateurs :<\/p>\n\n\n\n<ul class=\"wp-block-list\">\n<li>Chrome <a href=\"https:\/\/support.google.com\/accounts\/answer\/61416?hl=de\">: https:\/\/support.google.com\/accounts\/answer\/61416?hl=de<\/a><\/li>\n\n\n\n<li>Internet Explorer <a href=\"https:\/\/support.microsoft.com\/de-de\/help\/17442\/windows-internet-explorer-delete-manage-cookies\" target=\"_blank\" rel=\"noreferrer noopener\">: https:\/\/support.microsoft.com\/de-de\/help\/17442\/windows-internet-explorer-delete-manage-cookies<\/a><\/li>\n\n\n\n<li>Mozilla Firefox <a href=\"https:\/\/support.mozilla.org\/de\/kb\/cookies-erlauben-und-ablehnen\" target=\"_blank\" rel=\"noreferrer noopener\">: https:\/\/support.mozilla.org\/de\/kb\/cookies-erlauben-und-ablehnen<\/a><\/li>\n\n\n\n<li>Safari <a href=\"https:\/\/support.apple.com\/de-de\/guide\/safari\/manage-cookies-and-website-data-sfri11471\/mac\" target=\"_blank\" rel=\"noreferrer noopener\">: https:\/\/support.apple.com\/de-de\/guide\/safari\/manage-cookies-and-website-data-sfri11471\/mac<\/a><\/li>\n<\/ul>\n\n\n\n<p><strong>Borlabs &#8211; Gestion du consentement des cookies<\/strong><\/p>\n\n\n\n<p>Nous utilisons sur notre site web l&#8217;outil de gestion du consentement Borlabs GmbH, R\u00fcbenkamp 32, 22305 Hambourg.<\/p>\n\n\n\n<p>L&#8217;outil vous permet de donner votre consentement au traitement des donn\u00e9es via le site web, notamment \u00e0 l&#8217;installation de cookies, et d&#8217;exercer votre droit de r\u00e9tractation pour les consentements d\u00e9j\u00e0 donn\u00e9s. Le traitement des donn\u00e9es a pour but d&#8217;obtenir les consentements n\u00e9cessaires au traitement des donn\u00e9es ainsi que de les documenter et de respecter ainsi les obligations l\u00e9gales.<\/p>\n\n\n\n<p>Des cookies peuvent \u00eatre utilis\u00e9s \u00e0 cet effet. Les informations suivantes peuvent notamment \u00eatre collect\u00e9es et transmises \u00e0 Borlabs : adresse IP anonymis\u00e9e, date et heure du consentement, URL \u00e0 partir de laquelle le consentement a \u00e9t\u00e9 envoy\u00e9, cl\u00e9 anonyme, al\u00e9atoire et crypt\u00e9e, statut du consentement. Ces donn\u00e9es ne sont pas transmises \u00e0 d&#8217;autres tiers.<\/p>\n\n\n\n<p>Le traitement des donn\u00e9es a lieu pour remplir une obligation l\u00e9gale sur la base de l&#8217;art. 6 al. 1 lit. c du RGPD.<\/p>\n\n\n\n<p>Pour plus d&#8217;informations sur la protection des donn\u00e9es chez Borlabs, veuillez consulter le site <a href=\"https:\/\/de.borlabs.io\/datenschutz\/\" target=\"_blank\" rel=\"noreferrer noopener\">: https:\/\/de.borlabs.io\/datenschutz\/<\/a><\/p>\n\n\n\n<p><strong>S\u00e9curit\u00e9 de vos donn\u00e9es<\/strong><\/p>\n\n\n\n<p>Nous mettons en \u0153uvre des mesures de s\u00e9curit\u00e9 techniques et organisationnelles afin de prot\u00e9ger de mani\u00e8re ad\u00e9quate les donn\u00e9es que vous mettez \u00e0 notre disposition contre les manipulations accidentelles ou intentionnelles, la perte, la destruction ou l&#8217;acc\u00e8s par des personnes non autoris\u00e9es. Nous utilisons donc un cryptage SSL pour la transmission de contenus confidentiels, comme les demandes que vous nous envoyez en tant qu&#8217;exploitant du site. Vous reconnaissez une connexion crypt\u00e9e au fait que la ligne d&#8217;adresse du navigateur passe de &#8220;http:\/\/&#8221; \u00e0 &#8220;https:\/\/&#8221; ainsi qu&#8217;au symbole du cadenas dans la ligne de votre navigateur. Si le cryptage SSL est activ\u00e9, les donn\u00e9es que vous nous transmettez ne peuvent pas \u00eatre lues par des tiers. Nos mesures de s\u00e9curit\u00e9 sont d\u00e9velopp\u00e9es en fonction de l&#8217;\u00e9tat de la technique.<\/p>\n\n<\/div><\/div>\n\n<div class=\"gb-grid-column gb-grid-column-7ad7cf4a\"><div class=\"gb-container gb-container-7ad7cf4a\">\n\n<div class=\"wp-block-pixel-headline headlines is-subheadline-top has-text-align-left\"><h4 class=\"headline\" style=\"color:\"><strong><strong><strong><strong><strong><strong><strong><strong><strong><strong><strong><strong><strong><strong>2.2 Prise de contact<\/strong><\/strong><\/strong><\/strong><\/strong><\/strong><\/strong><\/strong><\/strong><\/strong><\/strong><\/strong><\/strong><\/strong><\/h4><\/div>\n\n\n\n<p>Lorsque vous nous contactez (par ex. via un formulaire de contact, un e-mail, un t\u00e9l\u00e9phone, les m\u00e9dias sociaux), vos donn\u00e9es personnelles sont utilis\u00e9es pour le traitement de la demande et, le cas \u00e9ch\u00e9ant, pour des questions de suivi conform\u00e9ment \u00e0 l&#8217;article 6, paragraphe 1, de la loi sur la protection des donn\u00e9es. 1 lit. b du RGPD UE (dans le cadre de mesures pr\u00e9contractuelles\/contractuelles) ou conform\u00e9ment \u00e0 l&#8217;art. 6, al. 1 lit. f du RGPD de l&#8217;UE (demandes g\u00e9n\u00e9rales) sont enregistr\u00e9es et trait\u00e9es par nos soins. Nous ne transmettons pas ces donn\u00e9es sans votre consentement respectif.<\/p>\n\n\n\n<p>Les donn\u00e9es que vous avez fournies resteront chez nous jusqu&#8217;\u00e0 ce que vous nous demandiez de les supprimer, que vous vous opposiez \u00e0 leur enregistrement ou que le but de l&#8217;enregistrement des donn\u00e9es devienne caduc (c&#8217;est-\u00e0-dire apr\u00e8s le traitement de votre demande), dans la mesure o\u00f9 aucune obligation l\u00e9gale de conservation ne s&#8217;y oppose.<\/p>\n\n\n\n<div class=\"wp-block-pixel-headline headlines is-subheadline-top has-text-align-left\"><h4 class=\"headline\" style=\"color:\"><strong><strong><strong><strong><strong><strong><strong><strong><strong><strong><strong><strong><strong><strong>2.3 Enregistrement<\/strong><\/strong><\/strong><\/strong><\/strong><\/strong><\/strong><\/strong><\/strong><\/strong><\/strong><\/strong><\/strong><\/strong><\/h4><\/div>\n\n\n\n<p>Si vous vous enregistrez sur notre site web pour utiliser des marchandises, des prestations de service et des informations (par ex. \u00e9tablissement de bons de r\u00e9paration) sur notre portail en ligne, des donn\u00e9es \u00e0 caract\u00e8re personnel sont collect\u00e9es. Si n\u00e9cessaire, les utilisateurs connect\u00e9s ont la possibilit\u00e9 de modifier ou de supprimer \u00e0 tout moment les donn\u00e9es mentionn\u00e9es dans le cadre de l&#8217;enregistrement. Vos donn\u00e9es sont \u00e9ventuellement transmises aux prestataires de services d&#8217;exp\u00e9dition et de paiement que nous avons mandat\u00e9s pour le traitement de l&#8217;op\u00e9ration. Aucune autre transmission \u00e0 des tiers n&#8217;a lieu. Le traitement de vos donn\u00e9es personnelles est effectu\u00e9 sur la base de l&#8217;ex\u00e9cution du contrat (conform\u00e9ment \u00e0 l&#8217;article 6, paragraphe 1, point b) du RGPD de l&#8217;UE). La suppression de ces donn\u00e9es s&#8217;effectue conform\u00e9ment aux obligations l\u00e9gales de conservation.<\/p>\n\n\n\n<h4 class=\"wp-block-heading\" id=\"h-2-4-utilisation-des-donnees-a-caractere-personnel-a-des-fins-publicitaires\"><strong>2.4 Utilisation des donn\u00e9es \u00e0 caract\u00e8re personnel \u00e0 des fins publicitaires<\/strong><\/h4>\n\n\n\n<p>Nous utilisons vos coordonn\u00e9es pour vous informer sur nos produits et services. L&#8217;envoi d&#8217;informations aux clients est effectu\u00e9 sur la base de notre int\u00e9r\u00eat l\u00e9gitime conform\u00e9ment \u00e0 l&#8217;article 6, paragraphe 6. 1 lit. f du RGPD de l&#8217;UE \u00e0 la publicit\u00e9 directe et dans la mesure o\u00f9 cela est autoris\u00e9 par la loi, comme par exemple dans le cas de la publicit\u00e9 pour les clients existants dans les conditions l\u00e9gales de l&#8217;article 7, paragraphe 1, du RGPD. 3 DE LA LCD. Vous recevrez ces informations de notre part, que vous soyez ou non abonn\u00e9 \u00e0 une newsletter.<br>Si vous ne souhaitez pas recevoir de telles informations ou recommandations par e-mail de notre part, vous pouvez vous opposer \u00e0 tout moment \u00e0 l&#8217;utilisation de votre adresse \u00e0 cette fin, conform\u00e9ment \u00e0 l&#8217;article 21 du RGPD de l&#8217;UE, sans que cela n&#8217;entra\u00eene d&#8217;autres frais que ceux de la transmission selon les tarifs de base. Une communication sous forme de texte suffit \u00e0 cet effet.<\/p>\n\n\n\n<div class=\"wp-block-pixel-headline headlines is-subheadline-top has-text-align-left\"><h4 class=\"headline\" style=\"color:\"><strong>2.5 Bulletin d&#8217;information<br><\/strong><\/h4><\/div>\n\n\n\n<p><\/p>\n\n\n\n<p>Si vous vous inscrivez \u00e0 notre newsletter sur notre site web, nous utilisons les donn\u00e9es personnelles que vous avez fournies dans ce contexte exclusivement pour l&#8217;envoi de la newsletter.<\/p>\n\n\n\n<p>L&#8217;inscription \u00e0 notre newsletter s&#8217;effectue dans le cadre d&#8217;une proc\u00e9dure dite de double opt-in. Cela signifie qu&#8217;apr\u00e8s l&#8217;inscription, vous recevez un e-mail vous demandant de confirmer votre inscription. Cette confirmation est n\u00e9cessaire pour emp\u00eacher les inscriptions d&#8217;adresses e-mail \u00e9trang\u00e8res. Les inscriptions \u00e0 la newsletter sont enregistr\u00e9es afin de pouvoir prouver le processus d&#8217;inscription conform\u00e9ment aux exigences l\u00e9gales (consentement conform\u00e9ment \u00e0 l&#8217;article 6, paragraphe 1, point a) du RGPD). Cela comprend l&#8217;enregistrement de l&#8217;heure d&#8217;inscription et de confirmation, ainsi que l&#8217;adresse IP. Toutes les donn\u00e9es que nous recevons de votre part ainsi que les informations consign\u00e9es ne sont pas transmises \u00e0 des tiers.<\/p>\n\n\n\n<p>Vous pouvez \u00e0 tout moment r\u00e9voquer votre consentement \u00e0 la collecte et \u00e0 l&#8217;enregistrement de vos donn\u00e9es ainsi qu&#8217;\u00e0 leur utilisation pour l&#8217;envoi de la newsletter sans avoir \u00e0 vous justifier. Vous trouverez un lien pour r\u00e9silier la newsletter \u00e0 la fin de chaque newsletter.<\/p>\n\n\n\n<div class=\"wp-block-pixel-headline headlines is-subheadline-top has-text-align-left\"><h4 class=\"headline\" style=\"color:\"><strong><strong><strong><strong><strong><strong><strong><strong><strong><strong><strong><strong><strong><strong><strong>2.6 \u00c9v\u00e9nements en ligne<\/strong><\/strong><\/strong><\/strong><\/strong><\/strong><\/strong><\/strong><\/strong><\/strong><\/strong><\/strong><\/strong><\/strong><\/strong><\/h4><\/div>\n\n\n\n<p>Afin de pouvoir organiser efficacement des \u00e9v\u00e9nements en ligne tels que des webinaires, des formations et des s\u00e9ances d&#8217;information, nous utilisons \u00ab Microsoft Teams \u00bb. Le prestataire de services est Microsoft Ireland Operations Limited, One Microsoft Place, South County Business Park, Leopardstown, Dublin 18, Irlande. Dans le cadre de ces \u00e9v\u00e9nements en ligne, nous traitons les donn\u00e9es \u00e0 caract\u00e8re personnel des participants. Sont notamment trait\u00e9es les donn\u00e9es de base (par ex. nom, adresse e-mail), les donn\u00e9es techniques de connexion et d&#8217;utilisation (par ex. adresse IP, donn\u00e9es syst\u00e8me et d&#8217;acc\u00e8s), les m\u00e9tadonn\u00e9es de la r\u00e9union (par ex. date, heure, ID de la r\u00e9union) ainsi que les donn\u00e9es audio et vid\u00e9o, pour autant que ces fonctions soient utilis\u00e9es ; la cam\u00e9ra et le microphone peuvent \u00eatre d\u00e9sactiv\u00e9s \u00e0 tout moment. Le traitement est effectu\u00e9 principalement \u00e0 des fins de r\u00e9alisation et d&#8217;organisation du webinaire, y compris la gestion des inscriptions, des invitations et de la participation. Les bases juridiques sont l&#8217;art. 6, par. 1, let. b du RGPD, dans la mesure o\u00f9 les webinaires sont organis\u00e9s dans le cadre de relations contractuelles (par ex. avec des clients ou des employ\u00e9s), l&#8217;art. 6, par. 1, let. f du RGPD en raison de notre int\u00e9r\u00eat l\u00e9gitime \u00e0 organiser des \u00e9v\u00e9nements en ligne de mani\u00e8re rentable et s\u00e9curis\u00e9e ainsi qu&#8217;\u00e0 maintenir le bon fonctionnement de nos activit\u00e9s. En outre, l&#8217;art. 6, par. 1, let. a du RGPD est pertinent si des informations sont fournies volontairement ou si un enregistrement est express\u00e9ment accept\u00e9. En principe, les donn\u00e9es \u00e0 caract\u00e8re personnel ne sont pas transmises \u00e0 des tiers ; au sein d&#8217;un \u00e9v\u00e9nement en ligne, les contenus peuvent \u00eatre visibles par d&#8217;autres participants. Microsoft, en tant que sous-traitant, a n\u00e9cessairement connaissance des donn\u00e9es ; en outre, Microsoft peut traiter certaines donn\u00e9es sous sa propre responsabilit\u00e9 et en informe s\u00e9par\u00e9ment. Le traitement des donn\u00e9es a lieu en principe dans des centres de donn\u00e9es au sein de l&#8217;UE ; toutefois, un transfert vers des pays tiers, notamment vers les \u00c9tats-Unis, ne peut \u00eatre totalement exclu, par exemple par le biais du routage ou dans le cadre de traitements internes au groupe Microsoft. Dans ces cas, nous nous assurons que le transfert s&#8217;effectue sur la base des exigences du chapitre V du RGPD, notamment par des garanties appropri\u00e9es telles que des clauses contractuelles types ainsi que des mesures techniques et organisationnelles compl\u00e9mentaires, afin de garantir un niveau ad\u00e9quat de protection des donn\u00e9es. Les donn\u00e9es \u00e0 caract\u00e8re personnel sont supprim\u00e9es d\u00e8s qu&#8217;elles ne sont plus n\u00e9cessaires aux fins mentionn\u00e9es ou qu&#8217;un consentement a \u00e9t\u00e9 r\u00e9voqu\u00e9, \u00e0 moins que des obligations l\u00e9gales de conservation ne s&#8217;y opposent.<\/p>\n\n\n\n<div class=\"wp-block-pixel-headline headlines is-subheadline-top has-text-align-left\"><h4 class=\"headline\" style=\"color:\"><strong><strong><strong><strong><strong><strong><strong><strong><strong><strong><strong><strong><strong><strong>2.7 Outils d&#8217;analyse<\/strong><\/strong><\/strong><\/strong><\/strong><\/strong><\/strong><\/strong><\/strong><\/strong><\/strong><\/strong><\/strong><\/strong><\/h4><\/div>\n\n\n\n<p>Les mesures d&#8217;analyse que nous utilisons et qui sont \u00e9num\u00e9r\u00e9es ci-apr\u00e8s sont mises en \u0153uvre sur la base de l&#8217;art. 6 al. 1 lit. a du RGPD de l&#8217;UE (consentement). En utilisant ces mesures d&#8217;analyse, nous voulons garantir une conception adapt\u00e9e aux besoins et une optimisation continue de notre site web. Au moyen des outils d&#8217;analyse, nous saisissons l&#8217;utilisation de notre site web de mani\u00e8re pseudonymis\u00e9e et l&#8217;\u00e9valuons dans le but d&#8217;optimiser notre offre.<\/p>\n\n\n\n<p>Vous pouvez \u00e0 tout moment r\u00e9voquer votre consentement \u00e0 notre \u00e9gard avec effet pour l&#8217;avenir.<\/p>\n\n\n\n<p><strong>Google Analytics<\/strong><\/p>\n\n\n\n<p>Nous utilisons sur notre site web le service d&#8217;analyse web Google Analytics de Google Google Ireland Limited (Gordon House, Barrow Street, Dublin 4, Irlande ; &#8220;Google&#8221;).<\/p>\n\n\n\n<p>Le traitement des donn\u00e9es a pour but d&#8217;analyser ce site web et ses visiteurs, ainsi qu&#8217;\u00e0 des fins de marketing et de publicit\u00e9. Pour ce faire, Google utilisera les informations obtenues pour le compte de l&#8217;exploitant de ce site web afin d&#8217;\u00e9valuer votre utilisation du site web, de compiler des rapports sur les activit\u00e9s du site web et de fournir d&#8217;autres services li\u00e9s \u00e0 l&#8217;utilisation du site web et d&#8217;Internet \u00e0 l&#8217;exploitant du site web. Les informations suivantes peuvent notamment \u00eatre collect\u00e9es : Adresse IP, date et heure de la consultation de la page, chemin de clic, informations sur le navigateur et l&#8217;appareil (device) que vous utilisez, pages visit\u00e9es, URL de r\u00e9f\u00e9rence (site web par lequel vous avez acc\u00e9d\u00e9 \u00e0 notre site web), donn\u00e9es de localisation, activit\u00e9s d&#8217;achat. L&#8217;adresse IP transmise par votre navigateur dans le cadre de Google Analytics n&#8217;est pas recoup\u00e9e avec d&#8217;autres donn\u00e9es de Google.<\/p>\n\n\n\n<p>Google Analytics utilise des technologies telles que les cookies, la m\u00e9moire web du navigateur et les pixels de suivi, qui permettent d&#8217;analyser votre utilisation du site web. Les informations ainsi g\u00e9n\u00e9r\u00e9es sur votre utilisation de ce site web sont g\u00e9n\u00e9ralement transmises \u00e0 un serveur de Google aux \u00c9tats-Unis et y sont enregistr\u00e9es. Il n&#8217;existe pas de d\u00e9cision d&#8217;ad\u00e9quation de la Commission europ\u00e9enne pour les \u00c9tats-Unis. Le transfert de donn\u00e9es s&#8217;effectue notamment sur la base de clauses contractuelles types en tant que garanties appropri\u00e9es pour la protection des donn\u00e9es \u00e0 caract\u00e8re personnel, consultables sur <a href=\"https:\/\/policies.google.com\/privacy\/frameworks\" target=\"_blank\" rel=\"noreferrer noopener\">: https:\/\/policies.google.com\/privacy\/frameworks<\/a> et <a href=\"https:\/\/business.safety.google\/adsprocessorterms\/\" target=\"_blank\" rel=\"noreferrer noopener\">https:\/\/business.safety.google\/adsprocessorterms\/.<\/a> Tant Google que les autorit\u00e9s gouvernementales am\u00e9ricaines ont acc\u00e8s \u00e0 vos donn\u00e9es. Vos donn\u00e9es peuvent \u00eatre associ\u00e9es par Google \u00e0 d&#8217;autres donn\u00e9es, telles que votre historique de recherche, vos comptes personnels, vos donn\u00e9es d&#8217;utilisation d&#8217;autres appareils et toutes les autres donn\u00e9es dont Google dispose \u00e0 votre sujet.<\/p>\n\n\n\n<p>L&#8217;anonymisation IP est activ\u00e9e sur ce site. Votre adresse IP sera ainsi raccourcie au pr\u00e9alable par Google dans les \u00c9tats membres de l&#8217;Union europ\u00e9enne ou dans d&#8217;autres \u00c9tats parties \u00e0 l&#8217;accord sur l&#8217;Espace \u00e9conomique europ\u00e9en. Ce n&#8217;est que dans des cas exceptionnels que l&#8217;adresse IP compl\u00e8te est transmise \u00e0 un serveur de Google aux \u00c9tats-Unis et y est raccourcie.<\/p>\n\n\n\n<p>L&#8217;utilisation de cookies ou de technologies comparables s&#8217;effectue avec votre consentement sur la base du \u00a7 25 al. 1 p. 1 TDDDG en relation avec l&#8217;art. 6 al. 1 lit. a RGPD de l&#8217;UE. Le traitement de vos donn\u00e9es personnelles s&#8217;effectue avec votre consentement sur la base de l&#8217;art. 6 al. 1 lit. a RGPD de l&#8217;UE. Vous pouvez retirer votre consentement \u00e0 tout moment, sans que cela n&#8217;affecte la lic\u00e9it\u00e9 du traitement effectu\u00e9 sur la base du consentement jusqu&#8217;au retrait de celui-ci.<\/p>\n\n\n\n<p>Vous trouverez de plus amples informations sur les conditions d&#8217;utilisation et la protection des donn\u00e9es sur <a href=\"https:\/\/www.google.com\/analytics\/terms\/de.html\" target=\"_blank\" rel=\"noreferrer noopener\">https:\/\/www.google.com\/analytics\/terms\/de.html<\/a> ou sur <a href=\"https:\/\/www.google.de\/intl\/de\/policies\/\" target=\"_blank\" rel=\"noreferrer noopener\">https:\/\/www.google.de\/intl\/de\/policies\/<\/a> ainsi que sur <a href=\"https:\/\/policies.google.com\/technologies\/cookies?hl=de\" target=\"_blank\" rel=\"noreferrer noopener\">https:\/\/policies.google.com\/technologies\/cookies?hl=de.<\/a><\/p>\n\n\n\n<p><strong>Analyse web par Matomo<\/strong><\/p>\n\n\n\n<ol class=\"wp-block-list\">\n<li>Port\u00e9e du traitement des donn\u00e9es<\/li>\n<\/ol>\n\n\n\n<p>Nous utilisons sur notre site web l&#8217;outil logiciel open source Matomo pour analyser le comportement de navigation de nos utilisateurs. Lorsque des pages individuelles de notre site sont consult\u00e9es, les donn\u00e9es suivantes sont enregistr\u00e9es : <\/p>\n\n\n\n<p>3 octets de l&#8217;adresse IP du syst\u00e8me appelant de l&#8217;utilisateur<br>la page web appel\u00e9e<br>le site web \u00e0 partir duquel l&#8217;utilisateur a acc\u00e9d\u00e9 \u00e0 la page web appel\u00e9e (referrer)<br>les sous-pages appel\u00e9es \u00e0 partir de la page web appel\u00e9e<br>le temps pass\u00e9 sur la page web<br>la fr\u00e9quence d&#8217;appel de la page web<br>Le logiciel fonctionne alors exclusivement sur les serveurs de notre site web. Ces donn\u00e9es ne sont enregistr\u00e9es que sur ce site. Les donn\u00e9es ne sont pas transmises \u00e0 des tiers. Le logiciel est configur\u00e9 de mani\u00e8re \u00e0 ce que les adresses IP ne soient pas enregistr\u00e9es dans leur int\u00e9gralit\u00e9, mais que le dernier octet de l&#8217;adresse IP soit masqu\u00e9 (ex. : 192.168.100.xxx). De cette mani\u00e8re, il n&#8217;est plus possible d&#8217;attribuer l&#8217;adresse IP raccourcie \u00e0 l&#8217;ordinateur qui l&#8217;a appel\u00e9e.    <\/p>\n\n\n\n<ol start=\"2\" class=\"wp-block-list\">\n<li>Base juridique<\/li>\n<\/ol>\n\n\n\n<p>La base juridique du traitement des donn\u00e9es \u00e0 caract\u00e8re personnel des utilisateurs est l&#8217;article 6, paragraphe 1. 1 lit. f du RGPD.<\/p>\n\n\n\n<ol start=\"3\" class=\"wp-block-list\">\n<li>Finalit\u00e9 du traitement des donn\u00e9es<\/li>\n<\/ol>\n\n\n\n<p>Gr\u00e2ce \u00e0 l&#8217;analyse des donn\u00e9es obtenues, nous sommes en mesure de rassembler des informations sur l&#8217;utilisation des diff\u00e9rents composants de notre site web. Cela nous aide \u00e0 am\u00e9liorer constamment notre site web et sa convivialit\u00e9. Ces objectifs constituent \u00e9galement notre int\u00e9r\u00eat l\u00e9gitime dans le traitement des donn\u00e9es conform\u00e9ment \u00e0 l&#8217;article 6, paragraphe 1, de la loi sur la protection des donn\u00e9es.   1 lit. f du RGPD. L&#8217;anonymisation de l&#8217;adresse IP permet de tenir suffisamment compte de l&#8217;int\u00e9r\u00eat des utilisateurs pour la protection de leurs donn\u00e9es \u00e0 caract\u00e8re personnel. <\/p>\n\n\n\n<ol start=\"4\" class=\"wp-block-list\">\n<li>Possibilit\u00e9 d&#8217;opposition et de suppression<\/li>\n<\/ol>\n\n\n\n<p>Nous offrons \u00e0 nos utilisateurs la possibilit\u00e9 de se retirer de la proc\u00e9dure d&#8217;analyse sur notre site web. Pour ce faire, vous devez suivre le lien correspondant. De cette mani\u00e8re, un cookie est plac\u00e9 sur votre syst\u00e8me, qui signale \u00e0 notre syst\u00e8me de ne pas enregistrer les donn\u00e9es de l&#8217;utilisateur. Si vous supprimez entre-temps le cookie correspondant de votre propre syst\u00e8me, vous devez \u00e0 nouveau placer le cookie d&#8217;opt-out.<br>Vous trouverez de plus amples informations sur les param\u00e8tres de confidentialit\u00e9 du logiciel Matomo sur le lien suivant : <a href=\"https:\/\/matomo.org\/docs\/privacy\/\">https:\/\/matomo.org\/docs\/privacy\/.<\/a>   <\/p>\n\n\n\n<div id=\"matomo-opt-out\"><\/div>\n<script>    \n    var settings = {\"showIntro\":true,\"divId\":\"matomo-opt-out\",\"useSecureCookies\":true,\"cookiePath\":null,\"cookieDomain\":null,\"cookieSameSite\":\"Lax\",\"OptOutComplete\":\"Opt-out abgeschlossen; Ihre Besuche auf dieser Webseite werden nicht vom Webanalysetool erfasst.\",\"OptOutCompleteBis\":\"Bitte beachten Sie, dass auch der Matomo-Deaktivierungs-Cookie dieser Webseite gel\\u00f6scht wird, wenn Sie die in Ihrem Browser abgelegten Cookies entfernen. Au\\u00dferdem m\\u00fcssen Sie, wenn Sie einen anderen Computer oder einen anderen Webbrowser verwenden, die Deaktivierungsprozedur nochmals absolvieren.\",\"YouMayOptOut2\":\"Sie haben die M\\u00f6glichkeit zu verhindern, dass von Ihnen hier get\\u00e4tigte Aktionen analysiert und verkn\\u00fcpft werden.\",\"YouMayOptOut3\":\"Dies wird Ihre Privatsph\\u00e4re sch\\u00fctzen, aber wird auch den Besitzer daran hindern, aus Ihren Aktionen zu lernen und die Bedienbarkeit f\\u00fcr Sie und andere Benutzer zu verbessern.\",\"OptOutErrorNoCookies\":\"Die Tracking opt-out Funktion ben\\u00f6tigt aktivierte Cookies.\",\"OptOutErrorNotHttps\":\"Die Tracking opt-out Funktion wird m\\u00f6glicherweise nicht funktionieren, weil diese Seite nicht \\u00fcber HTTPS geladen wurde. Bitte die Seite neu laden um zu pr\\u00fcfen ob der opt out Status ge\\u00e4ndert hat.\",\"YouAreNotOptedOut\":\"Ihr Besuch dieser Webseite wird aktuell von der Matomo Webanalyse erfasst.\",\"UncheckToOptOut\":\"Diese Checkbox abw\\u00e4hlen f\\u00fcr Opt-Out.\",\"YouAreOptedOut\":\"Ihr Besuch dieser Webseite wird aktuell von der Matomo Webanalyse nicht erfasst.\",\"CheckToOptIn\":\"Diese Checkbox aktivieren f\\u00fcr Opt-In.\"};         \n    document.addEventListener('DOMContentLoaded', function() {                             \n        window.MatomoConsent.init(settings.useSecureCookies, settings.cookiePath, settings.cookieDomain, settings.cookieSameSite);                \n        showContent(window.MatomoConsent.hasConsent());        \n    });    \n    \n    \n        function showContent(consent, errorMessage = null, useTracker = false) {\n    \n            var errorBlock = '<p style=\"color: red; font-weight: bold;\">';\n    \n            var div = document.getElementById(settings.divId);\n            if (!div) {\n                var warningDiv = document.createElement(\"div\");\n                var msg = 'Unable to find opt-out content div: \"'+settings.divId+'\"';\n                warningDiv.id = settings.divId+'-warning';\n                warningDiv.innerHTML = errorBlock+msg+'';\n                document.body.insertBefore(warningDiv, document.body.firstChild);\n                console.log(msg);\n                return;\n            }\n            \n            if (!navigator || !navigator.cookieEnabled) {\n                div.innerHTML = errorBlock+settings.OptOutErrorNoCookies+'';\n                return;\n            }\n\n            if (errorMessage !== null) {\n                div.innerHTML = errorBlock+errorMessage+'';\n                return;\n            }\n\n            var content = '';        \n\n            if (location.protocol !== 'https:') {\n                content += errorBlock + settings.OptOutErrorNotHttps + '';\n            }\n\n            if (consent) {\n                if (settings.showIntro) {\n                    content += '<p>'+settings.YouMayOptOut2+' '+settings.YouMayOptOut3+'';                       \n                }\n                if (useTracker) {\n                    content += '<input onclick=\"_paq.push(['optUserOut']);showContent(false, null, true);\" id=\"trackVisits\" type=\"checkbox\" checked=\"checked\" \/>';\n                } else {\n                    content += '<input onclick=\"window.MatomoConsent.consentRevoked();showContent(false);\" id=\"trackVisits\" type=\"checkbox\" checked=\"checked\" \/>';\n                }\n                content += '<label for=\"trackVisits\"><strong><span>'+settings.YouAreNotOptedOut+' '+settings.UncheckToOptOut+'';                               \n            } else {\n                if (settings.showIntro) {\n                    content += '<p>'+settings.OptOutComplete+' '+settings.OptOutCompleteBis+'';\n                }\n                if (useTracker) {\n                    content += '<input onclick=\"_paq.push(['forgetUserOptOut']);showContent(true, null, true);\" id=\"trackVisits\" type=\"checkbox\" \/>';\n                } else {\n                    content += '<input onclick=\"window.MatomoConsent.consentGiven();showContent(true);\" id=\"trackVisits\" type=\"checkbox\" \/>';\n                }\n                content += '<label for=\"trackVisits\"><strong><span>'+settings.YouAreOptedOut+' '+settings.CheckToOptIn+'';\n            }                   \n            div.innerHTML = content;      \n        };   \n\n        window.MatomoConsent = {                         \n            cookiesDisabled: (!navigator || !navigator.cookieEnabled),        \n            CONSENT_COOKIE_NAME: 'mtm_consent', CONSENT_REMOVED_COOKIE_NAME: 'mtm_consent_removed', \n            cookieIsSecure: false, useSecureCookies: true, cookiePath: '', cookieDomain: '', cookieSameSite: 'Lax',     \n            init: function(useSecureCookies, cookiePath, cookieDomain, cookieSameSite) {\n                this.useSecureCookies = useSecureCookies; this.cookiePath = cookiePath;\n                this.cookieDomain = cookieDomain; this.cookieSameSite = cookieSameSite;\n                if(useSecureCookies && location.protocol !== 'https:') {\n                    console.log('Error with setting useSecureCookies: You cannot use this option on http.');             \n                } else {\n                    this.cookieIsSecure = useSecureCookies;\n                }\n            },               \n            hasConsent: function() {\n                var consentCookie = this.getCookie(this.CONSENT_COOKIE_NAME);\n                var removedCookie = this.getCookie(this.CONSENT_REMOVED_COOKIE_NAME);\n                if (!consentCookie && !removedCookie) {\n                    return true; \/\/ No cookies set, so opted in\n                }\n                if (removedCookie && consentCookie) {                \n                    this.setCookie(this.CONSENT_COOKIE_NAME, '', -129600000);              \n                    return false;\n                }                \n                return (consentCookie || consentCookie !== 0);            \n            },        \n            consentGiven: function() {                                                        \n                this.setCookie(this.CONSENT_REMOVED_COOKIE_NAME, '', -129600000);\n                this.setCookie(this.CONSENT_COOKIE_NAME, new Date().getTime(), 946080000000);\n            },      \n            consentRevoked: function() {    \n                this.setCookie(this.CONSENT_COOKIE_NAME, '', -129600000);\n                this.setCookie(this.CONSENT_REMOVED_COOKIE_NAME, new Date().getTime(), 946080000000);                \n            },                   \n            getCookie: function(cookieName) {            \n                var cookiePattern = new RegExp('(^|;)[ ]*' + cookieName + '=([^;]*)'), cookieMatch = cookiePattern.exec(document.cookie);\n                return cookieMatch ? window.decodeURIComponent(cookieMatch[2]) : 0;\n            },        \n            setCookie: function(cookieName, value, msToExpire) {                       \n                var expiryDate = new Date();\n                expiryDate.setTime((new Date().getTime()) + msToExpire);            \n                document.cookie = cookieName + '=' + window.encodeURIComponent(value) +\n                    (msToExpire ? ';expires=' + expiryDate.toGMTString() : '') +\n                    ';path=' + (this.cookiePath || '\/') +\n                    (this.cookieDomain ? ';domain=' + this.cookieDomain : '') +\n                    (this.cookieIsSecure ? ';secure' : '') +\n                    ';SameSite=' + this.cookieSameSite;               \n                if ((!msToExpire || msToExpire >= 0) && this.getCookie(cookieName) !== String(value)) {\n                    console.log('There was an error setting cookie `' + cookieName + '`. Please check domain and path.');                \n                }\n            }\n        };           \n<\/script>\n\n\n\n<p><\/p>\n\n\n\n<div class=\"wp-block-pixel-headline headlines is-subheadline-top has-text-align-left\"><h4 class=\"headline\" style=\"color:\"><strong><strong><strong><strong><strong><strong><strong><strong><strong><strong><strong><strong><strong><strong>2.8 Contenus et services de tiers<\/strong><\/strong><\/strong><\/strong><\/strong><\/strong><\/strong><\/strong><\/strong><\/strong><\/strong><\/strong><\/strong><\/strong><\/h4><\/div>\n\n\n\n<p>Sur la base de notre int\u00e9r\u00eat l\u00e9gitime conform\u00e9ment \u00e0 l&#8217;art. 6, al. 1 lit. Conform\u00e9ment \u00e0 l&#8217;art. f du RGPD de l&#8217;UE, notre offre en ligne int\u00e8gre des contenus, des services et des prestations d&#8217;autres fournisseurs qui compl\u00e8tent notre offre. En utilisant les services mentionn\u00e9s ci-dessous, nous voulons garantir une conception adapt\u00e9e aux besoins et une optimisation continue de notre site web. Dans la mesure o\u00f9 nous demandons votre consentement pour l&#8217;utilisation de ces services, la base juridique est l&#8217;art. 6 al. 1 lit. a RGPD de l&#8217;UE.<\/p>\n\n\n\n<p><a id=\"_msocom_1\"><\/a><strong>Gestionnaire de balises Google<\/strong><\/p>\n\n\n\n<p>Sur notre site web, nous utilisons le Google Tag Manager. Google Tag Manager est une solution de Google Ireland Limited, Gordon House, Barrow Street, Dublin 4 Irlande, qui nous permet de g\u00e9rer les balises du site web via une interface. L&#8217;outil lui-m\u00eame (qui met en \u0153uvre les balises) est un domaine sans cookie qui ne collecte pas de donn\u00e9es personnelles. Le Google Tag Manager assure le d\u00e9clenchement d&#8217;autres balises qui, \u00e0 leur tour, peuvent collecter des donn\u00e9es. Le Google Tag Manager n&#8217;acc\u00e8de pas \u00e0 ces donn\u00e9es. Si une d\u00e9sactivation a \u00e9t\u00e9 effectu\u00e9e par l&#8217;utilisateur au niveau du domaine ou du cookie, elle reste valable pour toutes les balises de suivi mises en \u0153uvre avec Google Tag Manager. Les balises utilis\u00e9es sont nomm\u00e9es s\u00e9par\u00e9ment ci-dessous et peuvent \u00eatre modifi\u00e9es individuellement par vos soins dans les param\u00e8tres de protection des donn\u00e9es, par exemple en d\u00e9sactivant les cookies pour ces \u00e9l\u00e9ments. Pour plus d&#8217;informations <a href=\"https:\/\/www.google.com\/policies\/privacy\/\" target=\"_blank\" rel=\"noreferrer noopener\">: https:\/\/www.google.com\/policies\/privacy\/.<\/a><\/p>\n\n\n\n<p><a id=\"_msocom_1\"><\/a><strong>Tag LinkedIn Insight<\/strong><\/p>\n\n\n\n<p>Notre site utilise l&#8217;outil de conversion &#8220;LinkedIn Insight Tag&#8221; de LinkedIn Ireland Unlimited Company. Cet outil cr\u00e9e un cookie dans votre navigateur Web qui permet de collecter, entre autres, les donn\u00e9es suivantes : adresse IP, caract\u00e9ristiques de l&#8217;appareil et du navigateur et \u00e9v\u00e9nements de la page (par exemple, pages consult\u00e9es). Ces donn\u00e9es sont crypt\u00e9es, anonymis\u00e9es dans les sept jours et les donn\u00e9es anonymis\u00e9es sont supprim\u00e9es dans les 90 jours. LinkedIn ne partage pas de donn\u00e9es personnelles avec nous, mais fournit des rapports anonymes sur l&#8217;audience du site et les performances d&#8217;affichage. En outre, LinkedIn offre la possibilit\u00e9 d&#8217;un reciblage par le biais de l&#8217;Insight Tag. Nous pouvons utiliser ces donn\u00e9es pour afficher des publicit\u00e9s cibl\u00e9es en dehors de notre site web, sans que vous ne soyez identifi\u00e9 en tant que visiteur du site. Vous trouverez de plus amples informations sur la protection des donn\u00e9es chez LinkedIn dans la d\u00e9claration de confidentialit\u00e9 de LinkedIn.      <\/p>\n\n\n\n<p><a href=\"https:\/\/de.linkedin.com\/legal\/privacy-policy\">https:\/\/de.linkedin.com\/legal\/privacy-policy<\/a> [site externe]<\/p>\n\n\n\n<p>Les membres de LinkedIn peuvent contr\u00f4ler l&#8217;utilisation de leurs donn\u00e9es personnelles \u00e0 des fins publicitaires dans les param\u00e8tres de leur compte. Pour d\u00e9sactiver le tag Insight sur notre site web (&#8220;opt-out&#8221;), cliquez ici. <\/p>\n\n\n\n<p><a href=\"https:\/\/www.linkedin.com\/psettings\/guest-controls\/retargeting-opt-out\">https:\/\/www.linkedin.com\/psettings\/guest-controls\/retargeting-opt-out<\/a> [site externe]<\/p>\n\n\n\n<p><strong>Microsoft Bing Ads \/ Microsoft Advertising<\/strong><\/p>\n\n\n\n<p>Le site utilise la fonction de remarketing &#8220;Bing Ads&#8221; de Microsoft Corporation One Microsoft Way, Redmond, WA 98052-6399, \u00c9tats-Unis. (&#8220;Microsoft Advertising&#8221;). Dans ce cadre, Microsoft Bing Ads enregistre un cookie sur votre ordinateur dans la mesure o\u00f9 vous avez acc\u00e9d\u00e9 \u00e0 notre site Web via une annonce dans le moteur de recherche Microsoft Bing. Microsoft Bing et nous-m\u00eames pouvons ainsi reconna\u00eetre que quelqu&#8217;un a cliqu\u00e9 sur une annonce, a \u00e9t\u00e9 redirig\u00e9 vers notre site Web et a atteint une page de destination pr\u00e9d\u00e9finie (page de conversion). Nous ne connaissons que le nombre total d&#8217;utilisateurs qui ont cliqu\u00e9 sur une annonce Bing et qui ont ensuite \u00e9t\u00e9 redirig\u00e9s vers la page de conversion. Aucune information personnelle sur l&#8217;identit\u00e9 de l&#8217;utilisateur n&#8217;est communiqu\u00e9e.     <br><br>Nous n&#8217;utilisons ce service que si vous avez consenti \u00e0 son utilisation. La base juridique du traitement correspondant de vos donn\u00e9es est l&#8217;article 6, paragraphe 1, phrase 1, point a) du RGPD. Vous pouvez r\u00e9voquer votre consentement \u00e0 tout moment. Si vous ne souhaitez pas que des informations sur votre comportement soient utilis\u00e9es par Microsoft comme expliqu\u00e9 ci-dessus, vous pouvez refuser l&#8217;installation d&#8217;un cookie n\u00e9cessaire \u00e0 cet effet &#8211; par exemple en param\u00e9trant votre navigateur de mani\u00e8re \u00e0 d\u00e9sactiver l&#8217;installation automatique de cookies. Vous pouvez en outre emp\u00eacher la collecte des donn\u00e9es g\u00e9n\u00e9r\u00e9es par le cookie et relatives \u00e0 votre utilisation du site web ainsi que le traitement de ces donn\u00e9es par Microsoft en cliquant sur le lien suivant : <a href=\"http:\/\/choice.microsoft.com\/de-DE\/opt-out\" target=\"_blank\" rel=\"noreferrer noopener\">http:\/\/choice.microsoft.com\/de-DE\/opt-out<\/a> pour exprimer votre opposition. Pour plus d&#8217;informations sur la protection des donn\u00e9es et les cookies utilis\u00e9s par Microsoft et Bing Ads, veuillez consulter le site web de Microsoft \u00e0 l&#8217;adresse <a href=\"https:\/\/privacy.microsoft.com\/de-de\/privacystatement\" target=\"_blank\" rel=\"noreferrer noopener\">https:\/\/privacy.microsoft.com\/de-de\/privacystatement<\/a>.       <\/p>\n\n\n\n<p><strong><strong>Prise de rendez-vous en ligne \/ Terminland.de<\/strong><\/strong><\/p>\n\n\n\n<p>Vous avez la possibilit\u00e9 de prendre rendez-vous avec nous via un calendrier en ligne. Pour utiliser le calendrier en ligne, nous avons besoin de votre num\u00e9ro de t\u00e9l\u00e9phone ou de votre adresse e-mail. Vous pouvez communiquer d&#8217;autres informations, mais vous n&#8217;y \u00eates pas oblig\u00e9. En envoyant le formulaire, vous acceptez que les donn\u00e9es que vous avez fournies soient enregistr\u00e9es par voie \u00e9lectronique. La base juridique du traitement est l&#8217;art. 6, par. 1, let. b du RGPD dans le cadre d&#8217;une relation contractuelle, sinon l&#8217;art. 6, par. 1, let. f du RGPD. L&#8217;exploitant du site web a un int\u00e9r\u00eat l\u00e9gitime \u00e0 mener l&#8217;\u00e9change que vous souhaitez ou \u00e0 traiter votre demande de mani\u00e8re appropri\u00e9e. Dans cette mesure, nous utilisons vos donn\u00e9es exclusivement pour le traitement de votre demande.<\/p>\n\n\n\n<p>Pour le traitement de votre demande de contact dans le calendrier en ligne, nous utilisons l&#8217;offre de terminland.de propos\u00e9e par Terminland GmbH, Kreuzberger Ring 44a, 65205 Wiesbaden, Allemagne. Vos donn\u00e9es sont trait\u00e9es sur les serveurs h\u00e9berg\u00e9s par Terminland exclusivement en Allemagne ainsi que dans le champ d&#8217;application du RGPD. Nous avons en outre conclu avec Terminland des accords de protection des donn\u00e9es correspondants, par lesquels nous obligeons le prestataire \u00e0 traiter les donn\u00e9es de nos clients strictement selon nos instructions, \u00e0 les prot\u00e9ger et \u00e0 ne pas les transmettre \u00e0 des tiers. Terminland GmbH prend d&#8217;autres mesures de protection technique pour prot\u00e9ger les donn\u00e9es \u00e0 caract\u00e8re personnel. Aucune transmission de donn\u00e9es \u00e0 caract\u00e8re personnel \u00e0 des tiers au sens de l&#8217;art. 4, point 10 du RGPD n&#8217;a lieu.<\/p>\n\n\n\n<p><strong>OpenStreetMap<\/strong><\/p>\n\n\n\n<p>Nous utilisons le service de cartographie OpenStreetMap pour l&#8217;affichage de cartes. OpenStreetMap est propos\u00e9 par la Fondation OpenStreetMap (OSMF) sur la base de la licence Open Data Commons Open Database (ODbL). \u00c0 cette occasion, le fournisseur utilise les donn\u00e9es des utilisateurs \u00e0 des fins de pr\u00e9sentation des fonctions cartographiques et de mise en m\u00e9moire tampon des param\u00e8tres choisis. Ces donn\u00e9es incluent, par exemple, l&#8217;adresse IP et les donn\u00e9es de localisation de l&#8217;utilisateur. L&#8217;utilisation d&#8217;OpenStreetMap a lieu dans l&#8217;int\u00e9r\u00eat d&#8217;une pr\u00e9sentation attrayante de nos offres en ligne et d&#8217;une localisation facile des lieux indiqu\u00e9s par nos soins sur le site web.<\/p>\n\n\n\n<p>Vous trouverez des d\u00e9tails complets sur le site web : <a href=\"https:\/\/www.openstreetmap.de\" target=\"_blank\" rel=\"noreferrer noopener\">https:\/\/www.openstreetmap.de<\/a> et dans la politique de confidentialit\u00e9 sous : <a href=\"https:\/\/wiki.openstreetmap.org\/wiki\/Privacy_Policy\" target=\"_blank\" rel=\"noreferrer noopener\">https:\/\/wiki.openstreetmap.org\/wiki\/Privacy_Policy<\/a>.<\/p>\n\n\n\n<p><strong><strong>Google Ads \/ Fonction de remarketing<\/strong><\/strong><\/p>\n\n\n\n<p>Nous utilisons sur notre site web la fonction de remarketing de Google Ireland Limited (Gordon House, Barrow Street, Dublin 4, Irlande). Cette application a pour but d&#8217;analyser le comportement et les int\u00e9r\u00eats des visiteurs. Google utilise des cookies pour effectuer l&#8217;analyse de l&#8217;utilisation du site web, qui sert de base \u00e0 la cr\u00e9ation d&#8217;annonces publicitaires bas\u00e9es sur les int\u00e9r\u00eats. Les cookies permettent d&#8217;enregistrer les visites sur le site ainsi que des donn\u00e9es anonymis\u00e9es sur l&#8217;utilisation du site. Aucune donn\u00e9e \u00e0 caract\u00e8re personnel concernant les visiteurs du site n&#8217;est stock\u00e9e. Si vous visitez ult\u00e9rieurement un autre site web du R\u00e9seau Display de Google, des annonces publicitaires s&#8217;afficheront, lesquelles tiendront tr\u00e8s probablement compte des cat\u00e9gories de produits et d&#8217;informations consult\u00e9es pr\u00e9c\u00e9demment.<\/p>\n\n\n\n<p>Vos donn\u00e9es peuvent, le cas \u00e9ch\u00e9ant, \u00eatre transmises aux \u00c9tats-Unis. La transmission des donn\u00e9es s&#8217;effectue notamment sur la base de clauses contractuelles types en tant que garanties appropri\u00e9es pour la protection des donn\u00e9es \u00e0 caract\u00e8re personnel, consultables \u00e0 l&#8217;adresse suivante : <a target=\"_blank\" rel=\"noreferrer noopener\" href=\"https:\/\/policies.google.com\/privacy\/frameworks\">https:\/\/policies.google.com\/privacy\/frameworks<\/a>.<\/p>\n\n\n\n<p>L&#8217;utilisation de cookies ou de technologies comparables s&#8217;effectue avec votre consentement sur la base de l&#8217;article 25, alin\u00e9a 1, phrase 1 de la TDDDG en relation avec l&#8217;article 6, paragraphe 1, lettre a du RGPD. Le traitement de vos donn\u00e9es \u00e0 caract\u00e8re personnel s&#8217;effectue avec votre consentement sur la base de l&#8217;article 6, paragraphe 1, lettre a du RGPD. Vous pouvez retirer votre consentement \u00e0 tout moment, sans que cela n&#8217;affecte la lic\u00e9it\u00e9 du traitement effectu\u00e9 sur la base du consentement jusqu&#8217;au retrait.<\/p>\n\n\n\n<p>Pour plus d&#8217;informations sur Google Remarketing et la politique de confidentialit\u00e9 correspondante, veuillez consulter : <a target=\"_blank\" rel=\"noreferrer noopener\" href=\"https:\/\/www.google.com\/privacy\/ads\/\">https:\/\/www.google.com\/privacy\/ads\/<\/a>.<\/p>\n\n\n\n<p><strong>Friendly Captcha<\/strong><\/p>\n\n\n\n<p>(1) Sur notre site web, nous utilisons Friendly Captcha, un service fourni par Friendly Captcha GmbH, Am Anger 3\u20135, 82237 W\u00f6rthsee, Allemagne. Friendly Captcha GmbH agit en tant que sous-traitant (au sens du RGPD).<\/p>\n\n\n\n<p>La base juridique de l\u2019utilisation de Friendly Captcha est l\u2019article 6, paragraphe 1, point f) du RGPD. Notre int\u00e9r\u00eat l\u00e9gitime consiste \u00e0 prot\u00e9ger le site web contre l\u2019exploration automatis\u00e9e abusive (crawling) et le spam.<\/p>\n\n\n\n<p>(2) Friendly Captcha est une solution de protection anti-spam respectueuse de la vie priv\u00e9e, destin\u00e9e \u00e0 rendre plus difficile l\u2019utilisation des sites web par des programmes et scripts automatis\u00e9s (dits \u00ab bots \u00bb). Friendly Captcha prot\u00e8ge ainsi les sites web contre les abus.<\/p>\n\n\n\n<p>(3) \u00c0 cette fin, nous avons int\u00e9gr\u00e9, dans certaines zones de notre site web (par exemple un formulaire de contact), un code de programme de Friendly Captcha. Cela a pour effet que l\u2019appareil terminal du visiteur, en lien avec la zone prot\u00e9g\u00e9e (p. ex. l\u2019envoi d\u2019un formulaire de contact), \u00e9tablit une connexion avec les serveurs de Friendly Captcha.<\/p>\n\n\n\n<p>(4) Le navigateur du visiteur re\u00e7oit de Friendly Captcha un d\u00e9fi de calcul. La complexit\u00e9 de ce d\u00e9fi d\u00e9pend de diff\u00e9rents facteurs de risque. L\u2019appareil terminal du visiteur r\u00e9sout le d\u00e9fi, ce qui mobilise certaines ressources syst\u00e8me, puis envoie le r\u00e9sultat \u00e0 notre serveur web. Celui-ci contacte ensuite le serveur de Friendly Captcha via une interface et re\u00e7oit en r\u00e9ponse une indication permettant de savoir si l\u2019\u00e9nigme a \u00e9t\u00e9 correctement r\u00e9solue par l\u2019appareil terminal.<\/p>\n\n\n\n<p>(5) Par ailleurs, le navigateur du visiteur transmet \u00e0 Friendly Captcha des donn\u00e9es de connexion, des donn\u00e9es d\u2019environnement, des donn\u00e9es d\u2019interaction et des donn\u00e9es fonctionnelles. Friendly Captcha analyse ces donn\u00e9es afin d\u2019\u00e9valuer la probabilit\u00e9 qu\u2019il s\u2019agisse d\u2019un utilisateur humain ou d\u2019un bot, puis transmet le r\u00e9sultat \u00e0 notre serveur web.<\/p>\n\n\n\n<p>(6) Friendly Captcha ne stocke aucune donn\u00e9e personnelle du visiteur. Les donn\u00e9es susceptibles d\u2019identifier le visiteur (telles que les adresses IP) sont anonymis\u00e9es au moyen d\u2019un hachage \u00e0 sens unique. Friendly Captcha n\u2019utilise pas de cookies HTTP et ne stocke aucune donn\u00e9e dans le stockage persistant du navigateur. Friendly Captcha n\u2019utilise pas ces donn\u00e9es pour identifier une personne physique ni \u00e0 des fins marketing. Toutes les donn\u00e9es sont utilis\u00e9es exclusivement pour la d\u00e9tection et le traitement des bots et risques potentiels d\u00e9crits ci-dessus. La finalit\u00e9 du traitement est donc d\u2019assurer la s\u00e9curit\u00e9 et le bon fonctionnement des sites web.<\/p>\n\n\n\n<p>Pour plus d\u2019informations sur la protection des donn\u00e9es chez Friendly Captcha, veuillez consulter :<\/p>\n\n\n\n<p> <div class=\"brlbs-cmpnt-container brlbs-cmpnt-content-blocker brlbs-cmpnt-with-individual-styles\" data-borlabs-cookie-content-blocker-id=\"default\" data-borlabs-cookie-content=\"PGJsb2NrcXVvdGUgY2xhc3M9IndwLWVtYmVkZGVkLWNvbnRlbnQiIGRhdGEtc2VjcmV0PSJjN2dveXBtRDRKIj48YSBocmVmPSJodHRwczovL2ZyaWVuZGx5Y2FwdGNoYS5jb20vZGUvcHJpdmFjeS8iPkRhdGVuc2NodXR6a29uZm9ybWVzIENBUFRDSEE8L2E+PC9ibG9ja3F1b3RlPjxpZnJhbWUgY2xhc3M9IndwLWVtYmVkZGVkLWNvbnRlbnQiIHNhbmRib3g9ImFsbG93LXNjcmlwdHMiIHNlY3VyaXR5PSJyZXN0cmljdGVkIiBzdHlsZT0icG9zaXRpb246IGFic29sdXRlOyB2aXNpYmlsaXR5OiBoaWRkZW47IiB0aXRsZT0i4oCeRGF0ZW5zY2h1dHprb25mb3JtZSBDQVBUQ0hB4oCcIC0gRnJpZW5kbHkgQ2FwdGNoYSIgc3JjPSJodHRwczovL2ZyaWVuZGx5Y2FwdGNoYS5jb20vZGUvcHJpdmFjeS9lbWJlZC8jP3NlY3JldD1zWGNqdmp2N3A4Iz9zZWNyZXQ9Yzdnb3lwbUQ0SiIgZGF0YS1zZWNyZXQ9ImM3Z295cG1ENEoiIHdpZHRoPSI2MDAiIGhlaWdodD0iMzM4IiBmcmFtZWJvcmRlcj0iMCIgbWFyZ2lud2lkdGg9IjAiIG1hcmdpbmhlaWdodD0iMCIgc2Nyb2xsaW5nPSJubyI+PC9pZnJhbWU+\"><div class=\"brlbs-cmpnt-cb-preset-a\"> <p class=\"brlbs-cmpnt-cb-description\">Vous \u00eates actuellement en train de consulter le contenu d&#8217;un espace r\u00e9serv\u00e9 de <strong>Par d\u00e9faut<\/strong>. Pour acc\u00e9der au contenu r\u00e9el, cliquez sur le bouton ci-dessous. Veuillez noter que ce faisant, des donn\u00e9es seront partag\u00e9es avec des providers tiers.<\/p> <div class=\"brlbs-cmpnt-cb-buttons\"> <a class=\"brlbs-cmpnt-cb-btn\" href=\"#\" data-borlabs-cookie-unblock role=\"button\">D\u00e9bloquer le contenu<\/a> <a class=\"brlbs-cmpnt-cb-btn\" href=\"#\" data-borlabs-cookie-accept-service role=\"button\" style=\"display: none\">Accepter le service requis et d\u00e9bloquer les contenus<\/a> <\/div> <a class=\"brlbs-cmpnt-cb-provider-toggle\" href=\"#\" data-borlabs-cookie-show-provider-information role=\"button\">Plus d&#8217;informations<\/a> <\/div><\/div>\n<\/p>\n\n\n\n<p><strong>Vimeo<\/strong><\/p>\n\n\n\n<p>Des vid\u00e9os de la plateforme Vimeo sont int\u00e9gr\u00e9es \u00e0 notre site web. Vimeo est exploit\u00e9 par Vimeo, LLC, dont le si\u00e8ge social est situ\u00e9 au 555 West 18th Street, New York, New York 10011. Ce faisant, des informations sur l&#8217;utilisation de notre site web sont communiqu\u00e9es au serveur de Google. Si vous \u00eates connect\u00e9 \u00e0 Vimeo en tant que membre, Vimeo associe ces informations \u00e0 votre compte d&#8217;utilisateur personnel. Vous pouvez emp\u00eacher cette attribution en vous d\u00e9connectant de votre compte d&#8217;utilisateur Vimeo avant d&#8217;utiliser notre site Internet et en supprimant les cookies correspondants de Vimeo. Vous trouverez de plus amples informations sur le traitement des donn\u00e9es et des indications sur la protection des donn\u00e9es par Vimeo sur le site <a href=\"http:\/\/?\">https:\/\/vimeo.com\/privacy.<\/a><\/p>\n\n\n\n<p>Comme Vimeo peut utiliser Google Analytics, nous renvoyons \u00e0 ce sujet \u00e0 la d\u00e9claration de confidentialit\u00e9 de Google<a href=\"http:\/\/?\">(https:\/\/www.google.com\/policies\/privacy)<\/a> ainsi qu&#8217;aux possibilit\u00e9s d&#8217;opt-out pour Google-Analytics<a href=\"http:\/\/?\">(http:\/\/tools.google.com\/dlpage\/gaoptout?hl=de)<\/a>.<\/p>\n\n\n\n<p><strong>Utilisation de chatbots<\/strong><\/p>\n\n\n\n<p>Sur notre site web, nous utilisons un chatbot assist\u00e9 par IA afin d&#8217;offrir aux visiteurs une possibilit\u00e9 simple d&#8217;obtenir des informations et de nous contacter. En principe, le chatbot ne traite aucune donn\u00e9e \u00e0 caract\u00e8re personnel. En particulier, aucune adresse IP, donn\u00e9e de localisation, information sur l&#8217;appareil ou autre donn\u00e9e d&#8217;acc\u00e8s des visiteurs du site web n&#8217;est collect\u00e9e ou enregistr\u00e9e. Les donn\u00e9es \u00e0 caract\u00e8re personnel ne sont trait\u00e9es que si vous les saisissez volontairement et de mani\u00e8re autonome dans le cadre de l&#8217;utilisation du chatbot (par ex. nom, adresse e-mail ou autres indications au sein du dialogue de chat).<\/p>\n\n\n\n<p>Les contenus saisis par l&#8217;utilisateur sont trait\u00e9s exclusivement pendant la session active afin de permettre une r\u00e9ponse contextuelle \u00e0 la demande. Le chatbot dispose uniquement d&#8217;une fonction de m\u00e9morisation de session \u00e0 court terme ; une fois la session termin\u00e9e, le contexte de la conversation est rejet\u00e9 et n&#8217;est ni enregistr\u00e9 ni utilis\u00e9 \u00e0 d&#8217;autres fins. Les saisies ne sont pas utilis\u00e9es pour l&#8217;entra\u00eenement de mod\u00e8les d&#8217;IA, pour le profilage, \u00e0 des fins d&#8217;analyse ou de publicit\u00e9, ni pour un stockage permanent. Aucune prise de d\u00e9cision automatis\u00e9e au sens de l&#8217;art. 22 du RGPD n&#8217;a lieu.<\/p>\n\n\n\n<p>La mise \u00e0 disposition technique et l&#8217;h\u00e9bergement sont effectu\u00e9s au sein de l&#8217;UE par un sous-traitant avec lequel nous avons conclu un contrat de sous-traitance conform\u00e9ment \u00e0 l&#8217;art. 28 du RGPD. Celui-ci garantit qu&#8217;en cas de saisie de donn\u00e9es \u00e0 caract\u00e8re personnel, celles-ci sont trait\u00e9es exclusivement selon nos instructions et dans le respect du RGPD.<\/p>\n\n\n\n<p>Le traitement est effectu\u00e9 sur la base de notre int\u00e9r\u00eat l\u00e9gitime, conform\u00e9ment \u00e0 l&#8217;art. 6, par. 1, let. f du RGPD, \u00e0 fournir une communication efficace, moderne et conviviale. Si votre demande vise \u00e0 l&#8217;initiation ou \u00e0 l&#8217;ex\u00e9cution d&#8217;une relation contractuelle, le traitement peut en outre s&#8217;appuyer sur l&#8217;art. 6, par. 1, let. b du RGPD. Si un consentement correspondant a \u00e9t\u00e9 demand\u00e9, le traitement s&#8217;effectue sur la base de l&#8217;art. 6, par. 1, let. a du RGPD. Cela inclut notamment les informations \u00e0 caract\u00e8re personnel fournies volontairement. Le consentement peut \u00eatre r\u00e9voqu\u00e9 \u00e0 tout moment.<\/p>\n\n\n\n<p>Les donn\u00e9es transmises volontairement dans le cadre de l&#8217;utilisation sont supprim\u00e9es d\u00e8s qu&#8217;elles ne sont plus n\u00e9cessaires aux fins mentionn\u00e9es ou que vous nous demandez de les supprimer, \u00e0 moins que des obligations l\u00e9gales de conservation ne s&#8217;y opposent.<\/p>\n\n\n\n<p><strong>Calendly<\/strong><\/p>\n\n\n\n<p>Sur notre site web, vous avez la possibilit\u00e9 de prendre rendez-vous avec nous. Pour la r\u00e9servation de rendez-vous, nous utilisons l&#8217;outil \u00ab Calendly \u00bb. Le fournisseur est Calendly LLC, 271 17th St NW, 10th Floor, Atlanta, Georgi<sup><\/sup>a 30363, USA (ci-ap<sup><\/sup>r\u00e8s \u00ab Calendly \u00bb<sup><\/sup>).<\/p>\n\n\n\n<p>Aux fins de la r\u00e9servation de rendez-vous, vous saisissez les donn\u00e9es demand\u00e9es ainsi que la date de votre choix dans le masque de r\u00e9servation pr\u00e9vu \u00e0 cet effet. Sont notamment trait\u00e9s votre nom, votre adresse e-mail ainsi que, le cas \u00e9ch\u00e9ant, d&#8217;autres informations n\u00e9cessaires \u00e0 la pr\u00e9paration, \u00e0 la r\u00e9alisation et, si n\u00e9cessaire, au suivi du rendez-vous. Le traitement des donn\u00e9es s&#8217;effectue exclusivement pour l&#8217;organisation et la r\u00e9alisation de la prise de rendez-vous.<\/p>\n\n\n\n<p>La base juridique du traitement des donn\u00e9es est l&#8217;art. 6, par. 1, let. f du RGPD, car nous avons un int\u00e9r\u00eat l\u00e9gitime \u00e0 une organisation des rendez-vous efficace et conviviale avec les personnes int\u00e9ress\u00e9es et les clients. Si un consentement est demand\u00e9 dans le cadre de l&#8217;utilisation de Calendly, le traitement s&#8217;effectue sur la base de l&#8217;art. 6, par. 1, let. a du RGPD.<\/p>\n\n\n\n<p>Nous avons conclu avec Calendly un contrat de sous-traitance qui garantit que Calendly traite les donn\u00e9es \u00e0 caract\u00e8re personnel exclusivement selon nos instructions et dans le respect du RGPD. Calendly traite \u00e9galement des donn\u00e9es \u00e0 caract\u00e8re personnel aux \u00c9tats-Unis. Le transfert s&#8217;effectue sur la base de la d\u00e9cision d&#8217;ad\u00e9quation de la Commission europ\u00e9enne pour le cadre de protection des donn\u00e9es UE-\u00c9tats-Unis (EU-US Data Privacy Framework) conform\u00e9ment \u00e0 l&#8217;art. 45 du RGPD ; Calendly, LLC est certifi\u00e9e en tant que participant actif au cadre de protection des donn\u00e9es UE-\u00c9tats-Unis. En compl\u00e9ment, Calendly appuie les transferts de donn\u00e9es sur les clauses contractuelles types approuv\u00e9es par la Commission europ\u00e9enne conform\u00e9ment \u00e0 l&#8217;art. 46 du RGPD. Vous trouverez des d\u00e9tails ici : <a target=\"_blank\" rel=\"noreferrer noopener\" href=\"https:\/\/calendly.com\/pages\/dpa\">https:\/\/calendly.com\/pages\/dpa<\/a>.<\/p>\n\n\n\n<p>Les donn\u00e9es que vous avez saisies seront supprim\u00e9es d\u00e8s qu&#8217;elles ne seront plus n\u00e9cessaires aux fins mentionn\u00e9es, que vous r\u00e9voquerez votre consentement ou que vous demanderez leur suppression, \u00e0 moins que des obligations l\u00e9gales de conservation ne s&#8217;y opposent.<\/p>\n\n\n\n<p>Particularit\u00e9s de la r\u00e9servation de rendez-vous en ligne via le site web de Calendly : <\/p>\n\n\n\n<p>La r\u00e9servation de rendez-vous en ligne s&#8217;effectue via un site web externe exploit\u00e9 par Calendly. Pour le site web de Calendly (y compris l&#8217;utilisation de cookies ou de technologies comparables), Calendly est le responsable autonome au sens de l&#8217;art. 4, point 7 du RGPD.<\/p>\n\n\n\n<p>Pour ce traitement de donn\u00e9es, seules les informations relatives \u00e0 la protection des donn\u00e9es de Calendly s&#8217;appliquent. De plus amples informations sur le traitement des donn\u00e9es \u00e0 caract\u00e8re personnel par Calendly sont disponibles sur : <a target=\"_blank\" rel=\"noreferrer noopener\" href=\"https:\/\/calendly.com\/fr\/pages\/privacy\">https:\/\/calendly.com\/fr\/pages\/privacy<\/a>.<\/p>\n\n\n\n<p>Liens vers des sites web de tiers<\/p>\n\n\n\n<p>Sur la base de notre int\u00e9r\u00eat l\u00e9gitime, il peut arriver que des liens vers d&#8217;autres fournisseurs, qui compl\u00e8tent notre offre, soient int\u00e9gr\u00e9s dans cette offre en ligne. Lors de la consultation de sites web auxquels il est fait r\u00e9f\u00e9rence dans le cadre de ce site web, des informations telles que le nom, l&#8217;adresse IP, les propri\u00e9t\u00e9s du navigateur, etc. peuvent \u00eatre \u00e0 nouveau demand\u00e9es. La pr\u00e9sente disposition relative \u00e0 la protection des donn\u00e9es ne r\u00e9git pas la collecte, la transmission ou le traitement des donn\u00e9es \u00e0 caract\u00e8re personnel par des tiers. Dans ce contexte, veuillez tenir compte des d\u00e9clarations de protection des donn\u00e9es sp\u00e9cifiques des diff\u00e9rents fournisseurs tiers et prestataires de services dont nous int\u00e9grons les liens sur notre site web.<\/p>\n\n\n\n<p><strong>Zendesk chez TM3 Software GmbH<\/strong><\/p>\n\n\n\n<p>TM3 Software GmbH, Pr\u00fcfeninger Stra\u00dfe 20, D-93049 Regensburg (ci-apr\u00e8s : TM3) utilise le logiciel de gestion de la relation client ou d&#8217;assistance bas\u00e9 sur le cloud de Zendesk, Inc. 1019 Market Street San Francisco, CA 94103, pour g\u00e9rer le service client. Le logiciel Zendesk facilite l&#8217;organisation et la gestion des donn\u00e9es clients. C&#8217;est l\u00e0 que r\u00e9side l&#8217;int\u00e9r\u00eat l\u00e9gitime de TM3 pour l&#8217;utilisation de Zendesk, art. 6 al.    1 lit. f du RGPD. TM3 a conclu un accord de traitement des commandes avec Zendesk, Inc. conform\u00e9ment \u00e0 l&#8217;article 28, paragraphe 3 du RGPD, dans lequel sont incluses les clauses contractuelles types (CCS) de la Commission europ\u00e9enne pour la mise en \u0153uvre de la d\u00e9cision 2021\/914 du 4 juin 2021, en raison du transfert de donn\u00e9es vers un pays tiers. Ce traitement de contrat pr\u00e9voit \u00e9galement des mesures de protection suppl\u00e9mentaires en tenant compte de l&#8217;annexe II des nouveaux SSC et fournit des d\u00e9tails sur les contr\u00f4les d&#8217;acc\u00e8s au syst\u00e8me, les contr\u00f4les d&#8217;acc\u00e8s aux donn\u00e9es, les contr\u00f4les de transfert et l&#8217;architecture r\u00e9seau et la s\u00e9curit\u00e9 de Zendesk.    <\/p>\n\n\n\n<p>Pour plus d&#8217;informations sur la protection des donn\u00e9es et les contrats et protections suppl\u00e9mentaires de Zendesk mentionn\u00e9s pr\u00e9c\u00e9demment, veuillez <a href=\"https:\/\/www.zendesk.de\/company\/agreements-and-terms\/privacy-notice\/\">consulter https:\/\/www.zendesk.de\/company\/agreements-and-terms\/privacy-notice\/<\/a> ou <a href=\"https:\/\/www.zendesk.de\/blog\/eu-us-data-transfers-after-schrems-ii\/#georedirect\">https:\/\/www.zendesk.de\/blog\/eu-us-data-transfers-after-schrems-ii\/#georedirect.<\/a><\/p>\n\n\n\n<p>Vos donn\u00e9es ne seront pas transmises \u00e0 des tiers, \u00e0 moins que TM3 n&#8217;y soit contraint par la loi ou par une d\u00e9cision judiciaire ou administrative.<\/p>\n\n\n\n<p><strong>Cr\u00e9ation d&#8217;un compte d&#8217;employ\u00e9 d&#8217;un client pour l&#8217;assistance (via Zendesk chez TM3 Software GmbH)<\/strong><\/p>\n\n\n\n<p>Vous pouvez vous enregistrer en tant qu&#8217;employ\u00e9 d&#8217;un client dans le syst\u00e8me d&#8217;assistance Zendesk (voir l&#8217;article 5). Les donn\u00e9es obligatoires pour l&#8217;enregistrement sont votre nom et votre adresse e-mail. Le traitement des donn\u00e9es saisies lors de l&#8217;enregistrement a pour but d&#8217;ex\u00e9cuter la relation d&#8217;utilisation \u00e9tablie par l&#8217;enregistrement et, le cas \u00e9ch\u00e9ant, d&#8217;initier d&#8217;autres contrats (article 6, paragraphe 1, point b du RGPD). Apr\u00e8s l&#8217;envoi de ces donn\u00e9es, vous recevrez un e-mail de TM3 Software GmbH \u00e0 l&#8217;adresse e-mail que vous avez indiqu\u00e9e, vous demandant de confirmer votre inscription (proc\u00e9dure dite de double opt-in) et de vous attribuer un mot de passe.   <\/p>\n\n\n\n<p>Les donn\u00e9es collect\u00e9es lors de l&#8217;enregistrement sont conserv\u00e9es par Zendesk tant que vous \u00eates enregistr\u00e9 dans le syst\u00e8me d&#8217;assistance et sont supprim\u00e9es lorsque vous le demandez \u00e0 TM3 Software GmbH. Les d\u00e9lais de conservation l\u00e9gaux ne sont pas affect\u00e9s si les donn\u00e9es sont des informations pertinentes pour la facturation ou les imp\u00f4ts. Dans ce cas, les d\u00e9lais de conservation l\u00e9gaux de 10 ans s&#8217;appliquent conform\u00e9ment au code de commerce allemand et au code des imp\u00f4ts allemand.  <\/p>\n\n\n\n<div class=\"wp-block-pixel-headline headlines is-subheadline-top has-text-align-left\"><h4 class=\"headline\" style=\"color:\"><strong><strong><strong><strong><strong><strong><strong><strong><strong><strong><strong><strong><strong><strong><strong>2.9 R\u00e9seaux sociaux<\/strong><\/strong><\/strong><\/strong><\/strong><\/strong><\/strong><\/strong><\/strong><\/strong><\/strong><\/strong><\/strong><\/strong><\/strong><\/h4><\/div>\n\n\n\n<p>Nous entretenons des pr\u00e9sences en ligne accessibles au public sur les r\u00e9seaux sociaux afin de communiquer avec les clients et prospects qui y sont actifs et de pr\u00e9senter nos services.<\/p>\n\n\n\n<p id=\"p-rc_390cc17c0e639a79-29\">Nous attirons votre attention sur le fait que les donn\u00e9es des utilisateurs peuvent, le cas \u00e9ch\u00e9ant, \u00eatre trait\u00e9es en dehors de l&#8217;Union europ\u00e9enne. En outre, les donn\u00e9es des utilisateurs sont g\u00e9n\u00e9ralement trait\u00e9es \u00e0 des fins d&#8217;\u00e9tudes de march\u00e9 et de publicit\u00e9. \u00c0 notre connaissance, les fournisseurs utilisent \u00e9galement des cookies qui enregistrent votre comportement d&#8217;utilisation<sup><\/sup> (y compris sur diff\u00e9rents terminaux). Cela permet de diffuser des publicit\u00e9s cibl\u00e9es dans le cadre de leur propre plateforme ainsi que sur des sites tiers.<\/p>\n\n\n\n<p>Le traitement des donn\u00e9es \u00e0 caract\u00e8re personnel des utilisateurs est effectu\u00e9 sur la base de nos int\u00e9r\u00eats l\u00e9gitimes \u00e0 une information efficace des utilisateurs et \u00e0 une communication avec ces derniers, conform\u00e9ment \u00e0 l&#8217;art. 6, par. 1, let. f du RGPD. Si les utilisateurs sont invit\u00e9s par les fournisseurs respectifs des plateformes \u00e0 donner leur consentement au traitement des donn\u00e9es ou si des informations sont envoy\u00e9es volontairement par l&#8217;utilisateur \u00e0 nos pr\u00e9sences en ligne, la base juridique du traitement est l&#8217;art. 6, par. 1, let. a du RGPD en relation avec l&#8217;art. 7 du RGPD. Si ces informations contiennent des contenus contractuels, l&#8217;art. 6, par. 1, let. b du RGPD sert de base juridique.<\/p>\n\n\n\n<p>Pour une pr\u00e9sentation d\u00e9taill\u00e9e des traitements respectifs et des possibilit\u00e9s d&#8217;opposition (opt-out), nous renvoyons aux informations des fournisseurs dont les liens figurent ci-dessous.<\/p>\n\n\n\n<p>De m\u00eame, en cas de demandes de renseignements et d&#8217;exercice des droits des utilisateurs, nous soulignons que ceux-ci peuvent \u00eatre exerc\u00e9s le plus efficacement aupr\u00e8s des fournisseurs. Seuls les fournisseurs ont acc\u00e8s aux donn\u00e9es des utilisateurs respectifs et peuvent prendre directement les mesures correspondantes et fournir des renseignements. Si vous avez n\u00e9anmoins besoin d&#8217;aide, vous pouvez vous adresser \u00e0 nous.<\/p>\n\n\n\n<p>Xing <strong>:<\/strong> New Work SE, Am Strandkai 1, 20457 Hambourg, Allemagne. Politique de confidentialit\u00e9 \/ Opt-out : <a href=\"https:\/\/privacy.xing.com\/de\/datenschutzerklaerung\" target=\"_blank\" rel=\"noreferrer noopener\">https:\/\/privacy.xing.com\/de\/datenschutzerklaerung<\/a>.<\/p>\n\n\n\n<p>Facebook <strong>:<\/strong> Meta Platforms Ireland Limited, 4 Grand Canal Square, Dublin 2, Irlande. Politique de confidentialit\u00e9 : <a href=\"https:\/\/www.facebook.com\/about\/privacy\/\" target=\"_blank\" rel=\"noreferrer noopener\">https:\/\/www.facebook.com\/about\/privacy\/<\/a>, Opt-out : <a href=\"https:\/\/www.facebook.com\/settings?tab=ads\" target=\"_blank\" rel=\"noreferrer noopener\">https:\/\/www.facebook.com\/settings?tab=ads<\/a><\/p>\n\n\n\n<p>Instagram<strong> :<\/strong> Meta Platforms Ireland Limited, 4 Grand Canal Square, Dublin 2, Irlande. Politique de confidentialit\u00e9 \/ Opt-out : <a href=\"https:\/\/instagram.com\/about\/legal\/privacy\/\" target=\"_blank\" rel=\"noreferrer noopener\">https:\/\/instagram.com\/about\/legal\/privacy\/<\/a>.<\/p>\n\n\n\n<p>LinkedIn<strong> :<\/strong> LinkedIn Ireland Unlimited Company Wilton Place, Dublin 2, Irlande. Politique de confidentialit\u00e9 : <a href=\"https:\/\/www.linkedin.com\/legal\/privacy-policy\" target=\"_blank\" rel=\"noreferrer noopener\">https:\/\/www.linkedin.com\/legal\/privacy-policy<\/a>. Opt-out : <a href=\"https:\/\/www.linkedin.com\/psettings\/guest-controls\/retargeting-opt-out\" target=\"_blank\" rel=\"noreferrer noopener\">https:\/\/www.linkedin.com\/psettings\/guest-controls\/retargeting-opt-out<\/a>.<\/p>\n\n\n\n<p>kununu <strong>:<\/strong> New Work SE, Am Strandkai 1, 20457 Hambourg, Allemagne. Politique de confidentialit\u00e9 \/ Opt-out : <a href=\"https:\/\/privacy.xing.com\/de\/datenschutzerklaerung\" target=\"_blank\" rel=\"noreferrer noopener\">https:\/\/privacy.xing.com\/de\/datenschutzerklaerung<\/a>.<\/p>\n\n\n\n<p>YouTube <strong>:<\/strong> Google Ireland Limited, Gordon House, Barrow Street, Dublin 4, Irlande. Politique de confidentialit\u00e9 \/ Opt-out : <a href=\"https:\/\/policies.google.com\/privacy?hl=fr&amp;gl=fr\" target=\"_blank\" rel=\"noreferrer noopener\">https:\/\/policies.google.com\/privacy?hl=fr&amp;gl=fr<\/a>.<\/p>\n\n\n\n<p><strong><strong>Facebook et Instagram (Meta)<\/strong><\/strong><\/p>\n\n\n\n<p>Lorsque vous interagissez avec nos pages de r\u00e9seaux sociaux sur Facebook et Instagram (publication d&#8217;un commentaire, mention \u00ab J&#8217;aime \u00bb sur des publications ou envoi d&#8217;un message), vos donn\u00e9es sont enregistr\u00e9es chez nous. Ces r\u00e9seaux sociaux sont exploit\u00e9s par Meta Platforms Ireland Limited, 4 Grand Canal Square, Dublin 2, Irlande (ci-apr\u00e8s : Meta).<\/p>\n\n\n\n<p>L&#8217;exploitation d&#8217;un profil d&#8217;entreprise sur ces canaux constitue une responsabilit\u00e9 conjointe au sens de l&#8217;art. 26 du RGPD entre Meta et notre entreprise. En cons\u00e9quence, nous avons conclu un accord avec Meta dans lequel sont r\u00e9gies les obligations respectives au titre du RGPD : <a target=\"_blank\" rel=\"noreferrer noopener\" href=\"https:\/\/www.facebook.com\/legal\/terms\/page_controller_addendum\">https:\/\/www.facebook.com\/legal\/terms\/page_controller_addendum<\/a>.<\/p>\n\n\n\n<p>Meta met \u00e0 la disposition des exploitants de profils des statistiques et des informations sur les types d&#8217;actions des visiteurs de nos profils (\u00ab Statistiques de page \u00bb). Nous n&#8217;avons aucune influence sur la collecte de ces donn\u00e9es par Meta. Selon Meta, ces donn\u00e9es nous sont fournies exclusivement de mani\u00e8re anonymis\u00e9e, de sorte que l&#8217;utilisateur ne peut pas \u00eatre identifi\u00e9 \u00e0 partir de ces informations.<\/p>\n\n\n\n<p>Les donn\u00e9es \u00e0 caract\u00e8re personnel sont supprim\u00e9es d\u00e8s que la finalit\u00e9 du stockage n&#8217;a plus lieu d&#8217;\u00eatre. Un stockage peut en outre avoir lieu si cela a \u00e9t\u00e9 pr\u00e9vu par des obligations l\u00e9gales de conservation auxquelles notre entreprise est soumise.<\/p>\n\n\n\n<p>Veuillez noter qu&#8217;en cas d&#8217;utilisation et de consultation de notre page Facebook et Instagram, vos donn\u00e9es \u00e0 caract\u00e8re personnel sont \u00e9galement trait\u00e9es par le fournisseur Meta. Meta est exploit\u00e9 par Meta Platforms Ireland Limited, 4 Grand Canal Square, Dublin 2, Irlande, ainsi que par la maison m\u00e8re bas\u00e9e aux \u00c9tats-Unis. Meta traite vos donn\u00e9es, en plus des traitements mentionn\u00e9s ci-dessus, \u00e0 des fins d&#8217;analyse et de publicit\u00e9. \u00c0 notre connaissance, Meta utilise \u00e9galement des cookies qui enregistrent votre comportement d&#8217;utilisation (y compris sur diff\u00e9rents terminaux). Cela permet \u00e0 Meta de diffuser des publicit\u00e9s cibl\u00e9es dans le cadre de sa propre plateforme ainsi que sur des sites tiers. Vous trouverez de plus amples informations dans la politique de confidentialit\u00e9 de Facebook : <a target=\"_blank\" rel=\"noreferrer noopener\" href=\"https:\/\/www.facebook.com\/about\/privacy\/\">https:\/\/www.facebook.com\/about\/privacy\/<\/a> et d&#8217;Instagram : <a target=\"_blank\" rel=\"noreferrer noopener\" href=\"https:\/\/help.instagram.com\/519522125107875\">https:\/\/help.instagram.com\/519522125107875<\/a>. Facebook et Instagram offrent en outre la possibilit\u00e9 de s&#8217;opposer \u00e0 certains traitements de donn\u00e9es ; des indications \u00e0 ce sujet et des possibilit\u00e9s d&#8217;opt-out se trouvent sous : <a target=\"_blank\" rel=\"noreferrer noopener\" href=\"https:\/\/www.facebook.com\/settings?tab=ads\">https:\/\/www.facebook.com\/settings?tab=ads<\/a> ainsi que <a target=\"_blank\" rel=\"noreferrer noopener\" href=\"https:\/\/www.instagram.com\/accounts\/privacy_and_security\/\">https:\/\/www.instagram.com\/accounts\/privacy_and_security\/<\/a>. Veuillez noter que, conform\u00e9ment aux dispositions de Meta relatives \u00e0 la protection des donn\u00e9es, les donn\u00e9es des utilisateurs sont \u00e9galement trait\u00e9es aux \u00c9tats-Unis ou dans d&#8217;autres pays tiers. Meta ne transf\u00e8re les donn\u00e9es des utilisateurs que vers des pays pour lesquels il existe une d\u00e9cision d&#8217;ad\u00e9quation de la Commission europ\u00e9enne selon l&#8217;art. 45 du RGPD ou sur la base de garanties appropri\u00e9es selon l&#8217;art. 46 du RGPD.<\/p>\n\n\n\n<p>En ce qui concerne les traitements de donn\u00e9es via notre page Facebook et Instagram, vous avez la possibilit\u00e9 de faire valoir vos droits de personne concern\u00e9e \u00e9galement aupr\u00e8s de Meta. Vous trouverez de plus amples informations \u00e0 ce sujet dans la politique de confidentialit\u00e9 de Meta : <a target=\"_blank\" rel=\"noreferrer noopener\" href=\"https:\/\/www.facebook.com\/about\/privacy\/\">https:\/\/www.facebook.com\/about\/privacy\/<\/a>.<\/p>\n\n\n\n<div class=\"wp-block-pixel-headline headlines is-subheadline-top has-text-align-left\"><h2 class=\"headline\" style=\"color:\"><strong><strong>\n  <strong>\n    <strong>\n      <strong>\n        <strong>\n          <strong>\n            <strong>\n              <strong>\n                <strong>\n                  <strong>\n                    <strong>\n                      <strong>III. Informations pour les candidats<\/strong>\n                    <\/strong>\n                  <\/strong>\n                <\/strong>\n              <\/strong>\n            <\/strong>\n          <\/strong>\n        <\/strong>\n      <\/strong>\n    <\/strong>\n  <\/strong>\n<\/strong>*femmes<\/strong><\/h2><\/div>\n\n\n\n<div class=\"wp-block-pixel-headline headlines is-subheadline-top has-text-align-left\"><h4 class=\"headline\" style=\"color:\"><strong><strong><strong><strong><strong><strong><strong><strong><strong><strong><strong><strong><strong><strong>3.1 Finalit\u00e9 et base juridique de la collecte et du traitement<\/strong><\/strong><\/strong><\/strong><\/strong><\/strong><\/strong><\/strong><\/strong><\/strong><\/strong><\/strong><\/strong><\/strong><\/h4><\/div>\n\n\n\n<p>Vos donn\u00e9es sont trait\u00e9es par nos soins \u00e0 des fins de traitement des candidatures conform\u00e9ment \u00e0 l&#8217;art. 88 du RGPD de l&#8217;UE en relation avec l&#8217;art. 26 de la loi f\u00e9d\u00e9rale sur la protection des donn\u00e9es (BDSG). Si, dans le cadre de la proc\u00e9dure de candidature, des cat\u00e9gories particuli\u00e8res de donn\u00e9es \u00e0 caract\u00e8re personnel sont volontairement collect\u00e9es au sens de l&#8217;art. 9, al. 1 du RGPD, leur traitement est \u00e9galement effectu\u00e9 conform\u00e9ment \u00e0 l&#8217;article 9, paragraphe 1, du RGPD. 2 lit. b du RGPD de l&#8217;UE.<\/p>\n\n\n\n<div class=\"wp-block-pixel-headline headlines is-subheadline-top has-text-align-left\"><h4 class=\"headline\" style=\"color:\"><strong><strong><strong><strong><strong><strong><strong><strong><strong><strong><strong><strong><strong><strong>3.2 Destinataires de vos donn\u00e9es<\/strong><\/strong><\/strong><\/strong><\/strong><\/strong><\/strong><\/strong><\/strong><\/strong><\/strong><\/strong><\/strong><\/strong><\/h4><\/div>\n\n\n\n<p>Les destinataires de vos donn\u00e9es sont les services impliqu\u00e9s dans le processus de gestion du personnel (notamment les ressources humaines, les cadres et les chefs de service) du service responsable. Vos donn\u00e9es sont trait\u00e9es de mani\u00e8re strictement confidentielle et ne sont pas transmises \u00e0 des tiers sans votre consentement. Une transmission \u00e0 des pays tiers ou \u00e0 des organisations internationales n&#8217;est pas pr\u00e9vue.<\/p>\n\n\n\n<div class=\"wp-block-pixel-headline headlines is-subheadline-top has-text-align-left\"><h4 class=\"headline\" style=\"color:\"><strong><strong><strong><strong><strong><strong><strong><strong><strong><strong><strong><strong><strong>3.3 Enregistrement de vos donn\u00e9es<\/strong><\/strong><\/strong><\/strong><\/strong><\/strong><\/strong><\/strong><\/strong><\/strong><\/strong><\/strong><\/strong><\/h4><\/div>\n\n\n\n<p>La suppression de vos donn\u00e9es de candidature a lieu 180 jours apr\u00e8s l&#8217;occupation du poste. Si vous \u00eates \u00e9galement int\u00e9ress\u00e9(e) par des postes publi\u00e9s \u00e0 l&#8217;avenir, nous avons besoin de votre accord \u00e9crit pour conserver votre dossier de candidature plus longtemps. Vous pouvez \u00e0 tout moment donner votre consentement conform\u00e9ment \u00e0 l&#8217;article 7, paragraphe 1, de la directive. 3 UE RGPD pour l&#8217;avenir. Pour ce faire, veuillez envoyer un e-mail avec la mention correspondante \u00e0 l&#8217;adresse de contact indiqu\u00e9e ci-dessus.<\/p>\n\n\n\n<div class=\"wp-block-pixel-headline headlines is-subheadline-bottom has-text-align-left\"><h2 class=\"headline\" style=\"color:\">IV. Informations pour les clients et les fournisseurs<\/h2><\/div>\n\n\n\n<div class=\"wp-block-pixel-headline headlines is-subheadline-top has-text-align-left\"><h4 class=\"headline\" style=\"color:\"><\/h4><\/div>\n\n\n\n<p><strong><strong><strong><strong><strong><strong><strong><strong><strong><strong><strong><strong><strong><strong>4.1 Finalit\u00e9 et base juridique de la collecte et du traitement<\/strong><\/strong><\/strong><\/strong><\/strong><\/strong><\/strong><\/strong><\/strong><\/strong><\/strong><\/strong><\/strong><\/strong><\/p>\n\n\n\n<p>En premier lieu, le traitement des donn\u00e9es sert \u00e0 \u00e9tablir, ex\u00e9cuter et mettre fin \u00e0 la relation contractuelle. La base juridique prioritaire pour cela est l&#8217;article 6, paragraphe 1. 1 lit. b du RGPD de l&#8217;UE. Sans ce type d&#8217;utilisation de vos donn\u00e9es, l&#8217;ex\u00e9cution de la relation commerciale existant entre vous et nous n&#8217;est pas possible.<\/p>\n\n\n\n<p>Nous traitons \u00e9galement vos donn\u00e9es sur la base de l&#8217;art. 6 al. 1 lit. f EU RGPD pour la sauvegarde de nos int\u00e9r\u00eats l\u00e9gitimes ou de ceux de tiers (par ex. des autorit\u00e9s). Cela peut \u00eatre n\u00e9cessaire, par exemple, pour maintenir la s\u00e9curit\u00e9 et le fonctionnement des technologies de l&#8217;information ou \u00e0 des fins de gestion de l&#8217;entreprise, de communication interne et \u00e0 d&#8217;autres fins administratives. Vous pouvez vous opposer \u00e0 ce traitement en indiquant des raisons particuli\u00e8res conform\u00e9ment \u00e0 l&#8217;article 21 du RGPD de l&#8217;UE.<\/p>\n\n\n\n<p>En outre, nous traitons vos donn\u00e9es pour satisfaire aux obligations l\u00e9gales, telles que les exigences prudentielles, les obligations de conservation en vertu du droit commercial et fiscal ou les obligations de documentation. La base juridique est l&#8217;art. 6, al. 1 lit. c du RGPD de l&#8217;UE en liaison avec les lois nationales en vigueur.<\/p>\n\n\n\n<p>Dans certains cas, nous pouvons \u00eatre amen\u00e9s \u00e0 traiter vos donn\u00e9es sur la base du consentement que vous nous avez donn\u00e9 s\u00e9par\u00e9ment, conform\u00e9ment \u00e0 l&#8217;article 6, paragraphe 1, de la loi sur la protection des donn\u00e9es. 1 lit. a, 7 EU RGPD (par ex. publication de photos et d&#8217;enregistrements vid\u00e9o). Vous \u00eates toujours libre de d\u00e9cider si vous souhaitez donner votre consentement. Une fois que vous avez donn\u00e9 votre consentement, vous pouvez le r\u00e9voquer \u00e0 tout moment avec effet pour l&#8217;avenir. Pour ce faire, utilisez le lien mis \u00e0 disposition dans l&#8217;action concern\u00e9e ou adressez les demandes correspondantes \u00e0 l&#8217;adresse de contact indiqu\u00e9e ci-dessus.<\/p>\n\n\n\n<p>Si nous traitons vos donn\u00e9es \u00e0 caract\u00e8re personnel pour une finalit\u00e9 non mentionn\u00e9e ci-dessus, nous vous en informerons au pr\u00e9alable.<\/p>\n\n\n\n<div class=\"wp-block-pixel-headline headlines is-subheadline-top has-text-align-left\"><h4 class=\"headline\" style=\"color:\"><\/h4><\/div>\n\n\n\n<p><strong><strong><strong><strong><strong><strong><strong><strong><strong><strong><strong><strong><strong><strong>4.2 Destinataires de vos donn\u00e9es<\/strong><\/strong><\/strong><\/strong><\/strong><\/strong><\/strong><\/strong><\/strong><\/strong><\/strong><\/strong><\/strong><\/strong><\/p>\n\n\n\n<p>Au sein de notre entreprise, seules les personnes qui en ont besoin pour remplir nos obligations contractuelles et l\u00e9gales re\u00e7oivent vos donn\u00e9es personnelles. Par ailleurs, nous faisons parfois appel \u00e0 diff\u00e9rents prestataires de services pour remplir ces obligations, de sorte qu&#8217;il peut \u00eatre n\u00e9cessaire de transmettre vos donn\u00e9es personnelles \u00e0 d&#8217;autres destinataires en dehors de l&#8217;entreprise, dans la mesure o\u00f9 cela est n\u00e9cessaire pour remplir nos obligations contractuelles et l\u00e9gales. Ces tiers peuvent \u00eatre par exemple des autorit\u00e9s, des institutions financi\u00e8res, des fournisseurs, etc.<\/p>\n\n\n\n<p>Pour traiter vos donn\u00e9es sur le plan technique, nous faisons parfois appel \u00e0 des prestataires de services externes. Il est possible que nous transf\u00e9rions et traitions vos donn\u00e9es en dehors du pays dans lequel vous r\u00e9sidez \/ avez le si\u00e8ge de votre entreprise ou dans l&#8217;un des pays dans lesquels nous op\u00e9rons. Ceux-ci peuvent \u00e9galement \u00eatre situ\u00e9s en dehors de l&#8217;Espace \u00e9conomique europ\u00e9en. Si nous transmettons des donn\u00e9es personnelles \u00e0 des prestataires de services ou \u00e0 des entreprises en dehors de l&#8217;Espace \u00e9conomique europ\u00e9en (EEE), la transmission n&#8217;a lieu que dans la mesure o\u00f9 le pays tiers s&#8217;est vu confirmer par la Commission europ\u00e9enne un niveau de protection des donn\u00e9es ad\u00e9quat ou qu&#8217;il existe d&#8217;autres garanties de protection des donn\u00e9es appropri\u00e9es (par ex. des r\u00e8gles de protection des donn\u00e9es obligatoires internes \u00e0 l&#8217;entreprise ou des clauses contractuelles types de l&#8217;UE). Vous pouvez \u00e9galement demander des informations d\u00e9taill\u00e9es en utilisant les coordonn\u00e9es ci-dessus.<\/p>\n\n\n\n<div class=\"wp-block-pixel-headline headlines is-subheadline-top has-text-align-left\"><h4 class=\"headline\" style=\"color:\"><\/h4><\/div>\n\n\n\n<p><strong><strong><strong><strong><strong><strong><strong><strong><strong><strong><strong><strong><strong><strong>4.3 Enregistrement de vos donn\u00e9es<\/strong><\/strong><\/strong><\/strong><\/strong><\/strong><\/strong><\/strong><\/strong><\/strong><\/strong><\/strong><\/strong><\/strong><\/p>\n\n\n\n<p>Nous ne conservons vos donn\u00e9es personnelles qu&#8217;aussi longtemps qu&#8217;elles sont n\u00e9cessaires aux fins susmentionn\u00e9es. Apr\u00e8s la fin de la relation contractuelle, vos donn\u00e9es personnelles sont conserv\u00e9es aussi longtemps que nous y sommes contraints par la loi. Cela r\u00e9sulte r\u00e9guli\u00e8rement d&#8217;obligations l\u00e9gales de preuve et de conservation, r\u00e9gies entre autres par le code de commerce et le code fiscal. Les d\u00e9lais de conservation s&#8217;\u00e9l\u00e8vent ensuite \u00e0 dix ans maximum. En outre, il peut arriver que des donn\u00e9es \u00e0 caract\u00e8re personnel soient conserv\u00e9es pendant la p\u00e9riode au cours de laquelle des droits peuvent \u00eatre exerc\u00e9s contre nous (d\u00e9lai de prescription l\u00e9gal de trois ans ou jusqu&#8217;\u00e0 trente ans).<\/p>\n\n<\/div><\/div>\n<\/div>\n<\/div>\n<\/section>","protected":false},"excerpt":{"rendered":"","protected":false},"author":1,"featured_media":0,"parent":30482,"menu_order":3,"comment_status":"closed","ping_status":"closed","template":"","meta":{"_acf_changed":false,"footnotes":""},"class_list":["post-29675","page","type-page","status-publish"],"acf":[],"yoast_head":"<!-- This site is optimized with the Yoast SEO Premium plugin v26.9 (Yoast SEO v27.5) - https:\/\/yoast.com\/product\/yoast-seo-premium-wordpress\/ -->\n<title>\ud83d\udd12 Protection des Donn\u00e9es | proLogistik<\/title>\n<meta name=\"description\" content=\"D\u00e9couvrez la politique de protection des donn\u00e9es de proLogistik \u2705 Transparence, s\u00e9curit\u00e9 &amp; respect de vos informations personnelles.\" \/>\n<meta name=\"robots\" content=\"index, follow, max-snippet:-1, max-image-preview:large, max-video-preview:-1\" \/>\n<link rel=\"canonical\" href=\"https:\/\/www.prologistik.com\/fr\/mentions-legales\/protection-des-donnees\/\" \/>\n<meta property=\"og:locale\" content=\"fr_FR\" \/>\n<meta property=\"og:type\" content=\"article\" \/>\n<meta property=\"og:title\" content=\"Protection des donn\u00e9es\" \/>\n<meta property=\"og:description\" content=\"D\u00e9couvrez la politique de protection des donn\u00e9es de proLogistik \u2705 Transparence, s\u00e9curit\u00e9 &amp; respect de vos informations personnelles.\" \/>\n<meta property=\"og:url\" content=\"https:\/\/www.prologistik.com\/fr\/mentions-legales\/protection-des-donnees\/\" \/>\n<meta property=\"og:site_name\" content=\"proLogistik Group\" \/>\n<meta property=\"article:modified_time\" content=\"2026-02-10T11:26:50+00:00\" \/>\n<meta name=\"twitter:card\" content=\"summary_large_image\" \/>\n<meta name=\"twitter:label1\" content=\"Dur\u00e9e de lecture estim\u00e9e\" \/>\n\t<meta name=\"twitter:data1\" content=\"49 minutes\" \/>\n<script type=\"application\/ld+json\" class=\"yoast-schema-graph\">{\"@context\":\"https:\\\/\\\/schema.org\",\"@graph\":[{\"@type\":\"WebPage\",\"@id\":\"https:\\\/\\\/www.prologistik.com\\\/fr\\\/mentions-legales\\\/protection-des-donnees\\\/\",\"url\":\"https:\\\/\\\/www.prologistik.com\\\/fr\\\/mentions-legales\\\/protection-des-donnees\\\/\",\"name\":\"\ud83d\udd12 Protection des Donn\u00e9es | proLogistik\",\"isPartOf\":{\"@id\":\"https:\\\/\\\/www.prologistik.com\\\/fr\\\/#website\"},\"datePublished\":\"2022-05-18T10:31:07+00:00\",\"dateModified\":\"2026-02-10T11:26:50+00:00\",\"description\":\"D\u00e9couvrez la politique de protection des donn\u00e9es de proLogistik \u2705 Transparence, s\u00e9curit\u00e9 & respect de vos informations personnelles.\",\"breadcrumb\":{\"@id\":\"https:\\\/\\\/www.prologistik.com\\\/fr\\\/mentions-legales\\\/protection-des-donnees\\\/#breadcrumb\"},\"inLanguage\":\"fr-FR\",\"potentialAction\":[{\"@type\":\"ReadAction\",\"target\":[\"https:\\\/\\\/www.prologistik.com\\\/fr\\\/mentions-legales\\\/protection-des-donnees\\\/\"]}]},{\"@type\":\"BreadcrumbList\",\"@id\":\"https:\\\/\\\/www.prologistik.com\\\/fr\\\/mentions-legales\\\/protection-des-donnees\\\/#breadcrumb\",\"itemListElement\":[{\"@type\":\"ListItem\",\"position\":1,\"name\":\"Startseite\",\"item\":\"https:\\\/\\\/www.prologistik.com\\\/fr\\\/\"},{\"@type\":\"ListItem\",\"position\":2,\"name\":\"Mentions l\u00e9gales\",\"item\":\"https:\\\/\\\/www.prologistik.com\\\/fr\\\/mentions-legales\\\/\"},{\"@type\":\"ListItem\",\"position\":3,\"name\":\"Protection des donn\u00e9es\"}]},{\"@type\":\"WebSite\",\"@id\":\"https:\\\/\\\/www.prologistik.com\\\/fr\\\/#website\",\"url\":\"https:\\\/\\\/www.prologistik.com\\\/fr\\\/\",\"name\":\"proLogistik Group\",\"description\":\"Software und Hardware f\u00fcr die Intralogistik\",\"publisher\":{\"@id\":\"https:\\\/\\\/www.prologistik.com\\\/fr\\\/#organization\"},\"potentialAction\":[{\"@type\":\"SearchAction\",\"target\":{\"@type\":\"EntryPoint\",\"urlTemplate\":\"https:\\\/\\\/www.prologistik.com\\\/fr\\\/?s={search_term_string}\"},\"query-input\":{\"@type\":\"PropertyValueSpecification\",\"valueRequired\":true,\"valueName\":\"search_term_string\"}}],\"inLanguage\":\"fr-FR\"},{\"@type\":\"Organization\",\"@id\":\"https:\\\/\\\/www.prologistik.com\\\/fr\\\/#organization\",\"name\":\"proLogistik Group\",\"url\":\"https:\\\/\\\/www.prologistik.com\\\/fr\\\/\",\"logo\":{\"@type\":\"ImageObject\",\"inLanguage\":\"fr-FR\",\"@id\":\"https:\\\/\\\/www.prologistik.com\\\/fr\\\/#\\\/schema\\\/logo\\\/image\\\/\",\"url\":\"https:\\\/\\\/www.prologistik.com\\\/wp-content\\\/uploads\\\/prologistik-logo-web.svg\",\"contentUrl\":\"https:\\\/\\\/www.prologistik.com\\\/wp-content\\\/uploads\\\/prologistik-logo-web.svg\",\"width\":320,\"height\":59,\"caption\":\"proLogistik Group\"},\"image\":{\"@id\":\"https:\\\/\\\/www.prologistik.com\\\/fr\\\/#\\\/schema\\\/logo\\\/image\\\/\"}}]}<\/script>\n<!-- \/ Yoast SEO Premium plugin. -->","yoast_head_json":{"title":"\ud83d\udd12 Protection des Donn\u00e9es | proLogistik","description":"D\u00e9couvrez la politique de protection des donn\u00e9es de proLogistik \u2705 Transparence, s\u00e9curit\u00e9 & respect de vos informations personnelles.","robots":{"index":"index","follow":"follow","max-snippet":"max-snippet:-1","max-image-preview":"max-image-preview:large","max-video-preview":"max-video-preview:-1"},"canonical":"https:\/\/www.prologistik.com\/fr\/mentions-legales\/protection-des-donnees\/","og_locale":"fr_FR","og_type":"article","og_title":"Protection des donn\u00e9es","og_description":"D\u00e9couvrez la politique de protection des donn\u00e9es de proLogistik \u2705 Transparence, s\u00e9curit\u00e9 & respect de vos informations personnelles.","og_url":"https:\/\/www.prologistik.com\/fr\/mentions-legales\/protection-des-donnees\/","og_site_name":"proLogistik Group","article_modified_time":"2026-02-10T11:26:50+00:00","twitter_card":"summary_large_image","twitter_misc":{"Dur\u00e9e de lecture estim\u00e9e":"49 minutes"},"schema":{"@context":"https:\/\/schema.org","@graph":[{"@type":"WebPage","@id":"https:\/\/www.prologistik.com\/fr\/mentions-legales\/protection-des-donnees\/","url":"https:\/\/www.prologistik.com\/fr\/mentions-legales\/protection-des-donnees\/","name":"\ud83d\udd12 Protection des Donn\u00e9es | proLogistik","isPartOf":{"@id":"https:\/\/www.prologistik.com\/fr\/#website"},"datePublished":"2022-05-18T10:31:07+00:00","dateModified":"2026-02-10T11:26:50+00:00","description":"D\u00e9couvrez la politique de protection des donn\u00e9es de proLogistik \u2705 Transparence, s\u00e9curit\u00e9 & respect de vos informations personnelles.","breadcrumb":{"@id":"https:\/\/www.prologistik.com\/fr\/mentions-legales\/protection-des-donnees\/#breadcrumb"},"inLanguage":"fr-FR","potentialAction":[{"@type":"ReadAction","target":["https:\/\/www.prologistik.com\/fr\/mentions-legales\/protection-des-donnees\/"]}]},{"@type":"BreadcrumbList","@id":"https:\/\/www.prologistik.com\/fr\/mentions-legales\/protection-des-donnees\/#breadcrumb","itemListElement":[{"@type":"ListItem","position":1,"name":"Startseite","item":"https:\/\/www.prologistik.com\/fr\/"},{"@type":"ListItem","position":2,"name":"Mentions l\u00e9gales","item":"https:\/\/www.prologistik.com\/fr\/mentions-legales\/"},{"@type":"ListItem","position":3,"name":"Protection des donn\u00e9es"}]},{"@type":"WebSite","@id":"https:\/\/www.prologistik.com\/fr\/#website","url":"https:\/\/www.prologistik.com\/fr\/","name":"proLogistik Group","description":"Software und Hardware f\u00fcr die Intralogistik","publisher":{"@id":"https:\/\/www.prologistik.com\/fr\/#organization"},"potentialAction":[{"@type":"SearchAction","target":{"@type":"EntryPoint","urlTemplate":"https:\/\/www.prologistik.com\/fr\/?s={search_term_string}"},"query-input":{"@type":"PropertyValueSpecification","valueRequired":true,"valueName":"search_term_string"}}],"inLanguage":"fr-FR"},{"@type":"Organization","@id":"https:\/\/www.prologistik.com\/fr\/#organization","name":"proLogistik Group","url":"https:\/\/www.prologistik.com\/fr\/","logo":{"@type":"ImageObject","inLanguage":"fr-FR","@id":"https:\/\/www.prologistik.com\/fr\/#\/schema\/logo\/image\/","url":"https:\/\/www.prologistik.com\/wp-content\/uploads\/prologistik-logo-web.svg","contentUrl":"https:\/\/www.prologistik.com\/wp-content\/uploads\/prologistik-logo-web.svg","width":320,"height":59,"caption":"proLogistik Group"},"image":{"@id":"https:\/\/www.prologistik.com\/fr\/#\/schema\/logo\/image\/"}}]}},"_links":{"self":[{"href":"https:\/\/www.prologistik.com\/fr\/wp-json\/wp\/v2\/pages\/29675","targetHints":{"allow":["GET"]}}],"collection":[{"href":"https:\/\/www.prologistik.com\/fr\/wp-json\/wp\/v2\/pages"}],"about":[{"href":"https:\/\/www.prologistik.com\/fr\/wp-json\/wp\/v2\/types\/page"}],"author":[{"embeddable":true,"href":"https:\/\/www.prologistik.com\/fr\/wp-json\/wp\/v2\/users\/1"}],"replies":[{"embeddable":true,"href":"https:\/\/www.prologistik.com\/fr\/wp-json\/wp\/v2\/comments?post=29675"}],"version-history":[{"count":13,"href":"https:\/\/www.prologistik.com\/fr\/wp-json\/wp\/v2\/pages\/29675\/revisions"}],"predecessor-version":[{"id":57111,"href":"https:\/\/www.prologistik.com\/fr\/wp-json\/wp\/v2\/pages\/29675\/revisions\/57111"}],"up":[{"embeddable":true,"href":"https:\/\/www.prologistik.com\/fr\/wp-json\/wp\/v2\/pages\/30482"}],"wp:attachment":[{"href":"https:\/\/www.prologistik.com\/fr\/wp-json\/wp\/v2\/media?parent=29675"}],"curies":[{"name":"wp","href":"https:\/\/api.w.org\/{rel}","templated":true}]}}