{"id":29647,"date":"2022-05-12T14:16:27","date_gmt":"2022-05-12T12:16:27","guid":{"rendered":"https:\/\/prologistik.pixel-tal.de\/a-propos-de-nous\/entreprise"},"modified":"2025-10-21T10:45:59","modified_gmt":"2025-10-21T08:45:59","slug":"entreprise","status":"publish","type":"page","link":"https:\/\/www.prologistik.com\/fr\/a-propos-de-nous\/entreprise\/","title":{"rendered":"Entreprise"},"content":{"rendered":"        \n            <!-- pagehead -->\n        \n                    \n\t\t\t<div id=\"pagehead-block_6e9daaf9c93fff71f0acf23e1fb63d5b\" class=\"pagehead size-small\">\n\t\t\t\t\t\t\t<div class=\"pagehead-canvas\">\n\t\t\t\t<div class=\"pagehead-content has-bg-color bg-color-blue\">\n\t\t\t\t\t<div class=\"pagehead-content-inner\">\n\t\t\t\t\t\t<div class=\"pagehead-icon icon-color-white\" data-aos=\"fade-up\" data-aos-delay=\"0\" style=\"mask-image: url(https:\/\/www.prologistik.com\/wp-content\/uploads\/icon-benefits-group.svg); -webkit-mask-image: url(https:\/\/www.prologistik.com\/wp-content\/uploads\/icon-benefits-group.svg);\"><\/div>\t\t\t\t\t\t<span class=\"pagehead-subheadline\"  data-aos=\"fade-up\" data-aos-delay=\"50\">Groupe proLogistik<\/span>\t\t\t\t\t\t<h1 class=\"pagehead-headline\" data-aos=\"fade-up\" data-aos-delay=\"100\">Les entreprises du groupe<\/h1>\t\t\t\t\t\t\t\t\t\t\t<\/div>\n\t\t\t\t<\/div>\n\t\t\t<\/div>\n\t\t\t\n\t\t\t\t<div class=\"pagehead-background\">\n\t\t\t\t<!-- image_id: 29654 | alt:  -->\t\t\t\t\t\t\t\t\t<img decoding=\"async\" class=\"test\" src=\"https:\/\/www.prologistik.com\/wp-content\/uploads\/pagehead-unternehmen.jpg\" alt=\"\" \/>\n\t\t\t\t\n\t\t\t\t<\/div>\n\t\t\t<\/div>\n        \n                    \n            <!-- end:pagehead -->\n        \n            \n\n<section class=\"gb-container gb-container-0f2ae71c\">\n<div class=\"gb-container gb-container-29db45ce\">\n<div class=\"gb-grid-wrapper gb-grid-wrapper-bcc0cdf2\">\n<div class=\"gb-grid-column gb-grid-column-7070a5bf\"><div class=\"gb-container gb-container-7070a5bf\">\n\n<div class=\"wp-block-pixel-headline headlines is-subheadline-top has-text-align-left\"><h2 class=\"headline\" style=\"color:\">Excellence en logistique<\/h2><span class=\"subheadline\" style=\"color:var(--color-blue)\">Qui sommes-nous ?<\/span><\/div>\n\n\n\n<p>Au sein du groupe proLogistik, nous regroupons les comp\u00e9tences de dix entreprises fortes d&#8217;Allemagne, de France, de Suisse, des \u00c9tats-Unis, du Canada et du Mexique, avec plus de 700 collaborateurs r\u00e9partis sur 19 sites et disposant d&#8217;une longue exp\u00e9rience dans le domaine de la gestion de la cha\u00eene d&#8217;approvisionnement.<\/p>\n\n\n\n<p>Aujourd&#8217;hui d\u00e9j\u00e0, de nombreux clients issus de la grande distribution, de l&#8217;industrie et du secteur des services 3PL profitent de solutions de cha\u00eene d&#8217;approvisionnement optimis\u00e9es de bout en bout. Nous soutenons les petites et grandes entreprises qui remplacent des syst\u00e8mes ou qui introduisent pour la premi\u00e8re fois un WMS ou du mat\u00e9riel informatique, en leur proposant des solutions logicielles adapt\u00e9es \u00e0 leur transformation num\u00e9rique.<\/p>\n\n<\/div><\/div>\n\n<div class=\"gb-grid-column gb-grid-column-12ea33fc\"><div class=\"gb-container gb-container-12ea33fc\">\n\n<figure class=\"wp-block-image size-full map\"><img loading=\"lazy\" decoding=\"async\" width=\"1400\" height=\"688\" src=\"https:\/\/www.prologistik.com\/wp-content\/uploads\/prologistik-standorte.svg\" alt=\"\" class=\"wp-image-1119\"\/><\/figure>\n\n<\/div><\/div>\n<\/div>\n<\/div>\n<\/section>\n\n<section class=\"gb-container gb-container-083f136b\">\n<div class=\"gb-container gb-container-722a7bfb\">\n<div class=\"gb-grid-wrapper gb-grid-wrapper-0df1e37a\">\n<div class=\"gb-grid-column gb-grid-column-d2a27d8d\"><div class=\"gb-container gb-container-d2a27d8d\">\n\n<figure class=\"wp-block-image size-full is-resized\"><img decoding=\"async\" src=\"https:\/\/www.prologistik.com\/wp-content\/uploads\/logo-prologistik-rgb.png\" alt=\"\" class=\"wp-image-1145\" style=\"width:166px;height:79px\"\/><\/figure>\n\n\n\n<p><strong>proLogistik GmbH<\/strong><br>Trappe 1<br>D-44369 Dortmund<\/p>\n\n\n\n<p><a href=\"tel:+4923151940\">+49 (0) 231 5194-0<\/a><br><a href=\"mailto:info@www.prologistik.com\">info@www.prologistik.com<\/a><\/p>\n\n<\/div><\/div>\n\n<div class=\"gb-grid-column gb-grid-column-90cf4a53\"><div class=\"gb-container gb-container-90cf4a53\">\n\n<div class=\"wp-block-pixel-headline headlines is-subheadline-top has-text-align-left\"><h3 class=\"headline\" style=\"color:\">proLogistik GmbH<\/h3><\/div>\n\n\n\n<p>Avec pr\u00e8s de 200 collaborateurs exp\u00e9riment\u00e9s et une exp\u00e9rience de plus de 30 ans, l&#8217;entreprise de syst\u00e8mes intralogistiques proLogistik de Dortmund d\u00e9veloppe des solutions de stockage et de logistique pour les entreprises.<strong> <\/strong>Un logiciel de gestion d&#8217;entrep\u00f4t pour des processus de stockage intelligents, contr\u00f4l\u00e9s num\u00e9riquement et efficaces &#8211;  met en r\u00e9seau les personnes, les stocks et les mouvements de marchandises de bout en bout.<br><br>Pour ses clients, proLogistik r\u00e9alise des \u00e9tudes de faisabilit\u00e9 et des analyses de rentabilit\u00e9 pour des syst\u00e8mes de gestion d&#8217;entrep\u00f4t (WMS) g\u00e9r\u00e9s en ligne dans le domaine de l&#8217;intralogistique. Elle cr\u00e9e des concepts de solutions pour des syst\u00e8mes configur\u00e9s individuellement &#8211; compatibles avec les interfaces et de conception modulaire. proLogistik se consid\u00e8re comme un partenaire de ses clients, qui les accompagne sur le long terme &#8211; de l&#8217;\u00e9tat des lieux aux services op\u00e9rationnels, en passant par l&#8217;impl\u00e9mentation de nouveau site\/projet.<\/p>\n\n\n\n<p>Outre les solutions syst\u00e8me pour l&#8217;intralogistique, proLogistik d\u00e9veloppe et fabrique des composants mat\u00e9riels tels que PC industriels &#8211; de la saisie de donn\u00e9es dans la logistique \u00e0 la commande de processus dans la production. De plus, proLogistik est le fournisseur leader dans le domaine des syst\u00e8mes de dialogue \u00e0 commande vocale pour la pr\u00e9paration de commandes. <a href=\"https:\/\/www.prologistik.com\/fr\/materiel-informatique\/pick-by-voice\/\"><br><\/a><\/p>\n\n\n\n<div class=\"wp-block-buttons gap-lg is-layout-flex wp-block-buttons-is-layout-flex\">\n<div class=\"wp-block-button is-style-fill\"><a class=\"wp-block-button__link has-color-dodger-blue-background-color has-background wp-element-button\" href=\"https:\/\/www.prologistik.com\/fr\" target=\"_blank\" rel=\"noreferrer noopener\">Vers le site web<\/a><\/div>\n<\/div>\n\n<\/div><\/div>\n<\/div>\n<\/div>\n<\/section>\n\n<section class=\"gb-container gb-container-1c68c0ac\">\n<div class=\"gb-container gb-container-c9166d6b\">\n<div class=\"gb-grid-wrapper gb-grid-wrapper-795b6fea\">\n<div class=\"gb-grid-column gb-grid-column-fc37ecf6\"><div class=\"gb-container gb-container-fc37ecf6\">\n\n<figure class=\"wp-block-image size-full is-resized\"><img loading=\"lazy\" decoding=\"async\" width=\"2481\" height=\"595\" src=\"https:\/\/www.prologistik.com\/wp-content\/uploads\/logo_prologistik_color_horizontal.jpg\" alt=\"\" class=\"wp-image-25359\" srcset=\"https:\/\/www.prologistik.com\/wp-content\/uploads\/logo_prologistik_color_horizontal.jpg 2481w, https:\/\/www.prologistik.com\/wp-content\/uploads\/logo_prologistik_color_horizontal-300x72.jpg 300w, https:\/\/www.prologistik.com\/wp-content\/uploads\/logo_prologistik_color_horizontal-1024x246.jpg 1024w, https:\/\/www.prologistik.com\/wp-content\/uploads\/logo_prologistik_color_horizontal-150x36.jpg 150w, https:\/\/www.prologistik.com\/wp-content\/uploads\/logo_prologistik_color_horizontal-768x184.jpg 768w, https:\/\/www.prologistik.com\/wp-content\/uploads\/logo_prologistik_color_horizontal-1536x368.jpg 1536w, https:\/\/www.prologistik.com\/wp-content\/uploads\/logo_prologistik_color_horizontal-2048x491.jpg 2048w\" sizes=\"auto, (max-width: 2481px) 100vw, 2481px\" \/><\/figure>\n\n\n\n<p>proLogistik Suisse SA<br>611, rue de Schaffhouse<br>CH-8052 Zurich<\/p>\n\n\n\n<p><a href=\"tel:+41442004000\">+41 (0) 44 200 40 00<\/a><br><a href=\"mailto:info@dataphone.ch\">info@dataphone.ch<\/a><\/p>\n\n<\/div><\/div>\n\n<div class=\"gb-grid-column gb-grid-column-1b4517ef\"><div class=\"gb-container gb-container-1b4517ef\">\n\n<div class=\"wp-block-pixel-headline headlines is-subheadline-top has-text-align-left\"><h3 class=\"headline\" style=\"color:\">proLogistik Suisse SA<\/h3><\/div>\n\n\n\n<p>L&#8217;entreprise proLogistik Schweiz AG (anciennement Dataphone AG) est un fournisseur international de solutions logistiques intelligentes avec des sites en Suisse (Zurich), en Allemagne (Dortmund &amp; Leer), au Mexique, aux \u00c9tats-Unis et au Canada. Depuis plus de 38 ans, proLogistik Schweiz AG d\u00e9veloppe des logiciels de gestion d&#8217;entrep\u00f4t et des solutions mat\u00e9rielles fiables, standardis\u00e9es et flexibles pour les secteurs de la logistique d&#8217;entrep\u00f4t, du commerce, du transport, de l&#8217;industrie et de la production.<br>proLogistik Schweiz AG est sp\u00e9cialis\u00e9e dans le d\u00e9veloppement du syst\u00e8me de gestion d&#8217;entrep\u00f4t LOGIS MOVE et dispose d&#8217;une longue exp\u00e9rience dans le domaine de la gestion de la cha\u00eene d&#8217;approvisionnement ainsi que d&#8217;une \u00e9quipe de d\u00e9veloppeurs importante et exp\u00e9riment\u00e9e.<\/p>\n\n\n\n<div class=\"wp-block-buttons gap-lg is-layout-flex wp-block-buttons-is-layout-flex\">\n<div class=\"wp-block-button is-style-fill\"><a class=\"wp-block-button__link has-color-dodger-blue-background-color has-background wp-element-button\" href=\"https:\/\/www.prologistik.com\/fr\/a-propos-de-nous\/entreprise\/xelog\/\">Vers le site web<\/a><\/div>\n<\/div>\n\n<\/div><\/div>\n<\/div>\n<\/div>\n<\/section>\n\n<section class=\"gb-container gb-container-830de181\">\n<div class=\"gb-container gb-container-1ef055ca\">\n<div class=\"gb-grid-wrapper gb-grid-wrapper-fff03d95\">\n<div class=\"gb-grid-column gb-grid-column-5edb5650\"><div class=\"gb-container gb-container-5edb5650\">\n\n<figure class=\"wp-block-image size-full\"><img decoding=\"async\" src=\"https:\/\/www.prologistik.com\/wp-content\/uploads\/logo-xelog-rgb-1.png\" alt=\"\" class=\"wp-image-1779\"\/><\/figure>\n\n\n\n<p><strong>XELOG AG<\/strong><br>49, rue des Bouleaux<br>CH-6343 Rotkreuz<\/p>\n\n\n\n<p><a href=\"tel:+41417838000\">+41 (0) 41 783 8000<\/a><br><a href=\"mailto:info@xelog.com\">info@xelog.com<\/a><\/p>\n\n<\/div><\/div>\n\n<div class=\"gb-grid-column gb-grid-column-bc806a35\"><div class=\"gb-container gb-container-bc806a35\">\n\n<div class=\"wp-block-pixel-headline headlines is-subheadline-top has-text-align-left\"><h3 class=\"headline\" style=\"color:\">XELOG AG<\/h3><\/div>\n\n\n\n<p>XELOG est une soci\u00e9t\u00e9 de logiciels et de conseil bas\u00e9e \u00e0 Rotkreuz en Suisse, qui propose des solutions de gestion d&#8217;entrep\u00f4t. <br> L&#8217;entreprise a \u00e9t\u00e9 fond\u00e9e en 1996 et se concentre principalement sur quatre domaines : la strat\u00e9gie logistique orient\u00e9e vers l&#8217;ensemble, la conception et l&#8217;optimisation des processus logistiques, l&#8217;organisation et l&#8217;infrastructure de soutien. L&#8217;utilisation efficace des ressources humaines et l&#8217;utilisation cibl\u00e9e des technologies de l&#8217;information (TI) modernes permet d&#8217;automatiser les \u00e9tapes du processus.<\/p>\n\n\n\n<p>Les exigences de l&#8217;intralogistique sont couvertes par XELOG, tous secteurs confondus, gr\u00e2ce \u00e0 des standards logiciels \u00e9prouv\u00e9s. Nous nous distinguons par une compr\u00e9hension particuli\u00e8re des processus, une comp\u00e9tence dans la transposition des exigences logistiques en solutions informatiques orient\u00e9es vers la pratique, une solide exp\u00e9rience en tant que fournisseur de solutions de gestion d&#8217;entrep\u00f4t et l&#8217;entretien de relations clients orient\u00e9es vers le long terme.<\/p>\n\n\n\n<div class=\"wp-block-buttons gap-lg is-layout-flex wp-block-buttons-is-layout-flex\">\n<div class=\"wp-block-button is-style-fill\"><a class=\"wp-block-button__link has-color-dodger-blue-background-color has-background wp-element-button\" href=\"https:\/\/www.xelog.com\/\" target=\"_blank\" rel=\"noreferrer noopener\">Vers le site web<\/a><\/div>\n<\/div>\n\n<\/div><\/div>\n<\/div>\n<\/div>\n<\/section>\n\n<section class=\"gb-container gb-container-e729ff85\">\n<div class=\"gb-container gb-container-0fc72bae\">\n<div class=\"gb-grid-wrapper gb-grid-wrapper-37b4be04\">\n<div class=\"gb-grid-column gb-grid-column-e03fe40d\"><div class=\"gb-container gb-container-e03fe40d\">\n\n<figure class=\"wp-block-image size-full is-resized\"><img decoding=\"async\" src=\"https:\/\/www.prologistik.com\/wp-content\/uploads\/logo-itc-rgb.png\" alt=\"\" class=\"wp-image-1149\"\/><\/figure>\n\n\n\n<p><strong>IT Consult Henrik Ernst GmbH<\/strong><br>Digue 23<br>D-25421 Pinneberg<\/p>\n\n\n\n<p><a href=\"tel:+494101700320\">+49 (0) 4101 70032-0<\/a><br><a href=\"mailto:info@itconsultgmbh.de\">info@itconsultgmbh.de<\/a><\/p>\n\n<\/div><\/div>\n\n<div class=\"gb-grid-column gb-grid-column-3ffd5aa1\"><div class=\"gb-container gb-container-3ffd5aa1\">\n\n<div class=\"wp-block-pixel-headline headlines is-subheadline-top has-text-align-left\"><h3 class=\"headline\" style=\"color:\">ITC Henrik Ernst GmbH<\/h3><\/div>\n\n\n\n<p>IT Consult Henrik Ernst, dont le si\u00e8ge se trouve \u00e0 Pinneberg, aux portes de Hambourg, est une entreprise de d\u00e9veloppement de logiciels bien \u00e9tablie, sp\u00e9cialis\u00e9e dans les solutions WMS pour les entreprises de transport et les prestataires de services logistiques. De plus, IT Consult s&#8217;occupe de clients de l&#8217;industrie alimentaire, du secteur de l&#8217;acier et du secteur des mati\u00e8res en vrac.<\/p>\n\n\n\n<p>En 1998, l&#8217;entreprise a d\u00e9velopp\u00e9 WinLager, un syst\u00e8me de gestion d&#8217;entrep\u00f4t \u00e0 l&#8217;\u00e9preuve du temps. WinLager fonctionne sur n&#8217;importe quelle application Windows (32\/64 bits), garantit un d\u00e9roulement contr\u00f4l\u00e9, est configurable individuellement, structur\u00e9 de fa\u00e7on modulaire, peut \u00eatre mis \u00e0 jour \u00e0 tout moment et reste toujours \u00e0 la pointe de la technologie gr\u00e2ce \u00e0 son d\u00e9veloppement constant et \u00e0 ses mises \u00e0 jour gratuites.<\/p>\n\n\n\n<div class=\"wp-block-buttons gap-lg is-layout-flex wp-block-buttons-is-layout-flex\">\n<div class=\"wp-block-button is-style-fill\"><a class=\"wp-block-button__link has-color-dodger-blue-background-color has-background wp-element-button\" href=\"https:\/\/www.itconsultgmbh.de\/\" target=\"_blank\" rel=\"noreferrer noopener\">Vers le site web<\/a><\/div>\n<\/div>\n\n<\/div><\/div>\n<\/div>\n<\/div>\n<\/section>\n\n<section class=\"gb-container gb-container-fd1d387d\">\n<div class=\"gb-container gb-container-f348f54c\">\n<div class=\"gb-grid-wrapper gb-grid-wrapper-7322c4ba\">\n<div class=\"gb-grid-column gb-grid-column-4cc9d204\"><div class=\"gb-container gb-container-4cc9d204\">\n\n<figure class=\"wp-block-image size-full is-resized\"><img decoding=\"async\" src=\"https:\/\/www.prologistik.com\/wp-content\/uploads\/logo-logisoft-rgb.png\" alt=\"\" class=\"wp-image-1151\" style=\"width:172px;height:42px\"\/><\/figure>\n\n\n\n<p><strong>LogiSoft-S SARL<\/strong><br>37, rue de la Gare<br>D-74072 Heilbronn<\/p>\n\n\n\n<p><a href=\"tel:+497131991060\">+49 (0) 7131 99106-0<\/a><br><a href=\"mailto:info@logisoft-s.de\">info@logisoft-s.de<\/a><\/p>\n\n<\/div><\/div>\n\n<div class=\"gb-grid-column gb-grid-column-126f3969\"><div class=\"gb-container gb-container-126f3969\">\n\n<div class=\"wp-block-pixel-headline headlines is-subheadline-top has-text-align-left\"><h3 class=\"headline\" style=\"color:\">LogiSoft-S SARL<\/h3><\/div>\n\n\n\n<p>LogiSoft-S, dont le si\u00e8ge est \u00e0 Heilbronn, se concentre depuis 1991, en tant que soci\u00e9t\u00e9 de logiciels et de syst\u00e8mes, sur le domaine de la gestion des stocks et de la logistique et fournit \u00e0 ses clients des concepts pour des processus efficaces, des technologies et des composants mat\u00e9riels judicieux ainsi que les modules logiciels intelligents n\u00e9cessaires.<\/p>\n\n\n\n<p>Sur la base du syst\u00e8me modulaire de logiciels standard iLTIS (= syst\u00e8me intelligent d&#8217;information sur le stockage et le transport), LogiSoft-S est en mesure de mettre en \u0153uvre des exigences sp\u00e9ciales de mani\u00e8re \u00e9conomique et flexible. Tout au long de la cha\u00eene d&#8217;approvisionnement (de la production \u00e0 la livraison, en passant par le stockage, la distribution et les points de vente), l&#8217;entreprise propose des syst\u00e8mes mobiles tr\u00e8s l\u00e9gers, auxquels des fonctions d&#8217;optimisation peuvent \u00eatre ajout\u00e9es si n\u00e9cessaire. \u00c0 l&#8217;aide d&#8217;outils g\u00e9n\u00e9rateurs, LogiSoft-S adapte l&#8217;interface iLTIS exactement aux besoins du client. On \u00e9vite ainsi les champs inutiles, les masques confus ou les proc\u00e9dures inflexibles du logiciel, comme c&#8217;est souvent le cas avec de nombreux syst\u00e8mes ERP. Des outils d&#8217;int\u00e9gration garantissent une int\u00e9gration s\u00fbre et flexible d&#8217;iLTIS dans les syst\u00e8mes logiciels environnants. Apr\u00e8s la mise en service, LogiSoft-S soutient l&#8217;exploitation op\u00e9rationnelle chez le client par un support direct, rapide et qualifi\u00e9.<\/p>\n\n\n\n<div class=\"wp-block-buttons gap-lg is-layout-flex wp-block-buttons-is-layout-flex\">\n<div class=\"wp-block-button is-style-fill\"><a class=\"wp-block-button__link has-color-dodger-blue-background-color has-background wp-element-button\" href=\"https:\/\/logisoft-s.de\/\" target=\"_blank\" rel=\"noreferrer noopener\">Vers le site web<\/a><\/div>\n<\/div>\n\n<\/div><\/div>\n<\/div>\n<\/div>\n<\/section>\n\n<section class=\"gb-container gb-container-76698f18\">\n<div class=\"gb-container gb-container-9509e232\">\n<div class=\"gb-grid-wrapper gb-grid-wrapper-8ef78c60\">\n<div class=\"gb-grid-column gb-grid-column-6ff20912\"><div class=\"gb-container gb-container-6ff20912\">\n\n<figure class=\"wp-block-image size-full\"><img loading=\"lazy\" decoding=\"async\" width=\"360\" height=\"43\" src=\"https:\/\/www.prologistik.com\/wp-content\/uploads\/TM3-Logo.png\" alt=\"\" class=\"wp-image-3064\" srcset=\"https:\/\/www.prologistik.com\/wp-content\/uploads\/TM3-Logo.png 360w, https:\/\/www.prologistik.com\/wp-content\/uploads\/TM3-Logo-300x36.png 300w, https:\/\/www.prologistik.com\/wp-content\/uploads\/TM3-Logo-150x18.png 150w\" sizes=\"auto, (max-width: 360px) 100vw, 360px\" \/><\/figure>\n\n\n\n<p><strong>TM3 Software GmbH<\/strong><br>Pr\u00fcfeninger Stra\u00dfe 20<br>D-93049 Ratisbonne<\/p>\n\n\n\n<p><a href=\"tel:0941-461898-0\">+49 (0) 941-461898-0<\/a><br><a href=\"mailto:%20info@tm3-software.de\">info@tm3-software.de<\/a><\/p>\n\n\n\n<p><\/p>\n\n<\/div><\/div>\n\n<div class=\"gb-grid-column gb-grid-column-9d4d4e12\"><div class=\"gb-container gb-container-9d4d4e12\">\n\n<div class=\"wp-block-pixel-headline headlines is-subheadline-top has-text-align-left\"><h3 class=\"headline\" style=\"color:\">TM3 Software GmbH<\/h3><\/div>\n\n\n\n<p>Fond\u00e9e en 2008, l&#8217;entreprise de logiciels TM3 s&#8217;ajoute \u00e0 la liste des histoires de cr\u00e9ation d&#8217;entreprise r\u00e9ussies de l&#8217;universit\u00e9 de Ratisbonne. Avec un accent particulier sur les entreprises commerciales de taille moyenne, les fournisseurs de fulfillment et les commer\u00e7ants en ligne, le syst\u00e8me innovant de gestion des marchandises de TM3 assure des processus et des stocks optimis\u00e9s. Gr\u00e2ce aux algorithmes d&#8217;intelligence artificielle mis en \u0153uvre, le logiciel logistique TM3 r\u00e9fl\u00e9chit en permanence et donne des propositions d&#8217;optimisation &#8211; par exemple pour le meilleur emplacement de stockage possible &#8211; pour un stockage et un d\u00e9stockage encore plus efficaces.<\/p>\n\n\n\n<p>Le logiciel TM3 peut \u00eatre utilis\u00e9 en tant qu&#8217;installation locale dans votre propre entreprise ou en tant que solution cloud SaaS. Avec une mise en \u0153uvre peu co\u00fbteuse dans le cadre d&#8217;une option de location mensuelle, des possibilit\u00e9s attrayantes s&#8217;offrent en outre, en particulier pour les petites entreprises, afin d&#8217;all\u00e9ger et d&#8217;optimiser leurs propres processus de stockage.<\/p>\n\n\n\n<div class=\"wp-block-buttons gap-lg is-layout-flex wp-block-buttons-is-layout-flex\">\n<div class=\"wp-block-button is-style-fill\"><a class=\"wp-block-button__link has-color-dodger-blue-background-color has-background wp-element-button\" href=\"https:\/\/www.tm3-software.de\/\" target=\"_blank\" rel=\"noreferrer noopener\">Vers le site web<\/a><\/div>\n<\/div>\n\n<\/div><\/div>\n<\/div>\n<\/div>\n<\/section>\n\n<section class=\"gb-container gb-container-c42c3eed\">\n<div class=\"gb-container gb-container-d931f8ee\">\n<div class=\"gb-grid-wrapper gb-grid-wrapper-9f0d21db\">\n<div class=\"gb-grid-column gb-grid-column-763469c6\"><div class=\"gb-container gb-container-763469c6\">\n\n<figure class=\"wp-block-image size-full\"><img loading=\"lazy\" decoding=\"async\" width=\"360\" height=\"86\" src=\"https:\/\/www.prologistik.com\/wp-content\/uploads\/logo-active-logistics-rgb.png\" alt=\"\" class=\"wp-image-3222\" srcset=\"https:\/\/www.prologistik.com\/wp-content\/uploads\/logo-active-logistics-rgb.png 360w, https:\/\/www.prologistik.com\/wp-content\/uploads\/logo-active-logistics-rgb-300x72.png 300w, https:\/\/www.prologistik.com\/wp-content\/uploads\/logo-active-logistics-rgb-150x36.png 150w\" sizes=\"auto, (max-width: 360px) 100vw, 360px\" \/><\/figure>\n\n\n\n<p><strong>active logistics GmbH<\/strong><br>Rue Gahlenfeld 53<br>D-58313 Herdecke<\/p>\n\n\n\n<p><a href=\"tel:+49233091910\">+49 (0) 2330 9191 0<\/a><br><a href=\"mailto:info@active-logistics.com\">info@active-logistics.com<\/a><\/p>\n\n<\/div><\/div>\n\n<div class=\"gb-grid-column gb-grid-column-9176a295\"><div class=\"gb-container gb-container-9176a295\">\n\n<div class=\"wp-block-pixel-headline headlines is-subheadline-top has-text-align-left\"><h3 class=\"headline\" style=\"color:\">active logistics GmbH<\/h3><\/div>\n\n\n\n<p>Sous la devise &#8220;Intelligent Transformation&#8221;, la soci\u00e9t\u00e9 active logistics fournit depuis plus de 40 ans des logiciels sur mesure ultramodernes pour tous les domaines de la cha\u00eene d&#8217;approvisionnement. Les quelque 180 collaborateurs se sont donn\u00e9 pour mission de fournir des solutions informatiques compl\u00e8tes et efficaces, dont un <a href=\"https:\/\/www.prologistik.com\/transportation\/transport-management-system-und-software\">syst\u00e8me<\/a> moderne <a href=\"https:\/\/www.prologistik.com\/transportation\/transport-management-system-und-software\">de gestion du transport<\/a> pour la logistique des syst\u00e8mes nationaux et internationaux. Avec des services issus du cloud et une solution multicloud, l&#8217;entreprise propose des solutions informatiques modernes et orient\u00e9es vers l&#8217;avenir pour tous les besoins.<\/p>\n\n\n\n<p>Le centre informatique de l&#8217;entreprise \u00e0 Niederaula compte parmi les plus grands centres informatiques d&#8217;Europe pour le secteur du transport et de la logistique et fournit un flux de donn\u00e9es s\u00e9curis\u00e9 \u00e0 ses clients. Outre son si\u00e8ge social \u00e0 Herdecke, active logistics poss\u00e8de d&#8217;autres sites \u00e0 Coblence et \u00e0 Nuremberg.<\/p>\n\n\n\n<div class=\"wp-block-buttons gap-lg is-layout-flex wp-block-buttons-is-layout-flex\">\n<div class=\"wp-block-button is-style-fill\"><a class=\"wp-block-button__link has-color-dodger-blue-background-color has-background wp-element-button\" href=\"https:\/\/www.active-logistics.com\/\" target=\"_blank\" rel=\"noreferrer noopener\">Vers le site web<\/a><\/div>\n<\/div>\n\n<\/div><\/div>\n<\/div>\n<\/div>\n<\/section>\n\n<section class=\"gb-container gb-container-e60d5ed1\">\n<div class=\"gb-container gb-container-f1435287\">\n<div class=\"gb-grid-wrapper gb-grid-wrapper-c7759439\">\n<div class=\"gb-grid-column gb-grid-column-d9b84eb0\"><div class=\"gb-container gb-container-d9b84eb0\">\n\n<figure class=\"wp-block-image size-full\"><img loading=\"lazy\" decoding=\"async\" width=\"360\" height=\"120\" src=\"https:\/\/www.prologistik.com\/wp-content\/uploads\/logo-1.png\" alt=\"\" class=\"wp-image-15985\" srcset=\"https:\/\/www.prologistik.com\/wp-content\/uploads\/logo-1.png 360w, https:\/\/www.prologistik.com\/wp-content\/uploads\/logo-1-300x100.png 300w, https:\/\/www.prologistik.com\/wp-content\/uploads\/logo-1-150x50.png 150w\" sizes=\"auto, (max-width: 360px) 100vw, 360px\" \/><\/figure>\n\n\n\n<p><strong>AIS alfaplan GmbH<\/strong><br>100, rue S\u00f6flinger<br>D-89077 Ulm<\/p>\n\n\n\n<p><a href=\"tel:+49%20(0)%20731%20934096-0\">+49 (0) 731 934096-0<\/a><br><a href=\"mailto:kontakt@ais-alfaplan.de\">kontakt@ais-alfaplan.de<\/a><\/p>\n\n<\/div><\/div>\n\n<div class=\"gb-grid-column gb-grid-column-6c2bb6de\"><div class=\"gb-container gb-container-6c2bb6de\">\n\n<div class=\"wp-block-pixel-headline headlines is-subheadline-top has-text-align-left\"><h3 class=\"headline\" style=\"color:\">AIS alfaplan GmbH<\/h3><\/div>\n\n\n\n<p>Planification des tourn\u00e9es, t\u00e9l\u00e9matique et optimisation des trajets d&#8217;un seul tenant &#8211; pour plus de transparence, moins de co\u00fbts &amp; plus de durabilit\u00e9 : avec 25 ans d&#8217;exp\u00e9rience dans la num\u00e9risation et pr\u00e8s de 60 collaborateurs, l&#8217;\u00e9quipe d&#8217;AIS alfaplan aide les clients \u00e0 \u00e9conomiser du temps, des kilom\u00e8tres, de l&#8217;argent et du CO\u2082. Le portefeuille de produits se compose de plus de soixante-dix modules dans les domaines suivants :<\/p>\n\n\n\n<p>Planification des tourn\u00e9es : des processus de planification enti\u00e8rement automatis\u00e9s permettent de r\u00e9partir de mani\u00e8re particuli\u00e8rement efficace le volume des commandes \u00e0 traiter pour toutes les tourn\u00e9es de livraison et de collecte sur le parc de v\u00e9hicules.<\/p>\n\n\n\n<p>Optimisation des trajets : le syst\u00e8me calcule des itin\u00e9raires et des trajets en fonction de la structure individuelle des co\u00fbts par v\u00e9hicule et fournit ainsi des consignes de navigation optimis\u00e9es en termes de co\u00fbts. Il r\u00e9duit aussi bien les kilom\u00e8tres \u00e0 vide, en charge et les d\u00e9tours que la consommation et les \u00e9missions de CO\u2082.<\/p>\n\n\n\n<p>T\u00e9l\u00e9matique : un \u00e9change continu de donn\u00e9es en temps r\u00e9el, y compris les messages d&#8217;\u00e9tat, la localisation et les informations ETA, r\u00e9duit les frais de communication entre le service de planification et les v\u00e9hicules.<\/p>\n\n\n\n<p>Gestion des d\u00e9p\u00f4ts : la gestion des d\u00e9p\u00f4ts associe la gestion des commandes, le suivi des arriv\u00e9es et le suivi de la cour. L&#8217;afflux dans la cour, les unit\u00e9s de chargement et l&#8217;occupation des portes peuvent \u00eatre contr\u00f4l\u00e9s avec pr\u00e9cision, par exemple pour r\u00e9duire drastiquement les temps d&#8217;arr\u00eat \u00e0 la porte.<\/p>\n\n\n\n<p>Analyse des tourn\u00e9es et des itin\u00e9raires : une comparaison des objectifs fix\u00e9s pour l&#8217;itin\u00e9raire avec les donn\u00e9es r\u00e9elles dans l&#8217;outil de contr\u00f4le Analyse des itin\u00e9raires rend les \u00e9carts transparents et cr\u00e9e la base d&#8217;un recadrage efficace.<\/p>\n\n\n\n<div class=\"wp-block-buttons gap-lg is-layout-flex wp-block-buttons-is-layout-flex\">\n<div class=\"wp-block-button is-style-fill\"><a class=\"wp-block-button__link has-color-dodger-blue-background-color has-background wp-element-button\" href=\"http:\/\/ais-alfaplan.de\/de\" target=\"_blank\" rel=\"noreferrer noopener\">Vers le site web<\/a><\/div>\n<\/div>\n\n<\/div><\/div>\n<\/div>\n<\/div>\n<\/section>\n\n<section class=\"gb-container gb-container-4dcd3943\">\n<div class=\"gb-container gb-container-2f4bad0a\">\n<div class=\"gb-grid-wrapper gb-grid-wrapper-1cf252ef\">\n<div class=\"gb-grid-column gb-grid-column-820db243\"><div class=\"gb-container gb-container-820db243\">\n\n<figure class=\"wp-block-image size-full\"><img loading=\"lazy\" decoding=\"async\" width=\"300\" height=\"100\" alt=\"Logo Dinas\" src=\"https:\/\/www.prologistik.com\/wp-content\/uploads\/logo-struebing-rgb-1.png\" alt=\"\" class=\"wp-image-22966\" srcset=\"https:\/\/www.prologistik.com\/wp-content\/uploads\/logo-struebing-rgb-1.png 300w, https:\/\/www.prologistik.com\/wp-content\/uploads\/logo-struebing-rgb-1-150x50.png 150w\" sizes=\"auto, (max-width: 300px) 100vw, 300px\" \/><\/figure>\n\n\n\n<p><strong>Str\u00fcbing Datensystemberatung GmbH<br><\/strong>J\u00e4gerweg 1<br>D-76532 Baden-Baden<\/p>\n\n\n\n<p>+049(0)7221-9359-0<br>dinas@dinas.info<\/p>\n\n<\/div><\/div>\n\n<div class=\"gb-grid-column gb-grid-column-763e22fa\"><div class=\"gb-container gb-container-763e22fa\">\n\n<div class=\"wp-block-pixel-headline headlines is-subheadline-top has-text-align-left\"><h3 class=\"headline\" style=\"color:\"><strong>Str\u00fcbing Datensystemberatung GmbH<\/strong><\/h3><\/div>\n\n\n\n<p>D\u00e8s 1970, Adalbert Str\u00fcbing s&#8217;est mis \u00e0 son compte et a fond\u00e9 la soci\u00e9t\u00e9 PRO-ORG KG, qui a donn\u00e9 naissance en 1988 \u00e0 la soci\u00e9t\u00e9 Str\u00fcbing Datensystemberatung GmbH. Aujourd&#8217;hui, l&#8217;entreprise bas\u00e9e \u00e0 Baden-Baden est l&#8217;un des fournisseurs de logiciels les plus performants d&#8217;Europe dans le domaine du transport. Le portefeuille de produits s&#8217;adresse aux chargeurs, aux clients de l&#8217;entreposage ainsi qu&#8217;aux entreprises de transport des secteurs les plus divers.<\/p>\n\n\n\n<p>Le produit central de l&#8217;entreprise est le logiciel d&#8217;exp\u00e9dition DINAS, extr\u00eamement complet, flexible et moderne. Aujourd&#8217;hui, il y a des utilisateurs de DINAS dans diff\u00e9rents pays, qui utilisent le logiciel sur des syst\u00e8mes d&#8217;exploitation tr\u00e8s vari\u00e9s.<\/p>\n\n\n\n<p>Le logiciel de logistique d&#8217;entrep\u00f4t (LMS) au sein de DINAS pour les chargeurs et les entrepositaires r\u00e9pond aux exigences des clients d&#8217;une solution logicielle performante et flexible dans le domaine de la gestion d&#8217;entrep\u00f4t. Pour ce faire, Str\u00fcbing Datensystemberatung GmbH a transf\u00e9r\u00e9 les fonctions de base de DINAS dans une gestion transparente des stocks.<\/p>\n\n\n\n<p>Les programmes du logiciel d&#8217;exp\u00e9dition DINAS et du logiciel d&#8217;entrep\u00f4t LMS sont ind\u00e9pendants de la plate-forme et fonctionnent sous diff\u00e9rentes variantes UNIX, serveurs Windows et System i (AS\/400).<\/p>\n\n\n\n<div class=\"wp-block-buttons gap-lg is-layout-flex wp-block-buttons-is-layout-flex\">\n<div class=\"wp-block-button is-style-fill\"><a class=\"wp-block-button__link has-color-dodger-blue-background-color has-background wp-element-button\" href=\"\/fr\/?page_id=43957\">Vers le site web<\/a><\/div>\n<\/div>\n\n<\/div><\/div>\n<\/div>\n<\/div>\n<\/section>\n\n<section class=\"gb-container gb-container-863e359c\">\n<div class=\"gb-container gb-container-e336ab7f\">\n<div class=\"gb-grid-wrapper gb-grid-wrapper-d6030d31\">\n<div class=\"gb-grid-column gb-grid-column-06b034c1\"><div class=\"gb-container gb-container-06b034c1\">\n\n<figure class=\"wp-block-image size-full\"><img loading=\"lazy\" decoding=\"async\" width=\"700\" height=\"330\" alt=\"Logo DSIA\" src=\"https:\/\/www.prologistik.com\/wp-content\/uploads\/pLG_DSIA_Websitelogo_700x330_2024.png\" alt=\"\" class=\"wp-image-28900\" srcset=\"https:\/\/www.prologistik.com\/wp-content\/uploads\/pLG_DSIA_Websitelogo_700x330_2024.png 700w, https:\/\/www.prologistik.com\/wp-content\/uploads\/pLG_DSIA_Websitelogo_700x330_2024-300x141.png 300w, https:\/\/www.prologistik.com\/wp-content\/uploads\/pLG_DSIA_Websitelogo_700x330_2024-150x71.png 150w\" sizes=\"auto, (max-width: 700px) 100vw, 700px\" \/><\/figure>\n\n\n\n<p><strong>DSIA<\/strong><br>16 rue de la petite Sensive<br>44 300 Nantes<\/p>\n\n\n\n<p><a href=\"tel:+33251818585\">+33 (0)2 51 81 85 85<\/a><\/p>\n\n<\/div><\/div>\n\n<div class=\"gb-grid-column gb-grid-column-6f854e63\"><div class=\"gb-container gb-container-6f854e63\">\n\n<div class=\"wp-block-pixel-headline headlines is-subheadline-top has-text-align-left\"><h3 class=\"headline\" style=\"color:\">DSIA<\/h3><\/div>\n\n\n\n<p>DSIA, dont le si\u00e8ge est \u00e0 Nantes (France), a \u00e9t\u00e9 fond\u00e9e en 1985 et est reconnue pour le d\u00e9veloppement de logiciels dans le secteur de la logistique. L&#8217;entreprise sert des entreprises industrielles et des distributeurs exigeants, comme l&#8217;industrie alimentaire, les cosm\u00e9tiques ou la haute technologie.<\/p>\n\n\n\n<p>Le portefeuille de produits comprend, dans la suite logicielle Logistar (<a class=\"wpil_keyword_link\" href=\"https:\/\/www.prologistik.com\/fr\/lexique-de-la-logistique\/gestion-de-la-chaine-dapprovisionnement\/\"   title=\"Supply Chain\" data-wpil-keyword-link=\"linked\"  data-wpil-monitor-id=\"170\">Supply Chain<\/a> Execution), le syst\u00e8me de gestion d&#8217;entrep\u00f4t Logistar WMS comme produit phare, mais aussi le transport (Logistar TMS) ainsi que des syst\u00e8mes de gestion des commandes (Logistar OMS). En outre, DSIA propose une solution de gestion de la performance de la cha\u00eene d&#8217;approvisionnement (Logistar LMS &#8211; Abvalue).<\/p>\n\n\n\n<p>Les solutions sont mises \u00e0 la disposition des clients en mode Software-as-a-Service (SaaS). Le syst\u00e8me de gestion d&#8217;entrep\u00f4t de Logistar Software Suite a acquis une excellente r\u00e9putation dans le secteur en tant que solution innovante pour la gestion de la cha\u00eene logistique au niveau de l&#8217;entreprise. La solution logicielle optimise la planification, la gestion et l&#8217;affectation des ressources de stockage, augmentant ainsi consid\u00e9rablement la productivit\u00e9 op\u00e9rationnelle.<\/p>\n\n\n\n<div class=\"wp-block-buttons gap-lg is-layout-flex wp-block-buttons-is-layout-flex\">\n<div class=\"wp-block-button is-style-fill\"><a class=\"wp-block-button__link has-color-dodger-blue-background-color has-background wp-element-button\" href=\"https:\/\/logistar-dsia.com\/\" target=\"_blank\" rel=\"noreferrer noopener\">Vers le site web<\/a><\/div>\n<\/div>\n\n<\/div><\/div>\n<\/div>\n<\/div>\n<\/section>","protected":false},"excerpt":{"rendered":"","protected":false},"author":1,"featured_media":0,"parent":29588,"menu_order":7,"comment_status":"closed","ping_status":"closed","template":"","meta":{"_acf_changed":false,"footnotes":""},"class_list":["post-29647","page","type-page","status-publish"],"acf":[],"yoast_head":"<!-- This site is optimized with the Yoast SEO Premium plugin v26.9 (Yoast SEO v27.5) - https:\/\/yoast.com\/product\/yoast-seo-premium-wordpress\/ -->\n<title>Les entreprises du groupe proLogistik<\/title>\n<meta name=\"description\" content=\"Collective Excellence in Logistics \u2714\ufe0f Cliquez ici pour acc\u00e9der \u00e0 nos partenaires !\" \/>\n<meta name=\"robots\" content=\"index, follow, max-snippet:-1, max-image-preview:large, max-video-preview:-1\" \/>\n<link rel=\"canonical\" href=\"https:\/\/www.prologistik.com\/fr\/a-propos-de-nous\/entreprise\/\" \/>\n<meta property=\"og:locale\" content=\"fr_FR\" \/>\n<meta property=\"og:type\" content=\"article\" \/>\n<meta property=\"og:title\" content=\"Entreprise\" \/>\n<meta property=\"og:description\" content=\"Collective Excellence in Logistics \u2714\ufe0f Cliquez ici pour acc\u00e9der \u00e0 nos partenaires !\" \/>\n<meta property=\"og:url\" content=\"https:\/\/www.prologistik.com\/fr\/a-propos-de-nous\/entreprise\/\" \/>\n<meta property=\"og:site_name\" content=\"proLogistik Group\" \/>\n<meta property=\"article:modified_time\" content=\"2025-10-21T08:45:59+00:00\" \/>\n<meta property=\"og:image\" content=\"https:\/\/www.prologistik.com\/wp-content\/uploads\/prologistik-standorte.svg\" \/>\n<meta name=\"twitter:card\" content=\"summary_large_image\" \/>\n<meta name=\"twitter:label1\" content=\"Dur\u00e9e de lecture estim\u00e9e\" \/>\n\t<meta name=\"twitter:data1\" content=\"11 minutes\" \/>\n<script type=\"application\/ld+json\" class=\"yoast-schema-graph\">{\"@context\":\"https:\\\/\\\/schema.org\",\"@graph\":[{\"@type\":\"WebPage\",\"@id\":\"https:\\\/\\\/www.prologistik.com\\\/fr\\\/a-propos-de-nous\\\/entreprise\\\/\",\"url\":\"https:\\\/\\\/www.prologistik.com\\\/fr\\\/a-propos-de-nous\\\/entreprise\\\/\",\"name\":\"Les entreprises du groupe proLogistik\",\"isPartOf\":{\"@id\":\"https:\\\/\\\/www.prologistik.com\\\/fr\\\/#website\"},\"primaryImageOfPage\":{\"@id\":\"https:\\\/\\\/www.prologistik.com\\\/fr\\\/a-propos-de-nous\\\/entreprise\\\/#primaryimage\"},\"image\":{\"@id\":\"https:\\\/\\\/www.prologistik.com\\\/fr\\\/a-propos-de-nous\\\/entreprise\\\/#primaryimage\"},\"thumbnailUrl\":\"https:\\\/\\\/www.prologistik.com\\\/wp-content\\\/uploads\\\/prologistik-standorte.svg\",\"datePublished\":\"2022-05-12T12:16:27+00:00\",\"dateModified\":\"2025-10-21T08:45:59+00:00\",\"description\":\"Collective Excellence in Logistics \u2714\ufe0f Cliquez ici pour acc\u00e9der \u00e0 nos partenaires !\",\"breadcrumb\":{\"@id\":\"https:\\\/\\\/www.prologistik.com\\\/fr\\\/a-propos-de-nous\\\/entreprise\\\/#breadcrumb\"},\"inLanguage\":\"fr-FR\",\"potentialAction\":[{\"@type\":\"ReadAction\",\"target\":[\"https:\\\/\\\/www.prologistik.com\\\/fr\\\/a-propos-de-nous\\\/entreprise\\\/\"]}]},{\"@type\":\"ImageObject\",\"inLanguage\":\"fr-FR\",\"@id\":\"https:\\\/\\\/www.prologistik.com\\\/fr\\\/a-propos-de-nous\\\/entreprise\\\/#primaryimage\",\"url\":\"https:\\\/\\\/www.prologistik.com\\\/wp-content\\\/uploads\\\/prologistik-standorte.svg\",\"contentUrl\":\"https:\\\/\\\/www.prologistik.com\\\/wp-content\\\/uploads\\\/prologistik-standorte.svg\"},{\"@type\":\"BreadcrumbList\",\"@id\":\"https:\\\/\\\/www.prologistik.com\\\/fr\\\/a-propos-de-nous\\\/entreprise\\\/#breadcrumb\",\"itemListElement\":[{\"@type\":\"ListItem\",\"position\":1,\"name\":\"Startseite\",\"item\":\"https:\\\/\\\/www.prologistik.com\\\/fr\\\/\"},{\"@type\":\"ListItem\",\"position\":2,\"name\":\"\u00c0 propos de nous\",\"item\":\"https:\\\/\\\/www.prologistik.com\\\/fr\\\/a-propos-de-nous\\\/\"},{\"@type\":\"ListItem\",\"position\":3,\"name\":\"Entreprise\"}]},{\"@type\":\"WebSite\",\"@id\":\"https:\\\/\\\/www.prologistik.com\\\/fr\\\/#website\",\"url\":\"https:\\\/\\\/www.prologistik.com\\\/fr\\\/\",\"name\":\"proLogistik Group\",\"description\":\"Software und Hardware f\u00fcr die Intralogistik\",\"publisher\":{\"@id\":\"https:\\\/\\\/www.prologistik.com\\\/fr\\\/#organization\"},\"potentialAction\":[{\"@type\":\"SearchAction\",\"target\":{\"@type\":\"EntryPoint\",\"urlTemplate\":\"https:\\\/\\\/www.prologistik.com\\\/fr\\\/?s={search_term_string}\"},\"query-input\":{\"@type\":\"PropertyValueSpecification\",\"valueRequired\":true,\"valueName\":\"search_term_string\"}}],\"inLanguage\":\"fr-FR\"},{\"@type\":\"Organization\",\"@id\":\"https:\\\/\\\/www.prologistik.com\\\/fr\\\/#organization\",\"name\":\"proLogistik Group\",\"url\":\"https:\\\/\\\/www.prologistik.com\\\/fr\\\/\",\"logo\":{\"@type\":\"ImageObject\",\"inLanguage\":\"fr-FR\",\"@id\":\"https:\\\/\\\/www.prologistik.com\\\/fr\\\/#\\\/schema\\\/logo\\\/image\\\/\",\"url\":\"https:\\\/\\\/www.prologistik.com\\\/wp-content\\\/uploads\\\/prologistik-logo-web.svg\",\"contentUrl\":\"https:\\\/\\\/www.prologistik.com\\\/wp-content\\\/uploads\\\/prologistik-logo-web.svg\",\"width\":320,\"height\":59,\"caption\":\"proLogistik Group\"},\"image\":{\"@id\":\"https:\\\/\\\/www.prologistik.com\\\/fr\\\/#\\\/schema\\\/logo\\\/image\\\/\"}}]}<\/script>\n<!-- \/ Yoast SEO Premium plugin. -->","yoast_head_json":{"title":"Les entreprises du groupe proLogistik","description":"Collective Excellence in Logistics \u2714\ufe0f Cliquez ici pour acc\u00e9der \u00e0 nos partenaires !","robots":{"index":"index","follow":"follow","max-snippet":"max-snippet:-1","max-image-preview":"max-image-preview:large","max-video-preview":"max-video-preview:-1"},"canonical":"https:\/\/www.prologistik.com\/fr\/a-propos-de-nous\/entreprise\/","og_locale":"fr_FR","og_type":"article","og_title":"Entreprise","og_description":"Collective Excellence in Logistics \u2714\ufe0f Cliquez ici pour acc\u00e9der \u00e0 nos partenaires !","og_url":"https:\/\/www.prologistik.com\/fr\/a-propos-de-nous\/entreprise\/","og_site_name":"proLogistik Group","article_modified_time":"2025-10-21T08:45:59+00:00","og_image":[{"url":"https:\/\/www.prologistik.com\/wp-content\/uploads\/prologistik-standorte.svg","type":"","width":"","height":""}],"twitter_card":"summary_large_image","twitter_misc":{"Dur\u00e9e de lecture estim\u00e9e":"11 minutes"},"schema":{"@context":"https:\/\/schema.org","@graph":[{"@type":"WebPage","@id":"https:\/\/www.prologistik.com\/fr\/a-propos-de-nous\/entreprise\/","url":"https:\/\/www.prologistik.com\/fr\/a-propos-de-nous\/entreprise\/","name":"Les entreprises du groupe proLogistik","isPartOf":{"@id":"https:\/\/www.prologistik.com\/fr\/#website"},"primaryImageOfPage":{"@id":"https:\/\/www.prologistik.com\/fr\/a-propos-de-nous\/entreprise\/#primaryimage"},"image":{"@id":"https:\/\/www.prologistik.com\/fr\/a-propos-de-nous\/entreprise\/#primaryimage"},"thumbnailUrl":"https:\/\/www.prologistik.com\/wp-content\/uploads\/prologistik-standorte.svg","datePublished":"2022-05-12T12:16:27+00:00","dateModified":"2025-10-21T08:45:59+00:00","description":"Collective Excellence in Logistics \u2714\ufe0f Cliquez ici pour acc\u00e9der \u00e0 nos partenaires !","breadcrumb":{"@id":"https:\/\/www.prologistik.com\/fr\/a-propos-de-nous\/entreprise\/#breadcrumb"},"inLanguage":"fr-FR","potentialAction":[{"@type":"ReadAction","target":["https:\/\/www.prologistik.com\/fr\/a-propos-de-nous\/entreprise\/"]}]},{"@type":"ImageObject","inLanguage":"fr-FR","@id":"https:\/\/www.prologistik.com\/fr\/a-propos-de-nous\/entreprise\/#primaryimage","url":"https:\/\/www.prologistik.com\/wp-content\/uploads\/prologistik-standorte.svg","contentUrl":"https:\/\/www.prologistik.com\/wp-content\/uploads\/prologistik-standorte.svg"},{"@type":"BreadcrumbList","@id":"https:\/\/www.prologistik.com\/fr\/a-propos-de-nous\/entreprise\/#breadcrumb","itemListElement":[{"@type":"ListItem","position":1,"name":"Startseite","item":"https:\/\/www.prologistik.com\/fr\/"},{"@type":"ListItem","position":2,"name":"\u00c0 propos de nous","item":"https:\/\/www.prologistik.com\/fr\/a-propos-de-nous\/"},{"@type":"ListItem","position":3,"name":"Entreprise"}]},{"@type":"WebSite","@id":"https:\/\/www.prologistik.com\/fr\/#website","url":"https:\/\/www.prologistik.com\/fr\/","name":"proLogistik Group","description":"Software und Hardware f\u00fcr die Intralogistik","publisher":{"@id":"https:\/\/www.prologistik.com\/fr\/#organization"},"potentialAction":[{"@type":"SearchAction","target":{"@type":"EntryPoint","urlTemplate":"https:\/\/www.prologistik.com\/fr\/?s={search_term_string}"},"query-input":{"@type":"PropertyValueSpecification","valueRequired":true,"valueName":"search_term_string"}}],"inLanguage":"fr-FR"},{"@type":"Organization","@id":"https:\/\/www.prologistik.com\/fr\/#organization","name":"proLogistik Group","url":"https:\/\/www.prologistik.com\/fr\/","logo":{"@type":"ImageObject","inLanguage":"fr-FR","@id":"https:\/\/www.prologistik.com\/fr\/#\/schema\/logo\/image\/","url":"https:\/\/www.prologistik.com\/wp-content\/uploads\/prologistik-logo-web.svg","contentUrl":"https:\/\/www.prologistik.com\/wp-content\/uploads\/prologistik-logo-web.svg","width":320,"height":59,"caption":"proLogistik Group"},"image":{"@id":"https:\/\/www.prologistik.com\/fr\/#\/schema\/logo\/image\/"}}]}},"_links":{"self":[{"href":"https:\/\/www.prologistik.com\/fr\/wp-json\/wp\/v2\/pages\/29647","targetHints":{"allow":["GET"]}}],"collection":[{"href":"https:\/\/www.prologistik.com\/fr\/wp-json\/wp\/v2\/pages"}],"about":[{"href":"https:\/\/www.prologistik.com\/fr\/wp-json\/wp\/v2\/types\/page"}],"author":[{"embeddable":true,"href":"https:\/\/www.prologistik.com\/fr\/wp-json\/wp\/v2\/users\/1"}],"replies":[{"embeddable":true,"href":"https:\/\/www.prologistik.com\/fr\/wp-json\/wp\/v2\/comments?post=29647"}],"version-history":[{"count":10,"href":"https:\/\/www.prologistik.com\/fr\/wp-json\/wp\/v2\/pages\/29647\/revisions"}],"predecessor-version":[{"id":54448,"href":"https:\/\/www.prologistik.com\/fr\/wp-json\/wp\/v2\/pages\/29647\/revisions\/54448"}],"up":[{"embeddable":true,"href":"https:\/\/www.prologistik.com\/fr\/wp-json\/wp\/v2\/pages\/29588"}],"wp:attachment":[{"href":"https:\/\/www.prologistik.com\/fr\/wp-json\/wp\/v2\/media?parent=29647"}],"curies":[{"name":"wp","href":"https:\/\/api.w.org\/{rel}","templated":true}]}}