{"id":29625,"date":"2023-02-28T16:41:49","date_gmt":"2023-02-28T15:41:49","guid":{"rendered":"https:\/\/prologistik.pixel-tal.de\/materiel-informatique\/labeling-etiquettes\/etiquettes-pid"},"modified":"2025-11-21T14:44:48","modified_gmt":"2025-11-21T13:44:48","slug":"etiquettes-pid","status":"publish","type":"page","link":"https:\/\/www.prologistik.com\/fr\/materiel-informatique\/labeling-etiquettes\/etiquettes-pid\/","title":{"rendered":"\u00c9tiquettes PID"},"content":{"rendered":"        \n            <!-- pagehead -->\n        \n                    \n\t\t\t<div id=\"pagehead-block_61182cda5aa0f6200639e59b50f52920\" class=\"pagehead size-small\">\n\t\t\t\t\t\t\t<div class=\"pagehead-canvas\">\n\t\t\t\t<div class=\"pagehead-content has-bg-color bg-color-green\">\n\t\t\t\t\t<div class=\"pagehead-content-inner\">\n\t\t\t\t\t\t<div class=\"pagehead-icon icon-color-white\" data-aos=\"fade-up\" data-aos-delay=\"0\" style=\"mask-image: url(https:\/\/www.prologistik.com\/wp-content\/uploads\/icon-server.svg); -webkit-mask-image: url(https:\/\/www.prologistik.com\/wp-content\/uploads\/icon-server.svg);\"><\/div>\t\t\t\t\t\t<span class=\"pagehead-subheadline\"  data-aos=\"fade-up\" data-aos-delay=\"50\">PLG STORE<\/span>\t\t\t\t\t\t<h1 class=\"pagehead-headline\" data-aos=\"fade-up\" data-aos-delay=\"100\">\u00c9tiquettes PID<\/h1>\t\t\t\t\t\t\t\t\t\t\t<\/div>\n\t\t\t\t<\/div>\n\t\t\t<\/div>\n\t\t\t\n\t\t\t\t<div class=\"pagehead-background\">\n\t\t\t\t<!-- image_id: 44404 | alt: Bannerbilder PID-Etiketten -->\t\t\t\t\t\t\t\t\t<img decoding=\"async\" class=\"test\" src=\"https:\/\/www.prologistik.com\/wp-content\/uploads\/pLG_Website_Hardware_PID-Etiketten_1920x840px.jpg\" alt=\"Bannerbilder PID-Etiketten\" \/>\n\t\t\t\t\n\t\t\t\t<\/div>\n\t\t\t<\/div>\n        \n                    \n            <!-- end:pagehead -->\n        \n            \n\n<section class=\"gb-container gb-container-97381a90\">\n<div class=\"gb-container gb-container-76c9f99c gb-container-align-right-third\">\n<div class=\"gb-grid-wrapper gb-grid-wrapper-3c5d1c2a\">\n<div class=\"gb-grid-column gb-grid-column-c394eff9\"><div class=\"gb-container gb-container-c394eff9\">\n\n<div class=\"wp-block-pixel-headline headlines is-subheadline-top has-text-align-left\"><h2 class=\"headline\" style=\"color:\">\u00c9tiquettes sp\u00e9ciales  <\/h2><span class=\"subheadline\" style=\"color:var(--color-blue)\">Pour le logiciel de gestion d&#8217;entrep\u00f4t pLG Store<\/span><\/div>\n\n\n\n<p>Pour que les \u00e9tiquettes puissent \u00eatre utilis\u00e9es de mani\u00e8re efficace dans l&#8217;entrep\u00f4t et parvenir \u00e0 une exploitation optimale, il faut une logistique d&#8217;\u00e9tiquetage coh\u00e9rente. Nos \u00e9tiquettes PID ont \u00e9t\u00e9 sp\u00e9cialement con\u00e7ues pour \u00eatre utilis\u00e9es avec le logiciel de gestion d&#8217;entrep\u00f4t pLG Store.<\/p>\n\n\n\n<div class=\"wp-block-pixel-headline headlines is-subheadline-bottom has-text-align-left\"><h3 class=\"headline\" style=\"color:\">L&#8217;\u00e9tiquette adapt\u00e9e \u00e0 vos besoins<\/h3><\/div>\n\n\n\n<p>Si vous utilisez un logiciel de gestion d&#8217;entrep\u00f4t de proLogistik, nos \u00e9tiquettes PID vous offrent le meilleur compl\u00e9ment possible. L&#8217;abr\u00e9viation PID signifie num\u00e9ro d&#8217;identification de palettes. Ce num\u00e9ro est compos\u00e9 de 10 chiffres et permet d&#8217;attribuer les articles au SGE. D&#8217;ailleurs, ces \u00e9tiquettes peuvent \u00e9galement \u00eatre utilis\u00e9es dans d&#8217;autres domaines, car il s&#8217;agit d&#8217;\u00e9tiquettes \u00e0 num\u00e9rotation continue. Nous vous conseillerons volontiers en ce qui concerne votre application.<\/p>\n\n<\/div><\/div>\n\n<div class=\"gb-grid-column gb-grid-column-0018c00a\"><div class=\"gb-container gb-container-0018c00a\">\n<div class=\"wp-block-image\">\n<figure class=\"alignright size-full\"><img loading=\"lazy\" decoding=\"async\" width=\"700\" height=\"539\" src=\"https:\/\/www.prologistik.com\/wp-content\/uploads\/prologistik-content-pid-etiketten-bildschirm.png\" alt=\"\" class=\"wp-image-11968\" srcset=\"https:\/\/www.prologistik.com\/wp-content\/uploads\/prologistik-content-pid-etiketten-bildschirm.png 700w, https:\/\/www.prologistik.com\/wp-content\/uploads\/prologistik-content-pid-etiketten-bildschirm-300x231.png 300w, https:\/\/www.prologistik.com\/wp-content\/uploads\/prologistik-content-pid-etiketten-bildschirm-150x116.png 150w\" sizes=\"auto, (max-width: 700px) 100vw, 700px\" \/><\/figure>\n<\/div>\n<\/div><\/div>\n<\/div>\n<\/div>\n<\/section>\n\n<section class=\"gb-container gb-container-e3c025b6 gb-container-no-padding-top\">\n<div class=\"gb-container gb-container-cdfc75df\">\n<div class=\"gb-grid-wrapper gb-grid-wrapper-86319236\">\n<div class=\"gb-grid-column gb-grid-column-33eeff29\"><div class=\"gb-container gb-container-33eeff29 globe-absolute\"><div class=\"gb-inside-container\">\n\n<div class=\"wp-block-pixel-headline headlines is-subheadline-top has-text-align-left\"><h2 class=\"headline\" style=\"color:\">Les donn\u00e9es<\/h2><span class=\"subheadline\" style=\"color:var(--color-blue)\">\u00c9tiquettes PID<\/span><\/div>\n\n<\/div><\/div><\/div>\n\n<div class=\"gb-grid-column gb-grid-column-41c9f346\"><div class=\"gb-container gb-container-41c9f346 globe-absolute\"><div class=\"gb-inside-container\">\n\n<figure class=\"wp-block-table\"><table><tbody><tr><td><strong>Domaines d&#8217;application<\/strong><\/td><td>Marquage de palettes, de colis et autres emballages<\/td><\/tr><tr><td><strong>Formats<\/strong><\/td><td>95 x 40 mm<br>150 x 100 mm double<br>180 x 70 mm double<br>75 x 58 mm<br>100 x 59 mm<br>210 x 48 mm double<br>100 x 200 mm<br>100 x 150 mm<br>100 x 48 mm<br>autres formats sur demande<\/td><\/tr><\/tbody><\/table><\/figure>\n\n<\/div><\/div><\/div>\n\n<div class=\"gb-grid-column gb-grid-column-94b51425\"><div class=\"gb-container gb-container-94b51425 globe-absolute\"><div class=\"gb-inside-container\">\n\n<figure class=\"wp-block-table\"><table><tbody><tr><td><strong>Mat\u00e9riaux<\/strong><\/td><td>Poly\u00e9thyl\u00e8ne, PVC, polyester, polystyr\u00e8ne, Tyvek, papier thermique jusqu&#8217;\u00e0 -40 \u00b0C<\/td><\/tr><tr><td><strong>Couleurs<\/strong><\/td><td>Pour obtenir un contraste suffisant entre l&#8217;arri\u00e8re-plan et les barres, les combinaisons de couleurs suivantes sont possibles : <br>Couleurs d&#8217;arri\u00e8re-plan : Blanc \/ Jaune \/ Orange \/ Vert \/ Bleu clair <br>Couleurs des barres : Noir \/ Bleu \/ Vert \/ Cyan \/ Marron<\/td><\/tr><tr><td><strong>Fixation<\/strong><\/td><td>Adh\u00e9sif (amovible, permanent ou \u00e0 forte adh\u00e9rence), agrafeuse<\/td><\/tr><tr><td><strong>Type d&#8217;impression<\/strong><\/td><td>Impression num\u00e9rique ou par transfert thermique<\/td><\/tr><\/tbody><\/table><\/figure>\n\n<\/div><\/div><\/div>\n<\/div>\n<\/div>\n<\/section>\n\n<section class=\"gb-container gb-container-46f72e58\" id=\"Etikettenkatalog\">\n<div class=\"gb-container gb-container-a7151950\">\n<div class=\"gb-grid-wrapper gb-grid-wrapper-dc53e7d7\">\n<div class=\"gb-grid-column gb-grid-column-f4ab6602\"><div class=\"gb-container gb-container-f4ab6602\">\n        \n            <!-- grid -->\n\n\t\t\t        \n                    \n            <div id=\"grid-block_25d2956a306b94ed2e87f92126eb97cb\" class=\"grid grid:1 \" >\n\n\t\t\t\t\t\n\t\t\t\t<div class=\"grid-group grid-group-0\">\n\t\t\t\t\t\t\t\t\t\t<div class=\"grid-inner gb-grid-wrapper \">\n\t\t\t\t\t\t\t\t\t\t\t\t\t<div class=\"grid-item gb-grid-column\">\n\t\t\t\t\t\t\t\n\t\t\t\t\t\t\t\n\t\t\t\t\t\t\t\n\t\t\t\t\t\t\t\n\t\t\t\t\t\t\t\n\t\t\t\t\t\t\t<!-- pages -->\n\t\t\t\t\t\t\t\n\t\t\t\t\t\t\t\t<!-- posts -->\n\n\t\t\t\t\t\t\t\t\n\t\t\t\t\t\t\t\t<!-- contacts -->\n\n\t\t\t\t\t\t\t\t\n\t\t\t\t\t\t\t\t<!-- downloads -->\n\n\t\t\t\t\t\t\t\t\t\t\t\t\t\t\t\t\n\t\t\t\t\t\t\t\t\t<div class=\"download-entry layout-two-col\">\n\t\t\t\t\t\t\t\t\t\t\t\t\t\t\t\t\t\t\t\t<div class=\"download-image\">\n\t\t\t\t\t\t\t\t\t\t\t<img loading=\"lazy\" decoding=\"async\" width=\"552\" height=\"388\" src=\"https:\/\/www.prologistik.com\/wp-content\/uploads\/prologistik-mockup-Broschuere_Etiketten_De.png\" class=\"attachment-full size-full wp-post-image\" alt=\"Production logistics\" srcset=\"https:\/\/www.prologistik.com\/wp-content\/uploads\/prologistik-mockup-Broschuere_Etiketten_De.png 552w, https:\/\/www.prologistik.com\/wp-content\/uploads\/prologistik-mockup-Broschuere_Etiketten_De-300x211.png 300w, https:\/\/www.prologistik.com\/wp-content\/uploads\/prologistik-mockup-Broschuere_Etiketten_De-150x105.png 150w\" sizes=\"auto, (max-width: 552px) 100vw, 552px\" \/>\t\t\t\t\t\t\t\t\t\t<\/div>\n\t\t\t\t\t\t\t\t\t\t\t\t\t\t\t\t\t\t\t\t\t\t\t\t\t\t\t\t\t\t\t<div class=\"download-content\">\n\t\t\t\t\t\t\t\t\t\t\t\t\t\t\t\t\t\t\t\t\t\t<div class=\"subheadline\" style=\"color:var(--color-dark-cyan); display:none;\">mehr erfahren<\/div>\n\t\t\t\t\t\t\t\t\t\t\t<div class=\"download-headline\">\n\t\t\t\t\t\t\t\t\t\t\t\tCatalogue d&#8217;\u00e9tiquettes\t\t\t\t\t\t\t\t\t\t\t<\/div>\n\t\t\t\t\t\t\t\t\t\t\t\n\t\t\t\t\t\t\t\t\t\t\t\t\t\t\t\t\t\t\t\t\t\t\t\t\t\t\t\t\t\t\t\t\t<div class=\"download-copytext\">\n\t\t\t\t\t\t\t\t\t\t\t\t<p>Nous vous proposons une grande vari\u00e9t\u00e9 d&#8217;\u00e9tiquettes, car nous nous sommes donn\u00e9 pour mission de toujours trouver la solution qui vous convient. Cela inclut bien entendu des solutions personnalis\u00e9es qui vous permettent d&#8217;\u00e9tiqueter facilement vos produits, m\u00eame dans des circonstances particuli\u00e8res. Informez-vous d\u00e8s maintenant sur les services que nous proposons en consultant notre catalogue d&#8217;\u00e9tiquettes.<\/p>\n\t\t\t\t\t\t \t\t\t\t\t<\/div>\n\t\t\t\t\t\t\t\t\t\t\t\t\t\t\t\t\t\t\t\t\t\t<div class=\"is-layout-flex wp-block-buttons\">\n            <div class=\"wp-block-button is-style-outline\">\n                <a class=\"wp-block-button__link has-color-blue-color has-text-color wp-element-button download-button\" \n                   data-download-file=\"1\" \n                   data-lang=\"fr\">\n                   T\u00e9l\u00e9chargement\n                <\/a>\n            <\/div>\n        <\/div>\t\t\t\t\t\t\t\t\t\t\t\n\t\t\t\t\t\t\t\t\t\t<\/div>\n\t\t\t\t\t\t\t\t\t\t\t\t\t\t\t\t\t\t\t<\/div>\t\t\t\t\t\t\t\t\n\t\t\t\t\t\t\t\t\t\n\n\t\t\t\t\t\t\t\t<!-- companies -->\n\n\t\t\t\t\t\t\t\t\t\n\t\t\t\t\t\t\t\t\n\t\t\t\t\t\t\t<\/div>\t\t\t\t\t\t\t\n\t\t\t\t\t\t\t\t\t\t\t<\/div>\n\t\t\t\t<\/div>\n\t\t\t\t \n\n            <\/div>\n        \n            \n\t\t\t<!-- else -->\n\n\t\t\t        \n            <!-- end:grid -->\n        \n            \n<\/div><\/div>\n<\/div>\n<\/div>\n<\/section>\n\n        \n            <!-- contact-form -->\n        \n                    \n            <!-- end:contact-form -->\n        \n            ","protected":false},"excerpt":{"rendered":"","protected":false},"author":1,"featured_media":0,"parent":29514,"menu_order":1,"comment_status":"closed","ping_status":"closed","template":"","meta":{"_acf_changed":false,"footnotes":""},"class_list":["post-29625","page","type-page","status-publish"],"acf":[],"yoast_head":"<!-- This site is optimized with the Yoast SEO Premium plugin v26.9 (Yoast SEO v27.5) - https:\/\/yoast.com\/product\/yoast-seo-premium-wordpress\/ -->\n<title>\u00c9tiquettes PID pour le logiciel de gestion d&#039;entrep\u00f4t pLG Store<\/title>\n<meta name=\"description\" content=\"Etiquettes sp\u00e9ciales pour le logiciel de gestion d&#039;entrep\u00f4t de proLogistik \u2714\ufe0f PID - Num\u00e9ro d&#039;identification de la palette \u2714\ufe0f Marquage de palettes, colis et autres paquets. \u2714\ufe0f\" \/>\n<meta name=\"robots\" content=\"index, follow, max-snippet:-1, max-image-preview:large, max-video-preview:-1\" \/>\n<link rel=\"canonical\" href=\"https:\/\/www.prologistik.com\/fr\/materiel-informatique\/labeling-etiquettes\/etiquettes-pid\/\" \/>\n<meta property=\"og:locale\" content=\"fr_FR\" \/>\n<meta property=\"og:type\" content=\"article\" \/>\n<meta property=\"og:title\" content=\"\u00c9tiquettes PID\" \/>\n<meta property=\"og:description\" content=\"Etiquettes sp\u00e9ciales pour le logiciel de gestion d&#039;entrep\u00f4t de proLogistik \u2714\ufe0f PID - Num\u00e9ro d&#039;identification de la palette \u2714\ufe0f Marquage de palettes, colis et autres paquets. \u2714\ufe0f\" \/>\n<meta property=\"og:url\" content=\"https:\/\/www.prologistik.com\/fr\/materiel-informatique\/labeling-etiquettes\/etiquettes-pid\/\" \/>\n<meta property=\"og:site_name\" content=\"proLogistik Group\" \/>\n<meta property=\"article:modified_time\" content=\"2025-11-21T13:44:48+00:00\" \/>\n<meta property=\"og:image\" content=\"https:\/\/www.prologistik.com\/wp-content\/uploads\/prologistik-content-pid-etiketten-bildschirm.png\" \/>\n<meta name=\"twitter:card\" content=\"summary_large_image\" \/>\n<meta name=\"twitter:label1\" content=\"Dur\u00e9e de lecture estim\u00e9e\" \/>\n\t<meta name=\"twitter:data1\" content=\"1 minute\" \/>\n<script type=\"application\/ld+json\" class=\"yoast-schema-graph\">{\"@context\":\"https:\\\/\\\/schema.org\",\"@graph\":[{\"@type\":\"WebPage\",\"@id\":\"https:\\\/\\\/www.prologistik.com\\\/fr\\\/materiel-informatique\\\/labeling-etiquettes\\\/etiquettes-pid\\\/\",\"url\":\"https:\\\/\\\/www.prologistik.com\\\/fr\\\/materiel-informatique\\\/labeling-etiquettes\\\/etiquettes-pid\\\/\",\"name\":\"\u00c9tiquettes PID pour le logiciel de gestion d'entrep\u00f4t pLG Store\",\"isPartOf\":{\"@id\":\"https:\\\/\\\/www.prologistik.com\\\/fr\\\/#website\"},\"primaryImageOfPage\":{\"@id\":\"https:\\\/\\\/www.prologistik.com\\\/fr\\\/materiel-informatique\\\/labeling-etiquettes\\\/etiquettes-pid\\\/#primaryimage\"},\"image\":{\"@id\":\"https:\\\/\\\/www.prologistik.com\\\/fr\\\/materiel-informatique\\\/labeling-etiquettes\\\/etiquettes-pid\\\/#primaryimage\"},\"thumbnailUrl\":\"https:\\\/\\\/www.prologistik.com\\\/wp-content\\\/uploads\\\/prologistik-content-pid-etiketten-bildschirm.png\",\"datePublished\":\"2023-02-28T15:41:49+00:00\",\"dateModified\":\"2025-11-21T13:44:48+00:00\",\"description\":\"Etiquettes sp\u00e9ciales pour le logiciel de gestion d'entrep\u00f4t de proLogistik \u2714\ufe0f PID - Num\u00e9ro d'identification de la palette \u2714\ufe0f Marquage de palettes, colis et autres paquets. \u2714\ufe0f\",\"breadcrumb\":{\"@id\":\"https:\\\/\\\/www.prologistik.com\\\/fr\\\/materiel-informatique\\\/labeling-etiquettes\\\/etiquettes-pid\\\/#breadcrumb\"},\"inLanguage\":\"fr-FR\",\"potentialAction\":[{\"@type\":\"ReadAction\",\"target\":[\"https:\\\/\\\/www.prologistik.com\\\/fr\\\/materiel-informatique\\\/labeling-etiquettes\\\/etiquettes-pid\\\/\"]}]},{\"@type\":\"ImageObject\",\"inLanguage\":\"fr-FR\",\"@id\":\"https:\\\/\\\/www.prologistik.com\\\/fr\\\/materiel-informatique\\\/labeling-etiquettes\\\/etiquettes-pid\\\/#primaryimage\",\"url\":\"https:\\\/\\\/www.prologistik.com\\\/wp-content\\\/uploads\\\/prologistik-content-pid-etiketten-bildschirm.png\",\"contentUrl\":\"https:\\\/\\\/www.prologistik.com\\\/wp-content\\\/uploads\\\/prologistik-content-pid-etiketten-bildschirm.png\"},{\"@type\":\"BreadcrumbList\",\"@id\":\"https:\\\/\\\/www.prologistik.com\\\/fr\\\/materiel-informatique\\\/labeling-etiquettes\\\/etiquettes-pid\\\/#breadcrumb\",\"itemListElement\":[{\"@type\":\"ListItem\",\"position\":1,\"name\":\"Startseite\",\"item\":\"https:\\\/\\\/www.prologistik.com\\\/fr\\\/\"},{\"@type\":\"ListItem\",\"position\":2,\"name\":\"Hardware\",\"item\":\"https:\\\/\\\/www.prologistik.com\\\/fr\\\/materiel-informatique\\\/\"},{\"@type\":\"ListItem\",\"position\":3,\"name\":\"Labeling \\\/ \u00c9tiquettes\",\"item\":\"https:\\\/\\\/www.prologistik.com\\\/fr\\\/materiel-informatique\\\/labeling-etiquettes\\\/\"},{\"@type\":\"ListItem\",\"position\":4,\"name\":\"\u00c9tiquettes PID\"}]},{\"@type\":\"WebSite\",\"@id\":\"https:\\\/\\\/www.prologistik.com\\\/fr\\\/#website\",\"url\":\"https:\\\/\\\/www.prologistik.com\\\/fr\\\/\",\"name\":\"proLogistik Group\",\"description\":\"Software und Hardware f\u00fcr die Intralogistik\",\"publisher\":{\"@id\":\"https:\\\/\\\/www.prologistik.com\\\/fr\\\/#organization\"},\"potentialAction\":[{\"@type\":\"SearchAction\",\"target\":{\"@type\":\"EntryPoint\",\"urlTemplate\":\"https:\\\/\\\/www.prologistik.com\\\/fr\\\/?s={search_term_string}\"},\"query-input\":{\"@type\":\"PropertyValueSpecification\",\"valueRequired\":true,\"valueName\":\"search_term_string\"}}],\"inLanguage\":\"fr-FR\"},{\"@type\":\"Organization\",\"@id\":\"https:\\\/\\\/www.prologistik.com\\\/fr\\\/#organization\",\"name\":\"proLogistik Group\",\"url\":\"https:\\\/\\\/www.prologistik.com\\\/fr\\\/\",\"logo\":{\"@type\":\"ImageObject\",\"inLanguage\":\"fr-FR\",\"@id\":\"https:\\\/\\\/www.prologistik.com\\\/fr\\\/#\\\/schema\\\/logo\\\/image\\\/\",\"url\":\"https:\\\/\\\/www.prologistik.com\\\/wp-content\\\/uploads\\\/prologistik-logo-web.svg\",\"contentUrl\":\"https:\\\/\\\/www.prologistik.com\\\/wp-content\\\/uploads\\\/prologistik-logo-web.svg\",\"width\":320,\"height\":59,\"caption\":\"proLogistik Group\"},\"image\":{\"@id\":\"https:\\\/\\\/www.prologistik.com\\\/fr\\\/#\\\/schema\\\/logo\\\/image\\\/\"}}]}<\/script>\n<!-- \/ Yoast SEO Premium plugin. -->","yoast_head_json":{"title":"\u00c9tiquettes PID pour le logiciel de gestion d'entrep\u00f4t pLG Store","description":"Etiquettes sp\u00e9ciales pour le logiciel de gestion d'entrep\u00f4t de proLogistik \u2714\ufe0f PID - Num\u00e9ro d'identification de la palette \u2714\ufe0f Marquage de palettes, colis et autres paquets. \u2714\ufe0f","robots":{"index":"index","follow":"follow","max-snippet":"max-snippet:-1","max-image-preview":"max-image-preview:large","max-video-preview":"max-video-preview:-1"},"canonical":"https:\/\/www.prologistik.com\/fr\/materiel-informatique\/labeling-etiquettes\/etiquettes-pid\/","og_locale":"fr_FR","og_type":"article","og_title":"\u00c9tiquettes PID","og_description":"Etiquettes sp\u00e9ciales pour le logiciel de gestion d'entrep\u00f4t de proLogistik \u2714\ufe0f PID - Num\u00e9ro d'identification de la palette \u2714\ufe0f Marquage de palettes, colis et autres paquets. \u2714\ufe0f","og_url":"https:\/\/www.prologistik.com\/fr\/materiel-informatique\/labeling-etiquettes\/etiquettes-pid\/","og_site_name":"proLogistik Group","article_modified_time":"2025-11-21T13:44:48+00:00","og_image":[{"url":"https:\/\/www.prologistik.com\/wp-content\/uploads\/prologistik-content-pid-etiketten-bildschirm.png","type":"","width":"","height":""}],"twitter_card":"summary_large_image","twitter_misc":{"Dur\u00e9e de lecture estim\u00e9e":"1 minute"},"schema":{"@context":"https:\/\/schema.org","@graph":[{"@type":"WebPage","@id":"https:\/\/www.prologistik.com\/fr\/materiel-informatique\/labeling-etiquettes\/etiquettes-pid\/","url":"https:\/\/www.prologistik.com\/fr\/materiel-informatique\/labeling-etiquettes\/etiquettes-pid\/","name":"\u00c9tiquettes PID pour le logiciel de gestion d'entrep\u00f4t pLG Store","isPartOf":{"@id":"https:\/\/www.prologistik.com\/fr\/#website"},"primaryImageOfPage":{"@id":"https:\/\/www.prologistik.com\/fr\/materiel-informatique\/labeling-etiquettes\/etiquettes-pid\/#primaryimage"},"image":{"@id":"https:\/\/www.prologistik.com\/fr\/materiel-informatique\/labeling-etiquettes\/etiquettes-pid\/#primaryimage"},"thumbnailUrl":"https:\/\/www.prologistik.com\/wp-content\/uploads\/prologistik-content-pid-etiketten-bildschirm.png","datePublished":"2023-02-28T15:41:49+00:00","dateModified":"2025-11-21T13:44:48+00:00","description":"Etiquettes sp\u00e9ciales pour le logiciel de gestion d'entrep\u00f4t de proLogistik \u2714\ufe0f PID - Num\u00e9ro d'identification de la palette \u2714\ufe0f Marquage de palettes, colis et autres paquets. \u2714\ufe0f","breadcrumb":{"@id":"https:\/\/www.prologistik.com\/fr\/materiel-informatique\/labeling-etiquettes\/etiquettes-pid\/#breadcrumb"},"inLanguage":"fr-FR","potentialAction":[{"@type":"ReadAction","target":["https:\/\/www.prologistik.com\/fr\/materiel-informatique\/labeling-etiquettes\/etiquettes-pid\/"]}]},{"@type":"ImageObject","inLanguage":"fr-FR","@id":"https:\/\/www.prologistik.com\/fr\/materiel-informatique\/labeling-etiquettes\/etiquettes-pid\/#primaryimage","url":"https:\/\/www.prologistik.com\/wp-content\/uploads\/prologistik-content-pid-etiketten-bildschirm.png","contentUrl":"https:\/\/www.prologistik.com\/wp-content\/uploads\/prologistik-content-pid-etiketten-bildschirm.png"},{"@type":"BreadcrumbList","@id":"https:\/\/www.prologistik.com\/fr\/materiel-informatique\/labeling-etiquettes\/etiquettes-pid\/#breadcrumb","itemListElement":[{"@type":"ListItem","position":1,"name":"Startseite","item":"https:\/\/www.prologistik.com\/fr\/"},{"@type":"ListItem","position":2,"name":"Hardware","item":"https:\/\/www.prologistik.com\/fr\/materiel-informatique\/"},{"@type":"ListItem","position":3,"name":"Labeling \/ \u00c9tiquettes","item":"https:\/\/www.prologistik.com\/fr\/materiel-informatique\/labeling-etiquettes\/"},{"@type":"ListItem","position":4,"name":"\u00c9tiquettes PID"}]},{"@type":"WebSite","@id":"https:\/\/www.prologistik.com\/fr\/#website","url":"https:\/\/www.prologistik.com\/fr\/","name":"proLogistik Group","description":"Software und Hardware f\u00fcr die Intralogistik","publisher":{"@id":"https:\/\/www.prologistik.com\/fr\/#organization"},"potentialAction":[{"@type":"SearchAction","target":{"@type":"EntryPoint","urlTemplate":"https:\/\/www.prologistik.com\/fr\/?s={search_term_string}"},"query-input":{"@type":"PropertyValueSpecification","valueRequired":true,"valueName":"search_term_string"}}],"inLanguage":"fr-FR"},{"@type":"Organization","@id":"https:\/\/www.prologistik.com\/fr\/#organization","name":"proLogistik Group","url":"https:\/\/www.prologistik.com\/fr\/","logo":{"@type":"ImageObject","inLanguage":"fr-FR","@id":"https:\/\/www.prologistik.com\/fr\/#\/schema\/logo\/image\/","url":"https:\/\/www.prologistik.com\/wp-content\/uploads\/prologistik-logo-web.svg","contentUrl":"https:\/\/www.prologistik.com\/wp-content\/uploads\/prologistik-logo-web.svg","width":320,"height":59,"caption":"proLogistik Group"},"image":{"@id":"https:\/\/www.prologistik.com\/fr\/#\/schema\/logo\/image\/"}}]}},"_links":{"self":[{"href":"https:\/\/www.prologistik.com\/fr\/wp-json\/wp\/v2\/pages\/29625","targetHints":{"allow":["GET"]}}],"collection":[{"href":"https:\/\/www.prologistik.com\/fr\/wp-json\/wp\/v2\/pages"}],"about":[{"href":"https:\/\/www.prologistik.com\/fr\/wp-json\/wp\/v2\/types\/page"}],"author":[{"embeddable":true,"href":"https:\/\/www.prologistik.com\/fr\/wp-json\/wp\/v2\/users\/1"}],"replies":[{"embeddable":true,"href":"https:\/\/www.prologistik.com\/fr\/wp-json\/wp\/v2\/comments?post=29625"}],"version-history":[{"count":5,"href":"https:\/\/www.prologistik.com\/fr\/wp-json\/wp\/v2\/pages\/29625\/revisions"}],"predecessor-version":[{"id":55164,"href":"https:\/\/www.prologistik.com\/fr\/wp-json\/wp\/v2\/pages\/29625\/revisions\/55164"}],"up":[{"embeddable":true,"href":"https:\/\/www.prologistik.com\/fr\/wp-json\/wp\/v2\/pages\/29514"}],"wp:attachment":[{"href":"https:\/\/www.prologistik.com\/fr\/wp-json\/wp\/v2\/media?parent=29625"}],"curies":[{"name":"wp","href":"https:\/\/api.w.org\/{rel}","templated":true}]}}