{"id":29616,"date":"2023-02-28T16:05:39","date_gmt":"2023-02-28T15:05:39","guid":{"rendered":"https:\/\/prologistik.pixel-tal.de\/transportation-old"},"modified":"2024-11-14T10:53:26","modified_gmt":"2024-11-14T09:53:26","slug":"transportation","status":"publish","type":"page","link":"https:\/\/www.prologistik.com\/fr\/transportation\/","title":{"rendered":"Transportation"},"content":{"rendered":"        \n            <!-- pagehead -->\n        \n                    \n\t\t\t<div id=\"pagehead-block_67e7c0c656aa3bb1fb0afb02afeff1b2\" class=\"pagehead\">\n\t\t\t\t\t\t\t<div class=\"pagehead-canvas\">\n\t\t\t\t<div class=\"pagehead-content has-bg-color bg-color-green\">\n\t\t\t\t\t<div class=\"pagehead-content-inner\">\n\t\t\t\t\t\t<div class=\"pagehead-icon \" data-aos=\"fade-up\" data-aos-delay=\"0\" style=\"mask-image: url(); -webkit-mask-image: url();\"><\/div>\t\t\t\t\t\t<span class=\"pagehead-subheadline\"  data-aos=\"fade-up\" data-aos-delay=\"50\">Tout en vue<\/span>\t\t\t\t\t\t<h1 class=\"pagehead-headline\" data-aos=\"fade-up\" data-aos-delay=\"100\">Solutions de transport du sp\u00e9cialiste<\/h1>\t\t\t\t\t\t\t\t\t\t\t<\/div>\n\t\t\t\t<\/div>\n\t\t\t<\/div>\n\t\t\t\n\t\t\t\t<div class=\"pagehead-background\">\n\t\t\t\t<!-- image_id: 33910 | alt:  -->\t\t\t\t\t\t\t\t\t<img decoding=\"async\" class=\"test\" src=\"https:\/\/www.prologistik.com\/wp-content\/uploads\/header_telematik.jpg\" alt=\"\" \/>\n\t\t\t\t\n\t\t\t\t<\/div>\n\t\t\t<\/div>\n        \n                    \n            <!-- end:pagehead -->\n        \n            <section class=\"gb-container gb-container-97381a90\">\n<div class=\"gb-container gb-container-76c9f99c\">\n<div class=\"gb-grid-wrapper gb-grid-wrapper-3c5d1c2a gb-grid-wrapper-space-between\">\n<div class=\"gb-grid-column gb-grid-column-351b66dd\"><div class=\"gb-container gb-container-351b66dd globe-absolute\"><div class=\"gb-inside-container\">\n\n<div class=\"wp-block-pixel-headline headlines is-subheadline-top has-text-align-left\"><h2 class=\"headline\" style=\"color:\">Nos solutions de transport<\/h2><span class=\"subheadline\" style=\"color:var(u002du002dcolor-blue)\">Pratique et efficace :<\/span><\/div>\n\n\n\n<p>Le transport physique de marchandises d&#8217;un endroit \u00e0 un autre est un \u00e9l\u00e9ment important de la logistique. L&#8217;objectif du transport est de d\u00e9placer les produits de la mani\u00e8re la plus efficace et efficiente possible afin de garantir une mise \u00e0 disposition rapide et rentable.<br\/><br\/>Et c&#8217;est pr\u00e9cis\u00e9ment pour cela que vous trouverez chez nous les produits ad\u00e9quats. Que ce soit pour la planification, l&#8217;organisation ou l&#8217;ex\u00e9cution de vos processus de transport, qu&#8217;il s&#8217;agisse de d\u00e9terminer l&#8217;itin\u00e9raire optimal ou de surveiller le transport, nos produits vous permettent de g\u00e9rer efficacement le transport, ce qui peut contribuer \u00e0 r\u00e9duire les co\u00fbts logistiques, \u00e0 am\u00e9liorer la satisfaction des clients et \u00e0 accro\u00eetre la comp\u00e9titivit\u00e9.<br\/><br\/>Pour un aper\u00e7u rapide, nous avons bri\u00e8vement list\u00e9 sur cette page nos dix solutions de transport. Si vous \u00eates int\u00e9ress\u00e9, cliquez tranquillement &#8211; et si vous avez une question sur l&#8217;une ou l&#8217;autre solution de transport, n&#8217;h\u00e9sitez pas \u00e0 nous appeler. Nous serions heureux de pouvoir vous aider.<\/p>\n\n<\/div><\/div><\/div>\n<\/div>\n<\/div>\n<\/section><section class=\"gb-container gb-container-3fd7618b gb-container-no-padding-top\">\n<div class=\"gb-container gb-container-760de7c0\">\n<div class=\"gb-grid-wrapper gb-grid-wrapper-66dd0de7\">\n<div class=\"gb-grid-column gb-grid-column-516c8ec5\"><div class=\"gb-container gb-container-516c8ec5\">\n<div id=\"imagebox-block_97a8c0a407d5b9a310b350369c662d79\" class=\"imagebox image-top background-color-light-grey\">\n\t<style>#imagebox-block_97a8c0a407d5b9a310b350369c662d79::before {background: var(--); } <\/style>        <div class=\"imagebox-image image-format-cubic center with-rounding\" style=\"background: url('https:\/\/www.prologistik.com\/wp-content\/uploads\/prologistik-content-transport-management-system-uebersicht.jpg'); background-repeat: no-repeat; background-size: cover; background-position: center;\"><\/div>\n    \n    <div class=\"imagebox-content-wrap\">\n\n        <div class=\"imagebox-content\">\n                        <div class=\"imagebox-headline center font-size-normal\">\n                Syst\u00e8me de gestion des transports            <\/div>\n                                <\/div>\n                <div class=\"is-layout-flex wp-block-buttons\">\n            <div class=\"wp-block-button is-style-fill\">\n                <a class=\"wp-block-button__link has-color-dodger-blue-background-color wp-element-button\" href=\"https:\/\/www.prologistik.com\/fr\/?page_id=29576\" target=\"_self\">\n                    En savoir plus                <\/a>\n            <\/div>\n        <\/div>\n            <\/div>\n\n<\/div>\n\n<\/div><\/div>\n\n<div class=\"gb-grid-column gb-grid-column-47fb2dcb\"><div class=\"gb-container gb-container-47fb2dcb\">\n<div id=\"imagebox-block_e0c77cabd39af9e040f39cceb7910941\" class=\"imagebox image-top background-color-light-grey\">\n\t<style>#imagebox-block_e0c77cabd39af9e040f39cceb7910941::before {background: var(--); } <\/style>        <div class=\"imagebox-image image-format-cubic center with-rounding\" style=\"background: url('https:\/\/www.prologistik.com\/wp-content\/uploads\/prologistik-content-active-avis-uebersicht.jpg'); background-repeat: no-repeat; background-size: cover; background-position: center;\"><\/div>\n    \n    <div class=\"imagebox-content-wrap\">\n\n        <div class=\"imagebox-content\">\n                        <div class=\"imagebox-headline center font-size-normal\">\n                avis actif            <\/div>\n                                <\/div>\n                <div class=\"is-layout-flex wp-block-buttons\">\n            <div class=\"wp-block-button is-style-fill\">\n                <a class=\"wp-block-button__link has-color-dodger-blue-background-color wp-element-button\" href=\"https:\/\/www.prologistik.com\/fr\/?page_id=30261\" target=\"_self\">\n                    En savoir plus                <\/a>\n            <\/div>\n        <\/div>\n            <\/div>\n\n<\/div>\n\n<\/div><\/div>\n\n<div class=\"gb-grid-column gb-grid-column-c79f3459\"><div class=\"gb-container gb-container-c79f3459\">\n<div id=\"imagebox-block_655ec3a71d618e5150646978c36e3a09\" class=\"imagebox image-top background-color-light-grey\">\n\t<style>#imagebox-block_655ec3a71d618e5150646978c36e3a09::before {background: var(--); } <\/style>        <div class=\"imagebox-image image-format-cubic center with-rounding\" style=\"background: url('https:\/\/www.prologistik.com\/wp-content\/uploads\/prologistik-content-active-mobile-fahrer-app-uebersicht.jpg'); background-repeat: no-repeat; background-size: cover; background-position: center;\"><\/div>\n    \n    <div class=\"imagebox-content-wrap\">\n\n        <div class=\"imagebox-content\">\n                        <div class=\"imagebox-headline center font-size-normal\">\n                application active mobile pour les conducteurs            <\/div>\n                                <\/div>\n                <div class=\"is-layout-flex wp-block-buttons\">\n            <div class=\"wp-block-button is-style-fill\">\n                <a class=\"wp-block-button__link has-color-dodger-blue-background-color wp-element-button\" href=\"https:\/\/www.prologistik.com\/fr\/?page_id=30305\" target=\"_self\">\n                    En savoir plus                <\/a>\n            <\/div>\n        <\/div>\n            <\/div>\n\n<\/div>\n\n<\/div><\/div>\n\n<div class=\"gb-grid-column gb-grid-column-e306f94e\"><div class=\"gb-container gb-container-e306f94e\">\n<div id=\"imagebox-block_9b2f0c4f5224f29b381d0227ad66bf92\" class=\"imagebox image-top background-color-light-grey\">\n\t<style>#imagebox-block_9b2f0c4f5224f29b381d0227ad66bf92::before {background: var(--); } <\/style>        <div class=\"imagebox-image image-format-cubic center with-rounding\" style=\"background: url('https:\/\/www.prologistik.com\/wp-content\/uploads\/prologistik-content-active-ais-alphaplan-telematik-uebersicht.jpg'); background-repeat: no-repeat; background-size: cover; background-position: center;\"><\/div>\n    \n    <div class=\"imagebox-content-wrap\">\n\n        <div class=\"imagebox-content\">\n                        <div class=\"imagebox-headline center font-size-normal\">\n                AIS alfaplan T\u00e9l\u00e9matique            <\/div>\n                                <\/div>\n                <div class=\"is-layout-flex wp-block-buttons\">\n            <div class=\"wp-block-button is-style-fill\">\n                <a class=\"wp-block-button__link has-color-dodger-blue-background-color wp-element-button\" href=\"https:\/\/www.prologistik.com\/fr\/?page_id=30274\" target=\"_self\">\n                    En savoir plus                <\/a>\n            <\/div>\n        <\/div>\n            <\/div>\n\n<\/div>\n\n<\/div><\/div>\n\n<div class=\"gb-grid-column gb-grid-column-26e50877\"><div class=\"gb-container gb-container-26e50877\">\n<div id=\"imagebox-block_fe27b72aef0369190241788d16d2125d\" class=\"imagebox image-top background-color-light-grey\">\n\t<style>#imagebox-block_fe27b72aef0369190241788d16d2125d::before {background: var(--); } <\/style>        <div class=\"imagebox-image image-format-cubic center with-rounding\" style=\"background: url('https:\/\/www.prologistik.com\/wp-content\/uploads\/prologistik-content-active-tracking-uebersicht.jpg'); background-repeat: no-repeat; background-size: cover; background-position: center;\"><\/div>\n    \n    <div class=\"imagebox-content-wrap\">\n\n        <div class=\"imagebox-content\">\n                        <div class=\"imagebox-headline center font-size-normal\">\n                suivi actif            <\/div>\n                                <\/div>\n                <div class=\"is-layout-flex wp-block-buttons\">\n            <div class=\"wp-block-button is-style-fill\">\n                <a class=\"wp-block-button__link has-color-dodger-blue-background-color wp-element-button\" href=\"https:\/\/www.prologistik.com\/fr\/?page_id=30220\" target=\"_self\">\n                    En savoir plus                <\/a>\n            <\/div>\n        <\/div>\n            <\/div>\n\n<\/div>\n\n<\/div><\/div>\n\n<div class=\"gb-grid-column gb-grid-column-8e700549\"><div class=\"gb-container gb-container-8e700549\">\n<div id=\"imagebox-block_49887d38a60f2291207854be3197dbe9\" class=\"imagebox image-top background-color-light-grey\">\n\t<style>#imagebox-block_49887d38a60f2291207854be3197dbe9::before {background: var(--); } <\/style>        <div class=\"imagebox-image image-format-cubic center with-rounding\" style=\"background: url('https:\/\/www.prologistik.com\/wp-content\/uploads\/prologistik-content-active-archive-uebersicht.jpg'); background-repeat: no-repeat; background-size: cover; background-position: center;\"><\/div>\n    \n    <div class=\"imagebox-content-wrap\">\n\n        <div class=\"imagebox-content\">\n                        <div class=\"imagebox-headline center font-size-normal\">\n                archives actives            <\/div>\n                                <\/div>\n                <div class=\"is-layout-flex wp-block-buttons\">\n            <div class=\"wp-block-button is-style-fill\">\n                <a class=\"wp-block-button__link has-color-dodger-blue-background-color wp-element-button\" href=\"https:\/\/www.prologistik.com\/fr\/?page_id=30295\" target=\"_self\">\n                    En savoir plus                <\/a>\n            <\/div>\n        <\/div>\n            <\/div>\n\n<\/div>\n\n<\/div><\/div>\n\n<div class=\"gb-grid-column gb-grid-column-84436aa5\"><div class=\"gb-container gb-container-84436aa5\">\n<div id=\"imagebox-block_6113e160451429ccfd48879f677fd686\" class=\"imagebox image-top background-color-light-grey\">\n\t<style>#imagebox-block_6113e160451429ccfd48879f677fd686::before {background: var(--); } <\/style>        <div class=\"imagebox-image image-format-cubic center with-rounding\" style=\"background: url('https:\/\/www.prologistik.com\/wp-content\/uploads\/prologistik-content-active-weborder-uebersicht.jpg'); background-repeat: no-repeat; background-size: cover; background-position: center;\"><\/div>\n    \n    <div class=\"imagebox-content-wrap\">\n\n        <div class=\"imagebox-content\">\n                        <div class=\"imagebox-headline center font-size-normal\">\n                active weborder            <\/div>\n                                <\/div>\n                <div class=\"is-layout-flex wp-block-buttons\">\n            <div class=\"wp-block-button is-style-fill\">\n                <a class=\"wp-block-button__link has-color-dodger-blue-background-color wp-element-button\" href=\"https:\/\/www.prologistik.com\/fr\/?page_id=30263\" target=\"_self\">\n                    En savoir plus                <\/a>\n            <\/div>\n        <\/div>\n            <\/div>\n\n<\/div>\n\n<\/div><\/div>\n\n<div class=\"gb-grid-column gb-grid-column-7f69ef01\"><div class=\"gb-container gb-container-7f69ef01\">\n<div id=\"imagebox-block_27416f757d4677a137efd6ecfe4256e9\" class=\"imagebox image-top background-color-light-grey\">\n\t<style>#imagebox-block_27416f757d4677a137efd6ecfe4256e9::before {background: var(--); } <\/style>        <div class=\"imagebox-image image-format-cubic center with-rounding\" style=\"background: url('https:\/\/www.prologistik.com\/wp-content\/uploads\/prologistik-content-active-smart-tour-uebersicht.jpg'); background-repeat: no-repeat; background-size: cover; background-position: center;\"><\/div>\n    \n    <div class=\"imagebox-content-wrap\">\n\n        <div class=\"imagebox-content\">\n                        <div class=\"imagebox-headline center font-size-normal\">\n                active smart tour            <\/div>\n                                <\/div>\n                <div class=\"is-layout-flex wp-block-buttons\">\n            <div class=\"wp-block-button is-style-fill\">\n                <a class=\"wp-block-button__link has-color-dodger-blue-background-color wp-element-button\" href=\"https:\/\/www.prologistik.com\/fr\/?page_id=30291\" target=\"_self\">\n                    En savoir plus                <\/a>\n            <\/div>\n        <\/div>\n            <\/div>\n\n<\/div>\n\n<\/div><\/div>\n\n<div class=\"gb-grid-column gb-grid-column-caec3f8b\"><div class=\"gb-container gb-container-caec3f8b\">\n<div id=\"imagebox-block_33f9c3767dcef9ecb9d9b181cb168271\" class=\"imagebox image-top background-color-light-grey\">\n\t<style>#imagebox-block_33f9c3767dcef9ecb9d9b181cb168271::before {background: var(--); } <\/style>        <div class=\"imagebox-image image-format-cubic center with-rounding\" style=\"background: url('https:\/\/www.prologistik.com\/wp-content\/uploads\/prologistik-content-active-m-ware-uebersicht.jpg'); background-repeat: no-repeat; background-size: cover; background-position: center;\"><\/div>\n    \n    <div class=\"imagebox-content-wrap\">\n\n        <div class=\"imagebox-content\">\n                        <div class=\"imagebox-headline center font-size-normal\">\n                active m-ware            <\/div>\n                                <\/div>\n                <div class=\"is-layout-flex wp-block-buttons\">\n            <div class=\"wp-block-button is-style-fill\">\n                <a class=\"wp-block-button__link has-color-dodger-blue-background-color wp-element-button\" href=\"https:\/\/www.prologistik.com\/fr\/?page_id=30218\" target=\"_self\">\n                    En savoir plus                <\/a>\n            <\/div>\n        <\/div>\n            <\/div>\n\n<\/div>\n\n<\/div><\/div>\n\n<div class=\"gb-grid-column gb-grid-column-fcf2d6a7\"><div class=\"gb-container gb-container-fcf2d6a7\">\n<div id=\"imagebox-block_4b4f433c76aa940a36483f853ad905aa\" class=\"imagebox image-top background-color-light-grey\">\n\t<style>#imagebox-block_4b4f433c76aa940a36483f853ad905aa::before {background: var(--); } <\/style>        <div class=\"imagebox-image image-format-cubic center with-rounding\" style=\"background: url('https:\/\/www.prologistik.com\/wp-content\/uploads\/prologistik-content-yardmanagement-uebersicht.jpg'); background-repeat: no-repeat; background-size: cover; background-position: center;\"><\/div>\n    \n    <div class=\"imagebox-content-wrap\">\n\n        <div class=\"imagebox-content\">\n                        <div class=\"imagebox-headline center font-size-normal\">\n                Gestion des yards            <\/div>\n                                <\/div>\n                <div class=\"is-layout-flex wp-block-buttons\">\n            <div class=\"wp-block-button is-style-fill\">\n                <a class=\"wp-block-button__link has-color-dodger-blue-background-color wp-element-button\" href=\"https:\/\/www.prologistik.com\/fr\/?page_id=30301\" target=\"_self\">\n                    En savoir plus                <\/a>\n            <\/div>\n        <\/div>\n            <\/div>\n\n<\/div>\n\n<\/div><\/div>\n<\/div>\n<\/div>\n<\/section>","protected":false},"excerpt":{"rendered":"","protected":false},"author":1,"featured_media":0,"parent":0,"menu_order":26,"comment_status":"closed","ping_status":"closed","template":"","meta":{"_acf_changed":false,"footnotes":""},"class_list":["post-29616","page","type-page","status-publish"],"acf":[],"yoast_head":"<!-- This site is optimized with the Yoast SEO Premium plugin v26.9 (Yoast SEO v27.3) - https:\/\/yoast.com\/product\/yoast-seo-premium-wordpress\/ -->\n<title>Transportation - proLogistik Group<\/title>\n<meta name=\"robots\" content=\"noindex, follow\" \/>\n<meta property=\"og:locale\" content=\"fr_FR\" \/>\n<meta property=\"og:type\" content=\"article\" \/>\n<meta property=\"og:title\" content=\"Transportation\" \/>\n<meta property=\"og:url\" content=\"https:\/\/www.prologistik.com\/fr\/transportation\/\" \/>\n<meta property=\"og:site_name\" content=\"proLogistik Group\" \/>\n<meta property=\"article:modified_time\" content=\"2024-11-14T09:53:26+00:00\" \/>\n<meta name=\"twitter:card\" content=\"summary_large_image\" \/>\n<meta name=\"twitter:label1\" content=\"Dur\u00e9e de lecture estim\u00e9e\" \/>\n\t<meta name=\"twitter:data1\" content=\"1 minute\" \/>\n<script type=\"application\/ld+json\" class=\"yoast-schema-graph\">{\"@context\":\"https:\\\/\\\/schema.org\",\"@graph\":[{\"@type\":\"WebPage\",\"@id\":\"https:\\\/\\\/www.prologistik.com\\\/fr\\\/transportation\\\/\",\"url\":\"https:\\\/\\\/www.prologistik.com\\\/fr\\\/transportation\\\/\",\"name\":\"Transportation - proLogistik Group\",\"isPartOf\":{\"@id\":\"https:\\\/\\\/www.prologistik.com\\\/fr\\\/#website\"},\"datePublished\":\"2023-02-28T15:05:39+00:00\",\"dateModified\":\"2024-11-14T09:53:26+00:00\",\"breadcrumb\":{\"@id\":\"https:\\\/\\\/www.prologistik.com\\\/fr\\\/transportation\\\/#breadcrumb\"},\"inLanguage\":\"fr-FR\",\"potentialAction\":[{\"@type\":\"ReadAction\",\"target\":[\"https:\\\/\\\/www.prologistik.com\\\/fr\\\/transportation\\\/\"]}]},{\"@type\":\"BreadcrumbList\",\"@id\":\"https:\\\/\\\/www.prologistik.com\\\/fr\\\/transportation\\\/#breadcrumb\",\"itemListElement\":[{\"@type\":\"ListItem\",\"position\":1,\"name\":\"Startseite\",\"item\":\"https:\\\/\\\/www.prologistik.com\\\/fr\\\/\"},{\"@type\":\"ListItem\",\"position\":2,\"name\":\"Transportation\"}]},{\"@type\":\"WebSite\",\"@id\":\"https:\\\/\\\/www.prologistik.com\\\/fr\\\/#website\",\"url\":\"https:\\\/\\\/www.prologistik.com\\\/fr\\\/\",\"name\":\"proLogistik Group\",\"description\":\"Software und Hardware f\u00fcr die Intralogistik\",\"publisher\":{\"@id\":\"https:\\\/\\\/www.prologistik.com\\\/fr\\\/#organization\"},\"potentialAction\":[{\"@type\":\"SearchAction\",\"target\":{\"@type\":\"EntryPoint\",\"urlTemplate\":\"https:\\\/\\\/www.prologistik.com\\\/fr\\\/?s={search_term_string}\"},\"query-input\":{\"@type\":\"PropertyValueSpecification\",\"valueRequired\":true,\"valueName\":\"search_term_string\"}}],\"inLanguage\":\"fr-FR\"},{\"@type\":\"Organization\",\"@id\":\"https:\\\/\\\/www.prologistik.com\\\/fr\\\/#organization\",\"name\":\"proLogistik Group\",\"url\":\"https:\\\/\\\/www.prologistik.com\\\/fr\\\/\",\"logo\":{\"@type\":\"ImageObject\",\"inLanguage\":\"fr-FR\",\"@id\":\"https:\\\/\\\/www.prologistik.com\\\/fr\\\/#\\\/schema\\\/logo\\\/image\\\/\",\"url\":\"https:\\\/\\\/www.prologistik.com\\\/wp-content\\\/uploads\\\/prologistik-logo-web.svg\",\"contentUrl\":\"https:\\\/\\\/www.prologistik.com\\\/wp-content\\\/uploads\\\/prologistik-logo-web.svg\",\"width\":320,\"height\":59,\"caption\":\"proLogistik Group\"},\"image\":{\"@id\":\"https:\\\/\\\/www.prologistik.com\\\/fr\\\/#\\\/schema\\\/logo\\\/image\\\/\"}}]}<\/script>\n<!-- \/ Yoast SEO Premium plugin. -->","yoast_head_json":{"title":"Transportation - proLogistik Group","robots":{"index":"noindex","follow":"follow"},"og_locale":"fr_FR","og_type":"article","og_title":"Transportation","og_url":"https:\/\/www.prologistik.com\/fr\/transportation\/","og_site_name":"proLogistik Group","article_modified_time":"2024-11-14T09:53:26+00:00","twitter_card":"summary_large_image","twitter_misc":{"Dur\u00e9e de lecture estim\u00e9e":"1 minute"},"schema":{"@context":"https:\/\/schema.org","@graph":[{"@type":"WebPage","@id":"https:\/\/www.prologistik.com\/fr\/transportation\/","url":"https:\/\/www.prologistik.com\/fr\/transportation\/","name":"Transportation - proLogistik Group","isPartOf":{"@id":"https:\/\/www.prologistik.com\/fr\/#website"},"datePublished":"2023-02-28T15:05:39+00:00","dateModified":"2024-11-14T09:53:26+00:00","breadcrumb":{"@id":"https:\/\/www.prologistik.com\/fr\/transportation\/#breadcrumb"},"inLanguage":"fr-FR","potentialAction":[{"@type":"ReadAction","target":["https:\/\/www.prologistik.com\/fr\/transportation\/"]}]},{"@type":"BreadcrumbList","@id":"https:\/\/www.prologistik.com\/fr\/transportation\/#breadcrumb","itemListElement":[{"@type":"ListItem","position":1,"name":"Startseite","item":"https:\/\/www.prologistik.com\/fr\/"},{"@type":"ListItem","position":2,"name":"Transportation"}]},{"@type":"WebSite","@id":"https:\/\/www.prologistik.com\/fr\/#website","url":"https:\/\/www.prologistik.com\/fr\/","name":"proLogistik Group","description":"Software und Hardware f\u00fcr die Intralogistik","publisher":{"@id":"https:\/\/www.prologistik.com\/fr\/#organization"},"potentialAction":[{"@type":"SearchAction","target":{"@type":"EntryPoint","urlTemplate":"https:\/\/www.prologistik.com\/fr\/?s={search_term_string}"},"query-input":{"@type":"PropertyValueSpecification","valueRequired":true,"valueName":"search_term_string"}}],"inLanguage":"fr-FR"},{"@type":"Organization","@id":"https:\/\/www.prologistik.com\/fr\/#organization","name":"proLogistik Group","url":"https:\/\/www.prologistik.com\/fr\/","logo":{"@type":"ImageObject","inLanguage":"fr-FR","@id":"https:\/\/www.prologistik.com\/fr\/#\/schema\/logo\/image\/","url":"https:\/\/www.prologistik.com\/wp-content\/uploads\/prologistik-logo-web.svg","contentUrl":"https:\/\/www.prologistik.com\/wp-content\/uploads\/prologistik-logo-web.svg","width":320,"height":59,"caption":"proLogistik Group"},"image":{"@id":"https:\/\/www.prologistik.com\/fr\/#\/schema\/logo\/image\/"}}]}},"_links":{"self":[{"href":"https:\/\/www.prologistik.com\/fr\/wp-json\/wp\/v2\/pages\/29616","targetHints":{"allow":["GET"]}}],"collection":[{"href":"https:\/\/www.prologistik.com\/fr\/wp-json\/wp\/v2\/pages"}],"about":[{"href":"https:\/\/www.prologistik.com\/fr\/wp-json\/wp\/v2\/types\/page"}],"author":[{"embeddable":true,"href":"https:\/\/www.prologistik.com\/fr\/wp-json\/wp\/v2\/users\/1"}],"replies":[{"embeddable":true,"href":"https:\/\/www.prologistik.com\/fr\/wp-json\/wp\/v2\/comments?post=29616"}],"version-history":[{"count":2,"href":"https:\/\/www.prologistik.com\/fr\/wp-json\/wp\/v2\/pages\/29616\/revisions"}],"predecessor-version":[{"id":42935,"href":"https:\/\/www.prologistik.com\/fr\/wp-json\/wp\/v2\/pages\/29616\/revisions\/42935"}],"wp:attachment":[{"href":"https:\/\/www.prologistik.com\/fr\/wp-json\/wp\/v2\/media?parent=29616"}],"curies":[{"name":"wp","href":"https:\/\/api.w.org\/{rel}","templated":true}]}}