{"id":29611,"date":"2023-02-28T16:41:49","date_gmt":"2023-02-28T15:41:49","guid":{"rendered":"https:\/\/prologistik.pixel-tal.de\/materiel-informatique\/labeling-etiquettes\/etiquettes-demplacement"},"modified":"2025-11-21T14:26:38","modified_gmt":"2025-11-21T13:26:38","slug":"etiquettes-demplacement","status":"publish","type":"page","link":"https:\/\/www.prologistik.com\/fr\/materiel-informatique\/labeling-etiquettes\/etiquettes-demplacement\/","title":{"rendered":"Etiquettes d&#8217;emplacement de stockage"},"content":{"rendered":"        \n            <!-- pagehead -->\n        \n                    \n\t\t\t<div id=\"pagehead-block_11b117598ab6487ffc9b26bffe7c630e\" class=\"pagehead size-small\">\n\t\t\t\t\t\t\t<div class=\"pagehead-canvas\">\n\t\t\t\t<div class=\"pagehead-content has-bg-color bg-color-green\">\n\t\t\t\t\t<div class=\"pagehead-content-inner\">\n\t\t\t\t\t\t<div class=\"pagehead-icon icon-color-white\" data-aos=\"fade-up\" data-aos-delay=\"0\" style=\"mask-image: url(https:\/\/www.prologistik.com\/wp-content\/uploads\/icon-whms_small.svg); -webkit-mask-image: url(https:\/\/www.prologistik.com\/wp-content\/uploads\/icon-whms_small.svg);\"><\/div>\t\t\t\t\t\t<span class=\"pagehead-subheadline\"  data-aos=\"fade-up\" data-aos-delay=\"50\">\u00c9tiquettes PLG<\/span>\t\t\t\t\t\t<h1 class=\"pagehead-headline\" data-aos=\"fade-up\" data-aos-delay=\"100\">Etiquettes d&#8217;emplacement de stockage<\/h1>\t\t\t\t\t\t\t\t\t\t\t<\/div>\n\t\t\t\t<\/div>\n\t\t\t<\/div>\n\t\t\t\n\t\t\t\t<div class=\"pagehead-background\">\n\t\t\t\t<!-- image_id: 44358 | alt: Bannerbild Lagerplatz-Etiketten -->\t\t\t\t\t\t\t\t\t<img decoding=\"async\" class=\"test\" src=\"https:\/\/www.prologistik.com\/wp-content\/uploads\/pLG_Website_Hardware_Lagerplatz-Etiketten_1920x840px_.jpg\" alt=\"Bannerbild Lagerplatz-Etiketten\" \/>\n\t\t\t\t\n\t\t\t\t<\/div>\n\t\t\t<\/div>\n        \n                    \n            <!-- end:pagehead -->\n        \n            \n\n<section class=\"gb-container gb-container-e0061649\">\n<div class=\"gb-container gb-container-5955f037\">\n<div class=\"gb-grid-wrapper gb-grid-wrapper-ef5aa0f3\">\n<div class=\"gb-grid-column gb-grid-column-6347d303\"><div class=\"gb-container gb-container-6347d303\">\n\n<div class=\"wp-block-pixel-headline headlines is-subheadline-top has-text-align-left\"><h2 class=\"headline\" style=\"color:\">Concu pour l&#8217;espace de stockage<\/h2><span class=\"subheadline\" style=\"color:var(--color-blue)\">Identification des stocks avec syst\u00e8me<\/span><\/div>\n\n\n\n<p>Les \u00e9tiquettes d&#8217;emplacement de stockage sont adapt\u00e9es \u00e0 tout type de rayonnage dans les entrep\u00f4ts. Les \u00e9tiquettes pour emplacements de stockage se distinguent par leur utilisation polyvalente dans la logistique de stockage &#8211; qu&#8217;il s&#8217;agisse par exemple de rayonnages \u00e0 palettes, de rayonnages dynamiques ou de rayonnages \u00e0 \u00e9tag\u00e8res combin\u00e9es.<\/p>\n\n\n\n<p>Le produit est au choix par impression num\u00e9rique ou par transfert thermique. Des mat\u00e9riaux tels que le polyester, le Tyvek, le textile, le PVC ou le papier thermique (jusqu&#8217;\u00e0 -40\u00b0 Celsius) sont utilis\u00e9s.<\/p>\n\n\n\n<div class=\"wp-block-pixel-headline headlines is-subheadline-bottom has-text-align-left\"><h3 class=\"headline\" style=\"color:\">Une identification claire dans l&#8217;entrep\u00f4t<\/h3><\/div>\n\n\n\n<p>Un mat\u00e9riau sp\u00e9cialement r\u00e9fl\u00e9chissant des \u00e9tiquettes d&#8217;emplacement permet de les scanner \u00e0 grande distance. Ces \u00e9tiquettes conviennent particuli\u00e8rement \u00e0 la saisie de donn\u00e9es avec l&#8217;utilisation de chariots \u00e9l\u00e9vateurs. <\/p>\n\n\n\n<p>Les employ\u00e9s de l&#8217;entrep\u00f4t sont en mesure de lire les codes-barres sur l&#8217;\u00e9tiquette \u00e0 proximit\u00e9 imm\u00e9diate de la m\u00eame mani\u00e8re qu&#8217;ils lisent une \u00e9tiquette d&#8217;emplacement de stockage aux niveaux sup\u00e9rieurs des rayonnages. N\u00e9anmoins, la conception et l&#8217;application optimales des \u00e9tiquettes repr\u00e9sentent un point crucial .<\/p>\n\n\n\n<p>Pour trouver rapidement l&#8217;emplacement de stockage, il faut que les \u00e9tiquettes d&#8217;emplacement, les panneaux ou les plaques soient bien visibles. Nous vous conseillons volontiers \u00e0 ce sujet !<\/p>\n\n<\/div><\/div>\n\n<div class=\"gb-grid-column gb-grid-column-e3892883\"><div class=\"gb-container gb-container-e3892883\">\n\n<div class=\"wp-block-pixel-headline headlines is-subheadline-top has-text-align-left\"><h2 class=\"headline\" style=\"color:\">Faits<\/h2><span class=\"subheadline\" style=\"color:var(--color-blue)\">Etiquettes d&#8217;emplacement<\/span><\/div>\n\n\n\n<figure class=\"wp-block-table is-style-regular\"><table><tbody><tr><td><strong>Domaines d&#8217;application<\/strong><\/td><td>Pour tout type de rayonnages courant dans l&#8217;entrep\u00f4t, comme par exemple les rayonnages \u00e0 palettes, les rayonnages dynamiques, les rayonnages \u00e0 \u00e9tag\u00e8res combin\u00e9es et bien d&#8217;autres<\/td><\/tr><tr><td><strong>Formats<\/strong><\/td><td>89 x 36 mm<br>170 x 25 mm<br>150 x 55 mm<br>150 x 74 mm<br>60 x 200 mm<br>250 x 100 mm<br>170 x 50 mm<br>180 x 70 mm<br>150 x 55 mm<br>autres formats sur demande<\/td><\/tr><tr><td><strong>Mat\u00e9riaux<\/strong><\/td><td>Papier thermique jusqu&#8217;\u00e0 -40 \u00b0C, poly\u00e9thyl\u00e8ne, PVC, polyester, polysterol, Tyvek, textile, \u00e9tiquette sur aimant<\/td><\/tr><tr><td><strong>Couleurs<\/strong><\/td><td>Pour obtenir un contraste suffisant entre l&#8217;arri\u00e8re-plan et les barres, les combinaisons de couleurs suivantes sont possibles : Couleurs d&#8217;arri\u00e8re-plan : Blanc \/ Jaune \/ Orange \/ Vert \/ Bleu clair<\/td><\/tr><tr><td><strong>Fixation<\/strong><\/td><td>Adh\u00e9sif (amovible, permanent ou extra fort), aimant<\/td><\/tr><tr><td><strong>Type d&#8217;impression<\/strong><\/td><td>Impression num\u00e9rique ou par transfert thermique<\/td><\/tr><tr><td><strong>Particularit\u00e9s<\/strong><\/td><td>En cas de nouveau marquage, nettoyer \u00e9ventuellement les surfaces. Toujours tester au pr\u00e9alable les adh\u00e9sifs amovibles pour voir s&#8217;il y a des r\u00e9sidus. Les entrep\u00f4ts frigorifiques (jusqu&#8217;\u00e0 -40 \u00b0C) peuvent \u00eatre marqu\u00e9s avec des \u00e9tiquettes d&#8217;emplacement sur un aimant, par exemple de 1,5 mm d&#8217;\u00e9paisseur, ou avec du papier thermique.<\/td><\/tr><\/tbody><\/table><\/figure>\n\n<\/div><\/div>\n<\/div>\n<\/div>\n<\/section>\n\n<section class=\"gb-container gb-container-46f72e58\" id=\"Etikettenkatalog\">\n<div class=\"gb-container gb-container-a7151950\">\n<div class=\"gb-grid-wrapper gb-grid-wrapper-dc53e7d7\">\n<div class=\"gb-grid-column gb-grid-column-f4ab6602\"><div class=\"gb-container gb-container-f4ab6602\">\n        \n            <!-- grid -->\n\n\t\t\t        \n                    \n            <div id=\"grid-block_1640b538e851a85c21e7dffa1b864588\" class=\"grid grid:1 \" >\n\n\t\t\t\t\t\n\t\t\t\t<div class=\"grid-group grid-group-0\">\n\t\t\t\t\t\t\t\t\t\t<div class=\"grid-inner gb-grid-wrapper \">\n\t\t\t\t\t\t\t\t\t\t\t\t\t<div class=\"grid-item gb-grid-column\">\n\t\t\t\t\t\t\t\n\t\t\t\t\t\t\t\n\t\t\t\t\t\t\t\n\t\t\t\t\t\t\t\n\t\t\t\t\t\t\t\n\t\t\t\t\t\t\t<!-- pages -->\n\t\t\t\t\t\t\t\n\t\t\t\t\t\t\t\t<!-- posts -->\n\n\t\t\t\t\t\t\t\t\n\t\t\t\t\t\t\t\t<!-- contacts -->\n\n\t\t\t\t\t\t\t\t\n\t\t\t\t\t\t\t\t<!-- downloads -->\n\n\t\t\t\t\t\t\t\t\t\t\t\t\t\t\t\t\n\t\t\t\t\t\t\t\t\t<div class=\"download-entry layout-two-col\">\n\t\t\t\t\t\t\t\t\t\t\t\t\t\t\t\t\t\t\t\t<div class=\"download-image\">\n\t\t\t\t\t\t\t\t\t\t\t<img loading=\"lazy\" decoding=\"async\" width=\"552\" height=\"388\" src=\"https:\/\/www.prologistik.com\/wp-content\/uploads\/prologistik-mockup-Broschuere_Etiketten_De.png\" class=\"attachment-full size-full wp-post-image\" alt=\"Production logistics\" srcset=\"https:\/\/www.prologistik.com\/wp-content\/uploads\/prologistik-mockup-Broschuere_Etiketten_De.png 552w, https:\/\/www.prologistik.com\/wp-content\/uploads\/prologistik-mockup-Broschuere_Etiketten_De-300x211.png 300w, https:\/\/www.prologistik.com\/wp-content\/uploads\/prologistik-mockup-Broschuere_Etiketten_De-150x105.png 150w\" sizes=\"auto, (max-width: 552px) 100vw, 552px\" \/>\t\t\t\t\t\t\t\t\t\t<\/div>\n\t\t\t\t\t\t\t\t\t\t\t\t\t\t\t\t\t\t\t\t\t\t\t\t\t\t\t\t\t\t\t<div class=\"download-content\">\n\t\t\t\t\t\t\t\t\t\t\t\t\t\t\t\t\t\t\t\t\t\t<div class=\"subheadline\" style=\"color:var(--color-dark-cyan); display:none;\">mehr erfahren<\/div>\n\t\t\t\t\t\t\t\t\t\t\t<div class=\"download-headline\">\n\t\t\t\t\t\t\t\t\t\t\t\tCatalogue d&#8217;\u00e9tiquettes\t\t\t\t\t\t\t\t\t\t\t<\/div>\n\t\t\t\t\t\t\t\t\t\t\t\n\t\t\t\t\t\t\t\t\t\t\t\t\t\t\t\t\t\t\t\t\t\t\t\t\t\t\t\t\t\t\t\t\t<div class=\"download-copytext\">\n\t\t\t\t\t\t\t\t\t\t\t\t<p>Nous vous proposons une grande vari\u00e9t\u00e9 d&#8217;\u00e9tiquettes, car nous nous sommes donn\u00e9 pour mission de toujours trouver la solution qui vous convient. Cela inclut bien entendu des solutions personnalis\u00e9es qui vous permettent d&#8217;\u00e9tiqueter facilement vos produits, m\u00eame dans des circonstances particuli\u00e8res. Informez-vous d\u00e8s maintenant sur les services que nous proposons en consultant notre catalogue d&#8217;\u00e9tiquettes.<\/p>\n\t\t\t\t\t\t \t\t\t\t\t<\/div>\n\t\t\t\t\t\t\t\t\t\t\t\t\t\t\t\t\t\t\t\t\t\t<div class=\"is-layout-flex wp-block-buttons\">\n            <div class=\"wp-block-button is-style-outline\">\n                <a class=\"wp-block-button__link has-color-blue-color has-text-color wp-element-button download-button\" \n                   data-download-file=\"1\" \n                   data-lang=\"fr\">\n                   T\u00e9l\u00e9chargement\n                <\/a>\n            <\/div>\n        <\/div>\t\t\t\t\t\t\t\t\t\t\t\n\t\t\t\t\t\t\t\t\t\t<\/div>\n\t\t\t\t\t\t\t\t\t\t\t\t\t\t\t\t\t\t\t<\/div>\t\t\t\t\t\t\t\t\n\t\t\t\t\t\t\t\t\t\n\n\t\t\t\t\t\t\t\t<!-- companies -->\n\n\t\t\t\t\t\t\t\t\t\n\t\t\t\t\t\t\t\t\n\t\t\t\t\t\t\t<\/div>\t\t\t\t\t\t\t\n\t\t\t\t\t\t\t\t\t\t\t<\/div>\n\t\t\t\t<\/div>\n\t\t\t\t \n\n            <\/div>\n        \n            \n\t\t\t<!-- else -->\n\n\t\t\t        \n            <!-- end:grid -->\n        \n            \n<\/div><\/div>\n<\/div>\n<\/div>\n<\/section>\n\n        \n            <!-- contact-form -->\n        \n                    \n            <!-- end:contact-form -->\n        \n            ","protected":false},"excerpt":{"rendered":"","protected":false},"author":1,"featured_media":0,"parent":29514,"menu_order":0,"comment_status":"closed","ping_status":"closed","template":"","meta":{"_acf_changed":false,"footnotes":""},"class_list":["post-29611","page","type-page","status-publish"],"acf":[],"yoast_head":"<!-- This site is optimized with the Yoast SEO Premium plugin v26.9 (Yoast SEO v27.5) - https:\/\/yoast.com\/product\/yoast-seo-premium-wordpress\/ -->\n<title>Etiquettes d&#039;emplacement de stockage - proLogistik Group<\/title>\n<meta name=\"description\" content=\"Sp\u00e9cialement con\u00e7u pour l&#039;espace de stockage \u2714\ufe0f Impression num\u00e9rique ou par transfert thermique \u2714\ufe0f Pour tous les types de rayonnages courants dans l&#039;entrep\u00f4t, comme par exemple le rayonnage \u00e0 palettes, le rayonnage dynamique, le rayonnage \u00e0 tablettes \u2714\ufe0f\" \/>\n<meta name=\"robots\" content=\"index, follow, max-snippet:-1, max-image-preview:large, max-video-preview:-1\" \/>\n<link rel=\"canonical\" href=\"https:\/\/www.prologistik.com\/fr\/materiel-informatique\/labeling-etiquettes\/etiquettes-demplacement\/\" \/>\n<meta property=\"og:locale\" content=\"fr_FR\" \/>\n<meta property=\"og:type\" content=\"article\" \/>\n<meta property=\"og:title\" content=\"Etiquettes d&#039;emplacement de stockage\" \/>\n<meta property=\"og:description\" content=\"Sp\u00e9cialement con\u00e7u pour l&#039;espace de stockage \u2714\ufe0f Impression num\u00e9rique ou par transfert thermique \u2714\ufe0f Pour tous les types de rayonnages courants dans l&#039;entrep\u00f4t, comme par exemple le rayonnage \u00e0 palettes, le rayonnage dynamique, le rayonnage \u00e0 tablettes \u2714\ufe0f\" \/>\n<meta property=\"og:url\" content=\"https:\/\/www.prologistik.com\/fr\/materiel-informatique\/labeling-etiquettes\/etiquettes-demplacement\/\" \/>\n<meta property=\"og:site_name\" content=\"proLogistik Group\" \/>\n<meta property=\"article:modified_time\" content=\"2025-11-21T13:26:38+00:00\" \/>\n<meta name=\"twitter:card\" content=\"summary_large_image\" \/>\n<meta name=\"twitter:label1\" content=\"Dur\u00e9e de lecture estim\u00e9e\" \/>\n\t<meta name=\"twitter:data1\" content=\"2 minutes\" \/>\n<script type=\"application\/ld+json\" class=\"yoast-schema-graph\">{\"@context\":\"https:\\\/\\\/schema.org\",\"@graph\":[{\"@type\":\"WebPage\",\"@id\":\"https:\\\/\\\/www.prologistik.com\\\/fr\\\/materiel-informatique\\\/labeling-etiquettes\\\/etiquettes-demplacement\\\/\",\"url\":\"https:\\\/\\\/www.prologistik.com\\\/fr\\\/materiel-informatique\\\/labeling-etiquettes\\\/etiquettes-demplacement\\\/\",\"name\":\"Etiquettes d'emplacement de stockage - proLogistik Group\",\"isPartOf\":{\"@id\":\"https:\\\/\\\/www.prologistik.com\\\/fr\\\/#website\"},\"datePublished\":\"2023-02-28T15:41:49+00:00\",\"dateModified\":\"2025-11-21T13:26:38+00:00\",\"description\":\"Sp\u00e9cialement con\u00e7u pour l'espace de stockage \u2714\ufe0f Impression num\u00e9rique ou par transfert thermique \u2714\ufe0f Pour tous les types de rayonnages courants dans l'entrep\u00f4t, comme par exemple le rayonnage \u00e0 palettes, le rayonnage dynamique, le rayonnage \u00e0 tablettes \u2714\ufe0f\",\"breadcrumb\":{\"@id\":\"https:\\\/\\\/www.prologistik.com\\\/fr\\\/materiel-informatique\\\/labeling-etiquettes\\\/etiquettes-demplacement\\\/#breadcrumb\"},\"inLanguage\":\"fr-FR\",\"potentialAction\":[{\"@type\":\"ReadAction\",\"target\":[\"https:\\\/\\\/www.prologistik.com\\\/fr\\\/materiel-informatique\\\/labeling-etiquettes\\\/etiquettes-demplacement\\\/\"]}]},{\"@type\":\"BreadcrumbList\",\"@id\":\"https:\\\/\\\/www.prologistik.com\\\/fr\\\/materiel-informatique\\\/labeling-etiquettes\\\/etiquettes-demplacement\\\/#breadcrumb\",\"itemListElement\":[{\"@type\":\"ListItem\",\"position\":1,\"name\":\"Startseite\",\"item\":\"https:\\\/\\\/www.prologistik.com\\\/fr\\\/\"},{\"@type\":\"ListItem\",\"position\":2,\"name\":\"Hardware\",\"item\":\"https:\\\/\\\/www.prologistik.com\\\/fr\\\/materiel-informatique\\\/\"},{\"@type\":\"ListItem\",\"position\":3,\"name\":\"Labeling \\\/ \u00c9tiquettes\",\"item\":\"https:\\\/\\\/www.prologistik.com\\\/fr\\\/materiel-informatique\\\/labeling-etiquettes\\\/\"},{\"@type\":\"ListItem\",\"position\":4,\"name\":\"Etiquettes d&#8217;emplacement de stockage\"}]},{\"@type\":\"WebSite\",\"@id\":\"https:\\\/\\\/www.prologistik.com\\\/fr\\\/#website\",\"url\":\"https:\\\/\\\/www.prologistik.com\\\/fr\\\/\",\"name\":\"proLogistik Group\",\"description\":\"Software und Hardware f\u00fcr die Intralogistik\",\"publisher\":{\"@id\":\"https:\\\/\\\/www.prologistik.com\\\/fr\\\/#organization\"},\"potentialAction\":[{\"@type\":\"SearchAction\",\"target\":{\"@type\":\"EntryPoint\",\"urlTemplate\":\"https:\\\/\\\/www.prologistik.com\\\/fr\\\/?s={search_term_string}\"},\"query-input\":{\"@type\":\"PropertyValueSpecification\",\"valueRequired\":true,\"valueName\":\"search_term_string\"}}],\"inLanguage\":\"fr-FR\"},{\"@type\":\"Organization\",\"@id\":\"https:\\\/\\\/www.prologistik.com\\\/fr\\\/#organization\",\"name\":\"proLogistik Group\",\"url\":\"https:\\\/\\\/www.prologistik.com\\\/fr\\\/\",\"logo\":{\"@type\":\"ImageObject\",\"inLanguage\":\"fr-FR\",\"@id\":\"https:\\\/\\\/www.prologistik.com\\\/fr\\\/#\\\/schema\\\/logo\\\/image\\\/\",\"url\":\"https:\\\/\\\/www.prologistik.com\\\/wp-content\\\/uploads\\\/prologistik-logo-web.svg\",\"contentUrl\":\"https:\\\/\\\/www.prologistik.com\\\/wp-content\\\/uploads\\\/prologistik-logo-web.svg\",\"width\":320,\"height\":59,\"caption\":\"proLogistik Group\"},\"image\":{\"@id\":\"https:\\\/\\\/www.prologistik.com\\\/fr\\\/#\\\/schema\\\/logo\\\/image\\\/\"}}]}<\/script>\n<!-- \/ Yoast SEO Premium plugin. -->","yoast_head_json":{"title":"Etiquettes d'emplacement de stockage - proLogistik Group","description":"Sp\u00e9cialement con\u00e7u pour l'espace de stockage \u2714\ufe0f Impression num\u00e9rique ou par transfert thermique \u2714\ufe0f Pour tous les types de rayonnages courants dans l'entrep\u00f4t, comme par exemple le rayonnage \u00e0 palettes, le rayonnage dynamique, le rayonnage \u00e0 tablettes \u2714\ufe0f","robots":{"index":"index","follow":"follow","max-snippet":"max-snippet:-1","max-image-preview":"max-image-preview:large","max-video-preview":"max-video-preview:-1"},"canonical":"https:\/\/www.prologistik.com\/fr\/materiel-informatique\/labeling-etiquettes\/etiquettes-demplacement\/","og_locale":"fr_FR","og_type":"article","og_title":"Etiquettes d'emplacement de stockage","og_description":"Sp\u00e9cialement con\u00e7u pour l'espace de stockage \u2714\ufe0f Impression num\u00e9rique ou par transfert thermique \u2714\ufe0f Pour tous les types de rayonnages courants dans l'entrep\u00f4t, comme par exemple le rayonnage \u00e0 palettes, le rayonnage dynamique, le rayonnage \u00e0 tablettes \u2714\ufe0f","og_url":"https:\/\/www.prologistik.com\/fr\/materiel-informatique\/labeling-etiquettes\/etiquettes-demplacement\/","og_site_name":"proLogistik Group","article_modified_time":"2025-11-21T13:26:38+00:00","twitter_card":"summary_large_image","twitter_misc":{"Dur\u00e9e de lecture estim\u00e9e":"2 minutes"},"schema":{"@context":"https:\/\/schema.org","@graph":[{"@type":"WebPage","@id":"https:\/\/www.prologistik.com\/fr\/materiel-informatique\/labeling-etiquettes\/etiquettes-demplacement\/","url":"https:\/\/www.prologistik.com\/fr\/materiel-informatique\/labeling-etiquettes\/etiquettes-demplacement\/","name":"Etiquettes d'emplacement de stockage - proLogistik Group","isPartOf":{"@id":"https:\/\/www.prologistik.com\/fr\/#website"},"datePublished":"2023-02-28T15:41:49+00:00","dateModified":"2025-11-21T13:26:38+00:00","description":"Sp\u00e9cialement con\u00e7u pour l'espace de stockage \u2714\ufe0f Impression num\u00e9rique ou par transfert thermique \u2714\ufe0f Pour tous les types de rayonnages courants dans l'entrep\u00f4t, comme par exemple le rayonnage \u00e0 palettes, le rayonnage dynamique, le rayonnage \u00e0 tablettes \u2714\ufe0f","breadcrumb":{"@id":"https:\/\/www.prologistik.com\/fr\/materiel-informatique\/labeling-etiquettes\/etiquettes-demplacement\/#breadcrumb"},"inLanguage":"fr-FR","potentialAction":[{"@type":"ReadAction","target":["https:\/\/www.prologistik.com\/fr\/materiel-informatique\/labeling-etiquettes\/etiquettes-demplacement\/"]}]},{"@type":"BreadcrumbList","@id":"https:\/\/www.prologistik.com\/fr\/materiel-informatique\/labeling-etiquettes\/etiquettes-demplacement\/#breadcrumb","itemListElement":[{"@type":"ListItem","position":1,"name":"Startseite","item":"https:\/\/www.prologistik.com\/fr\/"},{"@type":"ListItem","position":2,"name":"Hardware","item":"https:\/\/www.prologistik.com\/fr\/materiel-informatique\/"},{"@type":"ListItem","position":3,"name":"Labeling \/ \u00c9tiquettes","item":"https:\/\/www.prologistik.com\/fr\/materiel-informatique\/labeling-etiquettes\/"},{"@type":"ListItem","position":4,"name":"Etiquettes d&#8217;emplacement de stockage"}]},{"@type":"WebSite","@id":"https:\/\/www.prologistik.com\/fr\/#website","url":"https:\/\/www.prologistik.com\/fr\/","name":"proLogistik Group","description":"Software und Hardware f\u00fcr die Intralogistik","publisher":{"@id":"https:\/\/www.prologistik.com\/fr\/#organization"},"potentialAction":[{"@type":"SearchAction","target":{"@type":"EntryPoint","urlTemplate":"https:\/\/www.prologistik.com\/fr\/?s={search_term_string}"},"query-input":{"@type":"PropertyValueSpecification","valueRequired":true,"valueName":"search_term_string"}}],"inLanguage":"fr-FR"},{"@type":"Organization","@id":"https:\/\/www.prologistik.com\/fr\/#organization","name":"proLogistik Group","url":"https:\/\/www.prologistik.com\/fr\/","logo":{"@type":"ImageObject","inLanguage":"fr-FR","@id":"https:\/\/www.prologistik.com\/fr\/#\/schema\/logo\/image\/","url":"https:\/\/www.prologistik.com\/wp-content\/uploads\/prologistik-logo-web.svg","contentUrl":"https:\/\/www.prologistik.com\/wp-content\/uploads\/prologistik-logo-web.svg","width":320,"height":59,"caption":"proLogistik Group"},"image":{"@id":"https:\/\/www.prologistik.com\/fr\/#\/schema\/logo\/image\/"}}]}},"_links":{"self":[{"href":"https:\/\/www.prologistik.com\/fr\/wp-json\/wp\/v2\/pages\/29611","targetHints":{"allow":["GET"]}}],"collection":[{"href":"https:\/\/www.prologistik.com\/fr\/wp-json\/wp\/v2\/pages"}],"about":[{"href":"https:\/\/www.prologistik.com\/fr\/wp-json\/wp\/v2\/types\/page"}],"author":[{"embeddable":true,"href":"https:\/\/www.prologistik.com\/fr\/wp-json\/wp\/v2\/users\/1"}],"replies":[{"embeddable":true,"href":"https:\/\/www.prologistik.com\/fr\/wp-json\/wp\/v2\/comments?post=29611"}],"version-history":[{"count":8,"href":"https:\/\/www.prologistik.com\/fr\/wp-json\/wp\/v2\/pages\/29611\/revisions"}],"predecessor-version":[{"id":55143,"href":"https:\/\/www.prologistik.com\/fr\/wp-json\/wp\/v2\/pages\/29611\/revisions\/55143"}],"up":[{"embeddable":true,"href":"https:\/\/www.prologistik.com\/fr\/wp-json\/wp\/v2\/pages\/29514"}],"wp:attachment":[{"href":"https:\/\/www.prologistik.com\/fr\/wp-json\/wp\/v2\/media?parent=29611"}],"curies":[{"name":"wp","href":"https:\/\/api.w.org\/{rel}","templated":true}]}}