{"id":29552,"date":"2023-02-28T16:41:48","date_gmt":"2023-02-28T15:41:48","guid":{"rendered":"https:\/\/prologistik.pixel-tal.de\/pro-v-pad-classic"},"modified":"2025-11-24T11:17:23","modified_gmt":"2025-11-24T10:17:23","slug":"pro-v-pad-classic","status":"publish","type":"page","link":"https:\/\/www.prologistik.com\/fr\/materiel-informatique\/pc-industriels\/pro-v-pad-classic\/","title":{"rendered":"Pro-V-pad Classic"},"content":{"rendered":"        \n            <!-- pagehead -->\n        \n                    \n\t\t\t<div id=\"pagehead-block_dc305b47864faca7f93584d885b05f6c\" class=\"pagehead size-very-small\">\n\t\t\t\n\t\t\t\t<div class=\"pagehead-background\">\n\t\t\t\t<!-- image_id: 44407 | alt: Bannerbild Pro-V-Pad-Classic -->\t\t\t\t\t\t\t\t\t<img decoding=\"async\" class=\"test\" src=\"https:\/\/www.prologistik.com\/wp-content\/uploads\/pLG_Website_Hardware_pro-V-pad-classic_Banner_1920x840px_2024.jpg\" alt=\"Bannerbild Pro-V-Pad-Classic\" \/>\n\t\t\t\t\n\t\t\t\t<\/div>\n\t\t\t<\/div>\n        \n                    \n            <!-- end:pagehead -->\n        \n            \n\n<section class=\"gb-container gb-container-97381a90\">\n<div class=\"gb-container gb-container-76c9f99c\">\n<div class=\"gb-grid-wrapper gb-grid-wrapper-3c5d1c2a\">\n<div class=\"gb-grid-column gb-grid-column-f28cae4b\"><div class=\"gb-container gb-container-f28cae4b\">\n        \n            <!-- ProductSlider -->\n        \n            \t\t\t<div id=\"product-slider-block_6f64c365b46e742cbb7f947724370be7\" data-columns=\"1\" data-layout=\"thumbnails\" class=\"product-slider thumbnails\">\n                                                    <div class=\"slides\">\n                                                    <a href=\"https:\/\/www.prologistik.com\/wp-content\/uploads\/prologistik-content-pro-v-pad-classic-1.jpg\" >\n\t\t\t\t\t\t\t\t<img loading=\"lazy\" decoding=\"async\" width=\"700\" height=\"700\" src=\"https:\/\/www.prologistik.com\/wp-content\/uploads\/prologistik-content-pro-v-pad-classic-1.jpg\" class=\"attachment-full size-full\" alt=\"Pro V Pad Classic\" srcset=\"https:\/\/www.prologistik.com\/wp-content\/uploads\/prologistik-content-pro-v-pad-classic-1.jpg 700w, https:\/\/www.prologistik.com\/wp-content\/uploads\/prologistik-content-pro-v-pad-classic-1-300x300.jpg 300w, https:\/\/www.prologistik.com\/wp-content\/uploads\/prologistik-content-pro-v-pad-classic-1-150x150.jpg 150w, https:\/\/www.prologistik.com\/wp-content\/uploads\/prologistik-content-pro-v-pad-classic-1-480x480.jpg 480w\" sizes=\"auto, (max-width: 700px) 100vw, 700px\" \/>                               \n                            <\/a>\n                                                    <a href=\"https:\/\/www.prologistik.com\/wp-content\/uploads\/prologistik-content-pro-v-pad-classic-2.jpg\" >\n\t\t\t\t\t\t\t\t<img loading=\"lazy\" decoding=\"async\" width=\"700\" height=\"700\" src=\"https:\/\/www.prologistik.com\/wp-content\/uploads\/prologistik-content-pro-v-pad-classic-2.jpg\" class=\"attachment-full size-full\" alt=\"R\u00fcckansicht Pro V Pad Classic\" srcset=\"https:\/\/www.prologistik.com\/wp-content\/uploads\/prologistik-content-pro-v-pad-classic-2.jpg 700w, https:\/\/www.prologistik.com\/wp-content\/uploads\/prologistik-content-pro-v-pad-classic-2-300x300.jpg 300w, https:\/\/www.prologistik.com\/wp-content\/uploads\/prologistik-content-pro-v-pad-classic-2-150x150.jpg 150w, https:\/\/www.prologistik.com\/wp-content\/uploads\/prologistik-content-pro-v-pad-classic-2-480x480.jpg 480w\" sizes=\"auto, (max-width: 700px) 100vw, 700px\" \/>                               \n                            <\/a>\n                                                    <a href=\"https:\/\/www.prologistik.com\/wp-content\/uploads\/prologistik-content-pro-v-pad-classic-3.jpg\" >\n\t\t\t\t\t\t\t\t<img loading=\"lazy\" decoding=\"async\" width=\"700\" height=\"700\" src=\"https:\/\/www.prologistik.com\/wp-content\/uploads\/prologistik-content-pro-v-pad-classic-3.jpg\" class=\"attachment-full size-full\" alt=\"Seitenansicht Pro V Pad Classic\" srcset=\"https:\/\/www.prologistik.com\/wp-content\/uploads\/prologistik-content-pro-v-pad-classic-3.jpg 700w, https:\/\/www.prologistik.com\/wp-content\/uploads\/prologistik-content-pro-v-pad-classic-3-300x300.jpg 300w, https:\/\/www.prologistik.com\/wp-content\/uploads\/prologistik-content-pro-v-pad-classic-3-150x150.jpg 150w, https:\/\/www.prologistik.com\/wp-content\/uploads\/prologistik-content-pro-v-pad-classic-3-480x480.jpg 480w\" sizes=\"auto, (max-width: 700px) 100vw, 700px\" \/>                               \n                            <\/a>\n                                                    <a href=\"https:\/\/www.prologistik.com\/wp-content\/uploads\/prologistik-content-pro-v-pad-classic-4.jpg\" >\n\t\t\t\t\t\t\t\t<img loading=\"lazy\" decoding=\"async\" width=\"700\" height=\"700\" src=\"https:\/\/www.prologistik.com\/wp-content\/uploads\/prologistik-content-pro-v-pad-classic-4.jpg\" class=\"attachment-full size-full\" alt=\"Pro V Pad Classic mit Scanner-Halterung\" srcset=\"https:\/\/www.prologistik.com\/wp-content\/uploads\/prologistik-content-pro-v-pad-classic-4.jpg 700w, https:\/\/www.prologistik.com\/wp-content\/uploads\/prologistik-content-pro-v-pad-classic-4-300x300.jpg 300w, https:\/\/www.prologistik.com\/wp-content\/uploads\/prologistik-content-pro-v-pad-classic-4-150x150.jpg 150w, https:\/\/www.prologistik.com\/wp-content\/uploads\/prologistik-content-pro-v-pad-classic-4-480x480.jpg 480w\" sizes=\"auto, (max-width: 700px) 100vw, 700px\" \/>                               \n                            <\/a>\n                         \n                    <\/div>\n                                        <!-- thumbails -->\n                    <ul class=\"slider-thumbnail list-inline text-center\">\n                                                <li class=\"list-inline-item\">\n                        \t<img loading=\"lazy\" decoding=\"async\" width=\"700\" height=\"700\" src=\"https:\/\/www.prologistik.com\/wp-content\/uploads\/prologistik-content-pro-v-pad-classic-1.jpg\" class=\"attachment-full size-full\" alt=\"Pro V Pad Classic\" srcset=\"https:\/\/www.prologistik.com\/wp-content\/uploads\/prologistik-content-pro-v-pad-classic-1.jpg 700w, https:\/\/www.prologistik.com\/wp-content\/uploads\/prologistik-content-pro-v-pad-classic-1-300x300.jpg 300w, https:\/\/www.prologistik.com\/wp-content\/uploads\/prologistik-content-pro-v-pad-classic-1-150x150.jpg 150w, https:\/\/www.prologistik.com\/wp-content\/uploads\/prologistik-content-pro-v-pad-classic-1-480x480.jpg 480w\" sizes=\"auto, (max-width: 700px) 100vw, 700px\" \/>                        <\/li>\n                                                <li class=\"list-inline-item\">\n                        \t<img loading=\"lazy\" decoding=\"async\" width=\"700\" height=\"700\" src=\"https:\/\/www.prologistik.com\/wp-content\/uploads\/prologistik-content-pro-v-pad-classic-2.jpg\" class=\"attachment-full size-full\" alt=\"R\u00fcckansicht Pro V Pad Classic\" srcset=\"https:\/\/www.prologistik.com\/wp-content\/uploads\/prologistik-content-pro-v-pad-classic-2.jpg 700w, https:\/\/www.prologistik.com\/wp-content\/uploads\/prologistik-content-pro-v-pad-classic-2-300x300.jpg 300w, https:\/\/www.prologistik.com\/wp-content\/uploads\/prologistik-content-pro-v-pad-classic-2-150x150.jpg 150w, https:\/\/www.prologistik.com\/wp-content\/uploads\/prologistik-content-pro-v-pad-classic-2-480x480.jpg 480w\" sizes=\"auto, (max-width: 700px) 100vw, 700px\" \/>                        <\/li>\n                                                <li class=\"list-inline-item\">\n                        \t<img loading=\"lazy\" decoding=\"async\" width=\"700\" height=\"700\" src=\"https:\/\/www.prologistik.com\/wp-content\/uploads\/prologistik-content-pro-v-pad-classic-3.jpg\" class=\"attachment-full size-full\" alt=\"Seitenansicht Pro V Pad Classic\" srcset=\"https:\/\/www.prologistik.com\/wp-content\/uploads\/prologistik-content-pro-v-pad-classic-3.jpg 700w, https:\/\/www.prologistik.com\/wp-content\/uploads\/prologistik-content-pro-v-pad-classic-3-300x300.jpg 300w, https:\/\/www.prologistik.com\/wp-content\/uploads\/prologistik-content-pro-v-pad-classic-3-150x150.jpg 150w, https:\/\/www.prologistik.com\/wp-content\/uploads\/prologistik-content-pro-v-pad-classic-3-480x480.jpg 480w\" sizes=\"auto, (max-width: 700px) 100vw, 700px\" \/>                        <\/li>\n                                                <li class=\"list-inline-item\">\n                        \t<img loading=\"lazy\" decoding=\"async\" width=\"700\" height=\"700\" src=\"https:\/\/www.prologistik.com\/wp-content\/uploads\/prologistik-content-pro-v-pad-classic-4.jpg\" class=\"attachment-full size-full\" alt=\"Pro V Pad Classic mit Scanner-Halterung\" srcset=\"https:\/\/www.prologistik.com\/wp-content\/uploads\/prologistik-content-pro-v-pad-classic-4.jpg 700w, https:\/\/www.prologistik.com\/wp-content\/uploads\/prologistik-content-pro-v-pad-classic-4-300x300.jpg 300w, https:\/\/www.prologistik.com\/wp-content\/uploads\/prologistik-content-pro-v-pad-classic-4-150x150.jpg 150w, https:\/\/www.prologistik.com\/wp-content\/uploads\/prologistik-content-pro-v-pad-classic-4-480x480.jpg 480w\" sizes=\"auto, (max-width: 700px) 100vw, 700px\" \/>                        <\/li>\n                                            <\/ul>\n                    <!-- end thumbails -->\n\t\t\t\t\t\t\t\t\t\t\t\t<a id=\"vr-open\" href=\"https:\/\/www.prologistik.com\/wp-content\/uploads\/360\/pro-v-pad-classic_windows\/index.html\" class=\"vr-button vr-popup\">\n\t\t\t\t\t\t\t\tVue virtuelle \u00e0 360\t\t\t\t\t\t\t<\/a>\n\t\t\t\t\t\t                                    \t\t\t<\/div>\n                    \n            <!-- end:ProductSlider -->\n        \n            \n<\/div><\/div>\n\n<div class=\"gb-grid-column gb-grid-column-351b66dd\"><div class=\"gb-container gb-container-351b66dd globe-absolute\">\n<div class=\"gb-grid-wrapper gb-grid-wrapper-c5cc3c31\">\n<div class=\"gb-grid-column gb-grid-column-85be531e\"><div class=\"gb-container gb-container-85be531e\">\n\n<div class=\"wp-block-pixel-headline headlines is-subheadline-top has-text-align-left\"><h2 class=\"headline is-h1\" style=\"color:\">pro-V-pad Classic<\/h2><span class=\"subheadline\" style=\"color:var(--color-blue)\">L&#8217;ORDINATEUR industriel pour les exigences robustes<\/span><\/div>\n\n<\/div><\/div>\n\n<div class=\"gb-grid-column gb-grid-column-47095fa0\"><div class=\"gb-container gb-container-47095fa0\">\n\n<figure class=\"wp-block-image size-full\"><img loading=\"lazy\" decoding=\"async\" width=\"129\" height=\"120\" src=\"https:\/\/www.prologistik.com\/wp-content\/uploads\/icon-made-in-germany.svg\" alt=\"\" class=\"wp-image-13174\" \/><\/figure>\n\n<\/div><\/div>\n\n<div class=\"gb-grid-column gb-grid-column-96ccf17f\"><div class=\"gb-container gb-container-96ccf17f\">\n\n<p>Pro-V-pad Classic est un outil polyvalent pour une utilisation dans le domaine de la logistique. En tant que terminal de chariot \u00e9l\u00e9vateur ou appareil de pr\u00e9paration de commandes mobile, notre Classic sait convaincre par sa construction performante et robuste en IP65. L&#8217;ordinateur industriel compact et sans ventilateur a \u00e9t\u00e9 con\u00e7u pour r\u00e9pondre aux exigences \u00e9tendues de la logistique de mani\u00e8re efficace et durable. Gr\u00e2ce aux puissants processeurs Intel\u00ae, au choix flexible du syst\u00e8me d&#8217;exploitation et de la m\u00e9moire et \u00e0 l&#8217;interface utilisateur \u00ab&nbsp;PCAP&nbsp;\u00bb sans usure, tout type d&#8217;applications logicielles peut \u00eatre utilis\u00e9s de mani\u00e8re performante et intuitive. Avec un \u00e9cran de grande taille, une construction plate et tr\u00e8s l\u00e9g\u00e8re mais robuste, le pro-V-pad Classic est parfaitement adapt\u00e9 \u00e0 une utilisation sur les chariots \u00e9l\u00e9vateurs etc.<\/p>\n\n\n\n<p><strong>Les avantages :<\/strong><\/p>\n\n<\/div><\/div>\n<\/div>\n\n<div class=\"gb-grid-wrapper gb-grid-wrapper-31a6d4e1\">\n<div class=\"gb-grid-column gb-grid-column-1688bdbb\"><div class=\"gb-container gb-container-1688bdbb\">\n\n<ul class=\"wp-block-list is-style-list-item-checkmark\">\n<li>Convient \u00e0 la cong\u00e9lation et r\u00e9siste \u00e0 la salet\u00e9<\/li>\n\n\n\n<li>Prestations de service<\/li>\n\n\n\n<li>Connexion ind\u00e9pendante<\/li>\n\n\n\n<li>Robuste et durable<\/li>\n\n\n\n<li>R\u00e9sistant \u00e0 la temp\u00e9rature<\/li>\n<\/ul>\n\n<\/div><\/div>\n\n<div class=\"gb-grid-column gb-grid-column-0317f0da\"><div class=\"gb-container gb-container-0317f0da\">\n\n<ul class=\"wp-block-list is-style-list-item-checkmark\">\n<li>Service client\u00e8le sur place<\/li>\n\n\n\n<li>Fabriqu\u00e9 en Allemagne<\/li>\n\n\n\n<li>Utilisable avec des gants<\/li>\n\n\n\n<li>Configuration modulaire<\/li>\n\n\n\n<li>Surface tactile sans usure et r\u00e9sistante aux rayures<\/li>\n<\/ul>\n\n<\/div><\/div>\n<\/div>\n<\/div><\/div>\n<\/div>\n<\/div>\n<\/section>\n\n\n<div class=\"wp-block-group\"><div class=\"wp-block-group__inner-container is-layout-constrained wp-block-group-is-layout-constrained\"><div class=\"gb-container gb-container-905d9dd2\"><\/div><\/div><\/div>\n\n\n<section class=\"gb-container gb-container-03ac263c gb-container-no-padding-top\">\n<div class=\"gb-container gb-container-0bea004f\">\n<div class=\"gb-grid-wrapper gb-grid-wrapper-c23ced22\">\n<div class=\"gb-grid-column gb-grid-column-79aadd17\"><div class=\"gb-container gb-container-79aadd17\">\n    <div id=\"gradientbox-block_e82e8250986badda5ac8cd88d322dfdb\" class=\"gradientbox background-blue\">\n        <div class=\"gradientbox-content-wrap\">\n                        <div class=\"wp-block-pixel-headline headlines is-subheadline-top has-text-align-left\">\n                <h3 class=\"headline\" style=\"color:var(--color-white)\">Param\u00e9trable \u00e0 la demande :<\/h3>\n                            <\/div>\n                        <div class=\"gradientbox-column-wrap\">\n\n                                <div class=\"gradientbox-column\">\n                    <div class=\"gradientbox-text-wrap\">\n                                                                        <ul>\n<li>Diff\u00e9rentes tailles d&#8217;\u00e9cran<\/li>\n<li>Technologies d&#8217;\u00e9cran tactile adapt\u00e9es<\/li>\n<li>Processeurs puissants<\/li>\n<\/ul>\n                                            <\/div>\n                                    <\/div>\n                                <div class=\"gradientbox-column\">\n                    <div class=\"gradientbox-text-wrap\">\n                                                                        <ul>\n<li>Interfaces (USB, Bluetooth, WIFI, &#8230;)<\/li>\n<li>Syst\u00e8mes d&#8217;exploitation innovants<\/li>\n<li>Supports pratiques<\/li>\n<\/ul>\n                                            <\/div>\n                                    <\/div>\n                \n            <\/div>\n        <\/div> \n    <\/div>\n    \n<\/div><\/div>\n<\/div>\n<\/div>\n<\/section>\n\n<section class=\"gb-container gb-container-47693c79 gb-container-no-padding-top\">\n<div class=\"gb-container gb-container-0f6a7f38\">\n<div class=\"gb-grid-wrapper gb-grid-wrapper-9b20398e\">\n<div class=\"gb-grid-column gb-grid-column-d416f021\"><div class=\"gb-container gb-container-d416f021\">\n\n<div class=\"wp-block-pixel-headline headlines is-subheadline-top has-text-align-left\"><h2 class=\"headline\" style=\"color:\">Domaines d&#8217;application<\/h2><span class=\"subheadline\" style=\"color:var(--color-blue)\">Pour TOUTEs utilisations<\/span><\/div>\n\n\n\n<p>Le pro-V-pad Classic s\u00e9duit par ses vastes domaines d&#8217;application et gr\u00e2ce \u00e0 sa surface tactile sans usure et r\u00e9sistante aux rayures, il est extr\u00eamement robuste .<\/p>\n\n\n\n<p>Le terminal peut \u00e9galement \u00eatre utilis\u00e9 avec des gants et convient donc parfaitement \u00e0 une utilisation mobile et stationnaire dans l&#8217;entrep\u00f4t et pour la logistique.<\/p>\n\n<\/div><\/div>\n\n<div class=\"gb-grid-column gb-grid-column-b2366162\"><div class=\"gb-container gb-container-b2366162\">\n        \n            <!-- ProductSlider -->\n        \n            \t\t\t<div id=\"product-slider-block_693554d0badca7d380b4f3627994bc8f\" data-columns=\"1\" data-layout=\"standard\" class=\"product-slider standard\">\n                                                    <div class=\"slides\">\n                                                    <a href=\"https:\/\/www.prologistik.com\/wp-content\/uploads\/prologistik-content-pro-v-pad-classic-gallery-3.jpg\" >\n\t\t\t\t\t\t\t\t<img loading=\"lazy\" decoding=\"async\" width=\"700\" height=\"384\" src=\"https:\/\/www.prologistik.com\/wp-content\/uploads\/prologistik-content-pro-v-pad-classic-gallery-3.jpg\" class=\"attachment-full size-full\" alt=\"Pro V Pad Classic im Einsatz\" srcset=\"https:\/\/www.prologistik.com\/wp-content\/uploads\/prologistik-content-pro-v-pad-classic-gallery-3.jpg 700w, https:\/\/www.prologistik.com\/wp-content\/uploads\/prologistik-content-pro-v-pad-classic-gallery-3-300x165.jpg 300w, https:\/\/www.prologistik.com\/wp-content\/uploads\/prologistik-content-pro-v-pad-classic-gallery-3-150x82.jpg 150w\" sizes=\"auto, (max-width: 700px) 100vw, 700px\" \/>                               \n                            <\/a>\n                                                    <a href=\"https:\/\/www.prologistik.com\/wp-content\/uploads\/prologistik-content-pro-v-pad-classic-gallery-1.jpg\" >\n\t\t\t\t\t\t\t\t<img loading=\"lazy\" decoding=\"async\" width=\"700\" height=\"384\" src=\"https:\/\/www.prologistik.com\/wp-content\/uploads\/prologistik-content-pro-v-pad-classic-gallery-1.jpg\" class=\"attachment-full size-full\" alt=\"Pro V Pad Classic beim Scannen\" srcset=\"https:\/\/www.prologistik.com\/wp-content\/uploads\/prologistik-content-pro-v-pad-classic-gallery-1.jpg 700w, https:\/\/www.prologistik.com\/wp-content\/uploads\/prologistik-content-pro-v-pad-classic-gallery-1-300x165.jpg 300w, https:\/\/www.prologistik.com\/wp-content\/uploads\/prologistik-content-pro-v-pad-classic-gallery-1-150x82.jpg 150w\" sizes=\"auto, (max-width: 700px) 100vw, 700px\" \/>                               \n                            <\/a>\n                                                    <a href=\"https:\/\/www.prologistik.com\/wp-content\/uploads\/prologistik-content-pro-v-pad-classic-gallery-2.jpg\" >\n\t\t\t\t\t\t\t\t<img loading=\"lazy\" decoding=\"async\" width=\"700\" height=\"384\" src=\"https:\/\/www.prologistik.com\/wp-content\/uploads\/prologistik-content-pro-v-pad-classic-gallery-2.jpg\" class=\"attachment-full size-full\" alt=\"Pro V Pad Classic in Betrieb\" srcset=\"https:\/\/www.prologistik.com\/wp-content\/uploads\/prologistik-content-pro-v-pad-classic-gallery-2.jpg 700w, https:\/\/www.prologistik.com\/wp-content\/uploads\/prologistik-content-pro-v-pad-classic-gallery-2-300x165.jpg 300w, https:\/\/www.prologistik.com\/wp-content\/uploads\/prologistik-content-pro-v-pad-classic-gallery-2-150x82.jpg 150w\" sizes=\"auto, (max-width: 700px) 100vw, 700px\" \/>                               \n                            <\/a>\n                         \n                    <\/div>\n                                    \t\t\t<\/div>\n                    \n            <!-- end:ProductSlider -->\n        \n            \n<\/div><\/div>\n<\/div>\n<\/div>\n<\/section>\n\n<section class=\"gb-container gb-container-e0061649\">\n<div class=\"gb-container gb-container-5955f037\">\n<div class=\"gb-grid-wrapper gb-grid-wrapper-ef5aa0f3\">\n<div class=\"gb-grid-column gb-grid-column-2a775be9\"><div class=\"gb-container gb-container-2a775be9\">\n\n<div class=\"wp-block-pixel-headline headlines is-subheadline-top has-text-align-left\"><h2 class=\"headline\" style=\"color:\">Donn\u00e9es techniques<\/h2><span class=\"subheadline\" style=\"color:var(--color-blue)\">Windows, Linux, IGEL<\/span><\/div>\n\n\n\n<figure class=\"wp-block-table\"><table><tbody><tr><td><strong>Diagonales d&#8217;\u00e9cran<\/strong><\/td><td>10,4&#8243; (280 x 211 x 66 mm), 2,5 kg<br>12,1&#8243; (321 x 260 x 72 mm), 3,3 kg<br>15,0&#8243; (372 x 296 x 72 mm), 4,1 kg<\/td><\/tr><tr><td><strong>UC<\/strong><\/td><td>S\u00e9ries Intel\u00ae Apollo Lake et Whiskey Lake<\/td><\/tr><tr><td><strong>Classe de protection<\/strong><\/td><td>IP65<\/td><\/tr><tr><td><strong>M\u00e9moire vive<\/strong><\/td><td>4GB-32GB DDR3L RAM (Apollo Lake)<br>4GB-64GB DDR4 RAM (Whiskey Lake)<\/td><\/tr><tr><td><strong>\u00c9cran tactile<\/strong><\/td><td>\u00c9cran tactile \u00e0 technologie capacitive projet\u00e9e ; vitre de protection feuillet\u00e9e antireflet, en option pour l&#8217;application de cong\u00e9lation : \u00c9cran tactile infrarouge avec verre de s\u00e9curit\u00e9 feuillet\u00e9 (vitre de s\u00e9curit\u00e9) jusqu&#8217;\u00e0 12,1 pouces<\/td><\/tr><tr><td><strong>\u00c9cran<\/strong><\/td><td>1024 x 768 ppp XGA<\/td><\/tr><tr><td><strong>Bo\u00eetier<\/strong><\/td><td>Bo\u00eetier en plastique r\u00e9sistant aux chocs avec possibilit\u00e9 de fixation d&#8217;un support pivotant\/basculant VESA75<\/td><\/tr><tr><td><strong>M\u00e9moire de masse<\/strong><\/td><td>M.2 M\u00e9moire flash 32 Go-256 Go ;<br>SSD 80 GB-500 GB<\/td><\/tr><tr><td><strong>USB<\/strong><\/td><td>2x USB 3.0, 2x USB 2.0<\/td><\/tr><tr><td><strong>RFID \/ NFC<\/strong><\/td><td>Lecteur RFID \/ NFC en option<\/td><\/tr><tr><td><strong>HDMI<\/strong><\/td><td>1 x HDMI pour une connexion suppl\u00e9mentaire \u00e0 l&#8217;\u00e9cran<\/td><\/tr><tr><td><strong>Bluetooth<\/strong><\/td><td>Bluetooth 4.0, BT LE<\/td><\/tr><tr><td><strong>Connexion au r\u00e9seau<\/strong><\/td><td>Ethernet 10\/100\/1000 Mbit\/s<\/td><\/tr><tr><td><strong>WIFI<\/strong><\/td><td>1x carte PCIe, WLAN IEEE 802.11 ac\/a\/b\/g\/n<\/td><\/tr><tr><td><strong>Antenne<\/strong><\/td><td>2x antenne interne pour diversit\u00e9 d&#8217;espace ; bande de fr\u00e9quence 2,4 GHz\/5 GHz ; int\u00e9gr\u00e9e dans le bo\u00eetier<\/td><\/tr><tr><td><strong>Alimentation \u00e9lectrique<\/strong><\/td><td>16 VDC-75 VDC ; isolation galvanique ; 12 VDC en option<\/td><\/tr><tr><td><strong>Plage de temp\u00e9rature<\/strong><\/td><td>-30 \u00b0C \u00e0 50 \u00b0C, module de chauffage en option<\/td><\/tr><\/tbody><\/table><\/figure>\n\n<\/div><\/div>\n\n<div class=\"gb-grid-column gb-grid-column-776c75ef\"><div class=\"gb-container gb-container-776c75ef\">\n\n<div class=\"wp-block-pixel-headline headlines is-subheadline-top has-text-align-left\"><h2 class=\"headline\" style=\"color:\">Donn\u00e9es techniques<\/h2><span class=\"subheadline\" style=\"color:var(--color-blue)\">Android<\/span><\/div>\n\n\n\n<figure class=\"wp-block-table\"><table><tbody><tr><td><strong>Diagonales d&#8217;\u00e9cran<\/strong><\/td><td>10,4&#8243; (280 x 211 x 66 mm), 2,5 kg<br>12,1&#8243; (321 x 260 x 72 mm), 3,3 kg<br>15,0&#8243; (372 x 296 x 72 mm), 4,1 kg<\/td><\/tr><tr><td><strong>UC<\/strong><\/td><td>NXP i.MX8 QuadMax (4x Cortex A53 jusqu&#8217;\u00e0 @ 1.2 GHz, 2x Cortex A72 jusqu&#8217;\u00e0 @ 1.6 GHz, 2x Cortex M4 @ 264 MHz)<\/td><\/tr><tr><td><strong>Classe de protection<\/strong><\/td><td>IP65<\/td><\/tr><tr><td><strong>M\u00e9moire vive<\/strong><\/td><td>4 GO LPDDR4<\/td><\/tr><tr><td><strong>\u00c9cran tactile<\/strong><\/td><td>Technologie capacitive multi-touch avec vitre de protection tremp\u00e9e, en option pour les applications de cong\u00e9lation : \u00c9cran tactile infrarouge avec verre de s\u00e9curit\u00e9 feuillet\u00e9 (vitre de s\u00e9curit\u00e9) jusqu&#8217;\u00e0 12,1 pouces<\/td><\/tr><tr><td><strong>\u00c9cran<\/strong><\/td><td>\u00c9cran TFT couleur industriel<br>1024 x 768 dpi XGA, r\u00e9tro-\u00e9clairage LED<\/td><\/tr><tr><td><strong>Bo\u00eetier<\/strong><\/td><td>Bo\u00eetier en plastique r\u00e9sistant aux chocs avec possibilit\u00e9 de fixation d&#8217;un support pivotant\/basculant VESA75<\/td><\/tr><tr><td><strong>M\u00e9moire de masse<\/strong><\/td><td>32 Go eMMc<\/td><\/tr><tr><td><strong>USB<\/strong><\/td><td>4 x USB 2.0<\/td><\/tr><tr><td><strong>Bluetooth<\/strong><\/td><td>EDR et BLE 4.2<\/td><\/tr><tr><td><strong>Audio<\/strong><\/td><td>1x entr\u00e9e\/sortie audio<\/td><\/tr><tr><td><strong>Connexion au r\u00e9seau<\/strong><\/td><td>1x 10\/100\/1000 Mbps Ethernet RJ45<\/td><\/tr><tr><td><strong>WIFI<\/strong><\/td><td>Module radio \u00e0 large bande IEEE802.11 ac\/a\/b\/g\/n<\/td><\/tr><tr><td><strong>Antenne<\/strong><\/td><td>Antenne int\u00e9gr\u00e9e \u00e0 3 bandes de diversit\u00e9<\/td><\/tr><tr><td><strong>Alimentation \u00e9lectrique<\/strong><\/td><td>Uin 9 -75 VDC \/ max. 40 W<\/td><\/tr><tr><td><strong>Plage de temp\u00e9rature<\/strong><\/td><td>-30 \u00b0C \u00e0 50 \u00b0C, module de chauffage en option<\/td><\/tr><\/tbody><\/table><\/figure>\n\n<\/div><\/div>\n<\/div>\n<\/div>\n<\/section>\n\n<section class=\"gb-container gb-container-dbdc1129\">\n<div class=\"gb-container gb-container-610b9669\">\n<div class=\"gb-grid-wrapper gb-grid-wrapper-a3964149 gb-grid-wrapper-space-between\">\n<div class=\"gb-grid-column gb-grid-column-b94bf3b1\"><div class=\"gb-container gb-container-b94bf3b1\">\n\n<div class=\"wp-block-pixel-headline headlines is-subheadline-bottom has-text-align-left is-gap-off\"><h2 class=\"headline\" style=\"color:\">Ce qui pourrait aussi vous int\u00e9resser<\/h2><\/div>\n\n<\/div><\/div>\n\n<div data-aos-delay=\"150\" data-aos=\"fade-up\" class=\"gb-grid-column gb-grid-column-3358e808\"><div class=\"gb-container gb-container-3358e808\">\n<div id=\"imagebox-block_5909c82cc1b4c68b0b83160bad1838e7\" class=\"imagebox image-top background-color-dodger-blue\">\n\t<style>#imagebox-block_5909c82cc1b4c68b0b83160bad1838e7::before {background: var(--); } <\/style>    \n    <div class=\"imagebox-content-wrap\">\n\n        <div class=\"imagebox-content\">\n                        <div class=\"imagebox-headline center font-size-big\">\n                Poste de travail mobile            <\/div>\n                                    <div class=\"imagebox-copytext\">\n                <p style=\"text-align: center;\">Nous vous proposons un package complet.<\/p>\n            <\/div>\n                    <\/div>\n                <div class=\"is-layout-flex wp-block-buttons\">\n            <div class=\"wp-block-button is-style-outline\">\n                <a class=\"wp-block-button__link has-color-white-color wp-element-button\" href=\"https:\/\/www.prologistik.com\/fr\/materiel-informatique\/poste-de-travail-mobile\/\" target=\"_self\">\n                    en savoir plus                <\/a>\n            <\/div>\n        <\/div>\n            <\/div>\n\n<\/div>\n\n<\/div><\/div>\n\n<div data-aos-delay=\"300\" data-aos=\"fade-up\" class=\"gb-grid-column gb-grid-column-db6489c3\"><div class=\"gb-container gb-container-db6489c3\">\n<div id=\"imagebox-block_00faf611060a536c9bbed2cb2c54d988\" class=\"imagebox image-top background-color-royal-blue\">\n\t<style>#imagebox-block_00faf611060a536c9bbed2cb2c54d988::before {background: var(--); } <\/style>    \n    <div class=\"imagebox-content-wrap\">\n\n        <div class=\"imagebox-content\">\n                        <div class=\"imagebox-headline center font-size-big\">\n                Louer plut\u00f4t qu&#8217;acheter            <\/div>\n                                    <div class=\"imagebox-copytext\">\n                <p style=\"text-align: center;\">proLogistik vous propose<br \/>\nHardware-as-a-Service !<\/p>\n            <\/div>\n                    <\/div>\n                <div class=\"is-layout-flex wp-block-buttons\">\n            <div class=\"wp-block-button is-style-outline\">\n                <a class=\"wp-block-button__link has-color-white-color wp-element-button\" href=\"https:\/\/www.prologistik.com\/fr\/materiel-informatique\/pc-industriels\/louer-plutot-quacheter\/\" target=\"_self\">\n                    en savoir plus                <\/a>\n            <\/div>\n        <\/div>\n            <\/div>\n\n<\/div>\n\n<\/div><\/div>\n<\/div>\n<\/div>\n<\/section>\n\n<section class=\"gb-container gb-container-14c95361\">\n<div class=\"gb-container gb-container-e92d42bb\">\n<div class=\"gb-grid-wrapper gb-grid-wrapper-c71af6f3 gb-grid-wrapper-space-between\">\n<div class=\"gb-grid-column gb-grid-column-bde3e5ff\"><div class=\"gb-container gb-container-bde3e5ff\">\n\n<div class=\"wp-block-pixel-headline headlines is-subheadline-bottom has-text-align-left\"><h3 class=\"headline\" style=\"color:\">Le meilleur service pour un d\u00e9roulement sans faille<\/h3><\/div>\n\n\n\n<p>Chez nous, vous \u00eates entre de bonnes mains. Et pas seulement avec nos solutions logicielles et mat\u00e9rielles. Si vous avez des questions ou des suggestions, nos experts sont \u00e9galement \u00e0 votre disposition. Contactez-nous &#8211; nous serons ravis de pouvoir vous aider.<\/p>\n\n\n\n<div class=\"wp-block-buttons is-layout-flex wp-block-buttons-is-layout-flex\">\n<div class=\"wp-block-button is-style-outline is-style-outline--1\"><a class=\"wp-block-button__link has-color-blue-color has-text-color wp-element-button\" href=\"https:\/\/www.prologistik.com\/fr\/logiciel\/\">En savoir plus<\/a><\/div>\n<\/div>\n\n<\/div><\/div>\n\n<div data-aos=\"fade-left\" class=\"gb-grid-column gb-grid-column-81bd3ecc\"><div class=\"gb-container gb-container-81bd3ecc\">\n\n<figure class=\"wp-block-image size-full is-style-cube-bottom-left-back\"><img loading=\"lazy\" decoding=\"async\" width=\"880\" height=\"530\" src=\"https:\/\/www.prologistik.com\/wp-content\/uploads\/prologistik-content-support-1.jpg\" alt=\"\" class=\"wp-image-11080\" srcset=\"https:\/\/www.prologistik.com\/wp-content\/uploads\/prologistik-content-support-1.jpg 880w, https:\/\/www.prologistik.com\/wp-content\/uploads\/prologistik-content-support-1-300x181.jpg 300w, https:\/\/www.prologistik.com\/wp-content\/uploads\/prologistik-content-support-1-150x90.jpg 150w, https:\/\/www.prologistik.com\/wp-content\/uploads\/prologistik-content-support-1-768x463.jpg 768w\" sizes=\"auto, (max-width: 880px) 100vw, 880px\" \/><\/figure>\n\n<\/div><\/div>\n<\/div>\n<\/div>\n<\/section>\n\n        \n            <!-- contact-form -->\n        \n                    \n            <!-- end:contact-form -->\n        \n            ","protected":false},"excerpt":{"rendered":"","protected":false},"author":1,"featured_media":0,"parent":29575,"menu_order":0,"comment_status":"closed","ping_status":"closed","template":"","meta":{"_acf_changed":false,"footnotes":""},"class_list":["post-29552","page","type-page","status-publish"],"acf":[],"yoast_head":"<!-- This site is optimized with the Yoast SEO Premium plugin v26.9 (Yoast SEO v27.5) - https:\/\/yoast.com\/product\/yoast-seo-premium-wordpress\/ -->\n<title>Pro-V-pad Classic - proLogistik Group<\/title>\n<meta name=\"description\" content=\"Le PC industriel pour les exigences robustes \u2714\ufe0f Convient pour le cong\u00e9lateur et r\u00e9siste \u00e0 la salet\u00e9 \u2714\ufe0f Utilisable avec des gants \u2714\ufe0f Connexion ind\u00e9pendante \u2714\ufe0f\" \/>\n<meta name=\"robots\" content=\"index, follow, max-snippet:-1, max-image-preview:large, max-video-preview:-1\" \/>\n<link rel=\"canonical\" href=\"https:\/\/www.prologistik.com\/fr\/materiel-informatique\/pc-industriels\/pro-v-pad-classic\/\" \/>\n<meta property=\"og:locale\" content=\"fr_FR\" \/>\n<meta property=\"og:type\" content=\"article\" \/>\n<meta property=\"og:title\" content=\"Pro-V-pad Classic\" \/>\n<meta property=\"og:description\" content=\"Le PC industriel pour les exigences robustes \u2714\ufe0f Convient pour le cong\u00e9lateur et r\u00e9siste \u00e0 la salet\u00e9 \u2714\ufe0f Utilisable avec des gants \u2714\ufe0f Connexion ind\u00e9pendante \u2714\ufe0f\" \/>\n<meta property=\"og:url\" content=\"https:\/\/www.prologistik.com\/fr\/materiel-informatique\/pc-industriels\/pro-v-pad-classic\/\" \/>\n<meta property=\"og:site_name\" content=\"proLogistik Group\" \/>\n<meta property=\"article:modified_time\" content=\"2025-11-24T10:17:23+00:00\" \/>\n<meta property=\"og:image\" content=\"https:\/\/www.prologistik.com\/wp-content\/uploads\/icon-made-in-germany.svg\" \/>\n<meta name=\"twitter:card\" content=\"summary_large_image\" \/>\n<meta name=\"twitter:label1\" content=\"Dur\u00e9e de lecture estim\u00e9e\" \/>\n\t<meta name=\"twitter:data1\" content=\"3 minutes\" \/>\n<script type=\"application\/ld+json\" class=\"yoast-schema-graph\">{\"@context\":\"https:\\\/\\\/schema.org\",\"@graph\":[{\"@type\":\"WebPage\",\"@id\":\"https:\\\/\\\/www.prologistik.com\\\/fr\\\/materiel-informatique\\\/pc-industriels\\\/pro-v-pad-classic\\\/\",\"url\":\"https:\\\/\\\/www.prologistik.com\\\/fr\\\/materiel-informatique\\\/pc-industriels\\\/pro-v-pad-classic\\\/\",\"name\":\"Pro-V-pad Classic - proLogistik Group\",\"isPartOf\":{\"@id\":\"https:\\\/\\\/www.prologistik.com\\\/fr\\\/#website\"},\"primaryImageOfPage\":{\"@id\":\"https:\\\/\\\/www.prologistik.com\\\/fr\\\/materiel-informatique\\\/pc-industriels\\\/pro-v-pad-classic\\\/#primaryimage\"},\"image\":{\"@id\":\"https:\\\/\\\/www.prologistik.com\\\/fr\\\/materiel-informatique\\\/pc-industriels\\\/pro-v-pad-classic\\\/#primaryimage\"},\"thumbnailUrl\":\"https:\\\/\\\/www.prologistik.com\\\/wp-content\\\/uploads\\\/icon-made-in-germany.svg\",\"datePublished\":\"2023-02-28T15:41:48+00:00\",\"dateModified\":\"2025-11-24T10:17:23+00:00\",\"description\":\"Le PC industriel pour les exigences robustes \u2714\ufe0f Convient pour le cong\u00e9lateur et r\u00e9siste \u00e0 la salet\u00e9 \u2714\ufe0f Utilisable avec des gants \u2714\ufe0f Connexion ind\u00e9pendante \u2714\ufe0f\",\"breadcrumb\":{\"@id\":\"https:\\\/\\\/www.prologistik.com\\\/fr\\\/materiel-informatique\\\/pc-industriels\\\/pro-v-pad-classic\\\/#breadcrumb\"},\"inLanguage\":\"fr-FR\",\"potentialAction\":[{\"@type\":\"ReadAction\",\"target\":[\"https:\\\/\\\/www.prologistik.com\\\/fr\\\/materiel-informatique\\\/pc-industriels\\\/pro-v-pad-classic\\\/\"]}]},{\"@type\":\"ImageObject\",\"inLanguage\":\"fr-FR\",\"@id\":\"https:\\\/\\\/www.prologistik.com\\\/fr\\\/materiel-informatique\\\/pc-industriels\\\/pro-v-pad-classic\\\/#primaryimage\",\"url\":\"https:\\\/\\\/www.prologistik.com\\\/wp-content\\\/uploads\\\/icon-made-in-germany.svg\",\"contentUrl\":\"https:\\\/\\\/www.prologistik.com\\\/wp-content\\\/uploads\\\/icon-made-in-germany.svg\"},{\"@type\":\"BreadcrumbList\",\"@id\":\"https:\\\/\\\/www.prologistik.com\\\/fr\\\/materiel-informatique\\\/pc-industriels\\\/pro-v-pad-classic\\\/#breadcrumb\",\"itemListElement\":[{\"@type\":\"ListItem\",\"position\":1,\"name\":\"Startseite\",\"item\":\"https:\\\/\\\/www.prologistik.com\\\/fr\\\/\"},{\"@type\":\"ListItem\",\"position\":2,\"name\":\"Hardware\",\"item\":\"https:\\\/\\\/www.prologistik.com\\\/fr\\\/materiel-informatique\\\/\"},{\"@type\":\"ListItem\",\"position\":3,\"name\":\"Ordinateurs industriels\",\"item\":\"https:\\\/\\\/www.prologistik.com\\\/fr\\\/materiel-informatique\\\/pc-industriels\\\/\"},{\"@type\":\"ListItem\",\"position\":4,\"name\":\"Pro-V-pad Classic\"}]},{\"@type\":\"WebSite\",\"@id\":\"https:\\\/\\\/www.prologistik.com\\\/fr\\\/#website\",\"url\":\"https:\\\/\\\/www.prologistik.com\\\/fr\\\/\",\"name\":\"proLogistik Group\",\"description\":\"Software und Hardware f\u00fcr die Intralogistik\",\"publisher\":{\"@id\":\"https:\\\/\\\/www.prologistik.com\\\/fr\\\/#organization\"},\"potentialAction\":[{\"@type\":\"SearchAction\",\"target\":{\"@type\":\"EntryPoint\",\"urlTemplate\":\"https:\\\/\\\/www.prologistik.com\\\/fr\\\/?s={search_term_string}\"},\"query-input\":{\"@type\":\"PropertyValueSpecification\",\"valueRequired\":true,\"valueName\":\"search_term_string\"}}],\"inLanguage\":\"fr-FR\"},{\"@type\":\"Organization\",\"@id\":\"https:\\\/\\\/www.prologistik.com\\\/fr\\\/#organization\",\"name\":\"proLogistik Group\",\"url\":\"https:\\\/\\\/www.prologistik.com\\\/fr\\\/\",\"logo\":{\"@type\":\"ImageObject\",\"inLanguage\":\"fr-FR\",\"@id\":\"https:\\\/\\\/www.prologistik.com\\\/fr\\\/#\\\/schema\\\/logo\\\/image\\\/\",\"url\":\"https:\\\/\\\/www.prologistik.com\\\/wp-content\\\/uploads\\\/prologistik-logo-web.svg\",\"contentUrl\":\"https:\\\/\\\/www.prologistik.com\\\/wp-content\\\/uploads\\\/prologistik-logo-web.svg\",\"width\":320,\"height\":59,\"caption\":\"proLogistik Group\"},\"image\":{\"@id\":\"https:\\\/\\\/www.prologistik.com\\\/fr\\\/#\\\/schema\\\/logo\\\/image\\\/\"}}]}<\/script>\n<!-- \/ Yoast SEO Premium plugin. -->","yoast_head_json":{"title":"Pro-V-pad Classic - proLogistik Group","description":"Le PC industriel pour les exigences robustes \u2714\ufe0f Convient pour le cong\u00e9lateur et r\u00e9siste \u00e0 la salet\u00e9 \u2714\ufe0f Utilisable avec des gants \u2714\ufe0f Connexion ind\u00e9pendante \u2714\ufe0f","robots":{"index":"index","follow":"follow","max-snippet":"max-snippet:-1","max-image-preview":"max-image-preview:large","max-video-preview":"max-video-preview:-1"},"canonical":"https:\/\/www.prologistik.com\/fr\/materiel-informatique\/pc-industriels\/pro-v-pad-classic\/","og_locale":"fr_FR","og_type":"article","og_title":"Pro-V-pad Classic","og_description":"Le PC industriel pour les exigences robustes \u2714\ufe0f Convient pour le cong\u00e9lateur et r\u00e9siste \u00e0 la salet\u00e9 \u2714\ufe0f Utilisable avec des gants \u2714\ufe0f Connexion ind\u00e9pendante \u2714\ufe0f","og_url":"https:\/\/www.prologistik.com\/fr\/materiel-informatique\/pc-industriels\/pro-v-pad-classic\/","og_site_name":"proLogistik Group","article_modified_time":"2025-11-24T10:17:23+00:00","og_image":[{"url":"https:\/\/www.prologistik.com\/wp-content\/uploads\/icon-made-in-germany.svg","type":"","width":"","height":""}],"twitter_card":"summary_large_image","twitter_misc":{"Dur\u00e9e de lecture estim\u00e9e":"3 minutes"},"schema":{"@context":"https:\/\/schema.org","@graph":[{"@type":"WebPage","@id":"https:\/\/www.prologistik.com\/fr\/materiel-informatique\/pc-industriels\/pro-v-pad-classic\/","url":"https:\/\/www.prologistik.com\/fr\/materiel-informatique\/pc-industriels\/pro-v-pad-classic\/","name":"Pro-V-pad Classic - proLogistik Group","isPartOf":{"@id":"https:\/\/www.prologistik.com\/fr\/#website"},"primaryImageOfPage":{"@id":"https:\/\/www.prologistik.com\/fr\/materiel-informatique\/pc-industriels\/pro-v-pad-classic\/#primaryimage"},"image":{"@id":"https:\/\/www.prologistik.com\/fr\/materiel-informatique\/pc-industriels\/pro-v-pad-classic\/#primaryimage"},"thumbnailUrl":"https:\/\/www.prologistik.com\/wp-content\/uploads\/icon-made-in-germany.svg","datePublished":"2023-02-28T15:41:48+00:00","dateModified":"2025-11-24T10:17:23+00:00","description":"Le PC industriel pour les exigences robustes \u2714\ufe0f Convient pour le cong\u00e9lateur et r\u00e9siste \u00e0 la salet\u00e9 \u2714\ufe0f Utilisable avec des gants \u2714\ufe0f Connexion ind\u00e9pendante \u2714\ufe0f","breadcrumb":{"@id":"https:\/\/www.prologistik.com\/fr\/materiel-informatique\/pc-industriels\/pro-v-pad-classic\/#breadcrumb"},"inLanguage":"fr-FR","potentialAction":[{"@type":"ReadAction","target":["https:\/\/www.prologistik.com\/fr\/materiel-informatique\/pc-industriels\/pro-v-pad-classic\/"]}]},{"@type":"ImageObject","inLanguage":"fr-FR","@id":"https:\/\/www.prologistik.com\/fr\/materiel-informatique\/pc-industriels\/pro-v-pad-classic\/#primaryimage","url":"https:\/\/www.prologistik.com\/wp-content\/uploads\/icon-made-in-germany.svg","contentUrl":"https:\/\/www.prologistik.com\/wp-content\/uploads\/icon-made-in-germany.svg"},{"@type":"BreadcrumbList","@id":"https:\/\/www.prologistik.com\/fr\/materiel-informatique\/pc-industriels\/pro-v-pad-classic\/#breadcrumb","itemListElement":[{"@type":"ListItem","position":1,"name":"Startseite","item":"https:\/\/www.prologistik.com\/fr\/"},{"@type":"ListItem","position":2,"name":"Hardware","item":"https:\/\/www.prologistik.com\/fr\/materiel-informatique\/"},{"@type":"ListItem","position":3,"name":"Ordinateurs industriels","item":"https:\/\/www.prologistik.com\/fr\/materiel-informatique\/pc-industriels\/"},{"@type":"ListItem","position":4,"name":"Pro-V-pad Classic"}]},{"@type":"WebSite","@id":"https:\/\/www.prologistik.com\/fr\/#website","url":"https:\/\/www.prologistik.com\/fr\/","name":"proLogistik Group","description":"Software und Hardware f\u00fcr die Intralogistik","publisher":{"@id":"https:\/\/www.prologistik.com\/fr\/#organization"},"potentialAction":[{"@type":"SearchAction","target":{"@type":"EntryPoint","urlTemplate":"https:\/\/www.prologistik.com\/fr\/?s={search_term_string}"},"query-input":{"@type":"PropertyValueSpecification","valueRequired":true,"valueName":"search_term_string"}}],"inLanguage":"fr-FR"},{"@type":"Organization","@id":"https:\/\/www.prologistik.com\/fr\/#organization","name":"proLogistik Group","url":"https:\/\/www.prologistik.com\/fr\/","logo":{"@type":"ImageObject","inLanguage":"fr-FR","@id":"https:\/\/www.prologistik.com\/fr\/#\/schema\/logo\/image\/","url":"https:\/\/www.prologistik.com\/wp-content\/uploads\/prologistik-logo-web.svg","contentUrl":"https:\/\/www.prologistik.com\/wp-content\/uploads\/prologistik-logo-web.svg","width":320,"height":59,"caption":"proLogistik Group"},"image":{"@id":"https:\/\/www.prologistik.com\/fr\/#\/schema\/logo\/image\/"}}]}},"_links":{"self":[{"href":"https:\/\/www.prologistik.com\/fr\/wp-json\/wp\/v2\/pages\/29552","targetHints":{"allow":["GET"]}}],"collection":[{"href":"https:\/\/www.prologistik.com\/fr\/wp-json\/wp\/v2\/pages"}],"about":[{"href":"https:\/\/www.prologistik.com\/fr\/wp-json\/wp\/v2\/types\/page"}],"author":[{"embeddable":true,"href":"https:\/\/www.prologistik.com\/fr\/wp-json\/wp\/v2\/users\/1"}],"replies":[{"embeddable":true,"href":"https:\/\/www.prologistik.com\/fr\/wp-json\/wp\/v2\/comments?post=29552"}],"version-history":[{"count":11,"href":"https:\/\/www.prologistik.com\/fr\/wp-json\/wp\/v2\/pages\/29552\/revisions"}],"predecessor-version":[{"id":55240,"href":"https:\/\/www.prologistik.com\/fr\/wp-json\/wp\/v2\/pages\/29552\/revisions\/55240"}],"up":[{"embeddable":true,"href":"https:\/\/www.prologistik.com\/fr\/wp-json\/wp\/v2\/pages\/29575"}],"wp:attachment":[{"href":"https:\/\/www.prologistik.com\/fr\/wp-json\/wp\/v2\/media?parent=29552"}],"curies":[{"name":"wp","href":"https:\/\/api.w.org\/{rel}","templated":true}]}}