{"id":29514,"date":"2023-02-28T16:41:49","date_gmt":"2023-02-28T15:41:49","guid":{"rendered":"https:\/\/prologistik.pixel-tal.de\/labeling-etiquettes"},"modified":"2025-12-01T14:39:50","modified_gmt":"2025-12-01T13:39:50","slug":"labeling-etiquettes","status":"publish","type":"page","link":"https:\/\/www.prologistik.com\/fr\/materiel-informatique\/labeling-etiquettes\/","title":{"rendered":"Labeling \/ \u00c9tiquettes"},"content":{"rendered":"        \n            <!-- pagehead -->\n        \n                    \n\t\t\t<div id=\"pagehead-block_c4ae1fd8a693499af568bd7702394c19\" class=\"pagehead size-small\">\n\t\t\t\t\t\t\t<div class=\"pagehead-canvas\">\n\t\t\t\t<div class=\"pagehead-content has-bg-color bg-color-green\">\n\t\t\t\t\t<div class=\"pagehead-content-inner\">\n\t\t\t\t\t\t<div class=\"pagehead-icon icon-color-white\" data-aos=\"fade-up\" data-aos-delay=\"0\" style=\"mask-image: url(https:\/\/www.prologistik.com\/wp-content\/uploads\/icon-whms_small.svg); -webkit-mask-image: url(https:\/\/www.prologistik.com\/wp-content\/uploads\/icon-whms_small.svg);\"><\/div>\t\t\t\t\t\t<span class=\"pagehead-subheadline\"  data-aos=\"fade-up\" data-aos-delay=\"50\">\u00c9tiquettes PLG<\/span>\t\t\t\t\t\t<h1 class=\"pagehead-headline\" data-aos=\"fade-up\" data-aos-delay=\"100\">Des \u00e9tiquettes pour de nombreux secteurs et applications<\/h1>\t\t\t\t\t\t\t\t\t\t\t<\/div>\n\t\t\t\t<\/div>\n\t\t\t<\/div>\n\t\t\t\n\t\t\t\t<div class=\"pagehead-background\">\n\t\t\t\t<!-- image_id: 33982 | alt:  -->\t\t\t\t\t\t\t\t\t<img decoding=\"async\" class=\"test\" src=\"https:\/\/www.prologistik.com\/wp-content\/uploads\/header_etiketten.jpg\" alt=\"\" \/>\n\t\t\t\t\n\t\t\t\t<\/div>\n\t\t\t<\/div>\n        \n                    \n            <!-- end:pagehead -->\n        \n            \n\n<section class=\"gb-container gb-container-314e9e09\">\n<div class=\"gb-container gb-container-db253e6a\">\n<div class=\"gb-grid-wrapper gb-grid-wrapper-bc742ee4\">\n<div class=\"gb-grid-column gb-grid-column-79dcb84b\"><div class=\"gb-container gb-container-79dcb84b\">\n\n<div class=\"wp-block-pixel-headline headlines is-subheadline-top has-text-align-left\"><h2 class=\"headline\" style=\"color:\">Des \u00e9tiquettes et rubans encreurs \u00e0 l&#8217;e-paper<\/h2><span class=\"subheadline\" style=\"color:var(--color-blue)\">La bonne \u00e9tiquette pour chaque secteur<\/span><\/div>\n\n<\/div><\/div>\n\n<div class=\"gb-grid-column gb-grid-column-90dd6c3d\"><div class=\"gb-container gb-container-90dd6c3d\">\n<div class=\"gb-grid-wrapper gb-grid-wrapper-ded0eba0\">\n<div class=\"gb-grid-column gb-grid-column-2e5ea8cb\"><div class=\"gb-container gb-container-2e5ea8cb\">\n\n<p>Pour vous, nous produisons et distribuons des \u00e9tiquettes pour les applications les plus diverses. Nous vous fournissons une vaste gamme d&#8217;\u00e9tiquettes adapt\u00e9es \u00e0 votre utilisation. Une \u00e9tiquette se compose de trois \u00e9l\u00e9ments : Le support, l&#8217;adh\u00e9sif et le frontal. Dans le cadre de nos conseils, nous choisissons l&#8217;\u00e9tiquette qui vous convient en fonction de ces trois \u00e9l\u00e9ments et nous vous envoyons des \u00e9chantillons de mat\u00e9riaux. Vous pouvez obtenir chez nous d&#8217;une part des \u00e9tiquettes autocollantes qui sont soit vierges, soit imprim\u00e9es selon vos indications et vos souhaits.<\/p>\n\n<\/div><\/div>\n\n<div class=\"gb-grid-column gb-grid-column-36b8dc87\"><div class=\"gb-container gb-container-36b8dc87\">\n\n<p>D&#8217;autre part, nous proposons \u00e9galement des feuilles A4 ou A5 pour imprimantes laser dans les versions les plus diverses. Il existe toujours une possibilit\u00e9 de fabrication sp\u00e9ciale pour votre \u00e9tiquette, adapt\u00e9e \u00e0 vos souhaits.<\/p>\n\n\n\n<p>Profitez de notre service sp\u00e9cialis\u00e9 et laissez-vous conseiller !<\/p>\n\n<\/div><\/div>\n<\/div>\n<\/div><\/div>\n<\/div>\n<\/div>\n<\/section>\n\n<section class=\"gb-container gb-container-2fea4f4e gb-container-no-padding-top\">\n<div class=\"gb-container gb-container-f938e5e9\">\n<div class=\"gb-grid-wrapper gb-grid-wrapper-a8ae533c\">\n<div class=\"gb-grid-column gb-grid-column-3f9524ba\"><div class=\"gb-container gb-container-3f9524ba\">\n<div id=\"imagebox-block_e46f1d94be0d7e3917a059e789ab03c6\" class=\"imagebox image-top background-color-light-grey\">\n\t<style>#imagebox-block_e46f1d94be0d7e3917a059e789ab03c6::before {background: var(--); } <\/style>        <div class=\"imagebox-image image-format-cubic center with-rounding\" style=\"background: url('https:\/\/www.prologistik.com\/wp-content\/uploads\/prologistik-content-lagerplatz-etiketten.jpg'); background-repeat: no-repeat; background-size: cover; background-position: center;\"><\/div>\n    \n    <div class=\"imagebox-content-wrap\">\n\n        <div class=\"imagebox-content\">\n                        <div class=\"imagebox-headline center font-size-normal\">\n                Etiquettes d&#8217;emplacement            <\/div>\n                                <\/div>\n                <div class=\"is-layout-flex wp-block-buttons\">\n            <div class=\"wp-block-button is-style-fill\">\n                <a class=\"wp-block-button__link has-color-dodger-blue-background-color wp-element-button\" href=\"https:\/\/www.prologistik.com\/fr\/materiel-informatique\/labeling-etiquettes\/etiquettes-demplacement\/\" target=\"_self\">\n                    En savoir plus                <\/a>\n            <\/div>\n        <\/div>\n            <\/div>\n\n<\/div>\n\n<\/div><\/div>\n\n<div class=\"gb-grid-column gb-grid-column-c1a4560f\"><div class=\"gb-container gb-container-c1a4560f\">\n<div id=\"imagebox-block_e9679d929cc863d4119eaf05a5153b77\" class=\"imagebox image-top background-color-light-grey\">\n\t<style>#imagebox-block_e9679d929cc863d4119eaf05a5153b77::before {background: var(--); } <\/style>        <div class=\"imagebox-image image-format-cubic center with-rounding\" style=\"background: url('https:\/\/www.prologistik.com\/wp-content\/uploads\/prologistik-content-pid-etiketten.jpg'); background-repeat: no-repeat; background-size: cover; background-position: center;\"><\/div>\n    \n    <div class=\"imagebox-content-wrap\">\n\n        <div class=\"imagebox-content\">\n                        <div class=\"imagebox-headline center font-size-normal\">\n                Etiquettes PID            <\/div>\n                                <\/div>\n                <div class=\"is-layout-flex wp-block-buttons\">\n            <div class=\"wp-block-button is-style-fill\">\n                <a class=\"wp-block-button__link has-color-dodger-blue-background-color wp-element-button\" href=\"https:\/\/www.prologistik.com\/fr\/materiel-informatique\/labeling-etiquettes\/etiquettes-pid\/\" target=\"_self\">\n                    En savoir plus                <\/a>\n            <\/div>\n        <\/div>\n            <\/div>\n\n<\/div>\n\n<\/div><\/div>\n\n<div class=\"gb-grid-column gb-grid-column-43be0873\"><div class=\"gb-container gb-container-43be0873\">\n<div id=\"imagebox-block_4cad0cd81c1c3dfb900e87cead84dfb5\" class=\"imagebox image-top background-color-light-grey\">\n\t<style>#imagebox-block_4cad0cd81c1c3dfb900e87cead84dfb5::before {background: var(--); } <\/style>        <div class=\"imagebox-image image-format-cubic center with-rounding\" style=\"background: url('https:\/\/www.prologistik.com\/wp-content\/uploads\/prologistik-content-tiefkuehl-etiketten.jpg'); background-repeat: no-repeat; background-size: cover; background-position: center;\"><\/div>\n    \n    <div class=\"imagebox-content-wrap\">\n\n        <div class=\"imagebox-content\">\n                        <div class=\"imagebox-headline center font-size-normal\">\n                Etiquettes pour produits surgel\u00e9s            <\/div>\n                                <\/div>\n                <div class=\"is-layout-flex wp-block-buttons\">\n            <div class=\"wp-block-button is-style-fill\">\n                <a class=\"wp-block-button__link has-color-dodger-blue-background-color wp-element-button\" href=\"https:\/\/www.prologistik.com\/fr\/materiel-informatique\/labeling-etiquettes\/etiquettes-pour-produits-surgeles\/\" target=\"_self\">\n                    En savoir plus                <\/a>\n            <\/div>\n        <\/div>\n            <\/div>\n\n<\/div>\n\n<\/div><\/div>\n\n<div class=\"gb-grid-column gb-grid-column-a9204a7b\"><div class=\"gb-container gb-container-a9204a7b\">\n<div id=\"imagebox-block_469327e375f7f5bc8cfcd58badb64c5d\" class=\"imagebox image-top background-color-light-grey\">\n\t<style>#imagebox-block_469327e375f7f5bc8cfcd58badb64c5d::before {background: var(--); } <\/style>        <div class=\"imagebox-image image-format-cubic center with-rounding\" style=\"background: url('https:\/\/www.prologistik.com\/wp-content\/uploads\/prologistik-content-kunststoffschilder.jpg'); background-repeat: no-repeat; background-size: cover; background-position: center;\"><\/div>\n    \n    <div class=\"imagebox-content-wrap\">\n\n        <div class=\"imagebox-content\">\n                        <div class=\"imagebox-headline center font-size-normal\">\n                Panneaux en plastique            <\/div>\n                                <\/div>\n                <div class=\"is-layout-flex wp-block-buttons\">\n            <div class=\"wp-block-button is-style-fill\">\n                <a class=\"wp-block-button__link has-color-dodger-blue-background-color wp-element-button\" href=\"https:\/\/www.prologistik.com\/fr\/materiel-informatique\/labeling-etiquettes\/panneaux-en-plastique\/\" target=\"_self\">\n                    En savoir plus                <\/a>\n            <\/div>\n        <\/div>\n            <\/div>\n\n<\/div>\n\n<\/div><\/div>\n\n<div class=\"gb-grid-column gb-grid-column-0ca3b329\"><div class=\"gb-container gb-container-0ca3b329\">\n<div id=\"imagebox-block_711deb3e49a76ed88ec7a162f67133fb\" class=\"imagebox image-top background-color-light-grey\">\n\t<style>#imagebox-block_711deb3e49a76ed88ec7a162f67133fb::before {background: var(--); } <\/style>        <div class=\"imagebox-image image-format-cubic center with-rounding\" style=\"background: url('https:\/\/www.prologistik.com\/wp-content\/uploads\/prologistik-content-magnet-etiketten.jpg'); background-repeat: no-repeat; background-size: cover; background-position: center;\"><\/div>\n    \n    <div class=\"imagebox-content-wrap\">\n\n        <div class=\"imagebox-content\">\n                        <div class=\"imagebox-headline center font-size-normal\">\n                \u00c9tiquettes magn\u00e9tiques            <\/div>\n                                <\/div>\n                <div class=\"is-layout-flex wp-block-buttons\">\n            <div class=\"wp-block-button is-style-fill\">\n                <a class=\"wp-block-button__link has-color-dodger-blue-background-color wp-element-button\" href=\"https:\/\/www.prologistik.com\/fr\/materiel-informatique\/labeling-etiquettes\/etiquettes-magnetiques\/\" target=\"_self\">\n                    En savoir plus                <\/a>\n            <\/div>\n        <\/div>\n            <\/div>\n\n<\/div>\n\n<\/div><\/div>\n\n<div class=\"gb-grid-column gb-grid-column-accaf2c2\"><div class=\"gb-container gb-container-accaf2c2\">\n<div id=\"imagebox-block_299cf6e186b527a0bbb92ef050d8abe6\" class=\"imagebox image-top background-color-light-grey\">\n\t<style>#imagebox-block_299cf6e186b527a0bbb92ef050d8abe6::before {background: var(--); } <\/style>        <div class=\"imagebox-image image-format-cubic center with-rounding\" style=\"background: url('https:\/\/www.prologistik.com\/wp-content\/uploads\/prologistik-content-reflektor-etiketten.jpg'); background-repeat: no-repeat; background-size: cover; background-position: center;\"><\/div>\n    \n    <div class=\"imagebox-content-wrap\">\n\n        <div class=\"imagebox-content\">\n                        <div class=\"imagebox-headline center font-size-normal\">\n                \u00c9tiquettes r\u00e9fl\u00e9chissantes            <\/div>\n                                <\/div>\n                <div class=\"is-layout-flex wp-block-buttons\">\n            <div class=\"wp-block-button is-style-fill\">\n                <a class=\"wp-block-button__link has-color-dodger-blue-background-color wp-element-button\" href=\"https:\/\/www.prologistik.com\/fr\/materiel-informatique\/labeling-etiquettes\/etiquettes-reflechissantes\/\" target=\"_self\">\n                    En savoir plus                <\/a>\n            <\/div>\n        <\/div>\n            <\/div>\n\n<\/div>\n\n<\/div><\/div>\n\n<div class=\"gb-grid-column gb-grid-column-dac2dbf9\"><div class=\"gb-container gb-container-dac2dbf9\">\n<div id=\"imagebox-block_bbf2584bab87069d4153136b86a835e9\" class=\"imagebox image-top background-color-light-grey\">\n\t<style>#imagebox-block_bbf2584bab87069d4153136b86a835e9::before {background: var(--); } <\/style>        <div class=\"imagebox-image image-format-cubic center with-rounding\" style=\"background: url('https:\/\/www.prologistik.com\/wp-content\/uploads\/prologistik-content-epaper.jpg'); background-repeat: no-repeat; background-size: cover; background-position: center;\"><\/div>\n    \n    <div class=\"imagebox-content-wrap\">\n\n        <div class=\"imagebox-content\">\n                        <div class=\"imagebox-headline center font-size-normal\">\n                E-Paper            <\/div>\n                                <\/div>\n                <div class=\"is-layout-flex wp-block-buttons\">\n            <div class=\"wp-block-button is-style-fill\">\n                <a class=\"wp-block-button__link has-color-dodger-blue-background-color wp-element-button\" href=\"https:\/\/www.prologistik.com\/fr\/materiel-informatique\/labeling-etiquettes\/e-paper\/\" target=\"_self\">\n                    En savoir plus                <\/a>\n            <\/div>\n        <\/div>\n            <\/div>\n\n<\/div>\n\n<\/div><\/div>\n\n<div class=\"gb-grid-column gb-grid-column-fec259f8\"><div class=\"gb-container gb-container-fec259f8\">\n<div id=\"imagebox-block_e73e1cb72d4d23d2734cfb62b81647d2\" class=\"imagebox image-top background-color-light-grey\">\n\t<style>#imagebox-block_e73e1cb72d4d23d2734cfb62b81647d2::before {background: var(--); } <\/style>        <div class=\"imagebox-image image-format-cubic center with-rounding\" style=\"background: url('https:\/\/www.prologistik.com\/wp-content\/uploads\/prologistik-download-etiketten_de.jpg'); background-repeat: no-repeat; background-size: cover; background-position: center;\"><\/div>\n    \n    <div class=\"imagebox-content-wrap\">\n\n        <div class=\"imagebox-content\">\n                        <div class=\"imagebox-headline center font-size-normal\">\n                Catalogue d&#8217;\u00e9tiquettes            <\/div>\n                                <\/div>\n                <div class=\"is-layout-flex wp-block-buttons\">\n            <div class=\"wp-block-button is-style-fill\">\n                <a class=\"wp-block-button__link has-color-dodger-blue-background-color wp-element-button\" href=\"\/wp-content\/uploads\/pLG_Hardware_Ettiketten_de.pdf\" target=\"_blank\">\n                    T\u00e9l\u00e9chargement                <\/a>\n            <\/div>\n        <\/div>\n            <\/div>\n\n<\/div>\n\n<\/div><\/div>\n<\/div>\n<\/div>\n<\/section>\n\n<section class=\"gb-container gb-container-d9d3a68c\">\n<div class=\"gb-container gb-container-5219a22b\">\n<div class=\"gb-grid-wrapper gb-grid-wrapper-70fabdb4 gb-grid-wrapper-space-between\">\n<div class=\"gb-grid-column gb-grid-column-d7c79a96\"><div class=\"gb-container gb-container-d7c79a96\">\n\n<div class=\"wp-block-pixel-headline headlines is-subheadline-top has-text-align-left\"><h2 class=\"headline\" style=\"color:\">Des \u00e9tiquettes pour toutes les exigences<\/h2><span class=\"subheadline\" style=\"color:var(--color-blue)\">D\u00e9finition des besoins, conception &amp; mise en \u0153uvre<\/span><\/div>\n\n\n\n<p>Les diff\u00e9rents types d&#8217;\u00e9tiquettes doivent \u00eatre adapt\u00e9s aux exigences et aux souhaits individuels des clients. Avant d&#8217;acheter, il convient donc de r\u00e9fl\u00e9chir aux circonstances pour lesquelles les \u00e9tiquettes doivent \u00eatre utilis\u00e9es. En ext\u00e9rieur, les \u00e9tiquettes sont expos\u00e9es aux intemp\u00e9ries, auxquelles elles doivent toujours r\u00e9sister. Ainsi, le mat\u00e9riau doit \u00eatre r\u00e9sistant \u00e0 la pluie et \u00e0 d&#8217;autres facteurs environnementaux et ne pas se d\u00e9colorer.<\/p>\n\n\n\n<p>Il est de plus en plus important de disposer, pour le travail quotidien, d&#8217;\u00e9tiquettes faciles \u00e0 utiliser et fiables pour toutes les applications imaginables. proLogistik vous propose des solutions optimales pour l&#8217;\u00e9tiquetage dans votre entrep\u00f4t.<\/p>\n\n<\/div><\/div>\n\n<div class=\"gb-grid-column gb-grid-column-45db713c\"><div class=\"gb-container gb-container-45db713c\">\n\n<figure class=\"wp-block-image size-full is-style-cube-bottom-left-back\"><img loading=\"lazy\" decoding=\"async\" width=\"700\" height=\"422\" src=\"https:\/\/www.prologistik.com\/wp-content\/uploads\/prologistik-content-etiketten.jpg\" alt=\"\" class=\"wp-image-11784\" srcset=\"https:\/\/www.prologistik.com\/wp-content\/uploads\/prologistik-content-etiketten.jpg 700w, https:\/\/www.prologistik.com\/wp-content\/uploads\/prologistik-content-etiketten-300x181.jpg 300w, https:\/\/www.prologistik.com\/wp-content\/uploads\/prologistik-content-etiketten-150x90.jpg 150w\" sizes=\"auto, (max-width: 700px) 100vw, 700px\" \/><\/figure>\n\n<\/div><\/div>\n<\/div>\n<\/div>\n<\/section>\n\n<section class=\"gb-container gb-container-8c82ea1f\">\n<div class=\"gb-container gb-container-ce00412c gb-container-align-left-third\">\n<div class=\"gb-grid-wrapper gb-grid-wrapper-dfb7ca19\">\n<div class=\"gb-grid-column gb-grid-column-0fcaf219\"><div class=\"gb-container gb-container-0fcaf219\">\n\n<figure class=\"wp-block-image size-full is-style-cube-bottom-right-back\"><img loading=\"lazy\" decoding=\"async\" width=\"700\" height=\"797\" src=\"https:\/\/www.prologistik.com\/wp-content\/uploads\/prologistik-content-support-etiketten.jpg\" alt=\"\" class=\"wp-image-11779\" srcset=\"https:\/\/www.prologistik.com\/wp-content\/uploads\/prologistik-content-support-etiketten.jpg 700w, https:\/\/www.prologistik.com\/wp-content\/uploads\/prologistik-content-support-etiketten-263x300.jpg 263w, https:\/\/www.prologistik.com\/wp-content\/uploads\/prologistik-content-support-etiketten-132x150.jpg 132w\" sizes=\"auto, (max-width: 700px) 100vw, 700px\" \/><\/figure>\n\n<\/div><\/div>\n\n<div class=\"gb-grid-column gb-grid-column-83c8ada6\"><div class=\"gb-container gb-container-83c8ada6\">\n\n<div class=\"wp-block-pixel-headline headlines is-subheadline-bottom has-text-align-left\"><h2 class=\"headline\" style=\"color:\">Conseils avis\u00e9s de sp\u00e9cialistes exp\u00e9riment\u00e9s<\/h2><\/div>\n\n\n\n<p>Si vous ne trouvez pas de solution standard chez nous, nous d\u00e9veloppons avec vous une solution individuelle et adapt\u00e9e qui r\u00e9pond exactement \u00e0 vos exigences. Nos sp\u00e9cialistes d\u00e9terminent vos besoins et se chargent pour vous de la conception et de la r\u00e9alisation des \u00e9tiquettes. N&#8217;h\u00e9sitez pas \u00e0 nous contacter directement ou \u00e0 jeter un coup d&#8217;\u0153il \u00e0 notre catalogue d&#8217;\u00e9tiquettes. Nous nous r\u00e9jouissons de pouvoir vous conseiller.<\/p>\n\n<\/div><\/div>\n<\/div>\n<\/div>\n<\/section>\n\n<section class=\"gb-container gb-container-78838206 gb-container-no-padding-bottom\" id=\"contact\">\n<div class=\"gb-container gb-container-50cd05df\">\n<div class=\"gb-grid-wrapper gb-grid-wrapper-c9c168fa\">\n<div class=\"gb-grid-column gb-grid-column-23b9ba83\"><div class=\"gb-container gb-container-23b9ba83\">\n\n<div class=\"wp-block-pixel-headline headlines is-subheadline-top has-text-align-left\"><h2 class=\"headline\" style=\"color:\">Nous serions ravis de vous conseiller<\/h2><span class=\"subheadline\" style=\"color:var(--color-blue)\">nous sommes l\u00e0 pour vous<\/span><\/div>\n\n\n\n<p>Appelez-nous ou envoyez-nous un message. Nous vous r\u00e9pondrons dans les plus brefs d\u00e9lais!<\/p>\n\n<\/div><\/div>\n<\/div>\n<\/div>\n<\/section>\n\n<section class=\"gb-container gb-container-70fb4b89\">\n<div class=\"gb-container gb-container-5801648d\">\n<div class=\"gb-grid-wrapper gb-grid-wrapper-7a53e8bf\">\n<div class=\"gb-grid-column gb-grid-column-b5fa74e1\"><div class=\"gb-container gb-container-b5fa74e1\">\n\n<meta http-equiv=\"Content-type\" content=\"text\/html; charset=UTF-8\">\n\n<script>\nfunction validateForm(event) {\n  const honeypot = document.getElementById(\"website_url\");\n\n  if (honeypot && honeypot.value.trim() !== \"\") {\n    event.preventDefault();\n    return false;\n  }\n\n  const frc = document.querySelector('input[name=\"frc-captcha-response\"]');\n  if (!frc || !frc.value || frc.value.trim() === \"\") {\n    document.getElementById(\"error-message\").style.display = \"block\";\n    event.preventDefault();\n    return false;\n  }\n\n  return true;\n}\n<\/script>\n\n<form id=\"custom-form\" action=\"https:\/\/webto.salesforce.com\/servlet\/servlet.WebToLead?encoding=UTF-8&#038;orgId=00D7Q000002pukE\" method=\"post\" onsubmit=\"return validateForm(event)\">\n  <input type=\"hidden\" name=\"oid\" value=\"00D7Q000002pukE\">\n  <input type=\"hidden\" name=\"retURL\" value=\"https:\/\/www.prologistik.com\/fr\/merci-pour-votre-contact\">\n  <input type=\"hidden\" name=\"recordType\" id=\"recordType\" value=\"012Of000001B3oPIAS\">\n  <input type=\"hidden\" class=\"SourceURL\" name=\"00NOf000002QoMb\" id=\"00NOf000002QoMb\" value=\"\">\n  <input type=\"hidden\" name=\"lead_source\" value=\"Webseite (Kontaktformular)\">\n\n  <div class=\"honeypot-field\" style=\"display:none;\">\n    <label for=\"website_url\">Si vous \u00eates humain, laissez ce champ vide.<\/label>\n    <input type=\"text\" id=\"website_url\" name=\"website_url\">\n  <\/div>\n\n  <div class=\"cf-form-wrap\">\n    <div class=\"cf-fields-wrap\">\n      <div class=\"cf-field\">\n        <label for=\"company\">Entreprise<\/label>\n        <input id=\"company\" maxlength=\"40\" name=\"company\" size=\"20\" type=\"text\" placeholder=\"Entreprise\" required>\n      <\/div>\n\n      <div class=\"cf-field half\">\n        <label for=\"first_name\">Pr\u00e9nom<\/label>\n        <input id=\"first_name\" maxlength=\"40\" name=\"first_name\" size=\"20\" type=\"text\" placeholder=\"Pr\u00e9nom\" required>\n      <\/div>\n\n      <div class=\"cf-field half\">\n        <label for=\"last_name\">Nom<\/label>\n        <input id=\"last_name\" maxlength=\"80\" name=\"last_name\" size=\"20\" type=\"text\" placeholder=\"Nom\" required>\n      <\/div>\n\n      <div class=\"cf-field half\">\n        <label for=\"phone\">T\u00e9l\u00e9phone<\/label>\n        <input id=\"phone\" maxlength=\"40\" name=\"phone\" size=\"20\" type=\"text\" placeholder=\"T\u00e9l\u00e9phone\">\n      <\/div>\n\n      <div class=\"cf-field half\">\n        <label for=\"email\">Email<\/label>\n        <input id=\"email\" maxlength=\"80\" name=\"email\" size=\"20\" type=\"text\" placeholder=\"Email\" required>\n      <\/div>\n\n      <div class=\"cf-field full textarea\">\n        <label for=\"description\">Message<\/label>\n        <textarea name=\"description\" placeholder=\"D\u00e9crivez-nous votre demande.\"><\/textarea>\n      <\/div>\n\n      <div class=\"cf-field full privacy-policy\">\n        <input id=\"00NOf000002QlF3\" name=\"00NOf000002QlF3\" type=\"checkbox\" value=\"1\" required>\n        <span class=\"privacy-policy-note\">J&#8217;accepte la <a href=\"https:\/\/www.prologistik.com\/fr\/mentions-legales\/protection-des-donnees\/\" target=\"_blank\" rel=\"noopener\">politique de confidentialit\u00e9<\/a>.<\/span>\n      <\/div>\n\n      <div class=\"frc-captcha\" data-sitekey=\"FCMV5CER2E6IVQMC\"><\/div>\n      <div id=\"error-message\" style=\"color:red; display:none;\">Veuillez compl\u00e9ter le captcha.<\/div>\n\n      <div class=\"cf-field send-button\">\n        <input id=\"checksend\" name=\"submit\" class=\"wpcf7-form-control submit wpcf7-submit has-spinner\" type=\"submit\" value=\"Envoyer\">\n        <span class=\"wpcf7-spinner\"><\/span>\n      <\/div>\n    <\/div>\n  <\/div>\n<\/form>\n\n<script>\nconst input = document.querySelector('.SourceURL');\nif (input) {\n  input.value = window.location.href;\n}\n<\/script>\n\n\n<\/div><\/div>\n\n<div class=\"gb-grid-column gb-grid-column-034278d8\"><div class=\"gb-container gb-container-034278d8\">\n<div class=\"gb-container gb-container-902e59d8 contact_blue_box\">\n\n<p>proLogistik France<br>16 rue de la petite Sensive<br>44300 Nantes | France<\/p>\n\n\n\n<p class=\"has-color-white-color has-text-color has-link-color wp-elements-a825009c6dfc5e826e7dfc9f17afaf9c\"><span class=\"contact_blue_box_france\">T\u00e9l.: <a href=\"tel:+33(0) 251818585 \">+33 (0) 251 81 85 85 <\/a><\/span><\/p>\n\n\n\n<p class=\"has-color-white-color has-text-color has-link-color wp-elements-96a81da7641a0982aa9be3439ece95e6\"><a href=\"mailto:info@prologistik.com\">info@prologistik.com<\/a><\/p>\n\n<\/div>\n<\/div><\/div>\n<\/div>\n<\/div>\n<\/section>","protected":false},"excerpt":{"rendered":"","protected":false},"author":1,"featured_media":0,"parent":29551,"menu_order":7,"comment_status":"closed","ping_status":"closed","template":"","meta":{"_acf_changed":false,"footnotes":""},"class_list":["post-29514","page","type-page","status-publish"],"acf":[],"yoast_head":"<!-- This site is optimized with the Yoast SEO Premium plugin v26.9 (Yoast SEO v27.5) - https:\/\/yoast.com\/product\/yoast-seo-premium-wordpress\/ -->\n<title>\ud83c\udff7\ufe0f Solutions d\u2019\u00e9tiquetage &amp; labels | proLogistik mat\u00e9riel<\/title>\n<meta name=\"description\" content=\"\u00c9tiquettes, rubans &amp; solutions d\u2019impression sur mesure pour logistique, commerce &amp; industrie \u2014 qualit\u00e9, rapidit\u00e9, fiabilit\u00e9. \u2705\" \/>\n<meta name=\"robots\" content=\"index, follow, max-snippet:-1, max-image-preview:large, max-video-preview:-1\" \/>\n<link rel=\"canonical\" href=\"https:\/\/www.prologistik.com\/fr\/materiel-informatique\/labeling-etiquettes\/\" \/>\n<meta property=\"og:locale\" content=\"fr_FR\" \/>\n<meta property=\"og:type\" content=\"article\" \/>\n<meta property=\"og:title\" content=\"Labeling \/ \u00c9tiquettes\" \/>\n<meta property=\"og:description\" content=\"\u00c9tiquettes, rubans &amp; solutions d\u2019impression sur mesure pour logistique, commerce &amp; industrie \u2014 qualit\u00e9, rapidit\u00e9, fiabilit\u00e9. \u2705\" \/>\n<meta property=\"og:url\" content=\"https:\/\/www.prologistik.com\/fr\/materiel-informatique\/labeling-etiquettes\/\" \/>\n<meta property=\"og:site_name\" content=\"proLogistik Group\" \/>\n<meta property=\"article:modified_time\" content=\"2025-12-01T13:39:50+00:00\" \/>\n<meta property=\"og:image\" content=\"https:\/\/www.prologistik.com\/wp-content\/uploads\/prologistik-content-etiketten.jpg\" \/>\n<meta name=\"twitter:card\" content=\"summary_large_image\" \/>\n<meta name=\"twitter:label1\" content=\"Dur\u00e9e de lecture estim\u00e9e\" \/>\n\t<meta name=\"twitter:data1\" content=\"2 minutes\" \/>\n<script type=\"application\/ld+json\" class=\"yoast-schema-graph\">{\"@context\":\"https:\\\/\\\/schema.org\",\"@graph\":[{\"@type\":\"WebPage\",\"@id\":\"https:\\\/\\\/www.prologistik.com\\\/fr\\\/materiel-informatique\\\/labeling-etiquettes\\\/\",\"url\":\"https:\\\/\\\/www.prologistik.com\\\/fr\\\/materiel-informatique\\\/labeling-etiquettes\\\/\",\"name\":\"\ud83c\udff7\ufe0f Solutions d\u2019\u00e9tiquetage & labels | proLogistik mat\u00e9riel\",\"isPartOf\":{\"@id\":\"https:\\\/\\\/www.prologistik.com\\\/fr\\\/#website\"},\"primaryImageOfPage\":{\"@id\":\"https:\\\/\\\/www.prologistik.com\\\/fr\\\/materiel-informatique\\\/labeling-etiquettes\\\/#primaryimage\"},\"image\":{\"@id\":\"https:\\\/\\\/www.prologistik.com\\\/fr\\\/materiel-informatique\\\/labeling-etiquettes\\\/#primaryimage\"},\"thumbnailUrl\":\"https:\\\/\\\/www.prologistik.com\\\/wp-content\\\/uploads\\\/prologistik-content-etiketten.jpg\",\"datePublished\":\"2023-02-28T15:41:49+00:00\",\"dateModified\":\"2025-12-01T13:39:50+00:00\",\"description\":\"\u00c9tiquettes, rubans & solutions d\u2019impression sur mesure pour logistique, commerce & industrie \u2014 qualit\u00e9, rapidit\u00e9, fiabilit\u00e9. \u2705\",\"breadcrumb\":{\"@id\":\"https:\\\/\\\/www.prologistik.com\\\/fr\\\/materiel-informatique\\\/labeling-etiquettes\\\/#breadcrumb\"},\"inLanguage\":\"fr-FR\",\"potentialAction\":[{\"@type\":\"ReadAction\",\"target\":[\"https:\\\/\\\/www.prologistik.com\\\/fr\\\/materiel-informatique\\\/labeling-etiquettes\\\/\"]}]},{\"@type\":\"ImageObject\",\"inLanguage\":\"fr-FR\",\"@id\":\"https:\\\/\\\/www.prologistik.com\\\/fr\\\/materiel-informatique\\\/labeling-etiquettes\\\/#primaryimage\",\"url\":\"https:\\\/\\\/www.prologistik.com\\\/wp-content\\\/uploads\\\/prologistik-content-etiketten.jpg\",\"contentUrl\":\"https:\\\/\\\/www.prologistik.com\\\/wp-content\\\/uploads\\\/prologistik-content-etiketten.jpg\"},{\"@type\":\"BreadcrumbList\",\"@id\":\"https:\\\/\\\/www.prologistik.com\\\/fr\\\/materiel-informatique\\\/labeling-etiquettes\\\/#breadcrumb\",\"itemListElement\":[{\"@type\":\"ListItem\",\"position\":1,\"name\":\"Startseite\",\"item\":\"https:\\\/\\\/www.prologistik.com\\\/fr\\\/\"},{\"@type\":\"ListItem\",\"position\":2,\"name\":\"Hardware\",\"item\":\"https:\\\/\\\/www.prologistik.com\\\/fr\\\/materiel-informatique\\\/\"},{\"@type\":\"ListItem\",\"position\":3,\"name\":\"Labeling \\\/ \u00c9tiquettes\"}]},{\"@type\":\"WebSite\",\"@id\":\"https:\\\/\\\/www.prologistik.com\\\/fr\\\/#website\",\"url\":\"https:\\\/\\\/www.prologistik.com\\\/fr\\\/\",\"name\":\"proLogistik Group\",\"description\":\"Software und Hardware f\u00fcr die Intralogistik\",\"publisher\":{\"@id\":\"https:\\\/\\\/www.prologistik.com\\\/fr\\\/#organization\"},\"potentialAction\":[{\"@type\":\"SearchAction\",\"target\":{\"@type\":\"EntryPoint\",\"urlTemplate\":\"https:\\\/\\\/www.prologistik.com\\\/fr\\\/?s={search_term_string}\"},\"query-input\":{\"@type\":\"PropertyValueSpecification\",\"valueRequired\":true,\"valueName\":\"search_term_string\"}}],\"inLanguage\":\"fr-FR\"},{\"@type\":\"Organization\",\"@id\":\"https:\\\/\\\/www.prologistik.com\\\/fr\\\/#organization\",\"name\":\"proLogistik Group\",\"url\":\"https:\\\/\\\/www.prologistik.com\\\/fr\\\/\",\"logo\":{\"@type\":\"ImageObject\",\"inLanguage\":\"fr-FR\",\"@id\":\"https:\\\/\\\/www.prologistik.com\\\/fr\\\/#\\\/schema\\\/logo\\\/image\\\/\",\"url\":\"https:\\\/\\\/www.prologistik.com\\\/wp-content\\\/uploads\\\/prologistik-logo-web.svg\",\"contentUrl\":\"https:\\\/\\\/www.prologistik.com\\\/wp-content\\\/uploads\\\/prologistik-logo-web.svg\",\"width\":320,\"height\":59,\"caption\":\"proLogistik Group\"},\"image\":{\"@id\":\"https:\\\/\\\/www.prologistik.com\\\/fr\\\/#\\\/schema\\\/logo\\\/image\\\/\"}}]}<\/script>\n<!-- \/ Yoast SEO Premium plugin. -->","yoast_head_json":{"title":"\ud83c\udff7\ufe0f Solutions d\u2019\u00e9tiquetage & labels | proLogistik mat\u00e9riel","description":"\u00c9tiquettes, rubans & solutions d\u2019impression sur mesure pour logistique, commerce & industrie \u2014 qualit\u00e9, rapidit\u00e9, fiabilit\u00e9. \u2705","robots":{"index":"index","follow":"follow","max-snippet":"max-snippet:-1","max-image-preview":"max-image-preview:large","max-video-preview":"max-video-preview:-1"},"canonical":"https:\/\/www.prologistik.com\/fr\/materiel-informatique\/labeling-etiquettes\/","og_locale":"fr_FR","og_type":"article","og_title":"Labeling \/ \u00c9tiquettes","og_description":"\u00c9tiquettes, rubans & solutions d\u2019impression sur mesure pour logistique, commerce & industrie \u2014 qualit\u00e9, rapidit\u00e9, fiabilit\u00e9. \u2705","og_url":"https:\/\/www.prologistik.com\/fr\/materiel-informatique\/labeling-etiquettes\/","og_site_name":"proLogistik Group","article_modified_time":"2025-12-01T13:39:50+00:00","og_image":[{"url":"https:\/\/www.prologistik.com\/wp-content\/uploads\/prologistik-content-etiketten.jpg","type":"","width":"","height":""}],"twitter_card":"summary_large_image","twitter_misc":{"Dur\u00e9e de lecture estim\u00e9e":"2 minutes"},"schema":{"@context":"https:\/\/schema.org","@graph":[{"@type":"WebPage","@id":"https:\/\/www.prologistik.com\/fr\/materiel-informatique\/labeling-etiquettes\/","url":"https:\/\/www.prologistik.com\/fr\/materiel-informatique\/labeling-etiquettes\/","name":"\ud83c\udff7\ufe0f Solutions d\u2019\u00e9tiquetage & labels | proLogistik mat\u00e9riel","isPartOf":{"@id":"https:\/\/www.prologistik.com\/fr\/#website"},"primaryImageOfPage":{"@id":"https:\/\/www.prologistik.com\/fr\/materiel-informatique\/labeling-etiquettes\/#primaryimage"},"image":{"@id":"https:\/\/www.prologistik.com\/fr\/materiel-informatique\/labeling-etiquettes\/#primaryimage"},"thumbnailUrl":"https:\/\/www.prologistik.com\/wp-content\/uploads\/prologistik-content-etiketten.jpg","datePublished":"2023-02-28T15:41:49+00:00","dateModified":"2025-12-01T13:39:50+00:00","description":"\u00c9tiquettes, rubans & solutions d\u2019impression sur mesure pour logistique, commerce & industrie \u2014 qualit\u00e9, rapidit\u00e9, fiabilit\u00e9. \u2705","breadcrumb":{"@id":"https:\/\/www.prologistik.com\/fr\/materiel-informatique\/labeling-etiquettes\/#breadcrumb"},"inLanguage":"fr-FR","potentialAction":[{"@type":"ReadAction","target":["https:\/\/www.prologistik.com\/fr\/materiel-informatique\/labeling-etiquettes\/"]}]},{"@type":"ImageObject","inLanguage":"fr-FR","@id":"https:\/\/www.prologistik.com\/fr\/materiel-informatique\/labeling-etiquettes\/#primaryimage","url":"https:\/\/www.prologistik.com\/wp-content\/uploads\/prologistik-content-etiketten.jpg","contentUrl":"https:\/\/www.prologistik.com\/wp-content\/uploads\/prologistik-content-etiketten.jpg"},{"@type":"BreadcrumbList","@id":"https:\/\/www.prologistik.com\/fr\/materiel-informatique\/labeling-etiquettes\/#breadcrumb","itemListElement":[{"@type":"ListItem","position":1,"name":"Startseite","item":"https:\/\/www.prologistik.com\/fr\/"},{"@type":"ListItem","position":2,"name":"Hardware","item":"https:\/\/www.prologistik.com\/fr\/materiel-informatique\/"},{"@type":"ListItem","position":3,"name":"Labeling \/ \u00c9tiquettes"}]},{"@type":"WebSite","@id":"https:\/\/www.prologistik.com\/fr\/#website","url":"https:\/\/www.prologistik.com\/fr\/","name":"proLogistik Group","description":"Software und Hardware f\u00fcr die Intralogistik","publisher":{"@id":"https:\/\/www.prologistik.com\/fr\/#organization"},"potentialAction":[{"@type":"SearchAction","target":{"@type":"EntryPoint","urlTemplate":"https:\/\/www.prologistik.com\/fr\/?s={search_term_string}"},"query-input":{"@type":"PropertyValueSpecification","valueRequired":true,"valueName":"search_term_string"}}],"inLanguage":"fr-FR"},{"@type":"Organization","@id":"https:\/\/www.prologistik.com\/fr\/#organization","name":"proLogistik Group","url":"https:\/\/www.prologistik.com\/fr\/","logo":{"@type":"ImageObject","inLanguage":"fr-FR","@id":"https:\/\/www.prologistik.com\/fr\/#\/schema\/logo\/image\/","url":"https:\/\/www.prologistik.com\/wp-content\/uploads\/prologistik-logo-web.svg","contentUrl":"https:\/\/www.prologistik.com\/wp-content\/uploads\/prologistik-logo-web.svg","width":320,"height":59,"caption":"proLogistik Group"},"image":{"@id":"https:\/\/www.prologistik.com\/fr\/#\/schema\/logo\/image\/"}}]}},"_links":{"self":[{"href":"https:\/\/www.prologistik.com\/fr\/wp-json\/wp\/v2\/pages\/29514","targetHints":{"allow":["GET"]}}],"collection":[{"href":"https:\/\/www.prologistik.com\/fr\/wp-json\/wp\/v2\/pages"}],"about":[{"href":"https:\/\/www.prologistik.com\/fr\/wp-json\/wp\/v2\/types\/page"}],"author":[{"embeddable":true,"href":"https:\/\/www.prologistik.com\/fr\/wp-json\/wp\/v2\/users\/1"}],"replies":[{"embeddable":true,"href":"https:\/\/www.prologistik.com\/fr\/wp-json\/wp\/v2\/comments?post=29514"}],"version-history":[{"count":5,"href":"https:\/\/www.prologistik.com\/fr\/wp-json\/wp\/v2\/pages\/29514\/revisions"}],"predecessor-version":[{"id":55535,"href":"https:\/\/www.prologistik.com\/fr\/wp-json\/wp\/v2\/pages\/29514\/revisions\/55535"}],"up":[{"embeddable":true,"href":"https:\/\/www.prologistik.com\/fr\/wp-json\/wp\/v2\/pages\/29551"}],"wp:attachment":[{"href":"https:\/\/www.prologistik.com\/fr\/wp-json\/wp\/v2\/media?parent=29514"}],"curies":[{"name":"wp","href":"https:\/\/api.w.org\/{rel}","templated":true}]}}