{"id":29511,"date":"2023-02-28T16:41:49","date_gmt":"2023-02-28T15:41:49","guid":{"rendered":"https:\/\/prologistik.pixel-tal.de\/etiquettes-pour-produits-surgeles"},"modified":"2025-11-21T14:58:56","modified_gmt":"2025-11-21T13:58:56","slug":"etiquettes-pour-produits-surgeles","status":"publish","type":"page","link":"https:\/\/www.prologistik.com\/fr\/materiel-informatique\/labeling-etiquettes\/etiquettes-pour-produits-surgeles\/","title":{"rendered":"Etiquettes pour produits surgel\u00e9s"},"content":{"rendered":"        \n            <!-- pagehead -->\n        \n                    \n\t\t\t<div id=\"pagehead-block_a1557ebd8be396ca6e6ea4b8eb5e25bf\" class=\"pagehead size-small\">\n\t\t\t\t\t\t\t<div class=\"pagehead-canvas\">\n\t\t\t\t<div class=\"pagehead-content has-bg-color bg-color-green\">\n\t\t\t\t\t<div class=\"pagehead-content-inner\">\n\t\t\t\t\t\t<div class=\"pagehead-icon icon-color-white\" data-aos=\"fade-up\" data-aos-delay=\"0\" style=\"mask-image: url(https:\/\/www.prologistik.com\/wp-content\/uploads\/icon-benefits-verpflegung.svg); -webkit-mask-image: url(https:\/\/www.prologistik.com\/wp-content\/uploads\/icon-benefits-verpflegung.svg);\"><\/div>\t\t\t\t\t\t<span class=\"pagehead-subheadline\"  data-aos=\"fade-up\" data-aos-delay=\"50\">\u00c9tiquettes PLG<\/span>\t\t\t\t\t\t<h1 class=\"pagehead-headline\" data-aos=\"fade-up\" data-aos-delay=\"100\">\u00c9tiquettes pour produits surgel\u00e9s<\/h1>\t\t\t\t\t\t\t\t\t\t\t<\/div>\n\t\t\t\t<\/div>\n\t\t\t<\/div>\n\t\t\t\n\t\t\t\t<div class=\"pagehead-background\">\n\t\t\t\t<!-- image_id: 44416 | alt: Bannerbild Tiefk\u00fch\u00f6-Etiketten -->\t\t\t\t\t\t\t\t\t<img decoding=\"async\" class=\"test\" src=\"https:\/\/www.prologistik.com\/wp-content\/uploads\/pLG_Website_Hardware_Tiefkuehl-Etiketten_1920x840px.jpg\" alt=\"Bannerbild Tiefk\u00fch\u00f6-Etiketten\" \/>\n\t\t\t\t\n\t\t\t\t<\/div>\n\t\t\t<\/div>\n        \n                    \n            <!-- end:pagehead -->\n        \n            \n\n<section class=\"gb-container gb-container-97381a90\">\n<div class=\"gb-container gb-container-76c9f99c\">\n<div class=\"gb-grid-wrapper gb-grid-wrapper-3c5d1c2a\">\n<div class=\"gb-grid-column gb-grid-column-c394eff9\"><div class=\"gb-container gb-container-c394eff9\">\n\n<div class=\"wp-block-pixel-headline headlines is-subheadline-top has-text-align-left\"><h2 class=\"headline\" style=\"color:\"><a href=\"https:\/\/de.sistrix.com\/seo\/serps\/keyword\/etiketten%20f%C3%BCr%20tiefk%C3%BChlprodukte\">\u00c9tiquettes pour produits surgel\u00e9s<\/a><\/h2><span class=\"subheadline\" style=\"color:var(--color-blue)\">Pour une utilisation en cong\u00e9lation jusqu&#8217;\u00e0 -40\u00b0C<\/span><\/div>\n\n\n\n<p>Lors du transport et du stockage, les \u00e9tiquettes sont souvent soumises \u00e0 des contraintes extr\u00eames et \u00e0 des variations de temp\u00e9rature. Surtout dans le secteur des produits surgel\u00e9s, le collage et la durabilit\u00e9 des \u00e9tiquettes doivent r\u00e9sister \u00e0 des surfaces tr\u00e8s froides et parfois d\u00e9j\u00e0 congel\u00e9es.<\/p>\n\n\n\n<div class=\"wp-block-pixel-headline headlines is-subheadline-bottom has-text-align-left\"><h3 class=\"headline\" style=\"color:\">Pour l&#8217;industrie alimentaire &amp; la sant\u00e9 publique<\/h3><\/div>\n\n\n\n<p>Pour faire face \u00e0 ces conditions exceptionnellement froides dans l&#8217;entrep\u00f4t frigorifique, les \u00e9tiquettes pour produits surgel\u00e9s sont compos\u00e9es de papier r\u00e9sistant d\u00e9di\u00e9 aux produits surgel\u00e9s. L&#8217;adh\u00e9sif r\u00e9sistant au froid permet aux \u00e9tiquettes d&#8217;adh\u00e9rer de mani\u00e8re s\u00fbre m\u00eame sur les produits d\u00e9j\u00e0 congel\u00e9s.<\/p>\n\n\n\n<p>Le stockage \u00e0 basse temp\u00e9rature dans le secteur alimentaire ainsi que la logistique et les laboratoires dans le secteur de la sant\u00e9 et dans les domaines m\u00e9dicaux-pharmaceutiques repr\u00e9sentent les domaines d&#8217;application les plus importants des \u00e9tiquettes r\u00e9sistantes \u00e0 la cong\u00e9lation.<\/p>\n\n<\/div><\/div>\n\n<div class=\"gb-grid-column gb-grid-column-0018c00a\"><div class=\"gb-container gb-container-0018c00a\">\n\n<div class=\"wp-block-pixel-headline headlines is-subheadline-top has-text-align-left\"><h2 class=\"headline\" style=\"color:\">Les faits<\/h2><span class=\"subheadline\" style=\"color:var(--color-blue)\">\u00c9tiquettes pour produits surgel\u00e9s<\/span><\/div>\n\n\n\n<figure class=\"wp-block-table\"><table><tbody><tr><td><strong>Domaines d&#8217;application<\/strong><\/td><td>Marquage des entrep\u00f4ts, des rayonnages, des palettes ou des produits pour entrep\u00f4ts frigorifiques, les emballages de surgel\u00e9s ou les indications de dur\u00e9e de conservation<\/td><\/tr><tr><td><strong>Formats<\/strong><\/td><td>89 x 36 mm<br>170 x 25 mm<br>150 x 55 mm<br>150 x 74 mm<br>60 x 200 mm<br>250 x 100 mm<br>170 x 50 mm<br>180 x 70mm<br>150 x 55mm<br>Autres formats sur demande<\/td><\/tr><tr><td><strong>Mat\u00e9riaux<\/strong><\/td><td>Papier pour cong\u00e9lation, papier thermique, papier thermique imprimable au laser<\/td><\/tr><tr><td><strong>Couleurs<\/strong><\/td><td>Pour obtenir un contraste suffisant entre l&#8217;arri\u00e8re-plan et les barres, les combinaisons de couleurs suivantes sont possibles : Couleurs d&#8217;arri\u00e8re-plan : Blanc \/ Jaune \/ Orange \/ Vert \/ Bleu clair <br>Couleurs des barres : Noir \/ Bleu \/ Vert \/ Cyan \/ Marron<\/td><\/tr><tr><td><strong>Fixation<\/strong><\/td><td>Adh\u00e9sif thermique permanente<\/td><\/tr><tr><td><strong>Type d&#8217;impression<\/strong><\/td><td>Impression thermique directe ou par transfert thermique<\/td><\/tr><tr><td><strong>Particularit\u00e9s<\/strong><\/td><td>Adh\u00e9sion s\u00fbre, m\u00eame sur des produits d\u00e9j\u00e0 congel\u00e9s gr\u00e2ce \u00e0 des types de colles sp\u00e9ciaux<\/td><\/tr><\/tbody><\/table><\/figure>\n\n<\/div><\/div>\n<\/div>\n<\/div>\n<\/section>\n\n<section class=\"gb-container gb-container-46f72e58\" id=\"Etikettenkatalog\">\n<div class=\"gb-container gb-container-a7151950\">\n<div class=\"gb-grid-wrapper gb-grid-wrapper-dc53e7d7\">\n<div class=\"gb-grid-column gb-grid-column-f4ab6602\"><div class=\"gb-container gb-container-f4ab6602\">\n        \n            <!-- grid -->\n\n\t\t\t        \n                    \n            <div id=\"grid-block_1865af04f4bc140a985dba92ad0216f5\" class=\"grid grid:1 \" >\n\n\t\t\t\t\t\n\t\t\t\t<div class=\"grid-group grid-group-0\">\n\t\t\t\t\t\t\t\t\t\t<div class=\"grid-inner gb-grid-wrapper \">\n\t\t\t\t\t\t\t\t\t\t\t\t\t<div class=\"grid-item gb-grid-column\">\n\t\t\t\t\t\t\t\n\t\t\t\t\t\t\t\n\t\t\t\t\t\t\t\n\t\t\t\t\t\t\t\n\t\t\t\t\t\t\t\n\t\t\t\t\t\t\t<!-- pages -->\n\t\t\t\t\t\t\t\n\t\t\t\t\t\t\t\t<!-- posts -->\n\n\t\t\t\t\t\t\t\t\n\t\t\t\t\t\t\t\t<!-- contacts -->\n\n\t\t\t\t\t\t\t\t\n\t\t\t\t\t\t\t\t<!-- downloads -->\n\n\t\t\t\t\t\t\t\t\t\t\t\t\t\t\t\t\n\t\t\t\t\t\t\t\t\t<div class=\"download-entry layout-two-col\">\n\t\t\t\t\t\t\t\t\t\t\t\t\t\t\t\t\t\t\t\t<div class=\"download-image\">\n\t\t\t\t\t\t\t\t\t\t\t<img loading=\"lazy\" decoding=\"async\" width=\"552\" height=\"388\" src=\"https:\/\/www.prologistik.com\/wp-content\/uploads\/prologistik-mockup-Broschuere_Etiketten_De.png\" class=\"attachment-full size-full wp-post-image\" alt=\"Production logistics\" srcset=\"https:\/\/www.prologistik.com\/wp-content\/uploads\/prologistik-mockup-Broschuere_Etiketten_De.png 552w, https:\/\/www.prologistik.com\/wp-content\/uploads\/prologistik-mockup-Broschuere_Etiketten_De-300x211.png 300w, https:\/\/www.prologistik.com\/wp-content\/uploads\/prologistik-mockup-Broschuere_Etiketten_De-150x105.png 150w\" sizes=\"auto, (max-width: 552px) 100vw, 552px\" \/>\t\t\t\t\t\t\t\t\t\t<\/div>\n\t\t\t\t\t\t\t\t\t\t\t\t\t\t\t\t\t\t\t\t\t\t\t\t\t\t\t\t\t\t\t<div class=\"download-content\">\n\t\t\t\t\t\t\t\t\t\t\t\t\t\t\t\t\t\t\t\t\t\t<div class=\"subheadline\" style=\"color:var(--color-dark-cyan); display:none;\">mehr erfahren<\/div>\n\t\t\t\t\t\t\t\t\t\t\t<div class=\"download-headline\">\n\t\t\t\t\t\t\t\t\t\t\t\tCatalogue d&#8217;\u00e9tiquettes\t\t\t\t\t\t\t\t\t\t\t<\/div>\n\t\t\t\t\t\t\t\t\t\t\t\n\t\t\t\t\t\t\t\t\t\t\t\t\t\t\t\t\t\t\t\t\t\t\t\t\t\t\t\t\t\t\t\t\t<div class=\"download-copytext\">\n\t\t\t\t\t\t\t\t\t\t\t\t<p>Nous vous proposons une grande vari\u00e9t\u00e9 d&#8217;\u00e9tiquettes, car nous nous sommes donn\u00e9 pour mission de toujours trouver la solution qui vous convient. Cela inclut bien entendu des solutions personnalis\u00e9es qui vous permettent d&#8217;\u00e9tiqueter facilement vos produits, m\u00eame dans des circonstances particuli\u00e8res. Informez-vous d\u00e8s maintenant sur les services que nous proposons en consultant notre catalogue d&#8217;\u00e9tiquettes.<\/p>\n\t\t\t\t\t\t \t\t\t\t\t<\/div>\n\t\t\t\t\t\t\t\t\t\t\t\t\t\t\t\t\t\t\t\t\t\t<div class=\"is-layout-flex wp-block-buttons\">\n            <div class=\"wp-block-button is-style-outline\">\n                <a class=\"wp-block-button__link has-color-blue-color has-text-color wp-element-button download-button\" \n                   data-download-file=\"1\" \n                   data-lang=\"fr\">\n                   T\u00e9l\u00e9chargement\n                <\/a>\n            <\/div>\n        <\/div>\t\t\t\t\t\t\t\t\t\t\t\n\t\t\t\t\t\t\t\t\t\t<\/div>\n\t\t\t\t\t\t\t\t\t\t\t\t\t\t\t\t\t\t\t<\/div>\t\t\t\t\t\t\t\t\n\t\t\t\t\t\t\t\t\t\n\n\t\t\t\t\t\t\t\t<!-- companies -->\n\n\t\t\t\t\t\t\t\t\t\n\t\t\t\t\t\t\t\t\n\t\t\t\t\t\t\t<\/div>\t\t\t\t\t\t\t\n\t\t\t\t\t\t\t\t\t\t\t<\/div>\n\t\t\t\t<\/div>\n\t\t\t\t \n\n            <\/div>\n        \n            \n\t\t\t<!-- else -->\n\n\t\t\t        \n            <!-- end:grid -->\n        \n            \n<\/div><\/div>\n<\/div>\n<\/div>\n<\/section>\n\n        \n            <!-- contact-form -->\n        \n                    \n            <!-- end:contact-form -->\n        \n            ","protected":false},"excerpt":{"rendered":"","protected":false},"author":1,"featured_media":0,"parent":29514,"menu_order":2,"comment_status":"closed","ping_status":"closed","template":"","meta":{"_acf_changed":false,"footnotes":""},"class_list":["post-29511","page","type-page","status-publish"],"acf":[],"yoast_head":"<!-- This site is optimized with the Yoast SEO Premium plugin v26.9 (Yoast SEO v27.5) - https:\/\/yoast.com\/product\/yoast-seo-premium-wordpress\/ -->\n<title>Etiquettes pour produits et marchandises surgel\u00e9s<\/title>\n<meta name=\"description\" content=\"Pour l&#039;industrie alimentaire &amp; le secteur de la sant\u00e9 \u2714\ufe0f Marquage des entrep\u00f4ts, des rayonnages, des palettes ou des produits pour les entrep\u00f4ts frigorifiques, les emballages de surgel\u00e9s ou les indications de dur\u00e9e de conservation \u2714\ufe0f\" \/>\n<meta name=\"robots\" content=\"index, follow, max-snippet:-1, max-image-preview:large, max-video-preview:-1\" \/>\n<link rel=\"canonical\" href=\"https:\/\/www.prologistik.com\/fr\/materiel-informatique\/labeling-etiquettes\/etiquettes-pour-produits-surgeles\/\" \/>\n<meta property=\"og:locale\" content=\"fr_FR\" \/>\n<meta property=\"og:type\" content=\"article\" \/>\n<meta property=\"og:title\" content=\"Etiquettes pour produits surgel\u00e9s\" \/>\n<meta property=\"og:description\" content=\"Pour l&#039;industrie alimentaire &amp; le secteur de la sant\u00e9 \u2714\ufe0f Marquage des entrep\u00f4ts, des rayonnages, des palettes ou des produits pour les entrep\u00f4ts frigorifiques, les emballages de surgel\u00e9s ou les indications de dur\u00e9e de conservation \u2714\ufe0f\" \/>\n<meta property=\"og:url\" content=\"https:\/\/www.prologistik.com\/fr\/materiel-informatique\/labeling-etiquettes\/etiquettes-pour-produits-surgeles\/\" \/>\n<meta property=\"og:site_name\" content=\"proLogistik Group\" \/>\n<meta property=\"article:modified_time\" content=\"2025-11-21T13:58:56+00:00\" \/>\n<meta name=\"twitter:card\" content=\"summary_large_image\" \/>\n<meta name=\"twitter:label1\" content=\"Dur\u00e9e de lecture estim\u00e9e\" \/>\n\t<meta name=\"twitter:data1\" content=\"2 minutes\" \/>\n<script type=\"application\/ld+json\" class=\"yoast-schema-graph\">{\"@context\":\"https:\\\/\\\/schema.org\",\"@graph\":[{\"@type\":\"WebPage\",\"@id\":\"https:\\\/\\\/www.prologistik.com\\\/fr\\\/materiel-informatique\\\/labeling-etiquettes\\\/etiquettes-pour-produits-surgeles\\\/\",\"url\":\"https:\\\/\\\/www.prologistik.com\\\/fr\\\/materiel-informatique\\\/labeling-etiquettes\\\/etiquettes-pour-produits-surgeles\\\/\",\"name\":\"Etiquettes pour produits et marchandises surgel\u00e9s\",\"isPartOf\":{\"@id\":\"https:\\\/\\\/www.prologistik.com\\\/fr\\\/#website\"},\"datePublished\":\"2023-02-28T15:41:49+00:00\",\"dateModified\":\"2025-11-21T13:58:56+00:00\",\"description\":\"Pour l'industrie alimentaire & le secteur de la sant\u00e9 \u2714\ufe0f Marquage des entrep\u00f4ts, des rayonnages, des palettes ou des produits pour les entrep\u00f4ts frigorifiques, les emballages de surgel\u00e9s ou les indications de dur\u00e9e de conservation \u2714\ufe0f\",\"breadcrumb\":{\"@id\":\"https:\\\/\\\/www.prologistik.com\\\/fr\\\/materiel-informatique\\\/labeling-etiquettes\\\/etiquettes-pour-produits-surgeles\\\/#breadcrumb\"},\"inLanguage\":\"fr-FR\",\"potentialAction\":[{\"@type\":\"ReadAction\",\"target\":[\"https:\\\/\\\/www.prologistik.com\\\/fr\\\/materiel-informatique\\\/labeling-etiquettes\\\/etiquettes-pour-produits-surgeles\\\/\"]}]},{\"@type\":\"BreadcrumbList\",\"@id\":\"https:\\\/\\\/www.prologistik.com\\\/fr\\\/materiel-informatique\\\/labeling-etiquettes\\\/etiquettes-pour-produits-surgeles\\\/#breadcrumb\",\"itemListElement\":[{\"@type\":\"ListItem\",\"position\":1,\"name\":\"Startseite\",\"item\":\"https:\\\/\\\/www.prologistik.com\\\/fr\\\/\"},{\"@type\":\"ListItem\",\"position\":2,\"name\":\"Hardware\",\"item\":\"https:\\\/\\\/www.prologistik.com\\\/fr\\\/materiel-informatique\\\/\"},{\"@type\":\"ListItem\",\"position\":3,\"name\":\"Labeling \\\/ \u00c9tiquettes\",\"item\":\"https:\\\/\\\/www.prologistik.com\\\/fr\\\/materiel-informatique\\\/labeling-etiquettes\\\/\"},{\"@type\":\"ListItem\",\"position\":4,\"name\":\"Etiquettes pour produits surgel\u00e9s\"}]},{\"@type\":\"WebSite\",\"@id\":\"https:\\\/\\\/www.prologistik.com\\\/fr\\\/#website\",\"url\":\"https:\\\/\\\/www.prologistik.com\\\/fr\\\/\",\"name\":\"proLogistik Group\",\"description\":\"Software und Hardware f\u00fcr die Intralogistik\",\"publisher\":{\"@id\":\"https:\\\/\\\/www.prologistik.com\\\/fr\\\/#organization\"},\"potentialAction\":[{\"@type\":\"SearchAction\",\"target\":{\"@type\":\"EntryPoint\",\"urlTemplate\":\"https:\\\/\\\/www.prologistik.com\\\/fr\\\/?s={search_term_string}\"},\"query-input\":{\"@type\":\"PropertyValueSpecification\",\"valueRequired\":true,\"valueName\":\"search_term_string\"}}],\"inLanguage\":\"fr-FR\"},{\"@type\":\"Organization\",\"@id\":\"https:\\\/\\\/www.prologistik.com\\\/fr\\\/#organization\",\"name\":\"proLogistik Group\",\"url\":\"https:\\\/\\\/www.prologistik.com\\\/fr\\\/\",\"logo\":{\"@type\":\"ImageObject\",\"inLanguage\":\"fr-FR\",\"@id\":\"https:\\\/\\\/www.prologistik.com\\\/fr\\\/#\\\/schema\\\/logo\\\/image\\\/\",\"url\":\"https:\\\/\\\/www.prologistik.com\\\/wp-content\\\/uploads\\\/prologistik-logo-web.svg\",\"contentUrl\":\"https:\\\/\\\/www.prologistik.com\\\/wp-content\\\/uploads\\\/prologistik-logo-web.svg\",\"width\":320,\"height\":59,\"caption\":\"proLogistik Group\"},\"image\":{\"@id\":\"https:\\\/\\\/www.prologistik.com\\\/fr\\\/#\\\/schema\\\/logo\\\/image\\\/\"}}]}<\/script>\n<!-- \/ Yoast SEO Premium plugin. -->","yoast_head_json":{"title":"Etiquettes pour produits et marchandises surgel\u00e9s","description":"Pour l'industrie alimentaire & le secteur de la sant\u00e9 \u2714\ufe0f Marquage des entrep\u00f4ts, des rayonnages, des palettes ou des produits pour les entrep\u00f4ts frigorifiques, les emballages de surgel\u00e9s ou les indications de dur\u00e9e de conservation \u2714\ufe0f","robots":{"index":"index","follow":"follow","max-snippet":"max-snippet:-1","max-image-preview":"max-image-preview:large","max-video-preview":"max-video-preview:-1"},"canonical":"https:\/\/www.prologistik.com\/fr\/materiel-informatique\/labeling-etiquettes\/etiquettes-pour-produits-surgeles\/","og_locale":"fr_FR","og_type":"article","og_title":"Etiquettes pour produits surgel\u00e9s","og_description":"Pour l'industrie alimentaire & le secteur de la sant\u00e9 \u2714\ufe0f Marquage des entrep\u00f4ts, des rayonnages, des palettes ou des produits pour les entrep\u00f4ts frigorifiques, les emballages de surgel\u00e9s ou les indications de dur\u00e9e de conservation \u2714\ufe0f","og_url":"https:\/\/www.prologistik.com\/fr\/materiel-informatique\/labeling-etiquettes\/etiquettes-pour-produits-surgeles\/","og_site_name":"proLogistik Group","article_modified_time":"2025-11-21T13:58:56+00:00","twitter_card":"summary_large_image","twitter_misc":{"Dur\u00e9e de lecture estim\u00e9e":"2 minutes"},"schema":{"@context":"https:\/\/schema.org","@graph":[{"@type":"WebPage","@id":"https:\/\/www.prologistik.com\/fr\/materiel-informatique\/labeling-etiquettes\/etiquettes-pour-produits-surgeles\/","url":"https:\/\/www.prologistik.com\/fr\/materiel-informatique\/labeling-etiquettes\/etiquettes-pour-produits-surgeles\/","name":"Etiquettes pour produits et marchandises surgel\u00e9s","isPartOf":{"@id":"https:\/\/www.prologistik.com\/fr\/#website"},"datePublished":"2023-02-28T15:41:49+00:00","dateModified":"2025-11-21T13:58:56+00:00","description":"Pour l'industrie alimentaire & le secteur de la sant\u00e9 \u2714\ufe0f Marquage des entrep\u00f4ts, des rayonnages, des palettes ou des produits pour les entrep\u00f4ts frigorifiques, les emballages de surgel\u00e9s ou les indications de dur\u00e9e de conservation \u2714\ufe0f","breadcrumb":{"@id":"https:\/\/www.prologistik.com\/fr\/materiel-informatique\/labeling-etiquettes\/etiquettes-pour-produits-surgeles\/#breadcrumb"},"inLanguage":"fr-FR","potentialAction":[{"@type":"ReadAction","target":["https:\/\/www.prologistik.com\/fr\/materiel-informatique\/labeling-etiquettes\/etiquettes-pour-produits-surgeles\/"]}]},{"@type":"BreadcrumbList","@id":"https:\/\/www.prologistik.com\/fr\/materiel-informatique\/labeling-etiquettes\/etiquettes-pour-produits-surgeles\/#breadcrumb","itemListElement":[{"@type":"ListItem","position":1,"name":"Startseite","item":"https:\/\/www.prologistik.com\/fr\/"},{"@type":"ListItem","position":2,"name":"Hardware","item":"https:\/\/www.prologistik.com\/fr\/materiel-informatique\/"},{"@type":"ListItem","position":3,"name":"Labeling \/ \u00c9tiquettes","item":"https:\/\/www.prologistik.com\/fr\/materiel-informatique\/labeling-etiquettes\/"},{"@type":"ListItem","position":4,"name":"Etiquettes pour produits surgel\u00e9s"}]},{"@type":"WebSite","@id":"https:\/\/www.prologistik.com\/fr\/#website","url":"https:\/\/www.prologistik.com\/fr\/","name":"proLogistik Group","description":"Software und Hardware f\u00fcr die Intralogistik","publisher":{"@id":"https:\/\/www.prologistik.com\/fr\/#organization"},"potentialAction":[{"@type":"SearchAction","target":{"@type":"EntryPoint","urlTemplate":"https:\/\/www.prologistik.com\/fr\/?s={search_term_string}"},"query-input":{"@type":"PropertyValueSpecification","valueRequired":true,"valueName":"search_term_string"}}],"inLanguage":"fr-FR"},{"@type":"Organization","@id":"https:\/\/www.prologistik.com\/fr\/#organization","name":"proLogistik Group","url":"https:\/\/www.prologistik.com\/fr\/","logo":{"@type":"ImageObject","inLanguage":"fr-FR","@id":"https:\/\/www.prologistik.com\/fr\/#\/schema\/logo\/image\/","url":"https:\/\/www.prologistik.com\/wp-content\/uploads\/prologistik-logo-web.svg","contentUrl":"https:\/\/www.prologistik.com\/wp-content\/uploads\/prologistik-logo-web.svg","width":320,"height":59,"caption":"proLogistik Group"},"image":{"@id":"https:\/\/www.prologistik.com\/fr\/#\/schema\/logo\/image\/"}}]}},"_links":{"self":[{"href":"https:\/\/www.prologistik.com\/fr\/wp-json\/wp\/v2\/pages\/29511","targetHints":{"allow":["GET"]}}],"collection":[{"href":"https:\/\/www.prologistik.com\/fr\/wp-json\/wp\/v2\/pages"}],"about":[{"href":"https:\/\/www.prologistik.com\/fr\/wp-json\/wp\/v2\/types\/page"}],"author":[{"embeddable":true,"href":"https:\/\/www.prologistik.com\/fr\/wp-json\/wp\/v2\/users\/1"}],"replies":[{"embeddable":true,"href":"https:\/\/www.prologistik.com\/fr\/wp-json\/wp\/v2\/comments?post=29511"}],"version-history":[{"count":4,"href":"https:\/\/www.prologistik.com\/fr\/wp-json\/wp\/v2\/pages\/29511\/revisions"}],"predecessor-version":[{"id":55169,"href":"https:\/\/www.prologistik.com\/fr\/wp-json\/wp\/v2\/pages\/29511\/revisions\/55169"}],"up":[{"embeddable":true,"href":"https:\/\/www.prologistik.com\/fr\/wp-json\/wp\/v2\/pages\/29514"}],"wp:attachment":[{"href":"https:\/\/www.prologistik.com\/fr\/wp-json\/wp\/v2\/media?parent=29511"}],"curies":[{"name":"wp","href":"https:\/\/api.w.org\/{rel}","templated":true}]}}