{"id":29505,"date":"2023-02-28T16:41:48","date_gmt":"2023-02-28T15:41:48","guid":{"rendered":"https:\/\/prologistik.pixel-tal.de\/entrepot-logistique"},"modified":"2025-11-24T11:56:28","modified_gmt":"2025-11-24T10:56:28","slug":"entrepot-logistique","status":"publish","type":"page","link":"https:\/\/www.prologistik.com\/fr\/materiel-informatique\/applications-pc-industriels\/entrepot-logistique\/","title":{"rendered":"Entrep\u00f4t &amp; logistique"},"content":{"rendered":"        \n            <!-- pagehead -->\n        \n                    \n\t\t\t<div id=\"pagehead-block_351ec4566120b04a7f168218e22758a5\" class=\"pagehead size-very-small\">\n\t\t\t\n\t\t\t\t<div class=\"pagehead-background\">\n\t\t\t\t<!-- image_id: 44389 | alt: Bannerbild Lager und Logistik -->\t\t\t\t\t\t\t\t\t<img decoding=\"async\" class=\"test\" src=\"https:\/\/www.prologistik.com\/wp-content\/uploads\/pLG_Website_Hardware_Lager-und-Logistik_Banner_1920x840px_2024-\u2013-1.jpg\" alt=\"Bannerbild Lager und Logistik\" \/>\n\t\t\t\t\n\t\t\t\t<\/div>\n\t\t\t<\/div>\n        \n                    \n            <!-- end:pagehead -->\n        \n            \n\n<section class=\"gb-container gb-container-97381a90\">\n<div class=\"gb-container gb-container-76c9f99c\">\n<div class=\"gb-grid-wrapper gb-grid-wrapper-3c5d1c2a\">\n<div class=\"gb-grid-column gb-grid-column-aad5e0fa\"><div class=\"gb-container gb-container-aad5e0fa\">\n        \n            <!-- ProductSlider -->\n        \n            \t\t\t<div id=\"product-slider-block_dbc36282773288c40f3df85f98872670\" data-columns=\"1\" data-layout=\"thumbnails\" class=\"product-slider thumbnails\">\n                                                    <div class=\"slides\">\n                                                    <a href=\"https:\/\/www.prologistik.com\/wp-content\/uploads\/prologistik-content-pro-v-pad-classic-1.jpg\" >\n\t\t\t\t\t\t\t\t<img loading=\"lazy\" decoding=\"async\" width=\"700\" height=\"700\" src=\"https:\/\/www.prologistik.com\/wp-content\/uploads\/prologistik-content-pro-v-pad-classic-1.jpg\" class=\"attachment-full size-full\" alt=\"Pro V Pad Classic\" srcset=\"https:\/\/www.prologistik.com\/wp-content\/uploads\/prologistik-content-pro-v-pad-classic-1.jpg 700w, https:\/\/www.prologistik.com\/wp-content\/uploads\/prologistik-content-pro-v-pad-classic-1-300x300.jpg 300w, https:\/\/www.prologistik.com\/wp-content\/uploads\/prologistik-content-pro-v-pad-classic-1-150x150.jpg 150w, https:\/\/www.prologistik.com\/wp-content\/uploads\/prologistik-content-pro-v-pad-classic-1-480x480.jpg 480w\" sizes=\"auto, (max-width: 700px) 100vw, 700px\" \/>                               \n                            <\/a>\n                                                    <a href=\"https:\/\/www.prologistik.com\/wp-content\/uploads\/prologistik-content-pro-v-pad-classic-2.jpg\" >\n\t\t\t\t\t\t\t\t<img loading=\"lazy\" decoding=\"async\" width=\"700\" height=\"700\" src=\"https:\/\/www.prologistik.com\/wp-content\/uploads\/prologistik-content-pro-v-pad-classic-2.jpg\" class=\"attachment-full size-full\" alt=\"R\u00fcckansicht Pro V Pad Classic\" srcset=\"https:\/\/www.prologistik.com\/wp-content\/uploads\/prologistik-content-pro-v-pad-classic-2.jpg 700w, https:\/\/www.prologistik.com\/wp-content\/uploads\/prologistik-content-pro-v-pad-classic-2-300x300.jpg 300w, https:\/\/www.prologistik.com\/wp-content\/uploads\/prologistik-content-pro-v-pad-classic-2-150x150.jpg 150w, https:\/\/www.prologistik.com\/wp-content\/uploads\/prologistik-content-pro-v-pad-classic-2-480x480.jpg 480w\" sizes=\"auto, (max-width: 700px) 100vw, 700px\" \/>                               \n                            <\/a>\n                                                    <a href=\"https:\/\/www.prologistik.com\/wp-content\/uploads\/prologistik-content-pro-v-pad-classic-3.jpg\" >\n\t\t\t\t\t\t\t\t<img loading=\"lazy\" decoding=\"async\" width=\"700\" height=\"700\" src=\"https:\/\/www.prologistik.com\/wp-content\/uploads\/prologistik-content-pro-v-pad-classic-3.jpg\" class=\"attachment-full size-full\" alt=\"Seitenansicht Pro V Pad Classic\" srcset=\"https:\/\/www.prologistik.com\/wp-content\/uploads\/prologistik-content-pro-v-pad-classic-3.jpg 700w, https:\/\/www.prologistik.com\/wp-content\/uploads\/prologistik-content-pro-v-pad-classic-3-300x300.jpg 300w, https:\/\/www.prologistik.com\/wp-content\/uploads\/prologistik-content-pro-v-pad-classic-3-150x150.jpg 150w, https:\/\/www.prologistik.com\/wp-content\/uploads\/prologistik-content-pro-v-pad-classic-3-480x480.jpg 480w\" sizes=\"auto, (max-width: 700px) 100vw, 700px\" \/>                               \n                            <\/a>\n                                                    <a href=\"https:\/\/www.prologistik.com\/wp-content\/uploads\/prologistik-content-pro-v-pad-classic-4.jpg\" >\n\t\t\t\t\t\t\t\t<img loading=\"lazy\" decoding=\"async\" width=\"700\" height=\"700\" src=\"https:\/\/www.prologistik.com\/wp-content\/uploads\/prologistik-content-pro-v-pad-classic-4.jpg\" class=\"attachment-full size-full\" alt=\"Pro V Pad Classic mit Scanner-Halterung\" srcset=\"https:\/\/www.prologistik.com\/wp-content\/uploads\/prologistik-content-pro-v-pad-classic-4.jpg 700w, https:\/\/www.prologistik.com\/wp-content\/uploads\/prologistik-content-pro-v-pad-classic-4-300x300.jpg 300w, https:\/\/www.prologistik.com\/wp-content\/uploads\/prologistik-content-pro-v-pad-classic-4-150x150.jpg 150w, https:\/\/www.prologistik.com\/wp-content\/uploads\/prologistik-content-pro-v-pad-classic-4-480x480.jpg 480w\" sizes=\"auto, (max-width: 700px) 100vw, 700px\" \/>                               \n                            <\/a>\n                         \n                    <\/div>\n                                        <!-- thumbails -->\n                    <ul class=\"slider-thumbnail list-inline text-center\">\n                                                <li class=\"list-inline-item\">\n                        \t<img loading=\"lazy\" decoding=\"async\" width=\"700\" height=\"700\" src=\"https:\/\/www.prologistik.com\/wp-content\/uploads\/prologistik-content-pro-v-pad-classic-1.jpg\" class=\"attachment-full size-full\" alt=\"Pro V Pad Classic\" srcset=\"https:\/\/www.prologistik.com\/wp-content\/uploads\/prologistik-content-pro-v-pad-classic-1.jpg 700w, https:\/\/www.prologistik.com\/wp-content\/uploads\/prologistik-content-pro-v-pad-classic-1-300x300.jpg 300w, https:\/\/www.prologistik.com\/wp-content\/uploads\/prologistik-content-pro-v-pad-classic-1-150x150.jpg 150w, https:\/\/www.prologistik.com\/wp-content\/uploads\/prologistik-content-pro-v-pad-classic-1-480x480.jpg 480w\" sizes=\"auto, (max-width: 700px) 100vw, 700px\" \/>                        <\/li>\n                                                <li class=\"list-inline-item\">\n                        \t<img loading=\"lazy\" decoding=\"async\" width=\"700\" height=\"700\" src=\"https:\/\/www.prologistik.com\/wp-content\/uploads\/prologistik-content-pro-v-pad-classic-2.jpg\" class=\"attachment-full size-full\" alt=\"R\u00fcckansicht Pro V Pad Classic\" srcset=\"https:\/\/www.prologistik.com\/wp-content\/uploads\/prologistik-content-pro-v-pad-classic-2.jpg 700w, https:\/\/www.prologistik.com\/wp-content\/uploads\/prologistik-content-pro-v-pad-classic-2-300x300.jpg 300w, https:\/\/www.prologistik.com\/wp-content\/uploads\/prologistik-content-pro-v-pad-classic-2-150x150.jpg 150w, https:\/\/www.prologistik.com\/wp-content\/uploads\/prologistik-content-pro-v-pad-classic-2-480x480.jpg 480w\" sizes=\"auto, (max-width: 700px) 100vw, 700px\" \/>                        <\/li>\n                                                <li class=\"list-inline-item\">\n                        \t<img loading=\"lazy\" decoding=\"async\" width=\"700\" height=\"700\" src=\"https:\/\/www.prologistik.com\/wp-content\/uploads\/prologistik-content-pro-v-pad-classic-3.jpg\" class=\"attachment-full size-full\" alt=\"Seitenansicht Pro V Pad Classic\" srcset=\"https:\/\/www.prologistik.com\/wp-content\/uploads\/prologistik-content-pro-v-pad-classic-3.jpg 700w, https:\/\/www.prologistik.com\/wp-content\/uploads\/prologistik-content-pro-v-pad-classic-3-300x300.jpg 300w, https:\/\/www.prologistik.com\/wp-content\/uploads\/prologistik-content-pro-v-pad-classic-3-150x150.jpg 150w, https:\/\/www.prologistik.com\/wp-content\/uploads\/prologistik-content-pro-v-pad-classic-3-480x480.jpg 480w\" sizes=\"auto, (max-width: 700px) 100vw, 700px\" \/>                        <\/li>\n                                                <li class=\"list-inline-item\">\n                        \t<img loading=\"lazy\" decoding=\"async\" width=\"700\" height=\"700\" src=\"https:\/\/www.prologistik.com\/wp-content\/uploads\/prologistik-content-pro-v-pad-classic-4.jpg\" class=\"attachment-full size-full\" alt=\"Pro V Pad Classic mit Scanner-Halterung\" srcset=\"https:\/\/www.prologistik.com\/wp-content\/uploads\/prologistik-content-pro-v-pad-classic-4.jpg 700w, https:\/\/www.prologistik.com\/wp-content\/uploads\/prologistik-content-pro-v-pad-classic-4-300x300.jpg 300w, https:\/\/www.prologistik.com\/wp-content\/uploads\/prologistik-content-pro-v-pad-classic-4-150x150.jpg 150w, https:\/\/www.prologistik.com\/wp-content\/uploads\/prologistik-content-pro-v-pad-classic-4-480x480.jpg 480w\" sizes=\"auto, (max-width: 700px) 100vw, 700px\" \/>                        <\/li>\n                                            <\/ul>\n                    <!-- end thumbails -->\n\t\t\t\t\t                                    \t\t\t<\/div>\n                    \n            <!-- end:ProductSlider -->\n        \n            \n<\/div><\/div>\n\n<div class=\"gb-grid-column gb-grid-column-351b66dd\"><div class=\"gb-container gb-container-351b66dd globe-absolute\">\n<div class=\"gb-grid-wrapper gb-grid-wrapper-8aa7cf1e\">\n<div class=\"gb-grid-column gb-grid-column-99fe9a96\"><div class=\"gb-container gb-container-99fe9a96\">\n\n<div class=\"wp-block-pixel-headline headlines is-subheadline-top has-text-align-left\"><h2 class=\"headline is-h1\" style=\"color:\">Terminal pour chariot \u00e9l\u00e9vateur pour l&#8217;entrep\u00f4t et la logistique<\/h2><span class=\"subheadline\" style=\"color:var(--color-blue)\">Pour une gestion sans faille \u00c0 l&#8217;entrep\u00f4t<\/span><\/div>\n\n<\/div><\/div>\n\n<div class=\"gb-grid-column gb-grid-column-6e253403\"><div class=\"gb-container gb-container-6e253403\">\n\n<figure class=\"wp-block-image size-large\"><img loading=\"lazy\" decoding=\"async\" width=\"129\" height=\"120\" src=\"https:\/\/www.prologistik.com\/wp-content\/uploads\/icon-made-in-germany.svg\" alt=\"\" class=\"wp-image-13174\" \/><\/figure>\n\n<\/div><\/div>\n\n<div class=\"gb-grid-column gb-grid-column-b2b9d2cf\"><div class=\"gb-container gb-container-b2b9d2cf\">\n\n<p>Vous recherchez un ordinateur embarqu\u00e9 compact pour votre chariot \u00e9l\u00e9vateur ? Vous souhaitez consulter votre logiciel de gestion d&#8217;entrep\u00f4t \u00e0 tout moment en situation de mobilit\u00e9 ? Alors nous avons la solution qui vous convient.<\/p>\n\n\n\n<p>Notre terminal pour chariot \u00e9l\u00e9vateur se fixe facilement \u00e0 tous les chariots \u00e9l\u00e9vateurs et v\u00e9hicules de manutention et vous assure un d\u00e9roulement des op\u00e9rations sans probl\u00e8me dans l&#8217;entrep\u00f4t. Gr\u00e2ce \u00e0 sa construction particuli\u00e8rement robuste, ce terminal de chariot \u00e9l\u00e9vateur r\u00e9siste aux fortes vibrations et aux diff\u00e9rences de temp\u00e9rature.<\/p>\n\n\n\n<p>La technologie multi-touch permet l&#8217;utilisation avec un gant. Ainsi, vous auriez toujours un \u0153il sur vos processus de stockage gr\u00e2ce \u00e0 notre terminal pour chariot \u00e9l\u00e9vateur.<\/p>\n\n\n\n<div class=\"wp-block-buttons is-layout-flex wp-block-buttons-is-layout-flex\">\n<div class=\"wp-block-button is-style-outline is-style-outline--1\"><a class=\"wp-block-button__link has-color-blue-color has-text-color wp-element-button\" href=\"https:\/\/www.prologistik.com\/fr\/materiel-informatique\/pc-industriels\/pro-v-pad-classic\/\">En savoir plus sur le pro-V-pad classic<\/a><\/div>\n<\/div>\n\n<\/div><\/div>\n<\/div>\n<\/div><\/div>\n<\/div>\n<\/div>\n<\/section>\n\n<section class=\"gb-container gb-container-47693c79 gb-container-no-padding-top\">\n<div class=\"gb-container gb-container-0f6a7f38\">\n<div class=\"gb-grid-wrapper gb-grid-wrapper-9b20398e\">\n<div class=\"gb-grid-column gb-grid-column-d416f021\"><div class=\"gb-container gb-container-d416f021\"><div class=\"gb-inside-container\">\n\n<div class=\"wp-block-pixel-headline headlines is-subheadline-top has-text-align-left is-gap-xs\"><h2 class=\"headline\" style=\"color:\">Vos avantages :<\/h2><\/div>\n\n<\/div><\/div><\/div>\n\n<div class=\"gb-grid-column gb-grid-column-b2366162\"><div class=\"gb-container gb-container-b2366162\">\n<div class=\"gb-grid-wrapper gb-grid-wrapper-21fccbbd\">\n<div class=\"gb-grid-column gb-grid-column-ba401c8a\"><div class=\"gb-container gb-container-ba401c8a\">\n    <div id=\"iconbox-block_799fee5381837d7a5cf293832ae7fa06\" class=\"iconbox layout-row style-normal icon-has-color\">\n        <div class=\"iconbox-content-wrap\">\n            <div class=\"iconbox-headline-wrap color-blue\">\n                <div class=\"iconbox-icon-wrap\">\n                                        <div class=\"iconbox-icon\" style=\"mask-image:url('https:\/\/www.prologistik.com\/wp-content\/uploads\/icon-checkmark-round.svg');-webkit-mask-image: url('https:\/\/www.prologistik.com\/wp-content\/uploads\/icon-checkmark-round.svg);\">\n                    <\/div>\n                                    <\/div>\n                <div class=\"iconbox-headline\">\n                    Configuration individuelle des terminaux de chariots \u00e9l\u00e9vateurs                <\/div>\n            <\/div>\n                        <div class=\"iconbox-copytext\">\n                <p>Gr\u00e2ce \u00e0 ses nombreuses variantes d&#8217;\u00e9quipement, le terminal pour chariot \u00e9l\u00e9vateur de proLogistik peut \u00eatre configur\u00e9 individuellement et peut ainsi \u00eatre utilis\u00e9 dans de diff\u00e9rents domaines de la logistique d&#8217;entrep\u00f4t. Nous vous offrons la possibilit\u00e9 de choisir entre les syst\u00e8mes d&#8217;exploitation Windows, Linux, Igel et Android. Selon le syst\u00e8me d&#8217;exploitation, vous avez le choix entre les tout derniers processeurs d&#8217;Intel\u00ae et de Qualcomm ainsi que diff\u00e9rentes capacit\u00e9s dans le domaine de la m\u00e9moire vive et d&#8217;interfaces comme USB, HDMI, Bluetooth et WIFI.<\/p>\n                            <\/div>\n                    <\/div> \n    <\/div>\n    \n<\/div><\/div>\n\n<div class=\"gb-grid-column gb-grid-column-108537af\"><div class=\"gb-container gb-container-108537af\">\n    <div id=\"iconbox-block_96f272b143ce10ef888022c3561fedfe\" class=\"iconbox layout-row style-normal icon-has-color\">\n        <div class=\"iconbox-content-wrap\">\n            <div class=\"iconbox-headline-wrap color-blue\">\n                <div class=\"iconbox-icon-wrap\">\n                                        <div class=\"iconbox-icon\" style=\"mask-image:url('https:\/\/www.prologistik.com\/wp-content\/uploads\/icon-checkmark-round.svg');-webkit-mask-image: url('https:\/\/www.prologistik.com\/wp-content\/uploads\/icon-checkmark-round.svg);\">\n                    <\/div>\n                                    <\/div>\n                <div class=\"iconbox-headline\">\n                    Robuste et durable                <\/div>\n            <\/div>\n                        <div class=\"iconbox-copytext\">\n                <p>Gr\u00e2ce \u00e0 leur construction particuli\u00e8rement robuste, les terminaux sont parfaitement adapt\u00e9s aux chariots \u00e9l\u00e9vateurs. En particulier lors des man\u0153uvres et de la conduite, les composants sont expos\u00e9s en permanence \u00e0 des chocs et \u00e0 des vibrations. C&#8217;est pourquoi pour la fabrication d&#8217;un terminal de chariot \u00e9l\u00e9vateur, proLogistik n&#8217;utilise que des composants de syst\u00e8me de haute qualit\u00e9, augmentant ainsi significativement la dur\u00e9e de vie et assurant un travail stable. Par exemple, la vitre de protection composite pr\u00e9sente une surface r\u00e9sistante aux rayures et \u00e0 l&#8217;abrasion, ce qui augmente la long\u00e9vit\u00e9 du terminal du chariot \u00e9l\u00e9vateur.<\/p>\n                            <\/div>\n                    <\/div> \n    <\/div>\n    \n<\/div><\/div>\n\n<div class=\"gb-grid-column gb-grid-column-54e947ba\"><div class=\"gb-container gb-container-54e947ba\">\n    <div id=\"iconbox-block_736219f3001a21f1a24f76c69b027772\" class=\"iconbox layout-row style-normal icon-has-color\">\n        <div class=\"iconbox-content-wrap\">\n            <div class=\"iconbox-headline-wrap color-blue\">\n                <div class=\"iconbox-icon-wrap\">\n                                        <div class=\"iconbox-icon\" style=\"mask-image:url('https:\/\/www.prologistik.com\/wp-content\/uploads\/icon-checkmark-round.svg');-webkit-mask-image: url('https:\/\/www.prologistik.com\/wp-content\/uploads\/icon-checkmark-round.svg);\">\n                    <\/div>\n                                    <\/div>\n                <div class=\"iconbox-headline\">\n                    Les terminaux pour chariots \u00e9l\u00e9vateurs peuvent \u00eatre utilis\u00e9s dans tous les domaines de la logistique                <\/div>\n            <\/div>\n                        <div class=\"iconbox-copytext\">\n                <p>Dans le secteur logistique, il s&#8217;agit de transporter les marchandises de A \u00e0 B le plus rapidement et le plus efficacement possible. De la r\u00e9ception \u00e0 la sortie des marchandises en passant par la pr\u00e9paration des commandes, des chariots \u00e9l\u00e9vateurs et d&#8217;autres v\u00e9hicules mobiles sont utilis\u00e9s. C&#8217;est l\u00e0 qu&#8217;interviennent nos terminaux pour chariots \u00e9l\u00e9vateurs. Ils se montent facilement sur tous les chariots de manutention et assurent un transfert rapide des donn\u00e9es. Ainsi, vos collaborateurs de l&#8217;entrep\u00f4t ont \u00e0 tout moment une vue d&#8217;ensemble des processus logistiques.<\/p>\n                            <\/div>\n                    <\/div> \n    <\/div>\n    \n<\/div><\/div>\n\n<div class=\"gb-grid-column gb-grid-column-4adf4319\"><div class=\"gb-container gb-container-4adf4319\">\n    <div id=\"iconbox-block_c9156caba163bbb72ed947bf1b074491\" class=\"iconbox layout-row style-normal icon-has-color\">\n        <div class=\"iconbox-content-wrap\">\n            <div class=\"iconbox-headline-wrap color-blue\">\n                <div class=\"iconbox-icon-wrap\">\n                                        <div class=\"iconbox-icon\" style=\"mask-image:url('https:\/\/www.prologistik.com\/wp-content\/uploads\/icon-checkmark-round.svg');-webkit-mask-image: url('https:\/\/www.prologistik.com\/wp-content\/uploads\/icon-checkmark-round.svg);\">\n                    <\/div>\n                                    <\/div>\n                <div class=\"iconbox-headline\">\n                    Possibilit\u00e9 de connexion \u00e0 divers syst\u00e8mes de gestion d&#8217;entrep\u00f4t (SGE)                <\/div>\n            <\/div>\n                        <div class=\"iconbox-copytext\">\n                <p>Quel que soit le logiciel de gestion d&#8217;entrep\u00f4t que vous utilisez, nous vous assurons une solution mat\u00e9rielle optimis\u00e9e. Les terminaux pour chariots \u00e9l\u00e9vateurs de proLogistik vous permettent une connexion \u00e0 des solutions logicielles diverses, quel que soit le fabricant.<\/p>\n                            <\/div>\n                    <\/div> \n    <\/div>\n    \n<\/div><\/div>\n\n<div class=\"gb-grid-column gb-grid-column-dae7227e\"><div class=\"gb-container gb-container-dae7227e\">\n    <div id=\"iconbox-block_197393ba927dbd249b48546d5ecc8dd5\" class=\"iconbox layout-row style-normal icon-has-color\">\n        <div class=\"iconbox-content-wrap\">\n            <div class=\"iconbox-headline-wrap color-blue\">\n                <div class=\"iconbox-icon-wrap\">\n                                        <div class=\"iconbox-icon\" style=\"mask-image:url('https:\/\/www.prologistik.com\/wp-content\/uploads\/icon-checkmark-round.svg');-webkit-mask-image: url('https:\/\/www.prologistik.com\/wp-content\/uploads\/icon-checkmark-round.svg);\">\n                    <\/div>\n                                    <\/div>\n                <div class=\"iconbox-headline\">\n                    Utilisable avec des gants                <\/div>\n            <\/div>\n                        <div class=\"iconbox-copytext\">\n                <p>Dans certains domaines d\u2019utilisation tels que la logistique des produits congel\u00e9s, le port de gants \u00e9pais est obligatoire. Les terminaux pour chariots \u00e9l\u00e9vateurs de proLogistik se distinguent par la possibilit\u00e9 d&#8217;utilisation avec des gants et sans restrictions. M\u00eame avec des gants de travail quotidiennement, le terminal pour chariot \u00e9l\u00e9vateur peut \u00eatre utilis\u00e9 de mani\u00e8re flexible gr\u00e2ce \u00e0 la technologie capacitive multi-touch.<\/p>\n                            <\/div>\n                    <\/div> \n    <\/div>\n    \n<\/div><\/div>\n\n<div class=\"gb-grid-column gb-grid-column-73146dfb\"><div class=\"gb-container gb-container-73146dfb\">\n    <div id=\"iconbox-block_4562efd8aaa4059abe4cd8ff1df2af76\" class=\"iconbox layout-row style-normal icon-has-color\">\n        <div class=\"iconbox-content-wrap\">\n            <div class=\"iconbox-headline-wrap color-blue\">\n                <div class=\"iconbox-icon-wrap\">\n                                        <div class=\"iconbox-icon\" style=\"mask-image:url('https:\/\/www.prologistik.com\/wp-content\/uploads\/icon-checkmark-round.svg');-webkit-mask-image: url('https:\/\/www.prologistik.com\/wp-content\/uploads\/icon-checkmark-round.svg);\">\n                    <\/div>\n                                    <\/div>\n                <div class=\"iconbox-headline\">\n                    Service client\u00e8le sur place                <\/div>\n            <\/div>\n                        <div class=\"iconbox-copytext\">\n                <p>Nos terminaux pour chariots \u00e9l\u00e9vateurs proLogistik sont con\u00e7us et produits sur le site de Dortmund. Nous offrons la meilleure qualit\u00e9 \u00ab Made in Germany \u00bb en nous appuyant sur plus de 35 ans d&#8217;exp\u00e9rience dans le d\u00e9veloppement de mat\u00e9riel industriel performant.<\/p>\n                            <\/div>\n                    <\/div> \n    <\/div>\n    \n<\/div><\/div>\n<\/div>\n<\/div><\/div>\n<\/div>\n<\/div>\n<\/section>\n\n<section class=\"gb-container gb-container-759cf7a8\">\n<div class=\"gb-container gb-container-af697b76\">\n<div class=\"gb-grid-wrapper gb-grid-wrapper-18a36375\">\n<div class=\"gb-grid-column gb-grid-column-be0c124d\"><div class=\"gb-container gb-container-be0c124d\">\n        \n            <!-- ProductSlider -->\n        \n            \t\t\t<div id=\"product-slider-block_b2356d2de5674825e21818b3e29ce8b4\" data-columns=\"1\" data-layout=\"standard\" class=\"product-slider standard\">\n                                                    <div class=\"slides\">\n                                                    <a href=\"https:\/\/www.prologistik.com\/wp-content\/uploads\/prologistik-content-lager-logistik-gallery-3.jpg\" >\n\t\t\t\t\t\t\t\t<img loading=\"lazy\" decoding=\"async\" width=\"700\" height=\"752\" src=\"https:\/\/www.prologistik.com\/wp-content\/uploads\/prologistik-content-lager-logistik-gallery-3.jpg\" class=\"attachment-full size-full\" alt=\"Hilfsmittel f\u00fcr Prozesse f\u00fcr Lager und Logistik\" srcset=\"https:\/\/www.prologistik.com\/wp-content\/uploads\/prologistik-content-lager-logistik-gallery-3.jpg 700w, https:\/\/www.prologistik.com\/wp-content\/uploads\/prologistik-content-lager-logistik-gallery-3-279x300.jpg 279w, https:\/\/www.prologistik.com\/wp-content\/uploads\/prologistik-content-lager-logistik-gallery-3-140x150.jpg 140w\" sizes=\"auto, (max-width: 700px) 100vw, 700px\" \/>                               \n                            <\/a>\n                                                    <a href=\"https:\/\/www.prologistik.com\/wp-content\/uploads\/prologistik-content-lager-logistik-gallery-1.jpg\" >\n\t\t\t\t\t\t\t\t<img loading=\"lazy\" decoding=\"async\" width=\"700\" height=\"752\" src=\"https:\/\/www.prologistik.com\/wp-content\/uploads\/prologistik-content-lager-logistik-gallery-1.jpg\" class=\"attachment-full size-full\" alt=\"Barcode Scanner im Lager in Aktion\" srcset=\"https:\/\/www.prologistik.com\/wp-content\/uploads\/prologistik-content-lager-logistik-gallery-1.jpg 700w, https:\/\/www.prologistik.com\/wp-content\/uploads\/prologistik-content-lager-logistik-gallery-1-279x300.jpg 279w, https:\/\/www.prologistik.com\/wp-content\/uploads\/prologistik-content-lager-logistik-gallery-1-140x150.jpg 140w\" sizes=\"auto, (max-width: 700px) 100vw, 700px\" \/>                               \n                            <\/a>\n                                                    <a href=\"https:\/\/www.prologistik.com\/wp-content\/uploads\/prologistik-content-lager-logistik-gallery-2.jpg\" >\n\t\t\t\t\t\t\t\t<img loading=\"lazy\" decoding=\"async\" width=\"700\" height=\"752\" src=\"https:\/\/www.prologistik.com\/wp-content\/uploads\/prologistik-content-lager-logistik-gallery-2.jpg\" class=\"attachment-full size-full\" alt=\"Effiziente Lager Logistik mit proLogistic\" srcset=\"https:\/\/www.prologistik.com\/wp-content\/uploads\/prologistik-content-lager-logistik-gallery-2.jpg 700w, https:\/\/www.prologistik.com\/wp-content\/uploads\/prologistik-content-lager-logistik-gallery-2-279x300.jpg 279w, https:\/\/www.prologistik.com\/wp-content\/uploads\/prologistik-content-lager-logistik-gallery-2-140x150.jpg 140w\" sizes=\"auto, (max-width: 700px) 100vw, 700px\" \/>                               \n                            <\/a>\n                         \n                    <\/div>\n                                    \t\t\t<\/div>\n                    \n            <!-- end:ProductSlider -->\n        \n            \n<\/div><\/div>\n\n<div class=\"gb-grid-column gb-grid-column-cf63af50\"><div class=\"gb-container gb-container-cf63af50\">\n\n<div class=\"wp-block-pixel-headline headlines is-subheadline-top has-text-align-left\"><h2 class=\"headline\" style=\"color:\">Une qualit\u00e9 qui porte ses fruits<\/h2><\/div>\n\n\n\n<p>Avec nos terminaux pour chariots \u00e9l\u00e9vateurs destin\u00e9s au march\u00e9 de la logistique, nous sommes solidement \u00e9tablis depuis plus de trois d\u00e9cennies. Pour nos clients et avec eux, nous agissons depuis de nombreuses ann\u00e9es en tant que fabricant loyal de mat\u00e9riel dans le domaine de l&#8217;intra-logistique avec un profil de prestations tr\u00e8s particulier.<\/p>\n\n\n\n<p>proLogistik n&#8217;est pas seulement synonyme de produits de haute qualit\u00e9, mais aussi d&#8217;une grande connaissance du secteur avec un service optimal.<\/p>\n\n\n\n<p><strong>Un service comp\u00e9tent et rapide<br><\/strong>Profitez de notre centre de r\u00e9paration situ\u00e9 en Allemagne. Des d\u00e9lais d&#8217;attente courts et un service de r\u00e9paration vous assurent une remise en marche rapide de votre terminal de chariot \u00e9l\u00e9vateur d\u00e9fectueux et de garanties pour un fonctionnement sans faille dans votre entrep\u00f4t.<\/p>\n\n\n\n<p>Nous vous proposons un service complet de r\u00e9paration et de maintenance pour nos propres produits, mais aussi pour le mat\u00e9riel d&#8217;autres fabricants de premier plan.<\/p>\n\n<\/div><\/div>\n<\/div>\n<\/div>\n<\/section>\n\n<section class=\"gb-container gb-container-dbdc1129\">\n<div class=\"gb-container gb-container-610b9669\">\n<div class=\"gb-grid-wrapper gb-grid-wrapper-a3964149 gb-grid-wrapper-space-between\">\n<div class=\"gb-grid-column gb-grid-column-b94bf3b1\"><div class=\"gb-container gb-container-b94bf3b1\">\n\n<div class=\"wp-block-pixel-headline headlines is-subheadline-bottom has-text-align-left is-gap-off\"><h2 class=\"headline\" style=\"color:\">Ce qui pourrait aussi vous int\u00e9resser<\/h2><\/div>\n\n<\/div><\/div>\n\n<div data-aos-delay=\"150\" data-aos=\"fade-up\" class=\"gb-grid-column gb-grid-column-3358e808\"><div class=\"gb-container gb-container-3358e808\">\n<div id=\"imagebox-block_02a1f5340573982db7bce8aeab1a20b4\" class=\"imagebox image-top background-color-dodger-blue\">\n\t<style>#imagebox-block_02a1f5340573982db7bce8aeab1a20b4::before {background: var(--); } <\/style>    \n    <div class=\"imagebox-content-wrap\">\n\n        <div class=\"imagebox-content\">\n                        <div class=\"imagebox-headline center font-size-big\">\n                Poste de travail mobile            <\/div>\n                                    <div class=\"imagebox-copytext\">\n                <p style=\"text-align: center;\">Nous vous proposons un package complet.<\/p>\n            <\/div>\n                    <\/div>\n                <div class=\"is-layout-flex wp-block-buttons\">\n            <div class=\"wp-block-button is-style-outline\">\n                <a class=\"wp-block-button__link has-color-white-color wp-element-button\" href=\"https:\/\/www.prologistik.com\/fr\/materiel-informatique\/poste-de-travail-mobile\/\" target=\"_self\">\n                    en savoir plus                <\/a>\n            <\/div>\n        <\/div>\n            <\/div>\n\n<\/div>\n\n<\/div><\/div>\n\n<div data-aos-delay=\"300\" data-aos=\"fade-up\" class=\"gb-grid-column gb-grid-column-db6489c3\"><div class=\"gb-container gb-container-db6489c3\">\n<div id=\"imagebox-block_d04aaea54d4264bfe95ca45c3022e749\" class=\"imagebox image-top background-color-royal-blue\">\n\t<style>#imagebox-block_d04aaea54d4264bfe95ca45c3022e749::before {background: var(--); } <\/style>    \n    <div class=\"imagebox-content-wrap\">\n\n        <div class=\"imagebox-content\">\n                        <div class=\"imagebox-headline center font-size-big\">\n                Louer plut\u00f4t qu&#8217;acheter            <\/div>\n                                    <div class=\"imagebox-copytext\">\n                <p style=\"text-align: center;\">proLogistik vous propose<br \/>\nHardware-as-a-Service !<\/p>\n            <\/div>\n                    <\/div>\n                <div class=\"is-layout-flex wp-block-buttons\">\n            <div class=\"wp-block-button is-style-outline\">\n                <a class=\"wp-block-button__link has-color-white-color wp-element-button\" href=\"https:\/\/www.prologistik.com\/fr\/materiel-informatique\/pc-industriels\/louer-plutot-quacheter\/\" target=\"_self\">\n                    en savoir plus                <\/a>\n            <\/div>\n        <\/div>\n            <\/div>\n\n<\/div>\n\n<\/div><\/div>\n<\/div>\n<\/div>\n<\/section>\n\n<section class=\"gb-container gb-container-14c95361\">\n<div class=\"gb-container gb-container-e92d42bb\">\n<div class=\"gb-grid-wrapper gb-grid-wrapper-c71af6f3 gb-grid-wrapper-space-between\">\n<div class=\"gb-grid-column gb-grid-column-bde3e5ff\"><div class=\"gb-container gb-container-bde3e5ff\">\n\n<div class=\"wp-block-pixel-headline headlines is-subheadline-bottom has-text-align-left\"><h3 class=\"headline\" style=\"color:\">Le meilleur service pour un d\u00e9roulement sans faille<\/h3><\/div>\n\n\n\n<p>Chez nous, vous \u00eates entre de bonnes mains. Et pas seulement avec nos solutions logicielles et mat\u00e9rielles. Si vous avez des questions ou des suggestions, nos experts sont \u00e9galement \u00e0 votre disposition. Contactez-nous &#8211; nous serons ravis de pouvoir vous aider.<\/p>\n\n\n\n<div class=\"wp-block-buttons is-layout-flex wp-block-buttons-is-layout-flex\">\n<div class=\"wp-block-button is-style-outline is-style-outline--2\"><a class=\"wp-block-button__link has-color-blue-color has-text-color wp-element-button\" href=\"https:\/\/www.prologistik.com\/fr\/logiciel\/\">En savoir plus<\/a><\/div>\n<\/div>\n\n<\/div><\/div>\n\n<div data-aos=\"fade-left\" class=\"gb-grid-column gb-grid-column-81bd3ecc\"><div class=\"gb-container gb-container-81bd3ecc\">\n\n<figure class=\"wp-block-image size-full is-style-cube-bottom-left-back\"><img loading=\"lazy\" decoding=\"async\" width=\"880\" height=\"530\" src=\"https:\/\/www.prologistik.com\/wp-content\/uploads\/prologistik-content-support-1.jpg\" alt=\"\" class=\"wp-image-11080\" srcset=\"https:\/\/www.prologistik.com\/wp-content\/uploads\/prologistik-content-support-1.jpg 880w, https:\/\/www.prologistik.com\/wp-content\/uploads\/prologistik-content-support-1-300x181.jpg 300w, https:\/\/www.prologistik.com\/wp-content\/uploads\/prologistik-content-support-1-150x90.jpg 150w, https:\/\/www.prologistik.com\/wp-content\/uploads\/prologistik-content-support-1-768x463.jpg 768w\" sizes=\"auto, (max-width: 880px) 100vw, 880px\" \/><\/figure>\n\n<\/div><\/div>\n<\/div>\n<\/div>\n<\/section>\n\n        \n            <!-- contact-form -->\n        \n                    \n            <!-- end:contact-form -->\n        \n            ","protected":false},"excerpt":{"rendered":"","protected":false},"author":1,"featured_media":0,"parent":29626,"menu_order":0,"comment_status":"closed","ping_status":"closed","template":"","meta":{"_acf_changed":false,"footnotes":""},"class_list":["post-29505","page","type-page","status-publish"],"acf":[],"yoast_head":"<!-- This site is optimized with the Yoast SEO Premium plugin v26.9 (Yoast SEO v27.5) - https:\/\/yoast.com\/product\/yoast-seo-premium-wordpress\/ -->\n<title>Terminal pour chariot \u00e9l\u00e9vateur pour l&#039;entrep\u00f4t et la logistique<\/title>\n<meta name=\"description\" content=\"Pour une commande sans faille dans l&#039;entrep\u00f4t \u2714\ufe0f Configuration individuelle \u2714\ufe0f Connexion au LVS \u2714\ufe0f Utilisable avec des gants \u2714\ufe0f\" \/>\n<meta name=\"robots\" content=\"index, follow, max-snippet:-1, max-image-preview:large, max-video-preview:-1\" \/>\n<link rel=\"canonical\" href=\"https:\/\/www.prologistik.com\/fr\/materiel-informatique\/applications-pc-industriels\/entrepot-logistique\/\" \/>\n<meta property=\"og:locale\" content=\"fr_FR\" \/>\n<meta property=\"og:type\" content=\"article\" \/>\n<meta property=\"og:title\" content=\"Entrep\u00f4t &amp; logistique\" \/>\n<meta property=\"og:description\" content=\"Pour une commande sans faille dans l&#039;entrep\u00f4t \u2714\ufe0f Configuration individuelle \u2714\ufe0f Connexion au LVS \u2714\ufe0f Utilisable avec des gants \u2714\ufe0f\" \/>\n<meta property=\"og:url\" content=\"https:\/\/www.prologistik.com\/fr\/materiel-informatique\/applications-pc-industriels\/entrepot-logistique\/\" \/>\n<meta property=\"og:site_name\" content=\"proLogistik Group\" \/>\n<meta property=\"article:modified_time\" content=\"2025-11-24T10:56:28+00:00\" \/>\n<meta property=\"og:image\" content=\"https:\/\/www.prologistik.com\/wp-content\/uploads\/icon-made-in-germany.svg\" \/>\n<meta name=\"twitter:card\" content=\"summary_large_image\" \/>\n<meta name=\"twitter:label1\" content=\"Dur\u00e9e de lecture estim\u00e9e\" \/>\n\t<meta name=\"twitter:data1\" content=\"2 minutes\" \/>\n<script type=\"application\/ld+json\" class=\"yoast-schema-graph\">{\"@context\":\"https:\\\/\\\/schema.org\",\"@graph\":[{\"@type\":\"WebPage\",\"@id\":\"https:\\\/\\\/www.prologistik.com\\\/fr\\\/materiel-informatique\\\/applications-pc-industriels\\\/entrepot-logistique\\\/\",\"url\":\"https:\\\/\\\/www.prologistik.com\\\/fr\\\/materiel-informatique\\\/applications-pc-industriels\\\/entrepot-logistique\\\/\",\"name\":\"Terminal pour chariot \u00e9l\u00e9vateur pour l'entrep\u00f4t et la logistique\",\"isPartOf\":{\"@id\":\"https:\\\/\\\/www.prologistik.com\\\/fr\\\/#website\"},\"primaryImageOfPage\":{\"@id\":\"https:\\\/\\\/www.prologistik.com\\\/fr\\\/materiel-informatique\\\/applications-pc-industriels\\\/entrepot-logistique\\\/#primaryimage\"},\"image\":{\"@id\":\"https:\\\/\\\/www.prologistik.com\\\/fr\\\/materiel-informatique\\\/applications-pc-industriels\\\/entrepot-logistique\\\/#primaryimage\"},\"thumbnailUrl\":\"https:\\\/\\\/www.prologistik.com\\\/wp-content\\\/uploads\\\/icon-made-in-germany.svg\",\"datePublished\":\"2023-02-28T15:41:48+00:00\",\"dateModified\":\"2025-11-24T10:56:28+00:00\",\"description\":\"Pour une commande sans faille dans l'entrep\u00f4t \u2714\ufe0f Configuration individuelle \u2714\ufe0f Connexion au LVS \u2714\ufe0f Utilisable avec des gants \u2714\ufe0f\",\"breadcrumb\":{\"@id\":\"https:\\\/\\\/www.prologistik.com\\\/fr\\\/materiel-informatique\\\/applications-pc-industriels\\\/entrepot-logistique\\\/#breadcrumb\"},\"inLanguage\":\"fr-FR\",\"potentialAction\":[{\"@type\":\"ReadAction\",\"target\":[\"https:\\\/\\\/www.prologistik.com\\\/fr\\\/materiel-informatique\\\/applications-pc-industriels\\\/entrepot-logistique\\\/\"]}]},{\"@type\":\"ImageObject\",\"inLanguage\":\"fr-FR\",\"@id\":\"https:\\\/\\\/www.prologistik.com\\\/fr\\\/materiel-informatique\\\/applications-pc-industriels\\\/entrepot-logistique\\\/#primaryimage\",\"url\":\"https:\\\/\\\/www.prologistik.com\\\/wp-content\\\/uploads\\\/icon-made-in-germany.svg\",\"contentUrl\":\"https:\\\/\\\/www.prologistik.com\\\/wp-content\\\/uploads\\\/icon-made-in-germany.svg\"},{\"@type\":\"BreadcrumbList\",\"@id\":\"https:\\\/\\\/www.prologistik.com\\\/fr\\\/materiel-informatique\\\/applications-pc-industriels\\\/entrepot-logistique\\\/#breadcrumb\",\"itemListElement\":[{\"@type\":\"ListItem\",\"position\":1,\"name\":\"Startseite\",\"item\":\"https:\\\/\\\/www.prologistik.com\\\/fr\\\/\"},{\"@type\":\"ListItem\",\"position\":2,\"name\":\"Hardware\",\"item\":\"https:\\\/\\\/www.prologistik.com\\\/fr\\\/materiel-informatique\\\/\"},{\"@type\":\"ListItem\",\"position\":3,\"name\":\"Applications PC industriels\",\"item\":\"https:\\\/\\\/www.prologistik.com\\\/fr\\\/materiel-informatique\\\/applications-pc-industriels\\\/\"},{\"@type\":\"ListItem\",\"position\":4,\"name\":\"Entrep\u00f4t &amp; logistique\"}]},{\"@type\":\"WebSite\",\"@id\":\"https:\\\/\\\/www.prologistik.com\\\/fr\\\/#website\",\"url\":\"https:\\\/\\\/www.prologistik.com\\\/fr\\\/\",\"name\":\"proLogistik Group\",\"description\":\"Software und Hardware f\u00fcr die Intralogistik\",\"publisher\":{\"@id\":\"https:\\\/\\\/www.prologistik.com\\\/fr\\\/#organization\"},\"potentialAction\":[{\"@type\":\"SearchAction\",\"target\":{\"@type\":\"EntryPoint\",\"urlTemplate\":\"https:\\\/\\\/www.prologistik.com\\\/fr\\\/?s={search_term_string}\"},\"query-input\":{\"@type\":\"PropertyValueSpecification\",\"valueRequired\":true,\"valueName\":\"search_term_string\"}}],\"inLanguage\":\"fr-FR\"},{\"@type\":\"Organization\",\"@id\":\"https:\\\/\\\/www.prologistik.com\\\/fr\\\/#organization\",\"name\":\"proLogistik Group\",\"url\":\"https:\\\/\\\/www.prologistik.com\\\/fr\\\/\",\"logo\":{\"@type\":\"ImageObject\",\"inLanguage\":\"fr-FR\",\"@id\":\"https:\\\/\\\/www.prologistik.com\\\/fr\\\/#\\\/schema\\\/logo\\\/image\\\/\",\"url\":\"https:\\\/\\\/www.prologistik.com\\\/wp-content\\\/uploads\\\/prologistik-logo-web.svg\",\"contentUrl\":\"https:\\\/\\\/www.prologistik.com\\\/wp-content\\\/uploads\\\/prologistik-logo-web.svg\",\"width\":320,\"height\":59,\"caption\":\"proLogistik Group\"},\"image\":{\"@id\":\"https:\\\/\\\/www.prologistik.com\\\/fr\\\/#\\\/schema\\\/logo\\\/image\\\/\"}}]}<\/script>\n<!-- \/ Yoast SEO Premium plugin. -->","yoast_head_json":{"title":"Terminal pour chariot \u00e9l\u00e9vateur pour l'entrep\u00f4t et la logistique","description":"Pour une commande sans faille dans l'entrep\u00f4t \u2714\ufe0f Configuration individuelle \u2714\ufe0f Connexion au LVS \u2714\ufe0f Utilisable avec des gants \u2714\ufe0f","robots":{"index":"index","follow":"follow","max-snippet":"max-snippet:-1","max-image-preview":"max-image-preview:large","max-video-preview":"max-video-preview:-1"},"canonical":"https:\/\/www.prologistik.com\/fr\/materiel-informatique\/applications-pc-industriels\/entrepot-logistique\/","og_locale":"fr_FR","og_type":"article","og_title":"Entrep\u00f4t &amp; logistique","og_description":"Pour une commande sans faille dans l'entrep\u00f4t \u2714\ufe0f Configuration individuelle \u2714\ufe0f Connexion au LVS \u2714\ufe0f Utilisable avec des gants \u2714\ufe0f","og_url":"https:\/\/www.prologistik.com\/fr\/materiel-informatique\/applications-pc-industriels\/entrepot-logistique\/","og_site_name":"proLogistik Group","article_modified_time":"2025-11-24T10:56:28+00:00","og_image":[{"url":"https:\/\/www.prologistik.com\/wp-content\/uploads\/icon-made-in-germany.svg","type":"","width":"","height":""}],"twitter_card":"summary_large_image","twitter_misc":{"Dur\u00e9e de lecture estim\u00e9e":"2 minutes"},"schema":{"@context":"https:\/\/schema.org","@graph":[{"@type":"WebPage","@id":"https:\/\/www.prologistik.com\/fr\/materiel-informatique\/applications-pc-industriels\/entrepot-logistique\/","url":"https:\/\/www.prologistik.com\/fr\/materiel-informatique\/applications-pc-industriels\/entrepot-logistique\/","name":"Terminal pour chariot \u00e9l\u00e9vateur pour l'entrep\u00f4t et la logistique","isPartOf":{"@id":"https:\/\/www.prologistik.com\/fr\/#website"},"primaryImageOfPage":{"@id":"https:\/\/www.prologistik.com\/fr\/materiel-informatique\/applications-pc-industriels\/entrepot-logistique\/#primaryimage"},"image":{"@id":"https:\/\/www.prologistik.com\/fr\/materiel-informatique\/applications-pc-industriels\/entrepot-logistique\/#primaryimage"},"thumbnailUrl":"https:\/\/www.prologistik.com\/wp-content\/uploads\/icon-made-in-germany.svg","datePublished":"2023-02-28T15:41:48+00:00","dateModified":"2025-11-24T10:56:28+00:00","description":"Pour une commande sans faille dans l'entrep\u00f4t \u2714\ufe0f Configuration individuelle \u2714\ufe0f Connexion au LVS \u2714\ufe0f Utilisable avec des gants \u2714\ufe0f","breadcrumb":{"@id":"https:\/\/www.prologistik.com\/fr\/materiel-informatique\/applications-pc-industriels\/entrepot-logistique\/#breadcrumb"},"inLanguage":"fr-FR","potentialAction":[{"@type":"ReadAction","target":["https:\/\/www.prologistik.com\/fr\/materiel-informatique\/applications-pc-industriels\/entrepot-logistique\/"]}]},{"@type":"ImageObject","inLanguage":"fr-FR","@id":"https:\/\/www.prologistik.com\/fr\/materiel-informatique\/applications-pc-industriels\/entrepot-logistique\/#primaryimage","url":"https:\/\/www.prologistik.com\/wp-content\/uploads\/icon-made-in-germany.svg","contentUrl":"https:\/\/www.prologistik.com\/wp-content\/uploads\/icon-made-in-germany.svg"},{"@type":"BreadcrumbList","@id":"https:\/\/www.prologistik.com\/fr\/materiel-informatique\/applications-pc-industriels\/entrepot-logistique\/#breadcrumb","itemListElement":[{"@type":"ListItem","position":1,"name":"Startseite","item":"https:\/\/www.prologistik.com\/fr\/"},{"@type":"ListItem","position":2,"name":"Hardware","item":"https:\/\/www.prologistik.com\/fr\/materiel-informatique\/"},{"@type":"ListItem","position":3,"name":"Applications PC industriels","item":"https:\/\/www.prologistik.com\/fr\/materiel-informatique\/applications-pc-industriels\/"},{"@type":"ListItem","position":4,"name":"Entrep\u00f4t &amp; logistique"}]},{"@type":"WebSite","@id":"https:\/\/www.prologistik.com\/fr\/#website","url":"https:\/\/www.prologistik.com\/fr\/","name":"proLogistik Group","description":"Software und Hardware f\u00fcr die Intralogistik","publisher":{"@id":"https:\/\/www.prologistik.com\/fr\/#organization"},"potentialAction":[{"@type":"SearchAction","target":{"@type":"EntryPoint","urlTemplate":"https:\/\/www.prologistik.com\/fr\/?s={search_term_string}"},"query-input":{"@type":"PropertyValueSpecification","valueRequired":true,"valueName":"search_term_string"}}],"inLanguage":"fr-FR"},{"@type":"Organization","@id":"https:\/\/www.prologistik.com\/fr\/#organization","name":"proLogistik Group","url":"https:\/\/www.prologistik.com\/fr\/","logo":{"@type":"ImageObject","inLanguage":"fr-FR","@id":"https:\/\/www.prologistik.com\/fr\/#\/schema\/logo\/image\/","url":"https:\/\/www.prologistik.com\/wp-content\/uploads\/prologistik-logo-web.svg","contentUrl":"https:\/\/www.prologistik.com\/wp-content\/uploads\/prologistik-logo-web.svg","width":320,"height":59,"caption":"proLogistik Group"},"image":{"@id":"https:\/\/www.prologistik.com\/fr\/#\/schema\/logo\/image\/"}}]}},"_links":{"self":[{"href":"https:\/\/www.prologistik.com\/fr\/wp-json\/wp\/v2\/pages\/29505","targetHints":{"allow":["GET"]}}],"collection":[{"href":"https:\/\/www.prologistik.com\/fr\/wp-json\/wp\/v2\/pages"}],"about":[{"href":"https:\/\/www.prologistik.com\/fr\/wp-json\/wp\/v2\/types\/page"}],"author":[{"embeddable":true,"href":"https:\/\/www.prologistik.com\/fr\/wp-json\/wp\/v2\/users\/1"}],"replies":[{"embeddable":true,"href":"https:\/\/www.prologistik.com\/fr\/wp-json\/wp\/v2\/comments?post=29505"}],"version-history":[{"count":20,"href":"https:\/\/www.prologistik.com\/fr\/wp-json\/wp\/v2\/pages\/29505\/revisions"}],"predecessor-version":[{"id":55253,"href":"https:\/\/www.prologistik.com\/fr\/wp-json\/wp\/v2\/pages\/29505\/revisions\/55253"}],"up":[{"embeddable":true,"href":"https:\/\/www.prologistik.com\/fr\/wp-json\/wp\/v2\/pages\/29626"}],"wp:attachment":[{"href":"https:\/\/www.prologistik.com\/fr\/wp-json\/wp\/v2\/media?parent=29505"}],"curies":[{"name":"wp","href":"https:\/\/api.w.org\/{rel}","templated":true}]}}