{"id":29502,"date":"2023-02-28T16:41:49","date_gmt":"2023-02-28T15:41:49","guid":{"rendered":"https:\/\/prologistik.pixel-tal.de\/imprimante-detiquettes"},"modified":"2025-01-03T10:33:28","modified_gmt":"2025-01-03T09:33:28","slug":"imprimante-detiquettes","status":"publish","type":"page","link":"https:\/\/www.prologistik.com\/fr\/materiel-informatique\/imprimante-detiquettes\/","title":{"rendered":"Imprimante d&#8217;\u00e9tiquettes"},"content":{"rendered":"        \n            <!-- pagehead -->\n        \n                    \n\t\t\t<div id=\"pagehead-block_6f99f67da0546555754c9009d7bacf87\" class=\"pagehead size-small\">\n\t\t\t\t\t\t\t<div class=\"pagehead-canvas\">\n\t\t\t\t<div class=\"pagehead-content has-bg-color bg-color-blue\">\n\t\t\t\t\t<div class=\"pagehead-content-inner\">\n\t\t\t\t\t\t<div class=\"pagehead-icon icon-color-white\" data-aos=\"fade-up\" data-aos-delay=\"0\" style=\"mask-image: url(https:\/\/www.prologistik.com\/wp-content\/uploads\/icon-etikettendrucker.svg); -webkit-mask-image: url(https:\/\/www.prologistik.com\/wp-content\/uploads\/icon-etikettendrucker.svg);\"><\/div>\t\t\t\t\t\t<span class=\"pagehead-subheadline\"  data-aos=\"fade-up\" data-aos-delay=\"50\">Imprimante PLG<\/span>\t\t\t\t\t\t<h1 class=\"pagehead-headline\" data-aos=\"fade-up\" data-aos-delay=\"100\">Imprimante d&#8217;\u00e9tiquettes pour tout environnement<\/h1>\t\t\t\t\t\t\t\t\t\t\t<\/div>\n\t\t\t\t<\/div>\n\t\t\t<\/div>\n\t\t\t\n\t\t\t\t<div class=\"pagehead-background\">\n\t\t\t\t<!-- image_id: 44362 | alt: Bannerbild Etikettendrucker -->\t\t\t\t\t\t\t\t\t<img decoding=\"async\" class=\"test\" src=\"https:\/\/www.prologistik.com\/wp-content\/uploads\/pLG_Website_Hardware_Etikettendrucker_Banner_1920x840px_2024.jpg\" alt=\"Bannerbild Etikettendrucker\" \/>\n\t\t\t\t\n\t\t\t\t<\/div>\n\t\t\t<\/div>\n        \n                    \n            <!-- end:pagehead -->\n        \n            \n\n<section class=\"gb-container gb-container-ccc606bf\">\n<div class=\"gb-container gb-container-a3235c44\">\n<div class=\"gb-grid-wrapper gb-grid-wrapper-a0865f81\">\n<div class=\"gb-grid-column gb-grid-column-e6ffa731\"><div class=\"gb-container gb-container-e6ffa731\">\n\n<div class=\"wp-block-pixel-headline headlines is-subheadline-top has-text-align-left\"><h2 class=\"headline\" style=\"color:\">Imprimante d&#8217;\u00e9tiquettes<\/h2><span class=\"subheadline\" style=\"color:var(--color-blue)\">Un produit adapt\u00e9 \u00e0 TOUTE application<\/span><\/div>\n\n\n\n<p>Les imprimantes thermiques directes et les imprimantes \u00e0 transfert thermique avec diff\u00e9rentes caract\u00e9ristiques de performance permettent une impression rapide et brillante des \u00e9tiquettes requises pour le traitement de codes-barres. Chez nous, vous trouverez aussi bien des imprimantes d&#8217;\u00e9tiquettes qu&#8217;une large gamme d&#8217;accessoires et de consommables.<\/p>\n\n\n\n<p><strong>Am\u00e9liorez votre impression d&#8217;\u00e9tiquettes<br><\/strong>Entre autres dans notre portefeuille : Bo\u00eetiers d&#8217;imprimantes en acier inoxydable. Ceux-ci peuvent \u00eatre utilis\u00e9s dans l&#8217;industrie manufacturi\u00e8re et dans les entrep\u00f4ts frigorifiques jusqu&#8217;\u00e0 -30\u00b0C.  Vous trouverez plus de d\u00e9tails dans la rubrique sur le bo\u00eetier de l&#8217;imprimante en acier inoxydable ! Bien entendu, nous vous proposons \u00e9galement un service de r\u00e9paration, de pi\u00e8ces d\u00e9tach\u00e9es et de maintenance. Vous b\u00e9n\u00e9ficiez aussi une offre \u00ab&nbsp;S\u00e9r\u00e9nit\u00e9 \u00bb !<\/p>\n\n<\/div><\/div>\n\n<div class=\"gb-grid-column gb-grid-column-9adab729\"><div class=\"gb-container gb-container-9adab729\">\n\n<figure class=\"wp-block-image size-full is-style-cube-bottom-right-front\"><img loading=\"lazy\" decoding=\"async\" width=\"700\" height=\"434\" src=\"https:\/\/www.prologistik.com\/wp-content\/uploads\/prologistik-content-etikettendrucker-bild-3.png\" alt=\"\" class=\"wp-image-15395\" srcset=\"https:\/\/www.prologistik.com\/wp-content\/uploads\/prologistik-content-etikettendrucker-bild-3.png 700w, https:\/\/www.prologistik.com\/wp-content\/uploads\/prologistik-content-etikettendrucker-bild-3-300x186.png 300w, https:\/\/www.prologistik.com\/wp-content\/uploads\/prologistik-content-etikettendrucker-bild-3-150x93.png 150w\" sizes=\"auto, (max-width: 700px) 100vw, 700px\" \/><\/figure>\n\n<\/div><\/div>\n\n<div class=\"gb-grid-column gb-grid-column-6877798b\"><div class=\"gb-container gb-container-6877798b\">\n<div class=\"gb-grid-wrapper gb-grid-wrapper-be3280db\">\n<div class=\"gb-grid-column gb-grid-column-db038172\"><div class=\"gb-container gb-container-db038172\">\n\n<div class=\"wp-block-pixel-headline headlines is-subheadline-top has-text-align-left\"><h3 class=\"headline\" style=\"color:\">Voici vos avantages<\/h3><\/div>\n\n<\/div><\/div>\n\n<div class=\"gb-grid-column gb-grid-column-2e2e755c\"><div class=\"gb-container gb-container-2e2e755c\">\n<div class=\"gb-grid-wrapper gb-grid-wrapper-0ed94de9\">\n<div class=\"gb-grid-column gb-grid-column-b770f755\"><div class=\"gb-container gb-container-b770f755\">\n\n<ul class=\"wp-block-list is-style-list-item-checkmark\">\n<li><strong>Diversit\u00e9<\/strong><br>Utilisable pour diff\u00e9rents domaines d&#8217;application<\/li>\n\n\n\n<li><strong>Individuel<\/strong><br>Diff\u00e9rents consommables utilisables<\/li>\n\n\n\n<li><strong>Hygi\u00e9nique<\/strong><br>Utilisation possible dans le secteur alimentaire<\/li>\n<\/ul>\n\n<\/div><\/div>\n\n<div class=\"gb-grid-column gb-grid-column-93941a75\"><div class=\"gb-container gb-container-93941a75\">\n\n<ul class=\"wp-block-list is-style-list-item-checkmark\">\n<li><strong>Qualit\u00e9<\/strong><br>Partenaire de tous les grands fabricants<\/li>\n\n\n\n<li><strong>Durable<\/strong><br>Longue dur\u00e9e de vie<\/li>\n\n\n\n<li><strong>Rempla\u00e7able<\/strong><br>Disponibilit\u00e9 des pi\u00e8ces d&#8217;usure et de rechange<\/li>\n<\/ul>\n\n<\/div><\/div>\n<\/div>\n<\/div><\/div>\n<\/div>\n<\/div><\/div>\n<\/div>\n<\/div>\n<\/section>\n\n<section class=\"gb-container gb-container-9c06e228\">\n<div class=\"gb-container gb-container-e457dddf\">\n<div class=\"gb-grid-wrapper gb-grid-wrapper-04ff0125\">\n<div data-aos=\"fade-right\" class=\"gb-grid-column gb-grid-column-54d7e810\"><div class=\"gb-container gb-container-54d7e810 globe-absolute\">\n        \n            <!-- ProductSlider -->\n        \n            \t\t\t<div id=\"product-slider-block_4eeb33851bc8742b227329ff210d2b84\" data-columns=\"1\" data-layout=\"standard\" class=\"product-slider standard\">\n                                                    <div class=\"slides\">\n                                                    <a href=\"https:\/\/www.prologistik.com\/wp-content\/uploads\/prologistik-content-etikettendrucker-gallery-2.jpg\" >\n\t\t\t\t\t\t\t\t<img loading=\"lazy\" decoding=\"async\" width=\"700\" height=\"752\" src=\"https:\/\/www.prologistik.com\/wp-content\/uploads\/prologistik-content-etikettendrucker-gallery-2.jpg\" class=\"attachment-full size-full\" alt=\"Ettikettendrucker beim Drucken\" srcset=\"https:\/\/www.prologistik.com\/wp-content\/uploads\/prologistik-content-etikettendrucker-gallery-2.jpg 700w, https:\/\/www.prologistik.com\/wp-content\/uploads\/prologistik-content-etikettendrucker-gallery-2-279x300.jpg 279w, https:\/\/www.prologistik.com\/wp-content\/uploads\/prologistik-content-etikettendrucker-gallery-2-140x150.jpg 140w\" sizes=\"auto, (max-width: 700px) 100vw, 700px\" \/>                               \n                            <\/a>\n                                                    <a href=\"https:\/\/www.prologistik.com\/wp-content\/uploads\/prologistik-content-etikettendrucker-gallery-1.jpg\" >\n\t\t\t\t\t\t\t\t<img loading=\"lazy\" decoding=\"async\" width=\"700\" height=\"752\" src=\"https:\/\/www.prologistik.com\/wp-content\/uploads\/prologistik-content-etikettendrucker-gallery-1.jpg\" class=\"attachment-full size-full\" alt=\"Etikettendrucker von ProLogistic\" srcset=\"https:\/\/www.prologistik.com\/wp-content\/uploads\/prologistik-content-etikettendrucker-gallery-1.jpg 700w, https:\/\/www.prologistik.com\/wp-content\/uploads\/prologistik-content-etikettendrucker-gallery-1-279x300.jpg 279w, https:\/\/www.prologistik.com\/wp-content\/uploads\/prologistik-content-etikettendrucker-gallery-1-140x150.jpg 140w\" sizes=\"auto, (max-width: 700px) 100vw, 700px\" \/>                               \n                            <\/a>\n                         \n                    <\/div>\n                                    \t\t\t<\/div>\n                    \n            <!-- end:ProductSlider -->\n        \n            \n<\/div><\/div>\n\n<div class=\"gb-grid-column gb-grid-column-a68129c6\"><div class=\"gb-container gb-container-a68129c6 globe-absolute\">\n\n<div class=\"wp-block-pixel-headline headlines is-subheadline-top has-text-align-left\"><h2 class=\"headline\" style=\"color:\">Un service de A \u00e0 Z<\/h2><\/div>\n\n\n\n<p>Dans le domaine sp\u00e9cialis\u00e9 proScan, proLogistik vous propose des offres de mat\u00e9riel \u00e9tendues autour des sujets de la saisie mobile de donn\u00e9es et de l&#8217;\u00e9tiquetage en entrep\u00f4t. Le portefeuille s&#8217;\u00e9tend des lecteurs manuels et des scanners aux \u00e9tiquettes et aux rubans en passant par les syst\u00e8mes d&#8217;impression. Nous ne travaillons qu&#8217;avec des fabricants renomm\u00e9s tels que Zebra, Casio, Toshiba, TSC et Printonix afin de vous proposer une gamme de mat\u00e9riel diversifi\u00e9e et de haute qualit\u00e9.<\/p>\n\n<\/div><\/div>\n<\/div>\n<\/div>\n\n\n<div class=\"wp-block-group\"><div class=\"wp-block-group__inner-container is-layout-constrained wp-block-group-is-layout-constrained\"><\/div><\/div>\n\n<\/section>\n\n<div class=\"gb-container gb-container-7041305a\">\n        \n            <!-- contact-form -->\n        \n                    \n            <!-- end:contact-form -->\n        \n            \n<\/div>","protected":false},"excerpt":{"rendered":"","protected":false},"author":1,"featured_media":0,"parent":29551,"menu_order":5,"comment_status":"closed","ping_status":"closed","template":"","meta":{"_acf_changed":false,"footnotes":""},"class_list":["post-29502","page","type-page","status-publish"],"acf":[],"yoast_head":"<!-- This site is optimized with the Yoast SEO Premium plugin v26.9 (Yoast SEO v27.5) - https:\/\/yoast.com\/product\/yoast-seo-premium-wordpress\/ -->\n<title>Imprimantes d&#039;\u00e9tiquettes pour l&#039;industrie en diff\u00e9rents mod\u00e8les<\/title>\n<meta name=\"description\" content=\"Imprimantes d&#039;\u00e9tiquettes pour l&#039;industrie de proLogistik \u2714\ufe0f Nous vous fournissons la bonne \u00e9tiquette pour chaque besoin \u2714\ufe0f\" \/>\n<meta name=\"robots\" content=\"index, follow, max-snippet:-1, max-image-preview:large, max-video-preview:-1\" \/>\n<link rel=\"canonical\" href=\"https:\/\/www.prologistik.com\/fr\/materiel-informatique\/imprimante-detiquettes\/\" \/>\n<meta property=\"og:locale\" content=\"fr_FR\" \/>\n<meta property=\"og:type\" content=\"article\" \/>\n<meta property=\"og:title\" content=\"Imprimante d&#039;\u00e9tiquettes\" \/>\n<meta property=\"og:description\" content=\"Imprimantes d&#039;\u00e9tiquettes pour l&#039;industrie de proLogistik \u2714\ufe0f Nous vous fournissons la bonne \u00e9tiquette pour chaque besoin \u2714\ufe0f\" \/>\n<meta property=\"og:url\" content=\"https:\/\/www.prologistik.com\/fr\/materiel-informatique\/imprimante-detiquettes\/\" \/>\n<meta property=\"og:site_name\" content=\"proLogistik Group\" \/>\n<meta property=\"article:modified_time\" content=\"2025-01-03T09:33:28+00:00\" \/>\n<meta property=\"og:image\" content=\"https:\/\/www.prologistik.com\/wp-content\/uploads\/prologistik-content-etikettendrucker-bild-3.png\" \/>\n<meta name=\"twitter:card\" content=\"summary_large_image\" \/>\n<meta name=\"twitter:label1\" content=\"Dur\u00e9e de lecture estim\u00e9e\" \/>\n\t<meta name=\"twitter:data1\" content=\"1 minute\" \/>\n<script type=\"application\/ld+json\" class=\"yoast-schema-graph\">{\"@context\":\"https:\\\/\\\/schema.org\",\"@graph\":[{\"@type\":\"WebPage\",\"@id\":\"https:\\\/\\\/www.prologistik.com\\\/fr\\\/materiel-informatique\\\/imprimante-detiquettes\\\/\",\"url\":\"https:\\\/\\\/www.prologistik.com\\\/fr\\\/materiel-informatique\\\/imprimante-detiquettes\\\/\",\"name\":\"Imprimantes d'\u00e9tiquettes pour l'industrie en diff\u00e9rents mod\u00e8les\",\"isPartOf\":{\"@id\":\"https:\\\/\\\/www.prologistik.com\\\/fr\\\/#website\"},\"primaryImageOfPage\":{\"@id\":\"https:\\\/\\\/www.prologistik.com\\\/fr\\\/materiel-informatique\\\/imprimante-detiquettes\\\/#primaryimage\"},\"image\":{\"@id\":\"https:\\\/\\\/www.prologistik.com\\\/fr\\\/materiel-informatique\\\/imprimante-detiquettes\\\/#primaryimage\"},\"thumbnailUrl\":\"https:\\\/\\\/www.prologistik.com\\\/wp-content\\\/uploads\\\/prologistik-content-etikettendrucker-bild-3.png\",\"datePublished\":\"2023-02-28T15:41:49+00:00\",\"dateModified\":\"2025-01-03T09:33:28+00:00\",\"description\":\"Imprimantes d'\u00e9tiquettes pour l'industrie de proLogistik \u2714\ufe0f Nous vous fournissons la bonne \u00e9tiquette pour chaque besoin \u2714\ufe0f\",\"breadcrumb\":{\"@id\":\"https:\\\/\\\/www.prologistik.com\\\/fr\\\/materiel-informatique\\\/imprimante-detiquettes\\\/#breadcrumb\"},\"inLanguage\":\"fr-FR\",\"potentialAction\":[{\"@type\":\"ReadAction\",\"target\":[\"https:\\\/\\\/www.prologistik.com\\\/fr\\\/materiel-informatique\\\/imprimante-detiquettes\\\/\"]}]},{\"@type\":\"ImageObject\",\"inLanguage\":\"fr-FR\",\"@id\":\"https:\\\/\\\/www.prologistik.com\\\/fr\\\/materiel-informatique\\\/imprimante-detiquettes\\\/#primaryimage\",\"url\":\"https:\\\/\\\/www.prologistik.com\\\/wp-content\\\/uploads\\\/prologistik-content-etikettendrucker-bild-3.png\",\"contentUrl\":\"https:\\\/\\\/www.prologistik.com\\\/wp-content\\\/uploads\\\/prologistik-content-etikettendrucker-bild-3.png\"},{\"@type\":\"BreadcrumbList\",\"@id\":\"https:\\\/\\\/www.prologistik.com\\\/fr\\\/materiel-informatique\\\/imprimante-detiquettes\\\/#breadcrumb\",\"itemListElement\":[{\"@type\":\"ListItem\",\"position\":1,\"name\":\"Startseite\",\"item\":\"https:\\\/\\\/www.prologistik.com\\\/fr\\\/\"},{\"@type\":\"ListItem\",\"position\":2,\"name\":\"Hardware\",\"item\":\"https:\\\/\\\/www.prologistik.com\\\/fr\\\/materiel-informatique\\\/\"},{\"@type\":\"ListItem\",\"position\":3,\"name\":\"Imprimante d&#8217;\u00e9tiquettes\"}]},{\"@type\":\"WebSite\",\"@id\":\"https:\\\/\\\/www.prologistik.com\\\/fr\\\/#website\",\"url\":\"https:\\\/\\\/www.prologistik.com\\\/fr\\\/\",\"name\":\"proLogistik Group\",\"description\":\"Software und Hardware f\u00fcr die Intralogistik\",\"publisher\":{\"@id\":\"https:\\\/\\\/www.prologistik.com\\\/fr\\\/#organization\"},\"potentialAction\":[{\"@type\":\"SearchAction\",\"target\":{\"@type\":\"EntryPoint\",\"urlTemplate\":\"https:\\\/\\\/www.prologistik.com\\\/fr\\\/?s={search_term_string}\"},\"query-input\":{\"@type\":\"PropertyValueSpecification\",\"valueRequired\":true,\"valueName\":\"search_term_string\"}}],\"inLanguage\":\"fr-FR\"},{\"@type\":\"Organization\",\"@id\":\"https:\\\/\\\/www.prologistik.com\\\/fr\\\/#organization\",\"name\":\"proLogistik Group\",\"url\":\"https:\\\/\\\/www.prologistik.com\\\/fr\\\/\",\"logo\":{\"@type\":\"ImageObject\",\"inLanguage\":\"fr-FR\",\"@id\":\"https:\\\/\\\/www.prologistik.com\\\/fr\\\/#\\\/schema\\\/logo\\\/image\\\/\",\"url\":\"https:\\\/\\\/www.prologistik.com\\\/wp-content\\\/uploads\\\/prologistik-logo-web.svg\",\"contentUrl\":\"https:\\\/\\\/www.prologistik.com\\\/wp-content\\\/uploads\\\/prologistik-logo-web.svg\",\"width\":320,\"height\":59,\"caption\":\"proLogistik Group\"},\"image\":{\"@id\":\"https:\\\/\\\/www.prologistik.com\\\/fr\\\/#\\\/schema\\\/logo\\\/image\\\/\"}}]}<\/script>\n<!-- \/ Yoast SEO Premium plugin. -->","yoast_head_json":{"title":"Imprimantes d'\u00e9tiquettes pour l'industrie en diff\u00e9rents mod\u00e8les","description":"Imprimantes d'\u00e9tiquettes pour l'industrie de proLogistik \u2714\ufe0f Nous vous fournissons la bonne \u00e9tiquette pour chaque besoin \u2714\ufe0f","robots":{"index":"index","follow":"follow","max-snippet":"max-snippet:-1","max-image-preview":"max-image-preview:large","max-video-preview":"max-video-preview:-1"},"canonical":"https:\/\/www.prologistik.com\/fr\/materiel-informatique\/imprimante-detiquettes\/","og_locale":"fr_FR","og_type":"article","og_title":"Imprimante d'\u00e9tiquettes","og_description":"Imprimantes d'\u00e9tiquettes pour l'industrie de proLogistik \u2714\ufe0f Nous vous fournissons la bonne \u00e9tiquette pour chaque besoin \u2714\ufe0f","og_url":"https:\/\/www.prologistik.com\/fr\/materiel-informatique\/imprimante-detiquettes\/","og_site_name":"proLogistik Group","article_modified_time":"2025-01-03T09:33:28+00:00","og_image":[{"url":"https:\/\/www.prologistik.com\/wp-content\/uploads\/prologistik-content-etikettendrucker-bild-3.png","type":"","width":"","height":""}],"twitter_card":"summary_large_image","twitter_misc":{"Dur\u00e9e de lecture estim\u00e9e":"1 minute"},"schema":{"@context":"https:\/\/schema.org","@graph":[{"@type":"WebPage","@id":"https:\/\/www.prologistik.com\/fr\/materiel-informatique\/imprimante-detiquettes\/","url":"https:\/\/www.prologistik.com\/fr\/materiel-informatique\/imprimante-detiquettes\/","name":"Imprimantes d'\u00e9tiquettes pour l'industrie en diff\u00e9rents mod\u00e8les","isPartOf":{"@id":"https:\/\/www.prologistik.com\/fr\/#website"},"primaryImageOfPage":{"@id":"https:\/\/www.prologistik.com\/fr\/materiel-informatique\/imprimante-detiquettes\/#primaryimage"},"image":{"@id":"https:\/\/www.prologistik.com\/fr\/materiel-informatique\/imprimante-detiquettes\/#primaryimage"},"thumbnailUrl":"https:\/\/www.prologistik.com\/wp-content\/uploads\/prologistik-content-etikettendrucker-bild-3.png","datePublished":"2023-02-28T15:41:49+00:00","dateModified":"2025-01-03T09:33:28+00:00","description":"Imprimantes d'\u00e9tiquettes pour l'industrie de proLogistik \u2714\ufe0f Nous vous fournissons la bonne \u00e9tiquette pour chaque besoin \u2714\ufe0f","breadcrumb":{"@id":"https:\/\/www.prologistik.com\/fr\/materiel-informatique\/imprimante-detiquettes\/#breadcrumb"},"inLanguage":"fr-FR","potentialAction":[{"@type":"ReadAction","target":["https:\/\/www.prologistik.com\/fr\/materiel-informatique\/imprimante-detiquettes\/"]}]},{"@type":"ImageObject","inLanguage":"fr-FR","@id":"https:\/\/www.prologistik.com\/fr\/materiel-informatique\/imprimante-detiquettes\/#primaryimage","url":"https:\/\/www.prologistik.com\/wp-content\/uploads\/prologistik-content-etikettendrucker-bild-3.png","contentUrl":"https:\/\/www.prologistik.com\/wp-content\/uploads\/prologistik-content-etikettendrucker-bild-3.png"},{"@type":"BreadcrumbList","@id":"https:\/\/www.prologistik.com\/fr\/materiel-informatique\/imprimante-detiquettes\/#breadcrumb","itemListElement":[{"@type":"ListItem","position":1,"name":"Startseite","item":"https:\/\/www.prologistik.com\/fr\/"},{"@type":"ListItem","position":2,"name":"Hardware","item":"https:\/\/www.prologistik.com\/fr\/materiel-informatique\/"},{"@type":"ListItem","position":3,"name":"Imprimante d&#8217;\u00e9tiquettes"}]},{"@type":"WebSite","@id":"https:\/\/www.prologistik.com\/fr\/#website","url":"https:\/\/www.prologistik.com\/fr\/","name":"proLogistik Group","description":"Software und Hardware f\u00fcr die Intralogistik","publisher":{"@id":"https:\/\/www.prologistik.com\/fr\/#organization"},"potentialAction":[{"@type":"SearchAction","target":{"@type":"EntryPoint","urlTemplate":"https:\/\/www.prologistik.com\/fr\/?s={search_term_string}"},"query-input":{"@type":"PropertyValueSpecification","valueRequired":true,"valueName":"search_term_string"}}],"inLanguage":"fr-FR"},{"@type":"Organization","@id":"https:\/\/www.prologistik.com\/fr\/#organization","name":"proLogistik Group","url":"https:\/\/www.prologistik.com\/fr\/","logo":{"@type":"ImageObject","inLanguage":"fr-FR","@id":"https:\/\/www.prologistik.com\/fr\/#\/schema\/logo\/image\/","url":"https:\/\/www.prologistik.com\/wp-content\/uploads\/prologistik-logo-web.svg","contentUrl":"https:\/\/www.prologistik.com\/wp-content\/uploads\/prologistik-logo-web.svg","width":320,"height":59,"caption":"proLogistik Group"},"image":{"@id":"https:\/\/www.prologistik.com\/fr\/#\/schema\/logo\/image\/"}}]}},"_links":{"self":[{"href":"https:\/\/www.prologistik.com\/fr\/wp-json\/wp\/v2\/pages\/29502","targetHints":{"allow":["GET"]}}],"collection":[{"href":"https:\/\/www.prologistik.com\/fr\/wp-json\/wp\/v2\/pages"}],"about":[{"href":"https:\/\/www.prologistik.com\/fr\/wp-json\/wp\/v2\/types\/page"}],"author":[{"embeddable":true,"href":"https:\/\/www.prologistik.com\/fr\/wp-json\/wp\/v2\/users\/1"}],"replies":[{"embeddable":true,"href":"https:\/\/www.prologistik.com\/fr\/wp-json\/wp\/v2\/comments?post=29502"}],"version-history":[{"count":4,"href":"https:\/\/www.prologistik.com\/fr\/wp-json\/wp\/v2\/pages\/29502\/revisions"}],"predecessor-version":[{"id":44477,"href":"https:\/\/www.prologistik.com\/fr\/wp-json\/wp\/v2\/pages\/29502\/revisions\/44477"}],"up":[{"embeddable":true,"href":"https:\/\/www.prologistik.com\/fr\/wp-json\/wp\/v2\/pages\/29551"}],"wp:attachment":[{"href":"https:\/\/www.prologistik.com\/fr\/wp-json\/wp\/v2\/media?parent=29502"}],"curies":[{"name":"wp","href":"https:\/\/api.w.org\/{rel}","templated":true}]}}