{"id":32104,"date":"2023-01-24T08:43:54","date_gmt":"2023-01-24T07:43:54","guid":{"rendered":"https:\/\/prologistik.pixel-tal.de\/logistik-lexikon\/entrepot-a-allees-etroites"},"modified":"2025-07-21T12:07:35","modified_gmt":"2025-07-21T10:07:35","slug":"entrepot-a-allees-etroites","status":"publish","type":"nessio_gl","link":"https:\/\/www.prologistik.com\/fr\/lexique-de-la-logistique\/entrepot-a-allees-etroites\/","title":{"rendered":"Entrep\u00f4t \u00e0 all\u00e9es \u00e9troites"},"content":{"rendered":"","protected":false},"excerpt":{"rendered":"","protected":false},"author":330,"featured_media":0,"template":"","class_list":["post-32104","nessio_gl","type-nessio_gl","status-publish","hentry"],"acf":[],"yoast_head":"<!-- This site is optimized with the Yoast SEO Premium plugin v26.9 (Yoast SEO v27.5) - https:\/\/yoast.com\/product\/yoast-seo-premium-wordpress\/ -->\n<title>Qu&#039;est-ce qu&#039;un entrep\u00f4t \u00e0 rayonnages \u00e9troits ? \u27a1\ufe0f Lexique de la logistique<\/title>\n<meta name=\"description\" content=\"Un entrep\u00f4t \u00e0 all\u00e9es \u00e9troites est un type particulier d&#039;entrep\u00f4t utilis\u00e9 en logistique et dans l&#039;industrie. Cet entrep\u00f4t se caract\u00e9rise notamment par des all\u00e9es tr\u00e8s \u00e9troites entre les diff\u00e9rentes rang\u00e9es de rayonnages et de stockage.\" \/>\n<meta name=\"robots\" content=\"index, follow, max-snippet:-1, max-image-preview:large, max-video-preview:-1\" \/>\n<link rel=\"canonical\" href=\"https:\/\/www.prologistik.com\/fr\/lexique-de-la-logistique\/entrepot-a-allees-etroites\/\" \/>\n<meta property=\"og:locale\" content=\"fr_FR\" \/>\n<meta property=\"og:type\" content=\"article\" \/>\n<meta property=\"og:title\" content=\"Entrep\u00f4t \u00e0 all\u00e9es \u00e9troites\" \/>\n<meta property=\"og:description\" content=\"Un entrep\u00f4t \u00e0 all\u00e9es \u00e9troites est un type particulier d&#039;entrep\u00f4t utilis\u00e9 en logistique et dans l&#039;industrie. Cet entrep\u00f4t se caract\u00e9rise notamment par des all\u00e9es tr\u00e8s \u00e9troites entre les diff\u00e9rentes rang\u00e9es de rayonnages et de stockage.\" \/>\n<meta property=\"og:url\" content=\"https:\/\/www.prologistik.com\/fr\/lexique-de-la-logistique\/entrepot-a-allees-etroites\/\" \/>\n<meta property=\"og:site_name\" content=\"proLogistik Group\" \/>\n<meta property=\"article:modified_time\" content=\"2025-07-21T10:07:35+00:00\" \/>\n<meta name=\"twitter:card\" content=\"summary_large_image\" \/>\n<script type=\"application\/ld+json\" class=\"yoast-schema-graph\">{\"@context\":\"https:\\\/\\\/schema.org\",\"@graph\":[{\"@type\":\"Article\",\"@id\":\"https:\\\/\\\/www.prologistik.com\\\/fr\\\/lexique-de-la-logistique\\\/entrepot-a-allees-etroites\\\/#article\",\"isPartOf\":{\"@id\":\"https:\\\/\\\/www.prologistik.com\\\/fr\\\/lexique-de-la-logistique\\\/entrepot-a-allees-etroites\\\/\"},\"author\":{\"name\":\"proLogistik Online-Redaktion\",\"@id\":\"https:\\\/\\\/www.prologistik.com\\\/fr\\\/#\\\/schema\\\/person\\\/c027e90fb1e7b522a4c561aeaaf72330\"},\"headline\":\"Entrep\u00f4t \u00e0 all\u00e9es \u00e9troites\",\"datePublished\":\"2023-01-24T07:43:54+00:00\",\"dateModified\":\"2025-07-21T10:07:35+00:00\",\"mainEntityOfPage\":{\"@id\":\"https:\\\/\\\/www.prologistik.com\\\/fr\\\/lexique-de-la-logistique\\\/entrepot-a-allees-etroites\\\/\"},\"wordCount\":5,\"commentCount\":0,\"publisher\":{\"@id\":\"https:\\\/\\\/www.prologistik.com\\\/fr\\\/#organization\"},\"inLanguage\":\"fr-FR\"},{\"@type\":\"WebPage\",\"@id\":\"https:\\\/\\\/www.prologistik.com\\\/fr\\\/lexique-de-la-logistique\\\/entrepot-a-allees-etroites\\\/\",\"url\":\"https:\\\/\\\/www.prologistik.com\\\/fr\\\/lexique-de-la-logistique\\\/entrepot-a-allees-etroites\\\/\",\"name\":\"Qu'est-ce qu'un entrep\u00f4t \u00e0 rayonnages \u00e9troits ? \u27a1\ufe0f Lexique de la logistique\",\"isPartOf\":{\"@id\":\"https:\\\/\\\/www.prologistik.com\\\/fr\\\/#website\"},\"datePublished\":\"2023-01-24T07:43:54+00:00\",\"dateModified\":\"2025-07-21T10:07:35+00:00\",\"description\":\"Un entrep\u00f4t \u00e0 all\u00e9es \u00e9troites est un type particulier d'entrep\u00f4t utilis\u00e9 en logistique et dans l'industrie. Cet entrep\u00f4t se caract\u00e9rise notamment par des all\u00e9es tr\u00e8s \u00e9troites entre les diff\u00e9rentes rang\u00e9es de rayonnages et de stockage.\",\"breadcrumb\":{\"@id\":\"https:\\\/\\\/www.prologistik.com\\\/fr\\\/lexique-de-la-logistique\\\/entrepot-a-allees-etroites\\\/#breadcrumb\"},\"inLanguage\":\"fr-FR\",\"potentialAction\":[{\"@type\":\"ReadAction\",\"target\":[\"https:\\\/\\\/www.prologistik.com\\\/fr\\\/lexique-de-la-logistique\\\/entrepot-a-allees-etroites\\\/\"]}]},{\"@type\":\"BreadcrumbList\",\"@id\":\"https:\\\/\\\/www.prologistik.com\\\/fr\\\/lexique-de-la-logistique\\\/entrepot-a-allees-etroites\\\/#breadcrumb\",\"itemListElement\":[{\"@type\":\"ListItem\",\"position\":1,\"name\":\"Startseite\",\"item\":\"https:\\\/\\\/www.prologistik.com\\\/fr\\\/\"},{\"@type\":\"ListItem\",\"position\":2,\"name\":\"Entrep\u00f4t \u00e0 all\u00e9es \u00e9troites\"}]},{\"@type\":\"WebSite\",\"@id\":\"https:\\\/\\\/www.prologistik.com\\\/fr\\\/#website\",\"url\":\"https:\\\/\\\/www.prologistik.com\\\/fr\\\/\",\"name\":\"proLogistik Group\",\"description\":\"Software und Hardware f\u00fcr die Intralogistik\",\"publisher\":{\"@id\":\"https:\\\/\\\/www.prologistik.com\\\/fr\\\/#organization\"},\"potentialAction\":[{\"@type\":\"SearchAction\",\"target\":{\"@type\":\"EntryPoint\",\"urlTemplate\":\"https:\\\/\\\/www.prologistik.com\\\/fr\\\/?s={search_term_string}\"},\"query-input\":{\"@type\":\"PropertyValueSpecification\",\"valueRequired\":true,\"valueName\":\"search_term_string\"}}],\"inLanguage\":\"fr-FR\"},{\"@type\":\"Organization\",\"@id\":\"https:\\\/\\\/www.prologistik.com\\\/fr\\\/#organization\",\"name\":\"proLogistik Group\",\"url\":\"https:\\\/\\\/www.prologistik.com\\\/fr\\\/\",\"logo\":{\"@type\":\"ImageObject\",\"inLanguage\":\"fr-FR\",\"@id\":\"https:\\\/\\\/www.prologistik.com\\\/fr\\\/#\\\/schema\\\/logo\\\/image\\\/\",\"url\":\"https:\\\/\\\/www.prologistik.com\\\/wp-content\\\/uploads\\\/prologistik-logo-web.svg\",\"contentUrl\":\"https:\\\/\\\/www.prologistik.com\\\/wp-content\\\/uploads\\\/prologistik-logo-web.svg\",\"width\":320,\"height\":59,\"caption\":\"proLogistik Group\"},\"image\":{\"@id\":\"https:\\\/\\\/www.prologistik.com\\\/fr\\\/#\\\/schema\\\/logo\\\/image\\\/\"}},{\"@type\":\"Person\",\"@id\":\"https:\\\/\\\/www.prologistik.com\\\/fr\\\/#\\\/schema\\\/person\\\/c027e90fb1e7b522a4c561aeaaf72330\",\"name\":\"proLogistik Online-Redaktion\",\"image\":{\"@type\":\"ImageObject\",\"inLanguage\":\"fr-FR\",\"@id\":\"https:\\\/\\\/secure.gravatar.com\\\/avatar\\\/c4746b477a9a3377db34607ce35d0a39c536f4abcac752a3763adf3b68eaf68a?s=96&d=mm&r=g\",\"url\":\"https:\\\/\\\/secure.gravatar.com\\\/avatar\\\/c4746b477a9a3377db34607ce35d0a39c536f4abcac752a3763adf3b68eaf68a?s=96&d=mm&r=g\",\"contentUrl\":\"https:\\\/\\\/secure.gravatar.com\\\/avatar\\\/c4746b477a9a3377db34607ce35d0a39c536f4abcac752a3763adf3b68eaf68a?s=96&d=mm&r=g\",\"caption\":\"proLogistik Online-Redaktion\"},\"url\":\"https:\\\/\\\/www.prologistik.com\\\/fr\\\/author\\\/prologistik-online-redaktion\\\/\"}]}<\/script>\n<!-- \/ Yoast SEO Premium plugin. -->","yoast_head_json":{"title":"Qu'est-ce qu'un entrep\u00f4t \u00e0 rayonnages \u00e9troits ? \u27a1\ufe0f Lexique de la logistique","description":"Un entrep\u00f4t \u00e0 all\u00e9es \u00e9troites est un type particulier d'entrep\u00f4t utilis\u00e9 en logistique et dans l'industrie. Cet entrep\u00f4t se caract\u00e9rise notamment par des all\u00e9es tr\u00e8s \u00e9troites entre les diff\u00e9rentes rang\u00e9es de rayonnages et de stockage.","robots":{"index":"index","follow":"follow","max-snippet":"max-snippet:-1","max-image-preview":"max-image-preview:large","max-video-preview":"max-video-preview:-1"},"canonical":"https:\/\/www.prologistik.com\/fr\/lexique-de-la-logistique\/entrepot-a-allees-etroites\/","og_locale":"fr_FR","og_type":"article","og_title":"Entrep\u00f4t \u00e0 all\u00e9es \u00e9troites","og_description":"Un entrep\u00f4t \u00e0 all\u00e9es \u00e9troites est un type particulier d'entrep\u00f4t utilis\u00e9 en logistique et dans l'industrie. Cet entrep\u00f4t se caract\u00e9rise notamment par des all\u00e9es tr\u00e8s \u00e9troites entre les diff\u00e9rentes rang\u00e9es de rayonnages et de stockage.","og_url":"https:\/\/www.prologistik.com\/fr\/lexique-de-la-logistique\/entrepot-a-allees-etroites\/","og_site_name":"proLogistik Group","article_modified_time":"2025-07-21T10:07:35+00:00","twitter_card":"summary_large_image","schema":{"@context":"https:\/\/schema.org","@graph":[{"@type":"Article","@id":"https:\/\/www.prologistik.com\/fr\/lexique-de-la-logistique\/entrepot-a-allees-etroites\/#article","isPartOf":{"@id":"https:\/\/www.prologistik.com\/fr\/lexique-de-la-logistique\/entrepot-a-allees-etroites\/"},"author":{"name":"proLogistik Online-Redaktion","@id":"https:\/\/www.prologistik.com\/fr\/#\/schema\/person\/c027e90fb1e7b522a4c561aeaaf72330"},"headline":"Entrep\u00f4t \u00e0 all\u00e9es \u00e9troites","datePublished":"2023-01-24T07:43:54+00:00","dateModified":"2025-07-21T10:07:35+00:00","mainEntityOfPage":{"@id":"https:\/\/www.prologistik.com\/fr\/lexique-de-la-logistique\/entrepot-a-allees-etroites\/"},"wordCount":5,"commentCount":0,"publisher":{"@id":"https:\/\/www.prologistik.com\/fr\/#organization"},"inLanguage":"fr-FR"},{"@type":"WebPage","@id":"https:\/\/www.prologistik.com\/fr\/lexique-de-la-logistique\/entrepot-a-allees-etroites\/","url":"https:\/\/www.prologistik.com\/fr\/lexique-de-la-logistique\/entrepot-a-allees-etroites\/","name":"Qu'est-ce qu'un entrep\u00f4t \u00e0 rayonnages \u00e9troits ? \u27a1\ufe0f Lexique de la logistique","isPartOf":{"@id":"https:\/\/www.prologistik.com\/fr\/#website"},"datePublished":"2023-01-24T07:43:54+00:00","dateModified":"2025-07-21T10:07:35+00:00","description":"Un entrep\u00f4t \u00e0 all\u00e9es \u00e9troites est un type particulier d'entrep\u00f4t utilis\u00e9 en logistique et dans l'industrie. Cet entrep\u00f4t se caract\u00e9rise notamment par des all\u00e9es tr\u00e8s \u00e9troites entre les diff\u00e9rentes rang\u00e9es de rayonnages et de stockage.","breadcrumb":{"@id":"https:\/\/www.prologistik.com\/fr\/lexique-de-la-logistique\/entrepot-a-allees-etroites\/#breadcrumb"},"inLanguage":"fr-FR","potentialAction":[{"@type":"ReadAction","target":["https:\/\/www.prologistik.com\/fr\/lexique-de-la-logistique\/entrepot-a-allees-etroites\/"]}]},{"@type":"BreadcrumbList","@id":"https:\/\/www.prologistik.com\/fr\/lexique-de-la-logistique\/entrepot-a-allees-etroites\/#breadcrumb","itemListElement":[{"@type":"ListItem","position":1,"name":"Startseite","item":"https:\/\/www.prologistik.com\/fr\/"},{"@type":"ListItem","position":2,"name":"Entrep\u00f4t \u00e0 all\u00e9es \u00e9troites"}]},{"@type":"WebSite","@id":"https:\/\/www.prologistik.com\/fr\/#website","url":"https:\/\/www.prologistik.com\/fr\/","name":"proLogistik Group","description":"Software und Hardware f\u00fcr die Intralogistik","publisher":{"@id":"https:\/\/www.prologistik.com\/fr\/#organization"},"potentialAction":[{"@type":"SearchAction","target":{"@type":"EntryPoint","urlTemplate":"https:\/\/www.prologistik.com\/fr\/?s={search_term_string}"},"query-input":{"@type":"PropertyValueSpecification","valueRequired":true,"valueName":"search_term_string"}}],"inLanguage":"fr-FR"},{"@type":"Organization","@id":"https:\/\/www.prologistik.com\/fr\/#organization","name":"proLogistik Group","url":"https:\/\/www.prologistik.com\/fr\/","logo":{"@type":"ImageObject","inLanguage":"fr-FR","@id":"https:\/\/www.prologistik.com\/fr\/#\/schema\/logo\/image\/","url":"https:\/\/www.prologistik.com\/wp-content\/uploads\/prologistik-logo-web.svg","contentUrl":"https:\/\/www.prologistik.com\/wp-content\/uploads\/prologistik-logo-web.svg","width":320,"height":59,"caption":"proLogistik Group"},"image":{"@id":"https:\/\/www.prologistik.com\/fr\/#\/schema\/logo\/image\/"}},{"@type":"Person","@id":"https:\/\/www.prologistik.com\/fr\/#\/schema\/person\/c027e90fb1e7b522a4c561aeaaf72330","name":"proLogistik Online-Redaktion","image":{"@type":"ImageObject","inLanguage":"fr-FR","@id":"https:\/\/secure.gravatar.com\/avatar\/c4746b477a9a3377db34607ce35d0a39c536f4abcac752a3763adf3b68eaf68a?s=96&d=mm&r=g","url":"https:\/\/secure.gravatar.com\/avatar\/c4746b477a9a3377db34607ce35d0a39c536f4abcac752a3763adf3b68eaf68a?s=96&d=mm&r=g","contentUrl":"https:\/\/secure.gravatar.com\/avatar\/c4746b477a9a3377db34607ce35d0a39c536f4abcac752a3763adf3b68eaf68a?s=96&d=mm&r=g","caption":"proLogistik Online-Redaktion"},"url":"https:\/\/www.prologistik.com\/fr\/author\/prologistik-online-redaktion\/"}]}},"_links":{"self":[{"href":"https:\/\/www.prologistik.com\/fr\/wp-json\/wp\/v2\/nessio_gl\/32104","targetHints":{"allow":["GET"]}}],"collection":[{"href":"https:\/\/www.prologistik.com\/fr\/wp-json\/wp\/v2\/nessio_gl"}],"about":[{"href":"https:\/\/www.prologistik.com\/fr\/wp-json\/wp\/v2\/types\/nessio_gl"}],"author":[{"embeddable":true,"href":"https:\/\/www.prologistik.com\/fr\/wp-json\/wp\/v2\/users\/330"}],"version-history":[{"count":2,"href":"https:\/\/www.prologistik.com\/fr\/wp-json\/wp\/v2\/nessio_gl\/32104\/revisions"}],"predecessor-version":[{"id":51384,"href":"https:\/\/www.prologistik.com\/fr\/wp-json\/wp\/v2\/nessio_gl\/32104\/revisions\/51384"}],"wp:attachment":[{"href":"https:\/\/www.prologistik.com\/fr\/wp-json\/wp\/v2\/media?parent=32104"}],"curies":[{"name":"wp","href":"https:\/\/api.w.org\/{rel}","templated":true}]}}