{"id":32015,"date":"2023-01-25T08:51:19","date_gmt":"2023-01-25T07:51:19","guid":{"rendered":"https:\/\/prologistik.pixel-tal.de\/logistik-lexikon\/chaine-de-valeur"},"modified":"2025-07-21T12:06:32","modified_gmt":"2025-07-21T10:06:32","slug":"chaine-de-valeur","status":"publish","type":"nessio_gl","link":"https:\/\/www.prologistik.com\/fr\/lexique-de-la-logistique\/chaine-de-valeur\/","title":{"rendered":"Cha\u00eene de valeur"},"content":{"rendered":"","protected":false},"excerpt":{"rendered":"","protected":false},"author":330,"featured_media":0,"template":"","class_list":["post-32015","nessio_gl","type-nessio_gl","status-publish","hentry"],"acf":[],"yoast_head":"<!-- This site is optimized with the Yoast SEO Premium plugin v26.9 (Yoast SEO v27.5) - https:\/\/yoast.com\/product\/yoast-seo-premium-wordpress\/ -->\n<title>Qu&#039;est-ce qu&#039;une cha\u00eene de valeur ? \u27a1\ufe0f Lexique de la logistique<\/title>\n<meta name=\"description\" content=\"La cha\u00eene de cr\u00e9ation de valeur est \u00e9galement appel\u00e9e cha\u00eene de valeur ou cha\u00eene de processus. Elle d\u00e9crit comment des valeurs sont cr\u00e9\u00e9es par un encha\u00eenement d&#039;activit\u00e9s et comment des processus en d\u00e9coulent.\" \/>\n<meta name=\"robots\" content=\"index, follow, max-snippet:-1, max-image-preview:large, max-video-preview:-1\" \/>\n<link rel=\"canonical\" href=\"https:\/\/www.prologistik.com\/fr\/lexique-de-la-logistique\/chaine-de-valeur\/\" \/>\n<meta property=\"og:locale\" content=\"fr_FR\" \/>\n<meta property=\"og:type\" content=\"article\" \/>\n<meta property=\"og:title\" content=\"Cha\u00eene de valeur\" \/>\n<meta property=\"og:description\" content=\"La cha\u00eene de cr\u00e9ation de valeur est \u00e9galement appel\u00e9e cha\u00eene de valeur ou cha\u00eene de processus. Elle d\u00e9crit comment des valeurs sont cr\u00e9\u00e9es par un encha\u00eenement d&#039;activit\u00e9s et comment des processus en d\u00e9coulent.\" \/>\n<meta property=\"og:url\" content=\"https:\/\/www.prologistik.com\/fr\/lexique-de-la-logistique\/chaine-de-valeur\/\" \/>\n<meta property=\"og:site_name\" content=\"proLogistik Group\" \/>\n<meta property=\"article:modified_time\" content=\"2025-07-21T10:06:32+00:00\" \/>\n<meta name=\"twitter:card\" content=\"summary_large_image\" \/>\n<script type=\"application\/ld+json\" class=\"yoast-schema-graph\">{\"@context\":\"https:\\\/\\\/schema.org\",\"@graph\":[{\"@type\":\"Article\",\"@id\":\"https:\\\/\\\/www.prologistik.com\\\/fr\\\/lexique-de-la-logistique\\\/chaine-de-valeur\\\/#article\",\"isPartOf\":{\"@id\":\"https:\\\/\\\/www.prologistik.com\\\/fr\\\/lexique-de-la-logistique\\\/chaine-de-valeur\\\/\"},\"author\":{\"name\":\"proLogistik Online-Redaktion\",\"@id\":\"https:\\\/\\\/www.prologistik.com\\\/fr\\\/#\\\/schema\\\/person\\\/c027e90fb1e7b522a4c561aeaaf72330\"},\"headline\":\"Cha\u00eene de valeur\",\"datePublished\":\"2023-01-25T07:51:19+00:00\",\"dateModified\":\"2025-07-21T10:06:32+00:00\",\"mainEntityOfPage\":{\"@id\":\"https:\\\/\\\/www.prologistik.com\\\/fr\\\/lexique-de-la-logistique\\\/chaine-de-valeur\\\/\"},\"wordCount\":4,\"commentCount\":0,\"publisher\":{\"@id\":\"https:\\\/\\\/www.prologistik.com\\\/fr\\\/#organization\"},\"inLanguage\":\"fr-FR\"},{\"@type\":\"WebPage\",\"@id\":\"https:\\\/\\\/www.prologistik.com\\\/fr\\\/lexique-de-la-logistique\\\/chaine-de-valeur\\\/\",\"url\":\"https:\\\/\\\/www.prologistik.com\\\/fr\\\/lexique-de-la-logistique\\\/chaine-de-valeur\\\/\",\"name\":\"Qu'est-ce qu'une cha\u00eene de valeur ? \u27a1\ufe0f Lexique de la logistique\",\"isPartOf\":{\"@id\":\"https:\\\/\\\/www.prologistik.com\\\/fr\\\/#website\"},\"datePublished\":\"2023-01-25T07:51:19+00:00\",\"dateModified\":\"2025-07-21T10:06:32+00:00\",\"description\":\"La cha\u00eene de cr\u00e9ation de valeur est \u00e9galement appel\u00e9e cha\u00eene de valeur ou cha\u00eene de processus. Elle d\u00e9crit comment des valeurs sont cr\u00e9\u00e9es par un encha\u00eenement d'activit\u00e9s et comment des processus en d\u00e9coulent.\",\"breadcrumb\":{\"@id\":\"https:\\\/\\\/www.prologistik.com\\\/fr\\\/lexique-de-la-logistique\\\/chaine-de-valeur\\\/#breadcrumb\"},\"inLanguage\":\"fr-FR\",\"potentialAction\":[{\"@type\":\"ReadAction\",\"target\":[\"https:\\\/\\\/www.prologistik.com\\\/fr\\\/lexique-de-la-logistique\\\/chaine-de-valeur\\\/\"]}]},{\"@type\":\"BreadcrumbList\",\"@id\":\"https:\\\/\\\/www.prologistik.com\\\/fr\\\/lexique-de-la-logistique\\\/chaine-de-valeur\\\/#breadcrumb\",\"itemListElement\":[{\"@type\":\"ListItem\",\"position\":1,\"name\":\"Startseite\",\"item\":\"https:\\\/\\\/www.prologistik.com\\\/fr\\\/\"},{\"@type\":\"ListItem\",\"position\":2,\"name\":\"Cha\u00eene de valeur\"}]},{\"@type\":\"WebSite\",\"@id\":\"https:\\\/\\\/www.prologistik.com\\\/fr\\\/#website\",\"url\":\"https:\\\/\\\/www.prologistik.com\\\/fr\\\/\",\"name\":\"proLogistik Group\",\"description\":\"Software und Hardware f\u00fcr die Intralogistik\",\"publisher\":{\"@id\":\"https:\\\/\\\/www.prologistik.com\\\/fr\\\/#organization\"},\"potentialAction\":[{\"@type\":\"SearchAction\",\"target\":{\"@type\":\"EntryPoint\",\"urlTemplate\":\"https:\\\/\\\/www.prologistik.com\\\/fr\\\/?s={search_term_string}\"},\"query-input\":{\"@type\":\"PropertyValueSpecification\",\"valueRequired\":true,\"valueName\":\"search_term_string\"}}],\"inLanguage\":\"fr-FR\"},{\"@type\":\"Organization\",\"@id\":\"https:\\\/\\\/www.prologistik.com\\\/fr\\\/#organization\",\"name\":\"proLogistik Group\",\"url\":\"https:\\\/\\\/www.prologistik.com\\\/fr\\\/\",\"logo\":{\"@type\":\"ImageObject\",\"inLanguage\":\"fr-FR\",\"@id\":\"https:\\\/\\\/www.prologistik.com\\\/fr\\\/#\\\/schema\\\/logo\\\/image\\\/\",\"url\":\"https:\\\/\\\/www.prologistik.com\\\/wp-content\\\/uploads\\\/prologistik-logo-web.svg\",\"contentUrl\":\"https:\\\/\\\/www.prologistik.com\\\/wp-content\\\/uploads\\\/prologistik-logo-web.svg\",\"width\":320,\"height\":59,\"caption\":\"proLogistik Group\"},\"image\":{\"@id\":\"https:\\\/\\\/www.prologistik.com\\\/fr\\\/#\\\/schema\\\/logo\\\/image\\\/\"}},{\"@type\":\"Person\",\"@id\":\"https:\\\/\\\/www.prologistik.com\\\/fr\\\/#\\\/schema\\\/person\\\/c027e90fb1e7b522a4c561aeaaf72330\",\"name\":\"proLogistik Online-Redaktion\",\"image\":{\"@type\":\"ImageObject\",\"inLanguage\":\"fr-FR\",\"@id\":\"https:\\\/\\\/secure.gravatar.com\\\/avatar\\\/c4746b477a9a3377db34607ce35d0a39c536f4abcac752a3763adf3b68eaf68a?s=96&d=mm&r=g\",\"url\":\"https:\\\/\\\/secure.gravatar.com\\\/avatar\\\/c4746b477a9a3377db34607ce35d0a39c536f4abcac752a3763adf3b68eaf68a?s=96&d=mm&r=g\",\"contentUrl\":\"https:\\\/\\\/secure.gravatar.com\\\/avatar\\\/c4746b477a9a3377db34607ce35d0a39c536f4abcac752a3763adf3b68eaf68a?s=96&d=mm&r=g\",\"caption\":\"proLogistik Online-Redaktion\"},\"url\":\"https:\\\/\\\/www.prologistik.com\\\/fr\\\/author\\\/prologistik-online-redaktion\\\/\"}]}<\/script>\n<!-- \/ Yoast SEO Premium plugin. -->","yoast_head_json":{"title":"Qu'est-ce qu'une cha\u00eene de valeur ? \u27a1\ufe0f Lexique de la logistique","description":"La cha\u00eene de cr\u00e9ation de valeur est \u00e9galement appel\u00e9e cha\u00eene de valeur ou cha\u00eene de processus. Elle d\u00e9crit comment des valeurs sont cr\u00e9\u00e9es par un encha\u00eenement d'activit\u00e9s et comment des processus en d\u00e9coulent.","robots":{"index":"index","follow":"follow","max-snippet":"max-snippet:-1","max-image-preview":"max-image-preview:large","max-video-preview":"max-video-preview:-1"},"canonical":"https:\/\/www.prologistik.com\/fr\/lexique-de-la-logistique\/chaine-de-valeur\/","og_locale":"fr_FR","og_type":"article","og_title":"Cha\u00eene de valeur","og_description":"La cha\u00eene de cr\u00e9ation de valeur est \u00e9galement appel\u00e9e cha\u00eene de valeur ou cha\u00eene de processus. Elle d\u00e9crit comment des valeurs sont cr\u00e9\u00e9es par un encha\u00eenement d'activit\u00e9s et comment des processus en d\u00e9coulent.","og_url":"https:\/\/www.prologistik.com\/fr\/lexique-de-la-logistique\/chaine-de-valeur\/","og_site_name":"proLogistik Group","article_modified_time":"2025-07-21T10:06:32+00:00","twitter_card":"summary_large_image","schema":{"@context":"https:\/\/schema.org","@graph":[{"@type":"Article","@id":"https:\/\/www.prologistik.com\/fr\/lexique-de-la-logistique\/chaine-de-valeur\/#article","isPartOf":{"@id":"https:\/\/www.prologistik.com\/fr\/lexique-de-la-logistique\/chaine-de-valeur\/"},"author":{"name":"proLogistik Online-Redaktion","@id":"https:\/\/www.prologistik.com\/fr\/#\/schema\/person\/c027e90fb1e7b522a4c561aeaaf72330"},"headline":"Cha\u00eene de valeur","datePublished":"2023-01-25T07:51:19+00:00","dateModified":"2025-07-21T10:06:32+00:00","mainEntityOfPage":{"@id":"https:\/\/www.prologistik.com\/fr\/lexique-de-la-logistique\/chaine-de-valeur\/"},"wordCount":4,"commentCount":0,"publisher":{"@id":"https:\/\/www.prologistik.com\/fr\/#organization"},"inLanguage":"fr-FR"},{"@type":"WebPage","@id":"https:\/\/www.prologistik.com\/fr\/lexique-de-la-logistique\/chaine-de-valeur\/","url":"https:\/\/www.prologistik.com\/fr\/lexique-de-la-logistique\/chaine-de-valeur\/","name":"Qu'est-ce qu'une cha\u00eene de valeur ? \u27a1\ufe0f Lexique de la logistique","isPartOf":{"@id":"https:\/\/www.prologistik.com\/fr\/#website"},"datePublished":"2023-01-25T07:51:19+00:00","dateModified":"2025-07-21T10:06:32+00:00","description":"La cha\u00eene de cr\u00e9ation de valeur est \u00e9galement appel\u00e9e cha\u00eene de valeur ou cha\u00eene de processus. Elle d\u00e9crit comment des valeurs sont cr\u00e9\u00e9es par un encha\u00eenement d'activit\u00e9s et comment des processus en d\u00e9coulent.","breadcrumb":{"@id":"https:\/\/www.prologistik.com\/fr\/lexique-de-la-logistique\/chaine-de-valeur\/#breadcrumb"},"inLanguage":"fr-FR","potentialAction":[{"@type":"ReadAction","target":["https:\/\/www.prologistik.com\/fr\/lexique-de-la-logistique\/chaine-de-valeur\/"]}]},{"@type":"BreadcrumbList","@id":"https:\/\/www.prologistik.com\/fr\/lexique-de-la-logistique\/chaine-de-valeur\/#breadcrumb","itemListElement":[{"@type":"ListItem","position":1,"name":"Startseite","item":"https:\/\/www.prologistik.com\/fr\/"},{"@type":"ListItem","position":2,"name":"Cha\u00eene de valeur"}]},{"@type":"WebSite","@id":"https:\/\/www.prologistik.com\/fr\/#website","url":"https:\/\/www.prologistik.com\/fr\/","name":"proLogistik Group","description":"Software und Hardware f\u00fcr die Intralogistik","publisher":{"@id":"https:\/\/www.prologistik.com\/fr\/#organization"},"potentialAction":[{"@type":"SearchAction","target":{"@type":"EntryPoint","urlTemplate":"https:\/\/www.prologistik.com\/fr\/?s={search_term_string}"},"query-input":{"@type":"PropertyValueSpecification","valueRequired":true,"valueName":"search_term_string"}}],"inLanguage":"fr-FR"},{"@type":"Organization","@id":"https:\/\/www.prologistik.com\/fr\/#organization","name":"proLogistik Group","url":"https:\/\/www.prologistik.com\/fr\/","logo":{"@type":"ImageObject","inLanguage":"fr-FR","@id":"https:\/\/www.prologistik.com\/fr\/#\/schema\/logo\/image\/","url":"https:\/\/www.prologistik.com\/wp-content\/uploads\/prologistik-logo-web.svg","contentUrl":"https:\/\/www.prologistik.com\/wp-content\/uploads\/prologistik-logo-web.svg","width":320,"height":59,"caption":"proLogistik Group"},"image":{"@id":"https:\/\/www.prologistik.com\/fr\/#\/schema\/logo\/image\/"}},{"@type":"Person","@id":"https:\/\/www.prologistik.com\/fr\/#\/schema\/person\/c027e90fb1e7b522a4c561aeaaf72330","name":"proLogistik Online-Redaktion","image":{"@type":"ImageObject","inLanguage":"fr-FR","@id":"https:\/\/secure.gravatar.com\/avatar\/c4746b477a9a3377db34607ce35d0a39c536f4abcac752a3763adf3b68eaf68a?s=96&d=mm&r=g","url":"https:\/\/secure.gravatar.com\/avatar\/c4746b477a9a3377db34607ce35d0a39c536f4abcac752a3763adf3b68eaf68a?s=96&d=mm&r=g","contentUrl":"https:\/\/secure.gravatar.com\/avatar\/c4746b477a9a3377db34607ce35d0a39c536f4abcac752a3763adf3b68eaf68a?s=96&d=mm&r=g","caption":"proLogistik Online-Redaktion"},"url":"https:\/\/www.prologistik.com\/fr\/author\/prologistik-online-redaktion\/"}]}},"_links":{"self":[{"href":"https:\/\/www.prologistik.com\/fr\/wp-json\/wp\/v2\/nessio_gl\/32015","targetHints":{"allow":["GET"]}}],"collection":[{"href":"https:\/\/www.prologistik.com\/fr\/wp-json\/wp\/v2\/nessio_gl"}],"about":[{"href":"https:\/\/www.prologistik.com\/fr\/wp-json\/wp\/v2\/types\/nessio_gl"}],"author":[{"embeddable":true,"href":"https:\/\/www.prologistik.com\/fr\/wp-json\/wp\/v2\/users\/330"}],"version-history":[{"count":1,"href":"https:\/\/www.prologistik.com\/fr\/wp-json\/wp\/v2\/nessio_gl\/32015\/revisions"}],"predecessor-version":[{"id":51082,"href":"https:\/\/www.prologistik.com\/fr\/wp-json\/wp\/v2\/nessio_gl\/32015\/revisions\/51082"}],"wp:attachment":[{"href":"https:\/\/www.prologistik.com\/fr\/wp-json\/wp\/v2\/media?parent=32015"}],"curies":[{"name":"wp","href":"https:\/\/api.w.org\/{rel}","templated":true}]}}