{"id":31955,"date":"2023-01-11T12:29:59","date_gmt":"2023-01-11T11:29:59","guid":{"rendered":"https:\/\/prologistik.pixel-tal.de\/logistik-lexikon\/base-de-donnees"},"modified":"2025-07-21T12:14:12","modified_gmt":"2025-07-21T10:14:12","slug":"base-de-donnees","status":"publish","type":"nessio_gl","link":"https:\/\/www.prologistik.com\/fr\/lexique-de-la-logistique\/base-de-donnees\/","title":{"rendered":"Base de donn\u00e9es"},"content":{"rendered":"","protected":false},"excerpt":{"rendered":"","protected":false},"author":330,"featured_media":0,"template":"","class_list":["post-31955","nessio_gl","type-nessio_gl","status-publish","hentry"],"acf":[],"yoast_head":"<!-- This site is optimized with the Yoast SEO Premium plugin v26.9 (Yoast SEO v27.5) - https:\/\/yoast.com\/product\/yoast-seo-premium-wordpress\/ -->\n<title>Qu&#039;est-ce qu&#039;une base de donn\u00e9es ? \u27a1\ufe0f Lexique de la logistique<\/title>\n<meta name=\"description\" content=\"Les bases de donn\u00e9es g\u00e8rent une grande quantit\u00e9 de donn\u00e9es structur\u00e9es sur des supports de stockage. Il est possible de relier des bases de donn\u00e9es individuelles entre elles, ce qui permet d&#039;acc\u00e9der plus rapidement aux informations collect\u00e9es.\" \/>\n<meta name=\"robots\" content=\"index, follow, max-snippet:-1, max-image-preview:large, max-video-preview:-1\" \/>\n<link rel=\"canonical\" href=\"https:\/\/www.prologistik.com\/fr\/lexique-de-la-logistique\/base-de-donnees\/\" \/>\n<meta property=\"og:locale\" content=\"fr_FR\" \/>\n<meta property=\"og:type\" content=\"article\" \/>\n<meta property=\"og:title\" content=\"Base de donn\u00e9es\" \/>\n<meta property=\"og:description\" content=\"Les bases de donn\u00e9es g\u00e8rent une grande quantit\u00e9 de donn\u00e9es structur\u00e9es sur des supports de stockage. Il est possible de relier des bases de donn\u00e9es individuelles entre elles, ce qui permet d&#039;acc\u00e9der plus rapidement aux informations collect\u00e9es.\" \/>\n<meta property=\"og:url\" content=\"https:\/\/www.prologistik.com\/fr\/lexique-de-la-logistique\/base-de-donnees\/\" \/>\n<meta property=\"og:site_name\" content=\"proLogistik Group\" \/>\n<meta property=\"article:modified_time\" content=\"2025-07-21T10:14:12+00:00\" \/>\n<meta name=\"twitter:card\" content=\"summary_large_image\" \/>\n<script type=\"application\/ld+json\" class=\"yoast-schema-graph\">{\"@context\":\"https:\\\/\\\/schema.org\",\"@graph\":[{\"@type\":\"Article\",\"@id\":\"https:\\\/\\\/www.prologistik.com\\\/fr\\\/lexique-de-la-logistique\\\/base-de-donnees\\\/#article\",\"isPartOf\":{\"@id\":\"https:\\\/\\\/www.prologistik.com\\\/fr\\\/lexique-de-la-logistique\\\/base-de-donnees\\\/\"},\"author\":{\"name\":\"proLogistik Online-Redaktion\",\"@id\":\"https:\\\/\\\/www.prologistik.com\\\/fr\\\/#\\\/schema\\\/person\\\/c027e90fb1e7b522a4c561aeaaf72330\"},\"headline\":\"Base de donn\u00e9es\",\"datePublished\":\"2023-01-11T11:29:59+00:00\",\"dateModified\":\"2025-07-21T10:14:12+00:00\",\"mainEntityOfPage\":{\"@id\":\"https:\\\/\\\/www.prologistik.com\\\/fr\\\/lexique-de-la-logistique\\\/base-de-donnees\\\/\"},\"wordCount\":4,\"publisher\":{\"@id\":\"https:\\\/\\\/www.prologistik.com\\\/fr\\\/#organization\"},\"inLanguage\":\"fr-FR\"},{\"@type\":\"WebPage\",\"@id\":\"https:\\\/\\\/www.prologistik.com\\\/fr\\\/lexique-de-la-logistique\\\/base-de-donnees\\\/\",\"url\":\"https:\\\/\\\/www.prologistik.com\\\/fr\\\/lexique-de-la-logistique\\\/base-de-donnees\\\/\",\"name\":\"Qu'est-ce qu'une base de donn\u00e9es ? \u27a1\ufe0f Lexique de la logistique\",\"isPartOf\":{\"@id\":\"https:\\\/\\\/www.prologistik.com\\\/fr\\\/#website\"},\"datePublished\":\"2023-01-11T11:29:59+00:00\",\"dateModified\":\"2025-07-21T10:14:12+00:00\",\"description\":\"Les bases de donn\u00e9es g\u00e8rent une grande quantit\u00e9 de donn\u00e9es structur\u00e9es sur des supports de stockage. Il est possible de relier des bases de donn\u00e9es individuelles entre elles, ce qui permet d'acc\u00e9der plus rapidement aux informations collect\u00e9es.\",\"breadcrumb\":{\"@id\":\"https:\\\/\\\/www.prologistik.com\\\/fr\\\/lexique-de-la-logistique\\\/base-de-donnees\\\/#breadcrumb\"},\"inLanguage\":\"fr-FR\",\"potentialAction\":[{\"@type\":\"ReadAction\",\"target\":[\"https:\\\/\\\/www.prologistik.com\\\/fr\\\/lexique-de-la-logistique\\\/base-de-donnees\\\/\"]}]},{\"@type\":\"BreadcrumbList\",\"@id\":\"https:\\\/\\\/www.prologistik.com\\\/fr\\\/lexique-de-la-logistique\\\/base-de-donnees\\\/#breadcrumb\",\"itemListElement\":[{\"@type\":\"ListItem\",\"position\":1,\"name\":\"Startseite\",\"item\":\"https:\\\/\\\/www.prologistik.com\\\/fr\\\/\"},{\"@type\":\"ListItem\",\"position\":2,\"name\":\"Base de donn\u00e9es\"}]},{\"@type\":\"WebSite\",\"@id\":\"https:\\\/\\\/www.prologistik.com\\\/fr\\\/#website\",\"url\":\"https:\\\/\\\/www.prologistik.com\\\/fr\\\/\",\"name\":\"proLogistik Group\",\"description\":\"Software und Hardware f\u00fcr die Intralogistik\",\"publisher\":{\"@id\":\"https:\\\/\\\/www.prologistik.com\\\/fr\\\/#organization\"},\"potentialAction\":[{\"@type\":\"SearchAction\",\"target\":{\"@type\":\"EntryPoint\",\"urlTemplate\":\"https:\\\/\\\/www.prologistik.com\\\/fr\\\/?s={search_term_string}\"},\"query-input\":{\"@type\":\"PropertyValueSpecification\",\"valueRequired\":true,\"valueName\":\"search_term_string\"}}],\"inLanguage\":\"fr-FR\"},{\"@type\":\"Organization\",\"@id\":\"https:\\\/\\\/www.prologistik.com\\\/fr\\\/#organization\",\"name\":\"proLogistik Group\",\"url\":\"https:\\\/\\\/www.prologistik.com\\\/fr\\\/\",\"logo\":{\"@type\":\"ImageObject\",\"inLanguage\":\"fr-FR\",\"@id\":\"https:\\\/\\\/www.prologistik.com\\\/fr\\\/#\\\/schema\\\/logo\\\/image\\\/\",\"url\":\"https:\\\/\\\/www.prologistik.com\\\/wp-content\\\/uploads\\\/prologistik-logo-web.svg\",\"contentUrl\":\"https:\\\/\\\/www.prologistik.com\\\/wp-content\\\/uploads\\\/prologistik-logo-web.svg\",\"width\":320,\"height\":59,\"caption\":\"proLogistik Group\"},\"image\":{\"@id\":\"https:\\\/\\\/www.prologistik.com\\\/fr\\\/#\\\/schema\\\/logo\\\/image\\\/\"}},{\"@type\":\"Person\",\"@id\":\"https:\\\/\\\/www.prologistik.com\\\/fr\\\/#\\\/schema\\\/person\\\/c027e90fb1e7b522a4c561aeaaf72330\",\"name\":\"proLogistik Online-Redaktion\",\"image\":{\"@type\":\"ImageObject\",\"inLanguage\":\"fr-FR\",\"@id\":\"https:\\\/\\\/secure.gravatar.com\\\/avatar\\\/c4746b477a9a3377db34607ce35d0a39c536f4abcac752a3763adf3b68eaf68a?s=96&d=mm&r=g\",\"url\":\"https:\\\/\\\/secure.gravatar.com\\\/avatar\\\/c4746b477a9a3377db34607ce35d0a39c536f4abcac752a3763adf3b68eaf68a?s=96&d=mm&r=g\",\"contentUrl\":\"https:\\\/\\\/secure.gravatar.com\\\/avatar\\\/c4746b477a9a3377db34607ce35d0a39c536f4abcac752a3763adf3b68eaf68a?s=96&d=mm&r=g\",\"caption\":\"proLogistik Online-Redaktion\"},\"url\":\"https:\\\/\\\/www.prologistik.com\\\/fr\\\/author\\\/prologistik-online-redaktion\\\/\"}]}<\/script>\n<!-- \/ Yoast SEO Premium plugin. -->","yoast_head_json":{"title":"Qu'est-ce qu'une base de donn\u00e9es ? \u27a1\ufe0f Lexique de la logistique","description":"Les bases de donn\u00e9es g\u00e8rent une grande quantit\u00e9 de donn\u00e9es structur\u00e9es sur des supports de stockage. Il est possible de relier des bases de donn\u00e9es individuelles entre elles, ce qui permet d'acc\u00e9der plus rapidement aux informations collect\u00e9es.","robots":{"index":"index","follow":"follow","max-snippet":"max-snippet:-1","max-image-preview":"max-image-preview:large","max-video-preview":"max-video-preview:-1"},"canonical":"https:\/\/www.prologistik.com\/fr\/lexique-de-la-logistique\/base-de-donnees\/","og_locale":"fr_FR","og_type":"article","og_title":"Base de donn\u00e9es","og_description":"Les bases de donn\u00e9es g\u00e8rent une grande quantit\u00e9 de donn\u00e9es structur\u00e9es sur des supports de stockage. Il est possible de relier des bases de donn\u00e9es individuelles entre elles, ce qui permet d'acc\u00e9der plus rapidement aux informations collect\u00e9es.","og_url":"https:\/\/www.prologistik.com\/fr\/lexique-de-la-logistique\/base-de-donnees\/","og_site_name":"proLogistik Group","article_modified_time":"2025-07-21T10:14:12+00:00","twitter_card":"summary_large_image","schema":{"@context":"https:\/\/schema.org","@graph":[{"@type":"Article","@id":"https:\/\/www.prologistik.com\/fr\/lexique-de-la-logistique\/base-de-donnees\/#article","isPartOf":{"@id":"https:\/\/www.prologistik.com\/fr\/lexique-de-la-logistique\/base-de-donnees\/"},"author":{"name":"proLogistik Online-Redaktion","@id":"https:\/\/www.prologistik.com\/fr\/#\/schema\/person\/c027e90fb1e7b522a4c561aeaaf72330"},"headline":"Base de donn\u00e9es","datePublished":"2023-01-11T11:29:59+00:00","dateModified":"2025-07-21T10:14:12+00:00","mainEntityOfPage":{"@id":"https:\/\/www.prologistik.com\/fr\/lexique-de-la-logistique\/base-de-donnees\/"},"wordCount":4,"publisher":{"@id":"https:\/\/www.prologistik.com\/fr\/#organization"},"inLanguage":"fr-FR"},{"@type":"WebPage","@id":"https:\/\/www.prologistik.com\/fr\/lexique-de-la-logistique\/base-de-donnees\/","url":"https:\/\/www.prologistik.com\/fr\/lexique-de-la-logistique\/base-de-donnees\/","name":"Qu'est-ce qu'une base de donn\u00e9es ? \u27a1\ufe0f Lexique de la logistique","isPartOf":{"@id":"https:\/\/www.prologistik.com\/fr\/#website"},"datePublished":"2023-01-11T11:29:59+00:00","dateModified":"2025-07-21T10:14:12+00:00","description":"Les bases de donn\u00e9es g\u00e8rent une grande quantit\u00e9 de donn\u00e9es structur\u00e9es sur des supports de stockage. Il est possible de relier des bases de donn\u00e9es individuelles entre elles, ce qui permet d'acc\u00e9der plus rapidement aux informations collect\u00e9es.","breadcrumb":{"@id":"https:\/\/www.prologistik.com\/fr\/lexique-de-la-logistique\/base-de-donnees\/#breadcrumb"},"inLanguage":"fr-FR","potentialAction":[{"@type":"ReadAction","target":["https:\/\/www.prologistik.com\/fr\/lexique-de-la-logistique\/base-de-donnees\/"]}]},{"@type":"BreadcrumbList","@id":"https:\/\/www.prologistik.com\/fr\/lexique-de-la-logistique\/base-de-donnees\/#breadcrumb","itemListElement":[{"@type":"ListItem","position":1,"name":"Startseite","item":"https:\/\/www.prologistik.com\/fr\/"},{"@type":"ListItem","position":2,"name":"Base de donn\u00e9es"}]},{"@type":"WebSite","@id":"https:\/\/www.prologistik.com\/fr\/#website","url":"https:\/\/www.prologistik.com\/fr\/","name":"proLogistik Group","description":"Software und Hardware f\u00fcr die Intralogistik","publisher":{"@id":"https:\/\/www.prologistik.com\/fr\/#organization"},"potentialAction":[{"@type":"SearchAction","target":{"@type":"EntryPoint","urlTemplate":"https:\/\/www.prologistik.com\/fr\/?s={search_term_string}"},"query-input":{"@type":"PropertyValueSpecification","valueRequired":true,"valueName":"search_term_string"}}],"inLanguage":"fr-FR"},{"@type":"Organization","@id":"https:\/\/www.prologistik.com\/fr\/#organization","name":"proLogistik Group","url":"https:\/\/www.prologistik.com\/fr\/","logo":{"@type":"ImageObject","inLanguage":"fr-FR","@id":"https:\/\/www.prologistik.com\/fr\/#\/schema\/logo\/image\/","url":"https:\/\/www.prologistik.com\/wp-content\/uploads\/prologistik-logo-web.svg","contentUrl":"https:\/\/www.prologistik.com\/wp-content\/uploads\/prologistik-logo-web.svg","width":320,"height":59,"caption":"proLogistik Group"},"image":{"@id":"https:\/\/www.prologistik.com\/fr\/#\/schema\/logo\/image\/"}},{"@type":"Person","@id":"https:\/\/www.prologistik.com\/fr\/#\/schema\/person\/c027e90fb1e7b522a4c561aeaaf72330","name":"proLogistik Online-Redaktion","image":{"@type":"ImageObject","inLanguage":"fr-FR","@id":"https:\/\/secure.gravatar.com\/avatar\/c4746b477a9a3377db34607ce35d0a39c536f4abcac752a3763adf3b68eaf68a?s=96&d=mm&r=g","url":"https:\/\/secure.gravatar.com\/avatar\/c4746b477a9a3377db34607ce35d0a39c536f4abcac752a3763adf3b68eaf68a?s=96&d=mm&r=g","contentUrl":"https:\/\/secure.gravatar.com\/avatar\/c4746b477a9a3377db34607ce35d0a39c536f4abcac752a3763adf3b68eaf68a?s=96&d=mm&r=g","caption":"proLogistik Online-Redaktion"},"url":"https:\/\/www.prologistik.com\/fr\/author\/prologistik-online-redaktion\/"}]}},"_links":{"self":[{"href":"https:\/\/www.prologistik.com\/fr\/wp-json\/wp\/v2\/nessio_gl\/31955","targetHints":{"allow":["GET"]}}],"collection":[{"href":"https:\/\/www.prologistik.com\/fr\/wp-json\/wp\/v2\/nessio_gl"}],"about":[{"href":"https:\/\/www.prologistik.com\/fr\/wp-json\/wp\/v2\/types\/nessio_gl"}],"author":[{"embeddable":true,"href":"https:\/\/www.prologistik.com\/fr\/wp-json\/wp\/v2\/users\/330"}],"version-history":[{"count":1,"href":"https:\/\/www.prologistik.com\/fr\/wp-json\/wp\/v2\/nessio_gl\/31955\/revisions"}],"predecessor-version":[{"id":52079,"href":"https:\/\/www.prologistik.com\/fr\/wp-json\/wp\/v2\/nessio_gl\/31955\/revisions\/52079"}],"wp:attachment":[{"href":"https:\/\/www.prologistik.com\/fr\/wp-json\/wp\/v2\/media?parent=31955"}],"curies":[{"name":"wp","href":"https:\/\/api.w.org\/{rel}","templated":true}]}}